{"id":957,"date":"2020-08-26T23:15:14","date_gmt":"2020-08-26T21:15:14","guid":{"rendered":"http:\/\/www.scouts284.org\/?page_id=957"},"modified":"2025-01-31T20:58:32","modified_gmt":"2025-01-31T19:58:32","slug":"campamento-virtual-villanova-2011","status":"publish","type":"page","link":"https:\/\/www.scouts284.org\/index.php\/campamento-virtual-villanova-2011\/","title":{"rendered":"Campamento Virtual Villanova 2011"},"content":{"rendered":"\n<h4 class=\"wp-block-heading\">Esta es la p\u00e1gina del campamento virtual de este a\u00f1o:&nbsp;<strong>VILLANOVA 2011<\/strong>.<\/h4>\n\n\n\n<h4 class=\"wp-block-heading\">Iremos actualizando d\u00eda a d\u00eda desde campamento y subiendo las&nbsp;<strong>FOTOS&nbsp;<\/strong>a&nbsp;varios&nbsp;\u00e1lbumes de Picasa, que pod\u00e9is ver:<\/h4>\n\n\n\n<ul class=\"wp-block-list\">\n<li><strong><a href=\"https:\/\/photos.app.goo.gl\/eX8nzBRCHVhqtxU79\" target=\"_blank\" rel=\"noreferrer noopener\">Fotos del 15 al 18 de julio<\/a><\/strong><\/li>\n\n\n\n<li><strong><a href=\"https:\/\/photos.app.goo.gl\/1JEG6dizS4Hw9ZCdA\" target=\"_blank\" rel=\"noreferrer noopener\">Fotos del 19 al 22 de julio<\/a><\/strong><\/li>\n\n\n\n<li><strong><a href=\"https:\/\/photos.app.goo.gl\/HjVqSHfcmBbrFZ9t6\" target=\"_blank\" rel=\"noreferrer noopener\">Fotos del 23 al 26 de julio<\/a><\/strong><\/li>\n\n\n\n<li><strong><a href=\"https:\/\/photos.app.goo.gl\/YPF6BKqPgmGgSBvu9\" target=\"_blank\" rel=\"noreferrer noopener\">Fotos del 27 al 28 de julio<\/a><\/strong><\/li>\n\n\n\n<li><strong><a href=\"https:\/\/photos.app.goo.gl\/ZfRK5x4Pdt6PY96i6\" target=\"_blank\" rel=\"noreferrer noopener\">Fotos del 29 de julio<\/a><\/strong><\/li>\n<\/ul>\n\n\n\n<h2 class=\"wp-block-heading\"><strong><a rel=\"noreferrer noopener\" href=\"indexf803.html?option=com_content&amp;view=article&amp;id=66&amp;Itemid=70\" target=\"_blank\"><br>CORREOS RECIBIDOS<\/a><\/strong><\/h2>\n\n\n\n<p>Actualizados todos<br><strong><a href=\"mailto:scouts284@gmail.com\">scouts284@gmail.com<\/a><\/strong><\/p>\n\n\n\n<h4 class=\"wp-block-heading\"><strong><a href=\"http:\/\/www.facebook.com\/group.php?gid=28429452137\" target=\"_blank\" rel=\"noreferrer noopener\">Grupo de Facebook de amigos del 284<\/a><\/strong><\/h4>\n\n\n\n<hr class=\"wp-block-separator has-css-opacity\"\/>\n\n\n\n<hr class=\"wp-block-separator has-css-opacity\"\/>\n\n\n\n<h3 class=\"wp-block-heading\">Actualizaci\u00f3n (7 de agosto):<\/h3>\n\n\n\n<p>Daniel Luis Merino, un amigo padre (santo padre, podr\u00edamos decir, eso s\u00ed, en min\u00fasculas) que asisti\u00f3 al Festival y al Fuego y los grab\u00f3 en v\u00eddeo, ha subido todos los v\u00eddeos de las canciones, los sketches y las actuaciones a YouTube. \u00a1No os lo perd\u00e1is! Est\u00e1n en su canal personal:<\/p>\n\n\n\n<p><a href=\"http:\/\/www.youtube.com\/user\/danielluismendi\">http:\/\/www.youtube.com\/user\/danielluismendi<\/a><\/p>\n\n\n\n<p>Por ahora, los v\u00eddeos m\u00e1s vistos son la&nbsp;<a href=\"http:\/\/www.youtube.com\/user\/danielluismendi#p\/u\/82\/uM1jOVzvsps\" target=\"_blank\" rel=\"noreferrer noopener\">canci\u00f3n de Clan, ganadora del Festival<\/a>, el sketch del Festival de la&nbsp;<a href=\"http:\/\/www.youtube.com\/user\/danielluismendi#p\/u\/89\/mkhl9qnUXw0\" target=\"_blank\" rel=\"noreferrer noopener\">\u00abse\u00f1ora pulpo\u00bb con la m\u00fasica de Titanic<\/a>&nbsp;(interpretada por Sandra y Dani Daguerre), con el&nbsp;<a href=\"http:\/\/www.youtube.com\/user\/danielluismendi#p\/u\/6\/AdM8cR2PihM\" target=\"_blank\" rel=\"noreferrer noopener\">sketch del \u00abequipo sanitario\u00bb<\/a>&nbsp;subiendo r\u00e1pidamente&#8230;<\/p>\n\n\n\n<p>Es un trabajazo&#8230; \u00a1Muchas gracias, Daniel!!<\/p>\n\n\n\n<h3 class=\"wp-block-heading\">Actualizaci\u00f3n (6 de agosto):<\/h3>\n\n\n\n<p>Hoy hemos subido algunas fotos m\u00e1s (\u00a1gracias, Guillermo!) de los d\u00edas 25 al 29. Tambi\u00e9n est\u00e1n subidas ya todas las canciones grabadas en directo durante el campamento. En fototropismo (ver el enlace+usuario+contrase\u00f1a de arriba) hay ya 58 canciones en mp3, de las que 44 son nuevas de Villanova 2011. Tened en cuenta que son canciones grabadas en directo, as\u00ed que hay interferencias varias: no se pueden considerar grabaciones \u00ablimpias\u00bb, pero reflejan bien la realidad. Unas veces es la realidad bulliciosa y alegre de la hora de canto, y otras veces es el clima m\u00e1s intimista de las canciones cantadas por la noche por la Caba\u00f1a.<\/p>\n\n\n\n<p>\u00a1Que las disfrut\u00e9is! \ud83d\ude42<\/p>\n\n\n\n<hr class=\"wp-block-separator has-css-opacity\"\/>\n\n\n\n<h3 class=\"wp-block-heading\"><strong>30 de Julio:<\/strong><\/h3>\n\n\n\n<p>El d\u00eda 30 conseguimos algo que no hab\u00edamos conseguido nunca (seg\u00fan dijo Nacho): salir a la hora prevista, las 10:30. A las 10:35 est\u00e1bamos cantando la despedida, todos en la campa formando un gran c\u00edrculo. Nacho felicit\u00f3 a todos por el buen campamento, por haber crecido como personas, y agradecimos a la Virgen su protecci\u00f3n y el buen tiempo. Rezamos un Ave Mar\u00eda. Cantamos la despedida. Scouts siempre&#8230; \u00a1Listos! Unidos&#8230; \u00a1Uniremos!<\/p>\n\n\n\n<p>Tras un viaje sin sobresaltos (esta vez sin pasar por Catalu\u00f1a), llegamos a Madrid sobre las 19:10. Todos tan cansados como contentos, bastante sucios, con churretes por la cara, pelos despeinados, el uniforme manchado, el coraz\u00f3n alegre y una gran alegr\u00eda al ver a los padres esper\u00e1ndonos. Bajamos de los autobuses. Te da el aire caliente y h\u00famedo en la cara. Esto ya no es el Pirineo, es nuestro Madrid de siempre. Besos, abrazos&#8230; y el resto ya lo sab\u00e9is.<\/p>\n\n\n\n<p>Una pena. El campamento ha terminado. En los scouts, es costumbre decir cuando alguien fallece que ya est\u00e1 en el \u00abeterno campamento\u00bb. Y es que es verdad. Para los que nos gusta esto, el para\u00edso debe parecerse a un campamento. Como dice In\u00e9s, el campamento es un sitio en el que \u00abtodo el mundo es bueno\u00bb. Un abrazo desde aqu\u00ed, In\u00e9s. Por cierto, entre otras personas, Mavi nos estaba esperando a la llegada de los autobuses.<\/p>\n\n\n\n<p>Nos ha alegrado mucho que a los padres os hayan gustado las cr\u00f3nicas y las fotos. Ha sido un trabajo que hemos hecho con mucho gusto. Como hemos dicho, las fotos son una selecci\u00f3n de las de bastantes personas. El a\u00f1o que viene intentaremos hacerlo tambi\u00e9n, aunque esperamos que pueda ser con Pipo, que a pesar de no poder venir este a\u00f1o nos ha ayudado mucho desde Madrid respondiendo a los correos y poni\u00e9ndolos en la web. No sabemos si habr\u00e1 cobertura de GPRS (\u00ab2G\u00bb, que permite subir fotos a unos 0,04 Mega bits por segundo), o EDGE (que permite algo m\u00e1s), o UMTS (\u00ab3G\u00bb b\u00e1sico, que permite subir fotos a un m\u00e1ximo de 0,384 Mbps), o HSPA (\u00ab3.5G\u00bb, que permite subir hasta 5,76 Mbps, que es lo que ten\u00edamos este a\u00f1o). La verdad es que ha sido muy sorprendente tener cobertura HSPA en Villanova. Lo m\u00e1s probable es que no tengamos tanta suerte y podamos subir menos fotos, aunque tambi\u00e9n podr\u00eda ser que suene la flauta y haya llegado el LTE (la inminente \u00ab4G\u00bb, que promete 50 Mbps de velocidad de subida)&#8230;&nbsp; \ud83d\ude09<\/p>\n\n\n\n<p>\u00a1\u00a1 Un abrazo muy fuerte de la \u00abcomisi\u00f3n de campamento virtual\u00bb !!<\/p>\n\n\n\n<p>Luc\u00eda e Ignacio, SLPS<\/p>\n\n\n\n<hr class=\"wp-block-separator has-css-opacity\"\/>\n\n\n\n<h3 class=\"wp-block-heading\"><strong>29 de Julio:<\/strong><\/h3>\n\n\n\n<p>El 29 de julio nos levantamos tarde pero lo exprimimos de una forma incre\u00edble. A la hora de comer ten\u00edan que estar ya terminadas las ceremonias de los pases, y por la tarde hab\u00eda que desmontar el 90% de las contrucciones del campamento. Algunas unidades que no hab\u00eda podido hacerlo el d\u00eda anterior (como la Caba\u00f1a) tuvieron tiempo todav\u00eda de hacer sus ceremonias (en el caso de la Caba\u00f1a, la promesa de Mar\u00eda).<\/p>\n\n\n\n<p>Hay varias ceremonias de pases:<\/p>\n\n\n\n<ul class=\"wp-block-list\">\n<li>Pase de castores a lobatos: pasando por debajo de la presa (hecha de troncos, como las de los castores)<\/li>\n\n\n\n<li>Pase de lobatos a tropa: saltando un bord\u00f3n (que en los \u00faltimos a\u00f1os decoramos con camisetas)<\/li>\n\n\n\n<li>Pase de tropa scout a tropa esculta: este pase sol\u00eda ser tradicionalmente saltando una hoguera de fuego, pero como los \u00faltimos a\u00f1os siempre est\u00e1 prohibido hacer fuego, lo hacemos trepando al m\u00e1stil.<\/li>\n\n\n\n<li>Pase de escultas a rovers (clan): este pase suele utilizar cuerdas y agua. Este a\u00f1o fue un puente mono de una cuerda, con cierta inclinaci\u00f3n, que deb\u00edan pasar en sentido ascendente.<\/li>\n<\/ul>\n\n\n\n<p>En todos los pases hay un momento cumbre, el momento en que el que est\u00e1 pasando grita el grito de su unidad y la unidad le responde. Es el momento de estar debajo de la mesa, para los castores, o durante el salto para los lobatos, desde lo alto del m\u00e1stil para los troperos que pasan a escultas o desde la mitad del&nbsp; puente mono para los escultas. Es el momento en que tratamos de hacer la foto de este momento tan emocionante.<\/p>\n\n\n\n<p>Despu\u00e9s de los pases, los chavales est\u00e1n ya con su nueva unidad: comen con la nueva unidad, duermen con ella, desmontan el campamento con ella&#8230; todo excepto los autobuses de vuelta, que por motivos log\u00edsticos se siguen haciendo por \u00abunidades antiguas\u00bb.<\/p>\n\n\n\n<p>Como dec\u00edamos, el 29 de julio tocaba desmontar el campamento. Comimos en el comedor, con todo montado. La comisi\u00f3n de LOES con Nacho \u00abmedio comi\u00f3\u00bb reunida, organizando el desmontaje. A las 16:00 empez\u00f3 la actividad. Impresionante lo que pueden hacer 300 personas cuando todos trabajan. En tres horas hab\u00edan desaparecido literalmente el m\u00e1stil, las duchas, la mitad de las letrinas, todas las mesas menos 10 que se reservaron pra la cena de jefes, lo que quedaba de la puerta de campamento, las tiendas comunes de material, c\u00f3nicas y sanidad, los pipi-express y todas la parcelas de unidades&#8230; Del comedor quedaba solo la parte de la cocina, que es m\u00e1s complicada porque tiene apertura por arriba, y una hora m\u00e1s tarde ya no quedaba nada. De toda la cocina, hab\u00edan desaparecido todas las estanter\u00edas, el menaje, los fogones, las encimeras, los fregaderos de comedor&#8230; Por la noche, solo quedaban en pie la mitad de las letrinas y los bidones de agua potable y el bid\u00f3n del a cocina encima de su torreta. Adem\u00e1s, se hab\u00edan hecho varias batidas para recoger hasta el m\u00e1s m\u00ednimo trozo de basura de la campa de campamento y tambi\u00e9n de las campas de Festival\/Fuego y la de al lado. Una cantidad incre\u00edble de trabajo realizada en tiempo r\u00e9cord.<\/p>\n\n\n\n<p>Sobre las 21:00 vinieron algunos suministradores a cobrar. Nuestra ya amiga la carnicera ven\u00eda con su hijo, porque quer\u00eda ense\u00f1arle el campamento (su hijo no lo hab\u00eda visto). Se qued\u00f3 boquiabierta cuando vi\u00f3 que&#8230; \u00a1\u00a1ya no quedaba nada!!<\/p>\n\n\n\n<p>Esa noche, los chavales cenaron un bocadillo de chorizo con queso y adem\u00e1s chucher\u00edas, patatas, Coca Colas&#8230; y lo que cada unidad quiso organizar como su fiesta en su \u00faltima noche en campamento. Los scouters y Caba\u00f1a tuvimos la \u00abcena de jefes\u00bb, que consisti\u00f3 en entremeses y butifarras a la brasa. Recordamos las mejores actuaciones del Festival y los mejores sketches del Fuego, incluso pedimos algunos \u00abbises\u00bb a sus autores. Luego nos quedamos cantando un rato y al final se desmontaron las mesas.<\/p>\n\n\n\n<p>Ya estaba todo hecho. Solo quedaba terminar de desmontar unas pocas cosas, y el viaje de vuelta. \u00cdbamos a dormir pocas horas porque al d\u00eda siguiente tocaba levantarse a las 7:00 (el viaje a Madrid es largo).<\/p>\n\n\n\n<hr class=\"wp-block-separator has-css-opacity\"\/>\n\n\n\n<h3 class=\"wp-block-heading\"><strong>28 de Julio:<\/strong><\/h3>\n\n\n\n<p>Escribimos ya desde Madrid. Los \u00faltimos d\u00edas de campamento fueron muy intensos y no di\u00f3 tiempo a actualizar ni las fotos ni las cr\u00f3nicas. Ya est\u00e1n subidas las fotos hasta el d\u00eda 29 (del 30 no tenemos ninguna de momento).<\/p>\n\n\n\n<p>En la izada del d\u00eda 28, el m\u00e9dico de campamento inform\u00f3 a los scouts de las decisiones tomadas en el Kraal del d\u00eda anterior: el que podr\u00edamos denominar \u00abvirus Waingunga\u00bb hab\u00eda afectado ya a unas 9 personas, tras los cuatro afectados iniciales de Waingunga. El m\u00e9dico habl\u00f3 de que era imprescindible lavarse bien las manos, y explic\u00f3 en palabras sencillas la posible ruta de la infecci\u00f3n: \u00abculo-mano-boca\u00bb (palabras que en la cena de jefes se convertir\u00edan en un brindis a su salud, por cierto). Para cualquier duda, y ante cualquier situaci\u00f3n de posible infecci\u00f3n, deber\u00eda informarse al \u00abequipo m\u00e9dico\u00bb, que nuestro querido doctor enumer\u00f3 varias veces (oportunidad que la Comisi\u00f3n de Fuego no dej\u00f3 sin aprovechar&#8230; :-)))). La zona de las letrinas fue balizada para evitar los juegos en las inmediaciones, y la Caba\u00f1a mont\u00f3 guardias durante todo el d\u00eda para recordar a todos los que sal\u00edan de las letrinas que se lavaran las manos. Los caba\u00f1eros que m\u00e1s trabajo tuvieron fueron los de los turnos de la ma\u00f1ana, que comprobaron que era preciso interceptar en su \u00abdistra\u00edda hu\u00edda\u00bb al 95% de los chicos que pretend\u00edan escapar del recinto de las letrinas sin lavarse las manos. Las chicas resultaron ser algo m\u00e1s higi\u00e9nicas. Los turnos de la tarde ya no necesitaban hacer placages, sino que simplemente su presencia era suficiente como recordatorio.<\/p>\n\n\n\n<p>El d\u00eda 28 fue el Fuego de Campamento. Fue muy divertido. Como en el Festival, algunos padres vinieron a verlo. La comisi\u00f3n de Fuego lo ameniz\u00f3, como siempre con grandes dosis de ingenio, iron\u00eda e improvisaci\u00f3n, con un hilo conductor: los scouts del 284 viajaban al campamento en un avi\u00f3n de Samar cuando \u00e9ste se estrell\u00f3 en el mar y solo sobrevivieron ellos. Los supervivientes (la Comisi\u00f3n de Fuego) nadaron hasta una isla en la que se encontraron con extra\u00f1os personajes (el mono loco que resultaba ser el piloto del avi\u00f3n, la Caba\u00f1a presta a balizar a una chica que hab\u00eda salido de las letrinas sin lavarse las manos, el inspector&#8230;) hasta descubrir finalmente en qu\u00e9 isla se encontraban.<\/p>\n\n\n\n<p>El ganador del premio al Mejor Fuego fue Chacales, con sus mensajes optimistas inspirados en el anuncio de Coca Cola: \u00abPor cada vago en el mundo hay un scout distpuesto y animoso. Por cada ni\u00f1o con piojos, hay una ensalada m\u00e1s sin vinagre&#8230;&nbsp;&nbsp; Nacho, ya sabemos por qu\u00e9 estamos aqu\u00ed\u00bb. El premio a los Mejores Disfraces fue para Dahind\u00e1, que represent\u00f3 la historia de la m\u00fasica en las d\u00e9cadas del siglo XX.&nbsp; El premio a la Mejor Coreograf\u00eda fue para Pumas, que nos deleitaron con un baile muy gimn\u00e1stico.<\/p>\n\n\n\n<p>Igual que el d\u00eda del Festival de la Canci\u00f3n, el d\u00eda 28 nos acostamos tarde, y Nacho fij\u00f3 la hora de despertarse una hora m\u00e1s tarde, a las 9. El Kraal (la reuni\u00f3n de scouters por la noche) dur\u00f3 hasta las 3 de la ma\u00f1ana. Hab\u00eda muchas cosas que concretar, y realmente era el \u00faltimo Kraal de la Ronda Solar. Y al d\u00eda siguiente nos esperaban muchas emociones y mucho, mucho trabajo.<\/p>\n\n\n\n<hr class=\"wp-block-separator has-css-opacity\"\/>\n\n\n\n<h3 class=\"wp-block-heading\"><strong>27 de Julio:<\/strong><\/h3>\n\n\n\n<p>Hoy hemos amanecido una hora m\u00e1s tarde ya que ayer nos acostamos un poco mas tarde de lo normal por el festival.<\/p>\n\n\n\n<p>Durante todo el d\u00eda las unidades han estado haciendo los \u00abconsejos\u00bb (en los que se eval\u00faa la progresi\u00f3n personal de cada chaval), asi que tampoco tenemos mucho que contaros&#8230;<\/p>\n\n\n\n<p>Hemos subido hoy las fotos del raid de escultas, para resumir, han hecho la ruta: Valle de Bujaruelo, Circo de Gavarnie (Francia), Brecha de Rolando, Goriz, Monte Perdido, Valle de A\u00f1isclo&#8230; Echarles un ojo a las fotos que son una pasada. Tambi\u00e9n hay algunas fotos de las ardillas buscando un tesoro y de las ceremonias de investidura del Clan.<\/p>\n\n\n\n<p>Ma\u00f1ana tambi\u00e9n tendremos un dia agitado por el Fuego de Campamento (cada unidad prepara una actuaci\u00f3n) y las unidades se pasar\u00e1n la mayor parte del d\u00eda ensayando&#8230; Seguro que la Comisi\u00f3n de Fuego nos hace pasar un rato divertido \ud83d\ude09<\/p>\n\n\n\n<p>En cuanto a comidas, hoy hemos tenido gazpacho y carne con patatas para comer y ensalada de pasta y empanadillas para cenar. \u00a1Todo buen\u00edsimo para no variar! \ud83d\ude09<\/p>\n\n\n\n<p>Es todo por hoy, ma\u00f1ana seguramente no acrualizaremos por la noche porque el Fuego acabar\u00e1 tarde, asi que os contaremos el 29 por la ma\u00f1ana.<\/p>\n\n\n\n<hr class=\"wp-block-separator has-css-opacity\"\/>\n\n\n\n<h3 class=\"wp-block-heading\"><strong>26 de Julio:<\/strong><\/h3>\n\n\n\n<p>\u00a1Dia de festival de la canci\u00f3n! El festival es una actividad de grupo en la que cada unidad presenta una canci\u00f3n (inventada por ellos) y se elige la mejor. La comunidad rover (Comuna) organiza el festival en torno a un tema y se inventa \u00absketches\u00bb para animarlo. Este a\u00f1o el tema elegido ha sido el \u00abPeztival\u00bb, teneis unas cuantas fotos tanto de la animaci\u00f3n como de las canciones de las unidades.<\/p>\n\n\n\n<p>El ganador de este a\u00f1o fue el Clan, seguido por los Castores y Wawbek. A ver si en un ratillo que tengamos ponemos las canciones para que pod\u00e1is oirlas. Estuvieron algunos padres, esperamos que disfrutasen y lo pasaran tan bien como nosotros.<\/p>\n\n\n\n<p>Al final tuvimos bastante suerte con el tiempo porque durante todo el dia estuvo amenazando lluvia (y de hecho tuvimos algunos ratos en los que llovi\u00f3) pero tuvimos un Festival no pasado por agua, de hecho, se qued\u00f3 una noche estupenda. Hay que destacar que en general estamos teniendo mucha suerte con el tiempo, todav\u00eda no hemos tenido ning\u00fan d\u00eda de tormenta (salvo los de LOES), asi que toquemos madera para que nos aguante hasta el final de campa&#8230;<\/p>\n\n\n\n<hr class=\"wp-block-separator has-css-opacity\"\/>\n\n\n\n<h3 class=\"wp-block-heading\"><strong>25 de Julio:<\/strong><\/h3>\n\n\n\n<p>\u00a1Buenos dias campamento! Ayer no pudimos actualizar por la noche porque la caba\u00f1a tuvo la vela de armas de Mar\u00eda, que va a hacer la promesa en este campamento.<\/p>\n\n\n\n<p>Los Castores estuvieron de excursi\u00f3n en el \u00e1rea recreativa de Villanova, ensayando la canci\u00f3n de Festival y haciendo juegos.<\/p>\n\n\n\n<p>El resto de unidades se quedaron en campamento, ensayando tambi\u00e9n la canci\u00f3n y algunos empezando con los consejos. Por la tarde, muchos troperos estuvieron pasando especialidades con gente de caba\u00f1a. Hay una foto de Marieta pasando una especialidad de sanitario&#8230;<\/p>\n\n\n\n<p>Ayer comimos espaguetis a la bolo\u00f1esa y ensalada de lechuga y tomate, y cenamos pur\u00e9 de verduras y palitos de merluza.<\/p>\n\n\n\n<p>Por la tarde tuvimos la Eucaristia del d\u00eda de Santiago. Es una suerte que Santiago caiga durante el campamento, porque as\u00ed todos los a\u00f1os leemos esta lectura del Evangelio:<\/p>\n\n\n\n<p><em>Evangelio: Mateo 20,20-28<br><br>En aquel tiempo, se acerc\u00f3 a Jes\u00fas la madre de los Zebedeos con sus hijos y se postr\u00f3 para hacerle una petici\u00f3n. \u00c9l le pregunt\u00f3: \u00ab\u00bfQu\u00e9 deseas?\u00bb Ella contest\u00f3: \u00abOrdena que estos dos hijos m\u00edos se sienten en tu reino, uno a tu derecha y el otro a tu izquierda.\u00bb Pero Jes\u00fas replic\u00f3: \u00abNo sab\u00e9is lo que ped\u00eds. \u00bfSois capaces de beber el c\u00e1liz que yo he de beber?\u00bb Contestaron: \u00abLo somos.\u00bb \u00c9l les dijo: \u00abMi c\u00e1liz lo beber\u00e9is; pero el puesto a mi derecha o a mi izquierda no me toca a m\u00ed concederlo, es para aquellos para quienes lo tiene reservado mi Padre.\u00bb<br><br>Los otros diez, que lo hab\u00edan o\u00eddo, se indignaron contra los dos hermanos. Pero Jes\u00fas, reuni\u00e9ndolos, les dijo: \u00abSab\u00e9is que los jefes de los pueblos los tiranizan y que los grandes los oprimen. No ser\u00e1 as\u00ed entre vosotros:&nbsp;el que quiera ser grande entre vosotros, que sea vuestro servidor, y el que quiera ser primero entre vosotros, que sea vuestro esclavo. Igual que el Hijo del hombre no ha venido para que le sirvan, sino para servir y dar su vida en rescate por muchos.\u00bb<\/em><\/p>\n\n\n\n<p>Es una lectura muy importante para los scouts porque explica el sentido que debe tener la autoridad: la autoridad es servicio. En los scouts, el madriguero\/seisenero\/gu\u00eda\/jefe de equipo est\u00e1 al servicio de su madriguera\/seisena\/patrulla\/equipo, y los scouters est\u00e1n al servicio de su unidad&#8230; Es una idea clave que tratamos de transmitirles a los chavales, y, dicho sea de paso, es el secreto del liderazgo.<\/p>\n\n\n\n<p>Por cierto, el Clan hizo ayer una actividad de aventura: rafting. Nos han pasado muchas fotos estupendas y las colgaremos.<\/p>\n\n\n\n<p>\u00a1Un abrazo!<\/p>\n\n\n\n<hr class=\"wp-block-separator has-css-opacity\"\/>\n\n\n\n<h3 class=\"wp-block-heading\"><strong>24 de Julio:<\/strong><\/h3>\n\n\n\n<p>\u00a1Buenos dias campamento! Ayer por la noche estabamos cansados, y como ya sab\u00e9is lo que hicimos el dia de padres, actualizamos por la ma\u00f1ana.<\/p>\n\n\n\n<p>Para los que no lo supier\u00e1is, ayer fue el DIA DE PADRES en campamento, o como dec\u00eda Nacho; el DIA DE LAS FAMILIAS. A las 10:00 empezaron las rebajas de \u00abEl Campa Ingl\u00e9s\u00bb y los padres entraron buscando saldos ;).<\/p>\n\n\n\n<p>Nos alegramos mucho de que viniera tanta gente, sobre todo teniendo en cuenta la paliza de carretera que supone, ya que este a\u00f1o estamos bastante lejos. Nos encanta que la mayor\u00eda os quedarais tanto a los juegos como a la comida, y estamos seguros de que lo pasasteis genial viendo lo que hacen vuestros hijos en campamento. Nosotros lo pasamos en grande en los juegos, asi que una vez m\u00e1s gracias por vuestras ganas y vuestra ilusi\u00f3n en el d\u00eda de ayer.<\/p>\n\n\n\n<p>La comida consisti\u00f3, como ya es tradici\u00f3n, en ensalada campera y pollo a la cerveza. De postre sand\u00eda y despu\u00e9s caf\u00e9 para los que quisieran. Despu\u00e9s de comer, como siempre casi todos nos fuimos a tomar un helado (y algunos con m\u00e1s suerte a ducharse en los hoteles) y a las 18:30 celebramos la Eucarist\u00eda.<\/p>\n\n\n\n<p>En la arriada, se concedieron tres Colas de Castor Plateado (es una distinci\u00f3n que se concede a aquellos castores que han destacado por encima del resto durante toda la etapa) a Carmen, Mei Li y Luc\u00eda. Las ni\u00f1as estaban muy contentas, pero no tanto como sus jefas, a las que se les escap\u00f3 alguna que otra lagrimilla&#8230; \ud83d\ude09<\/p>\n\n\n\n<p>Despu\u00e9s de la arriada, lleg\u00f3 el momento de despedirse; la despedida fue corta y tuvimos menos lloros que otros a\u00f1os. De cena tuvimos sopa de estrellitas y salchichas con huevo duro.<\/p>\n\n\n\n<p>Desde aqu\u00ed os informamos de que se han producido cambios en el equipo de webmasters: un cambio de ubicaci\u00f3n (hemos conseguido coger 3G al lado de las tiendas de caba\u00f1a) y una nueva integrante; Josefina \u00absombrilla\u00bb Diaz del R\u00edo (ten\u00e9is una foto del nuevo equipo en la secci\u00f3n de fotograf\u00eda).<\/p>\n\n\n\n<p>Es todo por hoy, o mejor dicho, por ayer, hoy se van de excursi\u00f3n los castores y ma\u00f1ana llegar\u00e1n el resto de unidades del raid. \u00a1Hasta esta noche!<\/p>\n\n\n\n<hr class=\"wp-block-separator has-css-opacity\"\/>\n\n\n\n<h3 class=\"wp-block-heading\"><strong><br>23 de Julio:<\/strong><\/h3>\n\n\n\n<p>\u00a1Buenas noches desde campamento! !Quedan menos de 9 horas para que comience el dia de padres!<\/p>\n\n\n\n<p>Hoy las manadas y las tropas han tenido su dia de seisenas\/patrullas (que consiste en que los chavales pasan el dia juntos en los peque\u00f1os grupos que se organiza la unidad preparando los consejos y haciendo alguna actividad m\u00e1s), asi que sus jefes han podido irse unas horas juntos fuera de campamento. La caba\u00f1a ha destacado lo bien que se han portado, aunque estuvieran sin jefes.<\/p>\n\n\n\n<p>Por otra parte, los castores han pasado la ma\u00f1ana haciendo un taller de tartas de chocolate, que luego se han comido en la cena (y han repartido con el resto del grupo ya que habia nada mas y nada menos que&#8230;. \u00a18 tartas!). Por la tarde han estado haciendo un taller en el que han preparado una sorpresa para regalar ma\u00f1ana a sus padres.<\/p>\n\n\n\n<p>Adem\u00e1s, hoy hemos empezado y terminado la \u00faltima construcci\u00f3n del campamento: \u00a1LA PUERTA! de la cual no vamos a colgar ninguna foto para que sea sorpresa para ma\u00f1ana. Solo podemos decir que es una de las m\u00e1s chulas que hemos tenido los \u00faltimos a\u00f1os y que seguro que os encanta.<\/p>\n\n\n\n<p>Hoy han llegado m\u00e1s miembros de la caba\u00f1a con sus respectivos ni\u00f1os, asi que el n\u00famero de \u00abardillas\u00bb se ha multiplicado. Han estado haciendo unos disfraces de magos y se lo han pasado genial. Tambi\u00e9n han hecho una guerra de agua.<\/p>\n\n\n\n<p>Desde el principio de la ma\u00f1ana hemos tenido a la caba\u00f1a ocupada en preparar la comida: ALB\u00d3NDIGAS con arroz, para que os hagais una idea, han hecho m\u00e1s de mil (ahora mismo estamos aproximadamente 250 personas en campamento). Hay un mont\u00f3n de fotos en las que pod\u00e9is ver la \u00abcadena de producci\u00f3n\u00bb que tenian montada. Hemos cenado ensalada de pasta y empanadillas, muy rico todo, como de costumbre.<\/p>\n\n\n\n<p>Finalmente, os informamos de que hemos hablado con los Escultas, que a\u00fan est\u00e1n de raid. Todo estupendamente, han hecho todo lo que ten\u00edan planificado (Monte Perdido y el Ca\u00f1\u00f3n de A\u00f1isclo, entre otras cosas) y est\u00e1n muy contentos, aunque en alg\u00fan pueblo no les han tratado demasiado bien.<\/p>\n\n\n\n<p>Es todo por hoy, nos vamos a dormir que ma\u00f1ana nos espera un d\u00eda intenso. \u00a1Nos vemos en unas horas! \ud83d\ude09<\/p>\n\n\n\n<hr class=\"wp-block-separator has-css-opacity\"\/>\n\n\n\n<h3 class=\"wp-block-heading\"><strong>22 de Julio:<\/strong><\/h3>\n\n\n\n<p>\u00a1Hola de nuevo! Hoy han vuelto los lobatos (Dahind\u00e1, Waingunga y Wawbek) y las tropas (Pumas y Chacales) de sus raids. Acabamos de terminar el Kraal (la reuni\u00f3n de scouters por la noche) y nos han estado contando sus raids. En resumen, todo ha ido muy bien, la zona es preciosa, y en casi todos los pueblos han sido hospitalarios (para dejarles alg\u00fan sitio\/prado para dormir).<\/p>\n\n\n\n<p>Los jefes de Castores han tenido su \u00abd\u00eda de jefes\u00bb, que consiste en que tienen el d\u00eda libre, y la Caba\u00f1a se queda a cargo de los ni\u00f1os. Han aprovechado para hacer rafting y comer fuera, y han disfrutado del merecido descanso. Mientras, los castores han hecho talleres, un puente mono (un puente con dos cuerdas paralelas, lo pod\u00e9is ver en las fotos), varios juegos cl\u00e1sicos (un bord\u00f3n, el submarino, la comba, la cebolla&#8230;), y un partido de volleyball.<\/p>\n\n\n\n<p>Hemos comido cocido (los castores por cierto se lo han comido todo: ha sobrado exactamente 1 garbanzo y mucho caldo) y hemos cenado, ya con el comedor casi lleno, pur\u00e9 de verduras y san jacobos.<\/p>\n\n\n\n<p>Por cierto, las fotos que subimos a Picassa son una selecci\u00f3n de fotos aportadas por muchas personas: de Arturo (Rusty), Mar\u00eda (Caba\u00f1a), Sergio Zapata, Luc\u00eda (Kibu), Edu, Jos\u00e9 Manuel M\u00e9ntrida (Cham\u00e1n), Guillermo (Caba\u00f1a) e Ignacio (Caba\u00f1a).<\/p>\n\n\n\n<p>Esta noche han llegado tambi\u00e9n muchos caba\u00f1eros que son un buen refuerzo para este fin de semana tan ajetreado del d\u00eda de padres. Por cierto, \u00a1\u00a1quedan 34 horas para que comience el d\u00eda de padres!!<\/p>\n\n\n\n<p>Antes de despedir nuestra cr\u00f3nica habitual, tenemos el placer de comunicaros que hemos recibido un nuevo mensaje del Lumo de Campamento, el que ya nos envi\u00f3 un mensaje el d\u00eda del env\u00edo, el 14 de julio. Hoy se ha vuelto a comunicar con nosotros, as\u00ed que&nbsp; os transmitimos sus palabras a continuaci\u00f3n.&nbsp; \u00a1Un abrazo!<\/p>\n\n\n\n<h3 class=\"wp-block-heading\"><strong>CR\u00d3NICAS DEL VIEJO LUMO<\/strong><\/h3>\n\n\n\n<p><em>No s\u00e9 qu\u00e9 os estar\u00e1n contando y qu\u00e9 fotos estar\u00e9is viendo en esa cosa tan moderna y que funciona con electricidad o con ese que llam\u00e1is Internete, pues este viejo lumogas solo sabe y conoce de la llamita que lleva dentro, pero&#8230; \u00a1s\u00e9 la verdad de lo que est\u00e1 pasando en el Campa!!!.<\/em><\/p>\n\n\n\n<p><em>Es lo de siempre, que otro eslab\u00f3n se est\u00e1 ensamblando en la cadena de nuestro grupo scout.<\/em><\/p>\n\n\n\n<p><em>Est\u00e1 pasando que 300 enanos, est\u00e1n encontrando lo que cientos de ellos mucho antes hallaron:<\/em><\/p>\n\n\n\n<p><em>Compa\u00f1eros para recorrer el camino&nbsp;de la vida.<\/em><\/p>\n\n\n\n<p><em>Ganas para remar contracorriente.<\/em><\/p>\n\n\n\n<p><em>Ilusi\u00f3n de levantarse despu\u00e9s de la ca\u00edda.<\/em><\/p>\n\n\n\n<p><em>Fuerzas de arrastrar a otros a la aventura.<\/em><\/p>\n\n\n\n<p><em>Felicidad en la felicidad de los dem\u00e1s.<\/em><\/p>\n\n\n\n<p><em>Una cadena con eslabones, pero no cualesquiera. Cada uno tiene su nombre, nada de an\u00f3nimos ni de desconocidos. Todos con su huella, y lo m\u00e1s importante, con&nbsp;su historia.<\/em><\/p>\n\n\n\n<p><em>Eslabones con sonrisas y peque\u00f1as tristezas, pero con grandes esperanzas.<\/em><\/p>\n\n\n\n<p><em>De esos eslabones, nada nos es ajeno. De los viejos y herrumbrosos tenemos la sapiencia, de los m\u00e1s tiernos, la alegr\u00eda.<\/em><\/p>\n\n\n\n<p><em>No hay inconsciencia, sabemos de la dureza del camino, de las ca\u00eddas y cuestas arriba, pero no tienen miedo!!<\/em><\/p>\n\n\n\n<p><em>No s\u00e9 qu\u00e9 os est\u00e1n contando, pero desde el comedor veo cada d\u00eda como crecen por dentro y por fuera. Veo la oraci\u00f3n hecha juventud en cada noche y en cada alma.<\/em><\/p>\n\n\n\n<p><em>Nadie sabe qu\u00e9 ser\u00e1 de estos peque\u00f1os el d\u00eda de ma\u00f1ana. Yo, el Viejo Lumo, s\u00ed lo s\u00e9; ser\u00e1n lo que ellos quieran ser, porque de ellos es el futuro y el futuro lleva&nbsp;su nombre.<\/em><\/p>\n\n\n\n<p><em>Las fotos no huelen, las palabras no saben, yo solo os digo que merece la pena, estas&nbsp;noches de Guardia!!!<\/em><\/p>\n\n\n\n<p><em>No s\u00e9 qu\u00e9 os estar\u00e1n contando&#8230;<\/em><\/p>\n\n\n\n<p>Carlos Garc\u00eda<sup>2<\/sup><\/p>\n\n\n\n<hr class=\"wp-block-separator has-css-opacity\"\/>\n\n\n\n<h3 class=\"wp-block-heading\"><strong>21 de Julio:<\/strong><\/h3>\n\n\n\n<p>Hola a todos! Hoy ya han vuelto los 68 castores! Sanos y salvos, y muy contentos por su haza\u00f1a de subir \u00abhasta las antenas\u00bb y con macutos. Es un desnivel de unos 500 metros desde el campamento. Nos han contado los scouters que los castores se quedaron asombrados de ver lo altos que hab\u00edan subido, y lo peque\u00f1ito que se ve\u00eda el campamento.<\/p>\n\n\n\n<p>Ayer se nos acab\u00f3 la bater\u00eda del port\u00e1til y tuvimos que interrumpir bruscamente nuestra cr\u00f3nica. Ahora es d\u00eda 22, y os seguimos contando. Ayer, ya con los castores, cenamos sopa de fideos y pollo a la plancha con patatas fritas, y todos se lo comieron, incluso Andr\u00e9s. Ser\u00eda por lo buena que estaba la cena y por lo hambrientos que se hab\u00edan quedado tras el raid (eso s\u00ed, los desayunos de campamento no les entusiasman tanto porque en el raid les dieron bollos para desayunar).<\/p>\n\n\n\n<p>Esta noche (la noche del 21 al 22) la Tropa Scout Pumas ha hecho una broma a la guardia: han conseguido burlar a la guardia, entrando en campamento sin ser vistos y dejando varias muestras de la haza\u00f1a: varias sartenes en medio del suelo con huevos fritos de cartulina con la leyenda \u00abcon un par de&#8230; pumas\u00bb que no sabemos lo que quiere decir&nbsp; \ud83d\ude09 , y, lo m\u00e1s impactante: \u00a1tres igl\u00fas montados al lado del m\u00e1stil, con los troperos durmiendo dentro! As\u00ed que el jefe de campo ha tenido que despejar la zona para la izada.<\/p>\n\n\n\n<p>En las pr\u00f3ximas horas tienen que volver a campamento los lobatos y las tropas. Por lo que sabemos, est\u00e1n todos bien, as\u00ed que esta noche esperamos cenar ya m\u00e1s de 200.<\/p>\n\n\n\n<p>\u00a1Hasta luego! \u00a1Ma\u00f1ana os contamos m\u00e1s!<\/p>\n\n\n\n<hr class=\"wp-block-separator has-css-opacity\"\/>\n\n\n\n<h3 class=\"wp-block-heading\"><strong>20 de Julio:<\/strong><\/h3>\n\n\n\n<p>Buenos d\u00edas, campamento! Hoy tambi\u00e9n escribimos la cr\u00f3nica por la ma\u00f1ana porque ayer por la noche nos quedamos cantando hasta las tantas, aprovechando que no hab\u00eda ni\u00f1os en campamento y que, de todas maneras, nos tocaba la guardia. Y es que ayer nos quedamos solitos en campamento la Caba\u00f1a, los scouters de Comuna y unos pocos m\u00e1s que por diversos motivos no hab\u00edan podido ir al raid.<\/p>\n\n\n\n<p>Ayer salieron los castores de raid, y hay que decir que est\u00e1n hechos unos valientes. En unas pocas horas se subieron la monta\u00f1a (con macutos!) que hay al lado de campamento, y nos saludaron desde un mirador que hay arriba, entre dos antenas (si v\u00e9is las fotos, ver\u00e9is una de las dos antenas entre las que se ven muchas cabecitas). Para los que nos cuesta creer que nuestros hijos castores puedan llevar un macuto durante m\u00e1s de cien metros, ver que lo han llevado varios kil\u00f3metros y encima subiendo una monta\u00f1a nos ense\u00f1a que son capaces de hacer mucho m\u00e1s de lo que habitualmente les exigimos. Sus jefes nos han contado que estaban content\u00edsimos de haber llegado. Desde abajo gritamos todos a la vez \u00abCastores!!!\u00bb y ellos contestaron \u00abCompartir!!!\u00bb. :-))<\/p>\n\n\n\n<p>Tambi\u00e9n ayer la Tropa Scout Pumas alcanz\u00f3 la cumbre del pico Gallinero, que se ve desde campamento. Acoplando la c\u00e1mara a un telescopio pudimos distinguirles en la cumbre. La foto es algo borrosa pero se distinguen las personas en la cumbre, y tambi\u00e9n se distingue una bandera que sobresale.<\/p>\n\n\n\n<p>Por la tarde la Caba\u00f1a salimos de campamento a visitar un par de pueblos: Liri y Benasque. Liri es precioso, peque\u00f1ito, sin tiendas, est\u00e1 en la parte alta de la ladera de la monta\u00f1a, y tiene unas vistas estupendas (hay algunas fotos subidas). Benasque es m\u00e1s grande, bullicioso, lleno de tiendas de ropa de monta\u00f1a que a uno se le hace la boca agua vi\u00e9ndolas&#8230; All\u00ed nos tomamos todos juntos unas cervezas\/coca colas y nos hicimos una foto en la que estamos casi toda la Caba\u00f1a.<\/p>\n\n\n\n<p>Por otra parte, ayer Nacho, Paco y otros caba\u00f1eros visitaron al Clan y las manadas, que est\u00e1 de raid. Estaban muy bien. Al volver vieron una marmota y una pelea de caballos, de la que hay hasta un v\u00eddeo.<\/p>\n\n\n\n<p>Ayer comimos paella, y cenamos unos huevos rotos (ideales para el colesterol&#8230;&nbsp;&nbsp; \ud83d\ude09 ).<\/p>\n\n\n\n<p>Por cierto, hemos mirado la temperatura m\u00ednima en el term\u00f3metro de la cocina y hasta ahora es de 5.3\u00ba. \u00a1Hasta luego!<\/p>\n\n\n\n<hr class=\"wp-block-separator has-css-opacity\"\/>\n\n\n\n<h3 class=\"wp-block-heading\"><strong>19 de Julio:<\/strong><\/h3>\n\n\n\n<p>Buenos d\u00edas, campamento! Hoy escribimos la cr\u00f3nica por la ma\u00f1ana, porque ayer por la noche hac\u00eda mucho fr\u00edo. Ha sido la noche m\u00e1s fr\u00eda, la m\u00ednima debe haber sido de unos 5\u00ba. Ayer se fueron de raid los lobatos (Dahind\u00e1, Waingunga y Wawbek).<\/p>\n\n\n\n<p>Acertijo\/Pasatiempo: en las fotos de unidad de los lobatos aparece un intruso que es el mismo en las tres fotos. Llam\u00e9mosle \u00abWally\u00bb (aunque en realidad se llama Edu). A ver si le encontr\u00e1is!<\/p>\n\n\n\n<p>Por la ma\u00f1ana los castores se ducharon, y aunque a unos les cost\u00f3 m\u00e1s que a otros (dec\u00edan que el agua estaba muy fr\u00eda) al final quedaron todos muy limpitos (aunque no les ha durado mucho). Luego se pusieron a hacer el macuto para su \u00abra\u00edz\u00bb, en el que subir\u00e1n a Ch\u00eda.<\/p>\n\n\n\n<p>Cabe destacar que ayer tuvimos una de las mejores comidas de todo el campamento: gazpacho y paella (buen\u00edsimo todo!) y los Scouter dimos un merecido aplauso a la caba\u00f1a durante la comida. La cena tambi\u00e9n fue exquisita: pur\u00e9 de verduras casero, rollitos de jam\u00f3n york y tortilla francesa (como se nota que ya somos menos en campamento, porque si la caba\u00f1a tuviera que hacer tortillas para 300&#8230; ;))<\/p>\n\n\n\n<p>Por la tarde los castores estuvieron haciendo un monton de juegos con el paraca\u00eddas, bal\u00f3n prisionero, guerra de agua&#8230;. vamos, \u00a1que se lo pasaron genial!<br>Tenemos otro accidentado en campamento, una castora que se ha roto un brazo, pero hay que destacar que ha sido muy valiente y no se ha quejado en ning\u00fan momento; ayer la llevamos al hospital y cuando volvi\u00f3 nos dijo que se quer\u00eda quedar.<\/p>\n\n\n\n<p>Tambien por la tarde, algunos caba\u00f1eros subieron por el camino de Ch\u00eda hasta una zona alta desde la que se ve todo el campamento, y \u00bfsab\u00e9is lo que hicimos? Pusimos a todos los castores formando un 2, un 8 y un 4 y sacaron las fotos desde arriba, quedaron chu\u00edsimas!! Las ten\u00e9is subidas junto al resto de fotos del d\u00eda (por cierto, hemos empezado a dividir los \u00e1lbumes por d\u00edas, para que os sea m\u00e1s f\u00e1cil encontrar las fotos: Arriba teneis los enlaces por d\u00edas).<\/p>\n\n\n\n<p>Es todo por hoy, dentro de un rato los castores se van de raid y se queda la caba\u00f1a sola en campamento, asi que esta noche os contar\u00e1n ellos&#8230; \u00a1Hasta luego!<\/p>\n\n\n\n<hr class=\"wp-block-separator has-css-opacity\"\/>\n\n\n\n<h3 class=\"wp-block-heading\"><strong>18 de Julio:<\/strong><\/h3>\n\n\n\n<p>Buenas noches, madrile\u00f1os! Hoy se han ido de raid las tropas (Chacales y Pumas) y el Clan. Los del Clan han tardado mucho en irse, porque hab\u00edan hecho una apuesta con Jorge Esteve, de que si consegu\u00edan llevar cada uno como m\u00e1ximo un macuto del 10% de su peso les paga la cena de fin de raid. Y lo han conseguido, pero renunciando a llevar muchas cosas, y tras muchos intentos. Cosas tan importantes como secador, planchas del pelo, pinzas de la ropa, &#8230; \ud83d\ude09<\/p>\n\n\n\n<p>Tambi\u00e9n hoy ha sido el d\u00eda del lobato, que significa que las tres manadas (Dahind\u00e1, Waingunga y Wawbek) se han ido juntas de excursi\u00f3n y han hecho actividades comunes. Han ido al r\u00edo y han jugado all\u00ed, igual que los castore que tambi\u00e9n han ido al r\u00edo como excursi\u00f3n. As\u00ed que la caba\u00f1a se ha quedado sola en campamento a mediod\u00eda.<\/p>\n\n\n\n<p>Hoy hemos tenido un accidentado: un ni\u00f1o, Jorge, de Wawbek, se ha tenido que ir de campamento porque se le ha roto un brazo. Fue ayer durante el simulacro, y de la forma m\u00e1s tonta: se tropez\u00f3 con un viento de una tienda y cay\u00f3 mal al suelo, y se hizo da\u00f1o en el brazo. No parec\u00eda que pudiera ser muy grave al haber sido de una forma tan sencilla. Ayer le pusieron un cabestrillo, pero hoy para quedarnos tranquilos se lo han llevado al hospital y le han visto que hab\u00eda fractura en el codo.<\/p>\n\n\n\n<p>Hoy los chavales han comido bocadillos en el r\u00edo, y hemos cenado un pur\u00e9 de verduras, croquetas y empanadillas.<\/p>\n\n\n\n<p>Por cierto, ya tenemos una mesa del comedor al lado de las letrinas. Como ya se han ido muchas unidades, no hacen falta tantas mesas en el comedor, as\u00ed que hemos cogido una. As\u00ed que hoy estamos m\u00e1s c\u00f3modos. A petici\u00f3n de algunos seguidores, hoy hemos subido una foto tomada hace escasos minutos actualizando la p\u00e1gina.<\/p>\n\n\n\n<p>Gracias a Pipo (Jos\u00e9 Luis Garc\u00eda), que es nuestro enlace en Madrid, ya pod\u00e9is ver los correos recibidos hasta ahora en campamento. \u00a1\u00a1Gracias, Pipo!! \u00a1Te echamos de menos!<\/p>\n\n\n\n<p>Un fuerte apret\u00f3n de mano izquierda! Hasta ma\u00f1ana!<\/p>\n\n\n\n<hr class=\"wp-block-separator has-css-opacity\"\/>\n\n\n\n<h3 class=\"wp-block-heading\"><strong>17 de Julio:<\/strong><\/h3>\n\n\n\n<p>\u00a1Buenas noches campamento! Hoy ya estamos menos en campamento. Esta tarde-noche, tras la cena, han salido de raid los escultas. Ha venido a buscarles un autob\u00fas que les va a acercar a su zona de raid: el Monte Perdido, subiendo por la Brecha de Rolando y bajando por el ca\u00f1\u00f3n de A\u00f1isclo. Qu\u00e9 envidia nos dan!!<\/p>\n\n\n\n<p>Hoy por la ma\u00f1ana hemos celebrado el d\u00eda de Grupo, con pruebas por equipos mezclando todas las edades. Este a\u00f1o las pruebas ten\u00edan como tem\u00e1tica el cuerpo humano, y en cada una de ellas se pod\u00eda conseguir una parte del cuerpo, pero si la hac\u00edan mal consegu\u00edas&#8230; \u00a1una enfermedad! Al principio no les hac\u00eda mucha gracia llevarse de una prueba una varicela (con puntitos rojos en la cara y todo), pero luego se lo han ido tomando con m\u00e1s deportividad. Es una din\u00e1mica parecida al d\u00eda de padres, solo que el d\u00eda de padres no sabemos qu\u00e9 sorpresa nos tendr\u00e1 preparada la comisi\u00f3n.<\/p>\n\n\n\n<p>Despu\u00e9s de comer hemos hecho un simulacro de evacuaci\u00f3n, poni\u00e9ndonos en la situaci\u00f3n de una inundaci\u00f3n en el campamento. Ha funcionado bastante bien y esperemos que no necesitemos poner en pr\u00e1ctica lo que hemos aprendido.<\/p>\n\n\n\n<p>Por la tarde hemos tenido el \u00abd\u00eda de la fantas\u00eda\u00bb, que consiste en que cada unidad presenta el tema de su campamento al resto de las unidades, haciendo una peque\u00f1a representaci\u00f3n en su parcela. Ver\u00e9is que hay muchas fotos de estas presentaciones y las parcelas.<\/p>\n\n\n\n<p>Hoy ha hecho m\u00e1s fresco que ayer, incluso esper\u00e1bamos lluvia y al final han ca\u00eddo cuatro gotas. Hoy estamos con el forro polar (por la noche), pero no nos quejamos, que suponemos que en Madrid har\u00e1 un calor&#8230;<\/p>\n\n\n\n<p>Hoy hemos comido pollo con arroz y salsa de tomate, y hemos cenado una sopa de fideos (con huevo duro y taquitos de jam\u00f3n) que resucitaba a un muerto y san Jacobos.<\/p>\n\n\n\n<p>Por cierto, ayer tuvimos un brote de piojos en campamento: parece que el foco est\u00e1 controlado y los efectivos est\u00e1n todav\u00eda en alerta&#8230;&nbsp; \ud83d\ude09&nbsp; S\u00f3lo hab\u00eda 4 ni\u00f1os afectados.<\/p>\n\n\n\n<p>Ma\u00f1ana se van de raid las dos tropas y el clan, as\u00ed que nos quedamos en campamento las \u00abunidades peque\u00f1as\u00bb.<\/p>\n\n\n\n<p>\u00a1Saludos desde \u00abla central de comunicaciones\u00bb! (a ver si ma\u00f1ana nos ponemos aqu\u00ed una mesa, y un ventilador para no estar a \u00absotavento\u00bb&#8230;&nbsp; \ud83d\ude09 )<\/p>\n\n\n\n<hr class=\"wp-block-separator has-css-opacity\"\/>\n\n\n\n<h3 class=\"wp-block-heading\"><strong>16 de Julio:<\/strong><\/h3>\n\n\n\n<p>Hola! Hoy el campamento est\u00e1 ya casi montado. Tenemos el comedor y la cocina completos, todos los temas \u00abacu\u00e1ticos\u00bb (tenemos agua en fregaderos, letrinas, duchas, cocina&#8230;). Adem\u00e1s tenemos un sistema nuevo de duchas: las alcachofas son orientables, toma ya! Adem\u00e1s las parcelas est\u00e1n pr\u00e1cticamente terminadas.<\/p>\n\n\n\n<p>Por cierto, este a\u00f1o habr\u00e9is notado que la p\u00e1gina web no es tan profesional como la de otros a\u00f1os: el motivo es que Jos\u00e9 Luis Garc\u00eda (Pipo) no ha podido venir. Le echamos mucho de menos. Milagrosamente hemos conseguido montar toda la fontaner\u00eda sin su ayuda&#8230; A ver si Pipo nos ayuda a subir los correos a la p\u00e1gina que se nos acumula el trabajo&#8230; vuelven a ser la 1:30 y seguimos en las letrinas! \ud83d\ude09<\/p>\n\n\n\n<p>Este a\u00f1o el Clan va de fiestas regionales, y hoy, como ver\u00e9is en las fotos, tocaba San Ferm\u00edn. Patrico se ha disfrazado de toro y los claneros de \u00abmozos\u00bb, y el \u00abtoro\u00bb ha salido por todo el campamento persiguiendo a los chavales. Otra novedad es que hay un \u00abquad\u00bb en campamento!<\/p>\n\n\n\n<p>Hoy hemos comido unas lentejas espectaculares y una cinta de lomo a la plancha (sana, sana) y de cena un pur\u00e9 de calabaza, patatas, zanahoria y cebolla, que hemos hecho todo casero con las superbatidoras \u00abmaxipimers\u00bb (este a\u00f1o tenemos una nueva, ya tenemos dos). En la cena, los scouters hemos aplaudido a los cocineros por el pur\u00e9.<\/p>\n\n\n\n<p>Hoy ha sido el \u00faltimo d\u00eda que hemos estado todos juntos: ma\u00f1ana salen de raid los escultas, y por eso hemos celebrado la Eucarist\u00eda todos juntos, adelantando la del domingo.<\/p>\n\n\n\n<hr class=\"wp-block-separator has-css-opacity\"\/>\n\n\n\n<h3 class=\"wp-block-heading\"><strong>15 de Julio:<\/strong><\/h3>\n\n\n\n<p>Hoy hemos llegado a campamento, por fin, despu\u00e9s de un viaje largu\u00ediiiiisimo, de Madrid a Villanova pasando por Catalu\u00f1a \ud83d\ude09&nbsp; (peque\u00f1o despiste de los conductores de autob\u00fas). El sitio es precioso (ya sabemos que siempre decimos esto, pero un a\u00f1o m\u00e1s, \u00a1es verdad!), y nos ha hecho muy buen tiempo.<\/p>\n\n\n\n<p>La comisi\u00f3n de LOES nos esperaba con muchas m\u00e1s instalaciones montadas que otros a\u00f1os, incluso con la Guardia Civil ayudando a cortar la carretera para facilitar la bajada de los autobuses. Hemos montado las tiendas, las mesas, el m\u00e1stil, hemos tensado los toldos del comedor&#8230; e incluso algunas unidades han empezado a hacer sus parcelas. \u00a1Esto ya va tomando forma de campamento! Es impresionante la cantidad de cosas que se pueden hacer cuando todo el mundo colabora.<\/p>\n\n\n\n<p>En la campa tenemos cobertura 3.5G,&nbsp; pero solo en un punto&#8230; lo malo es la ubicaci\u00f3n de dicho punto: \u00a1las letrinas! As\u00ed que aqu\u00ed estamos, a la 1:32 AM sentados en sillas de pl\u00e1stico al lado de las letrinas. Menos mal que todav\u00eda no huelen mal.<\/p>\n\n\n\n<p>En resumen, todo muy bien. Ma\u00f1ana seguiremos montando infraestructuras y parcelas y os contaremos m\u00e1s cosas. No dej\u00e9is de ver las fotos, que ya est\u00e1n en&nbsp;<a href=\"https:\/\/picasaweb.google.com\/scouts284\/Villanova2011\" target=\"_blank\" rel=\"noreferrer noopener\">el \u00e1lbum de Picassa<\/a>. Hoy hemos recibido algunos correos, pero los publicaremos ma\u00f1ana, que ya no son horas&nbsp; \ud83d\ude09<\/p>\n\n\n\n<hr class=\"wp-block-separator has-css-opacity\"\/>\n\n\n\n<p>\u00daltima actualizaci\u00f3n:&nbsp;<strong>S\u00e1bado 6 de agosto, 0:30 h&nbsp; &#8211;&nbsp; 10.530 visitas +\/-<\/strong><\/p>\n","protected":false},"excerpt":{"rendered":"<p>Esta es la p\u00e1gina del campamento virtual de este a\u00f1o:&nbsp;VILLANOVA 2011. Iremos actualizando d\u00eda a d\u00eda desde campamento y subiendo las&nbsp;FOTOS&nbsp;a&nbsp;varios&nbsp;\u00e1lbumes de Picasa, que pod\u00e9is ver: CORREOS RECIBIDOS Actualizados todosscouts284@gmail.com Grupo de Facebook de amigos del 284 Actualizaci\u00f3n (7 de agosto): Daniel Luis Merino, un amigo padre (santo padre, podr\u00edamos [&hellip;]<\/p>\n","protected":false},"author":2,"featured_media":0,"parent":0,"menu_order":0,"comment_status":"closed","ping_status":"closed","template":"","meta":{"footnotes":""},"class_list":["post-957","page","type-page","status-publish","hentry"],"jetpack_sharing_enabled":true,"_links":{"self":[{"href":"https:\/\/www.scouts284.org\/index.php\/wp-json\/wp\/v2\/pages\/957","targetHints":{"allow":["GET"]}}],"collection":[{"href":"https:\/\/www.scouts284.org\/index.php\/wp-json\/wp\/v2\/pages"}],"about":[{"href":"https:\/\/www.scouts284.org\/index.php\/wp-json\/wp\/v2\/types\/page"}],"author":[{"embeddable":true,"href":"https:\/\/www.scouts284.org\/index.php\/wp-json\/wp\/v2\/users\/2"}],"replies":[{"embeddable":true,"href":"https:\/\/www.scouts284.org\/index.php\/wp-json\/wp\/v2\/comments?post=957"}],"version-history":[{"count":7,"href":"https:\/\/www.scouts284.org\/index.php\/wp-json\/wp\/v2\/pages\/957\/revisions"}],"predecessor-version":[{"id":3352,"href":"https:\/\/www.scouts284.org\/index.php\/wp-json\/wp\/v2\/pages\/957\/revisions\/3352"}],"wp:attachment":[{"href":"https:\/\/www.scouts284.org\/index.php\/wp-json\/wp\/v2\/media?parent=957"}],"curies":[{"name":"wp","href":"https:\/\/api.w.org\/{rel}","templated":true}]}}