{"id":944,"date":"2020-08-26T22:54:28","date_gmt":"2020-08-26T20:54:28","guid":{"rendered":"http:\/\/www.scouts284.org\/?page_id=944"},"modified":"2025-03-16T20:29:16","modified_gmt":"2025-03-16T19:29:16","slug":"campamento-virtual-puente-del-arrudo-2012","status":"publish","type":"page","link":"https:\/\/www.scouts284.org\/index.php\/campamento-virtual-puente-del-arrudo-2012\/","title":{"rendered":"Campamento Virtual Puente del Arrudo 2012"},"content":{"rendered":"\n<h4 class=\"wp-block-heading\">Esta ha sido la p\u00e1gina del campamento virtual:<\/h4>\n\n\n\n<h3 class=\"wp-block-heading\"><strong>PUENTE DEL ARRUDO 2012<\/strong>.<\/h3>\n\n\n\n<h4 class=\"wp-block-heading\"><\/h4>\n\n\n\n<h4 class=\"wp-block-heading\">\u00c1lbumes de fotos:<\/h4>\n\n\n\n<ul class=\"wp-block-list\">\n<li><strong><a href=\"https:\/\/photos.app.goo.gl\/QvdFp7pHX9knzJ9Q6\">Puente del Arrudo 2012 del 09 al 16 de julio<\/a><\/strong><\/li>\n\n\n\n<li><strong><a href=\"https:\/\/photos.app.goo.gl\/wtovVuFmghGGWpwPA\">Puente del Arrudo 2012 del 17 al 20 de julio<\/a><\/strong><\/li>\n\n\n\n<li><strong><a href=\"https:\/\/photos.app.goo.gl\/kxbhx8hGSTxE5yzQ6\">Puente del Arrudo 2012 D\u00eda de padres, 21 de julio<\/a><\/strong><\/li>\n\n\n\n<li><strong><a href=\"https:\/\/photos.app.goo.gl\/MSRrJN6GPYLyWCFE9\">Puente del Arrudo 2012 del 22 al 24 de julio<\/a><\/strong><\/li>\n\n\n\n<li><strong><a href=\"https:\/\/photos.app.goo.gl\/NpjeuRqC5as5ZA1G6\">Puente del Arrudo 2012 &#8211; Festival del Grupo 284, 25 de julio<\/a><\/strong><\/li>\n\n\n\n<li><strong><a href=\"https:\/\/photos.app.goo.gl\/E3LGD7AUVpAWrLJL6\">Puente del Arrudo 2012 del 26 al 29 de julio<\/a><\/strong><\/li>\n\n\n\n<li><strong><a href=\"https:\/\/photos.app.goo.gl\/tMPW2NApqpMTsvz6A\">Puente del Arrudo 2012 &#8211; Fuego de Campamento, 27 de julio<\/a><\/strong><\/li>\n\n\n\n<li><strong><a href=\"https:\/\/photos.app.goo.gl\/vxoKBFiAD4CUvR4JA\">Puente del Arrudo 2012 &#8211; Pases de Unidad, 28 de julio<\/a><\/strong><\/li>\n\n\n\n<li><a href=\"https:\/\/www.youtube.com\/watch?v=s5Eo5I1Wxlo\"><strong>Canci\u00f3n ganadora del Festival 2012 de Wawbek \u00abPonte una pa\u00f1oleta y ven pac\u00e1!\u00bb<\/strong><\/a><\/li>\n\n\n\n<li><strong><a href=\"https:\/\/www.youtube.com\/watch?v=jYAV-ZsglS8\">Presentaci\u00f3n Festival de la Canci\u00f3n 2012 \u00abSuper Festival\u00bb.<\/a><\/strong><\/li>\n\n\n\n<li><strong><a href=\"https:\/\/www.youtube.com\/watch?v=m9zoJxKU8MA\">Premiados del Festival de la Canci\u00f3n 2012<\/a><\/strong><\/li>\n\n\n\n<li><strong><a href=\"https:\/\/www.youtube.com\/watch?v=dzu_zrOgPDA\">Festival 2012: sketch \u00abEstoy cansado de tanto trabajar\u00bb<\/a><\/strong><\/li>\n\n\n\n<li><strong><a href=\"https:\/\/www.youtube.com\/watch?v=8ChItZtIP7U\">Festival 2012: sketch \u00abSi te pego\u00bb<\/a><\/strong><\/li>\n\n\n\n<li><strong><a href=\"https:\/\/www.youtube.com\/watch?v=ntOoX-dy0Yk\">Festival 2012: sketch \u00abEl hombre y la tierra: la f\u00e9mina terrestre\u00bb<\/a><\/strong><\/li>\n<\/ul>\n\n\n\n<p><\/p>\n\n\n\n<p><strong>M\u00e1s de 2.200 fotos!<\/strong><\/p>\n\n\n\n<h3 class=\"wp-block-heading\"><strong><br>Seguimiento del que fue el montaje en Twiter&nbsp;<\/strong><a rel=\"noreferrer noopener\" href=\"https:\/\/twitter.com\/#%21\/search\/realtime\/loes2012\" target=\"_blank\">#LOES2012<\/a><\/h3>\n\n\n\n<h3 class=\"wp-block-heading\"><strong>Comenta en&nbsp;<a href=\"http:\/\/www.facebook.com\/groups\/28429452137\/10151060961222138\/?ref=notif&amp;notif_t=group_comment\" target=\"_blank\" rel=\"noreferrer noopener\">Facebook Grupo Scout 284<\/a><\/strong><\/h3>\n\n\n\n<p><strong>Actualizado: 03-08-2012&nbsp; 17:00<\/strong><\/p>\n\n\n\n<hr class=\"wp-block-separator has-css-opacity\"\/>\n\n\n\n<h2 class=\"wp-block-heading\"><strong><a href=\"indexc1a0.html?option=com_content&amp;view=article&amp;id=79&amp;Itemid=77\" target=\"_blank\" rel=\"noreferrer noopener\">CORREOS RECIBIDOS<\/a><\/strong><\/h2>\n\n\n\n<p>Actualizados&nbsp;<strong>03\/08\/12&nbsp; 18:10<\/strong><br><strong><a href=\"mailto:scouts284@gmail.com\">scouts284@gmail.com<\/a><\/strong><\/p>\n\n\n\n<h3 class=\"wp-block-heading\"><strong><a href=\"http:\/\/www.facebook.com\/group.php?gid=28429452137\" target=\"_blank\" rel=\"noreferrer noopener\">Grupo de Facebook de amigos del 284<\/a><\/strong><\/h3>\n\n\n\n<hr class=\"wp-block-separator has-css-opacity\"\/>\n\n\n\n<p><strong>9&nbsp;<\/strong><strong>DE JULIO<\/strong><\/p>\n\n\n\n<p>\u00a1Hemos (o mejor dicho \u00abhan\u00bb) cargado el cami\u00f3n!&nbsp; \ud83d\ude42<\/p>\n\n\n\n<p>\u00a1Alea jacta est!<\/p>\n\n\n\n<p>Se inici\u00f3 la carga sobre las 5 de la tarde y se termin\u00f3 a las 21:45, hora a la que el cami\u00f3n parti\u00f3 hacia Cantabria<\/p>\n\n\n\n<hr class=\"wp-block-separator has-css-opacity\"\/>\n\n\n\n<p><strong>10&nbsp;<\/strong><strong>DE JULIO<\/strong><\/p>\n\n\n\n<p>La comisi\u00f3n de LOES, 8 personas, ha salido esta ma\u00f1ana hacia el campamento en Cantabria. A 170 km. de Madrid se ha averiado la furgoneta, y ante la imposibilidad de arreglar la aver\u00eda han seguido el viaje en dos taxis. Se ha decidido as\u00ed ya que el cami\u00f3n les espera en el campamento para su descarga.<\/p>\n\n\n\n<p>Finalmente Tom\u00e1s Esteras sali\u00f3 a las 17 h. con otra fregoneta de repuesto y esta vez s\u00ed llego bien al campa<\/p>\n\n\n\n<p>Pregunta por SMS a las&nbsp;<strong>15,30<\/strong>&nbsp;: \u00bfQu\u00e9 tal? \u00bfHab\u00e9is llegado bien?<\/p>\n\n\n\n<p>Respuesta de Luc\u00eda a las&nbsp;<strong>21,30<\/strong>&nbsp;:&nbsp; Perdona que est\u00e1bamos descargando. Todo OK&nbsp; \ud83d\ude42<\/p>\n\n\n\n<p>Pobri\u00f1os, vaya d\u00eda que han tenido, a ver si ma\u00f1ana con calma nos cuentan algo m\u00e1s.<\/p>\n\n\n\n<h5 class=\"wp-block-heading\"><strong>P.D.<\/strong>&nbsp;Debido a la nueva pol\u00edtica de nomenclaturas de Google no he podido nombrar el \u00e1lbum de fotos como el anterior, Grupo Scout 284, se llama Pipo Reina del Cielo, no se me ocurri\u00f3 otra cosa despu\u00e9s de intentar otras muchas combinaciones.<\/h5>\n\n\n\n<hr class=\"wp-block-separator has-css-opacity\"\/>\n\n\n\n<p><strong>11&nbsp;<\/strong><strong>DE JULIO<\/strong><\/p>\n\n\n\n<p>Acabo de hablar con Tom\u00e1s, me cuentan que est\u00e1n todos bien, el tiempo est\u00e1 regular pero la lluvia les est\u00e1 respetando, solo llovizna intermitentemente.<\/p>\n\n\n\n<p>Ya han levantado la primera altura del comedor y esta tarde intentar\u00e1n tener un m\u00f3dulo cubierto con su toldo<\/p>\n\n\n\n<p>Por cierto, est\u00e1n&nbsp;<strong>twiteando<\/strong>&nbsp;comentarios y fotos con:&nbsp;<strong>#LOES1012<\/strong>&nbsp;, rebotarlo (o como se diga) a quien tenga inter\u00e9s en seguir sus peripecias.<\/p>\n\n\n\n<p><strong>Reto conseguido<\/strong>, a las 21 h. comedor montado y cubierto un m\u00f3dulo, se van a dar una ducha y a cenar, ya pod\u00e9is ver las fotos<\/p>\n\n\n\n<hr class=\"wp-block-separator has-css-opacity\"\/>\n\n\n\n<p><strong><br>12&nbsp;<\/strong><strong>DE JULIO<\/strong><\/p>\n\n\n\n<p>Noticias de hoy por la ma\u00f1ana a trav\u00e9s de Twiter en&nbsp;<a href=\"https:\/\/twitter.com\/#!\/search\/realtime\/loes2012\" target=\"_blank\" rel=\"noreferrer noopener\">#LOES2012<\/a>:<\/p>\n\n\n\n<p>&#8211; Ha llegado Manolo con la retro, todos los hoyos est\u00e1n marcados y ya est\u00e1n excavando<\/p>\n\n\n\n<p>&#8211; Los inspectores de la cuenca hidrogr\u00e1fica han visitado el campa y dado su aprovaci\u00f3n y el APTO, es muy importante ya que suelen ser muy \u00abpijoteros\u00bb a la hora de dar los permisos.<\/p>\n\n\n\n<p>&#8211; Por las fotos vemos que siguen con la subida de toldos en comedor, y adem\u00e1s se ve que ha salido el sol, buena noticia para el montaje del campa<\/p>\n\n\n\n<p>&#8211; Ha llegado la primera tanda de leche, \u00a1al menos podremos desayunar! Tambi\u00e9n han llevado la madera, que parece de ebanister\u00eda de lujo, y la gravilla para las letrinas. Creo que ya solo les falta recoger las bombonas de butano para tener todo<\/p>\n\n\n\n<p>(Y con esto y un bizcocho Pipo se despide hasta las ocho&nbsp; \ud83d\ude09<\/p>\n\n\n\n<hr class=\"wp-block-separator has-css-opacity\"\/>\n\n\n\n<p><strong><br>13 DE JULIO<\/strong><\/p>\n\n\n\n<p>Noticias de hoy por la ma\u00f1ana a trav\u00e9s de Twiter en&nbsp;<a href=\"https:\/\/twitter.com\/#%21\/search\/realtime\/loes2012\" target=\"_blank\" rel=\"noreferrer noopener\">#LOES2012<\/a>:<\/p>\n\n\n\n<p>&#8211; Tom\u00e1s escribi\u00f3:<em>&nbsp;\u00a1Buenos d\u00edas campamento! podemos anunciar con gran orgullo que ayer por la tarde el \u00faltimo miembro de la comisi\u00f3n estren\u00f3 el campo<\/em>.&nbsp; No estoy muy seguro de lo que que quiere decir \u00abestren\u00f3\u00bb, pero os lo pod\u00e9is imaginar<a href=\"https:\/\/twitter.com\/#%21\/search\/%23loes2012\"><\/a><\/p>\n\n\n\n<p><br>&#8211; Parece que el d\u00eda amaneci\u00f3 soleado, se espera que la m\u00e1xima suba a 21\u00ba, casi la mitad que en Madrid<\/p>\n\n\n\n<hr class=\"wp-block-separator has-css-opacity\"\/>\n\n\n\n<p><strong>14 de JULIO<\/strong><\/p>\n\n\n\n<p>Hola, papis!<\/p>\n\n\n\n<p>Por fin podemos escribiros. Escribo esto el 15 de julio a las 21:05. Resulta que aqu\u00ed hay muy mala cobertura de Movistar, y menos mal que la de Vodafone es buena y algunos de Caba\u00f1a ten\u00edan pinchos de Vodafone.<\/p>\n\n\n\n<p>Lo primero es contaros que estamos muy bien. Llegamos ayer sobre las 16:00 y nos cundi\u00f3 la tarde porque dejamos mucho montado. Cuando llegamos nos encontramos montado el comedor y cocina (inclu\u00eddos los ca\u00f1izos!), las letrinas, los hoyos&#8230; y durante la tarde nos di\u00f3 tiempo a tensar los toldos de comedor (este a\u00f1o con unos cables adicionales que evitan que se hagan bolsas), montar todas las tiendas de las unidades, la naranja de material, las dos c\u00f3nicas, la azul de caba\u00f1a, colocar toda la comida en cocina, el m\u00e1stil&#8230; Faltaba el agua en los fregaderos y terminar de colocar muchas cosas.<\/p>\n\n\n\n<p>Como sab\u00e9is, ayer la comida y la cena eran de casa. Por cierto, cenamos ya sentados en las mesas del comedor.<\/p>\n\n\n\n<p>La temperatura del d\u00eda 14 fue muy buena, estuvo nublado con claros, pero las propias nubes hacen que no haga mucho fr\u00edo. De hecho estuvimos en camiseta hasta las 9 de la noche.<\/p>\n\n\n\n<p>El d\u00eda 14 no subimos ninguna foto por los problemas de conectividad.<\/p>\n\n\n\n<p>Buenas noches!<\/p>\n\n\n\n<hr class=\"wp-block-separator has-css-opacity\"\/>\n\n\n\n<p><strong><br>15 de JULIO<\/strong><\/p>\n\n\n\n<p>Hola de nuevo, cu\u00e1nto tiempo!! \ud83d\ude09<\/p>\n\n\n\n<p>Ver\u00e9ris que hemos subido 17 fotos de hoy, ya podemos conectarnos a una velocidad suficiente, pero ha habido muchos trabajos que nos han retrasado el empezar a actualizar la web. Ya es bastante tarde y necesitamos descansar, ma\u00f1ana intentaremos ponernos al d\u00eda con muchas m\u00e1s fotos (Guillermo hizo hoy m\u00e1s de 200) actualizar los correos y cosillas que quedaron pendientes<\/p>\n\n\n\n<hr class=\"wp-block-separator has-css-opacity\"\/>\n\n\n\n<p><strong><br>16 de JULIO<\/strong><\/p>\n\n\n\n<p>Buenos d\u00edas seguidores del resto del mundo.<\/p>\n\n\n\n<p>Ya est\u00e1n subidos los correos hasta el momento y seguiremos subiendo fotos del 14 y 15.<\/p>\n\n\n\n<p>Esta ma\u00f1ana se celebra el d\u00eda de Grupo y a la tarde el de la Fantas\u00eda<\/p>\n\n\n\n<hr class=\"wp-block-separator has-css-opacity\"\/>\n\n\n\n<p><strong>17 de JULIO<\/strong><\/p>\n\n\n\n<p>Se fueron las manadas, las tropas, la unidad esculta y el clan. \u00abSolo\u00bb quedamos los castores y caba\u00f1a (casi 100 personas) el campamento est\u00e1 bastante m\u00e1s tranquilo y la caba\u00f1a puede dedicarse a rematar trabajos que estaban pendientes.<\/p>\n\n\n\n<p>Bastantes problemas con la conexi\u00f3n a internet, \u00absentimos las molestias\u00bb<\/p>\n\n\n\n<p>COMIDA: Cocido madrile\u00f1o<\/p>\n\n\n\n<p>CENA:<\/p>\n\n\n\n<hr class=\"wp-block-separator has-css-opacity\"\/>\n\n\n\n<p><strong>18 de JULIO<\/strong><\/p>\n\n\n\n<p>Hoy se fueron los castores a hacer su \u00abra\u00edz\u00bb y ahora s\u00ed el campamen ya qued\u00f3 vac\u00edo, se est\u00e1n realizando visitas a las unidades que est\u00e1n fuera.<\/p>\n\n\n\n<p>La distribuci\u00f3n de agua y las necesidades de electricidad para la bomba de agua y cocina\/comedor ya est\u00e1n finalizadas.<\/p>\n\n\n\n<p>COMIDA: Ropa viieja de cocido<\/p>\n\n\n\n<p>CENA: Filetes y calabacines a la plancha<\/p>\n\n\n\n<hr class=\"wp-block-separator has-css-opacity\"\/>\n\n\n\n<p><strong>19 de JULIO<\/strong><\/p>\n\n\n\n<p>Por la ma\u00f1ana se han terminado las construcciones de la capilla y la puerta de campamento<\/p>\n\n\n\n<p>Por la tarde volvieron los castowers y recobramos la vidilla campamental<\/p>\n\n\n\n<p>COMIDA: Gazpacho y paella de carne<\/p>\n\n\n\n<p>CENA: Estofado de pavo con patatas<\/p>\n\n\n\n<hr class=\"wp-block-separator has-css-opacity\"\/>\n\n\n\n<p><strong>20 de JULIO<\/strong><\/p>\n\n\n\n<hr class=\"wp-block-separator has-css-opacity\"\/>\n\n\n\n<p><strong>21 de JULIO<\/strong><\/p>\n\n\n\n<hr class=\"wp-block-separator has-css-opacity\"\/>\n\n\n\n<p><strong>22 de JULIO<\/strong><\/p>\n\n\n\n<hr class=\"wp-block-separator has-css-opacity\"\/>\n\n\n\n<p><strong>23 de JULIO<\/strong><\/p>\n\n\n\n<hr class=\"wp-block-separator has-css-opacity\"\/>\n\n\n\n<p><strong>24 de JULIO<\/strong><\/p>\n","protected":false},"excerpt":{"rendered":"<p>Esta ha sido la p\u00e1gina del campamento virtual: PUENTE DEL ARRUDO 2012. \u00c1lbumes de fotos: M\u00e1s de 2.200 fotos! Seguimiento del que fue el montaje en Twiter&nbsp;#LOES2012 Comenta en&nbsp;Facebook Grupo Scout 284 Actualizado: 03-08-2012&nbsp; 17:00 CORREOS RECIBIDOS Actualizados&nbsp;03\/08\/12&nbsp; 18:10scouts284@gmail.com Grupo de Facebook de amigos del 284 9&nbsp;DE JULIO \u00a1Hemos (o [&hellip;]<\/p>\n","protected":false},"author":2,"featured_media":0,"parent":0,"menu_order":0,"comment_status":"closed","ping_status":"closed","template":"","meta":{"footnotes":""},"class_list":["post-944","page","type-page","status-publish","hentry"],"jetpack_sharing_enabled":true,"_links":{"self":[{"href":"https:\/\/www.scouts284.org\/index.php\/wp-json\/wp\/v2\/pages\/944","targetHints":{"allow":["GET"]}}],"collection":[{"href":"https:\/\/www.scouts284.org\/index.php\/wp-json\/wp\/v2\/pages"}],"about":[{"href":"https:\/\/www.scouts284.org\/index.php\/wp-json\/wp\/v2\/types\/page"}],"author":[{"embeddable":true,"href":"https:\/\/www.scouts284.org\/index.php\/wp-json\/wp\/v2\/users\/2"}],"replies":[{"embeddable":true,"href":"https:\/\/www.scouts284.org\/index.php\/wp-json\/wp\/v2\/comments?post=944"}],"version-history":[{"count":27,"href":"https:\/\/www.scouts284.org\/index.php\/wp-json\/wp\/v2\/pages\/944\/revisions"}],"predecessor-version":[{"id":3468,"href":"https:\/\/www.scouts284.org\/index.php\/wp-json\/wp\/v2\/pages\/944\/revisions\/3468"}],"wp:attachment":[{"href":"https:\/\/www.scouts284.org\/index.php\/wp-json\/wp\/v2\/media?parent=944"}],"curies":[{"name":"wp","href":"https:\/\/api.w.org\/{rel}","templated":true}]}}