{"id":915,"date":"2020-07-25T21:01:16","date_gmt":"2020-07-25T19:01:16","guid":{"rendered":"http:\/\/www.scouts284.org\/?page_id=915"},"modified":"2020-07-25T21:07:14","modified_gmt":"2020-07-25T19:07:14","slug":"correos-recibidos-torrecilla-2014","status":"publish","type":"page","link":"https:\/\/www.scouts284.org\/index.php\/correos-recibidos-torrecilla-2014\/","title":{"rendered":"Correos Recibidos Torrecilla 2014"},"content":{"rendered":"\n<h4 class=\"wp-block-heading\">Correos Recibidos en el&nbsp;<br>Campamento Torrecilla en Cameros 2014<\/h4>\n\n\n\n<p>(enviados a&nbsp;<strong>&nbsp;<a href=\"mailto:scouts284@gmail.com\">scouts284@gmail.com<\/a><\/strong>)<\/p>\n\n\n\n<p>Ultima actualizaci\u00f3n: &nbsp;&nbsp;&nbsp;<strong>30<\/strong><strong>&#8211;<\/strong><strong>07-14 &nbsp; 21:45<\/strong><\/p>\n\n\n\n<hr class=\"wp-block-separator\"\/>\n\n\n\n<p><strong>DIRECCI\u00d3N POSTAL DEL CAMPAMENTO<\/strong><\/p>\n\n\n\n<p><strong>Campamento Scout 284 Reina del Cielo<\/strong><\/p>\n\n\n\n<p><strong>26100 Torrecilla en Cameros<\/strong><\/p>\n\n\n\n<p><strong>LA RIOJA<\/strong><\/p>\n\n\n\n<hr class=\"wp-block-separator\"\/>\n\n\n\n<h3 class=\"wp-block-heading\">Volver a <a href=\"https:\/\/www.scouts284.org\/index.php\/campamento-virtual-torrecilla-en-cameros-2014\/\">Campamento virtual 2014<\/a><\/h3>\n\n\n\n<hr class=\"wp-block-separator\"\/>\n\n\n\n<p><strong>D\u00cdA 8<\/strong><\/p>\n\n\n\n<p>\u00a1Se abre la veda! \u00bfQui\u00e9n inaugurar\u00e1 este a\u00f1o los correos a campamento? &nbsp;\ud83d\ude42<\/p>\n\n\n\n<hr class=\"wp-block-separator\"\/>\n\n\n\n<p><strong><br>D\u00cdA 9<\/strong><br><br>Buenos d\u00edas Campamento!<br><br>Ya podemos comenzar con la cuenta atr\u00e1s, porque no nos queda nada. Impaciente estoy por ver la campa, montar la cocina, visitar las nuevas letrinas,&#8230;.. y sobre todo disfrutar en Dios y con todos vosotros de estos fabulosos d\u00edas.<br>Que afortunada me siento!<br><br>A.P.<\/p>\n\n\n\n<hr class=\"wp-block-separator\"\/>\n\n\n\n<p><strong><br>D\u00cdA 10<\/strong><\/p>\n\n\n\n<p>Correr, saltar, re\u00edr, botar\u2026<br><br>\u00bfPuedo bajar nervioso a mi primera acampada, contar a mis padres la broma que gastamos a los lobato y cargar mi macuto de cientos de cosas in\u00fatiles, para que t\u00fa me ense\u00f1es que; con el saco, las botas y la cantimplora casi puedo llegar al infinito?<br>\u00bfPodr\u00e9 acelerar mi coraz\u00f3n antes de saltar el fuego y despedir a mis compa\u00f1eros de patrulla, aguantar con la mand\u00edbula temblona tu abrazo de despedida, frente a la presa, y escribir en un papelajo los deseos m\u00e1s profundos para guardarlos en mi caja de los tesoros?<br><br>Que se muevan tus manos y tus pies\u2026<br><br>\u00bfTendr\u00e9 la suerte de contar las estrellas durmiendo al raso y cantar mientras rezamos o rezar mientras cantamos? \u00bfMe permit\u00eds so\u00f1ar despierto con la Lealtad, jugar a dejar el mundo un poco mejor de c\u00f3mo lo encontr\u00e9 y ensayar para ser animoso cuando surjan las dificultades?<br><br>Codo con codo, nariz con nariz\u2026<br><br>\u00a1Tengo tantas preguntas que hacerte, tantas ganas de gritar en el comedor, de crecer y hacerme mayor como t\u00fa! Quiero tener la suerte de hacer los amigos que en el raid encontraste, de una noche tragar saliva y, atreverme a hablar en la velada. Se que soy peque\u00f1o y ruidoso, que mis gritos y ganas a veces se hacen insoportables. Pero no, t\u00fa me fulminas con la mirada para, acto seguido gritar juntos en la arriada.<br><br>Pega un brinco y acabas as\u00ed!<br><br>Gracias por un a\u00f1o m\u00e1s, gracias por esta Ronda Solar, por tus s\u00e1bados y fines de semana, por decir s\u00ed a otros y negarte a ti mismo. Gracias por ser generoso y no buscar recompensas, por sonre\u00edr y llamarme por mi nombre. Gracias por mostrarme a Dios en tus obras y no el humo de las palabras.<br><br>\u00bfMe dej\u00e1is que este a\u00f1o beba del bid\u00f3n, me moje al cruzar el r\u00edo y rebusque por la cocina las tabletas de chocolate que Mavi \u201cesconde\u201d?<br><br>\u00a1Intentar\u00e9 ser un poco m\u00e1s feliz cada d\u00eda!<br><br>Gracias Jefe<br><br>Carlos Garc\u00eda\u00b2<\/p>\n\n\n\n<hr class=\"wp-block-separator\"\/>\n\n\n\n<p><strong>D\u00cdA 15<\/strong><\/p>\n\n\n\n<p><strong>\u00a1No sigas mi manual!<br>(Elogio al anti ejemplo )<\/strong><br><br>Hacer como que cantas en la izada.<br>Pasarse el desayuno en el saco.<br>Cambiar la cantimplora por tabaco.<br>Hacer como que vas a la arriada.<br><br>Un poto con el brick de \u00abSupervaca\u00bb.<br>Birlarle los gayumbos al vecino.<br>Decirle turur\u00f9 al Avelino.<br>No ir donde se debe ir a hacer caca.<br><br>\u00a1No sigas mi manual so majareta!<br>Si no quieres sufrir el mismo da\u00f1o<br>que me hicieron a mi todos los a\u00f1os<br>quit\u00e1ndome la p&#8230; pa\u00f1oleta<br><br>Robar el chocolate en la cocina.<br>Manchar el primer d\u00eda el uniforme.<br>Hacerle un agujero grande, enorme,<br>al t\u00edpi donde dan las medicinas.<br><br>Gritar en la siesta como un loco.<br>No ponerse la gorra en la cabeza.<br>Esconderse detr\u00e1s de la maleza<br>para en \u00abel canto\u00bb cantar tirando a poco<br><br>\u00a1No sigas mi manual, no seas bruto!<br>Todos recordar\u00e1n que no ten\u00edas<br>colgando de tu cuello ning\u00fan d\u00eda<br>del campa, el naranja atributo.<br><br>Patrulla de servicio, \u00bfqu\u00e9 es tal cosa?<br>\u00bfHacer un macutero? \u00a1Ni en pintura!<br>Y nunca parecer un caradura..<br>&#8230;largarse y \u00a1a otra cosa mariposa!<br><br>Meterse en una cueva sin permiso<br>Comerse la raci\u00f3n del quinto d\u00eda<br>Ponerle un mote feo a cada t\u00eda<br>Vivir en el completo para\u00edso<br><br>\u00a1No sigas mi manual, te dar\u00e1n caza!<br>Dir\u00e1n que no es normal tu felon\u00eda,<br>que eres peor que aquel que, ya hace d\u00edas,<br>estaba en este grupo&#8230;<strong>&nbsp;\u00bfY era Plaza?<\/strong><\/p>\n\n\n\n<p>&#8212;&#8212;&#8212;&#8212;&#8212;&#8212;&#8212;&#8212;&#8212;&#8212;&#8212;&#8212;&#8212;&#8212;&#8212;&#8212;&#8212;<\/p>\n\n\n\n<p>Para unos padres novatos como nosotros, el d\u00eda de hoy ha sido muy largo y extra\u00f1o, pero ahora estamos contentos por haberlo superado.<br><br>Es un conflicto interno, pensar por una parte que ellos estar\u00e1n bien y viviendo una experiencia \u00fanica al lado de personas especiales y generosas que nos sustituyen por un tiempo, y nosotros aqu\u00ed imaginando esa vivencia, sin escuchar sus preguntas una y otra vez.<br><br>Espero que el Ratoncito P\u00e9rez, sepa llegar al campamento&#8230; y hasta ah\u00ed puedo llegar.<br><br>Buenas noches \u00e1ngeles,&nbsp; todos, grandes y peque\u00f1os!!!<\/p>\n\n\n\n<p>Nuria P\u00e9rez Garc\u00eda<\/p>\n\n\n\n<hr class=\"wp-block-separator\"\/>\n\n\n\n<p><strong><br><br>D\u00cdA 16<\/strong><\/p>\n\n\n\n<p>Buenos d\u00edas ,<br>Hoy 16 de julio, felicitamos a las \u00abC\u00e1rmenes\u00bb desde el planeta tierra, esperemos que all\u00ed en el para\u00edso 284 lo celebr\u00e9is y que la virgen del Carmen os acompa\u00f1e.<br><br>Un abrazo a todos los h\u00e9roes.<br><br>Nuria P\u00e9rez Garc\u00eda<\/p>\n\n\n\n<p>&#8212;&#8212;&#8212;&#8212;&#8212;&#8212;&#8212;&#8212;&#8212;&#8212;&#8212;&#8212;&#8212;&#8212;&#8212;&#8212;&#8212;<\/p>\n\n\n\n<p>Buenos d\u00edas campamento,<br><br>Por fin todos all\u00ed\u2026 que no es poco. Aunque este a\u00f1o no bajamos a despediros (mis ni\u00f1os ya no lo son tanto), no pude evitar el darme una pasadita con la moto aunque solo fuese para comprobar que los autocares eran nuevecitos y lustrosos (como debe ser), que las caras de ilusi\u00f3n eran las de siempre, la lagrimita de \u00faltimo minuto\u2026, en fin, todo lo que hemos vivido unos cuantos a\u00f1os. Qu\u00e9 bueno es ver a muchos de esos chavales que recuerdo de castorcillos con 6 o 7 a\u00f1os implicados ahora como scouters dando continuidad a este grupo que un d\u00eda les acogi\u00f3 y del que nunca se desprender\u00e1n.&nbsp; Verderamente les envidio porque nadie les podr\u00e1 quitar eso.<br><br>Fant\u00e1sticas las fotos que hab\u00e9is colgado y muchas gracias al fot\u00f3grafo\/publicador de las mismas. Es un poco como estar all\u00ed y ver el buen trabajo de base realizado por el grupo de LOES, lo maravilloso del lugar y la puesta en marcha de ese hogar que es el campamento.<br><br>Como todos los a\u00f1os, nuestros buenos amigos de caba\u00f1a dando el callo desde el primer d\u00eda y ofreciendo seguro esa sensaci\u00f3n de tranquilidad a los padres que se estrenan este a\u00f1o (la veteran\u00eda es un grado\u2026:).<br><br>Un fuerte abrazo para todos y muy especial para nuestro ni\u00f1o del chaleco verde.<br><br>Nos vemos pronto.<br><br><br>Alicia y Enrique.<\/p>\n\n\n\n<p>&#8212;&#8212;&#8212;&#8212;&#8212;&#8212;&#8212;&#8212;&#8212;&#8212;&#8212;&#8212;&#8212;&#8212;&#8212;&#8212;&#8212;<\/p>\n\n\n\n<p><br>Gracias de parte de una madre que echa mucho de menos a su hija, a la que ve crecer en valores muy contenta a vuestro lado.<br><br>Gracias por haberla ayudado en tantos momentos.<br><br>Gracias por vuestra dedicaci\u00f3n a nuestros hijos<br><br>Gracias porque pon\u00e9is en ellos una semilla para cambiar un poco este mundo!<br><br>Pilar<\/p>\n\n\n\n<p>&#8212;&#8212;&#8212;&#8212;&#8212;&#8212;&#8212;&#8212;&#8212;&#8212;&#8212;&#8212;&#8212;&#8212;&#8212;&#8212;&#8212;<\/p>\n\n\n\n<p><br>Hemos ido repasando las fotos y -aunque somo viejos ya en este grupo- hemos de destacar que -a\u00f1o tras a\u00f1o- no dej\u00e1is de sorprender por la organizaci\u00f3n y eficacia demostradas, desde la salida puntual\u00edsima de Madrid hasta la instalaci\u00f3n del campa. Maravillados y agradecidos estamos.<br><br>Que el tiempo acompa\u00f1e vuestros desvelos. Un abrazo muy cordial y agradecido a jefes y caba\u00f1a por vuestro sacrificio y generosa dedicaci\u00f3n.<br><br>Paco y Bego\u00f1a<\/p>\n\n\n\n<p>&#8212;&#8212;&#8212;&#8212;&#8212;&#8212;&#8212;&#8212;&#8212;&#8212;&#8212;&#8212;&#8212;&#8212;&#8212;&#8212;&#8212;<\/p>\n\n\n\n<p><br><strong>SEGUNDO D\u00cdA SUPERADO<\/strong><br><br>Buenas noches, campamento.<br><br>Que&nbsp; valor tiene vuestra entrega. Gracias a los jefes gracias a caba\u00f1a, nuestro otro yo, seguro que a mis ni\u00f1os les han sabido a gloria esas lentejas que en casa protestan, despu\u00e9s de un d\u00eda tan intenso.<br><br>Sin duda sois fuertes y qu\u00e9 ejemplo, es admirable que todav\u00eda teng\u00e1is fuerza para escribir con tanto detalle, lo que por otra parte nos encanta, anima y tranquiliza, lo que os hace a\u00fan m\u00e1s grandes.<br><br>Seguid cuidando a nuestras fieras , por favor, sabemos que est\u00e1n en buenas manos, sabemos que no os olvidar\u00e1n, ni nosotros tampoco.<br><br>Buenas noches, ma\u00f1ana ser\u00e1 otro d\u00eda.<br><br>Nuria y Federico<br><\/p>\n\n\n\n<hr class=\"wp-block-separator\"\/>\n\n\n\n<p><strong>D\u00cdA 17<\/strong><\/p>\n\n\n\n<p>Muchisimas gracias por las fotos y por vuestra dedicacion a nuestros hijos.<br><br>Natalia G\u00f3mez<\/p>\n\n\n\n<p>&#8212;&#8212;&#8212;&#8212;&#8212;&#8212;&#8212;&#8212;&#8212;&#8212;&#8212;&#8212;&#8212;&#8212;&#8212;&#8212;&#8212;<\/p>\n\n\n\n<p><br>Buenos dias campamento!!<br><br>Que gusto veros tan sonrientes en las fotos y ver que el campa poco a poco va tomando forma, que ganas de que llegue ya ma\u00f1ana por la tarde para ir para all\u00e1!!<br><br>La verdad es que seguir el campa desde Madrid no es ni de lejos parecido a estar all\u00ed, pero gracias a Ignacio y a Pipo es como estar un poquito m\u00e1s cerca, much\u00edsimas gracias por el currazo de las fotos y las cr\u00f3nicas!! Todas las ma\u00f1anas seg\u00fan llego a la ofi lo primero que hago es dar una pasada a las fotos, cr\u00f3nica, twitter&#8230; y tengo a algunos compis enganchad\u00edsimos al campa virtual que est\u00e1n flipando con todo lo que montamos! El otro d\u00eda les di una masterclass digna de LOES cont\u00e1ndoles todo lo del cami\u00f3n, las estructuras, mangueras&#8230; y alucinaron!<br><br>Y hablando de LOES, si alguien conoce a un tal Rober (uno muy majete que es jefe de Castores y que el a\u00f1o pasado hac\u00eda zanjas sin parar) que le salude de mi parte, que se subi\u00f3 a una furgoneta hace una semana y no se nada de \u00e9l, bueno s\u00ed, le he visto en unas cuantas fotos y sale en todas muy formalito, como siempre ;P<br><br>Repartid besos y abrazos de mi parte por all\u00ed, nos vemos ma\u00f1ana!! \ud83d\ude42<br>Larga vida a las galletas redondas!!<br><br>Lu Gomez.<\/p>\n\n\n\n<p>&#8212;&#8212;&#8212;&#8212;&#8212;&#8212;&#8212;&#8212;&#8212;&#8212;&#8212;&#8212;&#8212;&#8212;&#8212;&#8212;&#8212;<\/p>\n\n\n\n<p><br>Buenos d\u00edas campamento, que envidia, como trabaja todo el mundo, mira que lo he vivido veces, pero me sigue pareciendo imposible que en tan poco tiempo cambie totalmente el campo para convertirse en la casa.<br><br>Muy modernos os veo con las cabinas wc. espero que funcionen perfectamente sin atascos ni nada por el estilo, ya nos contar\u00e9is.<br><br>Besos a todas\/os.<br><br>Mavi<br><br>&#8212;&#8212;&#8212;&#8212;&#8212;&#8212;&#8212;&#8212;&#8212;&#8212;&#8212;&#8212;&#8212;&#8212;&#8212;&#8212;&#8212;&#8212;&#8212;<\/p>\n\n\n\n<p><br>Saludos al campamento!!!<br><br>Las fotos est\u00e1n espectaculares, son muchas y muy divertidas, y a trav\u00e9s de ellas podemos apreciar cu\u00e1nto est\u00e1is disfrutando.<br><br>Gracias de nuevo a la Caba\u00f1a por vuestro&nbsp; gran trabajo y entrega, y&nbsp; tambi\u00e9n a todos los que colabor\u00e1is en el buen hacer de la vida en el Campa.<br><br>Solo desearos que aprovech\u00e9is cada momento, con la alegr\u00eda que ya es marca de la casa, y enviaros mis mejores deseos desde este caluroso Madrid.<br><br>Abrazos y besos.<br>Mercedes (madre del clanero Roberto)<\/p>\n\n\n\n<p><br>&#8212;&#8212;&#8212;&#8212;&#8212;&#8212;&#8212;&#8212;&#8212;&#8212;&#8212;&#8212;&#8212;&#8212;&#8212;&#8212;&#8212;&#8212;&#8212;<\/p>\n\n\n\n<p><br>Muchas gracias, un a\u00f1o mas, por todo lo que haceis y sobre todo por esos resumenes del d\u00eda que esperamos impacientes cada noche y que nos hacen vivir un poquito mas cerca el campamento.<br><br>Buena caza.<br><br>Eva<\/p>\n\n\n\n<p><br>&#8212;&#8212;&#8212;&#8212;&#8212;&#8212;&#8212;&#8212;&#8212;&#8212;&#8212;&#8212;&#8212;&#8212;&#8212;&#8212;&#8212;&#8212;&#8212;<\/p>\n\n\n\n<p><br>\u00a1Hola a todos!<br><br>Os escribimos desde el Hospital. \u00c1lvaro ha sido operado esta ma\u00f1ana y todo ha ido bien aunque ha sido una operaci\u00f3n m\u00e1s complicada, con artroscopia y cirug\u00eda abierta.<br><br>Ahora mismo est\u00e1 descansando. Est\u00e1 enfadado por que no puede moverse y le duele la pierna.<br>Lamentablemente creemos que no va a poder ir al campamento, ni siquiera los \u00faltimos d\u00edas.<br><br>Se os ve estupendamente y muy contentos.<br><br>Un beso muy fuerte para todos y especialmente para Jorge.<br><br>Ra\u00fal y Paloma.<\/p>\n\n\n\n<p>&#8212;&#8212;&#8212;&#8212;&#8212;&#8212;&#8212;&#8212;&#8212;&#8212;&#8212;&#8212;&#8212;&#8212;&#8212;&#8212;&#8212;&#8212;&#8212;<\/p>\n\n\n\n<p><br>Querido Campamento,<br><br>\u00bfqu\u00e9 tal est\u00e1s? D\u00eda a d\u00eda estoy viendo tus fotos y veo que est\u00e1s muy bien acompa\u00f1ado de todos los integrantes del 284. Yo te echo much\u00edsimo de menos y me siento extra\u00f1o estando tan lejos, pero la cosa empeora cuando s\u00e9, con absoluta certeza, que este a\u00f1o (de momento) no voy a poder ir all\u00ed a verte ni un s\u00f3lo d\u00eda; nada de colaboraci\u00f3n en el montaje de las estructuras, nada de animaci\u00f3n en un comedor abarrotado hasta los toldos, nada de hacer cola en los fregaderos para fregar el poto o lavarme los dientes, nada del sentimiento de pertenecer a la mejor unidad (para uno siempre su unidad es la mejor por aquello de que es su propia experiencia vivida, como una vez escribi\u00f3 el SE\u00d1OR Carlos Garc\u00eda Garc\u00eda) que nunca repetir\u00e1 ese mismo raid con esos mismos compa\u00f1eros, nada de estar agobiado porque a\u00fan no tenemos la letra de la canci\u00f3n a un d\u00eda y medio del festival, nada de l\u00e1grimas en una ceremonia al contemplar orgulloso de qu\u00e9 manera han madurado tus chavales, nada de nostalgia en el d\u00eda de pases porque esta unidad tal y como la conoc\u00edamos ya se ha convertido en una experiencia del pasado y nada de en la parroquia el d\u00eda 30 de julio cerrar la puerta de ese cami\u00f3n de \u00abGallego e Hijos\u00bb ya vac\u00edo que da lugar oficialmente al fin de la Ronda Solar porque todo el material de grupo est\u00e1 perfectamente en su sitio, descansando muy merecidamente.<br><br>S\u00e9 que es un mail un poco triste pero esto tiene un fin: Campamento, tienes que ayudar a todos los que est\u00e1n ah\u00ed contigo a una cosa ahora que todav\u00eda hay tiempo suficiente:<br>ay\u00fadales a reflexionar, y a darse cuenta de lo afortunados que son de estar ah\u00ed con los compa\u00f1eros scouters (\u00a1JEFES!), los caba\u00f1eros, los coordinadores (de Grupo, de comisiones&#8230; de todo!), los ni\u00f1os, los padres que vendr\u00e1n de visita en poco m\u00e1s de una semana&#8230; Este campamento ser\u00e1 irrepetible y cuanto antes se den cuenta de lo r\u00e1pido que se pasa, \u00a1mucho mejor! \u00a1M\u00e1s lo podr\u00e1n disfrutar y m\u00e1s de s\u00ed mismos podr\u00e1n dar!<br><br>Bueno Campa (ya no te llamo por el nombre completo, que he acabado cogi\u00e9ndote confianza), espero que sigas bien y te volver\u00e9 a escribir para saludar m\u00e1s personal y animada a la gente que est\u00e1 ah\u00ed contigo y yo tanto quiero.<br><br>Dales un abrazo a todos de mi parte,<br><br>Chema<br><br>&#8212;&#8212;&#8212;&#8212;&#8212;&#8212;&#8212;&#8212;&#8212;&#8212;&#8212;&#8212;&#8212;&#8212;&#8212;&#8212;&#8212;&#8212;&#8212;<br><br>Hola campamento!<br><br>Este a\u00f1o es muy especial por muchas razones la primera que por primera vez vais a mi tierra, todo un puntazo.. Adem\u00e1s va a ser el \u00fanico a\u00f1o en el que tengo un hijo en cada una de las unidades&#8230;bueno en caba\u00f1a no tengo a nadie pero a mi marido siempre le hab\u00eda gustado serlo y yo siempre lo echaba para atr\u00e1s porque pienso que uno se puede ofrecer voluntario si va a aportar mejoras y sino mejor dejarlo como esta&#8230;.y no me considero capaz de mejorar nada. No obstante cada a\u00f1o mejorais algo y yo alucino en colores.<br><br>GRACIAS por todo vuestro esfuerzo, por vuestra entrega, por vuestra alegr\u00eda. ..por esas fotos que me hacen llorar como una magdalena (estoy sensiblera) pero que me encantan y mil gracias por dar a mis hijos unos valores diferentes, esos de los que nunca caducan y que forman a los hombres y mujeres de verdad y no de papel.<br><br>Como es un a\u00f1o especial como he dicho antes no se si podre ir el d\u00eda de padres&#8230;.primero al que faltar\u00eda en 9 a\u00f1os. ..pero las circunstancias decidir\u00e1n. Este donde este ser\u00e1 un d\u00eda muy duro y especial porque alguien me faltar\u00e1. .<br><br>Yolanda Jim\u00e9nez<br><br>&#8212;&#8212;&#8212;&#8212;&#8212;&#8212;&#8212;&#8212;&#8212;&#8212;&#8212;&#8212;&#8212;&#8212;&#8212;&#8212;&#8212;&#8212;&#8212;<br><br><br>Buenos d\u00edas Campamento!!<\/p>\n\n\n\n<p><br>Desde Valdemoro aprovecho este mail para agradeceros a todos lo que hac\u00e9is por nuestros hijos. A esa caba\u00f1a que prepara esas ricas comidas a nuestros chicos, a los monitores y a todos en general. Pasadlo genial, cuidaros mucho y un beso enorme para todos, en especial a mis troperos Alejandro y Alvaro Yepes.<br><br>Buena caza!!!<br><br>May&nbsp; S\u00e1nchez<br><br><br>&#8212;&#8212;&#8212;&#8212;&#8212;&#8212;&#8212;&#8212;&#8212;&#8212;&#8212;&#8212;&#8212;&#8212;&#8212;&#8212;&#8212;&#8212;&#8212;<br><br><br><strong>Generaci\u00f3n \u00abNiNi\u00bb ?<\/strong><br><br>Pues andaba yo cabreadete con el amigo&#8230; la verdad.<br><br>Nada nuevo que no sepan (o crean que saben) otros sufridos padres de jovenzuelos, a los que achacamos:<br>Incomunicaci\u00f3n, vida disipada,\u00bbtumbing\u00bb, falta de compromiso, irresponsabilidad, inmadurez&#8230; y tropecientos adjetivos que probablemente a fuerza de repetirse pierden su sentido.<br><br>Y en estas est\u00e1bamos cuando cargado como una mula sali\u00f3 de casa rumbo al campamento.<br><br>Con unas horas para reflexionar y cotilleando por esa ventana abierta que son las fotos de la web, me doy cuenta de que probablemente no me entero, y que este tipo tiene algo&#8230;<br><br>Le veo disfrutar, comunic\u00e1ndose a la perfecci\u00f3n con \u00absus\u00bb chavales, concentrado al m\u00e1ximo, currando como el que m\u00e0s, comprometido hasta la m\u00e9dula, responsable de los que dependen de \u00e9l y maduro entre un mont\u00f3n de polluelos !<br><br>Gracias Scouts ! No por cambiarle sino por ayudarme a ver su cambio.<br><br>Un abrazo y feliz campamento Torrecilla 2014<br><br><br>Miguel<br><\/p>\n\n\n\n<hr class=\"wp-block-separator\"\/>\n\n\n\n<p><strong>D\u00cdA 18<\/strong><\/p>\n\n\n\n<p>Buenas noches campamento. (01:08)<br><br>Hoy 18 de julio es Santa Marina.&nbsp; Como me consta que all\u00ed en Torrecilla hay unas cuantas, por favor,&nbsp; felicitadlas de nuestra parte. Nuestra Marina lleva ya varios a\u00f1os con vosotros disfrutando de este d\u00eda.<br><br>Muchas gracias a todos por vuestro esfuerzo y la alegr\u00eda que transmit\u00eds.<br><br>Desde Madrid, a 31 grados a la una de la madrugada.<br><br>Suso y Eva<br><\/p>\n\n\n\n<p>&#8212;&#8212;&#8212;&#8212;&#8212;&#8212;&#8212;&#8212;&#8212;&#8212;&#8212;&#8212;&#8212;&#8212;&#8212;&#8212;&#8212;&#8212;&#8212;<\/p>\n\n\n\n<p><br><strong>Hola familia 284:<\/strong><br><br>Ya me quedan unas horas para poder veros a casi todos , ya que algunos ya se han ido correr aventuras fuera de campa (mi peque \u2026 entre ellos \u2026).<br><br>Seg\u00fan pasan las horas, me doy cuenta de lo afortunados que somos y que solo a veces nos damos cuenta.<br><br>El misterio del Grupo, y especialmente del Campa, es que&nbsp; pueden pasar meses sin estar juntos, pero en horas pasamos a continuar como si no hubiese pasado un a\u00f1o desde el \u00faltimo campa\u2026<br><br>Me recuerda a eso de \u201cCOMO DECIAMOS AYER . . . . \u201d&nbsp;<br><br>Frente al estr\u00e9s del trabajo y el calor de Madrid, tengo el \u201ccaramelo\u201d del campa, de encontrarme con mi gran familia, de sentirme arropada en la Caba\u00f1a,\u2026. En fin \u2026. De volver un a\u00f1o m\u00e1s a CASA.<br><br>Este a\u00f1o ha sido (y est\u00e1 siendo) especialmente dif\u00edcil para m\u00ed, tal vez por eso espero el d\u00eda de llegar all\u00ed con m\u00e1s ilusi\u00f3n, aunque est\u00e9 un poco m\u00e1s cansada, un poco m\u00e1s flojita y llorona \u2026, ir\u00e9 a dar todo lo que pueda por este GRAN GRUPO 284, al que solo en contadas ocasiones le puedo devolver un poquito de lo que \u00e9l me da.<br><br>Por adelantado os doy gracias por acogerme y os pido perd\u00f3n por mis errores.<br><br>Con suerte y con la ayuda de EL (y el coche de Alberto ..) en unas horas podr\u00e9 veros y achucharos\u2026. y dejar que me achuch\u00e9is\u2026. que esto me apetece m\u00e1s.<br><br>Un besito a todos y especialmente a CABA\u00d1A \u2026<br><br>Por cierto nos vamos a tener que llamar 482 (son m\u00e1s o menos los que estaremos este a\u00f1o por all\u00ed \u2026\u2026)<br><br>Abrazos Puri.<br><br>&#8212;&#8212;&#8212;&#8212;&#8212;&#8212;&#8212;&#8212;&#8212;&#8212;&#8212;&#8212;&#8212;&#8212;&#8212;&#8212;&#8212;&#8212;&#8212;<br><br><br><strong>La espera<\/strong><br><br>Ya es viernes, y la semana ha sido larga, \u00bfnos ech\u00e1is de menos? Nosotros mucho, pero seguro que vale la pena la espera, estoy deseando que llegue el s\u00e1bado para visitar vuestro poblado, comer vuestra comida, andar por vuestras monta\u00f1as, cantar vuestras canciones y sobre todo poder achucharos y jugar con vosotros.<br>Gracias al fot\u00f3grafo, porque por las fotos imaginamos vuestra vida.<br><br>Hoy es SAN FEDERICO, no s\u00e9 s\u00ed alg\u00fan ni\u00f1o se llamar\u00e1 as\u00ed, el pap\u00e1 de Claudia, lobato, y Bruno, castor, se llama as\u00ed, s\u00ed pod\u00e9is decirles que su pap\u00e1 se ha acordado mucho de ellos y que ha so\u00f1ado que le despertaban para felicitarle&#8230; les har\u00e1 mucha ilusi\u00f3n.<br><br>Nuria y Federico<br><br>&#8212;&#8212;&#8212;&#8212;&#8212;&#8212;&#8212;&#8212;&#8212;&#8212;&#8212;&#8212;&#8212;&#8212;&#8212;&#8212;&#8212;&#8212;&#8212;<\/p>\n\n\n\n<p><br>Este es el primer a\u00f1o que mis hijos forman parte de este grupo scouts y por tanto, su primer campamento.<\/p>\n\n\n\n<p>Cuando tuvimos que decidir mi marido y yo si iban a ir al campa, me echaba un poco para atras la idea de no verlos en tantos dias, bueno al final han ido, estamos muy contentos con la decisi\u00f3n, no quita que estos primeros d\u00edas han sido un poco tristones pero al verlos diariamente en las fotos me emociona verlos tan contentos y integrados en sus grupos.<\/p>\n\n\n\n<p>Quisiera agradecer a los jefes de mis hijos, Dewanee y Kiowa, todo el trabajo y dedicaci\u00f3n que los ofrec\u00e9is sois una gente estupenda los ni\u00f1os os tienen mucho cari\u00f1o.<br>Y por \u00faltimo, a Caba\u00f1a deciros que el trabajo diario que sac\u00e1is adelante es digno de elogiar, alucinamos con esas cantidades de comida que preparais para nuestros hijos.<\/p>\n\n\n\n<p>En una semanita iremos todos los pap\u00e1s y veremos todo el campamento que habeis construido con tanta alegr\u00eda y esfuerzo.<br><br>Un abrazo muy fuerte a todos y seguir asi pas\u00e1ndolo tan bien.<br><br>Natalia y Manuel.<br><\/p>\n\n\n\n<hr class=\"wp-block-separator\"\/>\n\n\n\n<p><strong><br><br>D\u00cdA 19<\/strong><\/p>\n\n\n\n<p>Que pasada la que teneis montada, y mas si consideramos que se ha hecho con casi. 40 grados s la sombra \ud83d\ude42<br><br>Seguro que todos lo estais pasando fenomenal, y que alguno que yo se lo esta disfrutando muchisimo, como lleva esperando todo este invierno&#8230;<br><br>Os seguimos por las fotos y por FB!<br><br>Gracias por todo<br><br>David y Lola<br><br><\/p>\n\n\n\n<hr class=\"wp-block-separator\"\/>\n\n\n\n<p><strong>D\u00cdA 20<\/strong><\/p>\n\n\n\n<p>Buenos d\u00edas campamento.<br><br>Os llegar\u00e1 una carta enviada de forma urgente sin destinatario. La forma de env\u00edo solo es para que llegase antes que nosotros al d\u00eda de padres. Va dirigida a Marina Torrijos Povedano perteneciente a la unidad de&nbsp; chacales. En el remite pone mi nombre Eva Povedano. Supongo que cuando llegue la carta ella estar\u00e1 en el raid.&nbsp; Un peque\u00f1o despiste, je, je,&nbsp; el no poner el nombre de la ni\u00f1a, como para buscar a quien va dirigida entre 400 y&nbsp; pico ni\u00f1os&#8230;.<br><br>Muchas gracias por todo y espero que ya est\u00e9is mas fresquitos por all\u00ed.<br><br>Eva Povedano<\/p>\n\n\n\n<p><br>&#8212;&#8212;&#8212;&#8212;&#8212;&#8212;&#8212;&#8212;&#8212;&#8212;&#8212;&#8212;&#8212;&#8212;&#8212;&#8212;&#8212;&#8212;&#8212;<br><br><strong>Buenas noches campamento<\/strong><br><br>Me imagino a todos los ni\u00f1os sentados, casi en la oscuridad, esos del final con un poco de sue\u00f1o pero todos con las ganas de saber si esta carta es la de sus padres y poner una ligera sonrisa para que no se den cuenta de la verg\u00fcenza que estas pasando. Pues si no me equivoco hasta el final no os van a subir los colores as\u00ed que tranquilos.<br><br>Es mi tercer a\u00f1o como padre de tres ni\u00f1os del campamento y ya se lo que es un kral: es el momento donde le\u00e9is estos Correos que os mandamos y como me dijo Marieta el a\u00f1o pasado, os hace mucha ilusi\u00f3n recibirlos.<br><br>Es verdad que me hago mucho l\u00edo entre los distintos nombres de cada grupo y encima si cada a\u00f1o me los cambi\u00e1is al crecer los ni\u00f1os, ya os pod\u00e9is imaginar que nunca se a que clan pertenece cada uno. Perd\u00f3n, he dicho clan y ese es uno de los grupo del 284 asi que cambiar la palabra por unidades.<br><br>\u00bfCuantas unidades hay? Puf, ni idea. Pero los nombres si que se de donde vienen: son todos nombres de El Libro de la Selva. Yo conoc\u00eda&nbsp; 4 \u00f3 5 nombres de ese libro pero resulta que tambi\u00e9n deben aparecer kiowa,wauwek,lekes, chikay y un mont\u00f3n de nombres mas que ni se como se escriben.<br><br>Si a estos nombres a\u00f1adimos las seisenas, las manadas, las colonias (que por cierto, seguro que mas de una la ech\u00e1is de menos) y las patrullas, las mezclamos con los castores, escultas, las tropas,los lobatos, las comunas y los clanes y ponemos al frente al jefe ( una sonrisa Nacho) tenemos a estos 400 ni\u00f1os y no tan ni\u00f1os que form\u00e1is el 284.<br><br>Y que os voy a contar de los l\u00edos que nos hacemos con los rastros, las empresas, las comisiones&nbsp; y esas cosas que hac\u00e9is para llenar las casa de camisetas, pines, pa\u00f1oletas, calendarios&#8230;un verdadero jaleo para un padre que no ha sido boy scout. Perd\u00f3n que otra cosa que he aprendido es que se dice simplemente scout.<br><br>\u00bfY los s\u00e1bados?: esos d\u00edas de subir y bajar a la parroquia justo a la hora de la siesta o a cualquier otra \u00a1\u00a1\u00a1Que momentos!!! Uno tiene que estar a las 12 de la ma\u00f1ana porque tiene empresa, otro a las 4 porque tiene reuni\u00f3n, otro tiene que estar a las 8 de la ma\u00f1ana que tiene excursi\u00f3n &#8230;. \u00a1\u00a1\u00a1Y encima tiene que llevarse dos desayunos una comida y dos cenas!!! Y no olvides la autorizaci\u00f3n si no quieres buscar a alguien que te deje un papel y un boli. Eso cuando no falta la pa\u00f1oleta o los calentadores o ese pantalon corto azul que se le ha quedado peque\u00f1o pero que no hay tiempo de buscar otro o cuando la despiertas para ir de excursi\u00f3n y dice que le duele el estomago&#8230; Son momentos gloriosos.<br><br>Pero estamos contentos y merece la pena. Bueno no os aburro mas que quer\u00e9is ir a dormir.<br>Gracias sobre todo a los jefes por educar a nuestros ni\u00f1os y a toda esa unidad de caba\u00f1a ( Garc\u00eda Poggio, los Mart\u00edn, Guillermo, Sergio y Marieta, alimoche, Hermes &#8230;) por su trabajo en el campa y sus d\u00edas ayudando a que este grupo siga teniendo los mismos valores de hace 30 a\u00f1os.<br><br>Y ahora viene la hora de que dos ni\u00f1as sonr\u00edan de verg\u00fcenza. un beso para Rocio,Beatriz e I\u00f1igo que aunque este de raid ( otra palabra que he aprendido) seguro que alguien se lo cuenta.<br><br>Feliz campa<br><br>Manuel Corrales<br><br>&#8212;&#8212;&#8212;&#8212;&#8212;&#8212;&#8212;&#8212;&#8212;&#8212;&#8212;&#8212;&#8212;&#8212;&#8212;&#8212;&#8212;&#8212;&#8212;<br><br>Hola campamento, lamento no poder estar con ustedes y digo que estar as\u00ed me duele m\u00e1s que un raid. Estoy en casa con la pierna inmovilizada, pero mejorando d\u00eda a d\u00eda. He visto las fotos, y enhorabuena Chacales, la parcela ha quedado perfecta<\/p>\n\n\n\n<p>(PD: espero que Crist\u00f3bal lo haya hecho bien).<br>Abrazos a toda mi unidad y un beso para mi hermano Jorge. Espero que alguien le comente que estoy bien.<br>Buena caza y largas lunas.<br>\u00c1lvaro Fominaya Arroyo<\/p>\n\n\n\n<p>&#8212;&#8212;&#8212;&#8212;&#8212;&#8212;&#8212;&#8212;&#8212;&#8212;&#8212;&#8212;&#8212;&#8212;&#8212;&#8212;&#8212;&#8212;&#8212;<\/p>\n\n\n\n<p><strong><br>Duendes<\/strong><br><br>\u00bfQue no existen los duendes?<br><br>Que siiiiiii. Yo conozco uno. Vive en la Calle del Campa, n\u00ba 284, sin c\u00f3digo postal fijo porque cada a\u00f1o cambia.<br><br>Es grande, fuerte, comprometido y leal.&nbsp; \u00bfVerle?, no, no le he visto, pero est\u00e1. Os lo aseguro. Llegas a esa direcci\u00f3n y notas su presencia.<br><br>All\u00ed viven en una sola casa m\u00e1s de 400 personas. \u00bf\u00bfQue no?? \u00a1Palabra de honor!.<br><br>No solo viven, tambi\u00e9n se divierten, comparten, juegan y sienten. Lo digo con conocimiento de causa porque yo he estado all\u00ed.<br><br>En el n\u00ba 284 de la C\/ del Campa encuentras cosas incre\u00edbles. Sientes una atracci\u00f3n magn\u00e9tica (proporcionada por el duende\u2026) que es bestial. Una vez que entras es dificil\u00ed\u00ed\u00ed\u00edsimo salir porque esa fuerza que te sujeta es tan fuerte, que tus pies dicen: \u00a1no, no, yo me quedo! (ese duende\u2026.)<br><br>\u00bfQue no existe un comedor en una casa en el que quepan m\u00e1s de 400 personas??? Jajajaja, \u00a1s\u00ed que existe!. Est\u00e1 all\u00ed, en C\/ Campa, 284.<br><br>\u00bfQue no hay una casa con 12 ba\u00f1os y 9 duchas?, que siiiiiiii, all\u00ed \u2026\u2026donde os digo.<br><br>Y lo m\u00e1s raro no es eso\u2026. No, lo m\u00e1s curioso es que conviven generaciones diferentes, algunos de m\u00e1s de 40 a\u00f1os con muuuuchos de menos de 15.\u00bfIncre\u00edble?&#8230;. \u00a1pues EXISTE!.<br><br>A veces son menos porque organizan excursraides para ver las estrellas sin luces de ciudad, para sentir c\u00f3mo duermen los \u00e1rboles o simplemente ver c\u00f3mo caen rendidos los peque\u00f1os de los que cada uno es responsable.<br><br>Mientras, en \u201cla casa\u201d del n\u00ba 284 de la calle del Campa, los que se quedan preparan juegos, festivales o noches de fuego de bosque, cocinan y r\u00eden, devolviendo lo que alguna vez otros hicieron por ellos.<br><br>Yo tengo mucha suerte. Llegu\u00e9 tarde, como en tantas otras ocasiones en mi vida. Llegu\u00e9 tarde, mayor y cansada pero la energ\u00eda de ese duende que les ayuda, les empuja, les bendice y les aporta, se apoder\u00f3 de m\u00ed y nunca sabr\u00e1n el bien que me hizo ni el peso del saco de \u00abpor qu\u00e9s\u00bb que me hace ir a esa \u201ccasa\u201d, aunque sean 3 d\u00edas.<br><br>Los duendes existen. Y el mejor est\u00e1 all\u00ed, anotadlo: C\/ Campa, n\u00ba 284.<br><br>Si quer\u00e9is ser felices sin pedir nada a cambio y recibir m\u00e1s de lo que hubieras esperado, pasaros por all\u00ed, repito: C\/ Campa, n\u00ba 284.<br><br>\u00a1\u00a1Que nooooo, que no puedo poner el CP!!, que aunque parezca incre\u00edble, \u00a1esa casa cada a\u00f1o lo cambia!.<br><br>No lo busqu\u00e9is en Google porque no viene. No tiene coordenadas. No est\u00e1 en los mapas. Pero existe, y si no, pregunt\u00e1dselo al duende.<br><br>Mar\u00eda<br><\/p>\n\n\n\n<hr class=\"wp-block-separator\"\/>\n\n\n\n<p><strong>D\u00cdA 21<\/strong><\/p>\n\n\n\n<p>Buenos d\u00edas, campamento!!!.<br><br>Hoy es un d\u00eda especial para los Danieles por su onom\u00e1stica, y sobre todo para Daniel Franc\u00e9s Ramos (de la Manada Lobatos Segowlee) que cumple 10 a\u00f1azos!!!!.<br><br>Quer\u00eda pediros que, por favor, le di\u00e9rais un tironcillo de orejas y le felicit\u00e1rais de parte de toda la familia Ramos que estamos en Madrid y los que est\u00e1n en Estados Unidos, sigui\u00e9ndoos por el campamento virtual y con mucha envidia ;-).<br><br>Dani, \u00a1\u00a1\u00a1\u00a1 MUCHAS FELICIDADES!!!!, disfruta de este d\u00eda tan especial. En unos d\u00eda estaremos por alli para darte el tir\u00f3n de orejas en persona.<br><br>A todos los dem\u00e1s Dani&#8217;s que hoy celebran su santo, \u00a1\u00a1\u00a1\u00a1\u00a1muchas felicidades!!!!!.<br><br>Quer\u00eda aprovechar tambi\u00e9n para daros las gracias a todos (Scouters, Caba\u00f1a, Nacho y Roc\u00edo, y sobre todo a Ignacio por esas cr\u00f3nicas diarias tan espectaculares que escribe), \u00a1much\u00edsimas gracias a todos!.<br><br>Besitos.<br><br>Mariola Ramos<br><br>&#8212;&#8212;&#8212;&#8212;&#8212;&#8212;&#8212;&#8212;&#8212;&#8212;&#8212;&#8212;&#8212;&#8212;&#8212;&#8212;&#8212;&#8212;&#8212;<\/p>\n\n\n\n<p>Querido campamento<br><br>otro a\u00f1o m\u00e1s y ya son unos cuantos,tengo las mismas impresiones y las mismas ganas de la primera vez.&nbsp; Sigo nerviosa el 14 de julio, sigo enganchada a internet en cuanto tengo un rato, sigo viendo las fotos con detalle y pego un brinco cuando veo un cogote y 2 orejas de espaldas, que es lo que vi los dos primeros d\u00edas.&nbsp; \u00a1Es \u00e9l, miral\u00e9!&nbsp;&nbsp; Y mi marido&#8230;&#8230;. \u00bfpero est\u00e1s segura?. \u00a1pues claro que estoy segura!,&nbsp; Me encanta leer los correos todas las noches, no estoy en el kral , pero con algunos me r\u00edo un mont\u00f3n porque me identifico totalmente y con otros me emociono porque tambi\u00e9n he sentido muchas sensaciones parecidas.<\/p>\n\n\n\n<p><br>Ahora est\u00e1n de raid, no importa, estoy muy tranquila porque en el campa o fuera, siempre hay gente que le cuida, ya sean de 20 a\u00f1os o de 40-50 ,&nbsp; da igual, es gente que vale la pena. Los chavales, porque viendo muchas veces lo que hay por ah\u00ed, admiras que estos chicos dediquen gran parte de su tiempo, que es mucho tiempo el que dedican, a nuestros hijos, Y los de caba\u00f1a, porque ahora que va pasando el tiempo, que muchas veces ya te duele una rodilla, o duermes peor que antes, o ya te apetece un poco m\u00e1s de tranquilidad , siguen ah\u00ed, al pie del ca\u00f1\u00f3n, ya sea organizando , cocinando, haciendo fotos o empalmando tuber\u00edas&#8230;. Da igual lo que sea,&nbsp; pero lo que si s\u00e9 es que a los padres, nos dais una seguridad y una tranquilidad que no os podeis imaginar.<br><br>A\u00f1o dif\u00edcil hemos pasado, s\u00ed,&nbsp; ya no son los 6 de cuando empez\u00f3, son los 14 con todo lo que eso conlleva, \u00abgansolescencia a tope\u00bb.&nbsp; El no a todo porque s\u00ed, no voy, no quiero esto de comer, no me apetece ir a la sierra, no , no,&nbsp; no&#8230;.. La palabra clave. Pero ah\u00ed seguimos luchando, nosotros y vosotros, \u00bfverdad Irene?. Detallazo el que tuviste en Navidad &#8230;. Agradecid\u00edsimos estamos y estaremos.&nbsp; Porque s\u00ed, hay que decir muchas veces gracias, gracias de verdad a toda esta familia porque es grande pero es una familia.<br><br>Y as\u00ed, despu\u00e9s de unos cuantos a\u00f1os ya, deseando como siempre coger el coche el viernes y volver a vivir el finde m\u00e1s maravilloso de todo el a\u00f1o con vosotros, con la misma ilusi\u00f3n y las mismas ganas que tuvimos hace 13 a\u00f1os.<br><br>Mucha suerte a todo el grupo .<br><br>Carolina y Juan Carlos.<br><br>&#8212;&#8212;&#8212;&#8212;&#8212;&#8212;&#8212;&#8212;&#8212;&#8212;&#8212;&#8212;&#8212;&#8212;&#8212;&#8212;&#8212;&#8212;&#8212;<br><br><br>Email de Felicitaci\u00f3n a Daniel Frances Ramos de Segowlee<br><br><br>Querido sobrino,<br><br>Muchisimas felicidades\u00a1\u00a1\u00a1\u00a1 Que lo pases bien el d\u00eda de tu cumple.<br><br>Muchos besos Adrian, David, Eva y Dani<br><br><br>&#8212;&#8212;&#8212;&#8212;&#8212;&#8212;&#8212;&#8212;&#8212;&#8212;&#8212;&#8212;&#8212;&#8212;&#8212;&#8212;&#8212;&#8212;&#8212;<br><br><br><strong>Sois unos fenomenos \u00a1\u00a1\u00a1\u00a1!!!<\/strong><br><br>Es una pasada el campamento virtual ver que estan tod9s genial y guapisinos y que se lo estan pasando bomba (aunque ya lo sabiamos )<br>Tenemos muchas ganas de que llegue el sabado y ver tod9 en persona<br>Un abrazo a todis pero en especial a Caba\u00f1a y por supuesto a los Perez de Sevilla , mi hijo Luis (Sete) de Cherokee y mi sobrinabCandela de dewonee<br>Nos vemos el s\u00e1bado<br><br><br>Pedro P\u00e9rez<br><br><br>&#8212;&#8212;&#8212;&#8212;&#8212;&#8212;&#8212;&#8212;&#8212;&#8212;&#8212;&#8212;&#8212;&#8212;&#8212;&#8212;&#8212;&#8212;&#8212;<br><br><br><strong>Algo tendr\u00e1 este Grupo&#8230;<\/strong><br><br><br>Hace unas noches, en un kraal de esos sssuuuuppper intensos, Nacho del Estal nos ret\u00f3 a todos los asistentes a descubrir qu\u00e9 tendr\u00e1 este Grupo para ser de forma consistente en el tiempo el mayor Grupo Scout de Espa\u00f1a.<br><br>Pues bien, me dispongo a disparar sin orden ni concierto, los motivos por los que yo considero que este Grupo es as\u00ed:<\/p>\n\n\n\n<p>&#8211;&nbsp; Este Grupo 284 se abraz\u00f3 desde el inicio a una metodolog\u00eda scout y de forma consistente, contra viento y marea. Ha seguido manteniendo y defendiendo los mismos principios, virtudes, leyes, \u2026 con el que inici\u00f3 este camino.<br><br>&#8211;&nbsp; Este Grupo 284 arraig\u00f3 en una parroquia a la que ha sido, es y seguir\u00e1 siendo fiel<br><br>&#8211;&nbsp; Este Grupo 284 se ilumin\u00f3 con una confesionalidad manifiesta, clara y contundente que sigue blandiendo all\u00e1 por donde asoma un pico de su naranja pa\u00f1oleta<\/p>\n\n\n\n<p>&#8211;&nbsp; Este Grupo 284 se autofinancia permanentemente con las cuotas de sus asociados y con el coste de los campamentos en el que TODOS contribuyen<\/p>\n\n\n\n<p>&#8211;&nbsp; Este Grupo 284 se reinventa permanentemente con la comunidad de Scouters que provienen de sus bases sin tener la necesidad de recurrir a fuentes externas, pero mantiene sus puertas abiertas a incorporaciones de otras procedencias que quieran contribuir a hacerlo crecer respetando los principios fundacionales<br><br>&#8211;&nbsp; Este Grupo 284, como los caracoles, nos llevamos nuestra Casa a cuestas. S\u00f3lo necesitamos una parcela de un tama\u00f1o acorde, un r\u00edo y toma de agua, accesos para que el cami\u00f3n pueda dejar y recoger el material sin grandes complicaciones y poblaciones cercanas con suministros suficientes. El resto, lo ponemos nosotros. No paro de escuchar antiguos miembros que vienen de visita a Campamento y se encuentran con las mesas donde com\u00edan, el comedor donde gritaban, \u2026<br><br>&#8211;&nbsp; Este Grupo 284 venera y respeta la voz de la experiencia de tantos y tantos antiguos miembros que aportaron, aportan y aportar\u00e1n conocimiento y buenos consejos.<br><br>&#8211;&nbsp; Este Grupo 284 se caracteriza por tener un esp\u00edritu de superaci\u00f3n en el frontispicio que hace que convierta cada problema en un reto, cada dificultad en una oportunidad, cada obst\u00e1culo en un deseo y cada fracaso en una lecci\u00f3n de vida<br><br>&#8211;&nbsp; Este Grupo 284 revive en oto\u00f1o e inverna a finales de julio<br><br>&#8211;&nbsp; Este Grupo 284 son nombres y apellidos, caras y ojos de todos aquellos que, desde hace ya casi cuarenta a\u00f1os, est\u00e1n escribiendo su historia cada minuto, cada d\u00eda, cada ronda solar\u2026<br><br>&#8211;&nbsp; Este Grupo 284 tiene un Pater 7x24x365<br><br>&#8211;&nbsp; Este Grupo 284 tiene una pa\u00f1oleta, una promesa, de la que se siente orgullosamente naranja.<br><br>&#8211;&nbsp; Este Grupo 284 tiene unos Castores que comparten con nosotros sus ilusiones de hacerse mayores<br><br>&#8211;&nbsp; Este Grupo 284 tiene unos Lobatos que hacen siempre que lo mejor sea un reto permanente<br><br>&#8211;&nbsp; Este Grupo 284 tiene unos Scouts listos para afrontar los retos que tienen por delante<br><br>&#8211;&nbsp; Este Grupo 284 tiene unos Escultas que se comen el mundo en cada paso firme que dan hacia la siguiente cumbre<br><br>&#8211;&nbsp; Este Grupo 284 tiene un Clan cuyo compromiso de servicio al Grupo y a la sociedad no tiene precio<br><br>&#8211;&nbsp; Este Grupo 284 tiene una comunidad de Scouters que se sacrifica permanentemente para ir poniendo las losetas del camino que los que vienen detr\u00e1s tienen que seguir construyendo<br><br>&#8211;&nbsp; Este Grupo 284 tiene una Caba\u00f1a cuya obsesi\u00f3n es qu\u00e9 facilidades puede implantar para que los scouters s\u00f3lo tengan tiempo para co-educar a vuestros hijos.<br><br>&#8211;&nbsp; Este Grupo 284 tiene una Jefatura de Grupo garante con sus desvelos que toda la maquinaria est\u00e9 perfectamente engrasada y funcionando sin fallar ni un solo minuto y siendo un referente para los que formamos esta gran hermandad.<\/p>\n\n\n\n<p>&#8211;&nbsp;&nbsp; Este Grupo 284 me ha dado mis verdaderos y aut\u00e9nticos amigos. Qu\u00e9 r\u00e1pido se escribe y con qu\u00e9 pocas palabras tanto mensaje. Se\u00f1or@s, en este Grupo he descubierto el sentido de la amistad y el 90% de mis escasos amigos, surgieron de mi vida aqu\u00ed<br><br>&#8211;&nbsp; Este Grupo 284 me ha ense\u00f1ado a posicionar la familia como la instituci\u00f3n social por excelencia. Con todo lo que eso supone.<br><br>&#8211;&nbsp; Este Grupo 284 me ha transmitido el amor a mi entorno, a lo social, \u2026 A mi patria!<br><br>&#8211;&nbsp; Este Grupo 284 me ha dado mi familia: mi mujer y mis hijos.<br><br>&#8211;&nbsp; Este Grupo 284 me inculc\u00f3 que para llegar a la cima, hay que andar al ritmo del m\u00e1s lento, que el fuerte ayuda al d\u00e9bil, que el m\u00e1s peque\u00f1o de los castores ser\u00e1 el l\u00edder del ma\u00f1ana, \u2026<br><br>&#8211;&nbsp; Este Grupo 284 me marc\u00f3 al trasladarme la creencia que si haces la felicidad de los dem\u00e1s, haces la tuya.<br><br>&#8211;&nbsp; Este Grupo 284 me ense\u00f1\u00f3 que todo lo que est\u00e1 alto, cuesta.<br><br>&#8211;&nbsp; Este Grupo 284 me exige amar el trabajo bien hecho.<br><br>&#8211;&nbsp; Este Grupo 284 no me permite que deje nada a medias.<br><br>&#8211;&nbsp; Este Grupo 284 transmite cristalinamente la diferencia entre echar la bronca, dar feedback y correcci\u00f3n fraterna.<br><br>&#8211;&nbsp; Este Grupo 284 me ayuda a ser positivo, a ver el lado bueno de las cosas, \u2026 a sonre\u00edr ante peligros y dificultades.<br><br>&#8211;&nbsp; Este Grupo 284 me exige cada d\u00eda dejar este mundo un poco mejor de c\u00f3mo me lo encontr\u00e9.<br><\/p>\n\n\n\n<p>Se me quedan muchas cosas en el tintero, pero creo que por ahora, no est\u00e1 mal. Si os fij\u00e1is, no he puesto n\u00fameros. S\u00f3lo puntos. Cada uno que ponga el orden que considere, que quite lo que le sobre y que a\u00f1ada lo que considere.<br><br>Si me permit\u00eds, dejadme que os diga que, de todo lo que he enunciado, en mi caso, sin ning\u00fan g\u00e9nero de dudas, lo m\u00e1s importante que me ha dado este Grupo es mi familia. Con eso, lo resumo todo.<br><br>Un abrazo para vosotros y un beso para vosotras.<br><br><br>GS<br><br>&#8212;&#8212;&#8212;&#8212;&#8212;&#8212;&#8212;&#8212;&#8212;&#8212;&#8212;&#8212;&#8212;&#8212;&#8212;&#8212;&#8212;&#8212;&#8212;<\/p>\n\n\n\n<p><strong>Buenas noches nuestro primer campamento<\/strong><br><br>Desde casa quiero daros a todos las gracias por la acogida que le estais dando a nuestra hija Candela. Los signos de amistad&nbsp; y con tanta naturalidad&nbsp; con la que la recibis todas las reuniones me emocionan. Todas las compa\u00f1eras y las Jefas&nbsp; de Ethawa y Jefes de todo el campamento teneis unos valores de trato personal que me conmueven y me parece incre\u00edble como gestionais un grupo tan numeroso. Una vez mas y en este primer campamento os agradecemos de todo coraz\u00f3n vuestra compa\u00f1\u00eda a nuestra hija transmitiendole la amistad y acogida a&nbsp; los dem\u00e1s y a la naturaleza. Esperamos con impaciencia la visita del dia de padres.<br><br>Carmen y Nacho<br><br>&#8212;&#8212;&#8212;&#8212;&#8212;&#8212;&#8212;&#8212;&#8212;&#8212;&#8212;&#8212;&#8212;&#8212;&#8212;&#8212;&#8212;&#8212;&#8212;<\/p>\n\n\n\n<p><strong>Buena ruta 284<\/strong><br><br>Buenas noches, campamento.<br><br>Esta vez me ha tocado seguir vuestras andanzas desde Rumania a donde me ha traido esa bendita maxima nuestra de estar \u00absiempre listos para servir\u00bb. Esto y otros encargos que me han dado mis hermanos asuncionistas me impiden ir a visitaros.<br>De todos modos, veo que estais bien servidos: ademas del bueno de Paco, veo que teneis con vosotros a Benjamin.<br>Me alegra comprobar que mejorais cada vez mas las instalaciones.<br>Un millon de gracias a la Cabagna (disculpad que este teclado rumano va sin egne) y a todos los que haceis posibles este milagro del 284 en los tiempos que corren.<br>Y especialmente gracias al que se pasa pegado a la camara. Que genial!<br>Un abrazo scout fortisimo para ellos, asi como a mi hermano Jose Luis Sanchez que habra llegado hoy con JL Garcia.<br>Para todos, y en especial para mis sobrinos Pablo, Maria, Guillermo y Jaime, un fortisimo abrazo.<br>Os llevo en mi corazon y en la oracion ante Dios todos los dias.<br>Buena Ruta a todos!<br><br><br>Juan Antonio S\u00e1nchez a.a<br><br><\/p>\n\n\n\n<hr class=\"wp-block-separator\"\/>\n\n\n\n<p><strong>D\u00cdA 22<\/strong><\/p>\n\n\n\n<p>Much\u00edsimas gracias por haber abierto las puertas de vuestro grupo a mi hija Ines (castores Cherokee) y permitirle as\u00ed disfrutar de su primer campamento scout en Espa\u00f1a.<br><br>Cuanto m\u00e1s os voy conociendo a trav\u00e9s de las cr\u00f3nicas del campamento, las fotos, los mensajes de unos y otros m\u00e1s me vais gustando y m\u00e1s me confirmo en la idea de que ha sido una suerte el que mi hija haya podido ir con vosotros!<br><br>Es impresionante vuestra capacidad de organizaci\u00f3n gestionando un campamento de tantos ni\u00f1os y se nota que el esp\u00edritu scout de servicio a los dem\u00e1s, entrega, alegr\u00eda, compa\u00f1erismo y amor a la naturaleza est\u00e1 muy presente entre vosotros y va guiando todas vuestras acciones de campamento.<br><br>Gracias tambi\u00e9n por permitirme revivir a trav\u00e9s de cuestas cr\u00f3nicas diarias los campamentos de mis a\u00f1os como scout. Una \u00e9poca de la que guardo recuerdos buen\u00edsimos, y que estoy convencida de que ha sido fundamental en la formaci\u00f3n de mi personalidad.<br>Me despido deseando que llegue el pr\u00f3ximo s\u00e1bado para disfrutar del d\u00eda de padres con todos vosotros.<br><br>Buena caza,<br>Macarena Caballero<\/p>\n\n\n\n<hr class=\"wp-block-separator\"\/>\n\n\n\n<p><br><br><strong>D\u00cdA 23<\/strong><br><br><br><strong>Siempre quiso ser Le\u00f1ador en Canad\u00e1<\/strong><br><br>En el aeropuerto, antes del control policial, lo \u00faltimo que me dijo mi padre para despedirse fue: \u201csiempre quise ser Le\u00f1ador en Canad\u00e1\u201d. Cualquiera que me conozca, aunque sea de una tarde, sabr\u00e1 que hace falta bastante menos que eso para arrancarme una l\u00e1grima, o incluso dos. Me dio un beso y tir\u00e9 hacia delante con su frase en la cabeza como si fuera el t\u00edtulo perfecto para una historia que est\u00e1 por contar.<br><br>Intentar\u00e9 no aburrir al personal con l\u00edneas y palabras predecibles. No pretendo hablaros de mi pa\u00f1oleta y de c\u00f3mo por supuesto cuelga de la pared apoyada en lo que creo que es una especie de termostato de mentira; este a\u00f1o no me mira particularmente enfadada, sabe que hay veces que hay que irse.<br><br>La \u00faltima vez que os escrib\u00ed lo hac\u00eda desde mi raid-experiencia del desierto en Estados Unidos, hoy en realidad lo hago desde mi D\u00eda de Jefes particular en Canad\u00e1 (no quiero entrar en la vieja pol\u00e9mica de si en realidad es necesario cada a\u00f1o el d\u00eda de jefes, unido a que los troperos nunca tienen suficiente entretenimiento, supongo que al tiempo). Lo que m\u00e1s me gusta de viajar es la perspectiva, la distancia te deja margen para echar de menos y valorar; no hay nada mejor como echar de menos de vez en cuando, darte cuenta de todo lo que te rodea y a lo que normalmente no le prestas suficiente atenci\u00f3n; de hecho, la mayor\u00eda de las veces no lo agradeces en absoluto. En Madrid damos las cosas por supuestas, m\u00e1s aun lo b\u00e1sico como la cama o el ba\u00f1o, en campamento sin embargo matar\u00edas por cosas que en Madrid te sobran y ese es el kit de la cuesti\u00f3n, aprender a dar las gracias cuando las recuperas.<br><br>Vosotros est\u00e1is echando de menos cosas que son b\u00e1sicas&#8230; yo tambi\u00e9n. No es la cama ni la ducha caliente (gracias a Dios estos canadienses est\u00e1n bastante avanzados) son cosas aun m\u00e1s b\u00e1sicas que vosotros ten\u00e9is y yo no. Echo de menos levantarme cansada al ritmo de la siempre bien entonada por nuestros le\u00f1adores: \u201cBuenos d\u00edas Se\u00f1or\u201d, echo de menos la comida de mi madre, echo mucho de menos el murmullo de risas cuando pasas al lado de una tienda llena de troperas y el silencio de media noche haciendo guardia. Echo de menos un buen abrazo, como s\u00f3lo se abraza cuando est\u00e1s de campamento.<br><br>Echo de menos el kraal&#8230; nunca jam\u00e1s en mi vida pens\u00e9 que dir\u00eda esto, pero echo de menos ir a la parcela a abrigarme, volver a las siempre inc\u00f3modas mesas de comedor y sentarme al lado de un buen amigo compartiendo manta. Echo de menos el humo de alguna pipa mientras escucho los recurrentes temas de los kraales. Los escultas siempre necesitan comer m\u00e1s pero siempre hay un lobato esculta (en todas las generaciones, eso es as\u00ed). Los bricks hay que doblarlos antes de apilarlos para ser \u00bfreciclados? Hay que tirar la basura antes de lavar las perolas, con cuidado para no atascar los fregaderos (y aun as\u00ed siempre habr\u00e1 restos de fideos). Echo de menos que se acabe la gasolina y quedarnos a oscuras, momento inequ\u00edvoco de irse a dormir. Pero tambi\u00e9n echo de menos o\u00edr a los que hablan por primera vez, aunque aquello que defiendan se haya dicho tantas veces, hay cosas que necesitan ser dichas siempre. Ahora con perspectiva, echo de menos las discusiones eternas que hablan de compromiso, incluso los momentos m\u00e1s tensos cuando nos hemos llegado a acusar los unos a los otros de la falta del mismo&#8230; con distancia se aprende que el nivel de compromiso que tenemos es impensable por la mayor\u00eda del mundo.<br><br>Echo de menos una buena tormenta, no es que aqu\u00ed no llueva, es que nadie canta. Echo de menos el desorden ordenado de cualquier tienda de jefes y como al final siempre encuentras algo limpio que ponerte, o mejor aun, robarle a tu compa\u00f1ero de jefatura algo. Echo de menos tener ganas de salir de campamento, perderse por ah\u00ed y olvidarse del horario. Pero sobre todo echo de menos volver de raid porque todo el mundo te recibe como si te hubieras ido un a\u00f1o al fin del mundo y porque tienes millones de an\u00e9cdotas que contar y muchas otras que se quedan dentro de tu unidad y s\u00f3lo confesar\u00e1s pasados los a\u00f1os. Echo de menos estar en Casa.<br><br>Como bien habr\u00e9is pensado, no he dicho nada sobre echar de menos el pelar patatas, tirar la basura ni fregar letrinas. Nunca he sido le\u00f1adora, me tocaba este a\u00f1o pero no ha podido ser. Por contra, he venido a Vancouver, puede que para ser un poco le\u00f1adora en Canad\u00e1 como quer\u00eda mi padre; igual con un poco de suerte, el fuego de campamento que prepar\u00e9 para mis compa\u00f1eros de acampada la pasada luna llena, convalida por un par de cr\u00e9ditos en Caba\u00f1a, pero eso ya ser\u00e1 el a\u00f1o que viene, porque puede que pasen muchas cosas de aqu\u00ed a un a\u00f1o, pero hay una que tengo clara: habr\u00e1 campamento de verano del 284.<br><strong><br>Roc\u00edo<\/strong><br><br><br>&#8212;&#8212;&#8212;&#8212;&#8212;&#8212;&#8212;&#8212;&#8212;&#8212;&#8212;&#8212;&#8212;&#8212;&#8212;&#8212;&#8212;&#8212;&#8212;<br><br><strong>\u00bfPor qu\u00e9?<\/strong><br><br>Muchos amigos me preguntan que por qu\u00e9 hemos metido a nuestra hija en los scouts, que por qu\u00e9 \u201chipotecamos\u201d nuestros fines de semana y parte de las vacaciones, que qu\u00e9 necesidad tiene una ni\u00f1a de dormir en el suelo y que le piquen los bichos, que qu\u00e9 sentido tiene que lo pueda pasar mal pateando durante d\u00edas cargada con un macuto\u2026.<br><br>Cuando nosotros decidimos que entrara en el Grupo no nos planteamos nada de todo eso, era una decisi\u00f3n f\u00e1cil. Nosotros s\u00f3lo ve\u00edamos que era la mejor forma de completar su educaci\u00f3n, de que se hiciera mayor compartiendo los buenos y malos momentos con otros, que aprendiera que lo importante de la vida se aprende de lo m\u00e1s b\u00e1sico, que los mejores amigos se encuentran echando una mano y dejando que te la echen, que las conclusiones a las que llegas despu\u00e9s de una velada quedan grabadas en ti para siempre, que un ataque de risa cuando est\u00e1s empapado y agotado une m\u00e1s que cualquier botell\u00f3n, que intentar cumplir la promesa que has hecho marca toda tu vida\u2026..<br><br>Tantas y tantas cosas que es dif\u00edcil de explicar a quien no lo ha vivido como nosotros, a quien no ha encontrado a amigos a los que ha estado a\u00f1os sin ver y al reencontrarse sientes que sigues tan unido a \u00e9l como hace a\u00f1os, a quien no escucha una guitarra y se le ponen los pelos de punta recordando un momento especial, a quien no ha experimentado que al final s\u00f3lo te acuerdas de los buenos momentos\u2026<br><br>Y parece que no est\u00e1bamos equivocados, porque despu\u00e9s de tres a\u00f1os en el Grupo algunas de todas esas cosas ya se van grabando en ella.<br><br>Un beso a todos<br><br>Susana Bouza<br><br>&#8212;&#8212;&#8212;&#8212;&#8212;&#8212;&#8212;&#8212;&#8212;&#8212;&#8212;&#8212;&#8212;&#8212;&#8212;&#8212;&#8212;&#8212;&#8212;<br><br>Buenos dias<br><br>Hola a todos:<br><br>Gracias por el dia tan agradable que nos habeis hecho pasar.<br>\u00a1 Feliz campamento y buen retorno!<br>Abrazos<br><br>Angel y Conchita<br><br>&#8212;&#8212;&#8212;&#8212;&#8212;&#8212;&#8212;&#8212;&#8212;&#8212;&#8212;&#8212;&#8212;&#8212;&#8212;&#8212;&#8212;&#8212;&#8212;<br><br>Muchas gracias al cronista, y al fot\u00f3grafo y a todos los integrantes de la Caba\u00f1a, y a los scouters. Nuestros hijos reciben todo vuestro trabajo y cari\u00f1o, y nosotros tranquilidad en la espera hasta el d\u00eda de padres, que este a\u00f1o tarda en llegar.<br>Nuestra \u00faltima actividad del d\u00eda es leer la cr\u00f3nica diaria y repasar las fotos a ver si aparece nuestro hijo en alguna (\u00a1\u00a1s\u00ed, es \u00e9l, lleva la gorra naranja,.. o la camiseta gris!! o \u00a1parece alegre! o \u00a1\u00a1lleva cuatro d\u00edas con la misma ropa!! &#8230;) para realizar a continuaci\u00f3n un pron\u00f3stico imposible e in\u00fatil de su estado de \u00e1nimo, de sus posibles sensaciones, de c\u00f3mo estar\u00e1, de lo mayor que se nos hace, de la suerte de contar con tantas personas que lo cuidan y lo quieren all\u00ed y aqu\u00ed, del privilegio de disfrutar del campo y de la vida,&#8230;Lo \u00faltimo de cada d\u00eda en otra quincena m\u00e1s del mes de julio antes de acostarnos, tranquilos y agradecidos. Muchas gracias al cronista, y al fot\u00f3grafo y a todos los integrantes de la Caba\u00f1a, y a los scouters.<br><br>Los padres de un lobato chikay.<br><br>&#8212;&#8212;&#8212;&#8212;&#8212;&#8212;&#8212;&#8212;&#8212;&#8212;&#8212;&#8212;&#8212;&#8212;&#8212;&#8212;&#8212;&#8212;&#8212;<br><br><br>Buenos d\u00edas,<br><br>Aunque ya me dirig\u00ed a vosotros para saludaros hace unos d\u00edas, hoy quiero daros de nuevo las gracias por un favor personal, que no s\u00e9 a quien&nbsp; agradecer exactamente de la Caba\u00f1a,&nbsp; pues aunque mi hijo me lo dijo ayer, no os conozco personalmente a todos.<br><br>La cuesti\u00f3n est\u00e1 en que el clanero Rober, despu\u00e9s de 10 a\u00f1os sin faltar a un campamento ( y pr\u00e1cticamente a ninguna&nbsp;&nbsp; acampada), ten\u00eda un compromiso este a\u00f1o con el&nbsp; pueblo de su padre, Pe\u00f1aranda (Burgos) para acudir a sus fiestas, que son m\u00e1s importantes este a\u00f1o por que coinciden con su mayor\u00eda de edad y todos los amigos\/amigas de esa edad lo celebran. Como \u00e9l no quer\u00eda faltar y tampoco faltar al campamento, decidi\u00f3 hacer las dos cosas, pero necesitaba ir a Logro\u00f1o para coger el bus&nbsp; a Burgos. Llegar hasta Logr\u00f3\u00f1o desde el raid era posible pero muy inc\u00f3modo ( hay combinaciones de autobuses complicadas ) y ni su padre ni yo pod\u00edamos llevarle&nbsp; en coche esta vez.<br><br>Pues bien, alguien de vosotros le hab\u00e9is acercado en coche hasta Logro\u00f1o, dejando el campamento y seguro que las ocupaciones o trabajos de esa ma\u00f1ana, para hacerle el viaje mucho m\u00e1s f\u00e1cil y m\u00e1s c\u00f3modo. Os aseguro que \u00e9l est\u00e1 muy, muy agradecido, me lo coment\u00f3 ayer, pero quer\u00eda deciros que yo tambi\u00e9n lo estoy,&nbsp; y mucho.<br><br>La pena es que ayer me dijo que no quer\u00eda dejar el Campamento, pues&nbsp; estaba disfrutando de lo lindo, pero claro, no se puede estar en dos sitios a la vez.<br><br>Disfrutad lo que queda, y seguid siendo como sois.<\/p>\n\n\n\n<p>Mercedes Fern\u00e1ndez<\/p>\n\n\n\n<p>&#8212;&#8212;&#8212;&#8212;&#8212;&#8212;&#8212;&#8212;&#8212;&#8212;&#8212;&#8212;&#8212;&#8212;&#8212;&#8212;&#8212;&#8212;&#8212;<br><br><br>Buenos d\u00edas,<br><br>Parece mentira que s\u00f3lo nos queden 3 d\u00edas para visitaros, s\u00f3lo de pensarlo se me acelera el coraz\u00f3n, imagino a mis ni\u00f1os corriendo hacia nosotros para abrazarnos y achucharnos, y se me caen las l\u00e1grimas mientras escribo estas palabras, si escribiera sobre papel estar\u00eda mojado en estos momentos, \u00a1qu\u00e9 ganas tengo!.<br>Leyendo las cr\u00f3nicas, viendo las fotos me transporto al campamento y hoy me he imaginado ese momento, conocer a los que nos han ayudado a vivir cada d\u00eda las experiencias de nuestros ni\u00f1os, a ellos tambi\u00e9n tengo ganas de abrazarlos, han conseguido que todos los d\u00edas tenga la emoci\u00f3n de adentrarme virtualmente en la vida del campamento, y jugar a buscar a nuestros hijos , observar sus caras, disfrutar con su alegr\u00eda, creo que hasta mi hijo Bruno ha crecido, le veo mayor, seguro que ha crecido sobre todo en valores.<br>En fin prepararos todos , jefes, caba\u00f1a, amigos en general, para recibir de todos los padres el abrazo M\u00c1S GRANDE DE TODOS LOS TIEMPOS!!!!!!!!!!!!! QUE EMOCI\u00d3N!!!!!!<br><br>Nuria P\u00e9rez<br><br><br>&#8212;&#8212;&#8212;&#8212;&#8212;&#8212;&#8212;&#8212;&#8212;&#8212;&#8212;&#8212;&#8212;&#8212;&#8212;&#8212;&#8212;&#8212;&#8212;<br><br><br>Gracias&#8230;por este estupendo Campamento!<br><br>Este es nuestro primer campamento, como padres y con los Scouts y estamos encantados.<\/p>\n\n\n\n<p>Cuando fueron naciendo nuestros tres hijos nos fuimos alejando de nuestros grupos de la parroquia, nos&nbsp; ambiamos de piso, de trabajo y nos concentramos en pa\u00f1ales, biberones, hipoteca, peque\u00f1os encuentros con amigos, trabajo y poco m\u00e1s. Todo iba muy r\u00e1pido, m\u00e1s de lo que imagin\u00e1bamos&#8230; Ya no eran beb\u00e9s, ni chiquitines, y una primera fase de familia estaba estructurada,&#8230; Pero la familia por la que apostamos en su d\u00eda, la educaci\u00f3n en valores y el compromiso d\u00eda a d\u00eda de buscar a Jes\u00fas y ense\u00f1\u00e1rselo a nuestros hijos desde la vida nos ped\u00eda m\u00e1s cosas, otras cosas, otras personas, otros espacios, otros ejemplos&#8230;<\/p>\n\n\n\n<p>Pero qu\u00e9 afortunados somos, siempre nos escucha, siempre nos quiere&#8230;<br>Y tachan, como por arte de magia conocimos al principio de curso este grupo de gente encantadora que esta llena de ganas de vivir y de hacerlo de una determinada manera&#8230; \u00a1 cu\u00e1nto estamos aprendiendo!<br>\u00a1Cu\u00e1ntas gracias tenemos que daros, grandes peque\u00f1os y medianos scouters 284! Vayan por delante nuestras \u201cmanos\u00bb con muchas ganas de ponerse al servicio de&#8230;<\/p>\n\n\n\n<p>Un beso lleno de \u201cenerg\u00eda\u00bb &#8230; De esa energ\u00eda inagotable que mueve las monta\u00f1as de la Sierra de Cameros y es capaz de remolcar un coche que se cae a la cuneta en d\u00e9cimas de segundo!!<br>Estamos deseando compartir el d\u00eda de padres con todos<br><br>Eduardo y Rosa<\/p>\n\n\n\n<p>&#8212;&#8212;&#8212;&#8212;&#8212;&#8212;&#8212;&#8212;&#8212;&#8212;&#8212;&#8212;&#8212;&#8212;&#8212;&#8212;&#8212;&#8212;&#8212;<br><br><strong><br>Alucinado me hallo viendo esa organizaci\u00f3n.<\/strong><\/p>\n\n\n\n<p>Hola<\/p>\n\n\n\n<p>Tengo un amigo con vosotros, se llama Jon, chico vivaz y acelerado, un GENIO por sus inventos. Su madre (Marisa) me dijo que iba a un campamento con los Scouts y me imagin\u00e9 un campamento como a los que iba yo de peque\u00f1o: 1 ba\u00f1o para 100 ni\u00f1os y ducha una vez por semana (Con lo pulcro que es uno).<br><br>Tras ver vuestra web y vuestras fotos, retomo lo que os dec\u00eda al principio: ALUCINADO ME TENEIS. TREMENDA organizaci\u00f3n, pedazo letrinas (no como el agujero que ten\u00edamos nosotros en medio del bosque lleno de moscas y malos olores), menudo comedor (no como los bocadillos de ch\u00f3ped diario de aquellos a\u00f1os), tremendos lavabos (no como la manguera con un pelo de agua que ten\u00edamos para 100 ni\u00f1os), capilla (esto no ten\u00edamos nada parecido), un roc\u00f3dromo (eso es un lujo habiendo piedras por todos lados), un quad para bajar la basura (el a\u00f1o que viene os llev\u00e1is mi buggy para ir m\u00e1s chulos), un enfermer\u00eda (a nosotros nos dejaban debajo de un pino hasta que nos cur\u00e1bamos solos), excursiones a las piscinas del pueblo (en mi \u00e9poca ten\u00edamos un cubo con el que&nbsp; tirarnos agua unos a otros, el cubo dur\u00f3 un asalto, \u00e9ramos muy brutos) y podr\u00eda seguir pero no quiero parecer el abuelo cebolleta. Por supuesto quien organizaba estos campamentos no eran los SCOUTS 284.<br><br>En resumen y por no alargarme m\u00e1s un abrazo a todos y en especial a Jon que no dudo que se lo est\u00e1 pasando GENIAL.<br><br>Carlos Gimeno<br><br>&#8212;&#8212;&#8212;&#8212;&#8212;&#8212;&#8212;&#8212;&#8212;&#8212;&#8212;&#8212;&#8212;&#8212;&#8212;&#8212;&#8212;&#8212;&#8212;<\/p>\n\n\n\n<p><br><strong>Imposible reconocerlos&#8230;<\/strong><br><br><br>Como padre quiero compartir una preocupaci\u00f3n que me invade. Desde que mis hijos est\u00e1n en Campamento, no consigo localizarlos ni identificarlos. Hay personas f\u00edsicamente que podr\u00edan hacerse pasar por ellos, pero no consigo estar completamente seguro de que sean ellos y tengo la necesidad de estar seguro de que son ellos antes de meter la pata.<br><br>Dejadme que os aporte una serie de evidencias que he podido contemplar en su actitud en campamento que me confunden respecto a lo que hacen en un d\u00eda normal:<br><br><strong>\u00b7&nbsp;&nbsp; Por la ma\u00f1ana:<\/strong><br><br>o&nbsp;&nbsp; Se levantan en menos de 5 minutos<br><br>o&nbsp;&nbsp; protestan menos de 2 minutos,<br><br>o&nbsp;&nbsp; Lo primero que hacen es vestirse<br><br>o&nbsp;&nbsp; Hacen gimnasia<br><br>o&nbsp;&nbsp; Se lavan las manos despu\u00e9s de ir al ba\u00f1o (letrinas)<br><br>o&nbsp;&nbsp; Se ponen el uniforme de forma rauda y ordenadamente<br><br>o&nbsp;&nbsp; Aguantan la charla de la izada de forma paciente (y de pie!!)<br><br>o&nbsp;&nbsp; Se quitan el uniforme para ir a desayunar<br><br>o&nbsp;&nbsp; Desayunan como jabatos y hasta repiten!!<br><br>o&nbsp;&nbsp; Lavan su poto (vaso en rom\u00e1n paladino) y cubiertos de forma proactiva<br><br>o&nbsp;&nbsp; Los guardan en su sitio!!<br><br>o&nbsp;&nbsp; Puede que hasta se presenten voluntarios para ir a patrulla de servicio:<br><br>\u00a7&nbsp; Limpian TODAS las mesas del comedor<br><br>\u00a7&nbsp; Recogen lo que otros dejaron por en medio<br><br>\u00a7&nbsp; Ayudan en la log\u00edstica cortando pan, untando mantequilla, preparando los bricks<br><br>\u00a7&nbsp; Y encima de buen humor y gastando bromas!!!<br><br><strong><br>\u00b7&nbsp;&nbsp; Al mediod\u00eda:<\/strong><br><br>o&nbsp;&nbsp; Llegan al comedor a tiempo y todos juntos<br><br>o&nbsp;&nbsp; Entran cantando y gritando como posesos para animar al resto y con orgullo de pertenencia<br><br>o&nbsp;&nbsp; Se lo comen todo!! Pero todo, TODO!!<br><br>o&nbsp;&nbsp; Siguen cantando y gritando como si les fuera la vida en ello<br><br>o&nbsp;&nbsp; Ninguno de ellos est\u00e1 mirando la TV, metido en el m\u00f3vil o en la consola!!<br><br>o&nbsp;&nbsp; Hablan entre ellos con cari\u00f1o y apoy\u00e1ndose los unos a los otros<br><br>o&nbsp;&nbsp; Echan a suertes limpiar la mesa y los perolos y&#8230; al que le toca, le toc\u00f3. No protesta y encima lo hace bien!!!<br><br>o&nbsp;&nbsp; Cuando terminan, se van a jugar y no est\u00e1n alrededor de ning\u00fan aparato electr\u00f3nico!! Saben hacerlo!!!<br><br><br><strong>\u00b7&nbsp;&nbsp; Por la noche:<\/strong><br><br>o&nbsp;&nbsp; Se repite la misma din\u00e1mica de energ\u00eda y compromiso<br><br>o&nbsp;&nbsp; Se abrigan ellos solos<br><br>o&nbsp;&nbsp; Se organizan en grupos para hacer las guardias<br><br>o&nbsp;&nbsp; Cuando les toca la guardia (aunque sea a las 4 de la ma\u00f1ana), se levantan inmediatamente, dan las gracias por despertarles y van y la hacen!!!<br><br><br><strong>\u00b7&nbsp;&nbsp; Otras evidencias:<\/strong><br><br>o&nbsp;&nbsp; Lloran y se emocionan cuando un amigo pasa de rama (incluyendo los castores)<br><br>o&nbsp;&nbsp; Son capaces de dar feedback del a\u00f1o entero a sus compa\u00f1eros de forma constructiva<br><br>o&nbsp;&nbsp; Se aprenden la ley, los principios, las virtudes, la promesa, &#8230; sin tener que ponerles profesor particular<br><br>o&nbsp;&nbsp; Hacen un raid de una exigencia importante sin tener que prometerle paga alguna ni recompensa material a su regreso<br><br>o&nbsp;&nbsp; Van a misa&#8230; y cantan!!<br><br>o&nbsp;&nbsp; Encuentran las ropa sin tener que preguntarte ni una sola vez<br><br><br>Por favor, confirmadme que vosotros lo viv\u00eds igual para no considerarme un bicho raro y poder confirmar que son mis hijos esos seres que son capaces de hacer esas cosas tan paranormales en su d\u00eda a d\u00eda.<br><br>Si la respuesta es positiva, \u00bfme pod\u00e9is decir la f\u00f3rmula m\u00e1gica?<br><br>Ansioso espero vuestros comentarios.<br><br>Un saludo,<br><br>GS<br><br><br>&#8212;&#8212;&#8212;&#8212;&#8212;&#8212;&#8212;&#8212;&#8212;&#8212;&#8212;&#8212;&#8212;&#8212;&#8212;&#8212;&#8212;&#8212;&#8212;<br><br><br>Hola, que tal?<br><br>Que maravilloso campamento, ya con ganas de ir el pr\u00f3ximo s\u00e1bado para pasar un d\u00eda fenomenal con todos vosotros.<br><br>Aprovecho la ocasi\u00f3n para pediros por favor que en las fotos salgan todos los ni\u00f1os, porque siempre se centran en un grupo determinado de personas, y en nuestro caso, hemos visto a nuestro hijo solamente en 2 fotos de todas las que se han hecho.<br><br>Muchas gracias, espero que se tome en consideraci\u00f3n el tema de las fotos, porque da la impresi\u00f3n que siempre sale la misma gente.<br><br>Un abrazo para todos.<br><br><br>Marco C.<br><br><br>&#8212;&#8212;&#8212;&#8212;&#8212;&#8212;&#8212;&#8212;&#8212;&#8212;&#8212;&#8212;&#8212;&#8212;&#8212;&#8212;&#8212;&#8212;&#8212;<br><br><strong><br>Con todo mi cari\u00f1o<\/strong><br><br>Hola campa<br><br>Tengo que decir que cada a\u00f1o me resulta m\u00e1s duro decirle adi\u00f3s a mi hija y cada a\u00f1o lo hago con m\u00e1s orgullo.<br><br>Nacho, te reir\u00e1s pero me sigo emocionando en la misa de v\u00edspera, cuando cantamos&nbsp; a la Virgen del Camino; pasan los a\u00f1os y me sigo emocionando&#8230;.<br><br>Y este a\u00f1o tengo una esculta, que no quiere que la acompa\u00f1e ni a los autobuses. Y me entristece mucho, pero luego pienso: \u00abYa es mayor\u00bb, por fin!!! Y veo las fotos &#8230;. y no puedo por menos que opinar viendo las fotos y os cuento:<br><br>ME GUSTA:<br><br>-Ver las manos en las fuentes de carne picada con yemas , para hacer rusos o albondigas???? , que merito!!!!!&nbsp;&nbsp; Esto casi me da envidia.<br>-Hermes sin rodillera<br>-Una mini ardilla en&nbsp; una foto rodeada de mayores<br>-Un mont\u00f3n de amigos<br>-Los cazadores de sue\u00f1os<br>-M\u00e9ntrida con su medico-camiseta<br>-El surtido de empalmes de tuber\u00edas<br>-El peinado de cierta mini-pelirroja<br>-Los delantales naranjas y sus due\u00f1os<br>-Todos comiendo bajo techo el primer d\u00eda (sois la ca\u00f1a!!!!!)<br>-La sonrisa de Marieta (lo siento hay otras, pero es mi amiga)<br>-Almudena y Carlos controlando la cantina<br>-Las sudaderas de escultas (es una pasi\u00f3n )<br>-El baile de \u00abCLANERS\u00bb&#8230;. aunque las sudaderas de los escultas son mejores&#8230;&#8230;.<br>-La oferta de Almudena &#8230;.. Yo quiero probar!!!!&nbsp;&nbsp; \u00bfque es ?<br>-el&nbsp; saludo al sol&nbsp; (hac\u00e9is yoga o es casualidad????)<br>-Las ardillas en remojo<br>-El m\u00e9todo ancestral de enfriar el gazpacho<br>-El cubo amarillo entre tuber\u00edas que parece tan importante en el campamento como la penicilina<br>-Los Marios Brosh de los lavamanos<br>-Los jefes de escultas<br>-La tropa esculta<br>no me provoqu\u00e9is que sigo hasta que vuelvan del raid&#8230;&#8230;<br>-El de los ojos azules ( se que es un Barandalla) y todos sus compa\u00f1eros, pero me son m\u00e1s dif\u00edciles de identificar.<br>-Marta Antelo ( mi super ayudante)<br>-Las tragonas del babero y todos los dem\u00e1s de buen saque<br>-Las sombras de la cueva<br>-El cielo nocturno del campa<br>-El roc\u00f3dromo<br>-OLE por la caba\u00f1a<br><br>-Y ole, ole y ole por el fotografo y cronista de todo esto<br><br>Gracias por lo que hac\u00e9is por ellos y por nosotros.<br><br>Buena caza!!!!<br><br>Cuchi<br><br><br>&#8212;&#8212;&#8212;&#8212;&#8212;&#8212;&#8212;&#8212;&#8212;&#8212;&#8212;&#8212;&#8212;&#8212;&#8212;&#8212;&#8212;&#8212;&#8212;<\/p>\n\n\n\n<p><strong>Con todo mi cari\u00f1o (BIS)<\/strong><br><br>Lo siento se me olvidaba y lo tengo pensado en un papel a parte:<br><br>-la lista de alergias de comensales de Matilde (lo haces muy bien,&nbsp; que m\u00e9rito!!!!!)<br>-La alegr\u00eda de todos al montar el campamento, se ve a distancia.<br>-la capilla de la Virgen del Camino.<br>-La disposici\u00f3n de todos los que han ido a abrir camino al resto. Gracias<br>-&#8230;..<br><br>seguro que me dejo cosas, pero como todas son buenas&#8230; daros por aludidos!<br>Gracias a todos<br><br><\/p>\n\n\n\n<hr class=\"wp-block-separator\"\/>\n\n\n\n<p><strong>DIA 24<\/strong><\/p>\n\n\n\n<p><strong>Gracias<\/strong><br><br>Este a\u00f1o NO voy a mandar un correo dici\u00e9ndoselo, porque se enfadan. Mejor no se lo digo&#8230; Venga s\u00ed, d\u00edselo, que se lo merecen&#8230;. \u00a1NO! \u00a1No se lo digas! Ya te han dicho mil veces que te calles y no seas pesado&#8230;. Que s\u00ed, hombre, no cuesta nada decirlo y se lo han ganado&#8230; \u00a1He dicho que no y es que no! \u00a1este a\u00f1o no!&#8230;. Vamos, agarra ahora mismo el ordenador y ponte a escribir:&nbsp;<strong>Querida Caba\u00f1a<\/strong>&#8230;.. \u00a1Para! \u00a1D\u00e9jalo ya! Se van a molestar&#8230; \u00a1Ni caso, vamos, sigue, sigue! as\u00ed vas bien:&nbsp;<strong>como todos los a\u00f1os<\/strong>&#8230;. Eres un pesado, chaval, te han dicho mil veces que lo hacen encantados, que no hace falta esto&#8230;. \u00a1\u00c1nimo, que ya queda poco!:<strong>&nbsp;quer\u00eda deciros:<\/strong>&#8230;. \u00a1Te lo advierto por \u00faltima vez! \u00a1Borra esto y d\u00e9jales en paz!&#8230;. Ya casi est\u00e1, venga termina:&nbsp;<strong>muchas gracias por cuidar de nuestros ni\u00f1os y ayudarles a ser mejores<\/strong>&#8230;. \u00a1No te soporto, no sabes estar callado!&#8230;. \u00a1Muy bien! ahora desp\u00eddete:&nbsp;<strong>Sois grandes, muy grandes. Un fuerte abrazo para todos.<br><\/strong><br><br><strong>PEPO<\/strong><\/p>\n\n\n\n<p>&#8212;&#8212;&#8212;&#8212;&#8212;&#8212;&#8212;&#8212;&#8212;&#8212;&#8212;&#8212;&#8212;&#8212;&#8212;&#8212;&#8212;&#8212;&#8212;<br><br><br><strong>Buenos dias campa!!<\/strong><br><br>Ya estamos a Jueves y eso quiere decir que&#8230; ma\u00f1ana voy para all\u00e1!! Tengo unas ganas locas y se me est\u00e1 haciendo eterna la semana pero ya solo queda un d\u00eda \ud83d\ude42<br><br>Una vez m\u00e1s gracias a Ignacio y Pipo por hacer posible el campa virtual, que a los que estamos en Madrid nos da la vida ver las fotos, cr\u00f3nicas y correos; es como estar un poquito m\u00e1s cerca de campa!<br><br>Pues eso, que ma\u00f1ana para cenar me ten\u00e9is all\u00ed, con un mont\u00f3n de ganas de cantar en comedor, de jugar con mis chavales y sobre todo&#8230; de quedarme hasta el final de campa!! Pienso disfrutar estos 5 d\u00edas como si hubiera estado los 15 \ud83d\ude42<br><br>Ah!! Fans de Masterchef!! Tengo preparada una cr\u00f3nica de la final minuto a minuto que ser\u00e1 como si lo hubierais visto enterito, y hubo partes muy muy interesantes \ud83d\ude42<br><br>Abrazos y besos para todos, hasta ma\u00f1ana!! \ud83d\ude00<\/p>\n\n\n\n<p>Lu Gomez<br><br><br>&#8212;&#8212;&#8212;&#8212;&#8212;&#8212;&#8212;&#8212;&#8212;&#8212;&#8212;&#8212;&#8212;&#8212;&#8212;&#8212;&#8212;&#8212;&#8212;<\/p>\n\n\n\n<p><strong>Rioja. La Fuerza de un gran Nombre.<\/strong><br><br><br>Buenos d\u00edas Campamento.<br><br>Tambi\u00e9n esperando que llegue ma\u00f1ana para abandonar Madrid. La N-2 se va a poblar de cientos de coches con sus pa\u00f1oletas naranjas en el retrovisor.<br><br>Coincido 100% con todo lo que escribe la gente desde Madrid, con GS, Susana, Cuchi\u2026<br><br>La verdad es que me gusta venir a la ofi y echar un vistazo a ver c\u00f3mo est\u00e1 la cuadrilla y a ver qu\u00e9 me cuenta Ignacio y si me ha tocado \u201cEl Ni\u00f1o\u201d. En la foto.<br><br>Hay navidades en las que no te toca ni el de Navidad ni el del Ni\u00f1o. Y miras las fotos del campamento de verano y tampoco!! No has sido agraciado con la foto de \u201cEl Ni\u00f1o\u201d y te conformas con que te toque \u201cNi\u00f1odeotro\u201d.<br><br>Hoy a las 00:30 volver\u00e9 a entrar a ver si he sido agraciado al menos con el reintegro (la gorrita, la melena, un brazo, una bota\u2026) con eso nos conformamos. Y si me toca el gordo, ese pedazo de primer plano ya es la pera!!! Sigan jugando.<br><br>Aunque lo que interesa es lo que nos transmiten esas fotos de Ignacio que son estupendas.<br><br>Y a\u00fan estando con todo el mundo de acuerdo y apoyando 100% todo lo que escrib\u00eds, yo tambi\u00e9n quiero decir lo que me encanta del campa:<br><br>1.- Cristales tintados de los buses. Cientos de padres saludando al bulto. Alg\u00fan d\u00eda un chaval se coge el 32, se va a Tirso de Molina y los padres siguen saludando. Porque no s\u00e9 a qui\u00e9n saludamos, no se ve nada. Manolo, tu hijo va en el coche de delante. L<br><br>2.- M\u00e1s sangrante cuando regresen. Buscas en los coches 3-4-5 y lleg\u00f3 en el 2. Se ha ido a casa y ya ha puesto la TV. Como lo tiene reciente, no ha puesto Disney Chanel. Ha puesto CLANJ<br><br>Quiz\u00e1 con los cristales blancos de toda la vida, una gorra y unas gafas de sol hac\u00edais m\u00e1s \u201csegura\u201d la despedida y la llegada.<br><br>3.- Men\u00fa del d\u00eda de Padres. Eso es lo mejor del d\u00eda y mi m\u00e1s sincera enhorabuena a la cuadrilla de Almudena y Marieta. Riqu\u00edsimo el gazpacho y el pollo a la cerveza.<br><br>Pero, que digo yo, que estando en una Regi\u00f3n con nombre de Vino, donde el vino no es una bebida, es una cultura compartida, por ejemplo, pues un pollo a la plancha y el porr\u00f3n encima de las mesas. Por ejemplo. Y la cerveza os la tom\u00e1is en un ratito libre.<br><br>4.- Barandalla. Sin ti esto ser\u00eda un rollo en Madrid. Llegas de currar, ves el tour\u2026 y qu\u00e9 haces si no nos mandas fotos y la cr\u00f3nica? Mil gracias.<br><br>5.- La Jefa de Campamento y su marido. Sois 2 tios cojonudos. Lo siento. Me voy echando la cantimplora, o mordiendo el palo. O lo que se haga hoy en d\u00eda.<br><br>6.- El Jefe\/a de Material. OLE OLE y OLE!!!<br><br>7.- El Festival. Ojo que si estais 450 Scouts en el campa + 200 padres, eso ya son 650 pax. Aforo de Teatro Real. Necesitar\u00e9is acomodadores, teloneros, entreacto, bar (donde tomarse un refresco y un canap\u00e9).<br><br>8.- El meg\u00e1fono del P\u00e1ter de la Misa del d\u00eda de padres. Con la t\u00e9cnica tan avanzada que llev\u00e1is al Festival, hombre, ponerle un amplificador y un micro en lugar de que salga un propio a sujetar el meg\u00e1fono.<br><br>Y poco m\u00e1s. Que nos vemos all\u00ed con m\u00e1s ganas que nunca, porque volvemos a nuestra tierra. Espero y conf\u00edo que os sint\u00e1is agusto y la gente os haya recibido bien.<br><br>Ojito a la guardia de ma\u00f1ana.<br><br>Buena Caza y Largas Lunas.<br><br>Domingo B.<br><br>Pr\u00e1xedes Mateo Sagasta.<br>Nacido en Torrecilla el 21 de Julio de 1825<br>Rioja. La fuerza de un gran nombre.<br><br>&#8212;&#8212;&#8212;&#8212;&#8212;&#8212;&#8212;&#8212;&#8212;&#8212;&#8212;&#8212;&#8212;&#8212;&#8212;&#8212;&#8212;&#8212;&#8212;<br><br><br><strong>El mejor Campamento Scout de Espa\u00f1a<\/strong><br><br>Eran un domingo 29 de julio de 2012 cuando en un campamento scout en Cantabria a dos lobatos de segundo a\u00f1o les pregunto Akela si quer\u00edan asistir a misa, al parecer en la nota de los padres a la pregunta de si deseaban que sus hijos asistieran a alguna celebraci\u00f3n religiosa se hab\u00eda respondido con una frase que dec\u00eda:<br><br>\u00ab<em>-Ser\u00e1 decisi\u00f3n de ellos, son lobatos, preg\u00fantenles!-<\/em><br><br>El coordinador de grupo me encontr\u00f3 tomando un caf\u00e9 despu\u00e9s de haber servicio el desayuno a la \u00faltima de las unidades que hab\u00edan pasado por all\u00ed, me hizo una pregunta para la que yo ya hab\u00eda dado una respuesta por escrito. Pero el s\u00f3lo se la respondido:<br><br>\u00ab<em>&#8211; Pedro, tus hijos han dicho que quieren ir a misa, son los \u00fanicos.<\/em>.. -No quiso disimular la expresi\u00f3n de sorpresa contenida.\u00bb<br><br>Yo me sent\u00ed orgulloso, no lo voy a negar, y no tanto porque hubieran decidido escuchar la palabra de Cristo, sino sobre todo porque era la primera vez que eran ellos quienes tomaban libremente la decisi\u00f3n de hacerlo y lo estaban haciendo justo en contra de la opci\u00f3n m\u00e1s popular entre los j\u00f3venes en aquel grupo, que era ignorar nuestra espiritualidad como scouts.<br><br>A continuaci\u00f3n el coordinador me propuso llevarlos a un grupo que acampaba cerca y que seguro que celebraban una misa de campa\u00f1a, la idea me pareci\u00f3 excelente, la \u00faltima vez que hab\u00eda asistido a una celebraci\u00f3n eucar\u00edstica en el campo fue en un territorio des\u00e9rtico y hostil del que no necesito acordarme y de eso hac\u00eda demasiado tiempo. Yo no me quer\u00eda quedar en tierra as\u00ed que empec\u00e9 a recoger mis cosas r\u00e1pidamente.<br><br>&#8211;<em>&nbsp;\u00a1Os acompa\u00f1o!<\/em>&nbsp;&#8211; respond\u00ed abiertamente.\u00bb<br><br>Finalmente dos ni\u00f1os m\u00e1s (los m\u00e1s amigos) se quisieron unir a nosotros y todos nos fuimos a aquel campamento del que nos hab\u00edan hablado refiri\u00e9ndose a \u00e9l como el \u00abcampa de los butanitos\u00bb (!?)<br><br>Lo siguiente ya os lo pod\u00e9is imaginar, si existe \u00abel flechazo scout\u00bb eso fue lo que sentimos Alejandro, \u00c1lvaro y yo cuando llegamos all\u00ed y nos encontramos un campamento donde se respiraba el mejor ambiente de camarader\u00eda que he conocido y donde los detalles tan importantes para nosotros estaban cuidados al m\u00e1ximo. Y sobre todo, donde nadie tiene complejos por sus creencias o sus ideales. Yo supe desde aquel momento que aquel campamento y aquel grupo scout era lo que siempre hab\u00eda deseado para mis hijos.<br><br>Realmente no puedo presumir de experiencia scout, en mi vida he practicado el servicio y vivido seg\u00fan mis ideales pero la promesa scout la hice ya de adulto, no obstante las circunstancias y mi trayectoria reciente me han permitido conocer varios grupos y varias maneras de hacer escultismo, lo que me da al menos cierto perspectiva para opinar.<br>Ser\u00eda un poco empalagoso pormenorizar y deshacerme en elogios pero dir\u00e9 que, seg\u00fan mi observaci\u00f3n y criterio, si existiera un sello de excelencia en el escultismo en Espa\u00f1a ser\u00eda para el Grupo Scout 284 \u00abReina del Cielo\u00bb.<br><br>La forma en la que aqu\u00ed se practica, se ejerce y se transmite el liderazgo por parte de la coordinaci\u00f3n del grupo (jefes) y la manera de mantener el equilibrio entre la \u00abbuena organizaci\u00f3n\u00bb y \u00abel buen rollo\u00bb, permite sin esfuerzos la convivencia de una hermandad decidida a vivir el \u00abgran juego\u00bb una hermandad convencida que se reconoce as\u00ed misma en sus obras y en sus actos. Y los resultados solo se pueden calificar de excelencia.<br><br>A mi juicio, el escultismo no encierra grandes secretos, es solamente un camino de desarrollo personal, que permite a los j\u00f3venes generar habilidades y emociones que les convierte en mejores personas para la construcci\u00f3n de un mundo mejor y por supuesto, como le gusta decir a Nacho (y a mi tambi\u00e9n), para una Espa\u00f1a mejor. En definitiva una escuela de buenas personas, de honrados ciudadanos en un sentido amplio del termino.<br>Pero lo m\u00e1s importante del escultismo&#8230; son los scouts. Y creo que eso lo he aprendido observando al 284.<br><br>Enhorabuena a todos y cada uno de los ni\u00f1os y j\u00f3venes, a sus jefes y sus coordinadores del Grupo Scout 284 y con gran respeto y afecto gracias de coraz\u00f3n a esos veteranos del grupo, esa Caba\u00f1a de servicio, fiel a sus valores y a sus virtudes y ejerci\u00e9ndolos donde su Grupo, su comunidad y su hermandad les necesita.<br><br><em>NOTA: Todo este rollo de carta, de la que me disculpo por su extensi\u00f3n, est\u00e1 especialmente dedicada a dos miembros de la tropa de Pumas que est\u00e1n viviendo este verano su primer campamento como troperos y a los que me gustar\u00eda recordarles siempre como llegaron aqu\u00ed, como la decisi\u00f3n de \u00abvisitar a Jes\u00fas\u00bb que tomaron aquel domingo, acabo haciendo que dos chicos de Valdemoro como ellos, que no hab\u00edan o\u00eddo hablar en su vida de \u00ablos butanitos\u00bb, participen hoy de la historia del mejor Grupo Scout y en este momento est\u00e9n disfrutando del que seguro ya es este a\u00f1o, el mejor Campamento Scout de Espa\u00f1a.<\/em><br><br>J. Pedro Yepes<br><em><br>\u200b\u00bb\u200bSi no vives para servir no sirves para vivir\u200b\u00bb\u200b.\u200b B-P\u200b<\/em><br><br><\/p>\n\n\n\n<hr class=\"wp-block-separator\"\/>\n\n\n\n<p><strong>D\u00cdA 25<\/strong><\/p>\n\n\n\n<p>Felicidades para JAIME DE TOM\u00c1S SANCHEZ<br><br>Querido campa, muchas felicidades hoy en el d\u00eda de Santiago a todos los que llevan el nombre del apostol.<br>Y de manera especial al Lobato Jaime de Tom\u00e1s S\u00e1nchez.<br>Por las excelentes fotos del m\u00e1s que profesional que ten\u00e9is, nos damos cuenta<br>de lo estupendamente bien que lo est\u00e1is pasando todos.<br>Un fort\u00edsimo abrazo para Jaime de parte de sus abuelos, su hermano Miguel,Toti, y de su t\u00edo Juan Antonio,<br>que desde el extremo sur de Espa\u00f1a, el Teserillo, seguimos vuestras andanzas.<br><br>Buena caza!!!<br><br>Te queremosssssssssssssss<br><br><br>&#8212;&#8212;&#8212;&#8212;&#8212;&#8212;&#8212;&#8212;&#8212;&#8212;&#8212;&#8212;&#8212;&#8212;&#8212;&#8212;&#8212;&#8212;&#8212;<br><br><br>Buenos d\u00edas campamento!!!<br><br>A pocas horas ya de vernos\u2026 los nervios en el est\u00f3mago son bien pocos\u2026\u2026\u2026\u2026<br><br>Aprovechamos en este breve email por si pod\u00e9is hacer llegar la felicitaci\u00f3n a nuestro hijo Jaime de Tom\u00e1s (MANADA ETHAWA), hoy en su Santoral, y a todos los que hay en campamento junto con los Diegos, Santiagos, Jacobos, etc\u2026<br><br>Y aprovechamos tambi\u00e9n para daros las&nbsp;<strong>gracias por todo.<\/strong><br><br>Un abrazo enorme,<br><br>Rub\u00e9n y Mariv\u00ed<br><br><br>&#8212;&#8212;&#8212;&#8212;&#8212;&#8212;&#8212;&#8212;&#8212;&#8212;&#8212;&#8212;&#8212;&#8212;&#8212;&#8212;&#8212;&#8212;&#8212;<\/p>\n\n\n\n<p>Muchas felicidades a los Jaimes, Santiagos, Yagos y Jacobos<br><br>Buenas tardes, campamento!!!.<br><br>Hoy es un d\u00eda especial para los Jaimes, Jacobos, Santiagos y Yagos por su onom\u00e1stica, con lo que:<br><br>Muchas felicidades a todos ellos!!!<br><br>Y en especial a nuestro sobrino Jaime Franc\u00e9s Ramos (Castores Cherokee) y a Santi (jefe de Cherokee).<br><br>Disfrutad mucho de vuestros d\u00eda y ma\u00f1ana os felicitamos en persona (que ganas de veros a todos los que estais en el campa).<br><br>Muchas gracias a todos por el trabajo que llevais haciendo toda la ronda solar y por el que haces en el campamento, \u00a1much\u00edsimas gracias a todos!.<br><br>Besitos.<br><br>Andrea, Andr\u00e9s y Mariola<br><br><br>&#8212;&#8212;&#8212;&#8212;&#8212;&#8212;&#8212;&#8212;&#8212;&#8212;&#8212;&#8212;&#8212;&#8212;&#8212;&#8212;&#8212;&#8212;&#8212;<\/p>\n\n\n\n<p>Aunque doloroso, no estaremos con vosotros ma\u00f1ana. S\u00ed, nos acordaremos -y mucho- de nuestro Gabriel, de sus compa\u00f1eros scouters, de la caba\u00f1a, del magn\u00edfico men\u00fa, de la camarader\u00eda y cordialidad, los juegos, los concursos&#8230; Estamos lejos pero nos seguimos sintiendo en deuda con este grupo scout.<br><br>Pasadlo bien. Un beso muy fuerte a todos,<br>Paco y Bego\u00f1a<br><br><br>&#8212;&#8212;&#8212;&#8212;&#8212;&#8212;&#8212;&#8212;&#8212;&#8212;&#8212;&#8212;&#8212;&#8212;&#8212;&#8212;&#8212;&#8212;&#8212;<\/p>\n\n\n\n<p>Para Marina G\u00e1lvez Molinero (Segowlee)<br><br>Cumplea\u00f1os feliz, cumplea\u00f1os feliz, te deseamos todos cumplea\u00f1os feliz !!!!!<br>Hoy cumples 10 a\u00f1os ya, mi peque\u00f1a cada vez se hace m\u00e1s mayor y m\u00e1s grande. Espero que te lo est\u00e9s pasando genial con tus compis de Segowlee y de todas las manadas. Tambi\u00e9n espero que te est\u00e9s portando bien, que est\u00e9s obedeciendo a los mayores y que cuides de los m\u00e1s peque\u00f1os.<br>Que te quiero un mont\u00f3n enana y por cierto ! Cuando vuelvas har\u00e9 la tarta que m\u00e1s te guste.<br>TE QUIERO MI NI\u00d1A!!!!<br><br><br>&#8212;&#8212;&#8212;&#8212;&#8212;&#8212;&#8212;&#8212;&#8212;&#8212;&#8212;&#8212;&#8212;&#8212;&#8212;&#8212;&#8212;&#8212;&#8212;<\/p>\n\n\n\n<p>Hola familia,<br><br>Hoy es viernes, comienza el fin de semana. Supongo que lo tendr\u00e9is claro porque ma\u00f1ana es D\u00eda de Padres, y siempre cae en s\u00e1bado. Yo lo se bien, porque llevo toda la semana trabajando y llega por fin el fin de semana para descansar. Me gustar\u00eda que no me importara tanto qu\u00e9 dia fuera, \u00bfqu\u00e9 m\u00e1s da? Esa es una de las cosas que echo tanto de menos, que ah\u00ed no importa qu\u00e9 dia de la semana es. Lo que importa es que est\u00e1s ah\u00ed y punto. En campamento. Con los tuyos. Un d\u00eda m\u00e1s.<br><br>Lo cierto es que probablemente sea la primera \u201csegunda quincena de Julio\u201d desde que recuerdo que pienso tanto en qu\u00e9 d\u00eda es. Har\u00e1 unos 15 a\u00f1os (Segowlee, Halcones, Imohag, Clan, Comuna, Wawbek, Maasai&nbsp; y mis 3 dias el a\u00f1o pasado de \u201ccaba\u00f1ero\u201d) que estos d\u00edas no llevo mis botas grises y mis pantalones de uniforme. Ahora llevo zapatos, camisa, y una bata blanca. Pero lejos de estar nost\u00e1lgico estos d\u00edas, estoy muy contento.<br><br>Porque os veo desde aqu\u00ed por la p\u00e1gina, y os imagino all\u00ed, en comedor y en las izadas, o ensayando festi y jugando en medio de la campa, y sin duda, se que est\u00e1is donde mejor se est\u00e1. Porque se que a mi me toca crecer, y trabajar, en lo que quiero, que es una gran suerte. El hospital tambi\u00e9n es muy buen sitio para hacer escultismo, as\u00ed que tambi\u00e9n estoy viviendo mi campamento estos d\u00edas ah\u00ed, de otra manera, pero de forma muy gratificante.<br><br>No me quiero enrollar, s\u00f3lo deciros que disfrut\u00e9is al m\u00e1ximo cada momento all\u00ed, en casa. Alg\u00fan d\u00eda no podr\u00e9is ir y querr\u00e9is sentir estar all\u00ed con vuestros recuerdos de tantos a\u00f1os, y s\u00f3lo si lo hab\u00e9is vivido con intensidad, podr\u00e9is hacerlo. Intentad ser mejores cada d\u00eda, todos tenemos potencial y as\u00ed har\u00e9is mejores a todos los dem\u00e1s.&nbsp;<br><br>Un abrazo muy fuerte a todos. Me acuerdo dia tras d\u00eda de mucha gente en especial, pero no hace falta decir nombre por nombre. Os guardo mucho cari\u00f1o a cada uno de los que est\u00e1is ah\u00ed, ya lo sab\u00e9is.<br><br><br><br>Buena caza,<br><br>Fran Caro<br><br>&#8212;&#8212;&#8212;&#8212;&#8212;&#8212;&#8212;&#8212;&#8212;&#8212;&#8212;&#8212;&#8212;&#8212;&#8212;&#8212;&#8212;&#8212;&#8212;<br><br><br>Buenas noches a todos lo primero.<br><br>Quisiera ante todo dar las gracias, primero como madre de un esculta y de una labota, a todas esas personas que desinteresadamente entregan su tiempo al servicio de los dem\u00e1s.<br><br>En esas personas, como os habr\u00e9is imaginado, meto a los jefes de grupo, caba\u00f1a y jefes de unidades.<br><br>Tengo el gran orgullo de ser la primera alita apuntada al grupo, algunos no sabr\u00e9is que es eso, y otros recordamos con mucho cari\u00f1o, aquellos a\u00f1os en que chicas y chicos est\u00e1bamos separados.<br><br>Fui la primera, ya que mis padres despu\u00e9s de tener a cuatro hijos m\u00e1s&nbsp; apuntados en el grupo scout a\u00f1os anteriores y salir la unidad de alitas, no quisieron perder la oportunidad de dejar a la quinta en casa (en estos momentos puedo ver la sonrisa de Almudena Poggio en su cara). Mis padres me contaron que lo hac\u00edan por m\u00ed, yo ahora s\u00e9, que estaban deseando perderme de vista durante una temporada.<br><br>Pues aqu\u00ed estoy yo, treinta y tantos a\u00f1os despu\u00e9s, dando las gracias a las personas que sustituyen a Mavi, Pepe, Mar\u00eda luz y al gran doctor, y por supuesto al padre Jos\u00e9 Luis. Y a esos jefes que aunque siguen siendo unos ni\u00f1os, regalan su tiempo a los dem\u00e1s.<br><br>Mi hija (me imagino que ahora es cuando se enfadara conmigo) es ahora uno de esos jefes, y aunque lo esta viviendo mucho m\u00e1s tarde que yo, me emociono al saber que lo vive con la misma intensidad que cuando este gran grupo scout lo formaban no m\u00e1s de 75 personas.<br><br>Veo a los hijos de mis jefes, a los hijos de mis amigas desde alitas, a mis propios sobrinas\/sobrinas y estoy orgullosa de pertenecer a este grupo de personas que aunque vosotros no lo cre\u00e1is esos ideales que ense\u00f1\u00e1is perduran toda la vida, te ense\u00f1an a crecer c\u00f3mo persona y te rodean de gente maravillosa, que siempre te acompa\u00f1ar\u00e1n.<br><br>Buena caza.<br><br>Cuchi (la quinta Martin Torres)<br><br><\/p>\n\n\n\n<hr class=\"wp-block-separator\"\/>\n\n\n\n<p><strong>D\u00cdA 26<\/strong><\/p>\n\n\n\n<p>Hola a todos\/as me imagino que ya estar\u00e9is en plena faena de preparar todo para la llegada de los padres, juegos, comida, espacios, etc. Siento no poder estar all\u00ed y poder comer con todos y saludar a un monton de gente a la que he estado echando de menos estos d\u00edas. Que env\u00eddia me dais, pero que se le va a hacer.<br><br>Pasarlo genial y que podais acoplar a todos en turnos para comer que no se como lo vais a poder hacer.<br><br>Un besazo enorme a todos. Ah! se os ve guap\u00edsimos en las fotos y en un lugar precioso. Y \u00bfquien ha preparado el roc\u00f3dromo? que genial y se lo debieron pasar de miedo,\u00a1vaya experiencia para contar!<br><br>De nuevo un besazo Mavi<br><\/p>\n\n\n\n<hr class=\"wp-block-separator\"\/>\n\n\n\n<p><strong>D\u00cdA 27<\/strong><\/p>\n\n\n\n<p><strong>Enhorabuena COCINERAS<\/strong><br><br>Un a\u00f1o m\u00e1s las mamas del 284, tenemos la necesidad de ese maravilloso recetario de cocina donde el pure de verdura es el mejor del mundo (que si mama q me lo como e incluso repito que esta mejor que el tuyo) y esas salchichas q son una maravilla por no hablar del gazpacho (el tuyo mama tiene muchos \u00abgrumos\u00bb pero este esta delicioso). Asique mi enhorabuena a esas fantasticas cocineras y por favor compartir vuestros trucos<br><br>Un abrazo<br>Eva (Kiowa y Chacales)<br><br><br>&#8212;&#8212;&#8212;&#8212;&#8212;&#8212;&#8212;&#8212;&#8212;&#8212;&#8212;&#8212;&#8212;&#8212;&#8212;&#8212;&#8212;&#8212;&#8212;<br><br>Hola campa,<br><br>hace unos d\u00edas te dije que hicieras conscientes a los que est\u00e1n ahi de lo afortunados que son por estar en ese lugar donde no importa el d\u00eda de la semana que es, el correo electr\u00f3nico, el tel\u00e9fono m\u00f3vil&#8230; \u00a1pero tampoco te pases! Ya has hecho que me de mucha envidia, \u00a1que veo que se lo han tomado tooodos muy en serio!<br><br>Era broma.<br><br>Leo con avidez las cr\u00f3nicas de Barandalla (es un maestro), veo las fotos, los correos&#8230; pero me perd\u00ed el mejor festival (al menos de la ronda solar presente). Al menos puedo hacerme una idea de lo guay que estuvo gracias a las fotos de la web. \u00a1Me declaro fan absoluto de los disfraces de Kaa y de los buitres! Los elefantes al principio me ha costado pillarlos, pensaba que eran una especie de ratones raros con una cosa gris en la cabeza&#8230;<br><br>El fuego, si dios quiere, no me lo perder\u00e9. Aqu\u00ed estar\u00e9 pegado a la pantalla hasta el final del mismo, por mucho que tenga que madrugar al d\u00eda siguiente.<br><br>Campa, dale otro abrazo a todo el mundo, pero en especial a los scouters (un poquito m\u00e1s fuerte a mis novatillos del antiguo Clan&#8217;13, que seguro que lo est\u00e1is haciendo estupendamente con los chavales) y a los caba\u00f1eros; que sin todos ellos el 284 no ser\u00eda lo que es. \u00a1GRACIAS!<br><br>La cuenta atr\u00e1s para que volv\u00e1is a Madrid vuela, disfrutad de estos d\u00edas tan intensos y bonitos que os quedan (fuego, pases, recogida, despedida, viaje en bus\/furgo y descarga del cami\u00f3n).<br><br>Chema<\/p>\n\n\n\n<p><br>&#8212;&#8212;&#8212;&#8212;&#8212;&#8212;&#8212;&#8212;&#8212;&#8212;&#8212;&#8212;&#8212;&#8212;&#8212;&#8212;&#8212;&#8212;&#8212;<br><br><br>Despu\u00e9s de volver de un fin de semana tan intenso y lleno de emociones, s\u00f3lo tenemos palabras de agradecimiento para todos.<br><br>Para todos los que conocemos, para los que hemos conocido, para los que todavia no conocemos e iremos conociendo,que haceis que todo esto sea posible.<br><br>Estamos muy impresionados por todo el despliegue que montais.Sois incre\u00edbles!!<br>Somos los pap\u00e1s de Javier un castor Cherokee que ha ido por primera vez muy contento y al que hemos encontrado feliz y agradeci\u00e9ndonos el haberle apuntado al campa.<br><br>Estamos felices de haberos conocido y os damos las gracias por vuestra paciencia, vuestro esfuerzo, vuestra dedicaci\u00f3n y por hacer de este&nbsp; mundo un mundo mejor.<br><br>Estamos orgullosos de pertenecer a esta gran familia (Scouts 284).<br><br>\u00abAlgunos buscan un mundo mejor&#8230;otros lo crean\u00bb<br><br>MIL GRACIAS POR VUESTRA CREACI\u00d3N.<br>Elena y Juan<br>(Padres de Javier Mart\u00ednez)<br><br><br>&#8212;&#8212;&#8212;&#8212;&#8212;&#8212;&#8212;&#8212;&#8212;&#8212;&#8212;&#8212;&#8212;&#8212;&#8212;&#8212;&#8212;&#8212;&#8212;<br><br>&#8230;y ya de vuelta, queremos contaros que ha sido un dia agotador pero estupendo.&nbsp; Era el primer campamento \u00ablargo\u00bb de, Miguel Abella, un lobato reci\u00e9n incorporado (mas vale tarde que nunca), y teniamos nuestras dudas sobre los que nos \u00edbamos a encontrar, dada la enorme diferencia con su comod\u00edsima vida habitual.&nbsp; Y para nuestra enorme sorpresa, lo que nos encontramos, nos llen\u00f3 de orgullo:<br><br>Orgullo por verle tan integrado<br>Orgullo por ver como se portaba con los mas peque\u00f1os<br>Orgullo por ver su respeto en la izada y arriada<br>Orgullo por que muchos nos parasteis para conocernos y decirnos el hijo tan fantastico que tenemos (a ratos, eso no lo dijisteis, es cosecha propia)<br>Orgullo cuando supimos que hab\u00eda aguantado un Raid de cuatro d\u00edas<br>Orgullo cuando vimos que (al menos ese d\u00eda) lo ten\u00eda todo recogido y c\u00f3mo segu\u00eda las normas<br><br>Pero en realidad, y a medida que transcurr\u00eda el dia, nos dimos cuenta que adem\u00e1s de orgullo, lo que sent\u00edamos era una enorme admiraci\u00f3n y un profundo agradecimiento:<br><br>Agradecimiento por acogerle con los brazos abiertos y ense\u00f1arle a compartir<br>Agradecimiento por ense\u00f1arle que el m\u00e1s fuerte debe ayudar y proteger al m\u00e1s d\u00e9bil<br>Agradecimiento por ayudarnos a hacerle entender que debe respetar valores importantes que constantemente se pisotean<br>Agradecimiento por vuestro inter\u00e9s por buscarnos para contarnos cosas buenas (y s\u00f3lo las buenas)<br>Agradecimiento por ense\u00f1arle que hay vida incluso si no se est\u00e1 conectado a nada electr\u00f2nico, y que no pasa nada por andar m\u00e1s all\u00e1 de la puerta del garaje<br>Agradecimiento por demostrarle que las normas existen por una raz\u00f3n, y que deben obedecerse en bien de todos.<br><br>As\u00ed que admirados, orgullosos y agradecidos, (adem\u00e0s de agotados), nos volvimos a casa, encantados de que sus amigos del cole (Gonzalo, Arturo, Jose, Guille) hayan tirado de Miguel y le hayan incorporado al 284 como uno m\u00e1s.<br><br>Gracias a todos por hacernos pasar un d\u00eda estupendo y enhorabuena por la excelente organizaci\u00f3n..<br><br>David y Lola<br><br><br><\/p>\n\n\n\n<hr class=\"wp-block-separator\"\/>\n\n\n\n<p><br><br><strong>D\u00cdA 28<\/strong><br><br><br>\u00a1Buenas noches a todos!<br><br>En primer lugar quer\u00eda daros las gracias por el d\u00eda de padres de ayer. Fue fant\u00e1stico. Este a\u00f1o lo vi desde el otro lado, el de los que visitan. He tenido la oportunidad de hablar hoy con algunos que estuvieron sobre todo con unos primerizos. Se quedaron alucinados con la oportunidad que tienen sus hijos aqu\u00ed.<br>He podido tranquilizarles y contarles un poco m\u00e1s de qu\u00e9 va esto. Ya veis, os vendo bien fuera.<br><br>Y yo encantada de hacerlo. Estos dos a\u00f1os y pico que he formado parte de esa \u00abhuella\u00bb han sido incre\u00edbles. Me disteis una oportunidad educando a esos seres tan desordenados como cari\u00f1osos y a esos poco cari\u00f1osos pero ordenados (hablo de los Kiowa y los Pumas). A trav\u00e9s de ello, aprend\u00ed muchas cosas de ellos y de m\u00ed: lealtad, abnegaci\u00f3n y pureza.<br><br>Atenci\u00f3n scouters:<br>1-Pensad en los ni\u00f1os como si fu\u00e9rais vosotros. C\u00f3mo os gustar\u00edan que os tratasen ( a\u00fan cuando est\u00e1s exhausto a d\u00eda 12 o d\u00eda 17).&nbsp; Empatizad con ellos y dar ejemplo. SIEMPRE.<br>2-A veces no nos damos cuenta de que hay muchos ni\u00f1os que no se integran, fij\u00e1ndonos demasiado en los mejores. Vosotros pod\u00e9is cambiarlo. Ayudad al d\u00e9bil.<br><br>Ayer no me pude despedir de mucha gente que muchas veces me ayud\u00f3, con las que he compartido&nbsp; BUENOS momentos y otras con las que simplemente cruzaba una gran sonrisa en cocina.<br><br>\u00c1nimo que s\u00f3lo os queda un \u00faltimo esfuerzo. \u00a1Lo hac\u00e9is genial!<br><br>Un abrazo muy fuerte.<br><br>Marta S\u00e1nchez<br><br>&#8212;&#8212;&#8212;&#8212;&#8212;&#8212;&#8212;&#8212;&#8212;&#8212;&#8212;&#8212;&#8212;&#8212;&#8212;&#8212;&#8212;&#8212;&#8212;<br><strong><br>Impaciente<br><\/strong><br>Hola a todos:<br>Gracias por el d\u00eda de padres, yo me ofrec\u00ed para ayudar cuando apunt\u00e9 a mis ni\u00f1os a los scouts pero me dijisteis que no hac\u00eda falta, el d\u00eda de padres me hubiese quedado all\u00ed, me parec\u00eda la aldea de un cuento, eso si, con mucho trabajo, por eso me reafirmaba en mi ofrecimiento.<br>Hoy aqu\u00ed en la ciudad estoy esperando IMPACIENTE el fuego de campamento y deseando que pasen los d\u00edas para tener aqu\u00ed a mis cachorrillos, se les echa mucho de menos.<br><br>Nuria P\u00e9rez Garc\u00eda<br><br>&#8212;&#8212;&#8212;&#8212;&#8212;&#8212;&#8212;&#8212;&#8212;&#8212;&#8212;&#8212;&#8212;&#8212;&#8212;&#8212;&#8212;&#8212;&#8212;<br><strong><br>Campamento: Gracias!<\/strong><br><br>Hola, Campamento,<br><br>Mil gracias por el fant\u00e1stico D\u00eda de Padres que nos permitisteis disfrutar con vosotros y nuestros hijos. S\u00e9 que hab\u00e9is invertido mucha ilusi\u00f3n, energ\u00eda y esfuerzo para que el D\u00eda fuera espectacular y as\u00ed ha sido. \u00a1Enhorabuena!.<br><br>Y ahora\u2026 \u00bfc\u00f3mo expresar con palabras, sin quedarme corta, mi enorme gratitud hacia vosotros, que form\u00e1is parte de mi querida y admirada Caba\u00f1a, por el impresionante \u201cregalo\u201d que le hicisteis a mi padre?.<br><br>No se si sois del todo conscientes de la profunda emoci\u00f3n que le supuso darse cuenta del enorme cari\u00f1o que le trasladasteis todos y cada uno de vosotros, desde el momento en que pis\u00f3 el campamento el D\u00eda de Padres.<br><br>El precioso gesto que tuvisteis con \u00e9l en la \u201cizada\u201d, compartido con mi madre, como reconocimiento a su contribuci\u00f3n, su generosidad y su entrega a ese Grupo Scout que conoci\u00f3 hace m\u00e1s de 30 a\u00f1os, y al que se vincul\u00f3 para siempre desde entonces, se quedar\u00e1 grabado en su coraz\u00f3n.<br><br>Os puedo asegurar que, aunque la terrible enfermedad del olvido vaya avanzando progresivamente, no podr\u00e1 borrar nunca la huella que ha marcado el 284 en su vida y lo que le hab\u00e9is sido y sois para \u00e9l cada uno de vosotros, queridos Hermes, Susete, Nacho, Sergio, Marieta, Carlos, Almudena, Pipo, Guillermo, Mayte, Pablo, Paco \u2026 y tantos otros! (disculpad que no os nombre a todos, pero si no, no acabar\u00eda nunca\u2026J).Gracias por quererle.<br><br>Con todo mi cari\u00f1o,<br><br>Raquel,<br><br>PD: Un beso enorme a mis \u201ccastorcillos\u201d David y \u00c1lvaro (Kiowa). Much\u00edsimas gracias a los scouters del 284 y si me permit\u00eds, destacar a los extraordinarios Jefes de Castores (\u00a1sois geniales!)<br><br><br>&#8212;&#8212;&#8212;&#8212;&#8212;&#8212;&#8212;&#8212;&#8212;&#8212;&#8212;&#8212;&#8212;&#8212;&#8212;&#8212;&#8212;&#8212;&#8212;<br><br><br>Buenas noches majill@s,<br><br>Que gozada poder pasar el d\u00eda de padres con todos vosotros. Que buenos recuerdos vinieron a&nbsp; mi mente agolp\u00e1ndose con cada abrazo que me di con todos los que form\u00e1is la Caba\u00f1a y la jefatura de Grupo, con qu\u00e9 cari\u00f1o organiz\u00e1is estos encuentros, que entiendo perfectamente que no se vean de la misma manera desde dentro del campamento, como&nbsp; los que se viven desde este lado de la barrera.<br><br>Por experiencia los he vivido de chaval, entre en este grupo en&nbsp; Escultas&nbsp; y nunca vinieron mis padres a verme por estar siempre de raid, los he vivido de jefe de, de jefe de Clan y ahora como padre, y os puedo asegurar que con los a\u00f1os se valora cada d\u00eda m\u00e1s el esfuerzo y el cari\u00f1o con el que prepar\u00e1is las cosas.<br><br>Ole y ole por el sitio de campamento, me ha parecido perfecto:<br><br>\u00b7&nbsp;&nbsp;&nbsp;&nbsp;&nbsp;&nbsp;&nbsp;&nbsp; Un gran espacio con buen acceso, seguro que la comisi\u00f3n de material (como antiguo Scouter que estuvo en ella, me cuesta acostumbrarme a lo de LOES) agradeci\u00f3 el no tener que trasportar todo el cami\u00f3n 700 metros como en otros campamentos,<br><br>\u00b7&nbsp;&nbsp;&nbsp;&nbsp;&nbsp;&nbsp;&nbsp;&nbsp; Pegados al rio, lo que te permite tener agua de forma razonablemente f\u00e1cil y no como cuando Pipo se hacia las excursiones monta\u00f1a arriba buscando un manantial<br><br>\u00b7&nbsp;&nbsp;&nbsp;&nbsp;&nbsp;&nbsp;&nbsp;&nbsp; Con una organizaci\u00f3n impecable de la Caba\u00f1a (creo que este a\u00f1o han pasado cerca de 50 personas) dedicando sus vacaciones&nbsp; a ayudar a los dem\u00e1s<br><br>\u00b7&nbsp;&nbsp;&nbsp;&nbsp;&nbsp;&nbsp;&nbsp;&nbsp; Muy cerca de Madrid, si lo comparamos con un Pirineos<br><br>\u00b7&nbsp;&nbsp;&nbsp;&nbsp;&nbsp;&nbsp;&nbsp;&nbsp; Con un tiempazo, creo que os est\u00e1 saliendo redondo el campa<br><br>Como siempre el turno de las gracias\u2026\u2026\u2026 para todos los Scouters que hac\u00e9is posible que en pleno siglo XXI los ni\u00f1os sepan disfrutar del campo, compartiendo unas vivencias que posiblemente son muy dif\u00edciles de encontrar en otras organizaciones, creciendo cada a\u00f1o que pasan en el grupo en unos valores que pondr\u00e1n en pr\u00e1ctica el resto de sus vidas y que les marcaran el car\u00e1cter para siempre, a una abnegada Caba\u00f1a que se levanta antes que nadie para poner en marcha la intendencia de un campamento de m\u00e1s de 450 personas (un abrazo para esos \u201cle\u00f1adores\u201d, Ali y Mariajo, Carlos y Almudena, Sergio y Marieta, Hermes con el que el otro dia recordaba que tuvo que venir a&nbsp; casa de mis padres para convencerles de que me dejasen ir a campamento de Navidad en Rio Lobos en mi primer a\u00f1o de escultas, Guillermo y Silvia, Marcos y Monica, Pablo Jerez, Jorge Martin y un largo etc que no son capaz de escribir) a unos jefes de grupo que se sacrifican y llevan sobre sus espaldas la responsabilidad de tantas \u201cpersonitas\u201d jugando a este gran juego del escultismo, a un Consiliario que se preocupa de estar siempre cerca de los que necesitan tener un estrecho lazo con la Fe, por supuesto al m\u00e9dico, que nos da la tranquilidad que valoramos mucho como padres y que ve\u00edamos muy lejana de chavales y me dejo para el final a&nbsp; Ignacio Barandalla por sus estupendas cr\u00f3nicas, con las que podemos seguir de forma virtual el d\u00eda a d\u00eda de campa (tienes en mi padre un \u201cfollower\u201d mas) y a Pipo que nos haces sonre\u00edr todas las noches cuando jugamos a buscar a \u201cWally\u201d entre todas las fotos que nos subes a diario&nbsp; a la pagina web<br><br>Que gozada de d\u00eda, que organizaci\u00f3n tan efectiva, que maravilla ver como cada a\u00f1o somos m\u00e1s padres los que nos quedamos a compartir la comida de campamento, que bien atendidos por ese grupo de cociner@s y que gesti\u00f3n tan efectiva del tiempo. A m\u00e1s de uno de mi empresa lo mandaba yo a unos d\u00edas en campa en vez de a un curso de \u201cgesti\u00f3n del tiempo\u201d<br><br>Muchas gracias por el cari\u00f1o con el que tratasteis el otro d\u00eda a mi suegro que emocionado por la tarde me dec\u00eda, esto s\u00ed que es una gran familia a la que hay que alimentar, es capaz de darte el doble de&nbsp; lo que t\u00fa le des.<br><br>Volviendo al lio, me encanto poder compartir con&nbsp; vosotros este d\u00eda, volver a asistir a una izada y arriada en la que cantar es un obligaci\u00f3n, la uniformidad una manera de respeto y donde uno se siente orgullo de pertenecer a esta gran familia del 284<br><br>Mis hijos est\u00e1n encantados (y eso que Alvarito me generaba alguna duda por ser su primer campa d verano), est\u00e1 claro que el equipazo de jefes que tienen los Castores de Kiowa es para quitarse el sombrero, as\u00ed que un fuerte abrazo y todo mi cari\u00f1o por esa dedicaci\u00f3n desinteresada en esas personitas que os exigen el 110% de vuestras&nbsp; fuerzas<br><br>Por \u00faltimo decir que estoy encantado de verme con los viejos lobos que hoy acudimos como padres a este d\u00eda, donde parece que no ha pasado el tiempo cuando&nbsp; nos vemos en estos \u201csaraos\u201d, donde aprovechamos para recordar viejas an\u00e9cdotas, tanto con mi 5\u00aa (Plays, Jaime, Botas, Yepe, Juton, Arturo, etc) como todos aquellos con los que he coincidido en las diferentes unidades (Mingo, Tente, Jaque, Javier, Paloma, Marta G\u00aa etc)<br><br>Os deseo que teng\u00e1is un muy buen cierre de campamento con el Fuego y el d\u00eda de pases que emociona a los chavales y a&nbsp; los jefes, como culminaci\u00f3n de la responsabilidad asumida a principio de a\u00f1o<br><br>Un fuerte abrazo<br><br><br>Alberto Pel\u00e1ez (para los antiguos del lugar Clemens)<br><br>PD. Por cierto, me manda recuerdos para todos vosotros Monica Rodriguez Tarin que est\u00e1 trabajando ahora mismo en mi misma compa\u00f1\u00eda y cuando me ha o\u00eddo como comentaba emocionado el d\u00eda de padres entre algunos compa\u00f1eros&nbsp; ha soltado un \u201cyo tambi\u00e9n soy del 284\u201d (estamos infiltrados en todas partes\u2026\u2026\u2026\u2026)<br><br><\/p>\n\n\n\n<hr class=\"wp-block-separator\"\/>\n\n\n\n<p><br><br><strong>D\u00cdA 29<\/strong><\/p>\n\n\n\n<p>Buenas noches campamento,<br><br>Esta tarde he recibido varias llamadas, seguramente fuera de lo que mandan las normas del campamento, de varios de mis mejores amigos con los que hace a\u00f1os compart\u00ed tambi\u00e9n la pa\u00f1oleta naranja del 284 y que ahora est\u00e1n como miembros de Caba\u00f1a.<br><br>\u00abMichael, felicidades, a Carmen le han concedido la Mowgli. Ha sido una ceremonia preciosa\u00bb. Estaban m\u00e1s emocionados que yo y me trasmit\u00edan con gran orgullo la mejor de sus felicitaciones.<br><br>Nosotros no podemos estar m\u00e1s felices y m\u00e1s orgullosos por este reconocimiento a nuestra hija, y s\u00f3lo podemos devolver ese reconocimiento al Grupo 284, porque si es cierto que ella ha realizado un buen trabajo de servicio hacia su manada y hacia el grupo, recibe de \u00e9ste mucho m\u00e1s de lo que da.<br><br>En la educaci\u00f3n de nuestros hijos tomamos muchas decisiones, siempre pensando en su bien, algunas acertadas y otras menos. Si en su d\u00eda lo cre\u00ed, hoy confirmo que la decisi\u00f3n m\u00e1s acertada que hemos tomado fue animarla a unirse al Grupo Scout 284.<br><br>Si pienso en qu\u00e9 es la felicidad lo primero que viene a la cabeza es Carmen con su polo azul y su pa\u00f1oleta naranja, disfrutando de cada momento de sus reuniones, excursiones, acampadas y por supuesto campamentos. Sabemos que sus amigos del grupo ser\u00e1n amigos para el resto de su vida. \u00a1No podemos pedir mucho m\u00e1s!<br><br>Muchas gracias Nacho, Paco, todos y cada uno de los miembros de Caba\u00f1a y por supuesto Scouters, no por cuidar de nuestros hijos sino por educarles, por hacerles mejores, por hacerles felices.<br><br>Me enorgullece que mi hija tenga como referentes en la vida a personas como Luc\u00eda, Guillermo Sim\u00f3n, Reyes, Carolina, Carlota,&#8230; qu\u00e9 mejor ejemplo puede tener. Lo est\u00e1is haciendo MUY BIEN, todos y cada uno de los que hac\u00e9is este grupo posible.<br><br>Feliz vuelta de campamento.<br><br>Ana y Michael<br><br><br>&#8212;&#8212;&#8212;&#8212;&#8212;&#8212;&#8212;&#8212;&#8212;&#8212;&#8212;&#8212;&#8212;&#8212;&#8212;&#8212;&#8212;&#8212;&#8212;<br><br><br>Buenas noches campamento,<br><br>Nos ten\u00e9is enganchadisimos a estas horas con el pedazo espect\u00e1culo que est\u00e1is montando otra vez. Sois incre\u00edbles, estamos alucinados de lo que sois capaces de montar en medio del campo. Muchas gracias de nuevo, por cuidar de nuestros peques y que sean parte de estas bonitas puestas en escena que hab\u00e9is preparado, m\u00e1s quisieran en Brodway. Aprovechando este email, como ya es de madrugada y d\u00eda 29, nos gustar\u00eda que le dieseis un tironcito de orejas de nuestra parte a Javier L\u00f3pez (Lobatos Seglowlee) que es su cumple. Disfrutad de lo poquito que os queda y un gran abrazo para todos.<br><br>Eva y Pedro<br><br><br>&#8212;&#8212;&#8212;&#8212;&#8212;&#8212;&#8212;&#8212;&#8212;&#8212;&#8212;&#8212;&#8212;&#8212;&#8212;&#8212;&#8212;&#8212;&#8212;<\/p>\n\n\n\n<p>Buenos d\u00edas Campa;<br><br>Este campamento toca su fin y con \u00e9l, la ronda solar 2014. Ya van dos a\u00f1os y nos estamos haciendo m\u00e1s scout a cada paso (tanto los padres como los hijos) \u2026 ya s\u00e9 que es la ronda solar, la diferencia entre acampada y campamento, entre mochila y macuto, entra pota y poto (\u00a1vaya fallo!), que es un raid, como es la festival de la canci\u00f3n, el fuego, el consejo de la Roca, el Kraal\u2026 y hasta he le\u00eddo El Libro de la Selva! Pero m\u00e1s que ampliar nuestro vocabulario, empezamos a entender lo que significa ser scout realmente y me siento muy orgullosa de que mis hijos sean scouts y adem\u00e1s butanitos! Ayud\u00e1is a educarles en valores y a darles conocimientos que tanta falta les hacen y les har\u00e1n a lo largo de sus vidas, y lo hac\u00e9is llenando sus macutos de recuerdos y aventuras inimaginables. \u00bfQui\u00e9n pudiera dormir bajo una noche estrellada riojana? \u00bfo pasar el d\u00eda en un embalse tir\u00e1ndose del tobog\u00e1n? \u00bfo contar historias de pel\u00edculas en la tienda hasta quedarse dormidos?&nbsp; \u00bfo cantar la canci\u00f3n del tronco del \u00e1rbol de voz en grito a la hora de comer? \u00a1qu\u00e9 envidia me d\u00e1is!<br><br>Much\u00edsimas gracias a todos los que form\u00e1is el Grupo Scout 284 porque, como bien sab\u00e9is, lo hac\u00e9is \u00fanico. Desde las scouts que abrazaban a mi hija cuando lloraba el s\u00e1bado en la despedida, pasando por caba\u00f1a que sois un ejemplo de servicio y buena organizaci\u00f3n, os agradezco a todos. Pero quiero dar una menci\u00f3n especial a los jefes de Ethawa y de Kiowa que acompa\u00f1an a nuestros hijos todo el a\u00f1o. Vuestra dedicaci\u00f3n, empat\u00eda, alegr\u00eda y responsabilidad son admirables. Sin vosotros esto no podr\u00eda&nbsp; existir. \u00a1GRACIAS de coraz\u00f3n!<br><br>Angela Quinn<br><\/p>\n\n\n\n<p>&#8212;&#8212;&#8212;&#8212;&#8212;&#8212;&#8212;&#8212;&#8212;&#8212;&#8212;&#8212;&#8212;&#8212;&#8212;&#8212;&#8212;&#8212;&#8212;<\/p>\n\n\n\n<p><strong><br>Foto de grupo<\/strong><\/p>\n\n\n\n<p>Tengo que confesaros que la foto grande del grupo me produce emoci\u00f3n: ver tantas sonrisas juntas no es f\u00e1cil hoy en d\u00eda. Ver tanto prop\u00f3sito compartido, tanta vivencia com\u00fan&#8230; El sentimiento de pertenencia que el grupo genera es muy importante si \u00e9ste se apoya de verdad en experiencias reales de entrega, servicio, alegr\u00eda, esfuerzo, aventura y logro, superaci\u00f3n compartida,&#8230; El campamento es la culminaci\u00f3n perfecta de todo una a\u00f1o de generoso servicio a los componentes del grupo.<br><br>Mis m\u00e1s sinceras felicitaciones a todos los que hac\u00e9is posible que estas vivencias pasen a formar parte de la biograf\u00eda de cada uno de los que han pasado por all\u00ed: scouts, scouters y padres.<br><br>Un abrazo,<br>Paco Bazaga<br><\/p>\n\n\n\n<hr class=\"wp-block-separator\"\/>\n","protected":false},"excerpt":{"rendered":"<p>Correos Recibidos en el&nbsp;Campamento Torrecilla en Cameros 2014 (enviados a&nbsp;&nbsp;scouts284@gmail.com) Ultima actualizaci\u00f3n: &nbsp;&nbsp;&nbsp;30&#8211;07-14 &nbsp; 21:45 DIRECCI\u00d3N POSTAL DEL CAMPAMENTO Campamento Scout 284 Reina del Cielo 26100 Torrecilla en Cameros LA RIOJA Volver a Campamento virtual 2014 D\u00cdA 8 \u00a1Se abre la veda! \u00bfQui\u00e9n inaugurar\u00e1 este a\u00f1o los correos a campamento? [&hellip;]<\/p>\n","protected":false},"author":2,"featured_media":0,"parent":0,"menu_order":0,"comment_status":"closed","ping_status":"closed","template":"","meta":{"footnotes":""},"class_list":["post-915","page","type-page","status-publish","hentry"],"jetpack_sharing_enabled":true,"_links":{"self":[{"href":"https:\/\/www.scouts284.org\/index.php\/wp-json\/wp\/v2\/pages\/915","targetHints":{"allow":["GET"]}}],"collection":[{"href":"https:\/\/www.scouts284.org\/index.php\/wp-json\/wp\/v2\/pages"}],"about":[{"href":"https:\/\/www.scouts284.org\/index.php\/wp-json\/wp\/v2\/types\/page"}],"author":[{"embeddable":true,"href":"https:\/\/www.scouts284.org\/index.php\/wp-json\/wp\/v2\/users\/2"}],"replies":[{"embeddable":true,"href":"https:\/\/www.scouts284.org\/index.php\/wp-json\/wp\/v2\/comments?post=915"}],"version-history":[{"count":3,"href":"https:\/\/www.scouts284.org\/index.php\/wp-json\/wp\/v2\/pages\/915\/revisions"}],"predecessor-version":[{"id":919,"href":"https:\/\/www.scouts284.org\/index.php\/wp-json\/wp\/v2\/pages\/915\/revisions\/919"}],"wp:attachment":[{"href":"https:\/\/www.scouts284.org\/index.php\/wp-json\/wp\/v2\/media?parent=915"}],"curies":[{"name":"wp","href":"https:\/\/api.w.org\/{rel}","templated":true}]}}