{"id":892,"date":"2020-07-25T12:37:18","date_gmt":"2020-07-25T10:37:18","guid":{"rendered":"http:\/\/www.scouts284.org\/?page_id=892"},"modified":"2025-03-16T13:23:53","modified_gmt":"2025-03-16T12:23:53","slug":"campamento-virtual-villanova-2015","status":"publish","type":"page","link":"https:\/\/www.scouts284.org\/index.php\/campamento-virtual-villanova-2015\/","title":{"rendered":"Campamento Virtual Villanova 2015"},"content":{"rendered":"\n<h4 class=\"wp-block-heading\">Esta es la p\u00e1gina del Campamento Virtual:<\/h4>\n\n\n\n<h2 class=\"wp-block-heading\"><strong>VILLANOVA 2015<\/strong><\/h2>\n\n\n\n<h4 class=\"wp-block-heading\">Desde Villanova, Huesca, del 15 al 30 de julio,&nbsp;actualizaremos d\u00eda a d\u00eda las noticias y las&nbsp;fotos.<\/h4>\n\n\n\n<h3 class=\"wp-block-heading\"><strong>\u00c1lbumes de fotos de VILLANOVA 2015<\/strong><\/h3>\n\n\n\n<ul class=\"wp-block-list\">\n<li><strong><a href=\"https:\/\/photos.app.goo.gl\/5c1cre5YtT3G7FJH6\">VILLANOVA 2015 &#8211; 09 al 14 de julio<\/a><\/strong><\/li>\n\n\n\n<li><strong><a href=\"https:\/\/photos.app.goo.gl\/LBQEPrY3zrbasHbg9\">VILLANOVA 2015 &#8211; 15 al 17 de julio<\/a><\/strong><\/li>\n\n\n\n<li><strong><a href=\"https:\/\/photos.app.goo.gl\/h82KbgsJuFaGApmd8\">VILLANOVA 2015 &#8211; 18 al 21 de julio<\/a><\/strong><\/li>\n\n\n\n<li><strong><a href=\"https:\/\/photos.app.goo.gl\/QwsQV2uwsieAt45BA\">VILLANOVA 2015 &#8211; 22 al 25 de julio<\/a><\/strong><\/li>\n\n\n\n<li><strong><a href=\"https:\/\/photos.app.goo.gl\/boGyjHxHH3uQzoaJ7\">VILLANOVA 2015 &#8211; 26 de julio<\/a><\/strong><\/li>\n\n\n\n<li><strong><a href=\"https:\/\/photos.app.goo.gl\/ZGnVxCN9gv18mnoCA\">VILLANOVA 2015 &#8211; 27 de julio<\/a><\/strong><\/li>\n\n\n\n<li><strong><a href=\"https:\/\/photos.app.goo.gl\/ZsYEnETbfwshgiRM6\">VILLANOVA 2015 &#8211; 28 de julio<\/a><\/strong><\/li>\n\n\n\n<li><strong><a href=\"https:\/\/photos.app.goo.gl\/wwXcwSbPJAUSb8jW9\">VILLANOVA 2015 &#8211; 28 de julio &#8211; Fuego<\/a><\/strong><\/li>\n\n\n\n<li><strong><a href=\"https:\/\/photos.app.goo.gl\/u3Xqjnfjk9Z8oeAh6\">VILLANOVA 2015 &#8211; 29 y 30 de julio<\/a><\/strong><\/li>\n\n\n\n<li><strong><a href=\"https:\/\/photos.app.goo.gl\/bgAGGyTxEfscy6qc9\">VILLANOVA 2015 &#8211; Fuego Escultas reprocesadas<\/a><\/strong><\/li>\n\n\n\n<li><strong><a href=\"https:\/\/www.youtube.com\/watch?v=CYZBPP0EJdU\">Festival de la Canci\u00f3n VILLANOVA 2015 en YouTube parte 1<\/a>, <a href=\"https:\/\/www.youtube.com\/watch?v=LnZrLRBzYGk\">parte 2<\/a><\/strong><\/li>\n\n\n\n<li><strong><a href=\"https:\/\/www.youtube.com\/watch?v=bXw-ZBE4jZQ\">Fuego de Campamento VILLANOVA 2015 en YouTube parte 1<\/a>, <a href=\"https:\/\/www.youtube.com\/watch?v=BVyrBIcn454\">parte 2<\/a>, <a href=\"https:\/\/www.youtube.com\/watch?v=785Kkcpgy_U\">parte 3<\/a>, <a href=\"https:\/\/www.youtube.com\/watch?v=s2ulEg0SL20\">parte 4<\/a><\/strong><\/li>\n<\/ul>\n\n\n\n<hr class=\"wp-block-separator has-css-opacity\"\/>\n\n\n\n<p><strong>Comenta en&nbsp;<a href=\"https:\/\/www.facebook.com\/groups\/28429452137\/\" target=\"_blank\" rel=\"noreferrer noopener\">Facebook Grupo Scout 284<\/a><\/strong><\/p>\n\n\n\n<h4 class=\"wp-block-heading\">y en Twitter:&nbsp;<a href=\"https:\/\/twitter.com\/scouts284\" target=\"_blank\" rel=\"noreferrer noopener\">@scouts284<\/a><\/h4>\n\n\n\n<p><br><strong>Actualizado:&nbsp;&nbsp;&nbsp; 13-08-2015 &nbsp; 17:43<\/strong><\/p>\n\n\n\n<hr class=\"wp-block-separator has-css-opacity\"\/>\n\n\n\n<h2 class=\"wp-block-heading\"><strong><a href=\"https:\/\/www.scouts284.org\/index.php\/correos-recibidos-villanova-2015\/\">CORREOS RECIBIDOS<\/a><\/strong><\/h2>\n\n\n\n<p>Actualizados &nbsp;&nbsp;&nbsp;<strong>29<\/strong><strong>-07-15 &nbsp;&nbsp; 10:45<\/strong><\/p>\n\n\n\n<h2 class=\"wp-block-heading\"><strong><a href=\"mailto:scouts284@gmail.com\">scouts284@gmail.com<\/a><\/strong><\/h2>\n\n\n\n<hr class=\"wp-block-separator has-css-opacity\"\/>\n\n\n\n<p><strong>9&nbsp;<\/strong><strong>DE JULIO<\/strong><\/p>\n\n\n\n<p>\u00a1Comienza el campamento virtual!<\/p>\n\n\n\n<p>Hoy los m\u00e1s fuertes del Grupo han cargado el cami\u00f3n, y ya est\u00e1 camino del campamento!!<\/p>\n\n\n\n<p>La carga del cami\u00f3n ha empezado a las 4 de la tarde y ha terminado a las 9. Cinco horas de trabajo de muchas personas (desde escultas hasta le\u00f1adores), que son s\u00f3lo el final del enorme trabajo de la comisi\u00f3n de LOES para revisar, reparar y embalar todo el material de campamento, y tambi\u00e9n de todas las unidades para preparar todo su material.<\/p>\n\n\n\n<p>En el cami\u00f3n van las tiendas, las estructuras, los escenarios de las actuaciones del Festival y el Fuego (\u00a1Top Secret!), material para juegos, la enfermer\u00eda, y alguna cosa nueva que estrenamos este a\u00f1o&#8230; Un cami\u00f3n cargado de ilusiones que va camino del Pirineo&#8230;<\/p>\n\n\n\n<p>Pero no va solo. Ma\u00f1ana saldr\u00e1 la comisi\u00f3n de LOES, que descargar\u00e1n ellos solos el cami\u00f3n y empezar\u00e1n a montar las principales estructuras (comedor, cocina, letrinas&#8230;) para que cuando lleguen los ni\u00f1os tengamos ya casi listo todo lo b\u00e1sico.<\/p>\n\n\n\n<p>\u00a1Buena caza, LOES! \u00a1Esperamos vuestras fotos!<\/p>\n\n\n\n<hr class=\"wp-block-separator has-css-opacity\"\/>\n\n\n\n<h3 class=\"wp-block-heading\"><strong>13 DE JULIO<\/strong><\/h3>\n\n\n\n<p>\u00a1\u00a1Estamos en capilla!! Estos d\u00edas estamos siguiendo por Twitter la construcci\u00f3n del campamento por nuestra valiente avanzadilla, la Comisi\u00f3n de LOES (Log\u00edstica y Operaciones ESpeciales). Desde el Twitter del Grupo,&nbsp;<a href=\"https:\/\/twitter.com\/scouts284\" target=\"_blank\" rel=\"noreferrer noopener\">@scouts284<\/a>, vamos retuiteando los tuits m\u00e1s interesantes. Para el montaje del campamento tambi\u00e9n pod\u00e9is seguir el hastag&nbsp;<a href=\"https:\/\/twitter.com\/hashtag\/loes2015?src=hash\" target=\"_blank\" rel=\"noreferrer noopener\">#loes2015<\/a>.<\/p>\n\n\n\n<p>Pues por lo que hemos podido ver a trav\u00e9s del Twitter, nuestra comisi\u00f3n de LOES est\u00e1 trabajando muy duro: tenemos ya montada la estructura de comedor, algunos toldos puestos, las encimeras y los quemadores montados, los ba\u00f1os qu\u00edmicos han llegado ya, incluso alg\u00fan fregadero ya y con agua! Bueno, han puesto tambi\u00e9n las estanter\u00edas de cocina y hasta el ca\u00f1izo y la rafia!!<\/p>\n\n\n\n<p>\u00a1Much\u00edsimas gracias por todo este trabajo que hac\u00e9is para que nos encontremos \u00aben casa\u00bb cuando lleguemos!<\/p>\n\n\n\n<hr class=\"wp-block-separator has-css-opacity\"\/>\n\n\n\n<h3 class=\"wp-block-heading\"><strong>14 DE JULIO<\/strong><\/h3>\n\n\n\n<p>\u00a1\u00a1Ya ha empezado el campamento!! S\u00ed, parece mentira, pero el campamento ha empezado esta tarde, con la Eucarist\u00eda del env\u00edo. Ma\u00f1ana, a las 7:30, continuamos mont\u00e1ndonos en los autobuses. 6 autobuses que nos llevar\u00e1n a Villanova, seguidos de unos diez coches de Caba\u00f1a. Como ha explicado hoy Nacho del Estal, all\u00ed nos espera toda una experiencia para pasarlo muy bien, y tambi\u00e9n para aprender a ser mejores.<\/p>\n\n\n\n<p>Nuestros LOES nos han contado a trav\u00e9s de Twitter que ya han puesto todos los toldos del comedor, aunque suponemos que, como es habitual, les dejar\u00e1n a los escultas la laboriosa tarea de tensarlos. Tambi\u00e9n ha llegado un fregadero nuevo, que viene muy bien para aliviar las aglomeraciones que se forman despu\u00e9s de las comidas para fregar.<\/p>\n\n\n\n<p>Hemos visto tambi\u00e9n en las fotos (por cierto, ya est\u00e1 puesto arriba el&nbsp;<a href=\"https:\/\/picasaweb.google.com\/106647216216867875349\" target=\"_blank\" rel=\"noreferrer noopener\">enlace a las fotos de Picasa<\/a>!) que el lumo vuelve a alumbrar&#8230; &nbsp;\ud83d\ude42 &nbsp;Un a\u00f1o m\u00e1s, ser\u00e1 la luz que queda encendida por las noches, en la cocina, que indica que alguien vigila el campamento y nos cuida (s\u00ed, aciertas, es el lumo de la guardia, pero hay Alguien m\u00e1s que nos cuida \ud83d\ude42 ).<\/p>\n\n\n\n<p>Ma\u00f1ana ser\u00e1 un d\u00eda emocionante: m\u00e1s de 400 personas desembarcaremos en \u00abla campa\u00bb y, en una horas, la terminaremos de convertir en \u00abel campa\u00bb!<\/p>\n\n\n\n<p>Que durm\u00e1is bien&#8230; \u00a1si pod\u00e9is! \ud83d\ude09<\/p>\n\n\n\n<hr class=\"wp-block-separator has-css-opacity\"\/>\n\n\n\n<h3 class=\"wp-block-heading\"><strong>15 DE JULIO<\/strong><\/h3>\n\n\n\n<p>\u00a1\u00a1Buenas noches desde Villanova!!<\/p>\n\n\n\n<p>Aqu\u00ed estamos, en el Kraal, la reuni\u00f3n de scouters (o \u00abjefes\u00bb, como nos llaman los ni\u00f1os) que hacemos todas las noches para evaluar el d\u00eda y tomar decisiones organizativas. Un a\u00f1o m\u00e1s, volvemos a sentirnos en casa! S\u00ed, estar aqu\u00ed es como volver a tu casa porque, aunque cambie el sitio y algunas personas, seguimos teniendo un mont\u00f3n de amigos y todas nuestras cosas: nuestro comedor, nuestras mesas, las nuevas letrinas que ya no son tan nuevas porque son las mismas que las del a\u00f1o pasado, las tiendas comunes, el m\u00e1stil, la cocina&#8230; \u00a1todo est\u00e1 en su sitio!<\/p>\n\n\n\n<p>La primera cosa que se ha dicho en el Kraal ha sido la felicitaci\u00f3n de Roc\u00edo a la comisi\u00f3n de LOES por su excelente trabajo. Y no es algo subjetivo sino completamente objetivo: nunca al llegar a campamento nos hab\u00edamos encontrado con tanto hecho. Dec\u00eda yo ayer que, aunque iban muy bien, dejar\u00edan los toldos del comedor sin tensar para que los tensaran los escultas&#8230; Pues ni eso! hemos llegado y estaban puestos y tensados todos los toldos, todas las tiendas comunes montadas, las letrinas con su nueva estructura para darles sombra, y en la cocina estaban ya montados hasta los fogones y las mesas para cocinar! Y lo que ya es el colmo, las luces del comedor montadas!!!<\/p>\n\n\n\n<p>Hemos llegado pasadas las 17:00, despu\u00e9s de un viaje largo pero tranquilo. La \u00fanica incidencia rese\u00f1able ha sido la antipat\u00eda del gerente del \u00c1rea de Servicio en la que hemos hecho la primera parada. Ya nos ha pasado otras veces que nos han mirado con mala cara porque entran 400 ni\u00f1os al servicio y luego solo la Caba\u00f1a consume algo. El hombre dec\u00eda que nos tendr\u00eda que haber cobrado 1\u20ac por cada ni\u00f1o que usara el ba\u00f1o, y aunque la Caba\u00f1a ha consumido unos 40\u20ac, el hombre insist\u00eda en que incluso con ese gasto, \u00e9l pierde dinero. Me pregunto si ser\u00e1 cierto&#8230;??<\/p>\n\n\n\n<p>Pero volviendo a &nbsp;lo positivo, lo m\u00e1s emocionante del viaje ha sido el paso por el desfiladero del rio \u00c9sera, en el que la carretera es muy estrecha y hay que tener cuidado al cruzarse con otro coche. Cuando los autobuses se cruzaban con un cami\u00f3n ten\u00edan que andar con much\u00edsimo cuidado porque pasan a unos cent\u00edmetros&#8230;<\/p>\n\n\n\n<p>El primer d\u00eda de campamento es una maravilla porque todo el mundo colabora para montar cosas, en la medida de sus posibilidades. Ver\u00e9is fotos de los chavales \u00abdesembarcando\u00bb en la campa, transportando material, montando tiendas, el m\u00e1stil (de esto se ocupan los escultas), las duchas (esto es cosa del clan), las mesas (desde siempre, esta es tarea de las tropas)&#8230; Y los que han terminado, juegan y la verdad es que da gusto verles. Es impresionante todo lo que puede hacer un grupo de gente cuando todos colaboran y ponen de su parte. Esta es la lecci\u00f3n de hoy: si todo el mundo diera siempre lo mejor de s\u00ed mismo, el mundo ser\u00eda maravilloso. Y en el campamento vemos que eso es posible en la realidad!<\/p>\n\n\n\n<p>As\u00ed que hoy hemos dejado montadas muchas cosas, muchas m\u00e1s de lo normal en un primer d\u00eda de campamento en Pirineos. Ma\u00f1ana seguiremos puliendo muchos detalles, que hay muchos&#8230; Entre ellos la capilla, que estrenamos este a\u00f1o!<\/p>\n\n\n\n<p>Seguimos en el Kraal. Hemos le\u00eddo varios correos (que ya est\u00e1n en la web, gracias Pipo y Luc\u00eda!!), que da gusto porque nos ense\u00f1an y nos motivan. Y tambi\u00e9n, para terminar el Kraal, una carta-din\u00e1mica muy motivadora de Jorge Esteve (qu\u00e9 grande eres, Jorge!!). Entre la carta de Pipo, la de Carolina y la de Jorge, nos vamos a la cama llorando de emoci\u00f3n&#8230; :_-)<\/p>\n\n\n\n<p>Hoy no hablamos del men\u00fa porque la comida era de casa, pero ma\u00f1ana esperamos empezar a disfrutar de la comida de campamento!<\/p>\n\n\n\n<p>\u00bfY el tiempo? Pues mucho calor, 37 grados o m\u00e1s a medio d\u00eda&#8230; 35 cuando hemos llegado nosotros&#8230; Demasiado calor para esta zona, la verdad. Ahora, al acabar el Kraal, la mayor\u00eda de los scouters siguen solo con la camiseta, y alguno se ha puesto una sudadera. Y sobre la cuesti\u00f3n de las precipitaciones, alguien del grupo ha preguntado en el pueblo si llover\u00eda&#8230; y les han dicho que no, y entonces la respuesta del scout ha sido \u00abqu\u00e9 bien\u00bb y la contestaci\u00f3n del vecino ha sido \u00abNo, \u00a1\u00a1qu\u00e9 mal!! Llevamos muchos d\u00edas sin que llueva y no estamos nada contentos!\u00bb. En fin, que \u00abnunca llueve a gusto de todos\u00bb!<\/p>\n\n\n\n<p>Ver\u00e9is en las fotos tambi\u00e9n las tiendas nuevecitas de las tropas, unos igl\u00fas Altus verdes que tienen una pinta estupenda y son de muy buena calidad. Como sab\u00e9is los que llev\u00e1is varios a\u00f1os en el Grupo, hace unos a\u00f1os se renovaron las tiendas de castores, luego le toc\u00f3 a las de lobatos, y este a\u00f1o le ha tocado a las de tropa. Este a\u00f1o &nbsp;el grupo ha comprado 5 igl\u00fas nuevos para cada tropa (Caimanes, Dragones y Tiburones). Una inversi\u00f3n considerable que esperamos que los chavales sepan cuidar.<\/p>\n\n\n\n<p>Ya est\u00e1n subidas las fotos de hoy! A ver si os gustan!<\/p>\n\n\n\n<p>Buenas noches y un abrazo!<\/p>\n\n\n\n<hr class=\"wp-block-separator has-css-opacity\"\/>\n\n\n\n<h3 class=\"wp-block-heading\"><strong>16 DE JULIO<\/strong><\/h3>\n\n\n\n<p>\u00a1\u00a1Buenas noches papis, abuelos, hermanos y todos!!<\/p>\n\n\n\n<p>Hoy ha sido un d\u00eda intenso de construcci\u00f3n de campamento, y con much\u00edsimo calor. Hemos llegado a 38 grados, que para el Pirineo es much\u00edsimo. Menos mal que a la hora de la cena, las 20:30, ha empezado una tormenta con mucho viento y poca agua, que nos ha dejado el campamento fresquito.<\/p>\n\n\n\n<p>El calor ha sido duro porque precisamente para hacer construcciones hay que estar bajo el sol, cavando hoyos, clavando puntales&#8230; aunque por supuesto los que pod\u00edan han aprovechado las sombras para pintar la decoraci\u00f3n de las parcelas y otras cosas. Esa ha sido la principal construcci\u00f3n para todas las unidades: sus parcelas. Como sab\u00e9is, todas las unidades hacen una puerta bonita decorada con el tema que ambienta su campamento, y tambi\u00e9n otras construcciones como sombrajo, macutero, potero (para los potos)&#8230; Estas construcciones se hacen con madera (puntales redondos y tablones), y son una buena ocasi\u00f3n para aprender de pionerismo (seg\u00fan su edad y su nivel de progresi\u00f3n o sus especialidades, los chavales tienen permiso para utilizar ciertos elementos, como una navaja, un hacha, una sierra&#8230;).<\/p>\n\n\n\n<p>Hoy hay que destacar el excelente trabajo de la patrulla de servicio. La \u00abpatrulla de servicio\u00bb la forman chavales de todas las unidades (hoy eran desde tropas para arriba), que se presentan voluntarios para, durante un d\u00eda, ayudar a la caba\u00f1a a las labores de cocina y mantenimiento. Hoy han ayudado much\u00edsimo a todo: por ejemplo, tocaba lavar todos los cacharros que llevaban un a\u00f1o guardados, que aunque se guardan limpios al recoger el campamento, hoy toca lavarlos todos de nuevo para empezar a cocinar.<\/p>\n\n\n\n<p>Y hablando de las comidas, por fin hoy hemos empezado a disfrutar de la comida de campamento!! Hemos comido unas lentejas buen\u00edsimas (utilizamos como base lentejas ya cocidas de lata, pero les a\u00f1adimos tantas cosas que el resultado no tiene nada que ver con la pobre lata) y filetes de lomo, y hemos cenado pur\u00e9 de verduras (que hacemos troceando las verduras y bati\u00e9ndolo nosotros, y este a\u00f1o tenemos una batidora nueva de esas que se agarran con las dos manos!) y palitos de merluza. Y de postre de la cena, como siempre, leche con Nesquik y galletas (redondas o cuadradas, seg\u00fan de qu\u00e9 bando irreconciliable sea uno&#8230; ;-)).<\/p>\n\n\n\n<p>Tambi\u00e9n tenemos una noticia m\u00e9dica: hoy hemos tenido que evacuar a un chaval del campamento, Joselito, que sufre asma y le estaba costando demasiado respirar. Es una pena porque no podr\u00e1 disfrutar de unos d\u00edas: sus padres han venido a buscarle y esperemos que pueda reincorporarse el d\u00eda de padres. Ya le pas\u00f3 el a\u00f1o pasado en campamento, pero llevaba todo el a\u00f1o muy bien.<\/p>\n\n\n\n<p>Hay que destacar lo bien que nos est\u00e1 cuidando la Guardia Civil: nos ayudaron ayer a hacer la descarga de los autobuses (como la carretera es estrecha, el autob\u00fas paraba ocupando un carril y los guardias civiles se pon\u00edan antes y despu\u00e9s para ir dejando alternativamente a los coches en ambos sentidos), tambi\u00e9n nos han pedido los raids de todas las unidades para estar al tanto de por d\u00f3nde andamos, y es verdad que est\u00e1n al tanto porque hoy han aparecido por campamento al rato de empezar la tormenta para ver si est\u00e1bamos bien.<\/p>\n\n\n\n<p>Ver\u00e9is en las fotos que este a\u00f1o tenemos unos armaritos con puertas correderas, puertas que hemos montado (bueno, concretamente los han montado Ernesto y Carlos, de Caba\u00f1a) bajo los mostradores de cocina. La intenci\u00f3n es evitar que entre polvo en los cacharros que guardamos en los estantes de abajo. Un sistema muy ingenioso!!<\/p>\n\n\n\n<p>Al calor de esta ma\u00f1ana se ha sumado una dificultad m\u00e1s: el caudal de agua que nos llegaba desde la toma de agua que ten\u00edamos era muy reducido, y no daba de s\u00ed para todas las necesidades del campamento. Hab\u00eda agua para beber, pero no para lavarse las manos, los pinceles de pintar las parcelas&#8230; ha sido una ma\u00f1ana dura. Para asegurarnos de que pudi\u00e9ramos fregar los cacharros hemos reservado agua para fregaderos al final de la ma\u00f1ana y hemos comprado agua mineral (80 bidones de 5 litros) para la comida y por si hac\u00edan falta para la cena. Despu\u00e9s de la comida, el due\u00f1o del prado nos ha facilitado una segunda toma de agua que ven\u00eda de otro sitio y con eso ya no hemos sufrido m\u00e1s escasez.<\/p>\n\n\n\n<p>Y otra cosa que hemos empezado a hacer hoy ha sido a guardar muestras congeladas de todas las comidas. Esto es una medida de precauci\u00f3n por si hubiera una intoxicaci\u00f3n, para poder analizar a posteriori qu\u00e9 comida pudo causar la intoxicaci\u00f3n. Nunca hemos tenido una intoxicaci\u00f3n, pero es una medida obligatoria (ya sab\u00e9is que las leyes cada vez son m\u00e1s exigentes, y a los campamentos nos aplica la misma legislaci\u00f3n que a un restaurante, lo cual a veces resulta excesivo).<\/p>\n\n\n\n<p>Ma\u00f1ana tenemos d\u00eda de Grupo, que va a ser muy especial. Ahora en el Kraal nos han adelantado algo los de la comisi\u00f3n que lo organiza&#8230; \ud83d\ude42<\/p>\n\n\n\n<p>Ah, y otra cosa m\u00e1s, hoy hemos tenido la primera \u00abentrada al comedor\u00bb, protagonizada por la manada Chikay. Esto de las \u00abentradas al comedor\u00bb llevaba a\u00f1os sin hacerse, ya que se sustituyeron por el d\u00eda de la Fantas\u00eda. Este a\u00f1o no habr\u00e1 d\u00eda de la Fantas\u00eda y hemos vuelto a las entradas al comedor. Es una representaci\u00f3n que hace una unidad \u00abentrando en el comedor\u00bb cuando las otras unidades ya est\u00e1n dentro sentadas. As\u00ed todos les ven, y durante unos minutos son los protagonistas. Se hacen siempre sobre algo cercano a su tema del campamento. Por ejemplo, la de hoy de Chiay era sobre la Guerra de las Galaxias (v\u00e9is en las fotos las \u00abespadas l\u00e1ser\u00bb que llevan?).<\/p>\n\n\n\n<p>La verdad es que estamos muy cansados. La paliza de las construcciones de la ma\u00f1ana bajo el sol, y luego las carreras para retensar tiendas con la tormenta (aqu\u00ed la Comuna se ha portado porque se han levantado de la cena, dej\u00e1ndosela en la mesa, para irse a tensar las tiendas de castores y lobatos).<\/p>\n\n\n\n<p>Ma\u00f1ana tocar\u00e1 menos construcciones y m\u00e1s juegos. Y dicen que menos calor. Seguiremos informando!<\/p>\n\n\n\n<p>Buena caza!<\/p>\n\n\n\n<hr class=\"wp-block-separator has-css-opacity\"\/>\n\n\n\n<h3 class=\"wp-block-heading\"><strong>17 DE JULIO<\/strong><\/h3>\n\n\n\n<p>\u00a1\u00a1Buenas noches a todos!!<\/p>\n\n\n\n<p>Hoy ha sido un d\u00eda algo m\u00e1s relajado, al menos en teor\u00eda porque ya las unidades hab\u00edan terminado sus parcelas, y la actividad principal era el d\u00eda de Grupo, pero han pasado muchas cosas&#8230; \ud83d\ude42<\/p>\n\n\n\n<p>De nuevo en el Kraal han felicitado a la patrulla de servicio: hoy han estado sobre todo haciendo de pinches de cocina, ayudando a picar verdura, por ejemplo, con parte de la Caba\u00f1a. Se nota que cada a\u00f1o somos m\u00e1s en campamento y la cantidad de comida a preparar es considerable, especialmente los d\u00edas en los que estamos todos en el campa.<\/p>\n\n\n\n<p>Adem\u00e1s, la comida era muy laboriosa: un gazpacho (preparado con todos sus ingredientes naturales, y como estaba fresquito nos ha sabido a gloria, tanto que si a alg\u00fan ni\u00f1o no le gustaba el gazpacho y despu\u00e9s del calorazo de hoy y de lo bueno que estaba no le ha gustado hoy, ya no s\u00e9 si alg\u00fan d\u00eda le gustar\u00e1&#8230;) y espaguetis bolo\u00f1esa. La cena ha sido una sopa de fideos tambi\u00e9n riqu\u00edsima y filetes de sajonia.<\/p>\n\n\n\n<p>El d\u00eda de Grupo ha sido muy completo: nos hemos hecho una foto todo el grupo desde la monta\u00f1a haciendo una forma de flor de Lys con un \u00ab40\u00bb en el centro, por el 40 aniversario, luego ha habido un paintball, y por la tarde una gran gymkana. \u00a1Para esto eran las camisetas blancas! Para dos cosas, para la foto de todos juntos y luego para el paintball (se disparaba con agua con pintura de colores, as\u00ed que las camisetas han quedado decoradas, \u00abrecuerdo del 40 aniversario\u00bb).<\/p>\n\n\n\n<p>Y despu\u00e9s de comer, tras la siesta, para romper la modorra, ha tocado&#8230; &nbsp;\u00a1la evacuaci\u00f3n! Como sab\u00e9is, todos los a\u00f1os hay que hacer un simulacro de evacuaci\u00f3n, en el que todo el campamento tiene que salir. Cada persona tiene que coger su saco y su aislante, simulando lo que pasaria por ejemplo en &nbsp;una inundaci\u00f3n o un incendio. Ha funcionado muy bien, como ya es costumbre en los \u00faltimos a\u00f1os.<\/p>\n\n\n\n<p>Un tema que nos ha procupado hoy y hemos dedicado mucho tiempo desde la Caba\u00f1a ha sido el agua. Ayer dec\u00eda yo que ten\u00edamos al final dos tomas de agua: pues me equivoqu\u00e9, al final no hab\u00edamos conseguido la segunda toma. Tenemos una sola, y el caudal es muy reducido. Hemos estado investigando desde la acometida, que procede de un arroyo de la monta\u00f1a, y tras seguir el tubo durante unos 500 metros y cambiar algunos empalmes la situacion ha mejorado mucho. No nos damos cuenta de lo importante que es el agua hasta que nos falta, y es absolutamente vital. Y la verdad es que sorprende que en pleno Pirineo haya tan poco caudal de agua en un arroyo. Los del pueblo nos dicen que es el verano m\u00e1s c\u00e1lido en a\u00f1os.<\/p>\n\n\n\n<p>Hoy hemos vuelto a tener entradas a comedor: de Escultas y Comuna. Y se han ido de raid los Escultas y el Clan. Hoy empiezan sus \u00abraids\u00bb, esas rutas de varios d\u00edas en las que cada noche se duerme en un sitio y son una aut\u00e9ntica gozada. Qu\u00e9 envidia ver a los Escultas salir hacia Monte Perdido!! Van a subir desde el valle de Pineta, superando el empinad\u00edsimo \u00abbalc\u00f3n de Pineta\u00bb hasta llegar al lago helado de Marbor\u00e9, y atacar el collado de Monte Perdido por la ladera norte, para despu\u00e9s bajar a la laguna y subir al pico. Y luego bajar al refugio de G\u00f3riz. Una maravilla.<\/p>\n\n\n\n<p>El Clan ha ido m\u00e1s cerca, pero es que ellos no se pueden dedicar a hacer una marcha muy larga ya que su principal tarea es preparar el Festival de la Canci\u00f3n, que este a\u00f1o, como el pasado, organiza el Clan. Seguro que les queda fenomenal! Como siempre, el tema de la ambientaci\u00f3n del festival es uno de los secretos mejor guardados. \u00bfDe qu\u00e9 tratar\u00e1 este a\u00f1o?<\/p>\n\n\n\n<p>Y al caer la tarde del viernes se han incorporado a campamento algunos le\u00f1adores muy queridos que a\u00fan no hab\u00edan llegado. Acaba de terminar el Kraal, &nbsp;y est\u00e1 el comedor muy animado, con todo el mundo hablando en corrillos, los \u00abnuevos\u00bb enter\u00e1ndose de todas las novedades&#8230;<\/p>\n\n\n\n<p>Por cierto, este a\u00f1o tambi\u00e9n tenemos ardillas! Son solo dos ni\u00f1as, de momento, las dos de 3 a\u00f1os. A las pobres ardillas no les hacemos mucho caso en los primeros d\u00edas de campamento porque estamos totalmente dedicados a montar todo. Hoy les hemos montado una piscinita para que se refrescaran, que falta hac\u00eda, porque al final la ma\u00f1ana ha sido casi tan calurosa como la de ayer. Por la tarde ha venido una tormenta pero ha llovido muy poco, lo justo para refrescar el campamento.<\/p>\n\n\n\n<p>Y hablando de construcciones, hoy han quedado montados los lavabos de las letrinas (muy importantes para facilitar que los ni\u00f1os se laven las manos despu\u00e9s de salir de las letrinas), las duchas han funcionado con normalidad, tenemos luz el\u00e9ctrica en todo el comedor&#8230;<\/p>\n\n\n\n<p>Ma\u00f1ana ya nos levantaremos siendo dos unidades menos, y saldr\u00e1n otras unidades de raid&#8230;<\/p>\n\n\n\n<p>Buenas noches!<\/p>\n\n\n\n<hr class=\"wp-block-separator has-css-opacity\"\/>\n\n\n\n<h3 class=\"wp-block-heading\"><strong>18 DE JULIO<\/strong><\/h3>\n\n\n\n<p>Hola a todos!<\/p>\n\n\n\n<p>Hoy se nos ha hecho tarde para escribiros porque ha sido una tarde\/noche intensa, pero empecemos por el principio. Por la ma\u00f1ana temprano ha salido de raid la Comuna (o Comunidad Rover, CR). Ha sido emocionante porque hac\u00eda 5 a\u00f1os que la Comuna no sal\u00eda de raid, simplemente porque llev\u00e1bamos ese tiempo sin tener Comuna (estos \u00faltimos 5 a\u00f1os, despu\u00e9s del a\u00f1o de Clan han pasado directamente a ser Scouters). Esta ronda solar hemos vuelto a tener Comuna, lo cual ha significado que los scouters de la ronda solar pasada han seguido esta ronda solar sin el \u00abrefresco\u00bb que supone la incorporaci\u00f3n de nuevos scouters. Es para agradec\u00e9rselo mucho a todos los scouters de esta ronda solar.<\/p>\n\n\n\n<p>Y poco despu\u00e9s ha salido de raid la colonia de castores Kiowa (CCK). Ten\u00edan un objetivo ambicioso: llegar a Ch\u00eda, que es el pueblo que est\u00e1 justo en lo alto de la monta\u00f1a que est\u00e1 al oeste del campamento. Al decirles a los castores que \u00abvamos a subir ah\u00ed arriba\u00bb alguno se ha preocupado mucho, pero ya sab\u00edamos (porque ya lo hicieron los castores hace 4 a\u00f1os) que lo iban a lograr. Y efectivamente, pasadas unas horas hemos o\u00eddo sus gritos desde el mirador y les hemos visto (diminutas cabezas recortadas sobre el horizonte, hay que fijarse mucho).<\/p>\n\n\n\n<p>Tambi\u00e9n hoy han venido a limpiar los ba\u00f1os qu\u00edmicos, que ya estaban empezando a oler. Despu\u00e9s de la experiencia del a\u00f1o pasado ya lo tenemos muy claro: al tercer d\u00eda ya va oliendo y al cuarto d\u00eda por la ma\u00f1ana tienen que venir a limpiarlos. As\u00ed que mientras vengan puntualmente no hay problema.<\/p>\n\n\n\n<p>Hoy ha sido tambi\u00e9n el d\u00eda del lobato, que consiste en que todos &nbsp;los lobatos salen juntos de excursi\u00f3n con sus jefes. Han ido a Villanova por un camino que pasa por detr\u00e1s de campamento, a lo largo del cual los scouters hab\u00edan ido poniendo pistas. All\u00ed han estado alrededor de la iglesia, donde ten\u00edan una fuente, sombra y un techado, y han estado haciendo juegos. Hubieran querido ir a la piscina, pero llamaron para preguntar si pod\u00edan llevar a 150 ni\u00f1os y les dijeron que imposible, y en Castej\u00f3n de Sos ya estaba llena. Y este a\u00f1o nos han dicho que no nos podemos ba\u00f1ar en el r\u00edo porque abren la presa sin avisar. Pero a pesar de no haber tenido piscina han disfrutado de un d\u00eda agradable de excursi\u00f3n.<\/p>\n\n\n\n<p>Precisamente hace 4 a\u00f1os, en este mismo sitio, una castora llamada Mar\u00eda tuvo su \u00abd\u00eda del castor\u00bb. En aquella ocasi\u00f3n fueron al r\u00edo, y la ni\u00f1a se tropez\u00f3 y cay\u00f3 mal (di\u00f3 con el brazo en una piedra del r\u00edo) y se rompi\u00f3 el brazo. Pues ha querido el destino que a la misma Mar\u00eda, hoy en el \u00abd\u00eda del lobato\u00bb, le ha vuelto a pasar lo mismo!!! Ella se lo ha tomado con muy buen humor, ya tiene su f\u00e9rula y ma\u00f1ana la llevar\u00e1n al hospital para hacerle una radiograf\u00eda. Tambi\u00e9n un esculta, \u00c1lvaro, ha vuelto hoy a campamento con una torcedura de tobillo. Nada grave, con un tensoplast ha salido andando&#8230;<\/p>\n\n\n\n<p>Durante la ma\u00f1ana, las tropas han tenido un taller sobre seguridad en la monta\u00f1a de Monta\u00f1as Seguras, un programa de prevenci\u00f3n de accidentes en monta\u00f1a. El chico que ha venido a dar el taller ha conseguido involucrar a los troperos pidi\u00e9ndoles que ellos mismos eligieran qu\u00e9 prefer\u00edan: unos han trabajado sobre unos mapas y otros han preparado unas representaciones de situaciones de seguridad en la monta\u00f1a, cada uno ha elegido lo que prefer\u00eda.<\/p>\n\n\n\n<p>Por la tarde hemos tenido la misa del domingo, adelantada al s\u00e1bado para que pudieran participar las tropas, que ma\u00f1ana salen de raid. Por cierto, ver\u00e9is en las fotos que justo antes de la misa las tropas ten\u00edan tomado el comedor porque estaban haciendo los \u00ablotes\u00bb, los famosos lotes de comida que le toca llevar a cada uno. Es todo un ritual: se empieza por buscar objetos pesados de los que haya muchos iguales, por ejemplo los briks de leche,y se asigna uno a cada lote. Luego otros objetos de los que haya muchos, con la idea de poner uno en cada lote. Luego hay que empezar a compensar: a unos les ponemos las latas de at\u00fan, a otros los macarrones, a otros las magdalenas (a alguien se le ha ocurrido desayunar magdalenas el tercer d\u00eda de raid!) que pesan poco pero ocupan mucho, y llegar\u00e1n pesando lo mismo pero ocupando la tercera parte&#8230;<\/p>\n\n\n\n<p>Una cosa que nos ha hecho ilusi\u00f3n es que en la misa hemos estrenado la capilla nueva! Es una construcci\u00f3n nueva de este a\u00f1o para la que hemos comprado tres palos largos que forman un tr\u00edpode sobre el que se hace un \u00abPH\u00bb (un trenzado de cuerdas, que por cierto nunca he sabido de qu\u00e9 son las &nbsp;iniciales \u00abPH\u00bb). Est\u00e1 todav\u00eda sin terminar. Ver\u00e9is que en el centro del tr\u00edpode hay un aro blanco, que representa la Eucarist\u00eda. Cuando la terminemos, debajo de la Sagrada Forma habr\u00e1 un c\u00e1liz. A ver si ma\u00f1ana la terminamos!<\/p>\n\n\n\n<p>Pero la misa ha terminado \u00abde forma acelerada\u00bb. Al final de la comuni\u00f3n han empezado a caer unos goterones a ritmo creciente&#8230; y Paco nos ha dado la bendici\u00f3n en un santiam\u00e9n, nunca mejor dicho :-). El \u00abpod\u00e9is ir en paz\u00bb ha sido malinterpretado por los asistentes, que han salido corriendo como locos a coger chubasqueros, cerrar tiendas, tapar macutos&#8230; Y no era para menos, que ya sabemos c\u00f3mo se las gastan aqu\u00ed las tormentas. La de hoy ha sido de mucho viento y bastante agua. Habr\u00e1 durado una media hora muy intensa. Los ni\u00f1os han estado en sus tiendas (en algunas, sobre todo de castores, se han metido alg\u00fan scouter para animar a los que estaban m\u00e1s asustados). Y la mayor\u00eda de los scouters and\u00e1bamos tensando vientos, clavando clavijas, extendiendo pl\u00e1sticos&#8230; Es un ejemplo que creo que los ni\u00f1os no olvidar\u00e1n: ver que tus jefes andan chapoteando en los charcos para clavar bien las tiendas durante la tormenta, unos con chubasqueros buenos, y otros en camiseta, pero todos con buena parte de la ropa calada, es la mejor demostraci\u00f3n de esa mezcla de esp\u00edritu de servicio y de \u00e1nimo alegre ante las dificultades que caracteriza a los scouts. Los ni\u00f1os han estado muy bien en las tiendas durante el rato de la tormenta, y las tiendas estaban mejor clavadas y tensadas que nunca.<\/p>\n\n\n\n<p>Cuando hemos vuelto a las zonas comunes al amainar la tormenta nos hemos encontrado con que el viento ha levantado uno de los toldos de cocina, arrancando la mayor\u00eda de los ojetes de un lado, y que la tienda de sanidad la ha tumbado el viento y se la ha llevado varios metros. La tienda de sanidad es una tienda azul de las grandes, pero resulta que estaba abierta por una puerta y cerrada por la otra. Cuando sopla el aire y ambas puertas est\u00e1n abiertas la tienda se comporta como un t\u00fanel de viento (ya pas\u00f3 ayer), pero al estar cerrada una puerta, se ha comportado como una vela. Y como no hab\u00eda ning\u00fan enfermo en sanidad y todos est\u00e1bamos centrados en las tiendas de los ni\u00f1os, nadie se ha dado cuenta de lo de la puerta hasta que el viento ha tumbado la tienda. La que se ha llevado el susto del d\u00eda ha sido la perrita Lola, que estaba atada a la pata de la camilla, y ha sido rescatada por Leti!!<\/p>\n\n\n\n<p>Despu\u00e9s de estas vicisitudes, hemos arreglado el toldo de cocina provisionalmente y hemos secado las mesas del comedor para la cena. Por suerte, la cena estaba hecha y los ni\u00f1os han podido comerse un pur\u00e9 de verduras calentito tan rico como siempre y un at\u00fan con huevos duros tambi\u00e9n muy rico (y como siempre, leche y galletas). A mediod\u00eda hemos comido arroz con carne y su salsa, muy logrado porque al usar arroz vaporizado ha quedado muy suelto, nada apelmazado (al hacer arroz para tantas personas en un perolo hondo hay un riesgo grande de que te salga un engrudo, que si encima se \u00abagarra\u00bb por debajo, toma un sabor a quemado caracter\u00edstico de la comida de los troperos, que como sab\u00e9is es la primera rama en la que ya se cocinan ellos su propia comida \ud83d\ude09 ).<\/p>\n\n\n\n<p>Como v\u00e9is ha sido un d\u00eda intenso, sobre todo la parte de la tormenta, m\u00e1s bien para los scouters que para los ni\u00f1os. Aunque para los ni\u00f1os el vivir la tormenta desde dentro de la tienda ya es suficientemente emocionante. Hay que decir, sin embargo, que las emociones iban por barrios: mientras yo estaba clavando unas clavijas de una tienda he visto que desde dentro se asomaba un ni\u00f1o por una ventana de pl\u00e1stico transparente de la propia tienda, limpiando el vaho con su mano. Me dec\u00eda algo, pero con el ruido de las gotas cayendo en las tiendas, y al hablar a trav\u00e9s del pl\u00e1stico, y que yo llevaba la capucha puesta&#8230; pues no le o\u00eda. Preocupado por si me estaba diciendo algo urgente he dejado la clavija para acercarme, y le he gritado que me gritara, y el castor, esforz\u00e1ndose por hacerse oir, por fin ha conseguido hacerme entender su urgente necesidad: \u00a1\u00a1\u00a1QUE CU\u00c1NDO CENAMOS!!! &nbsp; Uno de los mayores logros de la maduraci\u00f3n personal en los seres humanos es, desde luego, la capacidad de empat\u00eda.<\/p>\n\n\n\n<p>Ahora la calma reina en el campamento. La guardia se pasea de aqu\u00ed para all\u00e1&#8230; y como es habitual han pasado por cocina para buscar la tableta de chololate que cada noche se esconde para ellos.<\/p>\n\n\n\n<p>Que descans\u00e9is!<\/p>\n\n\n\n<hr class=\"wp-block-separator has-css-opacity\"\/>\n\n\n\n<h3 class=\"wp-block-heading\"><strong>19 DE JULIO<\/strong><\/h3>\n\n\n\n<p>\u00a1Buenas noches a todos!<\/p>\n\n\n\n<p>\u00bfC\u00f3mo est\u00e1is? Esperamos que muy bien. Ya van pasando los d\u00edas sin vuestros hijos, o hermanos, o nietos&#8230; Seguro que les ech\u00e1is de menos, pero pod\u00e9is estar seguros de que est\u00e1n viviendo experiencias inolvidables. Hoy ha sido un d\u00eda de esos de grandes emociones: despedidas, bienvenidas y alguna celebraci\u00f3n de un \u00e9xito.<\/p>\n\n\n\n<p>Las despedidas cuando una &nbsp;unidad se va de raid son siempre emocionantes: aunque solo se despidan para unos d\u00edas, los hermanos que est\u00e1n en otras unidades van a despedir a su hermano que se marcha de raid, y tambi\u00e9n los amigos&#8230; Tambi\u00e9n los que se van est\u00e1n emocionados, pero hay una mezcla de emociones: por una parte el miedo al raid (\u00bfpodr\u00e9 andar tanto con la mochila? \u00bfaguantar\u00e9 el raid hasta el final?), y por otra la emoci\u00f3n por aventura de la supervivencia (si el campamento os parece un lugar con ciertas incomodidades comparado con la casa de uno, en el raid damos una vuelta m\u00e1s de tuerca y dejamos parte de nuestras cosas en el campamento, incluida la protecci\u00f3n de todas las dem\u00e1s unidades&#8230; ). &nbsp;Si en campamento descubres que puedes ser feliz con la d\u00e9cima parte de las cosas que tienes en casa, sorprendentemente en el raid descubres que eres a\u00fan m\u00e1s feliz con la mitad de las cosas que ten\u00edas en el campamento.<\/p>\n\n\n\n<p>Pues hoy se han despedido del campamento las tres tropas (Caimanes, Dragones y Tiburones), y dos manadas (Dewanee y Chikay). Les ver\u00e9is en las fotos, con sus macutos en la \u00abfoto oficial de salida de raid\u00bb, y tambi\u00e9n en la formaci\u00f3n cuando los scouters de la unidad piden permiso al Jefe de Campo para salir de raid. El Jefe de Campo es cada d\u00eda un scouter (de los scouters m\u00e1s experimentados), y todas las personas que entran y salen del campamento deben informar al Jefe de Campo. Las manadas van m\u00e1s cerca, y alguna de las tropas quiere subir el pico Gallinero, cuya cumbre es visible desde el campamento. Los de Dragones se han llevado un espejo de se\u00f1ales para hacernos destellos desde la cumbre!<\/p>\n\n\n\n<p>Pero ha habido m\u00e1s despedidas: algunos le\u00f1adores (personas de Caba\u00f1a) se han ido a Madrid despu\u00e9s de estar aqu\u00ed desde el principio del campamento, y otros han podido estar solo el fin de semana. A todos les agradecemos mucho su ayuda. Nos gustar\u00eda que se hubieran podido quedar m\u00e1s, pero as\u00ed es el mundo laboral&#8230;<\/p>\n\n\n\n<p>Ah, \u00a1se me olvidaba otra bienvenida! Hoy han llegado a campamento tres ni\u00f1as que no han podido incorporarse antes porque estaban en los campeonatos de Espa\u00f1a de nataci\u00f3n sincronizada. \u00a1Tenemos a tres campeonas en el Grupo!<\/p>\n\n\n\n<p>La verdad es que me cuesta recordar lo que ha pasado en el d\u00eda porque ya ha acabado el Kraal y estamos cantando con la guitarra&#8230; Es muy dif\u00edcil describir lo que sientes al volver a cantar canciones que o\u00edas de ni\u00f1o: es un regalo que no tiene precio. En el campamento llamamos a estas noches, las noches en las que cantamos con la guitarra porque el Kraal es corto y hay muy pocas unidades en campamento, \u00abnoches m\u00e1gicas\u00bb. Adem\u00e1s, esta noche tenemos un cielo precioso, estrellado, sin luna, de los que es imposible ver en Madrid (Arturo ha hecho algunas fotos, ma\u00f1ana las subir\u00e9). Y esto nos lleva al cap\u00edtulo de bienvenidas, porque el que est\u00e1 tocando la guitarra es Nacho, que ayer se incorpor\u00f3 al campamento. Y hoy se ha incorporado Alimoche con su familia, inclu\u00eddo Juan, que es el scout m\u00e1s joven del campamento (le pod\u00e9is ver en las fotos con su uniforme :-)).<\/p>\n\n\n\n<p>Pero ha habido tambi\u00e9n bienvenidas de unidades: una unidad ha vuelto hoy de su raid! Han sido los castores de Kiowa, que salieron ayer. Los raids de castores son los m\u00e1s cortos, solo pasan una noche fuera de campamento. Los lobatos pasan 4 noches, las tropas 5 noches, y los escultas y rovers 9 noches &#8211; 10 d\u00edas. \u00bfOs acord\u00e1is de que ten\u00edan que subir una monta\u00f1a (hasta Ch\u00eda, el pueblo que est\u00e1 en lo alto de la monta\u00f1a)? \u00a1\u00a1Pues han vuelto felices de haberlo conseguido!! Pod\u00e9is ver sus caras de felicidad en las fotos. Han llegado justo para incorporarse a la arriada, y Nacho les ha preguntado si les hab\u00eda costado, y si hab\u00eda merecido la pena el esfuerzo. \u00a1Claro que s\u00ed! Y por supuesto, lo importante no es la experiencia concreta de llegar a la cumbre, sino el aprendizaje de que hay que ser valiente para enfrentarse a retos dif\u00edciles. Nacho les ha contado algo que muchos hemos pensado en momentos dif\u00edciles de nuestra vida partiendo de nuestra experiencia scout: \u00ab\u00bfC\u00f3mo no voy a poder yo con esto si pude con aquella monta\u00f1a, aquel raid, aquel macuto, aquella tormenta, aquella presentaci\u00f3n de empresas, aquel juego de supervivencia&#8230;?\u00bb.<\/p>\n\n\n\n<p>Ahora mismo estamos cantando la canci\u00f3n de&nbsp;<div id=\"mp3jWrap_0\" class=\"mjp-s-wrapper s-graphic unsel-mjp \" style=\"font-size:18px;\"><span id=\"playpause_wrap_mp3j_0\" class=\"wrap_inline_mp3j\" style=\"font-weight:700;\"><span class=\"gfxbutton_mp3j play-mjp\" id=\"playpause_mp3j_0\" style=\"font-size:18px;\">&nbsp;&nbsp;&nbsp;&nbsp;&nbsp;<\/span>&nbsp;<span class=\"group_wrap\"><span class=\"bars_mp3j\"><span class=\"loadB_mp3j\" id=\"load_mp3j_0\"><\/span><span class=\"posbarB_mp3j\" id=\"posbar_mp3j_0\"><\/span><\/span><span class=\"T_mp3j\" id=\"T_mp3j_0\" style=\"font-size:18px;\">1. Homenaje a Pepe y Mavi<\/span><span class=\"indi_mp3j\" style=\"font-size:12.6px;\" id=\"statusMI_0\"><\/span><\/span><span class=\"vol_mp3j flipped\" id=\"vol_mp3j_0\"><\/span><\/span><\/div><span class=\"s-nosolution\" id=\"mp3j_nosolution_0\" style=\"display:none;\"><\/span><script>\nMP3jPLAYLISTS.inline_0 = [\n\t{ name: \"1. Homenaje a Pepe y Mavi\", formats: [\"mp3\"], mp3: \"L2ltYWdlcy9zdG9yaWVzL2F1ZGlvL0dydXBvJTIwU2NvdXQlMjAyODQlMjAtJTIwSm9sZ29yaWV0ZSUyMEdyYW5kZXMlMjBFeGl0b3MlMjAtJTIwSG9tZW5hamUlMjBhJTIwUGVwZSUyMHklMjBNYXZpLm1wMw==\", counterpart:\"\", artist: \"\", image: \"\", imgurl: \"\" }\n];\n<\/script>\n\n<script>MP3jPLAYERS[0] = { list: MP3jPLAYLISTS.inline_0, tr:0, type:'single', lstate:'', loop:true, play_txt:'&nbsp;&nbsp;&nbsp;&nbsp;&nbsp;', pause_txt:'&nbsp;&nbsp;&nbsp;&nbsp;&nbsp;', pp_title:'', autoplay:false, download:false, vol:100, height:'' };<\/script>, preciosa&#8230; \u00abLa &nbsp;tierra empapada me hace pensar&#8230;\u00bb<\/p>\n\n\n\n<p>Hablando del parte m\u00e9dico: resulta que Mar\u00eda al final no tiene el brazo roto, seg\u00fan la radiograf\u00eda. No llega a ser fractura, \u00a1buena noticia! A cambio, un comunero, Dani, se ha tenido que volver del raid con la rodilla dolorida. Por cierto, hoy hemos terminado de restaurar la tienda de sanidad, pero en otra tienda distinta: en lugar de la tienda azul, que ha quedado bastante da\u00f1ada, ahora Sanidad est\u00e1 en una de las tiendas naranjas. A la tienda azul se le han rajado varios metros del bajo, se han roto tres vientos, y se han hecho dos agujeros en el techo. A\u00fan as\u00ed la hemos puesto, y guardaremos en ella el material que guard\u00e1bamos en la naranja.<\/p>\n\n\n\n<p>Pero la reparaci\u00f3n m\u00e1s impresionante no ha sido la de Sanidad, sino la del toldo de cocina. Siguiendo una idea de Ernesto de hacer un sandwich con dos listones para agarrar el toldo, y completando esa idea con la buena ejecuci\u00f3n de media Caba\u00f1a, el toldo ha quedado reparado y tenso. A los que os gusten las \u00abchapuzas\u00bb o \u00ab\u00f1apas\u00bb os har\u00e1 gracia ver las fotos de c\u00f3mo ha quedado el toldo, y de c\u00f3mo estaba esta ma\u00f1ana la cocina con el \u00abtecho solar\u00bb \ud83d\ude09<\/p>\n\n\n\n<p>Sobre las construcciones, hoy hemos avanzado otro poco con la capilla. Este a\u00f1o estamos haciendo un esfuerzo especial con la capilla, para tener una capilla especial para el 40 aniversario. Es el primer a\u00f1o que traemos una estructura (aunque sea de solo 3 palos) para capilla. Pero con lo que nos est\u00e1 costando alguno ya se cachondea y nos dice que es \u00abla capilla Sixtina\u00bb. Por cierto, hay ha venido Miguel \u00c1ngel al campamento, un padre muy querido que ha venido tambi\u00e9n a traer a su hijo directamente al raid, pero no ha pintado nada en la capilla. &nbsp;\ud83d\ude09 Pod\u00e9is ver nuestros avances en las fotos, a ver si os gusta el Cristo hecho de cuerda!<\/p>\n\n\n\n<p>En las fotos tambi\u00e9n hoy hemos subsanado una carencia que arrastr\u00e1bamos&#8230; \u00a1no hab\u00edamos subido fotos de las parcelas! Con esto de no hacer el D\u00eda de la Fantas\u00eda, no hab\u00edamos hecho el recorrido para visitar las parcelas. As\u00ed que hoy pod\u00e9is ver en las fotos lo mejor de las parcelas. Si hubiera que dar un premio a la mejor puerta creo que ser\u00eda sin duda para los castores de Cherokee (a ver si est\u00e1is de acuerdo conmigo), y el mejor potero (se llama as\u00ed, pero en realidad no es para colgar solo el poto, sino que es m\u00e1s bien un perchero para colgar las bolsas de cantina) ser\u00eda el de Dewanee, que adem\u00e1s podr\u00eda ganar un premio de marketing porque tiene forma de cruz roja y su tema de campamento es precisamente la Cruz Roja. Pero el premio a la construcci\u00f3n m\u00e1s ingeniosa ser\u00eda para el tendedero de Cherokee, que h\u00e1bilmente han visto en un andamio la estructura ideal para sacar un tendedero de gran capacidad. \u00bfNo es para aplaudirles?<\/p>\n\n\n\n<p>\u00bfY hoy no felicitamos a la patrulla de servicio? Pues s\u00ed, otra vez!! Esto de que la patrulla de servicio sea tan excepcionalmente trabajadora durante varios d\u00edas seguidos no es normal. Pero la de hoy tiene un m\u00e9rito adicional a las de los d\u00edas anteriores: hoy eran solo lobatos (no hab\u00eda ning\u00fan tropero ni unidades mayores). Y como pod\u00e9is ver en las fotos, han estado picando verdura, cociendo patatas, lavando much\u00edsimos cacharros&#8230; y &nbsp;tan contentos de servir. As\u00ed da gusto! Como premio, han arriado la bandera (salir a izar o arriar es un honor que cada d\u00eda se concede a quien m\u00e1s se lo merece), junto con una castora de Kiowa en representaci\u00f3n de los que volv\u00edan de raid habiendo llegado a la cumbre de la monta\u00f1a.<\/p>\n\n\n\n<p>\u00bfY el tiempo? Pues hoy ha sido el mejor d\u00eda de los que llevamos, porque hemos tenido sol pero menos calor, y con alg\u00fan intervalo nuboso que siempre se agradece cuando pasa la nube, y a mediod\u00eda ha amenazado con llover pero al final no ha ca\u00eddo ni una gota.<\/p>\n\n\n\n<p>As\u00ed que ahora mismo solo hay 4 unidades en el campamento (los castores de Cherokee y Kiowa, y los lobatos Ethawa y Segowlee) m\u00e1s la Caba\u00f1a. Es raro ver el campamento tan vac\u00edo, las parcelas solo con una tienda (la que se deja cada unidad con la ropa que no se llevan de raid)&#8230; Rezamos por todos los que est\u00e1n de raid, y os pedimos a vosotros que tambi\u00e9n rec\u00e9is por ellos y por nosotros. Que crezcan mucho como personas en el raid y que vuelvan felices y sanos al campamento.<\/p>\n\n\n\n<p>Ya hemos terminado de cantar. Quedamos en el comedor solo unos pocos de la Caba\u00f1a con Nacho. Ya nos vamos a dormir&#8230; Ma\u00f1ana creo que se van de raid Ethawa y Segowlee&#8230;<\/p>\n\n\n\n<p>\u00a1Hasta ma\u00f1ana!<\/p>\n\n\n\n<hr class=\"wp-block-separator has-css-opacity\"\/>\n\n\n\n<h3 class=\"wp-block-heading\"><strong>20 DE JULIO<\/strong><\/h3>\n\n\n\n<p>\u00a1Buenas noches!<\/p>\n\n\n\n<p>Hoy iba a ser un dia muy tranquilo \ud83d\ude09<\/p>\n\n\n\n<p>&#8230;y al final ha tenido varias sorpresas. Iba a ser muy tranquilo porque solo ten\u00edan que salir de raid Ethawa y Segowlee. Pero la primera sorpresa ha sido que cuando nos hemos levantado no ten\u00edamos agua. Al menos ten\u00edamos los bidones llenos, as\u00ed que pod\u00edamos fregar e incluso ducharnos (mientras durara el dep\u00f3sito&#8230;). La situaci\u00f3n era urgente porque sin agua solo podemos aguantar unas horas. Era muy raro porque ayer ten\u00edamos muy buen caudal.<\/p>\n\n\n\n<p>Est\u00e1bamos preparando la expedici\u00f3n para ir a buscar la aver\u00eda cuando ha llegado la segunda sorpresa: \u00a1nos han llamado por tel\u00e9fono los scouters de la Trops Scout Dragones para avisarnos de que hab\u00edan hecho cumbre en el pico Gallinero! Y a\u00fan era bastante temprano, as\u00ed que deben haber madrugado bastante para subir con la fresca, como hacen los buenos monta\u00f1eros. La cumbre del Gallinero es visible desde el campamento, as\u00ed que hemos intentado verles, pero ten\u00edamos el sol en contra -muy cerca de la cumbre- y ha sido imposible (tenemos un telescopio terrestre pero es muy peligroso mirar cerca del sol porque si en alg\u00fan momento, por error, miras al sol, te puedes quedar ciego).<\/p>\n\n\n\n<p>Tampoco hemos podido hacer foto oficial de salida de campamento de las dos manadas, porque est\u00e1bamos liados con el agua&#8230; Una pena! \ud83d\ude41 &nbsp;La buena noticia es que la expedici\u00f3n ha merecido la pena porque hemos encontrado la obstrucci\u00f3n de la manguera que viene del manantial de la monta\u00f1a, y adem\u00e1s hemos conectado la seguna acometida de agua de la que habl\u00e1bamos el otro d\u00eda, que al final resulta que no se lleg\u00f3 a conectar. Ha costado mucho porque la manguera va monta\u00f1a arriba atravesando arbustos de boj y canchales, y la verdad es que no sab\u00edamos d\u00f3nde estaba el atasco, de hecho al principio no sab\u00edamos que era un atasco y pens\u00e1bamos que se habr\u00eda desconectado la conexi\u00f3n en el manantial. Como la conexi\u00f3n estaba bien, ha sido idea de Arturo ir bajando d\u00e1ndole golpes al tubo hasta que en un sitio ha empezado a sonar que ca\u00edan como piedrecitas y poco despu\u00e9s ha empezado a salir ya todo el caudal.<\/p>\n\n\n\n<p>La tercera sorpresa es que hoy nos ha llegado la inspecci\u00f3n de sanidad! Sab\u00edamos que en Arag\u00f3n son especialmente duros (record\u00e1bamos especialmente la de este mismo sitio de 2011), y efectivamente ha sido dura, pero la hemos pasado, aunque con algunos defectos leves que debemos subsanar (y lo haremos) en unos d\u00edas. A las inspectoras les ha sorprendido la buena resoluci\u00f3n de algunos de los defectos leves que se\u00f1alaron en 2011, especialmente la de los armarios con puerta corredera. Otra cosa que les ha gustado ha sido que tengamos un \u00e1rea de la cocina separada (con un fuego distinto y cacharros distintos) para cocinar para los al\u00e9rgicos y cel\u00edacos. El principal defecto que no hemos subsanado es el de que la cocina deber\u00eda tener un suelo fregable, antideslizante y no poroso. Como sab\u00e9is, el suelo de la cocina es el suelo del campo, con su tierra, su hierba&#8230; Uno de los defectos que subsanaremos pronto f\u00e1cilmente es tener una planilla que indique los turnos de limpieza y donde las personas que limpien firmen (como se ve en muchos ba\u00f1os de restaurantes). Lo que ocurre es que nos aplica la misma normativa de un restaurante, y es dif\u00edcil aplicar algunos puntos. La legislaci\u00f3n deber\u00eda diferenciar entre un restaurante y un campamento: eso ayudar\u00eda a que hubiera m\u00e1s campamentos, que le hacen falta a la juventud.<\/p>\n\n\n\n<p>Mientras todas estas cosas ocurr\u00edan, los castores eran los \u00fanicos que estaban en campamento, jugando, haciendo talleres&#8230; Pero no todo el tiempo tienen actividades organizadas por sus scouters. Tienen ratos de \u00abtiempo libre\u00bb, por ejemplo cuando los scouters est\u00e1n comiendo, o a la hora de la siesta. Pues es revelador verles jugar en el tiempo libre: han estado disfrutando del campo, de la imaginaci\u00f3n para inventarse sus juguetes, de la naturaleza&#8230; De todo lo que no se puede hacer en Madrid y menos a\u00fan en casa.<\/p>\n\n\n\n<p>A unos con vocaci\u00f3n de constructores se les ha ocurrido hacer un muro, y lo han hecho! Cuando me estaba lavanco las manos en el lavamanos de las letrinas (que no s\u00e9 si lo cont\u00e9 pero est\u00e1 funcionando ya desde hace dos o tres d\u00edas), ha venido una castora con un barre\u00f1o embarrado para coger agua. Me ha mirado como diciendo \u00abAy, este me va a echar la bronca porque esto est\u00e1 perdido de barro, y adem\u00e1s el lavamanos de las letrinas no es para coger agua&#8230;\u00bb. Pero le he preguntado para qu\u00e9 era el agua y me ha explicado que era para hacer cemento. &#8211; \u00bfCemento? \u00bfY para qu\u00e9 quer\u00e9is cemento? &#8211; Para hacer un muro. &#8211; Ah, \u00bfme lo ense\u00f1as? Y nos hemos ido a ver el muro. Varias castoras se estaban ocupando de hacer el cemento, que como os pod\u00e9is imaginar era barro, y otros castores iban colocando las piedras. Llevaban un muro &nbsp;que les llegaba por la cintura! Y estaban muy orgullosos de su muro.<\/p>\n\n\n\n<p>Y entonces otros castores de Cherokee me han ense\u00f1ado que estaban haciendo trampas para los de Kiowa. Pod\u00e9is ver una de las trampas en las fotos, as\u00ed como el muro. En seguida otros me han ense\u00f1ado que hab\u00edan hecho un huerto. No s\u00e9 qu\u00e9 semillas habr\u00e1n plantado, pero han hecho una cerca peque\u00f1ita y hasta un espantap\u00e1jaros! Y otros hab\u00edan cazado una mantis religiosa y la hab\u00edan metido en una bolsa, y le hab\u00edan metido tambi\u00e9n un saltamontes para ver si se lo com\u00eda. La verdad es que daba gusto verles haciendo cosas que no pueden hacer en otros sitios. En este mundo cada vez m\u00e1s tecnificado nuestros hijos saben manejar la tablet antes de saber leer y &nbsp;casi hablar, pero pocas veces tienen tiempo para aburrirse e inventarse ellos mismos sus juegos libremente. Les damos demasiados planes hechos. Por eso es muy educativo el tiempo libre (y a ellos les gusta). Sus jefes no est\u00e1n encima de ellos, aunque est\u00e1n a la vista. As\u00ed se sienten protegidos y a la vez libres. Daba gusto verles: los ni\u00f1os de hoy en d\u00eda siguen sabiendo jugar con barro, piedras, palos y bichos.<\/p>\n\n\n\n<p>El tiempo hoy ha sido bastante caluroso como siempre, pero hoy no ha habido amago de tormenta por la tarde. Ma\u00f1ana dicen que s\u00ed llover\u00e1, incluso precisan que ser\u00e1 a las 12 de la ma\u00f1ana. Acertar\u00e1n?<\/p>\n\n\n\n<p>Hoy hemos comido macarrones bolo\u00f1esa (el plan era hacer cocido pero con la inspecci\u00f3n de sanidad nos hemos entretenido y al final no ha dado tiempo a hacer el cocido) y hemos cenado pur\u00e9 de calabac\u00edn y unas salchichas de carnicer\u00eda cocidas al vino con laurel y pimienta negra en grano, buen\u00edsimas!<\/p>\n\n\n\n<p>Ah, por fin hemos acabado la capilla!! Faltaba ponerle el c\u00e1liz, lo pod\u00e9is ver en las fotos. \u00a1A ver si os gusta! Es una capilla especial para el 40 aniversario. Alguno que la ha visto ha preguntado si el c\u00edrculo (que representa la Forma consagrada) representa una pelota de baloncesto y lo que hay debajo (el c\u00e1liz) es la canasta con su red! Un castor nos ha preguntado si el c\u00e1liz era para que Paco se subiera encima para hablar, y otro nos ha preguntado si se encend\u00eda!! Pues es una idea&#8230; \ud83d\ude09<\/p>\n\n\n\n<p>Y la cuarta y \u00faltima sorpresa es que ya tenemos cartas en el campamento. Y por cierto, tambi\u00e9n tenemos un buz\u00f3n donde los ni\u00f1os puede echar sus cartas para escribiros. Hoy hab\u00eda un castor ech\u00e1ndole una carta de amor a una castora. Hab\u00eda puesto el remitente en clave: solo hab\u00eda dado una pista.<\/p>\n\n\n\n<p>Ma\u00f1ana que se va Cherokee y la Caba\u00f1a tendremos \u00abel d\u00eda de Caba\u00f1a\u00bb, que solemos aprovechar para salir a comer fuera a alg\u00fan pueblo y poder disfrutar un poco de la zona. Pero como dicen en los toros, ser\u00e1 \u00absi el tiempo lo permite\u00bb \ud83d\ude42<\/p>\n\n\n\n<p>Que durm\u00e1is bien!<\/p>\n\n\n\n<hr class=\"wp-block-separator has-css-opacity\"\/>\n\n\n\n<h3 class=\"wp-block-heading\"><strong>21 DE JULIO<\/strong><\/h3>\n\n\n\n<p>\u00a1Buenas noches a todos!<\/p>\n\n\n\n<p>Hoy estamos de guardia la Caba\u00f1a, ya ha acabado el Kraal y estamos solo unos pocos en el comedor: los de la primera guardia y los de la segunda (si te toca la segunda guardia no merece la pena acostarte para levantarte en una hora). \u00bfOs acord\u00e1is de que ayer anunciaban una tormenta para las 12? Pues la tormenta ha llegado tarde, a las 17h, pero ha llegado&#8230; \u00a1y todav\u00eda no se ha terminado de ir!<\/p>\n\n\n\n<p>En realidad la tormenta fuerte ha durado tres cuartos de hora, con un pico de gran intensidad en el que ha ca\u00eddo granizo durante unos quince minutos. En las letrinas hemos recogido un cubo de granizo! Pero ha sido una tormenta muy c\u00f3moda porque no ha hecho nada de viento, as\u00ed que hemos estado tranquilamente en el comedor, achicando las bolsas de agua de los toldos y con los castores de Kiowa tan contentos.<\/p>\n\n\n\n<p>Despu\u00e9s ha amainado y parec\u00eda que iba a dejar de llover, pero luego ha vuelto a llover ya m\u00e1s suave, y luego ha seguido lloviendo intermitentemente, pero suave. La verdad es que mientras no haya viento no hay ning\u00fan problema.<\/p>\n\n\n\n<p>Como dec\u00eda, estamos solos con Kiowa porque Cherokee (la otra colonia de castores) se ha ido hoy de raid. Est\u00e1n haciendo el mismo raid que Kiowa: subir hasta Ch\u00eda, que para ellos es \u00absubir hasta la cumbre de la monta\u00f1a\u00bb. Han llegado al mirador desde el que se ve el campamento y nos han saludado tambi\u00e9n, pero la Caba\u00f1a no est\u00e1bamos en ese momento en campamento porque&#8230; \u00a1hoy es el d\u00eda de Caba\u00f1a!<\/p>\n\n\n\n<p>M\u00e1s que \u00abel d\u00eda de Caba\u00f1a\u00bb, hoy ha sido \u00abel mediod\u00eda (no el medio d\u00eda ;-)) de Caba\u00f1a\u00bb, porque simplemente hemos salido a comer fuera. Hemos ido a un restaurante en Castej\u00f3n de Sos. Ha sido un rato muy agradable para relajarnos y celebrar que estamos juntos. Eso s\u00ed, mirando por la ventana del restaurante c\u00f3mo se iba oscureciendo el cielo&#8230; y hemos tenido suerte porque ha empezado a llover cuando ya est\u00e1bamos acabando, as\u00ed que nos hemos vuelto r\u00e1pido al campamento.<\/p>\n\n\n\n<p>Hoy por la ma\u00f1ana hemos tenido tiempo de ir haciendo algunas mejoras en campamento: de las duchas sal\u00eda muy poca agua porque el bid\u00f3n de 1000 litros que las alimenta est\u00e1 a la misma altura que las propias duchas, as\u00ed que no tiene mucha presi\u00f3n. Las hemos conectado directamente a la manguera que llega del manantial, que ahora llega muy bien y con mucha presi\u00f3n. Y ha mejorado much\u00edsimo, pod\u00e9is ver en las fotos los chorros de agua saliendo de las alcachofas! Ten\u00edamos que tenerlas listas para cuando vuelvan las unidades de los raids y quieran ducharse todos!!<\/p>\n\n\n\n<p>Tambi\u00e9n hemos solventado alguna de las deficiencias detectadas en la inspecci\u00f3n de sanidad: hemos puesto rollos de papel en los fregaderos para secarse las manos y un suelo (un toldo) en la tienda que utilizamos como despensa.<\/p>\n\n\n\n<p>Hoy los ni\u00f1os han comido (y la Caba\u00f1a cenado) un cocido riqu\u00edsimo, y los ni\u00f1os han cenado sopa de arroz con menudillo.<\/p>\n\n\n\n<p>De las unidades nos llegan noticias de que todos est\u00e1n bien. La comuna nos dijo por Whatsapp que a partir de ayer perd\u00edan cobertura durante dos d\u00edas. Hoy estaban en el refugio Desplans, cerca del refugio de Viad\u00f3s, viendo unos paisajes preciosos. Ayer acamparon por encima de los 2000 metros de altitud (a partir de esa altitud se permite la acampada libre de 20 a 8h) y esta ma\u00f1ana se han despertado con una de las mejores vistas del Pirineo, viendo las cumbres del Aneto, Maladeta y Posets.<\/p>\n\n\n\n<p>Los Caimanes tambi\u00e9n han coronado hoy el pico Gallinero, aunque tampoco les hemos visto en la cumbre porque no nos han avisado justo cuando estaban en la cumbre.<\/p>\n\n\n\n<p>Tambi\u00e9n ha habido una manada de lobatos que ha hecho rafting hoy (creo que Chikay), qu\u00e9 chulada!<\/p>\n\n\n\n<p>Ma\u00f1ana vuelve Cherokee, seguro que volver\u00e1n plet\u00f3ricos! \ud83d\ude42 Tambi\u00e9n vuelven&nbsp;las manadas Dewanee y Chikay.<\/p>\n\n\n\n<p>A partir de ahora cada vez seremos m\u00e1s en campamento; hoy ha sido el m\u00ednimo. Solo est\u00e1bamos Kiowa, Caba\u00f1a y la patrulla Yacar\u00e9. Por cierto, Yacar\u00e9 es la \u00abpatrulla\u00bb formada por los que est\u00e1n malitos y por eso no pueden estar de raid con su unidad. Hoy eran 5 chavales.<\/p>\n\n\n\n<p>\u00a1Hasta ma\u00f1ana!<\/p>\n\n\n\n<hr class=\"wp-block-separator has-css-opacity\"\/>\n\n\n\n<h3 class=\"wp-block-heading\"><strong>22 DE JULIO<\/strong><\/h3>\n\n\n\n<p>\u00a1Buenas noches amigos!<\/p>\n\n\n\n<p>Os escribimos desde el Kraal, que ya vuelve a ser lo que era porque ahora hay 4 unidades en campamento: Kiowa, que ya estaban, y Cherokee, Chikay y Dewanee que hoy han vuelto de raid. Como es habitual en los Kraales cuando vuelven unidades de raid, los scouters de las unidades est\u00e1n explicando lo que han vivido en sus raids.<\/p>\n\n\n\n<p>Los castores de Cherokee han conseguido subir a la cumbre de la monta\u00f1a, a Ch\u00eda. Salieron con amenaza de lluvia y tras una hora de andar empez\u00f3 a chispear, lo cual les espole\u00f3 para subir deprisa y llegaron a Ch\u00eda en solo 3 horas y pico, que est\u00e1 fenomenal para los castores. Comieron muy tarde, como suele ocurrir en los raids (esto es t\u00edpico de los raids, y tiene su parte buena en cuanto a \u00abliberarse de los horarios r\u00edgidos de campamento\u00bb, pero tambi\u00e9n a veces uno acaba apreciando esa rigidez&#8230; &nbsp;;-)). Los ni\u00f1os est\u00e1n contentos porque han llegado a la cumbre, aunque a la vuelta les ha llovido bastante y han bajado en unas dos horas, un \u00e9xito! Y adem\u00e1s sin que ninguno se quejara!! Los jefes dicen que est\u00e1n<\/p>\n\n\n\n<p>Chikay tambi\u00e9n empez\u00f3 su raid subiendo a Ch\u00eda. El segundo d\u00eda fue hasta El Run, una bajada larga que se hizo dura, y all\u00ed una se\u00f1ora muy amable les ofreci\u00f3 un porche para estar y luego la se\u00f1ora discuti\u00f3 con un se\u00f1or del pueblo para que les dejara un local municipal. Y lo m\u00e1s sorprendente: \u00a1\u00a1\u00a1el tercer d\u00eda hicieron rafting!!! Que para los lobatos es una actividad excepcional. Han llevado adem\u00e1s sus patos al raid (pero no al rafting ;-)), porque no s\u00e9 si sab\u00e9is que Chikay se ha tra\u00eddo al &nbsp;campamento a dos patitos. En agradecimiento a la se\u00f1ora&nbsp;tan amable, han acordado regalarle los patos cuando termine el campamento!! Lo mejor del raid ha sido el rafting, claro, les ha encantado. Han hecho un tramo del r\u00edo que es f\u00e1cil, dura aproximadamente una hora (con chicos m\u00e1s mayores hacen un tramo m\u00e1s largo que dura tres horas) y no requiere que los ni\u00f1os remen apenas, pero s\u00ed que tiene alg\u00fan r\u00e1pido suave.<\/p>\n\n\n\n<p>Dewanee lleg\u00f3 el primer d\u00eda hasta Eriste; fue un d\u00eda largo de andar y llegaron sobre las 18:30, junto con dos tropas. El segundo d\u00eda fueron hasta Cerler por un camino muy bonito, donde durmieron en el polideportivo (y adem\u00e1s se ba\u00f1aron en la piscina, que estaba tan helada que los locales se ba\u00f1aban con neopreno!) tambi\u00e9n con Tiburones y Caimanes, donde el tercer d\u00eda hicieron la ruta de las tres cascadas, que es un PR (sendero de Peque\u00f1o Recorrido). El cuarto d\u00eda bajaron hasta Benasque por otro PR y les cay\u00f3 una buena tormenta, pero los chavales se portaron muy bien. Hoy han vuelto desde Benasque a campamento en autob\u00fas.<\/p>\n\n\n\n<p>Ma\u00f1ana es el \u00abd\u00eda de jefes de castores\u00bb, que es un d\u00eda libre para los jefes de castores. Los scouters de castores son seguramente los que m\u00e1s se cansan, porque mover a los castores requiere mucha energ\u00eda. Cada cosa que se dice hay que gritarla, y no una sino varias veces, y aun as\u00ed siempre hay despistados que no se han enterado de qu\u00e9 tienenque hacer. En este sentido, hay que decir que los scouters de Cherokee han encontrado un invento fant\u00e1stico: \u00a1el \u00abmeg\u00e1fono de repetici\u00f3n\u00bb! Lo descubr\u00ed el otro d\u00eda cuando me dirig\u00eda a las letrinas. Yo ya hab\u00eda visto que los jefes de Cherokee ten\u00edan un meg\u00e1fono, y me hab\u00eda parecido buena idea para no dejarse la garganta. Pero la cosa es que cuando yo iba a las letrinas o\u00ed que dec\u00edan por el meg\u00e1fono: \u00abCastores, nos ponemos el ba\u00f1ador, cogemos la toalla, el gel, el champ\u00fa y las chanclas. Castores, nos ponemos el ba\u00f1ador, cogemos la toalla,&nbsp;el gel, el champ\u00fa y las chanclas. Castores, nos ponemos el ba\u00f1ador, cogemos la toalla, el gel, el champ\u00fa y las chanclas. &#8230; \u00ab. Yo cre\u00eda que MariTere estaba rayada como un disco, y entonces la veo tranquilamente andando por la campa! Entonces me cont\u00f3 que acababan de descubrir que el meg\u00e1fono ten\u00eda bot\u00f3n de \u00abREC\u00bb \ud83d\ude42 &nbsp;Y el meg\u00e1fono segu\u00eda en la parcela de los castores, venga a repetir lo mismo hasta que se le gasten las pilas&#8230; \u00a1\u00a1Luego me contaron que todos los ni\u00f1os llevaron a las duchas todo lo que ten\u00edan que llevar!! Estoy impresionado, de hecho estoy pensando en adquirir uno para uso dom\u00e9stico&#8230; &nbsp;\ud83d\ude09<\/p>\n\n\n\n<p>\u00bfPero qu\u00e9 ha pasado hoy en campamento? Pues que hoy s\u00ed que ha sido un d\u00eda tranquilo, ni siquiera ha estado Kiowa en campa porque han salido de excursi\u00f3n, pero no os cre\u00e1is que nos hemos aburrido. Seguro que hab\u00e9is visto en Twitter el \u00abtop manta 284\u00bb :-), y pod\u00e9is ver m\u00e1s fotos en las fotos de hoy. Ayer con la lluvia (y el granizo) se moj\u00f3 una de las tiendas azules grandes, en la que estaban las camisetas, los polos y las sudaderas del 40 aniversario. Y lo malo es que las sudaderas estaban dentro de las cajas de cart\u00f3n pero sin ning\u00fan envoltorio de pl\u00e1stico, as\u00ed que muchas se han mojado. Los polos y las camisetas est\u00e1n envueltos en pl\u00e1stico, pero con alg\u00fan agujero por el que tambi\u00e9n ha entrado humedad. Menos mal que lo hemos descubierto, porque si se hubieran quedado almacenadas varios d\u00edas con la humedad se habr\u00edan estropeado (como cuando guardas la tienda h\u00fameda y le salen unas manchas de moho que no se quitan).<\/p>\n\n\n\n<p>\u00bfY c\u00f3mo hemos descubierto que todo esto estaba mojado? \u00a1Pues gracias a una de las no conformidades de la inspecci\u00f3n de sanidad! Una de las cosas que nos pidieron fue ponerle un suelo a la tienda azul en cuesti\u00f3n, ya que hace de despensa. As\u00ed que ayer sacamos todo, pusimos como suelo un toldo de los que tenemos de repuesto del comedor, y &nbsp;volvimos a meter todo. Qued\u00f3 muy bonito, con el suelo blanco tan limpito (el toldo). Pero cuando nos cay\u00f3 la tormenta y entr\u00f3 agua en la tienda, la misma impermeabilidad del toldo impidi\u00f3 que se filtrara el agua al suelo, as\u00ed que el toldo sirvi\u00f3 para hacer unos charcos permanentes en el suelo de la tienda. Y como resulta que el toldo es perfectamente liso, al estar mojado y con el barrillo de las botas, era adem\u00e1s una pista de patinaje&#8230; En fin, quedaba claro que el toldo no era una buena soluci\u00f3n, y esta ma\u00f1ana hemos vuelto a vaciar la tienda de todo lo que hay guardado y hemos sacado el toldo embarrado, lo hemos puesto en medio de la campa y, como no \u00edbamos a guardarlo as\u00ed, lo hemos lavado con la manguera y lo hemos dejado secarse al sol.<\/p>\n\n\n\n<p>Y cuando \u00edbamos a meter todo de nuevo en la tienda, nos hemos dado cuenta de que las cajas de cart\u00f3n de las camisetas, polos y sudaderas estaban mojadas por fuera&#8230; y al mirar dentro, que muchas de las sudaderas tambi\u00e9n. \u00bfD\u00f3nde vamos a tender decenas de sudaderas? Pues est\u00e1 claro que Otro hab\u00eda planificado las cosas mejor que nosotros (Sus planes siempre son mejores que los nuestros, nosotros solo tenemos que seguir en cada momento la direcci\u00f3n que nos mande el amor): mira t\u00fa por d\u00f3nde, si no hubi\u00e9ramos tenido que sacar el toldo que hac\u00eda de suelo no hubi\u00e9ramos descubierto que las sudaderas se hab\u00edan mojado, y el plan estaba tan bien hecho que el propio toldo, ya extendido y seco al sol era el sitio perfecto para extender las sudaderas a secarse! &nbsp;Y el tama\u00f1o del toldo era exactamente el justo para toda la ropa que ten\u00edamos que extender.<\/p>\n\n\n\n<p>Por cierto, se ha montado aqu\u00ed despu\u00e9s del Kraal una \u00abNoche M\u00e1gica 2\u00bb, y estamos cantando la canci\u00f3n \u00ab<div id=\"mp3jWrap_1\" class=\"mjp-s-wrapper s-graphic unsel-mjp \" style=\"font-size:18px;\"><span id=\"playpause_wrap_mp3j_1\" class=\"wrap_inline_mp3j\" style=\"font-weight:700;\"><span class=\"gfxbutton_mp3j play-mjp\" id=\"playpause_mp3j_1\" style=\"font-size:18px;\">&nbsp;&nbsp;&nbsp;&nbsp;&nbsp;<\/span>&nbsp;<span class=\"group_wrap\"><span class=\"bars_mp3j\"><span class=\"loadB_mp3j\" id=\"load_mp3j_1\"><\/span><span class=\"posbarB_mp3j\" id=\"posbar_mp3j_1\"><\/span><\/span><span class=\"T_mp3j\" id=\"T_mp3j_1\" style=\"font-size:18px;\">2. A Karyboo<\/span><span class=\"indi_mp3j\" style=\"font-size:12.6px;\" id=\"statusMI_1\"><\/span><\/span><span class=\"vol_mp3j flipped\" id=\"vol_mp3j_1\"><\/span><\/span><\/div><span class=\"s-nosolution\" id=\"mp3j_nosolution_1\" style=\"display:none;\"><\/span><script>\nMP3jPLAYLISTS.inline_1 = [\n\t{ name: \"2. A Karyboo\", formats: [\"mp3\"], mp3: \"L2ltYWdlcy9zdG9yaWVzL2F1ZGlvL0dydXBvJTIwU2NvdXQlMjAyODQlMjAtJTIwSm9sZ29yaWV0ZSUyMEdyYW5kZXMlMjBFeGl0b3MlMjAtJTIwQSUyMEthcnlib28ubXAz\", counterpart:\"\", artist: \"\", image: \"\", imgurl: \"\" }\n];\n<\/script>\n\n<script>MP3jPLAYERS[1] = { list: MP3jPLAYLISTS.inline_1, tr:0, type:'single', lstate:'', loop:true, play_txt:'&nbsp;&nbsp;&nbsp;&nbsp;&nbsp;', pause_txt:'&nbsp;&nbsp;&nbsp;&nbsp;&nbsp;', pp_title:'', autoplay:false, download:false, vol:100, height:'' };<\/script>\u00ab. Nos gusta incluso a los de Muntjak&#8230; &nbsp;\ud83d\ude09<\/p>\n\n\n\n<p>Bueno, pero hoy el acontecimiento que estaba previsto era otro: el cumplea\u00f1os de Jos\u00e9 Manuel, nuestro m\u00e9dico! Ya es tradici\u00f3n celebrarlo en campamento, y curiosamente siempre cae en un d\u00eda en el que estamos solos a la hora de comer. Y curiosamente todos los a\u00f1os es el mismo d\u00eda! (:-P). \u00a1\u00a1Felicidades Jos\u00e9 Manuel!!<\/p>\n\n\n\n<p>Y por supuesto, el otro acontecimiento previsto era la llegada de Cherokee, Chikay y Dewanee de sus raids. Ver\u00e9is en las fotos que han vuelto muy contentos (por cierto, solamente Dewanee ha tenido tiempo de probar las nuevas duchas con \u00abgran caudal\u00bb, porque a los otros el caudal les ha ca\u00eddo del cielo&#8230; \u00a1y sin ponerse el ba\u00f1ador). Pues s\u00ed, a pesar de la peque\u00f1a tormenta de esta tarde las entradas en campamento han sido tan alegres como siempre. Los ni\u00f1os se han alegrado de volver a sus tiendas, a la cena preparada por Caba\u00f1a (hoy hemos cenado una sopa de fideos calentita con trocitos de huevo duro y jam\u00f3n serrano que levantaba a un muerto y san Jacobos.), a ver a sus amigos de otras unidades&#8230;<\/p>\n\n\n\n<p>Tambi\u00e9n hoy hemos tenido una sorpresa en el parte m\u00e9dico: \u00a1una garrapata! S\u00ed, a una ni\u00f1a de Kiowa le han descubierto una garrapata en la espalda y se la ha quitado Jos\u00e9 Manuel. Pero deb\u00eda de llevar varios d\u00edas instalada porque estaba enorme! Yo nunca hab\u00eda visto una tan grande, aunque Jos\u00e9 Manuel s\u00ed las hab\u00eda visto mucho mayores. Pod\u00e9is verla en las fotos&#8230; &nbsp;En otros campamentos hemos tenido muchas garrapatas, incluso algunas personas llegaban a tener m\u00e1s de diez. La garrapata es un par\u00e1sito que se engancha para chupar la sangre, y va creciendo a medida que pasan los d\u00edas, desde menos de un mil\u00edmetro hasta varios mil\u00edmetros. Es muy com\u00fan coger garrapatas cuando se anda por prados con hierbas altas (como helechos) donde hay animales. Hay que quitarlas con cuidado para que no se queden dentro de la piel la cabeza y las patas delanteras, ya que pueden infectarse.<\/p>\n\n\n\n<p>Una de las emociones que no se esperaban los chavales al llegar al campamento es que algunos ten\u00edan una carta esper\u00e1ndoles! Estos d\u00edas que han estado de raid ha llegado mucho correo. A muchos les estaban esperando cartas de sus padres, de los abuelos&#8230; Les hace mucha ilusi\u00f3n este momento de repartir las cartas en el comedor, durante la cena. Como hab\u00eda muchas cartas, Arturo (que ha sido hoy el Jefe de Campo) se ha pasado m\u00e1s de 20 minutos cantando los nombres de los afortunados destinatarios. Si quer\u00e9is escribir al campamento todav\u00eda est\u00e1is a tiempo: ten\u00e9is la direcci\u00f3n en la p\u00e1gina de \u00abCorreos enviados a campamento\u00bb.<\/p>\n\n\n\n<p>Y hablando de consejos\/sugerencias para los padres,&nbsp;<strong>en particular para los que veng\u00e1is el d\u00eda de padres, por favor traed el chubasquero<\/strong>. Anuncian lluvias, y aunque no las anuncien la verdad es que por las ma\u00f1anas suele hacer sol pero por las tardes suele llover (con o sin viento, con o sin granizo, pero es rara la tarde que no llueve). Veremos si la misa del d\u00eda de padres es \u00abpasada por agua\u00bb&#8230;<\/p>\n\n\n\n<p>Ma\u00f1ana vendr\u00e1n las otras dos manadas y las tres tropas, as\u00ed que ya volveremos a ser muchos en campamento. Veremos qu\u00e9 tal se nos da a los le\u00f1adores (los de Caba\u00f1a no somos \u00abcaba\u00f1eros\u00bb sino \u00able\u00f1adores\u00bb, porque Caba\u00f1eros es un campo de tiro y ser\u00eda muy peligroso que nos confundieran&#8230;) mover a los castores. Hoy hemos dejado preparado el roc\u00f3dromo&#8230; pero como se pongan pesados los mandamos a seguir la manguera del agua&#8230; \ud83d\ude09<\/p>\n\n\n\n<p>\u00a1Buenas noches campamento!<\/p>\n\n\n\n<hr class=\"wp-block-separator has-css-opacity\"\/>\n\n\n\n<h3 class=\"wp-block-heading\"><strong>23 DE JULIO<\/strong><\/h3>\n\n\n\n<p>\u00a1Buenas noches a todos!<\/p>\n\n\n\n<p>Aqu\u00ed estamos en el Kraal, ya casi todos!! Solo faltan los Escultas y los Rovers (Clan y Comuna). Las dos manadas de lobatos que faltaban (Ethawa y Segowlee) y las tropas (Caimanes, Dragones y Tiburones) han vuelto hoy.<\/p>\n\n\n\n<p>Igual que ayer, las unidades que han llegado hoy nos cuentan sus raids.<\/p>\n\n\n\n<p>Ethawa sali\u00f3 de campamento andando a Eriste, bastante duro porque era todo subida. Les dejaron una campa para dormir, y al d\u00eda siguiente subieron a Cerler, donde les dejaron el polideportivo en el que estaban otras unidades. El tercer d\u00eda se quedaron en Cerler, y han vuelto a campa el cuarto dia, todo bajada pero muy largo.<\/p>\n\n\n\n<p>Segowlee tambi\u00e9n fue a Eriste y all\u00ed estuvieron en la piscina, y tambi\u00e9n fueron a Cerler el segundo d\u00eda, y el tercer d\u00eda se levantaron pronto y fueron a Benasque, donde coincidieroncon Tiburones. Hoy han vuelto de Benasque a campamento.<\/p>\n\n\n\n<p>Caimanes tambi\u00e9n fue a Eriste, y de all\u00ed a Cerler. Y al d\u00eda siguiente se levantaron a las 5 y subieron el Punta Cogulla y el Gallinero con tiburones, y al d\u00eda siguiente descansaron y hoy han vuelto.<\/p>\n\n\n\n<p>Dragones sali\u00f3 en autob\u00fas hasta Cerler, y desde all\u00ed subieron hasta un collado que es el punto medio entre Punta Cogulla y el Gallinero, donde hicieron noche. Al d\u00eda siguiente se levantaron muy pronto y empezaron a andar sobre las 7, sin macutos, e hicieron cumbre sobre las 9. Luego bajaron hacia Cerler y Benasque ya con los macutos, un d\u00eda muy largo. Al d\u00eda siguiente fueron a Eriste, donde ten\u00edan previsto dormir en una campa pero empez\u00f3 a llover mucho y consiguieron un sitio en Sah\u00fan, donde les dejaron un pabell\u00f3n. Al d\u00eda siguiente fueron a Castej\u00f3n, donde tambi\u00e9n les dejaron un sitio porque tambi\u00e9n llov\u00eda.<\/p>\n\n\n\n<p>Tiburones ha hecho casi igual que Caimanes: Eriste, Cerler, Punta Cogulla y Gallinero, Benasque y vuelta al campamento.<\/p>\n\n\n\n<p>Todos han vuelto muy contentos de reencontrarse con amigos de otras unidades, con el \u00abhogar\u00bb del campamento&#8230; y por haber superado el raid que a veces les da miego por lo duro de la marcha, y por haber alcanzado los objetivos.<\/p>\n\n\n\n<p>Uno de los troperos, reflexionando sobre el raid, le dec\u00eda a Nacho del Estal en una de las visitas a las unidades que cuando ves el Gallinero desde lejos parece imposible de subir, pero cuando te pones a ello te das cuenta de que s\u00ed se puede. S\u00f3lo por eso ya merece la pena que hayan salido de raid. La ense\u00f1anza es que no hay que arredrarse ante los problemas; hay que afrontarlos. Esta experiencia del raid es muy importante para la vida posterior de los chavales: muchas veces uno se encuentra con retos que parecen inalcanzables, situaciones que parece que van a ser duras o incluso insoportables. En esos momentos uno puede pensar (y as\u00ed lo hemos hecho en muchos momentos de la vida los que ya llevamos a\u00f1os en los scouts): \u00abC\u00f3mo no voy a poder yo con esto si pude con el pico X&#8230;\u00bb.<\/p>\n\n\n\n<p>Vamos a ir subiendo algunas fotos que nos den las unidades de sus raids. Ver\u00e9is que hay sitios preciosos, \u00a1qu\u00e9 envidia!<\/p>\n\n\n\n<p>\u00bfY qu\u00e9 ha pasado en el campamento? \u00a1Pues el d\u00eda de los jefes de castores! Los jefes de castores han tenido el d\u00eda libre para relajarse (muy bien merecido!) y la Caba\u00f1a se ha quedado con los castores. Y despu\u00e9s de esta experiencia decimos un a\u00f1o m\u00e1s que&#8230; \u00a1\u00a1ahora apreciamos mucho m\u00e1s a los jefes de castores!! &nbsp;\ud83d\ude42 Ha sido un d\u00eda agotador para la Caba\u00f1a. Entre 8 le\u00f1adores nos hemos ocupado de los chavales, y el resto de la Caba\u00f1a ten\u00eda mucho trabajo en la cocina porque hoy hab\u00eda de comer alb\u00f3ndigas, aproximadamente 1500&#8230; y hechas a mano, una a una!!<\/p>\n\n\n\n<p>A los castores les hemos organizado 6 pruebas entre las que han ido rotando por equipos, entre ellas un puente mono y una prueba de escalada (con roc\u00f3dromo y polea). Se lo han pasado muy bien, y hemos conseguido que al &nbsp;menos todos pasen por alguna de las dos pruebas de cuerdas (que son las que m\u00e1s tiempo llevan). La pena es que no hemos podido hacerles fotos pasando el puente mono o subiendo al roc\u00f3dromo, porque al ser tan pocos est\u00e1bamos todos dedicados a asegurarles, ponerles el arn\u00e9s, irles diciendo d\u00f3nde agarrarse&#8230; Y no pod\u00edamos estar m\u00e1s personas con los castores porque hac\u00eda falta mucha \u00abmano de obra\u00bb en cocina. Esta sensaci\u00f3n de haberse perdido unas fotos estupendas nos sucede constantemente a los que nos gusta la fotograf\u00eda. Pero en realidad, de muchos de los mejores momentos de la vida uno no tiene fotos, precisamente porque en esos momentos uno no est\u00e1 para hacer fotos. Y esos momentos quedan grabados en nuestra memoria, y solo all\u00ed. Y a veces es mejor as\u00ed&#8230;<\/p>\n\n\n\n<p>Lo que s\u00ed que ver\u00e9is en las fotos son \u00ablas pruebas\u00bb de la broma de la Tropa Scout Caimanes durante la noche. Cuando hablamos de \u00abbromas\u00bb durante la noche nos referimos en realidad a un juego que consiste en que una unidad que est\u00e1 de raid (y por tanto fuera de campamento), por sorpresa puede entrar en campamento durante la noche, burlando a la guardia, para hacer algo en campamento que demuestre que han conseguido entrar sin ser vistos. Es decir, en realidad es un juego de acecho de la unidad que hace la broma contra la guardia: la unidad que hace la broma, en este caso Caimanes, ha conseguido introducir en varios sitios del campamento carteles y otras cosas.<\/p>\n\n\n\n<p>Esto de las bromas es una actividad muy divertida y que requiere tiempo y esfuerzo: los que hacen la broma se acercan sigilosamente al campamento y estudian los movimientos de la guardia para ver por d\u00f3nde entrar en campamento y en qu\u00e9 momento. Cuanto m\u00e1s dif\u00edcil de hacer, m\u00e1s escandaloso o m\u00e1s vistoso sea lo que se hace, m\u00e1s queda en evidencia la guardia. Dependiendo del orgullo de la guardia, m\u00e1s se esfuerzan por evitar que les \u00abcuelen\u00bb una broma. En este caso de Caimanes, la guardia eran los castores, que no tienen ning\u00fan orgullo en ese tema, as\u00ed que no se han sentido en absoluto \u00abheridos en su orgullo\u00bb por la broma, de hecho probablemente ni se han dado por aludidos&#8230; &nbsp;\ud83d\ude42<\/p>\n\n\n\n<p>Pero la broma en la que s\u00ed choca el orgullo de la guardia con el de la unidad que hace la broma es la de los escultas. Ahi las fuerzas est\u00e1n m\u00e1s equilibradas, la guardia se espera una broma y realmente \u00abhay partido\u00bb, y los escultas no siempreYa os contaremos&#8230;<\/p>\n\n\n\n<p>Una buena noticia es que ha vuelto Joselito a campamento. Es una gran noticia!! Tras muchas gestiones, nuestro m\u00e9dico ha conseguido una bala de ox\u00edgeno para tenerla en campamento y poder atender a los asm\u00e1ticos. Muy frecuentemente ocurre que en campamento tenemos m\u00e1s equipamiento m\u00e9dico que en los pueblos cercanos, y esto es una mejora m\u00e1s.<\/p>\n\n\n\n<p>Ma\u00f1ana es el d\u00eda jefes de lobatos y tropa, pero no les dedicaremos tanto tiempo como a los castores, porque tendr\u00e1n actividades propias: su d\u00eda de seisenas y d\u00eda de patrullas.<\/p>\n\n\n\n<p>Y otra buena noticia: \u00a1nos han llamado los escultas para decirnos que han llegado a la cumbre del Monte Perdido! Si las fotos de los raids de las tropas dan envidia por los paisajes, ya ver\u00e9is las de Monte Perdido&#8230; (hay quien ha criticado que se hayan ido a subir el Monte Perdido teniendo m\u00e1s cerca el Aneto, pero -y esto es cuesti\u00f3n de gusto personal- a m\u00ed me gusta mucho m\u00e1s el Monte Perdido).<\/p>\n\n\n\n<p>Parece mentira pero ya han pasado 9 d\u00edas de campamento, \u00a1\u00a1qu\u00e9 r\u00e1pido se pasa!! Ma\u00f1ana tendremos que terminar la \u00faltima construcci\u00f3n que se suele hacer en el campamento: la puerta. Se suele dejar para el final porque obviamente no es prioritaria, pero siempre la tenemos terminada para el d\u00eda de padres. Y es que el d\u00eda de padres es&#8230; \u00a1pasado ma\u00f1ana!<\/p>\n\n\n\n<p>Ah, y el tiempo! Hoy ha sido un d\u00eda distinto porque ni siquiera ha amenazado lluvia. Me dicen por aqu\u00ed que ha sido una pena, porque si hubiera llovido los ni\u00f1os se hubieran metido en sus tiendas y los caba\u00f1eros nos hubi\u00e9ramos dedicado a la labor de achicar agua de los toldos de comedor, que es mucho m\u00e1s relajada&#8230; \ud83d\ude09 Pero en lugar de eso, por la tarde se nos ha ocurrido que se ducharan y ordenaran sus tiendas y sus macutos, y bueno&#8230; si os imagin\u00e1is qu\u00e9 pasar\u00eda &nbsp;si le dec\u00eds a vuestro hijo que ordenara su armario, imaginaros lo que pasa si son 10 castores ordenando su ropa en 4 metros cuadrados (una tienda), y luego eso multiplicado por 12 tiendas&#8230; :-).<\/p>\n\n\n\n<p>\u00bfY la comida? Pues hoy hemos comido las famosas 1500 alb\u00f3ndigas con su salsita y arroz, y hemos cenado un pur\u00e9 de verduras muy rico y bacalao rebozado (tan tierno que parec\u00eda merluza).<\/p>\n\n\n\n<p>Buenas noches!<\/p>\n\n\n\n<hr class=\"wp-block-separator has-css-opacity\"\/>\n\n\n\n<h3 class=\"wp-block-heading\"><strong>24 DE JULIO<\/strong><\/h3>\n\n\n\n<p>\u00a1Buenas noches amigos!<\/p>\n\n\n\n<p>Hoy os escribimos prisa porque hay que acostarse pronto&#8230; \u00a1\u00a1ma\u00f1ana ser\u00e1 un d\u00eda muy intenso!! \ud83d\ude42<\/p>\n\n\n\n<p>S\u00ed, \u00a1\u00a1ma\u00f1ana es el \u00abd\u00eda de padres\u00bb!! O el \u00abd\u00eda de pap\u00e1 y mam\u00e1\u00bb, o el \u00abd\u00eda de las familias\u00bb, aunque tambi\u00e9n podr\u00eda llamarse d\u00eda de puertas abiertas&#8230;<\/p>\n\n\n\n<p>Estamos deseando recibiros en el campamento, ense\u00f1aros un poco de lo que hacemos aqu\u00ed, jugar con vosotros, comer con vosotros (y que prob\u00e9is la estupenda comida de Caba\u00f1a), contaros c\u00f3mo est\u00e1n vuestros hijos, c\u00f3mo han evolucionadoj y lo mayores que est\u00e1n. Aunque esperamos que vosotros tambi\u00e9n os deis cuenta por vosotros mismos de que est\u00e1n m\u00e1s mayores, de que han aprendido a valerse m\u00e1s por s\u00ed mismos y han vivido los valores de la amistad, la ayuda, el esfuerzo, la alegr\u00eda, la admiraci\u00f3n por la naturaleza&#8230;<\/p>\n\n\n\n<p>Os queremos pedir que os qued\u00e9is a comer. Hemos pedido en el pueblo 11 mesas y 88 sillas adicionales para tener sitio en el comedor para que quepa todo el mundo sentado, y tambi\u00e9n vamos a montar una extensi\u00f3n del comedor para que haya algo de sombra.<\/p>\n\n\n\n<p>Ver\u00e9is una foto de todas las cajas de tomates que ma\u00f1ana por la ma\u00f1ana convertiremos en un salmorejo. Tambi\u00e9n podemos adelantar que el segundo plato ser\u00e1 pollo a la cerveza, como es tradicional.<\/p>\n\n\n\n<p>A pesar de que hoy nos ha ca\u00eddo otra tormenta gorda (pero sin viento fuerte), intentaremos tenerlo todo limpito y ordenado :-).<\/p>\n\n\n\n<p>Hoy por la tarde han venido al campamento muchas personas de Caba\u00f1a que \u00abnos faltaban\u00bb. No los nombro a todos, pero da gusto que volvamos a estar todos juntos. Pero sin duda los m\u00e1s excepcionales son Pepe y Mavi, que acaban de llegar durante el Kraal!!! Como sab\u00e9is, el Grupo Scout lo fundaron Pepe y Mavi con Jos\u00e9 Luis Hu\u00e9scar, \u00abel Pater\u00bb, el p\u00e1rroco de entonces. Es una gran alegr\u00eda tener a Pepe y Mavi aqu\u00ed en el campamento. Son dos personas excepcionales, los que les conoc\u00e9is lo sab\u00e9is. Y el Pater tambi\u00e9n, aunque hoy no ha venido, pero tambi\u00e9n tenemos una buena noticia relacionada con \u00e9l: va a venir a la parroquia en septiembre! Vuelve tambi\u00e9n \u00aba casa\u00bb.<\/p>\n\n\n\n<p>Hoy hemos terminado, por fin, la puerta del campamento. Esperamos que os guste! Est\u00e1 hecha con un \u00e1rbol ca\u00eddo, que nos ha costado un buen rato serrar en dos partes. La han hecho casi toda los troperos que se van a sacar las especialidades de pionero (la t\u00e9cnica de manejo de hachas, sierras, picos, palas&#8230;) y cabuyero (la t\u00e9cnica de hacer nudos). Si os gusta les damos la especialidad! \ud83d\ude42 Para los que no lo sep\u00e1is, esto de \u00ablas especialidades\u00bb es el nombre de Tropa Scout, pero en lobatos se llaman \u00abrastros\u00bb y en castores \u00abdestrezas\u00bb. Son por ejemplo acampador, cocinero, pionero, cabuyero, sanitario, top\u00f3grafo, animador, deportista, m\u00fasico&#8230; Son una excelente forma de aprender algo de un tema, o incluso de iniciarse en un hobby. Seguro que vuestros hijos han preparado alguna este a\u00f1o. Animadles siempre a \u00absacarse\u00bb rastros\/destrezas\/especialidades, porque es una forma de que se interesen por temas nuevos y \u00fatiles, que adem\u00e1s pueden convertirse para ellos en una afici\u00f3n o incluso una profesi\u00f3n. No es raro el ni\u00f1o que empieza siendo sanitario y luego de mayor tira hacia medicina o enfermer\u00eda&#8230;<\/p>\n\n\n\n<p>Hoy hemos tenido la misa de v\u00edspera del d\u00eda de Santiago, y ma\u00f1ana tendremos la misa de v\u00edspera del domingo. La de Santiago es una misa especialmente scout, porque la lectura del d\u00eda es esa en la que Jes\u00fas les dice a sus disc\u00edpulos la frase: \u00ab<em>Sab\u00e9is que los jefes de los pueblos los tiranizan y que los grandes los oprimen. Vosotros nada de eso: el que quiera ser el primero que sea vuestro servidor<\/em>\u00ab. Esa frase resume perfectamente el sentido de la autoridad en los scouts, que es el sentido cristiano: la autoridad es servicio. El papa Francisco lo dijo con otras palabras: \u00abel verdadero poder es el servicio\u00bb. Los claneros los gritan en su lema \u00ab\u00a1\u00a1Servir!!\u00bb.<\/p>\n\n\n\n<p>Hemos comido lentejas y \u00abnuggets\u00bb de pollo (buen\u00edsimos, crujientes por fuera y tiernos por dentro, y con pollo de verdad, cada uno pesaba por lo menos 100 gramos&#8230; vamos, yo me he comido dos!), y hemos cenado ensalada campera y salchichas al vino (con una salsita en la que, seg\u00fan los jefes de castores, los ni\u00f1os mojaban hasta el codo).<\/p>\n\n\n\n<p>\u00a1\u00a1Ma\u00f1ana nos vemos!! \u00a1Que durm\u00e1is bien!<\/p>\n\n\n\n<hr class=\"wp-block-separator has-css-opacity\"\/>\n\n\n\n<h3 class=\"wp-block-heading\"><strong>25 DE JULIO<\/strong><\/h3>\n\n\n\n<p>\u00a1Muchas gracias a todos!<\/p>\n\n\n\n<p>S\u00ed, muchas gracias por veniros hasta los Pirineos para conocer mas de cerca esto del escultismo y vivirlo con vuestros hijos. Nos ha alegrado mucho compartir este d\u00eda con vosotros.<\/p>\n\n\n\n<p>Esperamos que os &nbsp;haya gustado mucho el campamento, y que hay\u00e1is encontrado a vuestros hijos m\u00e1s maduros, m\u00e1s independientes, m\u00e1s alegres&#8230; \u00a1y no solo m\u00e1s sucios! &nbsp;\ud83d\ude09<\/p>\n\n\n\n<p>Hoy no vamos a &nbsp;contar mucho porque ya lo hab\u00e9is vivido vosotros mismos, y vuestra vivencia es mucho mejor que cualquier relato. Solo contaros, por si alguno se ha ido con el coraz\u00f3n encogido porque vuestros hijos les dol\u00eda la separaci\u00f3n&#8230; que, una vez que os hab\u00e9is ido, en la cena estaban todos cantando muy contentos.<\/p>\n\n\n\n<p>En las fotos ver\u00e9is algunos detalles del \u00abC\u00f3mo se hizo\u00bb, pero subiremos las fotos ma\u00f1ana porque esta noche hemos empezado tarde por un acontecimiento de la Caba\u00f1a: hemos tenido la \u00abvela de armas\u00bb de una le\u00f1adora, Ana, que ha decidido hacer la promesa. Cuando un adulto pide hacer la promesa, hay que decir que es una decisi\u00f3n mucho m\u00e1s meditada que en el caso de un tropero. Los que hicimos la promesa con 13 a\u00f1os no nos d\u00e1bamos cuenta de todo lo que implica. Por eso cuando la hace un adulto es un motivo de gran alegr\u00eda. No hay muchas promesas de adultos, en Caba\u00f1a solemos tener una media de una al a\u00f1o. La \u00abvela de armas\u00bb es una reflexi\u00f3n que la persona que va a formular su promesa hace, habitualmente la noche anterior, con su unidad.&nbsp;\u00a1\u00a1Enhorabuena, Ana!!<\/p>\n\n\n\n<p>Ha sido un d\u00eda muy intenso de emociones. Pero eso va \u00abin crescendo\u00bb, \u00a1\u00a1ma\u00f1ana es el Festival de la Canci\u00f3n\u00bb!! Intentaremos transmitirlo por streaming a trav\u00e9s de YouTube. Ma\u00f1ana por la ma\u00f1ana tenemos que hacer pruebas, montar los escenarios&#8230; &nbsp;(y subir las fotos de hoy ;-)).<\/p>\n\n\n\n<p>\u00a1Que descans\u00e9is!<\/p>\n\n\n\n<hr class=\"wp-block-separator has-css-opacity\"\/>\n\n\n\n<h3 class=\"wp-block-heading\"><strong>26 DE JULIO<\/strong><\/h3>\n\n\n\n<p>Hola!<\/p>\n\n\n\n<p>Esta noche transmitiremos el Festival de la Canci\u00f3n en directo por YouTube. Iremos poniendo el enlace al v\u00eddeo en la p\u00e1gina principal del Grupo, en la primera noticia que aparece arriba del todo:<\/p>\n\n\n\n<figure class=\"wp-block-embed-wordpress wp-block-embed is-type-wp-embed is-provider-grupo-scout-284\"><div class=\"wp-block-embed__wrapper\">\n<blockquote class=\"wp-embedded-content\" data-secret=\"VDtswOHClN\"><a href=\"https:\/\/www.scouts284.org\/\">Inicio<\/a><\/blockquote><iframe loading=\"lazy\" class=\"wp-embedded-content\" sandbox=\"allow-scripts\" security=\"restricted\" style=\"position: absolute; visibility: hidden;\" title=\"\u00abInicio\u00bb \u2014 Grupo Scout 284\" src=\"https:\/\/www.scouts284.org\/embed\/#?secret=e8CCopjmDz#?secret=VDtswOHClN\" data-secret=\"VDtswOHClN\" width=\"600\" height=\"338\" frameborder=\"0\" marginwidth=\"0\" marginheight=\"0\" scrolling=\"no\"><\/iframe>\n<\/div><\/figure>\n\n\n\n<p>Seguimos en la p\u00e1gina principal!<\/p>\n\n\n\n<p>&#8230;<\/p>\n\n\n\n<p>Continuamos escribiendo la cr\u00f3nica del 26 de julio, pero ya es 27. Ayer cuando acab\u00f3 el festival (sobre la 1 de la ma\u00f1ana) ya no di\u00f3 tiempo a m\u00e1s que a recoger todo el montaje de la transmisi\u00f3n en directo del Festival. Muchos de la Caba\u00f1a nos fuimos a dormir a esa hora, pero los scouters y algunos le\u00f1adores todav\u00eda se quedaron al Kraal. Como explic\u00f3 Manolo en la izada del dia de padres, los scouters tienen un gran m\u00e9rito, no suficientemente comprendido.<\/p>\n\n\n\n<p>Hoy hemos subido las fotos del d\u00eda 25, el d\u00eda de padres, por fin. Sobre todo son fotos de la preparaci\u00f3n y de algunas familias o grupos. Pero seguro que las mejores fotos de ese d\u00eda son las vuestras!!<\/p>\n\n\n\n<p>\u00bfY qu\u00e9 pas\u00f3 ayer? Pues como sab\u00e9is, el acontecimiento principal del d\u00eda, para el que nos preparamos durante todo el d\u00eda (y desde mucho antes, desde Madrid), fue el Festival de la Canci\u00f3n, que organiz\u00f3 y ameniz\u00f3 el Clan. Creemos que fue un Festival muy bueno, muy bien preparado, divertido, ingenioso&#8230; Adem\u00e1s funcion\u00f3 todo muy bien, hizo buen tiempo (m\u00e1s fr\u00edo que nunca, por fin parec\u00eda que empez\u00e1bamos a estar en el Pirineo, pero no llovi\u00f3). La retransmision por YouTube tambi\u00e9n funcion\u00f3 mejor que nunca: se interrumpi\u00f3 alguna vez, pero no se lleg\u00f3 a cortar, y la calidad fue HD 720p, algo que no hab\u00edamos conseguido nunca. Los a\u00f1os anteriores no sab\u00edamos el n\u00famero de personas que hab\u00eda conectadas porque us\u00e1bamos otro sistema, pero este a\u00f1o s\u00ed y la verdad es que nos sorprendi\u00f3 que hubiera tantas personas conectadas. El m\u00e1ximo fue a las 23:25, momento en que hab\u00eda 104 conexiones la retransmisi\u00f3n. Teniendo en cuenta que en muchas de estas conexiones habr\u00eda m\u00e1s de una persona viendo el video, resulta un n\u00famero muy considerable de personas siguiendo el Festival por Internet.<\/p>\n\n\n\n<p>Hoy los claneros est\u00e1n muy contentos por lo bien que sali\u00f3 todo. Ya por fin pueden relajarse, porque el a\u00f1o que te toca hacer el Festival est\u00e1s nervioso hasta que pasa. \u00a1\u00a1Enhorabuena al Clan por el gran trabajo!!<\/p>\n\n\n\n<p>Pero ayer pasaron m\u00e1s cosas, no solo el Festival. Llegaron de sus raids la Comuna y los Escultas, y los dos hicieron broma. La Comuna puso cartelitos por todo el campamento, como pod\u00e9is ver en las fotos, y los Escultas firmaron los briks de leche y pusieron su raid colgado en el comedor. Un raid estupendo en el que han subido a Monte Perdido. Nos han dado una selecci\u00f3n de fotos que subiremos hoy tambi\u00e9n. Pero los Escultas no pudieron hacer m\u00e1s cosas porque la guardia les pill\u00f3 a media broma. \u00a1No es tan f\u00e1cil burlar a la guardia! Un punto a favor de la guardia&#8230; aunque esa &nbsp;misma noche la Comuna s\u00ed que hizo bastantes cosas. Pero claro, los comuneros son mayores que los escultas, y se nota la experiencia.<\/p>\n\n\n\n<p>Pero si hubiera que elegir la mejor broma a la guardia de este a\u00f1o, yo me quedar\u00eda con la del Clan, que consisti\u00f3 entre otras cosas en poner una cuerda de lado a lado de la campa, de la que colgaron el orden de actuaci\u00f3n de las unidades el d\u00eda de padres. La broma del Clan fue el d\u00eda anterior, pero pod\u00e9is ver las fotos: una cuerda con unos cartones colgando, con los nombres de las unidades que iban a actuar. Colgar una cuerda tensa de unos 100 metros a plena luz del d\u00eda ser\u00eda complicado porque hab\u00eda que subirse a \u00e1rboles por los dos lados, y luego tensarla. Imaginaos hacerlo de noche y encima evitando a la guardia!!!<\/p>\n\n\n\n<p>Ayer tambi\u00e9n ocurri\u00f3 otra cosa importante: las primeras ceremonias de este campamento. Fueron las de Comuna, en las que se celebraron las Investiduras Rovers de los comuneros. Esta etapa es la culminaci\u00f3n de su formaci\u00f3n como scouts. Estas ceremonias, como les recordaron sus scouters, son \u00absus \u00faltimas ceremonias como ni\u00f1os\u00bb. \u00abNi\u00f1os\u00bb en el sentido de que pertenecen a una unidad que tiene sus scouters, aunque por su edad (18-19 a\u00f1os) ya no son ni\u00f1os. Muchos de estos rovers, el a\u00f1o que viene, ser\u00e1n scouters. Pero como sab\u00e9is, no es obligatorio: el rover tiene que tomar las riendas de su propia vida y \u00abremar su propia canoa\u00bb. En este punto de su formaci\u00f3n, el Grupo scout les considera preparados para que elijan qu\u00e9 quieren hacer. Esperamos que hayan hecho suya, despu\u00e9s de tantos a\u00f1os, la idea de que el sentido de la vida es el servicio a los dem\u00e1s. Esperamos que quieran dar su vida a los dem\u00e1s, y que sepan elegir la mejor forma de hacerlo.<\/p>\n\n\n\n<p>Desde luego, lo m\u00e1s dif\u00edcil es elegir la mejor forma de hacerlo. De nuestro Grupo han salido personas hacia distintas ONG&#8217;s, algunos sirviendo incluso en el extranjero. Y no solo en el voluntariado: tambi\u00e9n a trav\u00e9s de la vida profesional se puede (y se debe) vivir con esp\u00edritu de servicio. A los que trabaj\u00e1is en cualquier profesi\u00f3n, \u00bfno os gustar\u00eda que en vuestras empresas todo el mundo tuviera esp\u00edritu de servicio, de ayudar, de colaborar? \u00a1Cu\u00e1ntas veces nos encontramos con todo lo contrario! A los comuneros ahora les toca sobre todo estudiar. Estudiar para estar mejor preparados para servir. Para ser un buen profesional hay que formarse bien, y no es ego\u00edsmo dedicarse a uno mismo para servir mejor a los dem\u00e1s en el futuro. Si les quieres ofrecer a los dem\u00e1s algo valioso, primero tienes que \u00abcargarte de valor\u00bb. El lema de los scouts es \u00abSiempre Listos Para Servir\u00bb, abreviado frecuentemente como SLPS. El original es el ingl\u00e9s, que es \u00abBe Prepared\u00bb, cuyas iniciales, B.P., son un gui\u00f1o a Baden Powell, fundador del escultismo.<\/p>\n\n\n\n<p>Hasta luego!<\/p>\n\n\n\n<hr class=\"wp-block-separator has-css-opacity\"\/>\n\n\n\n<h3 class=\"wp-block-heading\"><strong>27 DE JULIO<\/strong><\/h3>\n\n\n\n<p>Hola de nuevo!<\/p>\n\n\n\n<p>Os escribimos desde el Kraal, el \u00faltimo Kraal \u00abnormal\u00bb, porque el de ma\u00f1ana ser\u00e1 despu\u00e9s del Fuego y al empezar tan tarde ya tendr\u00e1 que ser muy limitado a cuestiones pr\u00e1cticas, y el del d\u00eda 29 ser\u00e1 solo un reparto del desmontaje de campamento. Da pena porque esto se acaba, amigos! Pero en este \u00faltimo Kraal en el que podemos sacar temas y hablar de algo interesante, ha venido a poner el broche de oro&#8230; \u00a1el Pater! S\u00ed, el Padre Jos\u00e9 Luis, que ha llegado hoy al campamento, poco despu\u00e9s de que se fueran Pepe y Mavi (por unas horas no han coincidido los tres fundadores del Grupo).<\/p>\n\n\n\n<p>Pues la actividad del d\u00eda hoy han sido los consejos de unidad. \u00abConsejo de Nen\u00fafar\u00bb o \u00abConsejo del Gran Roble\u00bb en Castores, \u00abConsejo de la Roca\u00bb en Lobatos, \u00abCortes de Honor\u00bb en Tropa, \u00abConsejo de Ley\u00bb en Escultas y \u00abRevisi\u00f3n de Ruta\u00bb en Rovers. Se llaman de distintas formas, pero en todos los casos se trata de un mecanismo de revisi\u00f3n de la progresi\u00f3n personal. Es una revisi\u00f3n en la que pasan uno por uno todos (o todos los que piden alguna etapa) los chavales de la unidad, y se les da lo que hoy se llamar\u00eda \u00abfeedback\u00bb sobre su comportamiento y su progresi\u00f3n.<\/p>\n\n\n\n<p>En algunos casos esa progresi\u00f3n se reconoce como una etapa cubierta o conseguida. Las etapas tienen distintos nombres en cada rama, pero esencialmente son la Promesa, y las etapas de Integraci\u00f3n, Participaci\u00f3n y Animaci\u00f3n. Como sab\u00e9is, la Promesa es la m\u00e1s importante porque es despu\u00e9s de hacer la promesa cuando uno se convierte en scout. La pa\u00f1oleta (naranja en nuestro Grupo, y de otros colores en otros) representa la Promesa. As\u00ed que cuando ve\u00e1is a cualquier scout del &nbsp;mundo con la pa\u00f1oleta, sab\u00e9is que han hecho la promesa, la misma promesa traducida a todos los idiomas, la Promesa Scout (the Scout Oath, en ingl\u00e9s). Las siguientes etapas se llaman:<\/p>\n\n\n\n<p>&#8211; En Castores: Paletas, Kid y Keeo<\/p>\n\n\n\n<p>&#8211; En Lobatos: Huella de Akela, Baloo y Bagueera<\/p>\n\n\n\n<p>&#8211; En Tropa Scout: Senda del Compromiso, Desaf\u00edo y Colaboraci\u00f3n<\/p>\n\n\n\n<p>&#8211; En la Unidad Esculta: Etapas de Integraci\u00f3n, Servicio y Animaci\u00f3n<\/p>\n\n\n\n<p>&#8211; En Rovers: Investidura Rover<\/p>\n\n\n\n<p>Animad a vuestros hijos a conseguir nuevas etapas de progresi\u00f3n y celebradlas con ellos. Es algo muy importante. Pero es algo muy importante tanto si les reconocen una etapa (\u00abse la dan\u00bb, como solemos decir) como si no se la dan, porque si no se la dan, les dir\u00e1n por qu\u00e9, en qu\u00e9 tienen que mejorar. Y ese mensaje de sus jefes, pero tambi\u00e9n de sus iguales (los otros chavales de su edad), les llega mucho m\u00e1s que cuando sus padres les repiten la misma cosa mil veces. Tu padre te puede decir que debes dejar de hacer algo, cualquier cosa, pero si lo dicen tus compa\u00f1eros scouts te llega mucho m\u00e1s. Por eso los scouts pueden conseguir educar all\u00ed donde no llegan los padres, sobre todo a ciertas edades.<\/p>\n\n\n\n<p>Hoy tambi\u00e9n hemos estado muy pesados todos los scouters con que todo el mundo beba agua. Hoy ha hecho calor y no ha habido tormenta, igual que ayer, y esto produce que alguno haya tenido un golpe de calor. Hay tambi\u00e9n varias tripas sueltas, as\u00ed que hoy hemos insistido en que no jugaran al sol, que llevaran siempre gorra&#8230; incluso, como hoy nos hemos levantado una hora m\u00e1s tarde y ya pegaba el sol, a una fila de castores (la que se sienta en el lado del comedor) les hemos pasado a comer en la cocina para que no comieran al sol (les ver\u00e9is en las fotos).<\/p>\n\n\n\n<p>Tambi\u00e9n ver\u00e9is en las fotos el taller de manualidades de madera, \u00abBricoman\u00eda\u00bb :-). Es el taller que monta Ernesto (un le\u00f1ador) cada a\u00f1o, y ayudado por Carlos atienden a los chavales que quieren hacer pasadores, colgantes, etc como regalos o para ellos mismos. Como hoy es d\u00eda de conseguir la promesa, es el mejor d\u00eda del a\u00f1o para hacerse un pasador. Los castores y lobatos se anudan la pa\u00f1oleta con un nudo, pero a partir de tropa ya pueden llevar pasador (y cuelgan de ella toda clase de recuerdos, llegando en algunos casos a lo que Plays llamaba \u00abfetichismo pa\u00f1ol\u00e9tico\u00bb en un c\u00e9lebre art\u00edculo de La Br\u00fajula sobre las desviaciones de la uniformidad).<\/p>\n\n\n\n<p>Por fin ha empezado a hablar el Pater. Nos recuerda que estamos celebrando los 40 a\u00f1os del Grupo, y nos dice que esos 40 a\u00f1os podemos celebrarlos gracias a los scouters, porque los scouters son la clave para mantener la constancia, la fe&#8230; \u00abDe vosotros depende lo que el Grupo pueda ser dentro de otros 40 a\u00f1os\u00bb. \u00abSer scouter es una manera de vivir y de entender lo que es la vida, tener una escala de valores, entender que hay cosas que valen tanto que no se les puede poner precio. Ser scouter es algo entusiasmante\u00bb. El Pater conoci\u00f3 el escultismo en Francia, y despu\u00e9s de hacer su Promesa empez\u00f3 como jefe de Escultas. \u00abTen\u00e9is que tener muy claro lo que est\u00e1is haciendo con vuestra propia vida: algo que vale la pena, porque no tiene precio. Est\u00e1is aqu\u00ed porque d\u00e1is, y esa es la clave. Pero no solo con los escultas o con las tropas: la clave de la vida es dar y darse\u00bb. \u00abNuestro crucifijo nos da la raz\u00f3n, el motivo y el camino a seguir en la vida: dar la vida. La vida tiene sentido si la das\u00bb. \u00abQuer\u00eda daros las gracias porque sois lo que sois, y pediros que lo hag\u00e1is cada d\u00eda mejor\u00bb. \u00abSi el Grupo es lo que es, es porque hemos tenido j\u00f3venes que han sabido dar lo mejor de s\u00ed mismos\u00bb. \u00abTomad conciencia de lo que sois y vividlo a tope\u00bb. \u00abCuando uno se da cuenta de lo que es ser scouter, es feliz, porque se da cuenta de que la felicidad depende de lo que doy. Y eso representa el crucifijo: una persona que entrega su vida por los dem\u00e1s. Ese es el Dios que tiene que estar presente en la vida personal de cada scouter. Sin \u00c9l no podemos hacer nada. Sin \u00c9l somos d\u00e9biles, mentirosos&#8230; esclavos del pecado\u00bb. \u00abSi nuestra patria necesita hoy gente que valga la pena, hace falta que haya muchos scouts. Como viejo lobo, os pido que cuid\u00e9is el esp\u00edritu del grupo con vuestra entrega, con vuestro esp\u00edritu de sacrificio. Porque eso es lo que hace grande a los hombres. Y el Escultismo es un m\u00e9todo para aprender a ser persona y a ser hijo de Dios. Transmitid a los j\u00f3venes la responsabilidad de que el grupo siga creciendo siendo fiel a su alma\u00bb. \u00abEsta ilusi\u00f3n sigue siendo para m\u00ed como cuando ten\u00eda 18 a\u00f1os. Hoy sigo siendo scout y hoy estoy en casa\u00bb. Aplauso general. Da gusto escuchar al Pater.<\/p>\n\n\n\n<p>El Pater vuelve en septiembre a nuestra parroquia, despu\u00e9s de construirla hace 40 a\u00f1os donde hab\u00eda un campo con hierba y ovejas, y luego pasar 20 a\u00f1os en otros destinos. Ahora se ha jubilado y vuelve a Reina del Cielo para ayudar al p\u00e1rroco, aunque tambi\u00e9n ser\u00e1 can\u00f3nigo de la Catedral de la Almudena. \u00a1Como los de la ensalada!, dice uno. \ud83d\ude42 &nbsp;\u00abPues s\u00ed\u00bb, dice el Pater. Y nos explica que la idea de comerse esas hierbas vino de unos can\u00f3nigos hambrientos del siglo V!!! El Pater anima a los scouters a ser sacerdotes, si alguno se anima&#8230; \u00abporque ser sacerdote es darse a lo bestia\u00bb.<\/p>\n\n\n\n<p>Hoy hemos comido un guiso de garbanzos y filetes de cinta de lomo, y de cena pur\u00e9 de verduras y pollo. No s\u00e9 qu\u00e9 tienen los pollos del Pirineo, pero est\u00e1n buen\u00edsimos!<\/p>\n\n\n\n<p>Ma\u00f1ana ser\u00e1 \u00abel d\u00eda de las ceremonias\u00bb en las que se formulan las promesas y las etapas de progresi\u00f3n, y por la noche tendremos el Fuego de Campamento, que acabar\u00e1 como el Festival, as\u00ed que no haremos la cr\u00f3nica ma\u00f1ana por la noche. A ver si durante la ma\u00f1ana del 29 podemos subir fotos, aunque est\u00e1 dif\u00edcil porque esa es la ma\u00f1ana de los pases de unidad e inmediatamente despu\u00e9s de comer empezaremos con el desmontaje de campamento. A ver cu\u00e1ndo podemos subir fotos o escribir la cr\u00f3nica&#8230; en todo caso, \u00abNo news, good news!\u00bb.<\/p>\n\n\n\n<p>Hasta \u00abpronto\u00bb (esperamos)!<\/p>\n\n\n\n<hr class=\"wp-block-separator has-css-opacity\"\/>\n\n\n\n<h3 class=\"wp-block-heading\"><strong>28 DE JULIO<\/strong><\/h3>\n\n\n\n<p>\u00a1Hola scouts, padres y familias de scouts!<\/p>\n\n\n\n<p>Escribimos estas l\u00edneas el 12 de agosto, \u00a1a buenas horas! Pues s\u00ed, ya han pasado casi dos semanas desde que volvimos del campamento, pero hay que terminar la cr\u00f3nica para dejarla completa.<\/p>\n\n\n\n<p>\u00bfQu\u00e9 pas\u00f3 el 28 de julio? Como dec\u00edamos el d\u00eda anterior, la principal actividad durante el d\u00eda fueron las ceremonias y por la noche el Fuego de Campamento.<\/p>\n\n\n\n<p>En las ceremonias se celebran las promesas y las otras etapas concedidas. En distintas ramas hay peculiaridades en las ceremonias, pero en general en todas el rito para hacer la Promesa es igual y en las otras etapas se incluye la renovaci\u00f3n de la promesa. Por eso ver\u00e9is en las fotos grupos de ni\u00f1os renovando su promesa aunque est\u00e9n consiguiendo otras etapas.<\/p>\n\n\n\n<p>Tambi\u00e9n ver\u00e9is en las fotos las presentaciones de cada \u00abcandidato\u00bb, en las que el padrino o madrina les presenta a la jefatura y a toda la formaci\u00f3n al inicio de la ceremonia. El padrino camina hacia los scouters con su ahijado y se coloca a su derecha, le pone la mano izquierda sobre el hombro derecho mientras ambos saludan con el saludo scout, y le presenta con la frase de rigor, algo as\u00ed como:<\/p>\n\n\n\n<p><em>\u00ab<\/em><em>Yo, Mar\u00eda P\u00e9rez, gu\u00eda de la patrulla Cobras de la Tropa Scout Tiburones, presento a Luis P\u00e9rez, primer hermano lobo de la seisena Khaniwara pelaje rojo de la Manada Dewanee, que va a formular su Promesa\u00bb<\/em>.<\/p>\n\n\n\n<p>Cada candidato elige a su padrino o madrina: puede ser de otra unidad, incluso de otra rama (las ramas son Castores, Lobatos, Tropa, Escultas y Rovers), pero la \u00fanica condici\u00f3n es que tenga conseguida esa etapa. Por ejemplo, un esculta puede elegir a uno de Comuna como padrino para que le presente en las ceremonias para su etapa de Servicio, pero ese comunero tuvo que conseguir como esculta la etapa de Servicio. Siempre es un honor que te elijan como padrino o madrina.<\/p>\n\n\n\n<p>Los chavales de tropa scout que consiguen la promesa necesitan un accesorio muy personal: el pasador. Los castores y lobatos no llevan pasador en la pa\u00f1oleta porque se la atan con un nudo (\u00abel nudo de la pa\u00f1oleta\u00bb, que es un corredizo simple), pero a partir de tropa ya pueden llevar pasador. El pasador puede ser de madera, de cuerda o de cualquier otro material. Si son de madera, se hacen con &nbsp;una rama fina en la que se hace un agujero, y por fuera se suele lijar y tallar alg\u00fan dibujo o un nombre. Si son de cuerda, el nudo t\u00edpico es el \u00abcabeza de turco\u00bb. Por eso muchos chavales van al taller de Ernesto a que les ayude a hacer un pasador. Ernesto prepara ramas ya cortadas y agujereadas, les ense\u00f1a a lijar y les da algunas ideas. Seg\u00fan su capacidad, les deja usar alguna herramienta&#8230; Muchas veces el que va a hacer un pasador no es la persona que va a hacer la promesa, sino su padrino, que le quiere regalar el pasador.<\/p>\n\n\n\n<p>La verdad es que con los a\u00f1os en la pa\u00f1oleta se van colgando multitud de recuerdos que acaban haciendo de cada pa\u00f1oleta un aut\u00e9ntico museo de la vida de su portador, y desde luego un objeto muy preciado. Eso s\u00ed, hay pa\u00f1oletas que pesan medio kilo (ja, ja, nunca hemos hecho un concurso para ver cu\u00e1l es la pa\u00f1oleta m\u00e1s pesada, pero ser\u00eda gracioso!). A eso es a lo que Plays llamaba el \u00abfetichismo pa\u00f1ol\u00e9tico\u00bb en un gracios\u00edsimo art\u00edculo de La Br\u00fajula en el que hac\u00eda un cat\u00e1logo de \u00abpatolog\u00edas de la uniformidad\u00bb, en el que hablaba tambi\u00e9n de otras como la \u00abtodoporfuerosis galopante\u00bb (esto era en los tiempos en los que la camisa de uniforme se llevaba por dentro; ahora que el polo se lleva por fuera esta enfermedad ha quedado erradicada;-)).<\/p>\n\n\n\n<p>Tambi\u00e9n ver\u00e9is en las fotos la m\u00e1quina de pelar patatas en funcionamiento. Es un aut\u00e9ntico invento, las pela por pura erosi\u00f3n con las paredes del bombo, que son muy rugosas, mientras cae agua que se va llevando las mondas. En un par de minutos pela hasta 12 Kg de patatas!<\/p>\n\n\n\n<p>Y por la noche, por fin, lleg\u00f3 el Fuego de Campamento! Los fuegos de campamento empezaron hist\u00f3ricamente como un \u00abcompartir\u00bb a la luz del fuego, por las noches en los campamentos, en el que cada uno hac\u00eda lo que se le daba bien: unos hac\u00edan un baile, otros sal\u00edan a hacer una peque\u00f1a representaci\u00f3n, otro a contar unos chistes, otro a cantar una canci\u00f3n&#8230; &nbsp;Con el tiempo se ha formalizado, y por motivos de seguridad ya no se hace fuego. Como solo se hace una vez en todo el campamento, se prepara muy bien, y desde hace a\u00f1os cuenta con iluminaci\u00f3n (2750 vatios de luz) y sonido de muy buena calidad. Siendo un grupo de m\u00e1s de 400 personas, ser\u00eda imposible que todo el mundo oiga y vea bien sin tener altavoces y focos.<\/p>\n\n\n\n<p>Como sab\u00e9is, igual que el Festival de la Canci\u00f3n lo prepara y presenta el Clan (y preparan las actuaciones que hay entre canci\u00f3n y canci\u00f3n), el Fuego lo prepara la Comisi\u00f3n de Fuego, que est\u00e1 formada por scouters. Entre ellos rivalizan a ver qui\u00e9n lo hace mejor, y la verdad es que los dos equipos lo hacen fenomenal. Este a\u00f1o el Fuego estuvo muy bien, con varias actuaciones muy preparadas, entre las que sobresali\u00f3 la de la Unidad Esculta Massai (UEM), de sombras chinescas. Hemos reprocesado las fotos de esta actuaci\u00f3n para que se vean mejor, y est\u00e1n en un \u00e1lbum nuevo, aqu\u00ed:<\/p>\n\n\n\n<figure class=\"wp-block-embed\"><div class=\"wp-block-embed__wrapper\">\nhttps:\/\/picasaweb.google.com\/106647216216867875349\/VILLANOVA2015FuegoEscultasReprocesadas\n<\/div><\/figure>\n\n\n\n<p>Era evidente que Escultas ten\u00eda que quedar primero. Los siguientes puestos estuvieron m\u00e1s discutidos: en segunda posici\u00f3n quedaron los castores de Kiowa, y en tercera Comuna. Hay que decir que la actuaci\u00f3n de Kiowa fue muy buena, y qued\u00f3 segunda solo porque la de escultas era excelente. Hubo otras muy buenas que no quedaron premiadas (por desgracia solo se hacen p\u00fablicas las tres primeras posiciones). La de Escultas la pod\u00e9is ver en YouTube, est\u00e1 grabada porque se retransmiti\u00f3 en directo, sin embargo la de Kiowa no se retransmiti\u00f3 porque fueron de los primeros y al principio del Fuego la transmisi\u00f3n estuvo fallando.<\/p>\n\n\n\n<p>Hablando de la retransmisi\u00f3n por YouTube, fue una pena que fallara al principio. El Festival lo pudimos retransmitir entero de una vez (es decir, conseguimos una tasa sostenida de subida de casi 1 Mbps durante todo el tiempo que dur\u00f3), y sin embargo para el Fuego hubo que hacer 5 intentos, y el \u00fanico realmente bueno es el quinto, que dur\u00f3 estable m\u00e1s de una hora. Luego entendimos por qu\u00e9 fallaba tanto: al parecer, hab\u00eda alguna persona en la misma celda (es decir, en un radio de un par de Kil\u00f3metros)&nbsp;intentando ver la transmisi\u00f3n, y tanto la transmisi\u00f3n como esas personas compet\u00edamos por el ancho de banda de la misma antena de telefon\u00eda m\u00f3vil. Debido a todos estos problemas t\u00e9cnicos, muchos abandon\u00e1steis el intento de ver la retransmisi\u00f3n, y tuvimos un m\u00e1ximo de 39 conexiones simult\u00e1neas a las 0:22h.<\/p>\n\n\n\n<p>\u00a1Hasta luego!<\/p>\n\n\n\n<hr class=\"wp-block-separator has-css-opacity\"\/>\n\n\n\n<h3 class=\"wp-block-heading\"><strong>29 DE JULIO<\/strong><\/h3>\n\n\n\n<p>\u00a1Hola de nuevo a todos!<\/p>\n\n\n\n<p>Como sab\u00e9is, el d\u00eda 29 es el d\u00eda de los \u00abpases de unidad\u00bb, o deber\u00edan llamarse \u00abpases de rama\u00bb, porque se pasa de una rama a la siguiente: los castores de tercer a\u00f1o pasan a lobatos, los lobatos de tercer a\u00f1o pasan a tropa, los troperos de tercer a\u00f1o pasan a escultas, y los escultas de&nbsp;<em>segundo&nbsp;<\/em>a\u00f1o pasan a rovers.<\/p>\n\n\n\n<p>Los pases son un momento triste, de despedidas, pero tambi\u00e9n de ilusi\u00f3n de pasar a ser de \u00ablos mayores\u00bb. Supone una lecci\u00f3n de humildad el pasar de ser los mayores de una rama (por ejemplo un lobato de tercer a\u00f1o que es seisenero o subseisenero&#8230;) a ser \u00abel \u00faltimo mono\u00bb de la rama siguiente. Pero es una lecci\u00f3n muy \u00fatil en la vida: ni te creas que eres tan \u00abguay\u00bb cuando est\u00e1s en un cargo alto, ni te creas que \u00abno vales nada\u00bb cuando eres el \u00faltimo de la fila. Sirve para hacer ese aprendizaje, que es duro, desde luego. Porque duele dejar de ser el seisenero que grita y forma a su seisena, y ense\u00f1a a los peque\u00f1os&#8230; a ser el \u00faltimo patrullero. Adem\u00e1s, al pasar de castores a lobatos o de lobatos a tropa, lo primero que hacen tras ponerte el \u00faltimo de la fila es quitarte la pa\u00f1oleta: ya no puedes llevarla hasta que vuelvas a conseguirla.<\/p>\n\n\n\n<p>Esto se debe a que la Promesa de Castores es distinta de la de Lobatos, que es distinta de la de Scout. La \u00abPromesa Scout\u00bb es la de Tropa Scout, es la primera que defini\u00f3 Baden Powell, y la misma que hacen los escultas, los rovers, los adultos. Las promesas de Castores y de Lobatos son m\u00e1s sencillas, menos exigentes, m\u00e1s adaptadas a su edad.<\/p>\n\n\n\n<p>Hay muchas fotos de los pases porque es un momento importante para los que pasan. En ese momento en que un chaval est\u00e1 pasando, el Grupo entero est\u00e1 pendiente de \u00e9l: se anuncia su nombre, las etapas que ha conseguido, de qu\u00e9 unidad pasa a qu\u00e9 unidad pasa, se despide de su antigua jefatura y pasa a la nueva unidad, en la que los scouters le dan la bienvenida y despu\u00e9s se integra en la fomaci\u00f3n de esa unidad. Justo en el momento del pase, el chaval grita el grito de su unidad (gritando la parte que habitualmente gritan los jefes), y la unidad le responde como responde a los scouters en una izada o arriada. El momento del pase en s\u00ed es distinto seg\u00fan cada rama:<\/p>\n\n\n\n<p>&#8211; Para pasar de castores a lobatos, pasan por debajo de la presa, representando que abandonan la presa de los castores para salir a la selva, donde se unir\u00e1n a la manada de los lobos (los lobatos). Todos los castores pasan por debajo de la presa, salvo excepcionalmente, los que han conseguido la \u00abcola de castor plateada\u00bb, que pasan por encima. Esta distinci\u00f3n se otorga solo algunos a\u00f1os a los castores que hayan sido excepcionalmente buenos y por supuesto hayan superado todas las etapas (promesa, paletas, Kid y Keeo).&nbsp;<strong>Este a\u00f1o ha habido dos castoras que han conseguido la cola de castor plateada<\/strong>: una de Kiowa que no estaba en campamento el d\u00eda de los pases, y una de Cherokee que s\u00ed pod\u00e9is ver en las fotos, pasando por encima de las ramas de la presa.<\/p>\n\n\n\n<p>&#8211; Los lobatos saltan un list\u00f3n (una especie de \u00absalto de altura\u00bb). Ese list\u00f3n es en realidad lo que llamamos un \u00abbord\u00f3n\u00bb, es decir, uno de los palos que se usan para llevar los banderines. Pero un bord\u00f3n no es un palo cualquiera. Tiene que ser fuerte, de una cierta altura, y rematado en la base con una punta met\u00e1lica. Sirve para llevar el bander\u00edn, pero tambi\u00e9n para apoyarse al cruzar un r\u00edo, para hacer juegos (hay un juego que se llama \u00abel bord\u00f3n\u00bb, de hecho). Con ese salto, los lobatos pasan de la manada de los lobos al \u00abpoblado de los hombres\u00bb.<\/p>\n\n\n\n<p>&#8211; El pase de tropa a escultas es el m\u00e1s visual, porque tiene varios momentos muy gr\u00e1ficos, y tambi\u00e9n el m\u00e1s largo. Tradicionalmente sol\u00eda ser saltar una hoguera, pero \u00faltimamente casi ning\u00fan a\u00f1o nos dan permiso para hacer fuego, as\u00ed que ya va siendo tradicional el pase de escalar el m\u00e1stil para pintarse la cara con la pintura de la tribu Masai. Los guerreros de la tribu Masai despu\u00e9s les hacen un pasillo sobre el que caminan los reci\u00e9n llegados escultas, a continuaci\u00f3n les hacen el intimidatorio baile de \u00abla jaca\u00bb y finalmente cantan el himno esculta en un corro conc\u00e9ntrico a los nuevos. Los guerreros escultas muestran as\u00ed su dureza dej\u00e1ndose pisar por los nuevos que van a escalar el m\u00e1stil, a los que sirven de \u00abescalones\u00bb, y luego de nuevo dej\u00e1ndose pisar en el pasillo, y finalmente muestran una vez m\u00e1s su dureza guerrera en el baile de la jaca. La \u00abdureza esculta\u00bb es un valor muy propio de la rama esculta: ense\u00f1a que para servir a los dem\u00e1s hay que ser capaz de aguantar situaciones duras con abnegaci\u00f3n. Y es muy cierto: en tropa ya han aprendido que la Promesa les exige \u00abayudar al pr\u00f3jimo en toda circunstancia\u00bb, pero al hacerse m\u00e1s mayores toca aprender que a veces eso es duro: por ejemplo, requiere un cierto hero\u00edsmo calarse durante la tormenta para ir a clavar las tiendas de los lobatos. Se podr\u00eda decir que tampoco es para tanto, que luego te cambias, te pones ropa seca y ya est\u00e1, pero lo que est\u00e1 claro es que para hacer sacrificios m\u00e1s grandes hay que empezar siendo capaz de hacer otros m\u00e1s peque\u00f1os.<\/p>\n\n\n\n<p>&#8211; Por \u00faltimo, el pase de escultas a rovers (Clan y Comuna son ambos Rovers, por eso no hay pase de Clan a Comuna) var\u00eda cada a\u00f1o, pero siempre tiene que involucrar un paso h\u00e1bil y el agua. Puede ser pasar son una balsa sobre un r\u00edo, o usar una cuerda&#8230; Este a\u00f1o fue pasar sobre una \u00abcuerda floja\u00bb haciendo de equilibrista. La prueba result\u00f3 muy dif\u00edcil porque solo un esculta logr\u00f3 pasar sin caerse.<\/p>\n\n\n\n<p>Tras los pases, que acaban a medio d\u00eda (ocupan toda la ma\u00f1ana), casi se puede dar el campamento por terminado en cuanto a sus actividades. Solo queda recoger. Hay que desmontar todo, y se desmonta en tiempo r\u00e9cord comparado con lo que se tarda en montarlo. En una tarde se desmonta el 90% del campamento. Solo se dejan algunas mesas para la cena de jefes, los bidones de agua potable (para beber esa noche y a la ma\u00f1ana siguiente) y poco m\u00e1s. Es impresionante ver c\u00f3mo de deprisa se desmonta todo. Arturo grab\u00f3 parte en un \u00abtime-lapse\u00bb que puede haber quedado muy bien.<\/p>\n\n\n\n<p>La cena de jefes es la \u00faltima cena del campamento, solo para scouters (esa noche los ni\u00f1os cenan un bocadillo y cada unidad tiene su fiesta con refrescos y patatas fritas&#8230;), por la noche del d\u00eda 29, a la que est\u00e1 invitada la Comuna, puesto que muchos de ellos (los que quieran) ser\u00e1n scouters en la ronda solar que viene.<\/p>\n\n\n\n<p>De este d\u00eda 29 de julio hay un correo electr\u00f3nico al que me gustar\u00eda responder: es el del amigo Botas, que trata sobre la intimidad que buscan los chavales en el Grupo y que deber\u00edamos proteger. Algo ya apuntaba en este sentido un correo anterior de Deni, al decir que este es \u00absu espacio\u00bb. Estoy muy de acuerdo en que los chavales necesitan esa intimidad, sobre todo para ciertas edades, en tropa y escultas. Les conviene tener su espacio, sin estar bajo la supervisi\u00f3n de sus padres -pero en un entorno seguro- donde puedan ir desarrollando su personalidad de adultos. De hecho, a esas edades muchos rehuyen las fotos: no quieren que les vean sus padres. Yo lo respeto y no les hago fotos. Sin embargo, los castores y lobatos s\u00ed que quieren ese contacto son sus padres: muchos me ven por la c\u00e1mara por el campamento y me piden que les haga una foto, y luego me preguntan si la van a ver sus padres, y se alegran cuando les digo que s\u00ed. Entonces me preguntan que cu\u00e1ndo. Les digo que \u00abesta noche las pongo en la p\u00e1gina web\u00bb, y se quedan muy contentos, pensando que sus padres les van a ver. Cuando sonr\u00eden mirando al objetivo est\u00e1n sonriendo a sus padres. Los m\u00e1s mayores, desde los rovers en adelante, ya no piensan en sus padres, sino en tener un recuerdo con alguien con quien se hacen la foto.<\/p>\n\n\n\n<p>Las fotos se pueden dividir en dos tipos seg\u00fan el conocimiento que tienen las personas fotografiadas de que est\u00e1n siendo fotografiadas: \u00abposados\u00bb y \u00abrobados\u00bb. La gran mayor\u00eda las fotos del campamento son \u00abposados\u00bb, fotos en las que las personas se ponen (si quieren unirse al grupo) y miran a la c\u00e1mara. Hay \u00abposados\u00bb de momentos p\u00fablicos, en los que la persona fotografiada no mira a la c\u00e1mara pero s\u00ed es consciente de que es el centro de atenci\u00f3n y de que le est\u00e1n haciendo fotos, por ejemplo en los pases, las ceremonias, las actuaciones del Festival o del Fuego&#8230; Hay muy pocas fotos de \u00abrobados\u00bb, y las que hay intento que no capturen ning\u00fan momento que pueda ser vergonzoso para los protagonistas, sino todo lo contrario: alguien trabajando, jugando, ayudando, consolando&#8230;<\/p>\n\n\n\n<p>En estas cr\u00f3nicas tampoco cuento nada de la experiencia personal de cada chaval; l\u00f3gicamente tampoco la conozco: eso queda para su intimidad. En ese desarrollo de la propia personalidad, un chaval puede descubrir en un campamento que le gusta una chica, o que se le da bien mandar para mover a la tropa, o que tiene el don de hacer re\u00edr a los dem\u00e1s, o que cuando habla en p\u00fablico los dem\u00e1s le escuchan atentamente, o que le ha tocado el coraz\u00f3n subir a una cumbre del Pirineo y ha pensado en la grandeza del Creador, o que por primera vez en su vida ha rezado sin que nadie se lo diga durante el raid, o que ha descubierto la satisfacci\u00f3n de curar una herida ejerciendo de sanitario, o que ha descubierto que le encantan los nudos o tallar un pasador, o que se ha sentido muy mayor al desmontar las tiendas de los lobatos para que los lobatos no se mojaran y le ha gustado hacer ese servicio a pesar de haberse calado&#8230; Todo eso har\u00e1 crecer a ese chaval, le abrir\u00e1 nuevos caminos en su vida, le ense\u00f1ar\u00e1. Por esos momentos merece la pena el campamento. Pero esos momentos no aparecen en la cr\u00f3nica, ni en las fotos. Son los momentos de verdad \u00edntimos. Por eso dec\u00eda hace unos dias que de los mejores momentos de la vida uno no tiene fotos. Son momentos demasiado importantes para perd\u00e9rselos poni\u00e9ndose a hacer fotos. Y aunque otro te haga la foto, esa foto no captura c\u00f3mo lo viviste t\u00fa. De hecho, ves la foto y a veces ni te reconoces: as\u00ed te ve\u00edan, pero lo que ve\u00edas y sent\u00edas t\u00fa era otra cosa, y se queda para t\u00ed.<\/p>\n\n\n\n<p>En lo que no estoy de acuerdo con Botas es en que no debamos \u00abvender el producto\u00bb. Pienso que el escultismo es un producto fant\u00e1stico: es un m\u00e9todo que funciona porque a cada edad le ofrece una cosa distinta, que es lo adecuado a esa edad: a los peque\u00f1os jugar, a los adolescentes ese espacio personal del que habl\u00e1bamos antes, y a los j\u00f3venes una escuela de servicio y liderazgo (que son sin\u00f3nimos), todo ello para transmitir los valores del escultismo, que son los valores cristianos. Es m\u00e1s, estoy de acuerdo con la idea de que todas las parroquias deber\u00edan tener un grupo scout. Muchos padres apuntan a sus hijos al principio simplemente para que se relacionen con otros, salgan a la naturaleza y lo pasen bien. Pero esos padres (y otros que nos encuentran y leen esto por la web antes de apuntar a sus hijos) deben saber que \u00ablos scouts\u00bb son mucho m\u00e1s que eso. Por \u00abvender el producto\u00bb entiendo explicar de qu\u00e9 trata esto, qu\u00e9 significan las cosas (a veces tan raras) que hacemos, qu\u00e9 valores transmitimos&#8230; Tienen que saber que no nos conf\u00edan a sus hijos como quien los deja en una guarder\u00eda, sino que queremos hacer de ellos un cierto tipo de persona: si les gusta este tipo de persona, encontrar\u00e1n en los scouts un aliado ideal; si no, no queremos enga\u00f1arles, y deber\u00edan buscar otra actividad para sus hijos. Cuando no explicamos lo que hacemos es cuando muchas personas consideran a los scouts \u00abuna secta\u00bb (los que llevamos a\u00f1os en esto lo hemos o\u00eddo muchas veces). Por supuesto que los que hemos sido scouts y luego scouters no necesitamos estas explicaciones, pero creo que son importantes para los padres \u00abnuevos\u00bb en esto. En realidad los que hemos sido scouters casi no necesitamos leer la cr\u00f3nica porque ya nos lo sabemos todo&#8230; \ud83d\ude09<\/p>\n\n\n\n<p>Si con estas cr\u00f3nicas del campamento virtual alg\u00fan \u00abpadre nuevo\u00bb ha empezado a entender en qu\u00e9 consiste el escultismo y le ha empezado a gustar, yo ya soy feliz. Si quer\u00e9is saber m\u00e1s, os recomiendo que le\u00e1is el libro \u00abEscultismo para muchachos\u00bb, que fue el libro que public\u00f3 en fasc\u00edculos Baden Powell, el fundador del escultismo, y que es la base de los scouts. Lo pod\u00e9is comprar por ejemplo&nbsp;<a href=\"http:\/\/www.amazon.es\/Escultismo-para-muchachos-Robert-Baden-Powell\/dp\/8467537043\" target=\"_blank\" rel=\"noreferrer noopener\">aqu\u00ed<\/a>.<\/p>\n\n\n\n<p>\u00a1Hasta ma\u00f1ana!<\/p>\n\n\n\n<hr class=\"wp-block-separator has-css-opacity\"\/>\n\n\n\n<h3 class=\"wp-block-heading\"><strong>30 DE JULIO<\/strong><\/h3>\n\n\n\n<p>\u00a1Hola de nuevo a todos!<\/p>\n\n\n\n<p>Hoy es 13 de agosto, ya es hora de ir terminando la cr\u00f3nica del campamento! \ud83d\ude09 Pero merece la pena contar lo que pas\u00f3 el 30 de julio porque no fue una recogida normal. Fue sin duda la recogida m\u00e1s lluviosa que recordamos: no par\u00f3 de llover desde las 5 de la ma\u00f1ana hasta aproximadamente las 11, cuando salieron los autobuses del campamento. Llovi\u00f3 con intensidad variable, a ratos suavemente, y en otros momentos a c\u00e1ntaros, pero no par\u00f3 de llover. El Pirineo se desped\u00eda de nosotros&#8230;<\/p>\n\n\n\n<p>As\u00ed que todo el desmontaje de las tiendas fue lloviendo. Menos mal que en el hostal de Villanova nos dejaron una habitaci\u00f3n para preparar los bocadillos, porque si no solo nos quedaba una tienda azul y hubiera sido mucho m\u00e1s dif\u00edcil. La otra tienda grande que estuvo montada hasta el final fue una c\u00f3nica en la que estuvieron&nbsp;<em>todos&nbsp;<\/em>los castores (dentro hac\u00eda calor, os pod\u00e9is imaginar!!). Los lobatos tuvieron alguna tienda de jefes montada mientras las tropas desmontaban sus tiendas. Las c\u00f3nicas son unas tiendas buen\u00edsimas: nunca he visto volar una porque son igualmente aerodin\u00e1micas independientemente de la direcci\u00f3n en la que sople el viento, y adem\u00e1s de resistentes para la lluvia y el viento, cuando hace un sol de justicia se les pueden levantar los faldones y crean una sombra ventilada ideal para reunirse o echar una siesta.<\/p>\n\n\n\n<p>En general, del desmontaje hay que decir que de tropas para arriba todos colaboraron con ese punto de hero\u00edsmo que supone el sacrificarse por los dem\u00e1s. La Madre Teresa dec\u00eda que \u00abhay que dar hasta que duela\u00bb (no es una frase de un Ultra Sur, cuidado ;-)) Ella se refer\u00eda a \u00abdar\u00bb en el sentido de entregarse a los dem\u00e1s hasta que te duela a t\u00ed un poco; si te entregas solo hasta que te empieza a costar, entonces es que est\u00e1s dando de lo que te sobra y, como dec\u00eda Jesucristo cuando pon\u00eda como ejemplo a la viuda: \u00ab<em>de&nbsp;verdad os digo que esta viuda pobre ha echado m\u00e1s que todos. Porque todos \u00e9stos han echado como donativo de lo que les sobraba, \u00e9sta en cambio ha echado de lo que necesitaba, todo cuanto ten\u00eda para vivir<\/em>\u00bb (Lucas 21, 1-4). El campamento es una escuela donde esto se puede poner en pr\u00e1ctica porque&nbsp;<strong>hay ocasiones para ayudar a los dem\u00e1s<\/strong>.<\/p>\n\n\n\n<p>A pesar de la lluvia, la recogida fue mejor que la de aquel a\u00f1o que estaba todo embarrado. Es mejor recoger la tienda empapada pero limpia que recogerla algo menos mojada pero embarrada. Al fin y al cabo, si est\u00e1 empapada solo hay que secarla, pero no es necesario lavarla. Por eso Nacho convoc\u00f3 a todas las unidades al d\u00eda suguiente en la parroquia, y estaba todo el atrio y hasta la mitad de la calle cubiertas de tiendas puestas a secar al sol. Con el calor de Madrid se secaron muy r\u00e1pido: durante la ma\u00f1ana del d\u00eda 31 se secaron todas, incluida la c\u00f3nica que hab\u00eda cobijado a los castores, que fue de las \u00faltimas en secarse.<\/p>\n\n\n\n<p>En cuanto al regreso en autob\u00fas, podemos decir que todo el que no ten\u00eda que conducir volvi\u00f3 durmiendo: scouts, scouters y le\u00f1adores. Eso s\u00ed, evitamos parar en el \u00e1rea de servicio de Herodes en la que paramos a la venida, como si fu\u00e9ramos los Reyes Magos. Paramos a comer los bocadillos que hab\u00eda preparado la Caba\u00f1a en el hostal, deseando ya llegar a casa, ver a pap\u00e1 &nbsp;y mam\u00e1&#8230;<\/p>\n\n\n\n<p>El resto ya lo sab\u00e9is: llegamos muy sucios, muy cansados y muy contentos. Y sobre todo mejores, que es de lo que se trata.<\/p>\n\n\n\n<p>Hmmm bueno, algunos no sab\u00e9is todo el resto. Los que ten\u00e9is hijos en unidades peque\u00f1as (castores y lobatos) o medianas (tropa) pero no en unidades mayores (escultas y rovers), no sab\u00e9is que el campamento, para las unidades mayores, termina m\u00e1s tarde: hay que descargar el cami\u00f3n. Hasta este a\u00f1o incluida la ida a este campamento, alquil\u00e1bamos un cami\u00f3n que era un trailer de 12 metros . Algunos a\u00f1os, por las dificultades de entrar en la campa con un cami\u00f3n tan largo, hemos llevado dos camiones de 6 metros. Sin embargo, este a\u00f1o hay una novedad importante: hemos alquilado un contenedor, de los mismos que se usan en transporte por mar y tren. Es un contenedor de unos 6 metros de largo por unos 2 de ancho y unos 2.5 de alto, en el que hemos metido todo lo que en la parroquia nunca usamos durante el a\u00f1o: principalmente toda la estructura del comedor y las mangueras que usamos para distribuci\u00f3n de agua. As\u00ed, el cami\u00f3n a la vuelta era m\u00e1s peque\u00f1o, de unos 8 metros.<\/p>\n\n\n\n<p>Este contenedor lo cargamos en el campamento en paralelo a la carga del cami\u00f3n, el d\u00eda 29. Lo pod\u00e9is ver en las fotos. Pero una vez cargado no va a la parroquia sino a un \u00abpuerto seco\u00bb. All\u00ed estar\u00e1 almacenado todo el curso, hasta el pr\u00f3ximo campamento de verano, cuando nos lo entregar\u00e1n en la nueva campa. Con este sistema del contenedor evitamos descargar todo este material en la parroquia al volver del campamento y volver a cargarlo en el cami\u00f3n antes del pr\u00f3ximo campamento: ahorramos dos operaciones de carga\/descarga. Las otras dos operaciones (descargar el contenedor en el campamento y volverlo a cargar cuando acabe el campamento) no podemos evitarlas, pero reducimos considerablemente el trabajo. El d\u00eda 30 por la noche, en la descarga del cami\u00f3n en la parroquia, se not\u00f3 mucho: otros a\u00f1os la descarga del cami\u00f3n lleva m\u00e1s de 3 horas y este a\u00f1o dur\u00f3 1 hora y media. Impresionante. La verdad es que se agradece poder terminar antes ese d\u00eda que uno est\u00e1 tan cansado y deseando irse a casa a ducharse.<\/p>\n\n\n\n<p>Y sobre los d\u00edas posteriores a la llegada a Madrid, hay que deir que han llegado bastantes tocados por el virus pirenaico de la tripa que en algunos casos ha costado pasar m\u00e1s de una semana. Los del pueblo dec\u00edan que cuando hab\u00eda tormenta las fuentes de agua se revuelven y algunas personas est\u00e1n \u00abentripaos\u00bb. Pues as\u00ed han estado algunos, \u00abentripaos\u00bb hasta bien entrado el mes de agosto.<\/p>\n\n\n\n<p>Ahora nos queda la nostalgia. Se acab\u00f3 el campamento, y queda un a\u00f1o para el pr\u00f3ximo. Ya tenemos planes para mejorar cosas y hacer que vuelva a ser el mejor campamento de la historia del 284. El a\u00f1o que viene seguramente no iremos a los Pirineos, siguiendo la regla no escrita de ir alternando, as\u00ed que probablemente ser\u00e1 un campamento de menos tormentas. Pero echaremos de menos la tormenta pirenaica que te hace sentir peque\u00f1o y es la ocasi\u00f3n para salir a ayudar. Estas \u00abcosas\u00bb que pasan en el Pirineo nos sirven para crecer, como dice Nacho. \u00ab<em>Por eso vamos al Pirineo, por eso vamos a la monta\u00f1a, para que pasen cosas<\/em>\u00ab.<\/p>\n\n\n\n<p>Para cerrar la cr\u00f3nica de este a\u00f1o, pienso que podr\u00edamos cambiarle moment\u00e1neamente la letra a la canci\u00f3n de homenaje a Pepe y Mavi (<div id=\"mp3jWrap_2\" class=\"mjp-s-wrapper s-graphic unsel-mjp \" style=\"font-size:18px;\"><span id=\"playpause_wrap_mp3j_2\" class=\"wrap_inline_mp3j\" style=\"font-weight:700;\"><span class=\"gfxbutton_mp3j play-mjp\" id=\"playpause_mp3j_2\" style=\"font-size:18px;\">&nbsp;&nbsp;&nbsp;&nbsp;&nbsp;<\/span>&nbsp;<span class=\"group_wrap\"><span class=\"bars_mp3j\"><span class=\"loadB_mp3j\" id=\"load_mp3j_2\"><\/span><span class=\"posbarB_mp3j\" id=\"posbar_mp3j_2\"><\/span><\/span><span class=\"T_mp3j\" id=\"T_mp3j_2\" style=\"font-size:18px;\">3. aqu\u00ed la original<\/span><span class=\"indi_mp3j\" style=\"font-size:12.6px;\" id=\"statusMI_2\"><\/span><\/span><span class=\"vol_mp3j flipped\" id=\"vol_mp3j_2\"><\/span><\/span><\/div><span class=\"s-nosolution\" id=\"mp3j_nosolution_2\" style=\"display:none;\"><\/span><script>\nMP3jPLAYLISTS.inline_2 = [\n\t{ name: \"3. aqu\u00ed la original\", formats: [\"mp3\"], mp3: \"L2ltYWdlcy9zdG9yaWVzL2F1ZGlvL0dydXBvJTIwU2NvdXQlMjAyODQlMjAtJTIwSm9sZ29yaWV0ZSUyMEdyYW5kZXMlMjBFeGl0b3MlMjAtJTIwSG9tZW5hamUlMjBhJTIwUGVwZSUyMHklMjBNYXZpLm1wMw==\", counterpart:\"\", artist: \"\", image: \"\", imgurl: \"\" }\n];\n<\/script>\n\n<script>MP3jPLAYERS[2] = { list: MP3jPLAYLISTS.inline_2, tr:0, type:'single', lstate:'', loop:true, play_txt:'&nbsp;&nbsp;&nbsp;&nbsp;&nbsp;', pause_txt:'&nbsp;&nbsp;&nbsp;&nbsp;&nbsp;', pp_title:'', autoplay:false, download:false, vol:100, height:'' };<\/script>, que conviene escuchar mientras se lee esta versi\u00f3n B de la letra):<\/p>\n\n\n\n<p>La tienda empapada me hace pensar,<\/p>\n\n\n\n<p>los charcos del suelo quieren hablar,<\/p>\n\n\n\n<p>y en un d\u00eda lluvioso y negro<\/p>\n\n\n\n<p>desmontamos campamento&#8230;<\/p>\n\n\n\n<p>bajo una tormenta pirenaica&#8230;<\/p>\n\n\n\n<p>Ma\u00f1ana lo vamos a conocer: &nbsp;[Nacho dixit]<\/p>\n\n\n\n<p>\u00ab\u00a1El secreto de mojar es secar!\u00bb<\/p>\n\n\n\n<p>La parro llena de tiendas,<\/p>\n\n\n\n<p>y el olor de aquellas tierras&#8230;<\/p>\n\n\n\n<p>todas extendidas para secar&#8230;<\/p>\n\n\n\n<p>Siempre la andamos buscando,<\/p>\n\n\n\n<p>nos gusta verla llegar&#8230;<\/p>\n\n\n\n<p>No es la misma en otras tierras:<\/p>\n\n\n\n<p>\u00a1estas son las de verdad!<\/p>\n\n\n\n<p>Los castores van&#8230; a la c\u00f3nica,<\/p>\n\n\n\n<p>los lobatos corren&#8230; al autob\u00fas,<\/p>\n\n\n\n<p>los dem\u00e1s a disfrutarla:<\/p>\n\n\n\n<p>\u00a1La Tormenta Pirenaica!<\/p>\n\n\n\n<p>La vida es m\u00e1s vida en Pirineos&#8230;<\/p>\n\n\n\n<p>Mentir\u00e9 si digo un d\u00eda<\/p>\n\n\n\n<p>que no he so\u00f1ado jam\u00e1s&#8230;<\/p>\n\n\n\n<p>con el trueno que retumba&#8230;<\/p>\n\n\n\n<p>\u00a1con la lluvia horizontal!<\/p>\n\n\n\n<p>Mentir\u00e9 si digo un d\u00eda<\/p>\n\n\n\n<p>que no he so\u00f1ado jam\u00e1s&#8230;<\/p>\n\n\n\n<p>con el comedor volando<\/p>\n\n\n\n<p>\u00a1cual tienda de Sanidad!<\/p>\n\n\n\n<p>Por fin vi en el firmamento<\/p>\n\n\n\n<p>la campa pirenaica&#8230;<\/p>\n\n\n\n<p>La abrac\u00e9 y dej\u00e9 mi vida:<\/p>\n\n\n\n<p>\u00a1No te dejar\u00e9 jam\u00e1s!<\/p>\n\n\n\n<p>Un fuerte abrazo!!!<\/p>\n","protected":false},"excerpt":{"rendered":"<p>Esta es la p\u00e1gina del Campamento Virtual: VILLANOVA 2015 Desde Villanova, Huesca, del 15 al 30 de julio,&nbsp;actualizaremos d\u00eda a d\u00eda las noticias y las&nbsp;fotos. \u00c1lbumes de fotos de VILLANOVA 2015 Comenta en&nbsp;Facebook Grupo Scout 284 y en Twitter:&nbsp;@scouts284 Actualizado:&nbsp;&nbsp;&nbsp; 13-08-2015 &nbsp; 17:43 CORREOS RECIBIDOS Actualizados &nbsp;&nbsp;&nbsp;29-07-15 &nbsp;&nbsp; 10:45 scouts284@gmail.com [&hellip;]<\/p>\n","protected":false},"author":2,"featured_media":0,"parent":0,"menu_order":0,"comment_status":"closed","ping_status":"closed","template":"","meta":{"footnotes":""},"class_list":["post-892","page","type-page","status-publish","hentry"],"jetpack_sharing_enabled":true,"_links":{"self":[{"href":"https:\/\/www.scouts284.org\/index.php\/wp-json\/wp\/v2\/pages\/892","targetHints":{"allow":["GET"]}}],"collection":[{"href":"https:\/\/www.scouts284.org\/index.php\/wp-json\/wp\/v2\/pages"}],"about":[{"href":"https:\/\/www.scouts284.org\/index.php\/wp-json\/wp\/v2\/types\/page"}],"author":[{"embeddable":true,"href":"https:\/\/www.scouts284.org\/index.php\/wp-json\/wp\/v2\/users\/2"}],"replies":[{"embeddable":true,"href":"https:\/\/www.scouts284.org\/index.php\/wp-json\/wp\/v2\/comments?post=892"}],"version-history":[{"count":26,"href":"https:\/\/www.scouts284.org\/index.php\/wp-json\/wp\/v2\/pages\/892\/revisions"}],"predecessor-version":[{"id":3434,"href":"https:\/\/www.scouts284.org\/index.php\/wp-json\/wp\/v2\/pages\/892\/revisions\/3434"}],"wp:attachment":[{"href":"https:\/\/www.scouts284.org\/index.php\/wp-json\/wp\/v2\/media?parent=892"}],"curies":[{"name":"wp","href":"https:\/\/api.w.org\/{rel}","templated":true}]}}