{"id":873,"date":"2020-07-25T11:41:23","date_gmt":"2020-07-25T09:41:23","guid":{"rendered":"http:\/\/www.scouts284.org\/?page_id=873"},"modified":"2025-03-16T12:55:06","modified_gmt":"2025-03-16T11:55:06","slug":"campamento-virtual-las-agueras-2016","status":"publish","type":"page","link":"https:\/\/www.scouts284.org\/index.php\/campamento-virtual-las-agueras-2016\/","title":{"rendered":"Campamento Virtual Las Ag\u00fceras 2016"},"content":{"rendered":"\n<h4 class=\"wp-block-heading\">Esta es la p\u00e1gina del Campamento Virtual:<\/h4>\n\n\n\n<h3 class=\"wp-block-heading\"><strong>LAS AG\u00dcERAS 2016<\/strong><\/h3>\n\n\n\n<h4 class=\"wp-block-heading\">Desde Las Ag\u00fceras, Asturias, del 15 al 30 de julio,&nbsp;actualizaremos d\u00eda a d\u00eda las noticias y las&nbsp;fotos.<\/h4>\n\n\n\n<ul class=\"wp-block-list\">\n<li><strong><a href=\"https:\/\/goo.gl\/photos\/N9QG3bHQgXhMGNKX8\" target=\"_blank\" rel=\"noreferrer noopener\"><strong>\u00c1lbum de fotos de LAS AG\u00dcERAS 2016 &#8211; 9 al 14 de julio<\/strong><\/a><\/strong><\/li>\n\n\n\n<li><a href=\"https:\/\/goo.gl\/photos\/B3iSePs8q8FLRKNs6\" target=\"_blank\" rel=\"noreferrer noopener\"><strong>\u00c1lbum de fotos de LAS AG\u00dcERAS 2016 &#8211; 15 al 17 de julio<\/strong><\/a><\/li>\n\n\n\n<li><a href=\"https:\/\/goo.gl\/photos\/y4eYEJxB65VQ29UN7\" target=\"_blank\" rel=\"noreferrer noopener\"><strong>\u00c1lbum de fotos de LAS AG\u00dcERAS 2016 &#8211; 18 al 21 de julio<\/strong><\/a><\/li>\n\n\n\n<li><a href=\"https:\/\/goo.gl\/photos\/R7HyFNCGXKKgAm5m6\" target=\"_blank\" rel=\"noreferrer noopener\"><strong>\u00c1lbum de fotos de LAS AG\u00dcERAS 2016 &#8211; 22 al 25 de julio<\/strong><\/a><\/li>\n\n\n\n<li><a href=\"https:\/\/goo.gl\/photos\/yskETSGqkDcPTGdN9\" target=\"_blank\" rel=\"noreferrer noopener\"><strong>\u00c1lbum de fotos de LAS AG\u00dcERAS 2016 &#8211; 26 al 27 de julio<\/strong><\/a><\/li>\n\n\n\n<li><a href=\"https:\/\/goo.gl\/photos\/kvytbqWMXs6dB3HQ6\" target=\"_blank\" rel=\"noreferrer noopener\"><strong>\u00c1lbum de fotos de LAS AG\u00dcERAS 2016 &#8211; 28 de julio<\/strong><\/a><\/li>\n\n\n\n<li><a href=\"https:\/\/goo.gl\/photos\/sU43x53dNkktuybf7\" target=\"_blank\" rel=\"noreferrer noopener\"><strong>\u00c1lbum de fotos de LAS AG\u00dcERAS 2016 &#8211; 29 de julio<\/strong><\/a><\/li>\n\n\n\n<li><strong><a href=\"https:\/\/www.youtube.com\/watch?v=1Xi18oTUHcs\">Festival de la Canci\u00f3n LAS AG\u00dcERAS 2016 en YouTube<\/a><\/strong><\/li>\n\n\n\n<li><strong><a href=\"https:\/\/www.youtube.com\/watch?v=CHA2OCGm3ec\">Fuego de Campamento LAS AG\u00dcERAS 2016 en YouTube<\/a><\/strong><\/li>\n<\/ul>\n\n\n\n<h4 class=\"wp-block-heading\">&nbsp;<strong>Comenta en&nbsp;<a href=\"https:\/\/www.facebook.com\/groups\/28429452137\/\" target=\"_blank\" rel=\"noreferrer noopener\">Facebook Grupo Scout 284<\/a><\/strong><\/h4>\n\n\n\n<h4 class=\"wp-block-heading\">y en Twitter:&nbsp;<a href=\"https:\/\/twitter.com\/scouts284\" target=\"_blank\" rel=\"noreferrer noopener\">@scouts284<\/a><\/h4>\n\n\n\n<p>Actualizado: &nbsp;&nbsp; 25-07-2016 &nbsp; 00:30<\/p>\n\n\n\n<hr class=\"wp-block-separator has-css-opacity\"\/>\n\n\n\n<h2 class=\"wp-block-heading\"><strong><a href=\"https:\/\/www.scouts284.org\/index.php\/correos-recibidos-en-las-agueras-2016\/\">CORREOS RECIBIDOS<\/a><\/strong><\/h2>\n\n\n\n<p>Actualizados&nbsp;&nbsp;25-07-2016 &nbsp; 21:50<\/p>\n\n\n\n<h4 class=\"wp-block-heading\"><strong><a href=\"mailto:scouts284@gmail.com\">scouts284@gmail.com<\/a><\/strong><\/h4>\n\n\n\n<hr class=\"wp-block-separator has-css-opacity\"\/>\n\n\n\n<p><strong>5 DE AGOSTO:<\/strong><\/p>\n\n\n\n<p>\u00a1Hola, familias!<\/p>\n\n\n\n<p>Esperamos que&nbsp;los chavales&nbsp;est\u00e9is disfrutando de las vacaciones, y los mayores a los que no os toque trabajar estos d\u00edas las est\u00e9is disfrutando todav\u00eda m\u00e1s (hay que aprovecharlas ya que tenemos menos vacaciones!).<\/p>\n\n\n\n<p>Ya hemos terminado de subir las fotos incluyendo&nbsp;<a href=\"https:\/\/goo.gl\/photos\/sU43x53dNkktuybf7\" target=\"_blank\" rel=\"noreferrer noopener\">las del 29 de julio<\/a>, que faltaban. Son principalmente las fotos de los pases, algunas del desmontaje y, por supuesto, cerramos las fotos del campamento con las de&nbsp;<a href=\"https:\/\/photos.google.com\/share\/AF1QipPDC73zh9EC7DtWUdYEHFQCtzxrIQGQQWSR9C858qZv0HvgprlkNKh4K8v69gBjVg\/photo\/AF1QipNoEWX-sll0HFGBGfuMQwqT0rFWQc0WfkriaKdy?key=a3NOdEpHcjdDXzZrWEp1TUNzTVpGMFVTNFBDc0tB\" target=\"_blank\" rel=\"noreferrer noopener\">Nacho y Roc\u00edo (con los grandes ChupaChups que les regal\u00f3 Jorge)<\/a>, y&nbsp;<a href=\"https:\/\/photos.google.com\/share\/AF1QipPDC73zh9EC7DtWUdYEHFQCtzxrIQGQQWSR9C858qZv0HvgprlkNKh4K8v69gBjVg\/photo\/AF1QipPuYW9WLopz9Gqxjo-XLVGIj6r_eY3bWkhlUf3k?key=a3NOdEpHcjdDXzZrWEp1TUNzTVpGMFVTNFBDc0tB\" target=\"_blank\" rel=\"noreferrer noopener\">Nacho y Jorge<\/a>, tras anunciar la sucesi\u00f3n en la Jefatura de Grupo.<\/p>\n\n\n\n<p>Fue sin duda la gran noticia del campamento, que se anunci\u00f3 durante la cena de jefes, cuando ya hab\u00edamos terminado todo y solo quedaba volver a Madrid. Ya hab\u00eda pasado el montaje, los raids, el d\u00eda de padres, el Festival, el Fuego, los consejos, las ceremonias, los pases&#8230; pero la mayor noticia estaba a\u00fan por llegar. Cuando Nacho empez\u00f3 a hablar, ya al &nbsp;final de la cena de jefes, parec\u00eda que iba a decir que hab\u00eda que irse a acostar. Pero la gente ten\u00eda ganas de juerga, de cantar, de rememorar las mejores actuaciones de alguno de los presentes&#8230; as\u00ed que no quer\u00edan dejarle hablar, y le interrumpieron muchas veces hasta que por fin comenz\u00f3 su discurso. Los scouters estaban con cuerpo de fiesta, entre risas y bromas&#8230; cuando Nacho empez\u00f3 a hablar del momento en que, hace 17 a\u00f1os, Alimoche asumi\u00f3 ser el Jefe de Grupo con Nacho como segundo. Y c\u00f3mo hace 10 a\u00f1os, se intercambiaron las posiciones y Nacho pas\u00f3 a ser Jefe de Grupo con Alimoche como segundo. Parec\u00eda un discurso extra\u00f1o a esas horas de la noche, cuando todo el mundo esperaba que Nacho hablara de a qu\u00e9 hora hab\u00eda que levantarse al d\u00eda siguiente y de qu\u00e9 quedaba por desmontar. Los scouters empezaron a mirarle con mayor atenci\u00f3n, adoptando posturas m\u00e1s serias mientras Nacho segu\u00eda hablando. No solo las posturas, tambi\u00e9n las caras se fueron poniendo serias al ver que aquel discurso encerraba algo extraordinario. Nacho explic\u00f3 que hab\u00edan sido los a\u00f1os m\u00e1s felices de su vida, y que el tiempo pasaba, y que tocaba dar el relevo a una generaci\u00f3n m\u00e1s joven. Finalmente, lleg\u00f3 a lo que todo el mundo se tem\u00eda como el final inevitable del gui\u00f3n: anunci\u00f3 que en la pr\u00f3xima Ronda Solar ya no ser\u00e1 el Jefe de Grupo. Las caras de los scouters eran de consternaci\u00f3n, algunas casi de shock (ning\u00fan scouter recuerda a otro Jefe de Grupo que no sea Nacho o Alimoche). Y, todo seguido, Nacho anunci\u00f3 qui\u00e9n ser\u00eda el nuevo Jefe de Grupo: Jorge Esteve. Hubo una exclamaci\u00f3n general de alegr\u00eda.<\/p>\n\n\n\n<p>Jorge se puso de pie. Hab\u00eda estado sentado en un lateral, en segunda fila, hacia el fondo. Jorge entreg\u00f3 a Nacho y Roc\u00edo los Chupa Chups gigantes (rellenos de muchos peque\u00f1os, no s\u00f3lo para Nacho y Roc\u00edo, sino para todos los scouters), y habl\u00f3 tambi\u00e9n brevemente: empez\u00f3 por una broma, para luego pasar a explicar que lo importante es que aqu\u00ed estamos para educar a los chavales, y que todos somos un equipo con el mismo fin. Que todos somos necesarios y que cuenta con todos nosotros para seguir haciendo del 284 &#8211; Reina del Cielo el mejor grupo scout.&nbsp;<em>Esto tambi\u00e9n os incluye a vosotros, los padres.<\/em><\/p>\n\n\n\n<p>Desde aqu\u00ed queremos unirnos al agradecimiento a Nacho y Roc\u00edo, y tambi\u00e9n a Alimoche y Mariajo, por estos fant\u00e1sticos 17 a\u00f1os. Es dif\u00edcil imaginar el nivel de dedicaci\u00f3n necesario para llevar un grupo tan grande. Es un trabajo inmenso que han hecho con una sabia combinaci\u00f3n de psicolog\u00eda y firmeza, cari\u00f1o y responsabilidad, flexibilidad y tenacidad, alegr\u00eda y seriedad&#8230; con much\u00edsima paciencia y habilidad. Desde aqu\u00ed, \u00a1\u00a1un mill\u00f3n de gracias!!<\/p>\n\n\n\n<p>Y a Jorge, darle la m\u00e1s alegre \u00a1\u00a1enhorabuena!! Jorge trae juventud y nuevas energ\u00edas, combinadas con toda una vida de experiencia (literalmente!!) y su natural simpat\u00eda y humildad. \u00a1\u00a1Estamos contigo, Jorge!!<\/p>\n\n\n\n<p>Muy pocos d\u00edas despu\u00e9s ha llegado a nuestros o\u00eddos que&#8230; \u00a1hasta&nbsp;<a href=\"https:\/\/www.youtube.com\/watch?v=XJQ6Pm2GcW0\" target=\"_blank\" rel=\"noreferrer noopener\">Hitler se ha enterado del cambio en la coordinaci\u00f3n del Grupo<\/a>! Este Mayo es genial&#8230; &nbsp;:-D.<\/p>\n\n\n\n<p>Y hablando de v\u00eddeos, tambi\u00e9n hemos subido a YouTube&nbsp;<a href=\"https:\/\/www.youtube.com\/watch?v=w46BS04eM8I\" target=\"_blank\" rel=\"noreferrer noopener\">el v\u00eddeo del rescate del esculta en helic\u00f3ptero durante el raid<\/a>. Es impresionante ver c\u00f3mo izan la camilla con un cable de acero al helic\u00f3ptero. Por suerte, al que va en la camilla le tapan la cabeza para que no vea la escena (podr\u00eda entrarle v\u00e9rtigo, dar un respingo del susto y ser\u00eda peor). El propio Jorge nos cont\u00f3 que la situaci\u00f3n era agobiante por tener la cabeza tapada y llevar ox\u00edgeno&#8230; La verdad es que Jorge puede presumir de haber vivido una experiencia as\u00ed de excepcional, que en los 41 a\u00f1os de historia de nuestro Grupo solo ha ocurrido 3 veces.<\/p>\n\n\n\n<p>Un fuerte abrazo!<\/p>\n\n\n\n<hr class=\"wp-block-separator has-css-opacity\"\/>\n\n\n\n<p><strong>1 DE AGOSTO:<\/strong><\/p>\n\n\n\n<p>\u00a1Hola a todos!<\/p>\n\n\n\n<p>Ayer tuvimos la tradicional cena de jefes de cierre de campamento y ronda solar a la que acudimos los Scouters y la Caba\u00f1a, ya limpitos y muy guapos despu\u00e9s de un merecido d\u00eda de descanso tras la vuelta y la descarga \ud83d\ude42<\/p>\n\n\n\n<p>No quer\u00edamos cerrar el campa virtual sin daros las gracias por leernos a diario, por vuestros correos, mensajes de agradecimiento&#8230; \u00a1es un lujo tener un p\u00fablico tan agradecido!<\/p>\n\n\n\n<p>\u00a1Pasad un verano estupendo!<\/p>\n\n\n\n<p>Ignacio y Luc\u00eda<br>SLPS<\/p>\n\n\n\n<hr class=\"wp-block-separator has-css-opacity\"\/>\n\n\n\n<p><strong>28 -30 DE JULIO:<\/strong><\/p>\n\n\n\n<p>\u00a1Buenas tardes a todos!<\/p>\n\n\n\n<p>Ahora mismo estamos empezando a desmontar el campamento. Son las 16:00 del 29 de julio. Ayer, d\u00eda 28, tuvimos ceremonias y el Fuego de Campamento, y esta ma\u00f1ana hemos hecho los pases de unidad. Os contaremos m\u00e1s cosas a la vuelta, pero ahora mismo lo \u00fanico que vamos a poder hacer es dejar subiendo las fotos de las ceremonias de ayer.<\/p>\n\n\n\n<p>El tiempo nos &nbsp;ha tratado fenomenal y parece que vamos a poder desmontar el campamento en seco (que, comparado con otros a\u00f1os, es una maravilla).<\/p>\n\n\n\n<p>Aunque sea muy deprisa, podemos adelantaros una gran noticia. Tenemos una insignia de Cola de Castor Plateada y una Mowgli. La Cola de Castor Plateada se ha concedido a Mateo P, de Cherokee. Y la Mowgli se ha concedido a Claudia R, de Chikay. \u00a1\u00a1Un gran aplauso para ellos!! (as\u00ed se lo hemos dado en la izada de hoy).<\/p>\n\n\n\n<p>Por favor, rezad por nosotros para que el desmontaje y el viaje de vuelta vayan bien, y&#8230; \u00a1nos vemos ma\u00f1ana!<\/p>\n\n\n\n<p>\u00a1Buena caza!<\/p>\n\n\n\n<hr class=\"wp-block-separator has-css-opacity\"\/>\n\n\n\n<p><strong>27 DE JULIO:<\/strong><\/p>\n\n\n\n<p>\u00a1Buenas noches a todos!<\/p>\n\n\n\n<p>Hoy ha sido un d\u00eda muy importante: cada unidad ha celebrado su Corte de Honor, Consejo de Roca, Revisi\u00f3n de Ruta&#8230; o lo que llamamos \u00abconsejos\u00bb. En ellos se hace una evaluaci\u00f3n de cada miembro de la unidad, se habla de la etapa de progresi\u00f3n en la que se encuentran y en caso de que la hayan culminado se les concede la etapa.<\/p>\n\n\n\n<p>Las tres etapas son comunes a todas las ramas: integraci\u00f3n, servicio y animaci\u00f3n. Cada rama las adapta a su edad, as\u00ed en Castores tenemos la Kid, las Paletas y la Keeo. En Lobatos las huellas de Akela, Baloo y Bagheera, en Tropa las Sendas del compromiso, desaf\u00edo y colaboraci\u00f3n y en Escultas las tres Etapas de integraci\u00f3n, servicio y animaci\u00f3n.<\/p>\n\n\n\n<p>En la Comunidad Rover no tenemos las tres etapas diferenciadas, sino la Investidura Rover, que marca el final de la progresi\u00f3n como educando y normalmente se realiza al final del segundo a\u00f1o en la rama Rover. Esta ma\u00f1ana ha sido la ceremonia de Investidura de los 13 Rovers que componen la Comunidad Rover (la Comuna), lo cual es un orgullo para el Grupo. Como ha comentado Roc\u00edo en el Kraal \u00abya est\u00e1n preparados para servir\u00bb.<\/p>\n\n\n\n<p>Ayer os coment\u00e1bamos que ya est\u00e1bamos todos de nuevo en campamento y eso se nota en cocina. Hemos pasado de 3 perolas a 4, por ejemplo para los pur\u00e9s, o como en el caso de hoy, para los garbanzos. Adem\u00e1s hemos frito m\u00e1s de mil filetes de pollo empanado. \u00a1M\u00e1s de mil!<\/p>\n\n\n\n<p>Durante todo el d\u00eda las unidades han estado ensayando el Fuego, que es ma\u00f1ana, tambi\u00e9n a las 21:00 como el Festival. La verdad es que ha funcionado muy bien adelantar el horario ya que al empezar con luz tardamos menos en colocarnos y sobre todo, no se alarg\u00f3 tanto como otros a\u00f1os, que muchos Castores acaban por dormirse del sue\u00f1o que tienen y se pierden el final. De nuevo est\u00e1is invitados a acompa\u00f1arnos si quer\u00e9is, y os recordamos que las normas son las mismas que para Festival: no se puede interactuar con los ni\u00f1os.<\/p>\n\n\n\n<p>Finalmente, hoy hemos tenido la inmensa suerte de que justo antes de la cena hemos tenido a una banda de gaiteros en campamento. Es la&nbsp;<a href=\"https:\/\/es.wikipedia.org\/wiki\/Banda_de_Gaitas_Teixo_Manolo_Quir\u00f3s\" target=\"_blank\" rel=\"noreferrer noopener\">Banda de Gaitas de Quir\u00f3s<\/a>&nbsp;y nos han regalado un rato estupendo interpretando entre otros el \u00abAsturias Patria querida\u00bb. Nos ha encantado a todos y muchos chavales, sobre todo los m\u00e1s peque\u00f1os alucinaban, ya que era la primera vez que o\u00edan tocar la gaita.<\/p>\n\n\n\n<p>No nos cansamos de recalcar lo bien que nos est\u00e1 tratando este a\u00f1o todo el mundo en la zona. \u00a1Que gusto de gente!<\/p>\n\n\n\n<p>Y hoy se nos ha hecho un poco m\u00e1s tarde de lo normal, es la 1 de la ma\u00f1ana y hemos conseguido que la guardia nos de un trozo de chocolate, pero nos vamos al saco ya, \u00a1que ma\u00f1ana es el Fuego de Campamento!<\/p>\n\n\n\n<p>\u00a1Hasta ma\u00f1ana!<\/p>\n\n\n\n<hr class=\"wp-block-separator has-css-opacity\"\/>\n\n\n\n<p><strong>26 DE JULIO:<\/strong><\/p>\n\n\n\n<p>\u00a1Buenas noches familias!<\/p>\n\n\n\n<p>Hoy el campamento ha amanecido con un caballo atado al m\u00e1stil. \u00a1Si, si, tal cual! Ha sido la broma de la Comuna, y la verdad es que ha sido una de las m\u00e1s originales de los \u00faltimos a\u00f1os. La broma la hacen las unidades mayores la \u00faltima noche de su raid antes de volver a campamento, y consiste en entrar en campamento sin ser vistos por la guardia y hacer poner carteles y pancartas con los nombres de sus unidades, poner harina en las mesas de comedor, etc. Si mientras est\u00e1n dentro de comedor les ve la guardia, est\u00e1n pillados y tienen que acompa\u00f1arles a comedor, ahi esperan al resto de su unidad y cuando han pillado a todos se van de campamento. Es como un juego de acecho en el que la guardia de esa noche tiene que conseguir pillar a los intrusos, y la unidad que hace la broma tiene que conseguir burlar a la guardia. Cuanto m\u00e1s llamativo sea lo que hacen los \u00abbromistas\u00bb (y por tanto m\u00e1s vergonzoso para la guardia no haberse dado cuenta), mejor se considera la broma.<\/p>\n\n\n\n<p>Por la ma\u00f1ana ha vuelto la Comuna (esta vez sin caballo) y por la tarde los Escultas. Es genial verles volver a todos de raid felices, habi\u00e9ndose superado a s\u00ed mismos y habiendo crecido como personas. Gracias Virgen del Camino por haberles ayudado a todos a volver a casa una vez m\u00e1s.<\/p>\n\n\n\n<p>Y con ellos \u00a1ya estamos todos en campamento otra vez!<\/p>\n\n\n\n<p>Pero sin duda el evento del d\u00eda ha sido&#8230; \u00a1el Festival de la Canci\u00f3n! Es una actividad que el Clan Isengard prepara como servicio al grupo y para el que cada unidad se inventa una canci\u00f3n, que se van cantando intercalado con los sketches que prepara el Clan.<\/p>\n\n\n\n<p>El tema elegido para ambientarlo este a\u00f1o ha sido la saga de \u00abEl Se\u00f1or de los Anillos\u00bb. Ha sido muy divertido y las canciones han estado todas muy bien. Hay que destacar el m\u00e9rito que tiene preparar el Festival, al que se dedica todo el tercer trimestre y gran parte de campamento, pero especialmente cuando el Clan tiene pocos miembros, como este a\u00f1o, que son 7 Claneros y 3 Scouters. \u00a1Gracias a todos por el curro!<\/p>\n\n\n\n<p>La canci\u00f3n ganadora ha sido la de&#8230; \u00a1KIOWA! Hac\u00eda un mont\u00f3n de a\u00f1os que no ganaba una colonia de Castores, y la verdad es que, aunque ha estado re\u00f1ido, han sido justos vencedores con una canci\u00f3n dedicada a Toni, un castor senegal\u00e9s que ha pasado con ellos todo el a\u00f1o (en una familia espa\u00f1ola de acogida) y que antes de campamento ha vuelto a Senegal.<\/p>\n\n\n\n<p>El segundo premio lo ha ganado Dragones, con una canci\u00f3n en la que relataban una historia real que ocurri\u00f3 en la Segunda Guerra Mundial entre dos soldados: uno japon\u00e9s y otro estadounidense al que el primero no es capaz de disparar despu\u00e9s de que el segundo haga el saludo Scout.<\/p>\n\n\n\n<p>Y el tercer premio ha sido para la Comuna, que ha arrancado alguna lagrimita con una canci\u00f3n con la que \u00abcierran\u00bb su etapa de educandos en el Grupo y se preparan para servir a sus hermanos peque\u00f1os. Hablaron de todos los a\u00f1os que han disfrutado y lo que han aprendido.<\/p>\n\n\n\n<p>Para terminar queremos dar las gracias a todos los padres que vinisteis a ver el festival, ya que con vuestro buen comportamiento contribuisteis a algo tan importante como la seguridad en campamento.<\/p>\n\n\n\n<p>\u00a1Hasta ma\u00f1ana!<\/p>\n\n\n\n<p>PD &#8211; Sentimos mucho los problemas que tuvimos con la retransmisi\u00f3n del festival, sobre todo relacionados con sonido. Esta vez no fue culpa de la c\u00e1mara, ni del ordenador, ni de la &nbsp;conexi\u00f3n a Internet. Hab\u00eda una interferencia en el sonido que hac\u00eda casi incomprensible el audio. Por eso cortamos la transmisi\u00f3n muchas veces, intentando codificar el sonido de formas distintas para ver si se arreglaba: a 128 kbps, a 96 kbps, a 192 kbps, modificando la codificaci\u00f3n del v\u00eddeo a una calidad m\u00e1s baja que 480p, a una m\u00e1s alta (720p), reiniciando el ordenador, usando otro micr\u00f3nofo externo conectado al PC, conectando el micr\u00f3fono externo a la codificadora&#8230; Pero al final tenemos claro que no era eso, sino una fuente de interferencia que hemos estado investigando&#8230; Al principio pensamos que pod\u00edan ser los micr\u00f3fonos inal\u00e1mbricos, pero luego la comisi\u00f3n de sonido nos ha dicho que solo los utilizaron en un par de actuaciones. La interferencia empez\u00f3 unos 10 minutos despu\u00e9s de las 9:00 y acab\u00f3 unos 10 minutos antes del final. Se escucha perfectamente cu\u00e1ndo cesa la interferencia, en el minuto 13:15 del&nbsp;<a href=\"https:\/\/www.youtube.com\/watch?v=OV1wJj4dcmU\">video de la \u00faltima parte de la retransmisi\u00f3n<\/a>. Ese horario encaja con el tiempo que estuvieron algunos padres. Hab\u00eda un ni\u00f1o de unos 3 a\u00f1os que iba en una silla y que estaba jungando con una consola port\u00e1til, y pensamos que esa consola podr\u00eda ser la fuente de la interferencia, pero no podemos comprobarlo. A no ser que vuelva esta noche al Fuego. As\u00ed que esta noche volveremos a intentarlo. A ver si para el Fuego podemos hacer que funcione bien y pod\u00e1is vernos desde casa!<\/p>\n\n\n\n<hr class=\"wp-block-separator has-css-opacity\"\/>\n\n\n\n<p><strong>25 DE JULIO:<\/strong><\/p>\n\n\n\n<p>\u00a1Buenas noches familias!<\/p>\n\n\n\n<p>Hoy seguimos con nuestra particular \u00abreagrupaci\u00f3n familiar\u00bb ;-): ha vuelto al campamento el Clan, que es la \u00fanica de las unidades mayores que acorta un d\u00eda su raid, ya que son los encargados de preparar el Festival de la Canci\u00f3n, que es ma\u00f1ana, y hay algunas estructuras que tienen que montar, coordinarse con la comisi\u00f3n de sonido y sobre todo \u00a1ensayar! \u00a1Seguro que ma\u00f1ana nos regalan un festival estupendo!<\/p>\n\n\n\n<p>Ahora mismo en el Kraal nos est\u00e1n contando su raid por los pueblos de la zona y que han finalizado haciendo barrancos. Vuelven a destacar la amabilidad y la hospitalidad de la gente de la zona, comentando que en toda su vida no recuerdan que nos hayan tratado tan bien, dej\u00e1ndoles incluso propiedades particulares para pasar la noche. En ese momento tambi\u00e9n se ha comentado que justo el otro d\u00eda coincidimos con la persona que les dej\u00f3 la casa (una casa particular!) y que alucinaba de lo limpio que lo hab\u00edan dejado todo, que si no fuera porque se dejaron un desodorante ni se hubiera notado que pasaron por all\u00ed, claro que con lo generosos que est\u00e1n siendo con nosotros, es lo menos que podemos hacer.<\/p>\n\n\n\n<p>Adem\u00e1s, hoy hemos tenido la suerte de vivir la promesa de una nueva scout. Esto parece bastante cotidiano, pero es que quien ha hecho la promesa ha sido Ana Bel\u00e9n, nuestra enfermera la primera mitad de campamento. Es un orgullo para el grupo contar con gente que decide dar un paso tan importante, ya de adulta, y comprometerse a construir un mundo mejor junto a todos los Scouts del mundo \ud83d\ude42 Como sab\u00e9is, todos los scouts del mundo hacen la misma promesa. La pa\u00f1oleta representa que quien la lleva al cuello ha hecho esa promesa. La versi\u00f3n original de la promesa es en ingl\u00e9s (se llama \u00abthe scout oath\u00bb), ya que Baden Powell era ingl\u00e9s, y se ha traducido a casi todos los idiomas del mundo, puesto que hay scouts en casi todo el mundo.<\/p>\n\n\n\n<p>\u00a1BOLA EXTRA! \u00a1IMPORTANTE! Se acaba de tomar en el Kraal la decisi\u00f3n de que&nbsp;SE ADELANTA EL FESTIVAL A LAS 21:00. Tenedlo en cuenta los que pens\u00e9is venir a verlo a campamento o seguirlo en streaming (si podemos finalmente retransmitirlo, ma\u00f1ana haremos pruebas y esperamos que s\u00ed, pero de momento hemos visto que al fondo de la campa hay peor cobertura que en la zona del comedor). Tambi\u00e9n os recordamos a los que veng\u00e1is a disfrutarlo con nosotros lo que ya comento Nacho del Estal en la arriada del d\u00eda de padres:&nbsp;<em>no se podr\u00e1 interactuar con los ni\u00f1os<\/em>&nbsp;ni antes, ni durante, ni despu\u00e9s del festival, ya que se crea un problema de seguridad. Por favor, colaborad con nosotros esperando a que todos los ni\u00f1os est\u00e9n sentados antes de entrar al \u00abpatio de butacas\u00bb y saliendo deprisa cuando termine. No os preocup\u00e9is que os indicaremos cu\u00e1ndo entrar.<\/p>\n\n\n\n<p>Hoy durante el Kraal, igual que ayer, tambi\u00e9n nos ha hablado el Padre Jos\u00e9 Luis, al que llamamos \u00abel Pater\u00bb. Hoy nos ha contado un poco sobre la historia del ap\u00f3stol Santiago y sobre la experiencia de la fe. La historia del ap\u00f3stol Santiago, tal como la ha transmitido la tradici\u00f3n cristiana: Santiago, siguiendo las instrucciones de Jesucristo, se fue \u00abhasta los confines de la Tierra\u00bb a anunciar la buena noticia. As\u00ed lleg\u00f3 a Espa\u00f1a, buscando el cabo de Finisterre (Finis Terrae), que era en aquel momento considerado el fin de la Tierra. As\u00ed lleg\u00f3 a Hispania, pero su predicaci\u00f3n no tuvo mucho \u00e9xito. Parece que los espa\u00f1oles de entonces no le hac\u00edan mucho caso, porque predicando en Cesar Augusta (Zaragoza) solo hab\u00eda conseguido 7 seguidores. Una noche, a la orilla del Ebro a las afueras de la ciudad, se le apareci\u00f3 la Virgen Mar\u00eda, sobre un pilar, y le di\u00f3 \u00e1nimos para seguir. La tradici\u00f3n dice que la Virgen le dijo que en Espa\u00f1a nunca faltar\u00edan buenos cristianos, y que ese pilar estar\u00eda en ese sitio hasta el fin del mundo.<\/p>\n\n\n\n<p>As\u00ed, el patr\u00f3n de Espa\u00f1a (el ap\u00f3stol Santiago) y la patrona (la Virgen del Pilar) est\u00e1n unidos por esta historia excepcional que ocurri\u00f3 hacia al a\u00f1o 40 despu\u00e9s de Cristo. Fue la \u00fanica aparici\u00f3n de la Virgen ocurrida mientras la Virgen a\u00fan viv\u00eda, antes de su ascensi\u00f3n al cielo. Y di\u00f3 lugar a la construcci\u00f3n inmediata de un templo en ese mismo lugar, el primer templo mariano de la Historia, en el que a\u00fan se conserva el pilar de m\u00e1rmol sobre el que la Virgen se apareci\u00f3. Es la Bas\u00edlica del Pilar de Zaragoza, y el pilar est\u00e1 tan desgastado de los besos que han producido un hueco en el sitio donde se besa. El ap\u00f3stol Santiago regres\u00f3, despu\u00e9s de su predicaci\u00f3n por Hispania, a tierra santa. Y cuando muri\u00f3, seg\u00fan la tradici\u00f3n, su cuerpo fue tra\u00eddo hasta Santiago de Compostela, donde hasta hoy se venera la tumba del Ap\u00f3stol de Espa\u00f1a.<\/p>\n\n\n\n<p>Pero Santiago, ha continuado cont\u00e1ndonos el Pater, se lanz\u00f3 a llegar al \u00abfin del mundo\u00bb movido por su fe. \u00bfY qu\u00e9 es la fe? Quiz\u00e1s sea esta la pregunta clave hoy en d\u00eda. El Pater nos ha explicado que la fe, seg\u00fan todos hemos aprendido, es \u00abcreer sin ver\u00bb. Pero&#8230; \u00bfc\u00f3mo? Podemos \u00abcreer sin ver\u00bb si hemos tenido un encuentro personal con Cristo. Igual que Jesucristo le dijo a Santiago, a su hermano menor Juan y a su compa\u00f1ero de pesca Pedro: \u00abSeguidme. A partir de ahora ser\u00e9is pescadores de hombres\u00bb. Y le siguieron. A cada uno de nosotros nos dice lo mismo. Podemos saber qu\u00e9 nos dice Jes\u00fas estudiando Religi\u00f3n, yendo a catequesis, o incluso estudiando Teolog\u00eda. Pero despu\u00e9s de conocer toda la teor\u00eda, podemos decidir seguirLe o no. La fe es cuesti\u00f3n de pr\u00e1ctica, no de teor\u00eda. El Pater nos ha animado a seguirLe. Nos ha contado que a \u00e9l le ha hecho feliz y ha dado sentido a su vida, y que no hay nadie mejor a quien seguir. Nadie m\u00e1s, ning\u00fan hombre en la Historia, nos ha prometido la vida eterna (\u00abEl que come mi carne y bebe mi sangre tiene vida eterna, y yo le resucitar\u00e9 el \u00faltimo d\u00eda\u00bb). Y nadie m\u00e1s ha resucitado. Jesucristo es incomparablemente mejor que cualquier otro ser humano al que queramos seguir o idealizar: \u00bfalguien prefiere seguir a un futbolista famoso?<\/p>\n\n\n\n<p>Pero es que adem\u00e1s, la lectura del Evangelio de la misa de hoy trata tambi\u00e9n de Santiago, y viene que ni pintada para el Grupo Scout. Precisamente del momento en que la madre de Santiago y Juan le pidi\u00f3 a Jes\u00fas que sus hijos se sentaran \u00abuno a su derecha y otro a su izquierda en su reino\u00bb. Obviamente la madre pensaba, como muchos israelitas de la \u00e9poca, que Jes\u00fas iba a ser nombrado rey. Pero Jes\u00fas respondi\u00f3 explicando lo que el Papa Francisco, dos mil a\u00f1os despu\u00e9s resumi\u00f3 con la frase \u00abel verdadero poder es el servicio\u00bb. Jes\u00fas le respondi\u00f3 a aquella madre y a todos sus disc\u00edpulos: \u00abSab\u00e9is que los jefes de los pueblos los tiranizan y que los grandes los oprimen. Entre vosotros, nada de eso: el que quiera ser el primero, que sea vuestro servidor\u00bb. Y ese esp\u00edritu de que el jefe est\u00e1 para servir a sus subordinados es precisamente el esp\u00edritu del escultirmo. Nuestro \u00abSiempre Listos\u00bb es \u00ab&#8230; Para Servir\u00bb (SLPS). Y eso es lo que intentamos explicarles a los chavales.<\/p>\n\n\n\n<p>Y pasando a otro orden de cosas, m\u00e1s \u00abcostumbristas\u00bb, contaros que hoy ha sido para los lobatos y tropas, el \u00abd\u00eda de seisenas\u00bb y \u00abd\u00eda de patrullas\u00bb, respectivamente. Es un d\u00eda (bueno, varias horas) en las que cada seisena o patrulla, lideradas por el seisenero o seisenera, o por el gu\u00eda o la gu\u00eda de patrulla, se re\u00fanen para revisar la progresi\u00f3n de sus miembros, reflexionar juntos, charlar y por supuesto jugar juntos. Tambi\u00e9n aprovechan para descansar y echarse una siesta, que viene muy bien para cargar pilas a estas alturas del campamento y prepararse para el sprint final. As\u00ed que ver\u00e9is en las fotos a alg\u00fan grupito de chavales sentados en c\u00edrculo con sus aislantes. Antiguamente sal\u00edan del campamento para esto, pero ahora, por las limitaciones de la legislaci\u00f3n, se quedan dentro del recinto del campamento. Mientras tanto, los scouters de lobatos y tropa han aprovechado para escaparse un rato a comer fuera y descansar tambi\u00e9n.<\/p>\n\n\n\n<p>Finalmente, tenemos que contaros que hoy ha hecho calor a ratos, pero la tarde ha sido m\u00e1s fresca. Pero el calor ya no nos asusta. Manolo (nuestro h\u00e9roe ciclista) ha descubierto el lugar m\u00e1s fresco del campamento (que es una cosa muy distinta de afirmar que Manolo es el m\u00e1s fresco del campamento \ud83d\ude09 ), y nos transmite las instrucciones en tres pasos f\u00e1ciles de seguir (obs\u00e9rvense las fotos que los ilustran):<\/p>\n\n\n\n<p>&#8211; Primero: coja usted una silla de pl\u00e1stico y ll\u00e9vesela al r\u00edo, pero no a una parte cualquier del r\u00edo, sino debajo del puente que da acceso a la campa, para estar a la sombra. Desc\u00e1lcese y si\u00e9ntese c\u00f3modamente en la silla, con los pies metidos en el agua.<\/p>\n\n\n\n<p>&#8211; Segundo: ag\u00e9nciese una lata-surtidor de cerveza, preferiblemente el cami\u00f3n congelador, pero como somos scouts y nos gusta la naturaleza d\u00e9jela enfriar en el r\u00edo durante un rato.<\/p>\n\n\n\n<p>&#8211; Tercero y definitivo: \u00a1disfrute de la cerveza! &nbsp;\ud83d\ude09<\/p>\n\n\n\n<p>Por cierto, el Clan ya est\u00e1 preparando la zona del Festival&#8230; A\u00fan no sabemos el tema (es el secreto mejor guardado del campamento, incluso mejor que el de d\u00f3nde est\u00e1 el chocolate)&#8230;<\/p>\n\n\n\n<p>Y bueno, ma\u00f1ana seguramente no nos dar\u00e1 tiempo a escribir por la noche porque el Festival acaba muy tarde, as\u00ed que lo retraresamos a la ma\u00f1ana siguiente ;-).<\/p>\n\n\n\n<p>\u00a1\u00a1Un abrazo!!<\/p>\n\n\n\n<hr class=\"wp-block-separator has-css-opacity\"\/>\n\n\n\n<p><strong>24 DE JULIO:<\/strong><\/p>\n\n\n\n<p>Buenas noches!<\/p>\n\n\n\n<p>Hoy ha sido el D\u00eda de Padres en campamento. Esperamos que hay\u00e1is disfrutado tanto o m\u00e1s que nosotros, \u00a1que maravilla teneros a todos aqu\u00ed!<\/p>\n\n\n\n<p>Hemos alterado un poco el horario de campamento para que las familias pudierais estar en la izada, normalmente la hacemos antes de desayunar, pero con ella os damos la bienvenida y os explicamos el funcionamiento b\u00e1sico del campamento y algunos consejos de utilidad, por ejemplo, las instrucciones para las letrinas (ya sab\u00e9is, como si pusierais la palanca del coche en punto muerto). La jefa de campo ha explicado el horario del d\u00eda y dos miembros de la comisi\u00f3n de animaci\u00f3n han hecho la introducci\u00f3n al juego de la ma\u00f1ana.<\/p>\n\n\n\n<p>Despu\u00e9s de la izada hemos tenido un ratito para ver el campamento, ense\u00f1ar las tiendas, las parcelas, hablar con los Scouters, etc. y a las 12 ha empezado el juego preparado por la comisi\u00f3n ambientado en \u00abLos juegos del hambre\u00bb, que ha consistido en pruebas por equipos, lo hemos pasado genial y cada poco tiempo nos hemos refrescado con cubos y o directamente a manguerazos, porque el sol ha pegado bien durante toda la ma\u00f1ana.<\/p>\n\n\n\n<p>\u00a1Ah, por cierto! En la reuni\u00f3n de padres os adelantamos que \u00edbamos a cambiar parte del men\u00fa, y el plato nuevo ha sido&#8230; \u00a1ensalada de pasta! Ha acompa\u00f1ado al tradicional pollo a la cerveza, a la sand\u00eda de postre y a la sangr\u00eda, que este a\u00f1o hemos hecho con sidra de la zona. \u00a1Todo riqu\u00edsimo!<\/p>\n\n\n\n<p>Por la tarde hemos tenido el tradicional ratito de salir a tomar algo en familia hasta las 18, que hemos celebrado la Eucarist\u00eda todos juntos. Despu\u00e9s hemos arriado la bandera y ha llegado el momento de la despedida. Ha habido algunas lagrimillas al separarse de pap\u00e1 y mam\u00e1, pero tranquilos, se les ha pasado r\u00e1pidamente en cuanto se han ido a jugar con sus amigos.<\/p>\n\n\n\n<p>No queremos terminar la cr\u00f3nica de hoy sin antes dar las gracias a todas las personas que han trabajado muy duro para que hayamos podido disfrutar de este d\u00eda tan genial. A la comisi\u00f3n de LOES, a la comisi\u00f3n de animaci\u00f3n, a la Caba\u00f1a, Scouters&#8230; y por supuesto a todos vosotros, a todos los que hab\u00e9is venido a disfrutar con nosotros de un d\u00eda m\u00e1s en campamento.<\/p>\n\n\n\n<p>Buen viaje de vuelta a todos y \u00a1hasta ma\u00f1ana!<\/p>\n\n\n\n<p>PD. Hemos notado que este a\u00f1o hay muy pocos correos. Os animamos a escribir, que para que nos vamos a enga\u00f1ar, \u00a1nos hace un mont\u00f3n de ilusi\u00f3n! \ud83d\ude42<\/p>\n\n\n\n<hr class=\"wp-block-separator has-css-opacity\"\/>\n\n\n\n<p><strong>23 DE JULIO:<\/strong><\/p>\n\n\n\n<p>Buenas noches familias!<\/p>\n\n\n\n<p>Hoy ha sido el d\u00eda de Jefes de Castores, es decir, que los Scouters de Castores se han ido a pasar el d\u00eda todos juntos y a descansar un poco, \u00a1que se lo han ganado! Han estado haciendo barrancos y en la piscina y han vuelto con las pilas bien cargadas.<\/p>\n\n\n\n<p>Mientras tanto los Castores han hecho un mont\u00f3n de actividades: han venido dos personas de la zona a dar una peque\u00f1a charla sobre ecolog\u00eda, medio ambiente y el desm\u00e1n ib\u00e9rico, que es un animal en peligro de extinci\u00f3n. Adem\u00e1s, varios miembros de la Caba\u00f1a han montado dos puentes mono cruzando el r\u00edo que han pasado todos. Un puente mono es una estructura que se monta con dos cuerdas paralelas a distintas alturas, una para los pies y otra para las manos y el arn\u00e9s. Ya lo hab\u00edamos montado otros a\u00f1os, pero esta vez hemos montado dos para ser m\u00e1s eficaces porque tenemos nada m\u00e1s y nada menos que \u00a181 Castores! Hay un mont\u00f3n de fotos de c\u00f3mo han ido pasando.<\/p>\n\n\n\n<p>Tambi\u00e9n hemos terminado la capilla y la puerta de campamento. Han quedado muy bien las dos, \u00a1esperamos que os gusten ma\u00f1ana! Si si, ma\u00f1ana&#8230; por si alg\u00fan despistado nos est\u00e1 leyendo&#8230; \u00a1ma\u00f1ana es el d\u00eda de padres! De padres, hermanos, abuelos, t\u00edos, primos, amigos&#8230; es un d\u00eda genial en campamento en el que tenemos la oportunidad de compartir con todos vosotros como es un d\u00eda de campamento, jugar todos juntos e invitaros a comer como en casa&#8230; \u00a1o mejor!<\/p>\n\n\n\n<p>Porque hablando de comidas&#8230; \u00a1ya quisieran los de Masterchef hacer unas alb\u00f3ndigas como las que hemos comido hoy en campamento! Totalmente caseras y buen\u00edsimas, acompa\u00f1adas de arroz y una salsa en la que m\u00e1s de uno ha reba\u00f1ado con el pan. Como dato curioso os comentaremos que hemos frito en torno a mil alb\u00f3ndigas, y eso que eramos pocos en campamento; solo los Castores y dos manadas de Lobatos.<\/p>\n\n\n\n<p>Por la tarde han vuelto de su raid Ethawa, Segowlee y las tres tropas: Tiburones, Dragones y Caimanes. Todos content\u00edsimos con su raid, que nos han contado sus Scouters en el Kraal. Destacaban el sentimiento de superaci\u00f3n y orgullo con el que volv\u00edan muchos de los chavales que en alg\u00fan momento no se han sentido capaces de terminar una etapa o llevar una tienda, pero que gracias al resto de la Unidad han completado con \u00e9xito. Es genial o\u00edr todo lo que han hecho, lo bien que se lo han pasado y todo lo que han aprendido en estos 4 (los Lobatos) o 5 d\u00edas (las Tropas) y c\u00f3mo les ha hecho crecer como personas.<\/p>\n\n\n\n<p>Adem\u00e1s hoy han llegado a campamento Pepe y Mavi, el P. Jos\u00e9 Luis Hu\u00e9scar (el Pater)&nbsp;e In\u00e9s.<\/p>\n\n\n\n<p>Al final del Kraal nos ha estado contando el Pater c\u00f3mo, junto con Pepe y Mavi \u00abemprendieron la aventura m\u00e1s grande de su vida\u00bb tras conocer el movimiento Scout en Francia. Es realmente emocionante escuchar c\u00f3mo nos ha contado cu\u00e1l fue y sigue siendo el prop\u00f3sito del Grupo: \u00abSer joven solo vale la pena si eres capaz de servir y de amar\u00bb.<\/p>\n\n\n\n<p>Junto a ellos ha llegado In\u00e9s, nos ha encantado verla ya que hace 8 a\u00f1os que no ven\u00eda a campamento, pero seguro que os suena oir su frase \u00aben el campamento todo el mundo es bueno\u00bb. &nbsp;Fue la primera cocinera del grupo con la que empezaron a hacer, por ejemplo, guisos en campamento. Seg\u00fan recuerdan algunos miembros de la Caba\u00f1a, \u00abantes de In\u00e9s todo eran latas\u00bb. De hecho, mientras est\u00e1bamos preparando la cena se han puesto Mavi y ella a fre\u00edr rodajas de merluza y no hab\u00eda manera de convencerlas de que nos dieran el relevo.<\/p>\n\n\n\n<p>Para cerrar la cr\u00f3nica de hoy, una frase que nos ha regalado Mavi en el Kraal y que expresa lo que sentimos todos cuando llegamos a campamento:&nbsp;\u00abEs una gozada volver a casa\u00bb.<\/p>\n\n\n\n<p>\u00a1Hasta ma\u00f1ana!<\/p>\n\n\n\n<hr class=\"wp-block-separator has-css-opacity\"\/>\n\n\n\n<p><strong>22 DE JULIO:<\/strong><\/p>\n\n\n\n<p>Buenas noches familias!<\/p>\n\n\n\n<p>Aqu\u00ed estamos de nuevo en el Kraal, muy contentos. Hoy os hemos visto a algunos ya por alg\u00fan pueblo de los alrededores&#8230; \ud83d\ude42<\/p>\n\n\n\n<p>Y hoy tambi\u00e9n ha sido un d\u00eda de reencuentros y regresos al campamento. Al ser viernes, muchos le\u00f1adores se han incorporado a la Caba\u00f1a por la tarde, y da gusto volver a ver a tantos amigos, algunos venidos incluso de otros pa\u00edses para incorporarse al campamento. Como dice Marieta, es la \u00abMega-Caba\u00f1a\u00bb.<\/p>\n\n\n\n<p>Tambi\u00e9n hoy han llegado al campamento dos manadas que han terminado su raid: Chikay y Dewanee. Han vuelto muy contentos. Los scouters han comentado en el Kraal que hasta los ni\u00f1os han notado la amabilidad de las gentes del valle. Han hecho bicis, canoas, la senda del oso&#8230; un raid estupendo.<\/p>\n\n\n\n<p>Ver\u00e9is en las fotos que de la patrulla Yacar\u00e9 se fueron Jorge y Cata, los dos escultas que se han reincorporado al raid, pero han venido a cambio tres escultas que ten\u00edan las rodillas \u00abtocadas\u00bb. Una pena pero no pod\u00edan continuar el raid, ya que a\u00fan les queda una parte dura: la subida a Bulnes y a la base del Naranjo.<\/p>\n\n\n\n<p>Y bueno, por fin hemos hecho la puerta de campamento! Nos ha quedado muy grande, tan grande que hasta pasa la furgoneta por debajo. A ver si os gusta pasado ma\u00f1ana!<\/p>\n\n\n\n<p>Seguimos en el Kraal. Damos gracias a Dios por la oportunidad de servirle en nuestros hermanos peque\u00f1os. Roc\u00edo nos comenta que una scouter le dec\u00eda hoy que cuando las cosas se hacen con cari\u00f1o, salen bien. Y es verdad, porque en el escultismo tratamos a cada ni\u00f1o individualmente, no a todos como a una masa.<\/p>\n\n\n\n<p>Para los que tengan curiosidad sobre las innovaciones que hemos hecho este a\u00f1o en materia de higiene, adem\u00e1s de poner todos los d\u00edas manteles en las mesas, el clorador de agua, la despensa separada de la cocina, los productos de limpieza separados de la despensa y de la cocina&#8230; pues hay otra novedad curiosa: tenemos tablas de distintos colores para picar y cortar la comida: rojo para la carne, blanco para el pan, verde para las verduras, y las tablas azules y amarillas para los al\u00e9rgicos y enfermos. Y adem\u00e1s, los cuchillos tambi\u00e9n est\u00e1n separados por colores, como pod\u00e9is ver en las fotos. Nunca sabe uno el efecto exacto que cada una de estas medidas puede tener en la salud de los acampados, pero el hecho es que hasta el momento, que yo sepa, no ha habido ning\u00fan ni\u00f1o con gastroenteritis.<\/p>\n\n\n\n<p>Os dec\u00eda que hoy ha sido un d\u00eda de regresos de raid de lobatos y de llegadas de muchos le\u00f1adores de Caba\u00f1a. Pero eso ha sido por la tarde. Resulta que hoy por la ma\u00f1ana los castores se han ido de excursi\u00f3n: los de Cherokee han ido al lago y han estado dos horas haciendo canoas, y los de Kiowa han ido al museo etnogr\u00e1fico de Quir\u00f3s y tambi\u00e9n les ha gustado mucho. Lo que m\u00e1s les ha gustado ha sido orde\u00f1ar a una vaca. Resulta que en el museo tienen una vaca simulada para que los ni\u00f1os la orde\u00f1en. No es una vaca de verdad, y de las ubres sale agua, pero se lo han pasado muy bien orde\u00f1ando esas ubres artificiales. Les hemos preparado bocadillos de jam\u00f3n y queso y han comido por all\u00ed.<\/p>\n\n\n\n<p>As\u00ed que con los castores de excursi\u00f3n, y los lobatos que a\u00fan no hab\u00edan llegado, os podr\u00e9is imaginar que hoy a mediod\u00eda la Caba\u00f1a est\u00e1bamos solitos en campamento. Por eso hemos podido dedicarnos muchos a terminar alg\u00fan arreglo, como el empalme de los fregaderos que goteaba (con soplete y todo&#8230;), y por supuesto a hacer la puerta.<\/p>\n\n\n\n<p>Ah, y&#8230; \u00bfos acord\u00e1is de las ardilllas? Son los hijos de Caba\u00f1a, que a\u00fan son demasiado peque\u00f1os para ser scouts, pero est\u00e1n en campamento. Les traemos algunas cosas para que jueguen, y otros a\u00f1os que hab\u00eda m\u00e1s ardillas con edad de jugar ten\u00edan sus actividades y todo. Pues este a\u00f1o tenemos hasta 4 ardillas, pero muy peque\u00f1itas. La que s\u00ed que es mayor se ha vestido hoy de princesa, toda de rosa. Estaba tan contenta!<\/p>\n\n\n\n<p>Ma\u00f1ana va a ser un d\u00eda duro para la Caba\u00f1a porque es el d\u00eda de jefes de Castores. Esto significa que los jefes de Castores tendr\u00e1n el d\u00eda libre para descansar, y mientras tanto la Caba\u00f1a nos quedamos con ellos. Y cansan much\u00edsimo!!! A ver si somos capaces de entretener a los 81 castores&#8230; \u00a1sin morir en el intento! \ud83d\ude42<\/p>\n\n\n\n<p>Que descans\u00e9is!<\/p>\n\n\n\n<hr class=\"wp-block-separator has-css-opacity\"\/>\n\n\n\n<p><strong>21 DE JULIO:<\/strong><\/p>\n\n\n\n<p>Buenas noches a todos!<\/p>\n\n\n\n<p>Qu\u00e9 tal est\u00e1is? Deseando venir ya a campamento? Seguro que s\u00ed, \u00e1nimo que ya es viernes!, Nosotros ya estamos apresur\u00e1ndonos para que todo est\u00e9 listo para el d\u00eda de padres. A\u00fan no hemos empezado con la puerta, horror! Eso s\u00ed, a la capilla le queda muy poco. Ya hemos colgado el roset\u00f3n del Esp\u00edritu Santo!<\/p>\n\n\n\n<p>Hoy han estado en campamento solo los castores (Kiowa y Cherokee), y la Caba\u00f1a hemos tenido nuestro \u00abd\u00eda de Caba\u00f1a\u00bb. Hemos aprovechado para ir por la Senda del Oso hasta B\u00e1rzana, visitar el Museo Etnogr\u00e1fico de Quir\u00f3s, y hemos comido en B\u00e1rzana una fabada impresionante y un cachopo (medio por persona, claro, excepto alguno que se ha animado m\u00e1s&#8230;). As\u00ed que ha sido un d\u00eda muy relajado.<\/p>\n\n\n\n<p>Ha sido tambi\u00e9n un d\u00eda de muchas visitas y de noticias de los raids. Los troperos de Caimanes han tenido una aventura con la niebla: se les ech\u00f3 encima y se desorientaron. Esa es una situaci\u00f3n m\u00e1s peligrosa de lo que parece porque la desorientaci\u00f3n y la falta de visibilidad pueden jugar muy malas pasadas. Pero hicieron lo correcto y se quedaron parados: acamparon all\u00ed mismo. Esta ma\u00f1ana la niebla se ha despejado y han vuelto a encontrar f\u00e1cilmente el camino. Los escultas tambi\u00e9n han tenido un susto (otro!) con un golpe, pero despu\u00e9s de ir al hospital finalmente no hab\u00eda fractura y solo le han recetado ibuprofeno al accidentado. Las otras tropas, el clan, comuna y los lobatos est\u00e1n muy bien, todos muy contentos y viviendo unos d\u00edas inolvidables. Y nos vuelven a contar historias sobre la maravillosa hospitalidad de las gentes de esta tierra paradis\u00edaca. Un ejemplo: a una unidad, una se\u00f1ora del pueblo les llev\u00f3 por la ma\u00f1ana dos pucheros de leche caliente con chocolate. Les insistimos mucho a los chavales en que correspondan a esta enorme amabilidad mostrando su mejor educaci\u00f3n, y esperamos que as\u00ed lo est\u00e9n haciendo.<\/p>\n\n\n\n<p>Os acord\u00e1is de que hab\u00eda sospechas de piojos? Pues ya se han confirmado. Hoy los jefes de castores han contado en el Kraal que la mayor\u00eda de los castores tienen piojos o liendres. Hoy les han puesto vinagre y toalla en la cabeza, y les han cepillado con la liendrera y les han echado \u00e1rbol del t\u00e9. Un rollo porque esto consume mucho tiempo que se quita de las actividades, juegos&#8230;<\/p>\n\n\n\n<p>Y las garrapatas? Pues tambi\u00e9n vamos teniendo m\u00e1s casos. El r\u00e9cord lo tiene una tropera que ten\u00eda unas 15 tras pasar por una zona de helechos muy altos. Por suerte se quitan muy f\u00e1cilmente y adem\u00e1s -y es lo que les preocupa a los ni\u00f1os- no duele quitarlas.<\/p>\n\n\n\n<p>A\u00fan no hemos explicado qu\u00e9 es la patrulla Yacar\u00e9! Pues es una patrulla que se forma con los chavales que no est\u00e1n de raid, habitualmente por alguna lesi\u00f3n. Esta ma\u00f1ana la patrulla Yacar\u00e9 ten\u00eda 2 miembros, ambos escultas: Jorge, el chico evacuado en helic\u00f3ptero, y Cata, que se ha incorporado al campamento tarde y a\u00fan no hab\u00eda habido oportunidad de llevarla al raid. Y durante la ma\u00f1ana se ha unido a la patrulla un nuevo miembro, Carlos G., un tropero de Dragones que se ha quemado un pie al ca\u00e9rsele encima el puchero. No ha sido grave pero s\u00ed lo suficiente como para no poder ponerse la bota y caminar, as\u00ed que se tiene que quedar en campamento. Por la tarde la Caba\u00f1a ha llevado a Jorge y Cata con su unidad, as\u00ed que Carlos se ha quedado al mando de los castores!!<\/p>\n\n\n\n<p>Por cierto, siguen llegando muchas cartas al campamento. Si quer\u00e9is escribir todav\u00eda est\u00e1is a tiempo. La direcci\u00f3n es:<strong>Campamento Grupo Scout 284 Reina del Cielo<br>Las Ag\u00fceras (Concejo de Quir\u00f3s)<br>33118 &#8211; ASTURIAS<\/strong>Hoy los castores de Cherokee nos han sorprendido con una construcci\u00f3n nueva en su parcela: el tendedero! Hecho con dos tr\u00edpodes de puntales, es una construcci\u00f3n muy \u00fatil y con mucha capacidad para soportar las toallas y ba\u00f1adores de toda la colonia de castores. Y como veis en las fotos, les ha quedado fenomenal y aguanta un mont\u00f3n de toallas. Por otra parte, el sombrajo de Cherokee es sin duda el que m\u00e1s superficie de sombra da y el m\u00e1s habitable de todos los de las unidades. As\u00ed que si hubiera que dar un premio a la parcela m\u00e1s completa, pienso que ser\u00eda para Cherokee. Y hay que decir, en honor a la verdad y como os pod\u00e9is imaginar, que el m\u00e9rito es todo de los scouters, porque los castores no pueden ayudar casi nada.Ah, y&#8230; \u00a1ya tenemos red de volley en campamento! No sabemos si habr\u00e1 ganas y qu\u00f3rum para hacer la revancha del \u00abpartido de viejas glorias\u00bb Muntjak-Kariboo-Massai, pero ser\u00eda una idea interesante&#8230; :-)Y un secreto, que quede entre nosotros: la guardia de ayer finalmente encontr\u00f3 el chocolate. Esta noche est\u00e1 de guardia Cherokee, y tambi\u00e9n lo han encontrado pero les ha dado un poco de miedo ir a buscarlo&#8230; Eso s\u00ed, superar el miedo ha tenido su premio. ;-)Buena caza!<\/p>\n\n\n\n<hr class=\"wp-block-separator has-css-opacity\"\/>\n\n\n\n<p><strong>20 DE JULIO:<\/strong><\/p>\n\n\n\n<p>Buenas noches!<\/p>\n\n\n\n<p>\u00bfC\u00f3mo est\u00e1is? Nosotros hoy hemos tenido uno de los d\u00edas m\u00e1s tranquilos de campamento. Esta ma\u00f1ana hemos despedido a las manadas Segowlee y Ethawa, y a partir de ah\u00ed se han quedado solos los castores de Kiowa, con todo el campamento para ellos.<\/p>\n\n\n\n<p>Y esta tarde a \u00faltima hora ha llegado Cherokee. Nos cuentan sus scouters en el Kraal que han dormido en el centro social de B\u00e1rzana, les han tratado igual de bien que a Kiowa. El edificio estaba fenomenal. Adem\u00e1s les han dejado entrar gratis a la piscina del pueblo, como tambi\u00e9n hicieron con Kiowa. Han hecho juegos, han estado ensayando el fuego, y por la tarde ha llegado Ethawa y les han dado el relevo. Nos cuentan los scouters que todo el mundo les ha tratado muy amablemente, o, por decirlo mejor, se han sentido mimados. Todo el mundo en el valle nos acoge con los brazos abiertos. Es curioso el contraste con otras zonas a las que hemos ido otros a\u00f1os (sitios muy populares) en las que quiz\u00e1s est\u00e1n ya hartos de tantos excursionistas.<\/p>\n\n\n\n<p>Un ejemplo de algo que han hecho este a\u00f1o por nosotros y que en ning\u00fan otro sitio hab\u00edan hecho es que nos han regalado dos banderas para que las pongamos en el m\u00e1stil: la de Asturias y la del&nbsp;<a href=\"https:\/\/es.wikipedia.org\/wiki\/Quir\u00f3s\" target=\"_blank\" rel=\"noreferrer noopener\">Concejo de Quir\u00f3s<\/a>. La de Asturias ya la ten\u00edamos, pero la de Quir\u00f3s no. Es una bandera azul celeste muy bonita. Como pod\u00e9is ver en las fotos, la hemos incluido tambi\u00e9n entre las banderas que izamos. La hemos colocado debajo de la de Asturias, donde estaba la de Madrid (siempre ponemos por encima de la de Madrid la de la Comunidad que visitamos), y hemos tenido que mover la de Madrid debajo de la de Espa\u00f1a porque tres banderas en la misma driza era demasiado.<\/p>\n\n\n\n<p>\u00bfY el calor? Pues, sorprendentemente, ha desaparecido completamente. Esta ma\u00f1ana ha amanecido nublado y fresco, y as\u00ed ha seguido todo el d\u00eda. La m\u00e1xima habr\u00e1 sido de unos 22 grados. Una gozada de d\u00eda. Parece mentira que sea posible un cambio tan brusco de tiempo de un d\u00eda para otro!<\/p>\n\n\n\n<p>Ya ha acabado el Kraal. La guardia, de Kiowa, viene a visitar a los pocos que quedamos en el comedor. Me dicen que el campamento est\u00e1 en orden; que por fin se han callado los de Cherokee. Se despiden de m\u00ed para seguir haciendo la ronda por el campamento. Cinco castores con una jefa. Da gusto verlos tan contentos, todos con sus linternas, sinti\u00e9ndose los guardianes del campamento.<\/p>\n\n\n\n<p>Ver\u00e9is en las fotos que hoy hemos comido un cocido digno del mejor restaurante. Aprovechando que \u00e9ramos solo Kiowa y Caba\u00f1a, hemos podido hacer una comida especial.<\/p>\n\n\n\n<p>Otra novedad de hoy es que ya ha llegado el correo a campamento! Hemos recibido muchas cartas. En una foto pod\u00e9is ver los montoncitos en los que las hemos clasificado, y en otra foto el sobre m\u00e1s decorado que ha llegado &nbsp;\ud83d\ude42<\/p>\n\n\n\n<p>Tambi\u00e9n ver\u00e9is que hemos estado pintando la \u00faltima vidriera de la capilla. Es un roset\u00f3n con una paloma que representa al Esp\u00edritu Santo. Est\u00e1 hecho de un pl\u00e1stico trasl\u00facido y flexible, como las otras tres vidrieras. Esto de hacer vidrieras para la capilla de este a\u00f1o parec\u00eda una locura cuando lo propuso Ernesto hace tres semanas, pero al final ha resultado factible. Ma\u00f1ana esperamos terminar la capilla por fin y empezar con la puerta de campamento!<\/p>\n\n\n\n<p>Como sab\u00e9is, la campa del campamento limita al oeste con la Senda del Oso, una v\u00eda verde que antiguamente era el trazado de un tren minero. Actualmente es un camino con una inclinaci\u00f3n muy leve, y constante, rodeado de vegetaci\u00f3n como si fuera un t\u00fanel entre los \u00e1rboles. Muy recomendable como excursi\u00f3n facilita caminando y m\u00e1s a\u00fan en bicicleta cuesta abajo (hay empresas que te alquilan las bicis y te suben arriba del camino para que lo hagas cuesta abajo). Hoy subimos alguna foto de este agradable camino.<\/p>\n\n\n\n<p>Vuelve la guardia de Kiowa al comedor. Ahora vienen a buscar el chocolate. Es una tradici\u00f3n que la guardia puede buscar una tableta de chocolate en la despensa y com\u00e9rsela si la encuentran. No es f\u00e1cil porque est\u00e1 escondido. Esa es la gracia del juego!<\/p>\n\n\n\n<p>Y ma\u00f1ana&#8230; \u00a1es el d\u00eda de Caba\u00f1a! Dejaremos la comida hecha para los castores y nos iremos a hacer una excursi\u00f3n y a comer fuera. Es nuestro rato para visitar los alrededores, as\u00ed que a ver si lo aprovechamos!<\/p>\n\n\n\n<p>Un abrazo!<\/p>\n\n\n\n<hr class=\"wp-block-separator has-css-opacity\"\/>\n\n\n\n<p><strong>19 DE JULIO:<\/strong><\/p>\n\n\n\n<p>Buenas noches a todos:<\/p>\n\n\n\n<p>Hoy abrimos con una noticia triste que estamos recordando en al Kraal. Hoy ha muerto una ni\u00f1a de un grupo scout de Sabadell en el Parque Nacional de Ordesa, en el ca\u00f1\u00f3n de A\u00f1isclo. Su familia y su grupo scout deben de estar destrozados. Nos acordamos de estos hermanos scouts y rezamos por ellos. Pod\u00e9is ver la noticia en&nbsp;<a href=\"http:\/\/www.heraldo.es\/noticias\/aragon\/huesca-provincia\/2016\/07\/19\/fallece-una-menor-anisclo-972433-1101026.html\" target=\"_blank\" rel=\"noreferrer noopener\">este enlace<\/a>.<\/p>\n\n\n\n<p>Y hoy, ya volviendo a nuestro grupo scout, hemos tenido un susto que gracias a Dios ha terminado en an\u00e9cdota. Un esculta, mientras estaban subiendo la canal de Trea, se ha sentido indispuesto e incapaz de continuar. Si veis en fotos c\u00f3mo es esa canal, entender\u00e9is que sus compa\u00f1eros dif\u00edcilmente pod\u00edan subirle ni bajarle. El chaval, Jorge F., ha sido evacuado en un helic\u00f3ptero. Le han montado en una camilla y le han izado con un cable de acero. El helic\u00f3ptero le ha trasladado al hospital de Le\u00f3n, y all\u00ed, despu\u00e9s de hacerle alguna prueba, finalmente han determinado que hab\u00eda sido s\u00f3lo un golpe de calor. Lo cual, desde luego, es comprensible, porque el calor de estos d\u00edas en Asturias es portada en los peri\u00f3dicos locales. El titular de uno de ellos de hoy era \u00abAsturias, un horno\u00bb. Dos le\u00f1adores han ido al hospital de Le\u00f3n a recoger al esculta, que ha llegado al campamento ahora mismo, durante el Kraal. Damos gracias a Dios porque est\u00e1 perfectamente y todo ha quedado en un susto, y una aventura que sus compa\u00f1eros no olvidar\u00e1n en su vida. No es la primera vez que ocurre un rescate en helic\u00f3ptero en el grupo: es la tercera vez. Es un milagro que Dios nos haya protegido siempre tan bien. Le pedimos que nos siga protegiendo.<\/p>\n\n\n\n<p>Seguimos en el Kraal. Sergio Zapata nos cuenta un milagro que ocurri\u00f3 en nuestro grupo scout, hace a\u00f1os, a una tropa esculta en Covadonga. En medio de una niebla espes\u00edsima, con una tormenta con rayos que ca\u00edan y les hac\u00edan saltar del suelo (ese mismo d\u00eda muri\u00f3 un franc\u00e9s por un rayo en Covadonga), una voz les llam\u00f3 \u00ab\u00a1Chavales, venid por aqu\u00ed!\u00bb. No ve\u00edan a nadie, pero fueron hacia la voz y vieron a un pastor con unas vacas. El pastor les gui\u00f3 a un refugio y en cuanto tocaron la pared del refugio, cuando se volvieron a darle las gracias, no vieron ni al pastor ni a las vacas. Aquel scouter, Fernando L., dec\u00eda que aquel pastor era un milagro.<\/p>\n\n\n\n<p>As\u00ed que esa ha sido la noticia m\u00e1s importante del d\u00eda, y desde luego inesperada. Pero hab\u00eda otras noticias que no por ser esperadas son menos emocionantes: las salidas de raid. Hoy han salido de raid los castores de Cherokee, los lobatos de Dewanee y Chikay, y las tres tropas: Caimanes, Dragones y Tiburones. &nbsp;Y han vuelto de su corto raid los castores de Kiowa.<\/p>\n\n\n\n<p>Los castores de Kiowa han vuelto triunfantes de su raid (pod\u00e9is verles en las fotos exultantes de alegr\u00eda). Algunos pod\u00edan tener miedo del raid, y vuelven habiendo superado la prueba con \u00e9xito. Es una experiencia de \u00e9xito, de equipo, de afrontar un reto y conseguirlo. Es importante que los chavales tengan estas experiencias en su vida, y el escultismo es un gran sitio para tenerlas. Algunos chavales no tienen estas experiencias tan buenas en el colegio, ni los deportes&#8230; Esta es una de las razones por las que estar el un grupo scout que plantee retos puede ser una experiencia vital insustituible.<\/p>\n\n\n\n<p>Hoy la patrulla de servicio ha sido fant\u00e1stica. La patrulla de servicio son varios chavales de las unidades que est\u00e1n en campamento que, durante un d\u00eda, se dedican a ayudar en campamento. Trabajan con la Caba\u00f1a en limpiar, servir las mesas durante las comidas de los scouters, etc. Ahora ya no pueden ayudar a cocinar por motivos legales, porque no tienen el carnet de manipulador de alimentos. Hoy lo han hecho tan bien que, en la arriada, han salido a arriar la bandera en premio.<\/p>\n\n\n\n<p>Tambi\u00e9n llevamos varios d\u00edas que tenemos que hablar del trato excepcional de las personas de esta tierra. De verdad, nunca nos hab\u00edan tratado tan bien. Nos han acogido con los brazos abiertos d\u00e1ndonos toda clase de ayudas, facilidades, incluso ayud\u00e1ndonos a coordinar los alojamientos de los raids&#8230; Desde aqu\u00ed queremos dar las gracias a todas las personas que nos est\u00e1n atendiendo con una hospitalidad que es realmente fabulosa.<\/p>\n\n\n\n<p>Y por cierto, \u00a1hemos aparecido en el peri\u00f3dico local, La Voz del Trubia! Ya antes del campamento, publicaron&nbsp;<a href=\"http:\/\/lavozdeltrubia.es\/2016\/07\/12\/el-mayor-campamento-scout-de-espana-en-quiros\/\" target=\"_blank\" rel=\"noreferrer noopener\">este art\u00edculo<\/a>, y cuando han empezado los raids&nbsp;<a href=\"http:\/\/lavozdeltrubia.es\/2016\/07\/18\/scouts-en-quiros-comienza-la-aventura\/\" target=\"_blank\" rel=\"noreferrer noopener\">este otro<\/a>. Muchas gracias a Beatriz, la periodista, por su ayuda y el inter\u00e9s, y por lo bien que lo ha entendido todo!! (da gusto leer su explicaci\u00f3n sobre los raids).<\/p>\n\n\n\n<p>Y ma\u00f1ana&#8230; (como reza el lema de la Caba\u00f1a)&#8230; \u00ab\u00a1M\u00e1s madera!\u00bb<\/p>\n\n\n\n<hr class=\"wp-block-separator has-css-opacity\"\/>\n\n\n\n<p><strong>18 DE JULIO:<\/strong><\/p>\n\n\n\n<p>Hola a todos!<\/p>\n\n\n\n<p>Buenas noches! Os escribimos desde el Kraal, despu\u00e9s del d\u00eda m\u00e1s caluroso (hasta ahora) del campamento. Creo que dicen que es una ola de calor. Pues esperemos que sea una ola y vaya pasando&#8230; Eso s\u00ed, hoy hemos visto por primera vez alguna nube, que en alg\u00fan momento nos ha tapado el sol (y lo hemos agradecido mucho).<\/p>\n\n\n\n<p>Hoy han salido de raid el Clan, la Comuna y la colonia de castores Kiowa. \u00c9stos \u00faltimos estar\u00e1n de raid solo dos d\u00edas, pasando solo esta noche fuera. El Clan y la Comuna estar\u00e1n fuera 9 d\u00edas, hasta el Festival de la Canci\u00f3n.<\/p>\n\n\n\n<p>Hoy las unidades han tenido actividades de unidad y preparaci\u00f3n de sus raids. Esta tarde muchos estaban repartiendo la comida en lotes (pod\u00e9is ver los de Dewanee) en una foto. Por cierto, tenemos&nbsp;<a href=\"https:\/\/goo.gl\/photos\/y4eYEJxB65VQ29UN7\" target=\"_blank\" rel=\"noreferrer noopener\">\u00e1lbum de fotos nuevo<\/a>!<\/p>\n\n\n\n<p>Tambi\u00e9n ver\u00e9is en una foto el cami\u00f3n congelador, que nos han dejado los suministradores de comida para que conservemos bien los congelados. La verdad es que es un lujo porque tenemos la tranquilidad de que todo se conserva en perfecto estado.<\/p>\n\n\n\n<p>Aunque parezca que ya hab\u00edamos terminado todas las construcciones del campamento, en realidad no. Esta ma\u00f1ana las tropas han empezado a hacer la capilla y la puerta. No est\u00e1n terminadas, pero la capilla est\u00e1 bastante avanzada. Este a\u00f1o tenemos una novedad en la capilla: tenemos vidrieras!! Parec\u00eda una locura, pero han quedado bonitas, y sobre todo sorprendentes en medio de un campamento. Muchas gracias Deborah por tu ayuda desde Madrid! Con la puerta no nos ha dado tiempo a avanzar mucho, pero esperamos que est\u00e9 lista para cuando llegu\u00e9is el d\u00eda de padres!<\/p>\n\n\n\n<p>Ah, y&#8230; \u00bfos acord\u00e1is de que hab\u00edamos visto garrapatas pero no piojos? Pues hoy hemos visto m\u00e1s garrapatas y alguna presunta liendre. Seguiremos informando! Las garrapatas vienen de las hierbas altas cortadas de la parte de la campa en la que hay sombra por las tardes, que es donde est\u00e1n los sombrajos de las unidades y donde se duermen la siesta. Hay que elegir, o te achicharras de calor o te expones a coger una garrapata. Pero no pasa nada, se quitan muy f\u00e1cilmente.<\/p>\n\n\n\n<p>A parte de las construcciones grandes como la capilla o la puerta, seguimos haciendo peque\u00f1as mejoras como las trampas para insectos que pod\u00e9is ver en una foto.<\/p>\n\n\n\n<p>Hasta ahora hemos hablado poco de las comidas. Siguen siendo tan buenas como todos los a\u00f1os, un aut\u00e9ntico lujo en medio del campo. Habitualmente, de hecho, mejor que la de casa. Como puede que sep\u00e1is, nuestra cocinera, Almudena, y todo el equipo de cocina, consiguen hacer comida para hasta 468 personas! Hoy han cocido y pelado a mano 42 docenas de huevos, pero es solo un ejemplo. Las cantidades son siempre impresionantes y el m\u00e9rito es que todo sale tan rico como si hubiera sido comida para 4 personas. Lo m\u00e1s sorprendente para los que no lo sep\u00e1is, seguramente sea que toda la comida se hace de forma muy natural: por ejemplo, los pur\u00e9s se hacen picando cebollas, pimientos, tomate, verduras&#8230; (kilos y kilos)&#8230; y salen buen\u00edsimos, saben mejor que los que puedes comprar hechos y son completamente naturales!<\/p>\n\n\n\n<p>Ver\u00e9is en las fotos que hoy nos han cambiado una letrina que no funcionaba bien y adem\u00e1s nos han tra\u00eddo dos m\u00e1s. Tambi\u00e9n nos las han vaciado, han cambiado el l\u00edquido y las han limpiado. Un trabajo duro el de este hombre, adem\u00e1s con todo el calor de la ma\u00f1ana&#8230; Las letrinas de este a\u00f1o son distintas de las de los dos a\u00f1os anteriores: tienen ventajas e inconvenientes. Las ventajas son que huelen menos y que adem\u00e1s tienen unas rejillas para ventilarse, lo cual evita en parte el \u00abefecto sauna\u00bb de las anteriores, que eran aut\u00e9nticas cajas de pl\u00e1stico cerradas. El inconveniente principal es que hay que darle muchas muchas veces al \u00abfreno de mano\u00bb para que salga suficiente l\u00edquido como para limpiarla, as\u00ed que los ni\u00f1os no suelen dejarlas muy limpias y la comisi\u00f3n de limpieza de letrinas (de Caba\u00f1a, con algo de ayuda de la patrulla de servicio).<\/p>\n\n\n\n<p>Ah, y hoy hemos tenido un cumplea\u00f1os de dos castores. En la comida les han sorprendido con una tarta! Pod\u00e9is imaginaros que traer una tarta a campamento no es tan f\u00e1cil, porque los scouters se tienen que acordar de encargarla con tiempo a la Caba\u00f1a para que la traigan cuando van a comprar al pueblo&#8230;<\/p>\n\n\n\n<p>Tambi\u00e9n tenemos fotos de la \u00abhora de canto\u00bb. En realidad, es solo media hora en la que todo el campamento se junta en el comedor para aprender canciones nuevas. Se practican canciones de las cl\u00e1sicas, que luego se cantan en las izadas y las arriadas, y tambi\u00e9n otras canciones del Grupo (que han ganado Festivales de la Canci\u00f3n en el pasado&#8230;). Como sab\u00e9is, las canciones son muy importantes en los scouts, y nuestro grupo tienen un gran patrimonio de canciones inventadas (algunas preciosas) a lo largo de los a\u00f1os. Pod\u00e9is descargar en MP3 muchas de ellas&nbsp;<a href=\"index6659.html?option=com_content&amp;view=article&amp;id=69&amp;Itemid=74\">en esta p\u00e1gina<\/a>.<\/p>\n\n\n\n<p>Ma\u00f1ana se van de raid 5 unidades, y vuelve Kiowa. Ser\u00e1 tambi\u00e9n un d\u00eda de emociones. \ud83d\ude42<\/p>\n\n\n\n<p>Un abrazo!<\/p>\n\n\n\n<p>SLPS (acr\u00f3nimo t\u00edpico scout: Siempre Listo Para Servir)<\/p>\n\n\n\n<hr class=\"wp-block-separator has-css-opacity\"\/>\n\n\n\n<p><strong>17 DE JULIO:<\/strong><\/p>\n\n\n\n<p>Hola, familia!<\/p>\n\n\n\n<p>\u00bfC\u00f3mo est\u00e1is? Nosotros muy bien, creo que con bastante menos calor que en Madrid. Ahora mismo, ya pasadas las 12 de la noche, llevamos ya el forro polar, encima de una sudadera que nos hemos puesto hacia las 10. Y seguimos sin ver una nube, \u00a1impresionante! Eso s\u00ed, cuando las veamos nos vamos a pegar un susto&#8230;<\/p>\n\n\n\n<p>Seguro que os acord\u00e1is de que otros a\u00f1os hemos tenido unos peque\u00f1os visitantes en el campamento: los piojos! Pues este a\u00f1o la buena noticia es que de momento no hemos visto ning\u00fan piojo. La mala noticia es que hemos quitado ya un par de garrapatas! Ya nos ha pasado muchas veces en a\u00f1os anteriores. Es t\u00edpico en zonas de pastos, muy verdes, con hierbas altas, especialmente los helechos. Las garrapatas se pasan de los animales a las hierbas y luego de esa hierba a la pierna del que pasa por all\u00ed. Se suelen quitar muy f\u00e1cilmente, as\u00ed que no es problema, pero hay que revisar las zonas en las que se suelen agarrar m\u00e1s, que son las zonas menos expuestas, sobre todo ingles, axilas, espalda&#8230; As\u00ed que los scouters ya tienen entretenimiento para el resto de campamento: revisi\u00f3n de garrapatas!<\/p>\n\n\n\n<p>Pero vamos a lo importante: hoy ha sido domingo y hemos tenido la primera misa en el campamento. A\u00fan no hemos construido la capilla, que la van a construir las tropas ma\u00f1ana, pero el sitio es estupendo porque aprovechando la inclinaci\u00f3n del terreno queda todo el auditorio como un anfiteatro alrededor del altar.<\/p>\n\n\n\n<p>La actividad m\u00e1s importante del d\u00eda ha sido el \u00abd\u00eda de Grupo\u00bb. Se llama as\u00ed porque es un d\u00eda para jugar entre todo el Grupo. Normalmente cada unidad hace sus propios juegos y actividades, pero el d\u00eda de Grupo se forman equipos de distintas unidades, de forma que en cada equipo haya castores, lobatos, troperos, escultas, claneros y comuneros. Es una buena oportunidad para conocerse entre ellos y hacer nuevos amigos. Y, como dec\u00eda hoy Roc\u00edo, lo bonito es que uno de esos que conoces hoy puede ser tu mejor amigo el d\u00eda de ma\u00f1ana. Ver\u00e9is en las fotos alguna de las pruebas del d\u00eda de Grupo, como la del juego de Kim, en la que una persona come algo y tiene que identificar los ingredientes por los sabores. Tambi\u00e9n hab\u00eda juegos de hacer manualidades, juegos de agua, de cantar&#8230;<\/p>\n\n\n\n<p>Despu\u00e9s de comer y del tiempo libre, nos ha \u00absorprendido\u00bb una sirena de emergencia. Es la sirena que alerta de que hay una emergencia que afecta al campamento. Todos los jefes de cada unidad se han dirigido al punto de coordinaci\u00f3n para ser informados de la emergencia y de las medidas a tomar. En este caso, se trataba de un incendio y hab\u00eda que evacuar el campamento. Como os pod\u00e9is imaginar, era un simulacro. Todos las unidades hemos desalojado el campamento, desde Castores a Caba\u00f1a, llevando el saco de dormir (que se supone que es lo m\u00ednimo para poder pasar la noche, por ejemplo, en &nbsp;un polideportivo al que pudieran evacuarnos). Por eso ver\u00e9is en las fotos una larga fila de ni\u00f1os y mayores con sacos, abrigos, aislantes y otras cosas m\u00e1s ex\u00f3ticas como una broca del 12, etc&#8230; &nbsp;;-). El simulacro no ha estado mal: hemos tardado 17 minutos en salir todos. Digo que no est\u00e1 mal porque para salir se pasa lista: cada persona sale por la puerta siendo \u00abnombrada\u00bb por el que lleva la \u00abchecklist\u00bb, que es un listado de todas las personas que est\u00e1n en campamento.<\/p>\n\n\n\n<p>El acontecimiento m\u00e1s emocionante del d\u00eda ha sido la salida de raid de los Escultas. S\u00ed, ya se han ido, y volver\u00e1n justo para el Festival de la Canci\u00f3n, el d\u00eda 26. Como sab\u00e9is, el D\u00eda de Padres nunca est\u00e1n en campamento ni los Escultas, ni el Clan ni la Comuna. La despedida ha sido emocionante. El raid de Escultas es duro, y por eso hay una mezcla de emoci\u00f3n &nbsp;y miedo, un \u00ab\u00bfSer\u00e9 capaz?\u00bb. Y tambi\u00e9n la emoci\u00f3n de los hermanos y amigos al despedirse, alguna lagrimita de nervios&#8230;<\/p>\n\n\n\n<p>Dentro de diez d\u00edas volver\u00e1n orgullosos de haberlo conseguido, convertidos en una pi\u00f1a de verdaderos amigos, la \u00abpi\u00f1a esculta\u00bb, sabi\u00e9ndose capaces de superar grandes retos, habi\u00e9ndole perdido el miedo al sacrificio y con mucha m\u00e1s seguridad en s\u00ed mismos. Pero hoy tocaba pasar el trago de enfrentarse al reto. Hay que atreverse, tener confianza en uno mismo, en Dios y en los dem\u00e1s. Aunque haya que pasar un tramo doloroso, hay que afrontarlo si creemos que ese es el camino correcto. Buscar un atajo para evadir la responsabilidad, escaparse, echarse atr\u00e1s&#8230; eso es lo que har\u00eda una persona c\u00f3moda, autocomplaciente, que prefiere buscar su comodidad (que es lo habitual en nuestra sociedad). Al final, ese tipo de persona es incapaz de sacrificarse por los dem\u00e1s, porque sacrificarse por los dem\u00e1s es costoso, doloroso, desagradecido (y no est\u00e1 de moda). Por eso, si queremos formar personas que se planteen seriamente servir a los dem\u00e1s en su vida, tienen que ser personas que hayan aprendido a sacrificarse cuando no les apetece. El raid es un ejemplo de sacrificio cuando te pesa el macuto y el camino se pone cuesta arriba. Pero hay otros ejemplos, como las guardias (a qui\u00e9n le apetece salir del saco a las 3 de la ma\u00f1ana?). \u00bfSab\u00e9is la pereza horrorosa que da salir del saco calentito al fr\u00edo de la noche, vestirse otra vez, ponerse las botas que se han quedado heladas, vencer el sue\u00f1o en el momento de sue\u00f1o m\u00e1s profundo&#8230;? Y, ya \u00abpara nota\u00bb, hacerlo sin poner mala cara, sin tardar, sin protestar, como si no costara ning\u00fan esfuerzo&#8230; Pues eso es lo que llamamos \u00abla dureza esculta\u00bb, que no es una dureza de coraz\u00f3n, sino una dureza de car\u00e1cter. Estos chavales, esperamos, cuando dentro de diez o m\u00e1s a\u00f1os tengan hijos, y el ni\u00f1o llore a mitad de la noche, se levantar\u00e1n a ver qu\u00e9 le pasa en lugar de esperar a que se levante su c\u00f3nyuge. En ese momento pensar\u00e1n: \u00abno me apetece nada levantarme, pero c\u00f3mo no voy a ser capaz de hacerlo, si me levant\u00e9 a las 2 a hacer una guardia en aquel campamento de Navidad?\u00bb.<\/p>\n\n\n\n<p>Y, pasando a un tema m\u00e1s divertido, ver\u00e9is tambi\u00e9n fotos de dos \u00abentradas a comedor\u00bb: se trata de actuaciones cortas de una unidad que llega al comedor tarde, cuando ya todos est\u00e1n sentados (se avisa antes, no es que sean unos mal educados que pretendan hacer esperar a todo el mundo). Entonces, representan su baile o actuaci\u00f3n delante de todo el p\u00fablico que est\u00e1 en el comedor. Hoy, el Clan ha representado \u00abMamma M\u00eda\u00bb en su entrada a comedor en la comida, y los castores de Cherokee han hecho de samurais, con harakiri y todo!<\/p>\n\n\n\n<p>Ya hemos subido las fotos de hoy, a ver si os gustan!<\/p>\n\n\n\n<p>Buenas noches!<\/p>\n\n\n\n<hr class=\"wp-block-separator has-css-opacity\"\/>\n\n\n\n<p><strong>16 DE JULIO:<\/strong><\/p>\n\n\n\n<p>Hola, queridos pacientes amigos!<\/p>\n\n\n\n<p>Ay, Alimoche, que tengo un retraso! Le he dicho al jefe yo esta ma\u00f1ana. \u00c9l me ha mirado con cara admirada:<\/p>\n\n\n\n<p>&#8211; \u00bfNo me dir\u00e1s que ya vas por el cuarto?<\/p>\n\n\n\n<p>&#8211; No, no, hombre, que no, me refiero a las fotos. Tengo un retraso que va \u00abpa\u00bb dos d\u00edas! A\u00fan no he subido las del primer d\u00eda&#8230; la conexi\u00f3n nos est\u00e1 haciendo un roto.<\/p>\n\n\n\n<p>&#8211; Buena noticia: Vodafone funciona. Ayer compramos tres lineas prepago. Roc\u00edo y Scharfausen est\u00e1n encantados&#8230; \u00a1\u00bbto\u00bb el d\u00eda fardando de empresa molona!<\/p>\n\n\n\n<p>Esa, por fin, es la buena noticia! Hemos podido subir ya las fotos! Las pod\u00e9is ver&nbsp;<a href=\"https:\/\/photos.google.com\/share\/AF1QipMzOVGnXm8Tu9uVxp2J6dZdpO77CnxPVaVHxA-463XpuA7ELa_s7_izrTSgCalvUg?key=X0dvOURSMGVWWFNoZ0xrRC15YTdhZVRQZ3ZDbTBR\" target=\"_blank\" rel=\"noreferrer noopener\">en el Google Photos<\/a>. Ha requerido una cierta pericia&#8230;<\/p>\n\n\n\n<p>Luc\u00eda, querida, lo siento en el alma. En las letrinas no habr\u00eda funcionado. No conectaba&#8230; ni con mucha calma!<\/p>\n\n\n\n<p>\u00bfFuncionar\u00eda el amor&#8230; desconectado, en esta era de Internet y Whatsapp? &nbsp;Era un \u00abaffair\u00bb que nac\u00eda condenado.<\/p>\n\n\n\n<p>Ay, pero bueno, no nos enrollemos, porque los padres est\u00e1n deseando&#8230; mucho m\u00e1s que vernos as\u00ed ligando&#8230; \u00a1saber qu\u00e9 pasa en el campamento!<\/p>\n\n\n\n<p>Pues ayer hizo un d\u00eda estupendo. \u00bfSer\u00e1 verdad que en Asturias hay nubes? La temperatura bajo el sol s\u00ed sube&#8230; pero a la sombra se est\u00e1 incluso fresco.<\/p>\n\n\n\n<p>Ayer fue el d\u00eda de las construcciones. Los chavales montaron sus parcelas&#8230; este a\u00f1o usando mucha m\u00e1s madera! \u00a1\u00a1Vaya torreta la de Tiburones!!<\/p>\n\n\n\n<p>Es que este a\u00f1o sale m\u00e1s barata. S\u00f3lo tres euros por cada puntal. El a\u00f1o pasado: \u00a1once euros! \u00a1fatal! As\u00ed no hab\u00eda quien hiciera nada.<\/p>\n\n\n\n<p>Los escultas tambi\u00e9n tienen torreta, m\u00e1s fuerte a\u00fan que la de Tiburones. Pero tambi\u00e9n es que son m\u00e1s mayores, y a los troperos mucho m\u00e1s les cuesta.<\/p>\n\n\n\n<p>Nuestro doctor ya est\u00e1 trabajando. Ayer atendi\u00f3 a quince chavales! Ninguno de ellos estaban muy graves, pero el pobre ya est\u00e1 resoplando&#8230; &nbsp;\ud83d\ude42<\/p>\n\n\n\n<p>Por cierto, sab\u00e9is cu\u00e1ntos somos aqu\u00ed? Hoy me lo ha dicho la \u00abjefa de compras\u00bb: cuatrocientos sesenta y ocho o as\u00ed.<\/p>\n\n\n\n<p>Bueno, hasta pronto, luego os cuento m\u00e1s. &nbsp;Muchos besos a ti, a ti y a ti. Me voy corriendo a tumbar a una sombra!<\/p>\n\n\n\n<p>Buena caza!<\/p>\n\n\n\n<p><strong>PD<\/strong>&nbsp;de Pipo desde Madrid:<\/p>\n\n\n\n<p>Los \u00e1lbumes de fotos est\u00e1n a mi nombre, Jos\u00e9 Luis Garc\u00eda, ya que cuando se crearon Google oblig\u00f3 a tenerlos a nombre de una persona f\u00edsica, no admiten \u00abnombres de asociaciones\u00bb, pero las fotos son pr\u00e1cticamente en su totalidad realizadas, tratadas y subidas por Ignacio Barandalla desde el campamento al igual que estas cr\u00f3nicas, yo tan solo echo una mano a Luc\u00eda con los correos y procuro en lo que puedo, teneros al tanto en Twitter y Facebook de las novedades diarias, por si os es m\u00e1s facil acceder desde estas redes.&nbsp; Un fuerte abrazo para los de all\u00ed y para los de \u00abfuera\u00bb.<\/p>\n\n\n\n<hr class=\"wp-block-separator has-css-opacity\"\/>\n\n\n\n<p><strong>15 DE JULIO:<\/strong><\/p>\n\n\n\n<p>Hola papis, abuelos, hermanos y amigos!<\/p>\n\n\n\n<p>\u00a1\u00a1Ya estamos aqu\u00ed!!<\/p>\n\n\n\n<p>Por fin ha llegado el campamento, qu\u00e9 ilusi\u00f3n! Es lo mejor del a\u00f1o, y, por fin, estamos aqu\u00ed. Como siempre, os escribimos desde el Kraal, la reuni\u00f3n de los scouters por la noche, cuando los ni\u00f1os ya se est\u00e1n acostando. Bueno, deber\u00edan estar acost\u00e1ndose, pero se oye a\u00fan una algarab\u00eda de voces por toda la campa&#8230; \ud83d\ude42<\/p>\n\n\n\n<p>Ha sido un d\u00eda buen\u00edsimo, todo ha ido perfecto. Y ya sab\u00e9is que no siempre el primer d\u00eda de campamento es perfecto&#8230; \ud83d\ude09 (como aquel a\u00f1o que nos recibi\u00f3 una tormenta potent\u00edsima que dur\u00f3 varias horas). Pues este a\u00f1o s\u00ed que ha sido perfecto. Hemos llegado sin contratiempos, aunque hemos tardado algo m\u00e1s de los que pens\u00e1bamos. Los autobuses han llegado al campamento sobre las 17:10, despu\u00e9s de dos paradas, una primera m\u00e1s corta y una segunda para comer.<\/p>\n\n\n\n<p>Ni en todo el camino ni en el campamento hemos visto ni una nube: un d\u00eda precioso y radiante. Cielo azul y paisajes cada vez m\u00e1s verdes hasta llegar a Asturias. Y el valle del campamento es una preciosidad, la campa es de hierba verde rodeada de mucha vegetaci\u00f3n&#8230; un sitio precioso!<\/p>\n\n\n\n<p>Cuando hemos llegado nos hemos encontrado que, un a\u00f1o m\u00e1s, LOES se ha vuelto a superar y nos ha dejado montadas a\u00fan m\u00e1s cosas que el a\u00f1o pasado. Al llegar, estaba ya montado el comedor (con los toldos tensados y todo) y la cocina (con el nuevo suelo de goma, como nos ped\u00edan, \u00abfregable\u00bb, e incluso los armaritos con las puertas correderas ya hechos), la m\u00e1quina de clorar agua (este a\u00f1o se va a clorar toda el agua del campamento, incluida la de duchas), la nueva tienda de sanidad (de un blanco refulgente), la nueva de almac\u00e9n (que va a ser nuestra despensa, porque este a\u00f1o no vamos a almacenar comida en la cocina), las letrinas (seguimos usando las cabinas de ba\u00f1os qu\u00edmicos, pero este a\u00f1o tenemos m\u00e1s que el a\u00f1o pasado) y m\u00e1s cosas.<\/p>\n\n\n\n<p>Hoy ha sido el d\u00eda que cada unidad recoge su material (que LOES descarg\u00f3 del cami\u00f3n), monta sus tiendas, se reparte qui\u00e9n duerme en cada tienda y todos se instalan en sus tiendas. Hoy los castores estaban expectantes porque estrenaban las tiendas gigantes, m\u00e1s bien pabellones, que hemos comprado este a\u00f1o: una para cada colonia (hay 2 colonias de castores, Kiowa y Cherokee). Algunos se amontonaban con sus macutos en las tiendas grandes y dec\u00edan que las prefer\u00edan a las que ten\u00edan el a\u00f1o pasado. Otros seguir\u00e1n durmiendo en las del a\u00f1o pasado, que quedan ya tres o cuatro por colonia. Lo bueno de las grandes es que son muy fuertes, a prueba de ni\u00f1os (esperamos que estas no sean capaces de romperlas!), aunque lo bueno de las peque\u00f1as es que son m\u00e1s calientes y es m\u00e1s f\u00e1cil mantener el orden (simplemente porque hay menos ni\u00f1os en cada tienda).<\/p>\n\n\n\n<p>Los que vin\u00edsteis a la reuni\u00f3n de padres sab\u00e9is que este a\u00f1o estrenamos m\u00e9dico nuevo, bueno, dos m\u00e9dicos nuevos. En la primera mitad del campamento nuestro flamante doctor es Fran Caro. Nos ha alcanzado en la segunda parada de los autobuses y, nada m\u00e1s verle, le han llevado una herida, Silvia, una scouter que se ha caido y se ha dado un golpe justo despu\u00e9s de bajar del autob\u00fas. El pobre Fran pensaba que era una broma (porque todav\u00eda no hab\u00eda dicho ni \u00abhola\u00bb cuando le han llevado a la scouter accidentada. Sus primeras palabras como doctor han sido: \u00abD\u00f3nde est\u00e1 la c\u00e1mara oculta?\u00bb &nbsp;\ud83d\ude09<\/p>\n\n\n\n<p>Pero adem\u00e1s de nuevo m\u00e9dico, hoy hemos tenido dos h\u00e9roes en campamento! Manolo Palop, un le\u00f1ador (miembro de la caba\u00f1a) y un amigo suyo, que han venido al campamento en bicicleta&#8230; \u00a1\u00a1desde Madrid!! Han hecho unos 482 Km en solo dos d\u00edas, y han llegado a campamento hoy antes que los autobuses. Los pocos que est\u00e1bamos ya en campamento (LOES, Caba\u00f1a y Comuna) les hemos recibido como a un h\u00e9roe, porque sinceramente nos parece una heroicidad. Despu\u00e9s se han duchado a manguerazos y se han quedado tan a gusto. Qu\u00e9 t\u00edos!!<\/p>\n\n\n\n<p>Dec\u00edamos antes que todo estaba perfecto&#8230; pues hay una cosa que no: la cobertura m\u00f3vil. Con Movistar tenemos 3G a ratos, en algunos momentos incluso HSPA+, pero con muy poca velocidad. Hoy no vamos a poder subir fotos por eso, y a ver si ma\u00f1ana encontramos una soluci\u00f3n. Tenemos que probar con Vodafone. Parece, por cierto, que Movistar tiene mejor cobertura en una zona de la campa&#8230; \u00bfsab\u00e9is cu\u00e1l? Una pista: hace unos a\u00f1os pas\u00f3 lo mismo. Luc\u00eda ya sabe d\u00f3nde!! ;-). S\u00ed, eso es: al lado de las letrinas!!! As\u00ed que no os preocup\u00e9is, que subiremos las fotos desde las letrinas o cambiaremos de operador, pero las subiremos! Tambi\u00e9n tenemos que ver si conseguimos tener tasa binaria suficiente para retransmitir el Festival de la Canci\u00f3n en directo. Seguiremos investigando!<\/p>\n\n\n\n<p>Pues nos vamos a dormir, que ma\u00f1ana nos espera un d\u00eda de mucho trabajo. Hay que seguir montando todo el campamento!<\/p>\n\n\n\n<p>Un fuerte apret\u00f3n de mano izquierda!<\/p>\n\n\n\n<hr class=\"wp-block-separator has-css-opacity\"\/>\n\n\n\n<p><strong>14 DE JULIO:<\/strong><\/p>\n\n\n\n<p>Hoy es el ultimo d\u00eda para la comisi\u00f3n de LOES antes de \u00a1LA GRAN INVASI\u00d3N!<\/p>\n\n\n\n<p>Si si, tienen muchas ganas de que todos lleguemos y de ver a sus ni\u00f1os, pero&#8230; despu\u00e9s de 5 d\u00edas all\u00ed solos disfrutando de la paz de naturaleza, el c\u00e9sped de color verde y de pasear por la campa a sus anchas, desembarcamos todos y \u00a1se acaba la tranquilidad de golpe!<\/p>\n\n\n\n<p>Es broma, la verdad es que no tiene ni punto de comparaci\u00f3n pasear por campamento cuando est\u00e1 vac\u00edo que cuando est\u00e1n las tiendas y las parcelas montadas, se respira ilusi\u00f3n, el trabajo de todo un a\u00f1o, las ganas de todas las unidades de tener la mejor parcela, la mejor canci\u00f3n del festival&#8230; Tenemos una suerte tremenda al formar parte de este gran juego, es una experiencia que va mucho m\u00e1s all\u00e1 de un campamento de 15 d\u00edas.<\/p>\n\n\n\n<p>Pero volviendo a la comisi\u00f3n de LOES&#8230; hoy han estado muy ocupados ultimando detalles para que cuando ma\u00f1ana lleguemos tengamos la mayor parte del campamento preparado. A ver si conseguimos que nos pasen alguna fotillo&#8230;<\/p>\n\n\n\n<p>Por cierto, \u00a1ya hemos inaugurado la secci\u00f3n de correos! \ud83d\ude00<\/p>\n\n\n\n<p>En Madrid hemos tenido la tradicional Eucarist\u00eda para pedir por la buena marcha del campamento en la que, como siempre, la parroquia estaba a rebosar de Castores, Lobatos, Troperos, Escultas, Rovers, Scouters, Le\u00f1adores y familias con muchas ganas de que este 41 campamento sea el mejor de todos.<\/p>\n\n\n\n<p>\u00a1La cr\u00f3nica de ma\u00f1ana ya la haremos desde campamento! \u00bfHabr\u00e1 buena cobertura en comedor para actualizar y subir las fotos? \u00bfTendremos que montar una mesa al lado de las letrinas como aquel a\u00f1o que solo hab\u00eda 3G en ese punto de la campa? \u00a1Que ganas de llegar!<\/p>\n\n\n\n<hr class=\"wp-block-separator has-css-opacity\"\/>\n\n\n\n<p><strong>13 DE JULIO:<\/strong><\/p>\n\n\n\n<p>Hoy la comisi\u00f3n de LOES ha estado rematando el comedor y la cocina: han terminado de poner los toldos de comedor y han montado los fregaderos, los fogones, las encimeras y algunas estanter\u00edas para almacenar menaje que claro, no tiene nada que ver con el que tenemos en casa, imaginad hacer pur\u00e9 para 400 personas con ollas normales&#8230; Ya os hablaremos de las cantidades alg\u00fan d\u00eda desde campamento, \u00a1aqu\u00ed se hace todo a lo grande!<\/p>\n\n\n\n<p>Tambi\u00e9n ha estado la retroexcavadora haciendo los agujeros: uno para duchas, otro para cocina y otro para el m\u00e1stil.<\/p>\n\n\n\n<p>Tenemos un mont\u00f3n de fotos nuevas que nos ha pasado la comisi\u00f3n y un peque\u00f1o video muy chulo del montaje de comedor, sobre todo se ve como se coloca un toldo: no es complicado pero requiere de bastante gente que se coordine desde el suelo y desde lo alto de la estructura. Se hacen trozos largos de pita que se atan a los agujeros de uno de los extremos del toldo, que se van pasando por encima de los tubos y tensando desde abajo para poco a poco ir colocando el toldo en su sitio. Luego se cosen los laterales a los tubos con cuerda un poco el\u00e1stica (as\u00ed si sopla el viento el toldo se despega un poquito del tubo para dejar salir el aire y evitar el efecto vela) y se colocan en las esquinas las bridas de cinta cosida, como medida de seguridad para sujetar el toldo en caso de que una goma se soltara. Pero eso no es todo, desde hace unos pocos a\u00f1os tenemos tambi\u00e9n instalamos un sistema anti-bolsas debajo de los toldos con cables de acero protegidos por pl\u00e1stico, para que no da\u00f1en nada. Gracias a estos cables conseguimos que cuando llueve no se acumule una gran bolsa de agua en el toldo ya que el peso podr\u00eda llegar a romperlo, y a largo plazo evitamos que se deformen.<\/p>\n\n\n\n<p>Y despu\u00e9s de esta peque\u00f1a parrafada sobre el comedor&#8230; volver a agradecer a la comisi\u00f3n de LOES su trabajo, que como todos los a\u00f1os se est\u00e1n dado una buena paliza. Ya solo les queda un d\u00eda de ultimar detalles antes que se les acabe la paz y desembarquemos 400 y pico personas con las pilas bien cargadas y dispuestos a pasarlo en grande \ud83d\ude42<\/p>\n\n\n\n<hr class=\"wp-block-separator has-css-opacity\"\/>\n\n\n\n<p><strong>12 DE JULIO:<\/strong><\/p>\n\n\n\n<p>\u00a1Nos llegan m\u00e1s noticias desde campamento!<\/p>\n\n\n\n<p>\u00a1Y desde Internet! Porque en \u00abLa voz del Trubia\u00bb nos dedican un art\u00edculo de lo m\u00e1s completo que pod\u00e9is ver&nbsp;<a href=\"http:\/\/lavozdeltrubia.es\/2016\/07\/12\/el-mayor-campamento-scout-de-espana-en-quiros\/\" target=\"_blank\" rel=\"noreferrer noopener\">aqu\u00ed<\/a>.<\/p>\n\n\n\n<p>Volviendo a nuestros LOES, hoy han terminado la estructura (la caseta que se ve en las fotos) que construyeron ayer para el clorador, la han fijado y han empezado con el sistema de fontaner\u00eda que abastecer\u00e1 de agua potable a todo el campamento.<\/p>\n\n\n\n<p>En cuanto al comedor, han terminado de montar la estructura y colocado por completo los toldos de la parte de la cocina<\/p>\n\n\n\n<p>Adem\u00e1s, han tirado de ingenio para construir \u00abeses\u00bb que les hac\u00edan falta para poder colocar bien los toldos de cocina. A partir de una barra de hierro corrugado de 6 metros, un secador, unas carracas, pita y muuuucha paciencia. En las fotos pod\u00e9is ver el montaje del invento y el resultado final. \u00a1La verdad es que les han quedado genial!<\/p>\n\n\n\n<p>Finalmente, nos comentan que les est\u00e1 haciendo bastante buen tiempo. Como la campa est\u00e1 entre varias monta\u00f1as hay veces que vienen nubes que amenazan lluvia y tienen que ir corriendo a tapar todo, pero luego no llueve porque se quedan en alguna monta\u00f1a. Lo que si que comentan es que por las tardes y noches refresca bastante, asi que \u00a1meted el abrigo en el macuto! (Las noches son frescas)<\/p>\n\n\n\n<p>\u00a1Hasta ma\u00f1ana!<\/p>\n\n\n\n<hr class=\"wp-block-separator has-css-opacity\"\/>\n\n\n\n<p><strong>11 DE JULIO:<\/strong><\/p>\n\n\n\n<p>Hoy la comisi\u00f3n de LOES ha tenido un d\u00eda de lo m\u00e1s completo y poco a poco el campamento va tomando forma.<\/p>\n\n\n\n<p>Han pasado parte de la ma\u00f1ana colocando el suelo fregable de cocina. Esta es una de las novedades de este a\u00f1o, que viene recomendada de las \u00faltimas inspecciones de Sanidad y nos ayudar\u00e1 a mantener la cocina m\u00e1s limpia.<\/p>\n\n\n\n<p>Tambi\u00e9n han construido una peque\u00f1a caseta para proteger el clorador, \u00a1otra nueva incorporaci\u00f3n! Este a\u00f1o todo el agua de campamento ser\u00e1 potable, incluso la de las duchas. Para ello hemos llevado un clorador, algunos bidones nuevos (uno de ellos de 3000L) y hemos desinfectado el resto de los bidones que ya ten\u00edamos.<\/p>\n\n\n\n<p>Por la tarde han empezado a montar la estructura de comedor y han levantado hasta la primera altura de todos los m\u00f3dulos, ma\u00f1ana la terminar\u00e1n. El comedor es una de las estructuras m\u00e1s importantes de campamento y consta de una estructura de mecanotubo de varios m\u00f3dulos, cubiertos por varios toldos (lona de cami\u00f3n) en forma de tejado a dos aguas. Uno de estos m\u00f3dulos es para la cocina y los toldos se colocan diferente para permitir la salida de humos. Una vez que lo est\u00e9 todo montado quedar\u00e1&nbsp;<a href=\"https:\/\/picasaweb.google.com\/106647216216867875349\/VILLANOVA201515Al17DeJulio#6171864929448822274\" target=\"_blank\" rel=\"noreferrer noopener\">as\u00ed<\/a>.<\/p>\n\n\n\n<p>Nos han comentado tambi\u00e9n que les ha hecho muy buen tiempo, con un ratito de \u00abcalabobos\u00bb muy t\u00edpico de Asturias, pero que han agradecido que no pegara el sol porque es mucho m\u00e1s c\u00f3modo para trabajar. Han conocido a la se\u00f1ora de la carnicer\u00eda y a la Teniente de Alcalde, tambi\u00e9n han ido al supermercado a por algunas cosas que les hac\u00edan falta y varias personas del pueblo les han preguntado por el campamento, que cuando lleg\u00e1bamos, que cu\u00e1ntos somos&#8230; \u00a1que nos esperan con muchas ganas!<\/p>\n\n\n\n<p>Hoy si que ya hay unas cuantas fotos subidas \ud83d\ude42 \u00a1Hasta ma\u00f1ana!<\/p>\n\n\n\n<hr class=\"wp-block-separator has-css-opacity\"\/>\n\n\n\n<p><strong>10 DE JULIO:<\/strong><\/p>\n\n\n\n<p>\u00a1Nos llegan noticias de la comisi\u00f3n de LOES!.<\/p>\n\n\n\n<p>Hoy ha sido uno de los d\u00edas m\u00e1s duros del montaje, ya que el enorme cami\u00f3n que ayer cargamos entre muchos lo han descargado entre los 11 de la comisi\u00f3n. A medida que se descarga el cami\u00f3n se va ordenando todo haciendo montones con el material de unidades, tiendas, intendencia, etc que luego hay que tapar muy bien con rafias para que no se estropee hasta el d\u00eda 15.<\/p>\n\n\n\n<p>A esto hay que sumar el contenedor del que os habl\u00e1bamos ayer con m\u00e1s material, y por si todo esto fuera poco&#8230; nos han contado que el cami\u00f3n no ha podido entrar hasta dentro de la campa y han tenido que dar un mont\u00f3n de paseos con todo el material, as\u00ed que \u00a1se han pegado un paliz\u00f3n! \u00a1Muchas gracias comisi\u00f3n!<\/p>\n\n\n\n<p>Ma\u00f1ana empezar\u00e1n a montar la estructura de comedor e intentaremos que nos pasen alguna foto de como les va quedando.<\/p>\n\n\n\n<hr class=\"wp-block-separator has-css-opacity\"\/>\n\n\n\n<p><strong>9 DE JULIO:<\/strong><\/p>\n\n\n\n<p>Hoy hemos dado el pistoletazo oficial de salida al campamento cargando el cami\u00f3n y despidiendo a la comisi\u00f3n de LOES que ha salido rumbo a campamento.<\/p>\n\n\n\n<p>Hemos empezado a cargar el cami\u00f3n a eso de las 9 de la ma\u00f1ana, con los ojos un poco pegados por el madrug\u00f3n en s\u00e1bado, pero a medida que avanzaba la hora avanzaba tambi\u00e9n el calor, hasta que por fin sobre las 13:00 hemos obtenido la \u00abfoto finish\u00bb: el cami\u00f3n cerrado. Todos los a\u00f1os pensamos lo mismo: \u00abno cierra, no cierra\u00bb y al final siempre con la magia del tetris, no sabemos como conseguimos que cierre por los pelos.<\/p>\n\n\n\n<p>Para los que nos le\u00e9is por primera vez y os llama la atenci\u00f3n un poco esto del cami\u00f3n os contaremos: en el cami\u00f3n va toooodo el material que llevamos a campamento, desde las tiendas de campa\u00f1a y material de actividades de los chavales hasta los toldos de comedor. No es que nos guste exagerar y le llamemos cami\u00f3n a una furgonetilla de carga que llevamos con cuatro cosas, no, no, estamos hablando de un trailer de (creo) unos 13 metros de largo que cada a\u00f1o parece que se nos va a quedar corto. Pod\u00e9is ver algunas fotos de la carga aqu\u00ed (a\u00fan no).<\/p>\n\n\n\n<p>Adem\u00e1s este a\u00f1o hemos tenido una novedad en la carga: \u00a1faltaba mucho material! \u00bfD\u00f3nde estaban las mesas, los tubos de comedor, las mangueras&#8230;? Pues no, no es que este a\u00f1o hayamos decidido que nos sentamos a comer en el suelo, es que el a\u00f1o pasado todo este material se meti\u00f3 en un contenedor que se guarda en un puerto seco y que nos llevan directamente a campamento. Fue una gran idea, porque es material que no hay que revisar y nos ahorramos todo ese hueco que ocupa en el cami\u00f3n.<\/p>\n\n\n\n<p>Finalmente a las 4 de la tarde, la comisi\u00f3n de LOES (Log\u00edstica y Operaciones Especiales) parti\u00f3 con la furgoneta y un coche de apoyo rumbo a Las Ag\u00fceras, les despidi\u00f3 el Padre Jose Luis Hu\u00e9scar (el \u00abPater\u00bb) que les dio la bendici\u00f3n y charl\u00f3 con ellos un ratito, agradeci\u00e9ndoles su servicio al grupo y record\u00e1ndoles que \u00abtrabajar para los dem\u00e1s es una forma diferente de trabajar\u00bb. Desde aqu\u00ed tambi\u00e9n queremos agradecerles a todos el trabajo que van a hacer estos 5 d\u00edas para que cuando el 15 lleguemos todos all\u00ed ya est\u00e9n montadas las estructuras b\u00e1sicas, les pediremos que nos vayan mandando fotos para que ve\u00e1is como avanza el campamento.<\/p>\n\n\n\n<p>Llegaron sobre las 23:00, cansados del viaje pero con muchas ganas de empezar a trabajar. Y nosotros, con muchas ganas de seguir cont\u00e1ndoos cosas, \u00a1hasta ma\u00f1ana!<\/p>\n","protected":false},"excerpt":{"rendered":"<p>Esta es la p\u00e1gina del Campamento Virtual: LAS AG\u00dcERAS 2016 Desde Las Ag\u00fceras, Asturias, del 15 al 30 de julio,&nbsp;actualizaremos d\u00eda a d\u00eda las noticias y las&nbsp;fotos. &nbsp;Comenta en&nbsp;Facebook Grupo Scout 284 y en Twitter:&nbsp;@scouts284 Actualizado: &nbsp;&nbsp; 25-07-2016 &nbsp; 00:30 CORREOS RECIBIDOS Actualizados&nbsp;&nbsp;25-07-2016 &nbsp; 21:50 scouts284@gmail.com 5 DE AGOSTO: \u00a1Hola, [&hellip;]<\/p>\n","protected":false},"author":2,"featured_media":0,"parent":0,"menu_order":0,"comment_status":"closed","ping_status":"closed","template":"","meta":{"footnotes":""},"class_list":["post-873","page","type-page","status-publish","hentry"],"jetpack_sharing_enabled":true,"_links":{"self":[{"href":"https:\/\/www.scouts284.org\/index.php\/wp-json\/wp\/v2\/pages\/873","targetHints":{"allow":["GET"]}}],"collection":[{"href":"https:\/\/www.scouts284.org\/index.php\/wp-json\/wp\/v2\/pages"}],"about":[{"href":"https:\/\/www.scouts284.org\/index.php\/wp-json\/wp\/v2\/types\/page"}],"author":[{"embeddable":true,"href":"https:\/\/www.scouts284.org\/index.php\/wp-json\/wp\/v2\/users\/2"}],"replies":[{"embeddable":true,"href":"https:\/\/www.scouts284.org\/index.php\/wp-json\/wp\/v2\/comments?post=873"}],"version-history":[{"count":7,"href":"https:\/\/www.scouts284.org\/index.php\/wp-json\/wp\/v2\/pages\/873\/revisions"}],"predecessor-version":[{"id":3431,"href":"https:\/\/www.scouts284.org\/index.php\/wp-json\/wp\/v2\/pages\/873\/revisions\/3431"}],"wp:attachment":[{"href":"https:\/\/www.scouts284.org\/index.php\/wp-json\/wp\/v2\/media?parent=873"}],"curies":[{"name":"wp","href":"https:\/\/api.w.org\/{rel}","templated":true}]}}