{"id":468,"date":"2020-03-22T17:58:33","date_gmt":"2020-03-22T16:58:33","guid":{"rendered":"http:\/\/www.scouts284.org\/?page_id=468"},"modified":"2025-03-15T21:01:02","modified_gmt":"2025-03-15T20:01:02","slug":"campamento-virtual-2018","status":"publish","type":"page","link":"https:\/\/www.scouts284.org\/index.php\/campamento-2018\/campamento-virtual-2018\/","title":{"rendered":"Campamento Virtual 2018"},"content":{"rendered":"\n<p>Desde Duruelo de la Sierra, Soria, del 14 al 29 de julio,&nbsp;actualizaremos d\u00eda a d\u00eda las noticias y las&nbsp;fotos.<\/p>\n\n\n\n<ul class=\"wp-block-list\">\n<li><strong><a href=\"https:\/\/photos.app.goo.gl\/rd956QbucA7FwNjJ6\" target=\"_blank\" rel=\"noreferrer noopener\"><strong>\u00c1lbum de fotos de Duruelo 2018 &#8211; Todas las 4699 fotos en alta calidad (16 Megapixeles)<\/strong><\/a><\/strong><\/li>\n\n\n\n<li><strong><a href=\"https:\/\/photos.app.goo.gl\/HD3PQiMx37J4R5LA9\" target=\"_blank\" rel=\"noreferrer noopener\">\u00c1lbum de fotos de Duruelo 2018 &#8211; 8 al 13 de julio<\/a><\/strong><\/li>\n\n\n\n<li><strong><a href=\"https:\/\/photos.app.goo.gl\/cTQwWmRwKY5YBsf38\" target=\"_blank\" rel=\"noreferrer noopener\">\u00c1lbum de fotos de Duruelo 2018 &#8211; 14 al 15 de julio<\/a><\/strong><\/li>\n\n\n\n<li><strong><a href=\"https:\/\/photos.app.goo.gl\/2X4kGTZpVLG4kLtg8\" target=\"_blank\" rel=\"noreferrer noopener\">\u00c1lbum de fotos de Duruelo 2018 &#8211; 16 al 18 de julio<\/a><\/strong><\/li>\n\n\n\n<li><strong><a href=\"https:\/\/photos.app.goo.gl\/DngoTse4EkHJv8U78\" target=\"_blank\" rel=\"noreferrer noopener\">\u00c1lbum de fotos de Duruelo 2018 &#8211; 19 al 21 de julio<\/a><\/strong><\/li>\n\n\n\n<li><strong><a href=\"https:\/\/photos.app.goo.gl\/baTc3k9DmBkNMkz57\" target=\"_blank\" rel=\"noreferrer noopener\">\u00c1lbum de fotos de Duruelo 2018 &#8211; 22 al 23 de julio<\/a><\/strong><\/li>\n\n\n\n<li><strong><a href=\"https:\/\/photos.app.goo.gl\/8PgVaPpXfXFjUL1R9\" target=\"_blank\" rel=\"noreferrer noopener\">\u00c1lbum de fotos de Duruelo 2018 &#8211; 24 al 25 de julio<\/a><\/strong><\/li>\n\n\n\n<li><strong><a href=\"https:\/\/photos.app.goo.gl\/Qj7acXLad7wa4BnM9\" target=\"_blank\" rel=\"noreferrer noopener\">\u00c1lbum de fotos de Duruelo 2018 &#8211; 26 de julio<\/a><\/strong><\/li>\n\n\n\n<li><strong><a href=\"https:\/\/photos.app.goo.gl\/Vwy32anPPTnjFRCQ8\" target=\"_blank\" rel=\"noreferrer noopener\">\u00c1lbum de fotos de Duruelo 2018 &#8211; 27 de julio &#8211; Ceremonias<\/a><\/strong><\/li>\n\n\n\n<li><strong><a href=\"https:\/\/photos.app.goo.gl\/wsDQqn3s869ooYLc8\" target=\"_blank\" rel=\"noreferrer noopener\">\u00c1lbum de fotos de Duruelo 2018 &#8211; 27 de julio &#8211; Fuego<\/a><\/strong><\/li>\n\n\n\n<li><strong><a href=\"https:\/\/photos.app.goo.gl\/4M11mWAvEZAvZGPd6\" target=\"_blank\" rel=\"noreferrer noopener\">\u00c1lbum de fotos de Duruelo 2018 &#8211; 27 de julio &#8211; Eclipse Luna roja (Chato)<\/a><\/strong><\/li>\n\n\n\n<li><strong><a href=\"https:\/\/photos.app.goo.gl\/Q1WwTUoZL31YAduG7\" target=\"_blank\" rel=\"noreferrer noopener\">\u00c1lbum de fotos de Duruelo 2018 &#8211; 28 de julio &#8211; Pases a lobatos y tropa<\/a><\/strong><\/li>\n\n\n\n<li><strong><a href=\"https:\/\/photos.app.goo.gl\/UbwhL5Jupk7x3Guu8\" target=\"_blank\" rel=\"noreferrer noopener\">\u00c1lbum de fotos de Duruelo 2018 &#8211; 28 de julio &#8211; Pases a escultas<\/a><\/strong><\/li>\n\n\n\n<li><strong><a href=\"https:\/\/photos.app.goo.gl\/caiiwxCMWxYqKWTD9\" target=\"_blank\" rel=\"noreferrer noopener\">\u00c1lbum de fotos de Duruelo 2018 &#8211; 28 de julio &#8211; Pases a clan<\/a><\/strong><\/li>\n\n\n\n<li><strong><a href=\"https:\/\/photos.app.goo.gl\/r5ubMUP3Vhp6hHhXA\" target=\"_blank\" rel=\"noreferrer noopener\">\u00c1lbum de fotos de Duruelo 2018 &#8211; 28 de julio &#8211; Desmontaje e Investiduras Rovers<\/a><\/strong><\/li>\n\n\n\n<li><strong><a href=\"https:\/\/photos.app.goo.gl\/kaTufUuCRWWHFYQ57\" target=\"_blank\" rel=\"noreferrer noopener\">\u00c1lbum de fotos de Duruelo 2018 &#8211; 29 de julio &#8211; Misa y Foto de Grupo<\/a><\/strong><\/li>\n\n\n\n<li><strong><a href=\"https:\/\/photos.app.goo.gl\/sLhUEsXi5uisN41i9\" target=\"_blank\" rel=\"noreferrer noopener\">\u00c1lbum de fotos de Duruelo 2018 &#8211; Raid de Escultas Grupo 1<\/a><\/strong><\/li>\n\n\n\n<li><strong><a href=\"https:\/\/photos.app.goo.gl\/h1FKZjvK8tYFS7zq5\" target=\"_blank\" rel=\"noreferrer noopener\">\u00c1lbum de fotos de Duruelo 2018 &#8211; Raid de Escultas Grupo 2<\/a><\/strong><\/li>\n<\/ul>\n\n\n\n<ul class=\"wp-block-list\">\n<li><strong><a href=\"https:\/\/www.youtube.com\/watch?v=YAxExWaU81E\">Festival de la Canci\u00f3n Duruelo 2018 en YouTube<\/a><\/strong><\/li>\n\n\n\n<li><strong><a href=\"https:\/\/www.youtube.com\/watch?v=txUojyggPfQ\">Fuego de Campamento Duruelo 2018 en YouTube<\/a><\/strong><\/li>\n<\/ul>\n\n\n\n<h4 class=\"wp-block-heading\"><strong>Comenta en&nbsp;<a href=\"https:\/\/www.facebook.com\/groups\/28429452137\/\" target=\"_blank\" rel=\"noreferrer noopener\">Facebook Grupo Scout 284<\/a><\/strong><\/h4>\n\n\n\n<h4 class=\"wp-block-heading\">y en Twitter:&nbsp;<a href=\"https:\/\/twitter.com\/scouts284\" target=\"_blank\" rel=\"noreferrer noopener\">@scouts284<\/a><\/h4>\n\n\n\n<hr class=\"wp-block-separator has-css-opacity\"\/>\n\n\n\n<h3 class=\"wp-block-heading\"><strong><a href=\"index61a0.html?option=com_content&amp;view=article&amp;id=173&amp;Itemid=117\" target=\"_blank\" rel=\"noreferrer noopener\"><br>CORREOS RECIBIDOS<\/a><\/strong><\/h3>\n\n\n\n<h4 class=\"wp-block-heading\">enviados por vosotros a:<strong>&nbsp;<a href=\"mailto:scouts284@gmail.com\">scouts284@gmail.com<\/a><\/strong><\/h4>\n\n\n\n<hr class=\"wp-block-separator has-css-opacity\"\/>\n\n\n\n<p><strong>3 DE OCTUBRE:<\/strong><\/p>\n\n\n\n<p>\u00a1Buenos d\u00edas, amigos!<\/p>\n\n\n\n<p>\u00a1A buenas horas, mangas verdes! Pues s\u00ed, ya han pasado m\u00e1s de dos meses desde que acab\u00f3 el campamento, y dentro de tres d\u00edas comienza la Ronda Solar 2018-2019!!!<\/p>\n\n\n\n<p>Por eso, estamos ya en los \u00faltimos d\u00edas para terminar de cerrar una etapa antes de abrir la siguiente.<\/p>\n\n\n\n<p>Desde la \u00faltima actualizaci\u00f3n del 1 de agosto, tenemos algunas novedades que est\u00e1n indicadas m\u00e1s arriba con un \u00abNUEVO\u00bb en color rojo:<\/p>\n\n\n\n<p>&#8211; Como sab\u00e9is, durante el campamento subimos las fotos con una resoluci\u00f3n de unos 3 Megapixeles, para evitar gastar muchos datos, y vamos creando un \u00e1lbum nuevo cada dos o tres d\u00edas para que sea m\u00e1s f\u00e1cil buscar las fotos. Durante el mes de agosto hemos creado un nuevo \u00e1lbum de Google Fotos con todas las fotos (las mismas) en&nbsp;<strong>un \u00fanico \u00e1lbum de m\u00e1s de 4500 fotos pero con la m\u00e1xima resoluci\u00f3n<\/strong>&nbsp;que Google Fotos permite sin gastar cuota de almacenamiento: 16 Megapixeles. Si hab\u00eda alguna foto que os gust\u00f3, sobre todo si alguien tiene la intenci\u00f3n de imprimirla, es mucho mejor buscar en este \u00e1lbum la versi\u00f3n de alta calidad que utilizar la versi\u00f3n peque\u00f1a. 16 Megapixeles es suficiente para imprimir la foto hasta 41&#215;27 cm. Si alguien quisiera imprimir a\u00fan m\u00e1s grande, entonces habr\u00eda que buscar la foto a su tama\u00f1o original de 24 Mpix, que dar\u00eda para imprimir hasta 51&#215;34 cm.<\/p>\n\n\n\n<p>&#8211; Tambi\u00e9n hemos sacado de la grabaci\u00f3n del Festival de la Canci\u00f3n&nbsp;<strong>las dos canciones ganadoras: la primera, de Wargos, y la segunda, de Comuna, en formato MP3<\/strong>. Las dos canciones se pod\u00edan sacar de la retransmisi\u00f3n de YouTube, pero el audio de la retransmisi\u00f3n es el audio captado por la c\u00e1mara, que tiene un micr\u00f3fono de ambiente, y se oye mucho ruido. En cambio, estas dos canciones las hemos sacado del audio limpio de la mesa de mezclas, y la diferencia es sorprendente. Apenas se oye ning\u00fan ruido ambiente. \u00a1Parecen grabadas en un estudio!<\/p>\n\n\n\n<p>Hay otra novedad que no est\u00e1 en la lista de \u00e1lbumes que encabeza este art\u00edculo: hemos subido a YouTube&nbsp;<strong>la grabaci\u00f3n completa y sin esperas del Festival de la Canci\u00f3n, incluyendo la actuaci\u00f3n de la Tropa Scout F\u00e9nix<\/strong>, que pod\u00e9is ver pinchando&nbsp;<a href=\"https:\/\/www.youtube.com\/watch?v=YAxExWaU81E\" target=\"_blank\" rel=\"noreferrer noopener\">aqu\u00ed<\/a>.<\/p>\n\n\n\n<p>Y, ya con el curso escolar empezado y la Ronda Solar a punto de comenzar, miramos atr\u00e1s y vemos que este campamento ha sido estupendo, todo ha salido muy bien, casi dir\u00edamos que ha sido \u00abmaravillosamente f\u00e1cil\u00bb.<\/p>\n\n\n\n<p>El hecho de que estuviera cerca de Madrid, con mucha sombra, con acometida de agua del pueblo, con picos cercanos bonitos pero no demasiado altos ni escarpados, sin ni una tormenta, con cobertura 4G buen\u00edsima, con un precio de la madera baj\u00edsimo comparado con otros a\u00f1os&#8230; ha hecho que haya habido una asistencia r\u00e9cord de Caba\u00f1a (casi 70 personas el fin de semana de padres) y que el transporte haya costado menos que otros a\u00f1os, que apenas haya habido ni\u00f1os enfermos (gracias a la sombra del pinar y al agua), que apenas haya habido lesionados durante los raids (la incomparecencia de la patrulla Yacar\u00e9 a su cita anual es algo extraordinario, m\u00e1s a\u00fan siendo tantas personas en campamento), que hayamos podido hacer muchas cosas en lugar de dedicar m\u00e1s tiempo a la supervivencia (otros a\u00f1os tenemos que dedicar tiempo a achicar agua, secar sacos y ropa, tensar tiendas, arreglar destrozos&#8230;), que hayamos podido subir m\u00e1s de 4500 fotos y retransmitir en alta definici\u00f3n el Fuego y el Festival gracias al 4G, y que las unidades hayan podido construir parcelas usando mucha madera, incluyendo torretas, puertas, tr\u00edpodes, etc&#8230; Todos estos factores, unidos a que hemos llegado al n\u00famero de 500 asistentes, hacen que podamos decir que&nbsp;<strong>seguramente ha sido el mejor campamento de la historia del Grupo<\/strong>.<\/p>\n\n\n\n<p>El ahorro en el transporte nos ha permitido ampliar el comedor en un m\u00f3dulo, comprar un fregadero nuevo, dos tiendas grandes nuevas (los pabellones verdes, que se dedicaron uno a material de LOES y otro reservado para una posible evacuaci\u00f3n), altavoces nuevos para Festival y Fuego, las mesas plegables&#8230;<\/p>\n\n\n\n<p>Habr\u00e1 que prepararse para que otros a\u00f1os las condiciones sean m\u00e1s duras. \u00a1No siempre va a ser todo tan f\u00e1cil! Pero tambi\u00e9n da gusto cuando algo sale tan f\u00e1cil, \u00bfno? Ser\u00e1 improbable que otros a\u00f1os coincidan tantos factores que faciliten el campamento. Pero tambi\u00e9n aprenderemos de las dificultades, y nos har\u00e1n m\u00e1s fuertes.<\/p>\n\n\n\n<p>Por ejemplo, este a\u00f1o pudimos dedicar casi dos d\u00edas de varias personas a montar la puerta del campamento, un frontal de un fuerte vaquero con dos torretas. Gastamos cerca de 100 costeros (por 50\u20ac) y unos 450 tornillos! Esto hubiera sido impensable otros a\u00f1os, como el que una tormenta se llev\u00f3 volando la tienda de sanidad y empap\u00f3 m\u00e1s de 100 sudaderas&#8230;<\/p>\n\n\n\n<p>Lo importante es que los ni\u00f1os, ajenos a estos an\u00e1lisis, han disfrutado de un campamento estupendo: han subido todos los picos que se han propuesto, han dormido haciendo vivac mirando las estrellas, todos han terminado sus raids, muchos han hecho su Promesa y muchos han conseguido otras etapas, han actuado en p\u00fablico cantando su canci\u00f3n y representando su Fuego&#8230; Y, aunque a los m\u00e1s viejos nos haya parecido f\u00e1cil, seguro que para los chavales el campamento ha tenido muchos retos: hab\u00eda que subir al pico (con lo que pesa el macuto!), daba miedo dormir al aire libre sin la protecci\u00f3n de la tienda, afrontar varios d\u00edas de raid, someterse al juicio de los compa\u00f1eros para ver si me merezco conseguir una etapa, superar la verg\u00fcenza de salir a cantar y actuar&#8230; Tenemos que dar gracias a Dios por este regalo que nos ha hecho este verano.<\/p>\n\n\n\n<p>Pasado ma\u00f1ana empezar\u00e1 una nueva Ronda Solar, con nuevos retos. Nuevos amigos. Unos pasan de ser los mayores de una unidad a ser los peque\u00f1os de una unidad m\u00e1s mayor: una cura de humildad, una gran lecci\u00f3n. Otros pasan a ser m\u00e1s mayores dentro de su unidad, y les tocar\u00e1 acoger a los peque\u00f1os, dar ejemplo y liderar: otra lecci\u00f3n importante. Y otros pasar\u00e1n a ser scouters y descubrir\u00e1n que ahora s\u00ed que es cuando est\u00e1n aprendiendo: al ense\u00f1ar a los peque\u00f1os lo que no sab\u00edan que sab\u00edan.<\/p>\n\n\n\n<p>El que no estar\u00e1 de acuerdo en que el campamento ha sido \u00abf\u00e1cil\u00bb ser\u00e1 Alimoche, sobre todo cuando se dedic\u00f3 a desmontar el \u00abfuerte indio\u00bb y se desesper\u00f3 bastante&#8230; \ud83d\ude09&nbsp; \u00a1\u00a1Tuvo la paciencia de ir contando los tornillos seg\u00fan los iba sacando!! \u00bfC\u00f3mo es que hemos usado 450 tornillos y ni un s\u00f3lo amarre? \u00bfA d\u00f3nde hemos ido a parar? \u00bfEn qu\u00e9 ha quedado el escultismo? \u00a1Qu\u00e9 deshonra para la cabuyer\u00eda! \u00a1Menos mal que las tropas no usaron ni un s\u00f3lo tornillo para hacer sus torretas! \u00a1Qu\u00e9 mal ejemplo ha dado la Caba\u00f1a! Eso s\u00ed, muchos amarres, pero las tropas no han hecho ni un cajeado en los troncos horizontales de las torretas para hacer un ensamblaje con los troncos verticales, \u00bfen qu\u00e9 ha quedado el pionerismo? \u00bfd\u00f3nde ha quedado el hacha? \u00bfNadie la usa ya? Quiz\u00e1s el hacha haya sido la \u00fanica perdedora de este campamento&#8230;<\/p>\n\n\n\n<p>Y en estas reflexiones estaba Alimoche cuando se acerc\u00f3 a buscar el hacha a la tienda de LOES (si, una de las verdes nuevas), y poni\u00e9ndose&nbsp;<em>rom\u00e1ntico<\/em>, exclam\u00f3:<\/p>\n\n\n\n<p>De la tienda en el \u00e1ngulo oscuro,<\/p>\n\n\n\n<p>de los LOES tal vez olvidada,<\/p>\n\n\n\n<p>silenciosa y cubierta de polvo<\/p>\n\n\n\n<p>ve\u00edase&#8230; el hacha.<\/p>\n\n\n\n<p>\u00a1Cu\u00e1ntas obras dorm\u00edan en su filo,<\/p>\n\n\n\n<p>como el p\u00e1jaro duerme en las ramas,<\/p>\n\n\n\n<p>esperando la mano pionera<\/p>\n\n\n\n<p>que sabe arrancarlas!<\/p>\n\n\n\n<p>\u00a1Ay!, pens\u00e9; \u00a1cu\u00e1ntas veces el genio<\/p>\n\n\n\n<p>as\u00ed duerme en el fondo del alma,<\/p>\n\n\n\n<p>y una voz como L\u00e1zaro espera<\/p>\n\n\n\n<p>que le diga \u00abLev\u00e1ntate y anda\u00bb!<\/p>\n\n\n\n<p>Y as\u00ed despedimos la Ronda Solar 2017-2018, esperando que la nueva Ronda despierte en cada uno de nosotros ese genio, que duerme en el fondo de nuestras almas&#8230;<\/p>\n\n\n\n<p>\u00a1Buena caza y largas lunas!<\/p>\n\n\n\n<hr class=\"wp-block-separator has-css-opacity\"\/>\n\n\n\n<p><strong>28 y 29 DE JULIO:<\/strong><\/p>\n\n\n\n<p>Buenos d\u00edas, famillias!<\/p>\n\n\n\n<p>Como sab\u00e9is, ya estamos en Madrid. Escribimos estas l\u00edneas el d\u00eda 30. Llegamos ayer, como siempre: sucios, despeinados, bastante malolientes, con el macuto lleno de ropa sucia&#8230; pero muy contentos de este campamento que ha sido tan bueno. Con muchas lecciones aprendidas, habiendo madurado, crecido, volvemos m\u00e1s fuertes, m\u00e1s capaces, m\u00e1s independientes, sabi\u00e9ndonos capaces de m\u00e1s, de superar retos que parecen insuperables. Y tambi\u00e9n muy cansados&#8230; \u00bfhasta qu\u00e9 hora hemos dormido hoy?&nbsp; \ud83d\ude09<\/p>\n\n\n\n<p>Los d\u00edas 28 y 29 los dedicamos a los pases de unidad (la ma\u00f1ana del d\u00eda 28) y a desmontar campamento (la tarde del 28). El 29 terminamos de desmontar, hicimos la batida final (para dejar el terreno perfectamente limpio), tuvimos tiempo para celebrar la Eucarist\u00eda para dar gracias por el campamento, y hasta para hacernos una foto de casi todo el Grupo juntos antes de comer, cantar la despedida y montar en los autobuses. El resto ya lo conoc\u00e9is. Despu\u00e9s de llegar a Madrid, las unidades mayores (desde escultas para arriba, incluyendo a los nuevos escultas reci\u00e9n pasados de tropa) descargaron el cami\u00f3n bastante deprisa: a las 21:58 informaba Guillermo de que hab\u00edan terminado ya en la parroquia.<\/p>\n\n\n\n<p>Pero minutos antes nos llegaba otra informaci\u00f3n, una mala noticia:&nbsp;<strong>han operado al Padre C\u00e1ndido<\/strong>, que como sab\u00e9is fue p\u00e1rroco en nuestrra parroquia durante muchos a\u00f1os y tambi\u00e9n consiliario de nuestro Grupo Scout. Ahora es p\u00e1rroco de la Parroquia del Dulce Nombre de Mar\u00eda, en Vallecas. Est\u00e1 bien, pero a\u00fan hospitalizado. Os pedimos que rec\u00e9is por \u00e9l, para que se recupere pronto y pueda seguir muchos a\u00f1os haciendo la maravillosa labor que hace. Desde aqu\u00ed te enviamos un abrazo muy fuerte de todo el Grupo Scout!!!<\/p>\n\n\n\n<p>Sobre las fotos, perdonad que las \u00faltimas que est\u00e1n subidas son las del 26 de julio. Quedan m\u00e1s de 1000 por subir de ceremonias de unidades, el Fuego de Campamento, el eclipse lunar, los pases, la recogida y la foto de Grupo. Estamos en ello&#8230;!!<\/p>\n\n\n\n<p><em><strong>Actualizaci\u00f3n (1 de agosto a las 00:46):<\/strong><\/em>&nbsp;ya est\u00e1n subidas las fotos de todos los d\u00edas, inclu\u00eddas las de Chato del eclipse de luna roja hechas con su superteleobjetivo (gracias, Chato!), las de los raids de ambos grupos de escultas (gracias a Sim\u00f3n y Roc\u00edo!), nuevas fotos de la misa del d\u00eda de padres y la imposici\u00f3n de la insignia de madera a Jorge y Guillermo (gracias, Pepe!), y otras de temas varios (gracias, Ana Bel\u00e9n y Marieta!). Todav\u00eda quedan unas pocas sueltas, y quiz\u00e1s enlacemos desde aqu\u00ed tambi\u00e9n a las fotos de los raids de otras unidades.<\/p>\n\n\n\n<p>Buenas noches!<\/p>\n\n\n\n<hr class=\"wp-block-separator has-css-opacity\"\/>\n\n\n\n<p><strong>27 DE JULIO:<\/strong><\/p>\n\n\n\n<p>Buenos d\u00edas!<\/p>\n\n\n\n<p>De nuevo os escribimos ya al d\u00eda siguiente, porque ayer por la noche fue el Fuego de Campamento, que algunos segu\u00edsteis por YouTube. El fuego ganador fue el de los rovers, Clan y Comuna, a los que a veces de forma extraoficial llamamos \u00abClamuna\u00bb. Era un fuego en total oscuridad, con luces de colores que se iban apagando y encendiendo siguiendo una m\u00fasica muy cautivadora&#8230; Lo pod\u00e9is ver a partir del minuto 2:37 del v\u00eddeo en YouTube:<\/p>\n\n\n\n<figure class=\"wp-block-embed is-type-video is-provider-youtube wp-block-embed-youtube wp-embed-aspect-16-9 wp-has-aspect-ratio\"><div class=\"wp-block-embed__wrapper\">\n<iframe loading=\"lazy\" title=\"Fuego Duruelo 2018 - retransmisi\u00f3n en directo\" width=\"750\" height=\"422\" src=\"https:\/\/www.youtube.com\/embed\/txUojyggPfQ?feature=oembed\" frameborder=\"0\" allow=\"accelerometer; autoplay; clipboard-write; encrypted-media; gyroscope; picture-in-picture; web-share\" referrerpolicy=\"strict-origin-when-cross-origin\" allowfullscreen><\/iframe>\n<\/div><\/figure>\n\n\n\n<p>Dewanee quedaron segundos, con un fuego que era un pupurri de canciones de Disney, que adem\u00e1s cantaron ellos mismos con la guitarra durante el fuego, y Ethawa quedaron terceros con una representaci\u00f3n muy simp\u00e1tica de la canci\u00f3n de la NASA de Los Gandules, que es muy graciosa. Os animamos a verlas tambi\u00e9n!<\/p>\n\n\n\n<p>Pero el Fuego fue s\u00f3lo por la noche: el d\u00eda se dedic\u00f3 principalmente a las ceremonias de entrega de etapas concedidas en los Consejos. Las etapas tienen nombres distintos en cada rama, pero siempre siguen la norma de que la primera etapa es la promesa (de castor, de lobato o scout), y luego vienen 3 etapas: integraci\u00f3n (que reconoce que el chaval est\u00e1 integrado en el grupo y ya es \u00abuno m\u00e1s\u00bb), partiipaci\u00f3n (que reconoce que participa en todo y es un ejemplo de ello), y animaci\u00f3n (que reconoce que es un l\u00edder que mueve a los dem\u00e1s).<\/p>\n\n\n\n<p>Seguiremos informando!<\/p>\n\n\n\n<hr class=\"wp-block-separator has-css-opacity\"\/>\n\n\n\n<p><strong>26 DE JULIO:<\/strong><\/p>\n\n\n\n<p>Buenos d\u00edas amigos!<\/p>\n\n\n\n<p>Hoy de nuevo os escribimos ya por la ma\u00f1ana del d\u00eda 27. Ayer por la noche la Caba\u00f1a tuvimos la vela de armas de un le\u00f1ador que va a hacer la Promesa Scout: Vicente, nuestro m\u00e9dico. Es una gran alegr\u00eda cuando una persona adulta decide hacer la promesa, porque es una promesa mucho m\u00e1s consciente que la de un chaval. Es tambi\u00e9n un honor.<\/p>\n\n\n\n<p>Ver\u00e9is en las fotos que el 26 de julio fue un d\u00eda dedicado a los Consejos de las unidades. S\u00f3lo una unidad, Escultas, tuvo sus ceremonias. El resto las dejan para el d\u00eda 27.<\/p>\n\n\n\n<p>Tambi\u00e9n ver\u00e9is las fotos de la ceremonia extraoficial de entrega de cartas, de los escultas a los troperos de tercer a\u00f1o que van a pasar a escultas.<\/p>\n\n\n\n<p>Estos d\u00edas son muy ajetreados y la verdad es que no nos da tiempo a nada, pero iremos subiendo las fotos que podamos y si no las subiremos m\u00e1s tarde.<\/p>\n\n\n\n<p>Un abrazo!<\/p>\n\n\n\n<hr class=\"wp-block-separator has-css-opacity\"\/>\n\n\n\n<p><strong>25 DE JULIO:<\/strong><\/p>\n\n\n\n<p>Buenos d\u00edas!<\/p>\n\n\n\n<p>Ayer por la noche tuvimos el Festival de la Canci\u00f3n!! Estamos seguros de que muchos lo segu\u00edsteis por YouTube en directo. Llegamos a un m\u00e1ximo de 143 conexiones simult\u00e1neas, que est\u00e1 muy bien teniendo en cuenta que en cada conexi\u00f3n hay varias personas vi\u00e9ndolo, incluso en algunos casos se juntan varias familias para verlo juntos en una casa. La verdad es que el Festival estuvo fenomenal en todos los&nbsp; aspectos: muy buena preparaci\u00f3n, que corri\u00f3 a cargo del Clan, como es costumbre estos \u00faltimos a\u00f1os, buen tema (\u00abMadagasclan\u00bb), buenas canciones preparadas por las unidades, y tambi\u00e9n buen funcionamiento de los aspectos t\u00e9cnicos (luces, sonido, retransmisi\u00f3n en directo&#8230;).<\/p>\n\n\n\n<p>Hay que destacar que la canci\u00f3n ganadora, la presentada por la Tropa Scout Wargos, fue compuesta por un chaval de la unidad, y no por los scouters como es habitual. Un fuerte aplauso para Marcos, que adem\u00e1s de componer toca la guitarra muy bien!! En segunda posici\u00f3n qued\u00f3 Comuna, y en tercer lugar los Castores.<\/p>\n\n\n\n<p>De los aspectos t\u00e9cnicos, se not\u00f3 que la \u00abSound Comission\u00bb ha hecho grandes mejoras esta a\u00f1o, con la inversi\u00f3n de m\u00e1s de mil euros en nuevos altavoces, una manguera que agrupa todos los cables de sonido en un solo \u00abcable gordo\u00bb (esto es muy \u00fatil para evitar que haya muchos cables por en medio del \u00abpatio de butacas\u00bb) y otras mejoras. Se escuch\u00f3 fenomenal todo. Y de la retransmisi\u00f3n en directo, este a\u00f1o nos hemos atrevido a retransmitir a 4 Mbps de v\u00eddeo + 192 Kbps de audio, con 25 im\u00e1genes por segundo en FullHD (1080p), es decir, calidad de televisi\u00f3n de alta definici\u00f3n.<\/p>\n\n\n\n<p>Ayer fue d\u00eda de ensayos para el Festival, sobre todo. Hizo bastante calor, m\u00e1s que los d\u00edas anteriores, aunque en el pinar se est\u00e1 muy bien. Eso s\u00ed, los que estuvieron montando el escenario del Festival estuvieron a pleno sol (porque para el Festival hemos usado la misma campa que utilizamos como aparcamiento el d\u00eda de padres), y revivieron la&nbsp; experiencia de \u00abcampa sin \u00e1rboles\u00bb, y menuda diferencia!<\/p>\n\n\n\n<p>Ayer comimos ensaladilla rusa y salchichas al vino (qu\u00e9 salsita, madre m\u00eda!!), y cenamos arroz tres delicias y empanadillas. El d\u00eda del Festival siempre nos hacen algo \u00abport\u00e1til\u00bb, como empanadillas, para que los que est\u00e1n terminando de montar el Festival puedan comer algo: con una mano se comen la empanadilla y con otra mano prueban el micr\u00f3fono&#8230;&nbsp; \ud83d\ude09<\/p>\n\n\n\n<p>Un abrazo!<\/p>\n\n\n\n<hr class=\"wp-block-separator has-css-opacity\"\/>\n\n\n\n<p><strong>24 DE JULIO:<\/strong><\/p>\n\n\n\n<p>Buenas noches a todos!<\/p>\n\n\n\n<p>Ahora en el Kraal ya estamos casi todos! Hoy han vuelto de sus raids los rovers: el Clan y la Comuna (= Comunidad Rover). Se ha notado porque esta noche han hecho broma las dos unidades. La Comuna ha puesto carteles en los \u00e1rboles, y el Clan ha dormido en el m\u00e1stil (tiene su gracia que toda una unidad llegue con sacos y aislantes y se pongan a dormir en el m\u00e1stil sin que la guardia se entere).<\/p>\n\n\n\n<p>Los scouters de Clan nos cuentan su raid: pasaron por Covaleda y llegaron al refugio de Boca del Prado, al segundo d\u00eda Vinuesa, al tercer d\u00eda iban a ir a Quintanarejo pero los guardias forestales les dijeron que no deber\u00edan haber montado tiendas. Cogieron un bus hasta Laguna Negra, y de all\u00ed subieron a Urbi\u00f3n, luego bajaron a Fuente del Berro, donde han pasado un par de d\u00edas preparando el Festival.<\/p>\n\n\n\n<p>Centauros agradece al Clan que les dejaran su sitio en el refugio de la Laguna Negra, despu\u00e9s de que los troperos llegaran agotados tras trece horas andando. El Clan se sali\u00f3 del refugio y montaron sus tiendas fuera, para dejar a los peque\u00f1os dormir en el refugio. \u00a1Un aplauso al Clan!<\/p>\n\n\n\n<p>La Comuna nos cuenta que se han perdido un par de veces, llegando a Salduero, donde les dejaron dormir en el porche de la iglesia, y al d\u00eda siguiente fueron a Vinuesa, donde durmieron con el Clan&nbsp; y compartieron guardia. Al d\u00eda siguiente, para celebrar el cumple de Natalia, hicieron una barbacoa y fueron a la piscina. Luego fueron a Quintanarejo y durmieron en el porche de una ermita, y les graniz\u00f3 tanto que tuvieron que montarse un refugio con las tiendas. Al d\u00eda siguiente subieron a Laguna Negra, donde coincidieron con muchos padres, ya que era el s\u00e1bado anterior al d\u00eda de padres. Coincidieron con otros scouts que iban poco preparados para la lluvia y les dejaron hasta sus chubasqueros. Se levantaron a las 6 de la ma\u00f1ana y subieron muy pronto a Urbi\u00f3n y bajaron haciendo la ruta circular. Volvieron a coger los macutos y bajron a Covaleda por un GR, y se hizo bastante larga la bajada, y durmieron en el front\u00f3n de Covaleda. Al d\u00eda siguiente fueron a Duruelo y&nbsp; hoy han estado ya cerca de campamento, haciendo los consejos. Han usado el coche de Jorge, para que Brusi pudiera ir con la unidad, ya que no pod\u00eda andar. Los chavales han hecho un raid muy bueno y est\u00e1n muy unidos. La zona les ha encantado, y la gente se ha portado super bien, todo lo contrario de lo que suele ocurrir en Pirineos.<\/p>\n\n\n\n<p>Hoy los troperos han estado de d\u00eda de patrullas, sin sus jefes, que se han tomado el d\u00eda de descanso, igual que los castores, que no han estado de d\u00eda de madrigueras porque a su edad no es adecuado dejarles solos tanto tiempo, as\u00ed que la Caba\u00f1a nos hemos ocupado de ellos durante casi todo el d\u00eda. Por la ma\u00f1ana les hemos montado una tirolina (que nunca la hab\u00edamos montado, ya que lo habitual otros a\u00f1os era montarles un puente mono de dos cuerdas). La gran diferencia entre una tirolina y un puenta mono es que en la tirolina la cuerda est\u00e1 inclinada, de forma que la persona resbala del extremo alto al bajo, sin hacer ning\u00fan esfuerzo, simplemente dej\u00e1ndose caer (se suele usar una polea para colgarse de la cuerda de forma que se resbale f\u00e1cilmente por ella). En un puente mono la(s) cuerda(s) est\u00e1(n) horizontal(es), de forma que es la persona la que se desplaza con sus propias fuerzas. Ha sido una tirolina muy chula porque la hemos montado de un extremo al otro de la poza, as\u00ed que mientras unos castores se ba\u00f1aban otros se iban tirando por la tirolina, pasando por encima del r\u00edo. A los castores les ha gustado mucho, no hay m\u00e1s que ver sus caras en las fotos!<\/p>\n\n\n\n<p>Este a\u00f1o estamos teniendo un campamento especialmente bueno, y hay tres cosas que no echamos nada de menos, pero nos hemos dado cuenta de que este a\u00f1o, sorprendentemente, faltan:<\/p>\n\n\n\n<p>Una es la patrulla Yacar\u00e9. Otros a\u00f1os ten\u00edamos en campamento una media de cinco ni\u00f1os entre rovers, escultas, troperos, incluso alg\u00fan lobato. Se trataba de ni\u00f1os que hab\u00edan tenido que volverse del raid por alguna lesi\u00f3n, o que directamente no hab\u00edan podido salir de raid. Entre ellos formaban una \u00abpatrulla\u00bb muy heterog\u00e9nea, que a veces actuaba en campamento como patrulla de servicio, y a veces echaban alguna mano en otras cosas. Pues bien, este a\u00f1o no ha habido patrulla Yacar\u00e9. Es rar\u00edsimo. Alguna unidad ha llevado un coche de apoyo para poder llevar a alg\u00fan chaval, los raids no han sido tan duros como cuando se suben tresmiles (este a\u00f1o los picos son dosmiles)&#8230; estas pueden ser algunas de las causas.<\/p>\n\n\n\n<p>Otra de esas cosas \u00abmalas\u00bb que no echamos de menos, pero s\u00ed percibimos que faltan, es que apenas hay ni\u00f1os malitos en Sanidad. Otros a\u00f1os hay siempre dos o tres chavales en la tienda de Sanidad, algunos con v\u00f3mitos, mareos, puro cansancio&#8230; Este a\u00f1o no. Pensamos que la raz\u00f3n es la sombra, y que gran parte de esos casos se deb\u00edan a golpes de calor. Es fant\u00e1stico tener un campamento en medio de un bosque, en lugar de una gran campa sin \u00e1rboles. Aunque, como sab\u00e9is, lo habitual en nuestros campamentos es la campa sin \u00e1rboles.<\/p>\n\n\n\n<p>A\u00fan hay una tercera cosa que no echamos de menos esta a\u00f1o: son los jefes de castores lavando sacos de dormir en los que algunos ni\u00f1os se han hecho pis por la noche. Este a\u00f1o, por lo que vemos, los castores no se hacen pis por las noches. Pensamos que el motivo es que este a\u00f1o no hay castores de primer a\u00f1o (6 a\u00f1os) en el Grupo, sino que todos son de segundo y tercer a\u00f1o (7 &#8211; 8 a\u00f1os). Seguramente eran sobre todo los m\u00e1s peque\u00f1os los que se hac\u00edan pis por las noches.<\/p>\n\n\n\n<p>Ma\u00f1ana es un gran d\u00eda. Es una pena que esto empieza a sonar a final de campamento: es el Festival de la Canci\u00f3n!!! El Clan ya lo est\u00e1 preparando, por eso han vuelto a campamento esta ma\u00f1ana (la Comuna ha vuelto esta tarde). A\u00fan no sabemos el tema, lo sabemos cuando empiece, porque es uno de los secretos mejor guardados del campamento, como siempre. \ud83d\ude42<\/p>\n\n\n\n<p>La comida de hoy ha llevado much\u00edsimo trabajo, sobre todo la cena. Nos han preparado una carne de pavo guisada, con patatas, guisantes&#8230; y un caldito que resucitaba a un muerto. S\u00f3lo de zanahorias han picado, en taquitos peque\u00f1itos, 25 Kg de zanahorias. \u00a1Casi dos horas cortando zanahorias en taquitos!<\/p>\n\n\n\n<p>Ayer y hoy han estado en campamento cuatro pioneros (escultas, seg\u00fan se llaman en MSC), que han venido a hacer un \u00abraid de servicio\u00bb, y han estado ayudando en campamento. Nos han dado una lecci\u00f3n de servicio y de disponibilidad. Han ayudado hoy a jugar con los castores, ayer a montar el tipi, y muchos otros otros trabajos. Este concepto del \u00abraid de servicio\u00bb no existe en nuestro Grupo: consiste en que salen a ofrecer su trabajo a cambio de manutenci\u00f3n y alojamiento. Pueden ir a un pueblo, a otro campamento&#8230; Nos han contado que hace a\u00f1os iban completamente a la aventura, ofreci\u00e9ndose a cualquiera en el pueblo, pero que actualmente los scouters llaman con antelaci\u00f3n a los pueblos para prepararlo un poco.<\/p>\n\n\n\n<p>Ah, y por fin hoy han llegado las mesas plegables para el comedor!!! Nunca es tarde si la dicha es buena, pero a buenas horas mangas verdes&#8230; Est\u00e1 bien tener mesas plegables, que se puedan poner y quitar, aunque parecen poco robustas. El tiempo dir\u00e1 si resisten bien o no.<\/p>\n\n\n\n<p>Qu\u00e9 emoci\u00f3n! Ma\u00f1ana al Festival!!! Intentaremos retransmitirlo por YouTube en directo, en streaming, y pondremos en la web el enlace del v\u00eddeo en directo para que lo pod\u00e1is seguir.<\/p>\n\n\n\n<p>Un abrazo!<\/p>\n\n\n\n<hr class=\"wp-block-separator has-css-opacity\"\/>\n\n\n\n<p><strong>23 DE JULIO:<\/strong><\/p>\n\n\n\n<p>Buenas noches, amigos!<\/p>\n\n\n\n<p>Hoy ha sido un d\u00eda bastante tranquilo en campamento. Pasado ya el d\u00eda de padres, con toda su emoci\u00f3n, hoy no volv\u00eda de raid ninguna unidad, aunque s\u00ed algunas han salido a pasar el d\u00eda fuera de campamento, y ha sido el d\u00eda de seisenas de lobatos.<\/p>\n\n\n\n<p>El \u00abd\u00eda de seisenas\u00bb de lobatos tambi\u00e9n se llama \u00abd\u00eda de jefes de lobatos\u00bb, porque el d\u00eda consiste en que los lobatos se quedan en campamento, reunidos por seisenas, mientras los jefes se van de campamento (es su d\u00eda de descanso). En realidad no es un d\u00eda entero, porque dura desde el final de la hora de canto hasta las cinco de la tarde. Durante el d\u00eda de seisenas, cada seisena tiene que hacer su \u00abconsejo de seisena\u00bb, que consiste en revisar la progresi\u00f3n personal de cada miembro de la seisena. Todos hablan de cada uno de los miembros de la seisena, coordinados por el seisenero, que es el chaval responsable de la seisena. Esto, que lo invent\u00f3 Baden Powell hace cien a\u00f1os, es lo que ahora se denomina \u00abfeedback\u00bb o \u00absesi\u00f3n de coaching en grupo\u00bb: a los ni\u00f1os les llega mucho m\u00e1s que un compa\u00f1ero suyo les diga: \u00aberes un vago porque siempre te escaqueas de fregar\u00bb, que si se lo dice un adulto. Porque si se lo dice un adulto lo consideran una bronca m\u00e1s de los mayores, pero si se lo dice uno de su edad se dan cuenta de que es algo que realmente importa, y es grave porque puede afectar a su aceptaci\u00f3n en el grupo. Por eso, el \u00abconsejo de seisena\u00bb es muy importante, igual que lo es en tropa el \u00abconsejo de patrulla\u00bb. Este consejo de lo que en general se denomina \u00abpeque\u00f1o grupo\u00bb es la preparaci\u00f3n de los consejos de unidad, que llegar\u00e1n hacia final de campamento y en los que se conceden las etapas de progresi\u00f3n.<\/p>\n\n\n\n<p>De los escultas, que no sab\u00edamos mucho, hemos sabido que han hecho cumbre en Urbi\u00f3n y Pe\u00f1as Negras. Desde aqu\u00ed les deseamos que terminen con \u00e9xito el que probablemente ser\u00e1 uno de los mejores raids de su vida, que es lo que suele ser el raid esculta (y as\u00ed lo recordamos los que hemos sido escultas).<\/p>\n\n\n\n<p>Como este fin de semana han venido varias ardillas (llamamos ardillas a los hijos de Caba\u00f1a, que son m\u00e1s peque\u00f1os que los castores), hemos aprovechado para jugar con ellos! Como hace unos a\u00f1os que ten\u00edamos muchas ardillas&nbsp; :-). Hemos montado el tipi indio, y tambi\u00e9n Tato les ha pintado las caras de maravilla, vamos, que ni un profesional&#8230; y les hemos montado la piscina (que es una barca hinchable rellena de agua, vamos, una \u00abanti-barca\u00bb;-) ).<\/p>\n\n\n\n<p>Hoy que ya ha pasado el d\u00eda de padres, con todo su jaleo, y que es un d\u00eda m\u00e1s tranquilo, merece la pena pararse a reflexionar. Aqu\u00ed en campamento hab\u00e9is visto un gran despliegue material y humano: muchas estructuras y medios t\u00e9cnicos, cada vez mejores, muchos ni\u00f1os, scouters, le\u00f1adores&#8230; Pero a nadie deber\u00eda escap\u00e1rsele por qu\u00e9 hacemos todo esto. Se trata de educar en unos valores a los ni\u00f1os, fortalecer su car\u00e1cter, ayudarles a crecer f\u00edsica, mental y espiritualmente: eso es lo importante. Muchos de los que le\u00e9is estas cr\u00f3nicas sab\u00e9is perfectamente cu\u00e1les son los valores scouts, pero puede que alg\u00fan padre nunca se haya parado a profundizar en ello. A los que quer\u00e1is saber m\u00e1s, os animo a leer, en esta misma web, el art\u00edculo sobre \u00ab<a href=\"index1060.html?option=com_content&amp;view=article&amp;id=91&amp;Itemid=80\" target=\"_blank\" rel=\"noreferrer noopener\">\u00bfQu\u00e9 ense\u00f1an los scouts?<\/a>\u00ab. Y si quer\u00e9is saber m\u00e1s, no dej\u00e9is de leer el libro de Baden Powell que dio origen al movimiento scout: \u00ab<a href=\"https:\/\/www.cvd.cl\/wp-content\/uploads\/escultismo_para_muchachos.pdf\" target=\"_blank\" rel=\"noreferrer noopener\">Escultismo para Muchachos<\/a>\u00bb (pinchando en el enlace lo pod\u00e9is descargar en PDF).<\/p>\n\n\n\n<p>Tocamos madera, porque&#8230; sigue sin llover en campamento! La lluvia nos est\u00e1 respetando mucho, a ver si sigue as\u00ed. Por lo que hemos visto, el suelo es muy arcilloso y no absorbe nada el agua, por lo que cuando llueve se forma mucho barro. As\u00ed que, si es posible, esperamos que llueva poco para no repetir la experiencia del \u00abcampamento del barro\u00bb (Fiscal 2013, cuando dec\u00edamos que las unidades volv\u00edan de raid \u00aba tomar los barros\u00bb). Adem\u00e1s de no llover, hoy ha hecho sol&nbsp; y bastante calor. Alguna unidad ha aprovechado para hacer una guerra de agua (en la que han acabado calados, como debe ser en una guerra de agua que se precie), y otra que ha salido de campamento se ha ido a la poza, que est\u00e1 muy cerca de campamento.<\/p>\n\n\n\n<p>\u00bfY la comida? Pues hoy hemos comido alb\u00f3ndigas hechas a mano. Nada menos que 33 Kg de carne picada, moldeados a mano (con guante de por medio, of course), rebozados en harina y fritos por unos 20 le\u00f1adores. Una comida muy laboriosa de preparar, pero que ha dado unos exquisitos frutos! Como las alb\u00f3ndigas eran muy peque\u00f1itas, estimamos que pod\u00edan ser unas 3000 alb\u00f3ndigas&#8230; Adem\u00e1s ten\u00edamos lechuga, y de cena pur\u00e9 de verdura y merluza rebozada.<\/p>\n\n\n\n<p>Y hablando de comida, si no me equivoco hoy hemos estrenado (por este a\u00f1o) el pelapatatas. Ya lo ver\u00e9is en las fotos, es un invento incre\u00edble. Pela las patatas d\u00e1ndoles vueltas dentro de un tambor que tiene las paredes y el suelo como papel de lija, as\u00ed que, m\u00e1s que pelarlas, las erosiona. \u00a1Hemos \u00abpelado\u00bb 30 Kg de patatas en cinco minutos! Eso s\u00ed, los sindicatos de Caba\u00f1a ven con preocupaci\u00f3n el pelapatatas&#8230; \u00bfNos sustituir\u00e1n a los le\u00f1adores por robots? \u00bfEscribir\u00e1 la cr\u00f3nica un sistema de inteligencia artificial? \u00bfHar\u00e1n las fotos drones programados para hacerle a cada ni\u00f1o exactamente el mismo n\u00famero de fotos? \u00bfCada ni\u00f1o tendr\u00e1 un dron que le siga a todas partes retransmitiendo en tiempo real el v\u00eddeo del ni\u00f1o?<\/p>\n\n\n\n<p>Hoy tambi\u00e9n ha sido el d\u00eda de las matr\u00edculas universitarias: desde el \u00abcibercaf\u00e9\u00bb del campamento, tres scouters han empezado a hacer su&nbsp; matr\u00edcula por Internet (y dos han terminado con \u00e9xito, y hasta ah\u00ed puedo leer&#8230;).<\/p>\n\n\n\n<p>Ma\u00f1ana se ir\u00e1n las cuatro manadas de excursi\u00f3n fuera de campamento, y tambi\u00e9n&#8230;. (redoble de tambores)&#8230; se ir\u00e1n los jefes de castores y nos dejan a Caba\u00f1a al cuidado de los m\u00e1s peque\u00f1os!! Como es habitual otros a\u00f1os, esperamos que ser\u00e1 un d\u00eda agotador, pero que los ni\u00f1os se lo pasar\u00e1n muy bien. Nos vamos a dormir pronto porque necesitaremos toda la energ\u00eda ma\u00f1ana!<\/p>\n\n\n\n<p>Que descans\u00e9is!<\/p>\n\n\n\n<hr class=\"wp-block-separator has-css-opacity\"\/>\n\n\n\n<p><strong>22 DE JULIO:<\/strong><\/p>\n\n\n\n<p>Hola otra vez, papis!<\/p>\n\n\n\n<p>Digo \u00abhola otra vez\u00bb porque acabamos de vernos! Muchas gracias por el d\u00eda tan maravilloso que hemos pasado. Una verdadera alegr\u00eda ver a tantas familias, tanta alegr\u00eda, participaci\u00f3n y reencuentros. Ha sido un d\u00eda muy emocionante. Una maravilla ver en la misa a tantas personas, y tantas comulgando.<\/p>\n\n\n\n<p>Ahora estamos en el Kraal, y los scouters de tropa est\u00e1n contando c\u00f3mo han ido sus raids que, como sab\u00e9is, han terminado hoy cuando han entrado a campamento.<\/p>\n\n\n\n<p>Basiliscos han ido al Moncayo, el segundo intento pues en Semana Santa no llegaron por la nieve. El primer d\u00eda llegaron a un refugio en la base, y el segundo d\u00eda llegaron a la cumbre, y bajaron a dormir al santuario del Moncayo. La bajada fue dura porque era un canchal. Hicieron vivac, y al d\u00eda siguiente les dejaron unas instrucciones para que lo hicieran todo solos (los jefes iban por delante de ellos, y se iban parando para encontrarse con ellos cada rato, pero los gu\u00edas ten\u00edan que dirigir todo). A los chavales les gust\u00f3 llevar ellos la unidad. En Agramonte les graniz\u00f3 y decidieron hacer tambi\u00e9n la siguiente etapa, porque no ten\u00edan d\u00f3nde dormir, as\u00ed que el \u00faltimo d\u00eda han estado tranquilos, ensayando el Festival y jugando. Muy bien.<\/p>\n\n\n\n<p>Centauros subi\u00f3 a Fuente del Berro por el GR86.1, y durmieron en el b\u00fanquer. Al d\u00eda siguiente coronaron Urbi\u00f3n, y en la bajada se dejaron influir por un pastor que les recomend\u00f3 un camino muy bonito, pero que les llev\u00f3 a otro sitio. Se dieron cuenta de que hab\u00edan bajado mucho, intentaron recuperar el rumbo por otro camino pero no lo encontraron y entonces decidieron subir el risco Zurraqu\u00edn. Fue duro, pero sirvi\u00f3 para aprender a apoyarse mutuamente, porque la cuesta arriba era muy empinada. Consiguieron llegar a la cima del Zurraqu\u00edn, all\u00ed descansaron, y bajaron a la parte de arriba de la Laguna Negra, pero hab\u00eda que bajar por la pared, hasta la laguna. Bajaron por una cuesta con piedras muy gordas, manteniendo el buen \u00e1nimo, aunque tardaron en bajar la pared unas 3 horas. Despu\u00e9s de un desnivel acumulado de 1800 metros, llegaron reventados al refugio de la Laguna Negra, con buen esp\u00edritu a pesar del cansancio. Al d\u00eda siguiente pasaron por el refugio del Becero, pero decidieron seguir m\u00e1s, al refugio de Boca del Prado. En el camino empez\u00f3 a granizar aut\u00e9nticas pelotas de granizo y decidieron volvere al Becero, porque pod\u00edan dormir dentro. Al d\u00eda siguiente tomaron una ruta forestal hasta Covaleda, y desde all\u00ed se vinieron a Duruelo.<\/p>\n\n\n\n<p>F\u00e9nix subi\u00f3 el primer d\u00eda hasta el nacimiento del Duero, ya bastante alto, y durmieron all\u00ed. Al d\u00eda siguiente coronaron Urbi\u00f3n, y de ah\u00ed bajaron al refugio del Muchach\u00f3n, y se quedaro all\u00ed a dormir, porque pod\u00edan dormir dentro. El tercer d\u00eda bajaron a Covaleda, y el cuarto d\u00eda de Covaleda a Duruelo, para cenar el Duruelo. Lo que m\u00e1s les ha gustado es que han conseguido que los chavales colaboren m\u00e1s entre ellos. Tambi\u00e9n les ha gustado la convivencia con varios grupos scouts.<\/p>\n\n\n\n<p>Wargos cogi\u00f3 un bus que les llev\u00f3 a las Lagunas de Neila, y de all\u00ed bajaron a un refugio donde coincidieron con otro grupo scout, as\u00ed que decidieron seguir adelante. Al d\u00eda siguiente hicieron la etapa m\u00e1s dura. Mu\u00f1alba y Pe\u00f1agrande. Al otro d\u00eda iban a subir Urbi\u00f3n, pero decidieron no subirlo porque amenazaba tormenta el\u00e9ctrica, y se quedaron en el refugio de Fuente del Berro. Al d\u00eda siguiente se levantaron pronto y coronaron el Urbi\u00f3n, y ya bajaron a Duruelo.<\/p>\n\n\n\n<p>Anoche, las cuatro tropas hicieron broma, como ver\u00e9is en las fotos: han puesto banderas en comedor, m\u00e1stil, y la puerta de campamento, carteles en las duchas, letrinas, incluso los Basiliscos han escrito una \u00abletra alternativa\u00bb en una de las pizarras en las que se escribe la letra de la canci\u00f3n de las izadas y arriadas. Las bromas a la guardia son un juego de acecho: la guardia tiene que intentar evitar que \u00abse la cuelen\u00bb, y los que hacen la broma tienen que conseguir hacer en campamento lo m\u00e1s llamativo que puedan, demostrando su habilidad para burlar a la guardia. Los lobatos de Dewanee, que estaban haciendo guardia, lo hicieron bastante bien, ya que consiguieron pillar a bastantes troperos (s\u00f3lo con apuntar a uno con la linterna y decirle \u00abAlto, la guardia!\u00bb ya se tiene que dar por pillado), pero no consiguieron impedir las bromas. Al parecer, parte de la estrategia de las tropas \u00abatacantes\u00bb era sacrificar algunos peones para distraer a la guardia mientras atacaban por otro lado! \ud83d\ude09<\/p>\n\n\n\n<p>Hoy, en el d\u00eda de padres, ha habido dos sorpresas agradables: en la izada, Jorge Mart\u00edn, junto con otros scouters y antiguos scouts, han presentado una nueva asociaci\u00f3n,&nbsp;<strong>Orgullosamente Naranja<\/strong>, que se est\u00e1 creando con la intenci\u00f3n de ayudar a los scouters y antiguos scouts del Grupo a integrarse\/reintegrarse al mundo laboral o a formarles en su desarrollo profesional. Para todos los que quer\u00e1is estar informados sobre esta nueva asociaci\u00f3n, por favor enviad un correo electr\u00f3nico a&nbsp;<a href=\"mailto:comunicacion@orgullosamentenaranja.es\">comunicacion@orgullosamentenaranja.es<\/a>. Muchas gracias por esta iniciativa, que seguro que ser\u00e1 \u00fatil! La verdad es que contratar, aunque sea para una beca, a una persona que ha sido scouter, es una garant\u00eda de que ser\u00e1 una persona con muchas de las cualidades que buscan las empresas: honestidad, capacidad de trabajar en equipo, de dar feedback constructivo, creatividad, alegr\u00eda, esfuerzo, responsabilidad&#8230;<\/p>\n\n\n\n<p>La sorpresa de la arriada ha sido la breve ceremonia de imposici\u00f3n de la&nbsp;<strong>Insignia de Madera<\/strong>, con dos maderas, a Jorge y Guillermo, nuestro coordinador y subcoordinador de Grupo, que han completado con \u00e9xito su cursillo de coordinadores en la Escuela de Insignia de Madera de Exploradores de Madrid. Enhorabuena a nuestros jefazos!!<\/p>\n\n\n\n<p>La verdad es que ha habido una tercera sorpresa muy agradable, que ha sido la intervenci\u00f3n en la arriada de Plays, recordando c\u00f3mo fue la separaci\u00f3n de sus padres en su primer d\u00eda de padres como lobato. Con su genialidad habitual, nos ha dejado como conclusi\u00f3n: \u00abcuando tu madre te llama por tu nombre y dos apellidos y te dice que hagas alto, m\u00e1s te vale hacerlo!\u00bb. Ovaci\u00f3n cerrada!!! \ud83d\ude00<\/p>\n\n\n\n<p>Estamos muy cansados, y seguro que vosotros tambi\u00e9n porque ha sido und\u00eda muy intenso.<\/p>\n\n\n\n<p>Que descans\u00e9is!!<\/p>\n\n\n\n<hr class=\"wp-block-separator has-css-opacity\"\/>\n\n\n\n<p><strong>21 DE JULIO:<\/strong><\/p>\n\n\n\n<p>Buenas noches desde un Kraal mucho m\u00e1s nutrido!<\/p>\n\n\n\n<p>Hoy han vuelto las manadas de sus raids, y tambi\u00e9n los castores de Kiowa. Kiowa ha estado por aqu\u00ed cerca.<\/p>\n\n\n\n<p>Chikay fue a Covaleda, y all\u00ed les graniz\u00f3 y les dejaron el polideportivo y coincidieron con Ethawa y otros scouts de otro grupo. Luego fueron a Salduero, donde les trataron muy bien y les han guardado los macutos mientras se han ido a Playa Pita. Esta ma\u00f1ana un autob\u00fas les ha acercado a campamento.<\/p>\n\n\n\n<p>Dewanee fue el primer d\u00eda a Castroviejo y subieron a Cueva Serena, donde durmieron haciendo vivac. Hicieron un juego encontrando unas pistas de cuando Baden Powell hizo una ruta por Soria. Al d\u00eda siguiente durmieron en la ermita de Duruelo, y la siguiente etapa fue Regumiel, donde han dormido en el campamento del Grupo Scout 1, donde les han dejado dormir en una c\u00f3nica y les han tratado fenomenal. Luego fueron en autob\u00fas a Neila, donde han visto las lagunas, que les han gustado mucho, y despu\u00e9s les ha traido otro autob\u00fas a Duruelo.<\/p>\n\n\n\n<p>Ethawa fue a Covaleda, con Chikay. En su segundo d\u00eda fueron hasta Molinos de Duero, una etapa durilla, y llegaron un poco tarde. Durmieron en una pista de paddle, tambi\u00e9n con otros scouts. La siguiente etapa era llegar hasta un refugio, pero no llegaron a ese y durmieron en otro, donde estuvieron muy a gusto. Hoy han llegado a Covaleda, han comido en un restaurante, y han vuelto a campamento en un autob\u00fas.<\/p>\n\n\n\n<p>Segowlee fueron a Castroverde, donde durmieron haciendo vivac, y al d\u00eda siguiente llegaron a Navaleno, donde durmieron en un polideportivo con otro grupo scout, y desde all\u00ed en autob\u00fas fueron a Castroviejo, y han hecho la cena de fin de raid en una pizzer\u00eda.<\/p>\n\n\n\n<p>Los ni\u00f1os se han ayudado mucho entre ellos,&nbsp; han mejorado en compa\u00f1erismo, se han superado haciendo algo que tem\u00edan que era muy dif\u00edcil, algunos imposible.&nbsp; Los raids han merecido la pena!<\/p>\n\n\n\n<p>Comentan los scouters de lobatos que hay muchos ni\u00f1os que no llevan ajustada la espalda del macuto a su altura. Se puede ajustar la altura, pero muchos padres no lo saben. La cincha del macuto que deber\u00eda agarrar por la cintura a algunos ni\u00f1os les llega por los muslos, lo cual molesta m\u00e1s que ayuda.<\/p>\n\n\n\n<p>Ma\u00f1ana es el d\u00eda de padres! Ya est\u00e1 todo preparado, inclu\u00eddo el juego para jugar todas las familias juntas con los hijos. La Comisi\u00f3n de Animaci\u00f3n ya tiene preparadas las pruebas.<\/p>\n\n\n\n<p>Y ma\u00f1ana tambi\u00e9n vuelven las tropas de sus raids. Volver\u00e1n sobre las 13:15, y les recibiremos ya todos, familias y todo el campamento.<\/p>\n\n\n\n<p>Muy importante, os queremos dar algunas instrucciones para el d\u00eda de padres o \u00abel d\u00eda de pap\u00e1 y mam\u00e1\u00bb, o \u00abel d\u00eda de las familias\u00bb, ma\u00f1ana, que es uno de los mejores d\u00edas de campamento:<\/p>\n\n\n\n<p>&#8211; Si pod\u00e9is aparcar bien en Duruelo, es buena idea dejar el coche en el pueblo, porque la campa que nos han dejado no tiene mucha capacidad. Caben unos 150 coches, pero estimamos que vendr\u00e1n cerca de 200.<\/p>\n\n\n\n<p>&#8211; Os animamos a quedaros a jugar y a comer con nosotros. Es una manera de compartir con todos, conocer a otras familias y disfrutar de una comida que est\u00e1 al nivel del mejor restaurante. Quedarse al juego y a la comida no impide irse luego al pueblo a comer un helado, de hecho despu\u00e9s de comer queda muy poca gente en campamento: casi nadie perdonamos el heladito!<\/p>\n\n\n\n<p>&#8211; No les d\u00e9is muchas chucher\u00edas, porque es habitual que algunos ni\u00f1os tengan problemas digestivos (v\u00f3mitos, tripa suelta&#8230;) la noche del d\u00eda de padres.<\/p>\n\n\n\n<p>&#8211; A las 10 se abren las puertas para los padres y empieza la izada. Despu\u00e9s hay tiempo para cambiar ropa, si hab\u00e9is tra\u00eddo ropa limpia y quer\u00e9is llevaros ropa sucia, y tambi\u00e9n para que os ense\u00f1en el campamento, sus parcelas&#8230;<\/p>\n\n\n\n<p>&#8211; De 12:00 a 14:00 es el juego, y despu\u00e9s la comida. Despu\u00e9s de comer, casi todo el mundo sale de campamento. Recordad que todos los ni\u00f1os necesitan una autorizaci\u00f3n para salir con quien vayan a salir, aunque sean sus padres.<\/p>\n\n\n\n<p>&#8211; Hay que volver a campamento a las 18:30 para la misa de Grupo, que es una actividad en la que tenemos que estar todos.<\/p>\n\n\n\n<p>&#8211; A la hora de iros, no os extra\u00f1e que vuestros hijos se pongan tristes, es normal. No hay que darle mucha importancia. Decidles que disfruten de lo que queda, que es lo mejor: el Festival, el Fuego, los Pases, las etapas conseguidas&#8230;<\/p>\n\n\n\n<p>Pues nada m\u00e1s: estamos deseando veros y que ma\u00f1ana lo pas\u00e9is fenomenal!!<\/p>\n\n\n\n<p>\u00a1Hasta ma\u00f1ana!<\/p>\n\n\n\n<hr class=\"wp-block-separator has-css-opacity\"\/>\n\n\n\n<p><strong>20 DE JULIO:<\/strong><\/p>\n\n\n\n<p>Buenas noches desde el Kraal!<\/p>\n\n\n\n<p>Aqu\u00ed estamos con los jefes de castores en el Kraal. Los scouters de Cherokee nos cuentan que han hecho un raid circular, y han dormido en la ermita de Duruelo.<\/p>\n\n\n\n<p>Hoy tambi\u00e9n la Caba\u00f1a cuenta su raid! En realidad ha sido una excursi\u00f3n a Urbi\u00f3n de siete le\u00f1adores, que han subido desde la Laguna Negra al Pico Urbi\u00f3n, y luego han bajado por el nacimiento del Duero, y luego hasta Duruelo. Hay muchas fotos hoy de esta excursi\u00f3n de Caba\u00f1a.<\/p>\n\n\n\n<p>Centauros y Clan en el refugio de la Laguna Negra. Los Centauros llegaron ayer muy tarde porque se dieron una vuelta m\u00e1s larga de lo previsto. Nos hemos encontrado con Wargos en Fuente del Berro, y con Segowlee en Castroviejo.<\/p>\n\n\n\n<p>Est\u00e1 tambi\u00e9n el Pater en el Kraal!! Nos habla de que hay que saber aprovechar el pasado para darle consistencia al futuro. Reflexionar sobre lo que hemos vivido, las experiencias que nos han ido configurando como personas, las vicisitudes que han ido dando forma a nuestro car\u00e1cter y nuestra personalidad. La experiencia scout nos ha hecho de una manera determinada: entendemos la vida como servicio, como convivir con los dem\u00e1s y para los dem\u00e1s. Todo esto nos ha marcado desde peque\u00f1os o desde j\u00f3venes. Hay que tener esa visi\u00f3n del pasado para comprendernos mejor a nosotros mismos y ser capaces de dar raz\u00f3n de nuestra esperanza. La vida futura tiene sentido cuando la forjamos con la experiencia de la vida pasada. Tenemos que agradecer lo que ha sido nuestro pasado y mirar hacia adelante. Nuestro mundo actual, nuestra sociedad, nos toca, nos interpela, y pone en cuesti\u00f3n muchas de las cosas que han configurado nuestro pasado. Nosotros tenemos que afrontar el reto de construir una sociedad mejor. Sabemos que servir es amar. Sabemos que cuando&nbsp; uno comparte con los dem\u00e1s lo que construye y lo que es, mejora el entorno que nos rodea. Tenemos que seguir adelante con la seguridad, y con la garant\u00eda, de que tenemos un pasado que nos sirve para afrontar el futuro. El futuro de la humanidad depende de nosotros. Nosotros tenemos que apoyarnos en lo que somos para construir un futuro para los dem\u00e1s. Eso significa servir, eso significa el 284, eso significa lo que hacemos en este campamento sirviendo. Enhorabuena, servid, porque es la \u00fanica manera de darle sentido a la vida! Y esto os lo dice un mayor que tiene muchos a\u00f1os detr\u00e1s con su experiencia. Cuando uno consigue que su vida sea un servicio, uno consigue que su vida sea un amor. Buenas noches!<\/p>\n\n\n\n<p>Siempre da gusto oir hablar al Pater. \ud83d\ude42<\/p>\n\n\n\n<p>Nos cuentan tambi\u00e9n en el Kraal que ahora la legislaci\u00f3n obliga a hacer un simulacro de evacuaci\u00f3n cada 5 d\u00edas, es decir, habr\u00e1 que hacer 3 en campamento. Ayer hicieron la segunda, y los castores salieron muy bien del campamento, aunque alg\u00fan miembro de Caba\u00f1a se quem\u00f3 por despistado.<\/p>\n\n\n\n<p>Esta tarde han llegado los refuerzos a Caba\u00f1a!!! Al ser el viernes del fin de semana en el que cae el d\u00eda de padres, hoy por la tarde han llegado a campamento unas 35 personas, impresionante! As\u00ed que estamos unas 60 personas de Caba\u00f1a. Ma\u00f1ana vamos a terminar la puerta de campamento, y entre tantos creo que vamos a hacer una reproducci\u00f3n a escala real de la Puerta de Brandemburgo! \ud83d\ude09&nbsp; Como dice Jorge, \u00a1\u00a1bienvenidos a todos a casa!!<\/p>\n\n\n\n<p>Nos informa Ana, nuestra enfermera, de que hoy han visto a un par de ni\u00f1os con picaduras de pulgas. Las picaduras son como puntitos rojos, que van haciendo un caminito, aunque no se hinchan mucho, y cuanto m\u00e1s te rascas m\u00e1s te pican. Si un ni\u00f1o tiene picaduras de pulgas hay que guardar toda la vieja en una bolsa, lavarle de arriba a abajo y cambiarle por completo de ropa. Esperemos que no haya muchos m\u00e1s casos.<\/p>\n\n\n\n<p>Ma\u00f1ana por la ma\u00f1ana, mientras los scouters desayunan, como siempre, la Caba\u00f1a haremos la Lakra, nuestra reuni\u00f3n para organizarnos y repartirnos el trabajo.<\/p>\n\n\n\n<p>Ya no queda nada para el d\u00eda de padres!! \ud83d\ude42<\/p>\n\n\n\n<p>Un abrazo!<\/p>\n\n\n\n<hr class=\"wp-block-separator has-css-opacity\"\/>\n\n\n\n<p><strong>19 DE JULIO:<\/strong><\/p>\n\n\n\n<p>Buenas noches amigos!<\/p>\n\n\n\n<p>Hoy ha sido uno de los d\u00edas m\u00e1s tranquilos de campamento. Si ya nos hab\u00edamos quedado solitos con los castores, hoy se ha ido de raid la colonia Cherokee, as\u00ed que en el Kraal estamos los scouters de Kiowa y Caba\u00f1a. Ma\u00f1ana saldr\u00e1 de raid Kiowa, por la ma\u00f1ana, y por la tarde llegar\u00e1 Cherokee.<\/p>\n\n\n\n<p>Hoy hemos tenido noticias de los escultas, concretamente de un accidentado, Pablo, que se ha hecho una brecha en la barbilla en una ca\u00edda. En este tipo de brechas es uno de los m\u00e1s t\u00edpicos, mucha gente tiene una brecha en la barbilla, y tambi\u00e9n es t\u00edpico que requieran unos pocos puntos, que se los podr\u00edan haber dado en campamento, como a Mayo. Sin embargo, la brecha era m\u00e1s profunda y han preferido llevarle al hospital de Burgos. All\u00ed ha tenido la suerte de que los puntos se los ha dado un cirujano pl\u00e1stico. De vuelta del hospital han pasado por campamento, donde han aprovechado para comer.<\/p>\n\n\n\n<p>Pobrecillos!! Tener que comer en campamento un d\u00eda como hoy! Y los pobre de Kiowa tambi\u00e9n han corrido la misma suerte&#8230; desdichados!! \ud83d\ude09 Los pobres han tenido que comerse un gazpacho fresquito y una paella (o un \u00abarroz con cosas\u00bb) buen\u00edsima. Y de cenar hemos comido crema de calabaza, y tortilla francesa.<\/p>\n\n\n\n<p>Ya est\u00e1 terminada la \u00abcapilla de diario\u00bb, con unos carteles que ha preparado Juan Antonio indicando que se trata de un rinc\u00f3n reservado a la oraci\u00f3n (adem\u00e1s de a las misas de diario), un peque\u00f1o altar, un farolillo, unos tocones en el suelo para sentarse y un Evangelio para quien lo quiera leer. Ha quedado un rinconcito realmente acogedor y agradable.<\/p>\n\n\n\n<p>Tambi\u00e9n est\u00e1 ya montado el grifo de agua en la tienda de Sanidad (bueno, justo a la puerta). Esto fue una novedad el a\u00f1o pasado, y resulta muy c\u00f3modo para los sanitarios. Y este a\u00f1o lo mantenemos. La tienda de Sanidad ten\u00eda electricidad desde hace unos pocos a\u00f1os, pero lo de tener agua es una mejora reciente.<\/p>\n\n\n\n<p>Y por fin hemos empezado a hacer la puerta del campamento, que est\u00e1 quedando muy chula. Eso s\u00ed, no publicamos ninguna foto, para que sea una sorpresa cuando veng\u00e1is al d\u00eda de padres. \ud83d\ude42<\/p>\n\n\n\n<p>Ah, se me olvidaba que hoy ha habido un desayuno especial para las dos colonias de castores: churros!! Estaban muy buenos, incluso les hemos puesto platitos con az\u00facar para que rebozaran un poco los churros en el az\u00facar. Vamos, que vivimos mejor en campamento que en Madrid!<\/p>\n\n\n\n<p>Por la tarde, la Caba\u00f1a nos hemos ido a Playa Pita, a ba\u00f1arnos en en el Embalse de la Cuerda del Pozo, y a tomarnos una cerveza o refresco. Es una playa en el embalse, con alquiler de patines (o pedales) y canoas, y tambi\u00e9n vestuarios, chiringuito y tiendecita. Muy recomendable para pasar a ba\u00f1arse y tomar algo. Adem\u00e1s, hay un camping cerca.<\/p>\n\n\n\n<p>Ma\u00f1ana algunos de Caba\u00f1a nos vamos de excursi\u00f3n. Pretendemos subir a la Laguna Negra, luego al Pico Urbi\u00f3n, y finalmente bajar por el nacimiento del r\u00edo Duero hasta campamento. A ver si lo conseguimos, y si no lo conseguimos por lo menos que no se entere la Comisi\u00f3n de Fuego!&nbsp; &nbsp;\ud83d\ude09<\/p>\n\n\n\n<p>Buena caza y largas lunas!<\/p>\n\n\n\n<hr class=\"wp-block-separator has-css-opacity\"\/>\n\n\n\n<p><strong>18 DE JULIO:<\/strong><\/p>\n\n\n\n<p>Buenas noches a todos!<\/p>\n\n\n\n<p>Aqu\u00ed estamos en el Kraal, con la sensaci\u00f3n de que estamos \u00abcuatro gatos\u00bb, porque estamos solamente los scouters de Castores y la Caba\u00f1a. Esta ma\u00f1ana han salido de raid las cuatro tropas (Basiliscos, Centauros, F\u00e9nix, Wargos) y las cuatro manadas (Chikay, Dewanee, Ethawa y Segowlee). La pobre jefa de campo no ha parado de dar permisos a unidades para salir de raid!<\/p>\n\n\n\n<p>La salida de campamento tiene su ceremonial: primero, antes de salir, la unidad pasa por la capilla, donde reflexionan con el consiliario y el jefe de grupo sobre el raid que van a iniciar. Terminan con una oraci\u00f3n para pedir por el raid. Luego, cuando ya realmente van a salir de campamento, con los macutos puestos,&nbsp; la unidad entera forma, de uniforme, a la puerta de campamento. Se forma por patrullas o seisenas, y cada patrulla o seisena se presenta. Luego, los jefes de la unidad piden permiso para salir de campamento, y el jefe de campo les da permiso. Entonces salen de campamento, y llega el pesado del fot\u00f3grafo, y les pide que se pongan todos juntos para hacerles una foto a toda la unidad&#8230;&nbsp; \ud83d\ude09<\/p>\n\n\n\n<p>Ah, pero no estamos tan pocos en campamento! Porque resulta que a \u00faltima hora de la tarde ha venido una manada de lobatos de otro grupo scout, que hab\u00edan pedido un sitio para dormir en el pueblo pero no se lo hab\u00edan dado, y como nosotros tenemos alguna tienda grande vac\u00eda (para emergencias), les hemos dejado una de las c\u00f3nicas, y est\u00e1n tan contentos. Son del Grupo Scout Castores, de Burgos. S\u00ed, el grupo scout se llama \u00abCastores\u00bb como nosotros nos llamamos \u00abReina del Cielo\u00bb. Los grupos scouts de ASDE (Asociaci\u00f3n de Scouts De Espa\u00f1a) tienen, adem\u00e1s de nombre, un n\u00famero. Nuestro n\u00famero es el 284. En cambio, este grupo scout es de MSC (Movimiento Scout Cat\u00f3lico), que es otra asociaci\u00f3n scout espa\u00f1ola en la que los grupos tienen nombre pero no n\u00famero. Por cierto, curiosamente, nuestro grupo scout es cat\u00f3lico, aunque no es de MSC. Son un grupo scout de tama\u00f1o normal, menos de 100 personas, y les ha impresionado ver lo grande que es nuestro campamento. Nos han contado que ellos hacen las letrinas cavando a pico y pala, y se apoyan en dos troncos, uno para apoyar los muslos y otro para apoyar la espalda. As\u00ed era tambi\u00e9n en nuestro grupo hace a\u00f1os.<\/p>\n\n\n\n<p>Por cierto, ya hemos terminado la capilla! Este a\u00f1o tenemos la capilla grande, donde cabe todo el grupo, y tambi\u00e9n una peque\u00f1ita para la misa de diario. La misa de diario es opcional, a las siete de la tarde, y suelen ir alrededor de diez ni\u00f1os, generalmente castores y lobatos, y algunos de Caba\u00f1a. Como dice Marieta, ahora tenemos la capilla&#8230; y la catedral! \ud83d\ude09<\/p>\n\n\n\n<p>Ma\u00f1ana empezaremos con la \u00faltima gran construcci\u00f3n del campamento, la puerta. A ver si queda bien!<\/p>\n\n\n\n<p>Hasta ahora no os hemos contado nada sobre un oscuro personaje que viene a campamento cada dos o tres d\u00edas. Oscuro por lo desconocido, no por malvado, \u00a1todo lo contrario! Todos apreciamos enormemente su trabajo, pero poca gente habla con \u00e9l. Mucha gente nunca le ha visto la cara. Es&#8230; \u00abel chupacacas\u00bb! Bueno, pobre hombre, en realidad, el \u00abchupacacas\u00bb es el cami\u00f3n que trae, un cisterna con un aspirador que aspira el contenido de las letrinas qu\u00edmicas, y luego rellena con l\u00edquido limpio. Un trabajo poco agradable, digamos, pero imprescindible. Y adem\u00e1s, este a\u00f1o nos deja las letrinas no s\u00f3lo limpias, sino adem\u00e1s perfumadas&#8230; \u00a1con olor a chuches!<\/p>\n\n\n\n<p>Por cierto, hoy ha llovido unos minutos en campamento! Se ha nublado, han ca\u00eddo unos buenos truenos, y todo parec\u00eda indicar que iba a caer una buena. Ha empezado a llover, en lo que parec\u00eda que iba \u00abin crescendo\u00bb, pero no ha llegado realmente a arreciar, y a los diez o veinte minutos ha parado. Ha sido justo cuando sal\u00eda de raid la \u00faltima unidad, la \u00faltima manada en salir de raid. Han salido con el rain cover puesto en los macutos y todo, como ver\u00e9is en las fotos. La Caba\u00f1a nos hemos dado un paseo por el campamento, como es habitual en estos casos, para revisar si alguna de las tiendas que han dejado las unidades en campamento necesitaba alg\u00fan arreglo (clavar bien las clavijas, tensar vientos&#8230;). La verdad es que estaban todas bastante bien, mejor que otros a\u00f1os.<\/p>\n\n\n\n<p>Y la comida de hoy, bueno&#8230; \ud83d\ude42 en estos d\u00edas que somos pocos en campamento solemos hacer comidas que es m\u00e1s dif\u00edcil hacer para 500. Hoy nos han deleitado con un cocido digno del mejor restaurante, con todos los ingredientes. Una pena que no hemos hecho fotos! Y para cenar, hamburguesas, tambi\u00e9n con todos los ingredientes. Vaya lujo! As\u00ed no hay quien adelgace!<\/p>\n\n\n\n<p>Ver\u00e9is en la \u00faltima foto de hoy a Paco y Manolo sujetando el remolque del cami\u00f3n en el que trajeron nuestro contenedor. Pobres Paco y Manolo, ah\u00ed llevan desde que se fue la cabeza tractora, con lo que pesa el contenedor&#8230; \ud83d\ude09<\/p>\n\n\n\n<p>Una cosa que ver\u00edais en las fotos de ayer eran unas bolsitas de pl\u00e1stico, etiquetadas con rotulador, con muestras de todas las comidas de cada d\u00eda. Hacemos esto desde hace unos a\u00f1os, cuando Sanidad empez\u00f3 a exigirlo: cogemos muestras de todas las comidas, primer plato y segundo plato, y las congelamos. Estas muestras se guardan durante 15 d\u00edas, si no recuerdo mal, por si hubiera alg\u00fan problema digestivo que pudiera ser infeccioso, para poder analizar la muestra y ver qu\u00e9 comida fue el origen de la infecci\u00f3n.<\/p>\n\n\n\n<p>Ver\u00e9is en las fotos que hemos descubierto a otros visitantes, estos indeseados, en campamento: piojos!! S\u00ed, los jefes de castores han estado hoy despiojando a los chavales. Es una verdadera pena que alg\u00fan ni\u00f1o traiga piojos a campamento, porque aqu\u00ed, al dormir juntos, se los pega a todos, y molesta a todo el campamento, adem\u00e1s de requerir mucho tiempo todo el proceso de \u00abdespiojar\u00bb, que impide que se dedique el tiempo a las actividades que estaban previstas.<\/p>\n\n\n\n<p>Ma\u00f1ana sale de raid una colonia de castores, Cherokee, y pasado ma\u00f1ana saldr\u00e1 Kiowa. As\u00ed que los dos pr\u00f3ximos d\u00edas van a ser los que el campamento estar\u00e1 m\u00e1s vac\u00edo. Qu\u00e9 vamos a hacer tan solos?<\/p>\n\n\n\n<p>Buena caza!<\/p>\n\n\n\n<hr class=\"wp-block-separator has-css-opacity\"\/>\n\n\n\n<p><strong>17 DE JULIO:<\/strong><\/p>\n\n\n\n<p>Hola desde el Kraal!<\/p>\n\n\n\n<p>Aqu\u00ed estamos, en nuestra reuni\u00f3n nocturna de scouters, en una noche muy emocionante: ma\u00f1ana se van de raid las 4 tropas scouts y las 4 manadas de lobatos, as\u00ed que ma\u00f1ana nos quedamos la Caba\u00f1a con los castores, solitos en campamento. Esta es una noche muy emocionante para muchos ni\u00f1os, sobre todo los que hacen su primer raid de lobatos, y de tropa. Se acaba de tocar silencio, y estar\u00e1n en el saco, pregunt\u00e1ndose, algo nerviosos, si aguantar\u00e1n el raid. Seguro que s\u00ed lo aguantar\u00e1n, pero uno siempre cree que puede menos de lo que realmente puede. El raid es una experiencia de superaci\u00f3n, todo un reto.<\/p>\n\n\n\n<p>Esta tarde las unidades han estado haciendo los famosos \u00abpacks\u00bb de comida para el raid. Se reparte toda la comida que hay que llevar al raid en paquetes que tengan el mismo peso. A cada uno le toca llevar un \u00abpack\u00bb, y suele sentar bastante mal meter tu pack en el macuto cuando ya pensabas que, con la poca ropa que hab\u00edas seleccionado para el raid, tu macuto pesaba bastante poco&#8230; El pack es un extra de peso que cuesta bastante meter en el macuto, pero no es el \u00faltimo extra, porque luego se reparte el material (sobre todo las tiendas, que se turnan durante la marcha).<\/p>\n\n\n\n<p>Esta ma\u00f1ana a primera hora han salido de raid los rovers, que son el Clan y la Comunidad Rover (alias \u00abComuna\u00bb). En estas ramas ya le han perdido el miedo al raid, porque el raid m\u00e1s duro es el de escultas, y ellos ya lo han superado. As\u00ed que van al raid con la mentalidad de disfrutar, y con la confianza de que lo superar\u00e1n. Todav\u00eda m\u00e1s, y sobre todo en Comuna, lo quieren disfrutar al m\u00e1ximo porque es su \u00faltimo raid juntos. El a\u00f1o que viene ser\u00e1n scouters, y, aunque ser\u00e1 mejor, ser\u00e1 distinto.<\/p>\n\n\n\n<p>La construcci\u00f3n del campamento est\u00e1 ya muy avanzada: est\u00e1 construido todo lo importante, y hoy hemos dejado la capilla ya medio hecha. S\u00f3lo nos falta terminar la capilla y hacer la puerta, que seguro que estar\u00e1 terminada para cuando veng\u00e1is el d\u00eda de padres. Hoy hemos terminado de montar muchos detalles peque\u00f1os, como los \u00faltimos retoques de algunas parcelas, las luces del comedor&#8230;<\/p>\n\n\n\n<p>Hablando de las parcelas, las habr\u00e9is visto en las fotos de los \u00faltimos d\u00edas. Como es habitual, las tropas compiten por hacer la mejor parcela en cuanto a construcciones. Y no es por desmerecer a los lobatos, que han hecho parcelas muy simp\u00e1ticas, pero los troperos demuestran su capacidad de hacer construcciones m\u00e1s complicadas. La t\u00edpica construcci\u00f3n que hacen las tropas es una torreta. Este a\u00f1o han hecho torretas tres de las 4 tropas. La que no ha hecho torreta, Centauros, ha hecho un \u00abtori\u00bb japon\u00e9s, ya que su aventura (el tema de campamento, en el que se ambientan muchas actividades) es de ninjas. Es muy original, aunque resulta mucho m\u00e1s sencillo que una torreta. Pero adem\u00e1s han hecho un tr\u00edpode muy chulo. De las otras tres, Wargos ha hecho una estructura tipo torreta pero no llega a ser una torreta porque s\u00f3lo tiene los palos verticales, Basiliscos ha hecho una torreta s\u00f3lo con amarres, que se sujeta por s\u00ed sola (y se han subido varios ni\u00f1os encima, y aguanta), y F\u00e9nix han hecho una torreta aprovechando h\u00e1bilmente un \u00e1rbol como una de las cuatro patas, lo que le da mucha m\u00e1s estabilidad, y adem\u00e1s han hecho un tr\u00edpode que hace de puerta. Y han hecho una cosa muy original que, que yo recuerde, no se hab\u00eda hecho antes: han puesto unas lucecitas de LEDs que se iluminan por las noches (a pilas), por lo que es la parcela que mejor se ve (desde lejos) por la noche. Un aplauso a las parcelas de este a\u00f1o, que est\u00e1n bastante por encima de las de otros a\u00f1os!<\/p>\n\n\n\n<p>Ver\u00e9isen en las fotos al equipo de limpieza de letrinas: con sus batas verdes, y armadas de productos de limpieza, escobillas, rollos de papel higi\u00e9nico de repuesto, manguera&#8230; Su labor es la m\u00e1s dura (hay que tener mucho est\u00f3mago para limpiar las letrinas), y la m\u00e1s desagradecida (porque se vuelven a ensuciar enseguida, y el trabajo luce muy poco). Adem\u00e1s, 14 letrinas no es poca cosa&#8230; Como dec\u00eda hoy Marieta: \u00abla comida la haces y se la comen, y luego hay que volver a hacerla, pero por lo menos te dicen que est\u00e1 buena. Pero al equipo de limpieza de letrinas nadie les felicita por su trabajo\u00bb. Mil gracias al equipo de limpieza de letrinas!!!<\/p>\n\n\n\n<p>Entre los peque\u00f1os detalles que son novedades en campamento, este a\u00f1o tenemos&#8230; tach\u00e1n, tach\u00e1n&#8230;. \u00abel escurridor de pasta\u00bb!! Se trata de un artilugio parecido a una mesa, con paredes, y el tablero de la mesa est\u00e1 agujereado, para que salga el agua. Ayer lo estrenamos para escurrir los espaguetis, y la verdad es que tambi\u00e9nes un estupendo escurridor para los perolos enormes de cocina.<\/p>\n\n\n\n<p>Parte m\u00e9dico: de momento no hay grandes accidentados. Un par de esguinces, alguna quemadura leve, mareos (seguramente por golpe de calor, o agotamiento)&#8230; Lo m\u00e1s aparatoso sigue siendo el dedo de Mayo, que va cur\u00e1ndose. Hoy le han quitado el vendaje, se lo han limpiado y le han puesto uno nuevo. Las fotos del dedo no son muy bonitas, y a alguno le pueden horrorizar, pero la cosa va bien.<\/p>\n\n\n\n<p>Se est\u00e1 apagando el motor, buenas noches!!!<\/p>\n\n\n\n<hr class=\"wp-block-separator has-css-opacity\"\/>\n\n\n\n<p><strong>16 DE JULIO:<\/strong><\/p>\n\n\n\n<p>Buenas noches!<\/p>\n\n\n\n<p>Esperamos que est\u00e9is muy bien. Por aqu\u00ed fenomenal. Hoy por la ma\u00f1ana hemos tenido el D\u00eda de Grupo, que consiste en que todo el Grupo juega junto a un gran juego, que este a\u00f1o estaba ambientado en el tema medieval. Ver\u00e9is en las fotos a la Comisi\u00f3n de Animaci\u00f3n, que son los que organizan el juego, todos disfrazados organizando los juegos. Se hacen equipos mezclados de distintas edades, y es una buena ocasi\u00f3n para que, por ejemplo, un castor conozca a un esculta. A los peque\u00f1os les encanta jugar con los mayores, que les lleven a hombros y saber que tienen un amigo mayor. Y a los mayores les hace darse cuenta de que son m\u00e1s mayores de lo que se creen, y que ya pueden empezar a cuidar a los peque\u00f1os. Todo un aprendizaje!<\/p>\n\n\n\n<p>Ah, antes de otros temas, uno muy importante: ya hemos puesto en la p\u00e1gina principal de \u00abCAMPAMENTO 2018\u00bb la direcci\u00f3n postal del campamento, que es:<strong>Nombre y apellidos<\/strong><strong>Campamento Scout 284 Reina del Cielo<\/strong><strong>\u00abEl Cerrillo\u00bb<\/strong><strong>42158 &#8211; Duruelo de la Sierra (SORIA)<\/strong><strong>CASTILLA Y LE\u00d3N<\/strong><\/p>\n\n\n\n<p>Os animamos a que les escrib\u00e1is, porque hace mucha ilusi\u00f3n que te llegue una carta a campamento. Las cartas se entregan durante las comidas. Mientras los chavales est\u00e1n sentados, comiendo, se reparte el correo nombrando a los que tienen carta diciendo su nombre y su unidad, y van saliendo a recogerla. Normalmente, la unidad, al verse nombrada, aplaude, as\u00ed que el que se levanta a recoger su carta tiene una especie de \u00abminuto de gloria\u00bb al acercarse mientras aplauden :-).<\/p>\n\n\n\n<p>Y, como sab\u00e9is, no s\u00f3lo tenemos el correo postal: tambi\u00e9n tenemos el correo electr\u00f3nico \u00bb&nbsp;<a href=\"mailto:scouts284@gmail.com\">scouts284@gmail.com<\/a>\u00ab. Los correos que envi\u00e1is a esta direcci\u00f3n los publicamos en la p\u00e1gina de \u00ab<a href=\"indexef79.html?option=com_content&amp;view=article&amp;id=173&amp;Itemid=127\" target=\"_blank\" rel=\"noreferrer noopener\">Correos recibidos<\/a>\u00ab. Da gusto recibir vuestros mensajes, muchos de antiguos scouts, otros de padres&#8230; siempre hay alguno precioso que entresacamos para leer en el Kraal. El encargado de leer vuestros correos e irlos subiendo a la p\u00e1gina es Jos\u00e9 Luis Garc\u00eda, nuestro querido Pipo, que lleva haci\u00e9ndolo muchos a\u00f1os y ahora lo hace desde Madrid. Pipo es tan cl\u00e1sico de nuestro Grupo Scout que, a modo de broma, dec\u00edamos que igual que Baden Powell escribi\u00f3 \u00abEscultismo para muchachos\u00bb (el libro cl\u00e1sico de los scouts, que se public\u00f3 originalmente como fasc\u00edculos coleccionables de una revista), Pipo escribi\u00f3 \u00abFregaderos para muchachos\u00bb, porque Jos\u00e9 Luis siempre nos aleccionaba sobre c\u00f3mo usar los fregaderos para que no se atasquen. \u00a1Un abrazo desde campa, Pipo!<\/p>\n\n\n\n<p>Y, ya para terminar de hablar de los medios de comunicaci\u00f3n: adem\u00e1s de los correos postales y los emails, no os perd\u00e1is el Twitter, buscando los tweets de \u00ab@scouts284\u00bb y los que le citan.<\/p>\n\n\n\n<p>Para los que os qued\u00e1steis con la curiosidad, ayer por la noche al final no llovi\u00f3, pero s\u00ed hizo bastante viento. Sirvi\u00f3 para darle un buen repaso a las clavijas de las tiendas, asegur\u00e1ndonos de que todas estaban bien clavadas.<\/p>\n\n\n\n<p>Hoy hemos comido gazpacho y espaguetis a la bolo\u00f1esa, y hemos cenado pur\u00e9 de calabaza y chuletas de Sajonia. Ha sobrado de todo, como es habitual. Intentamos que sobre para que nadie se quede con hambre, pero que sobre poco para tirar lo m\u00ednimo posible. Aqu\u00ed no se queda nadie con hambre! Han sido platos muy trabajosos en cocina, porque el gazpacho lo hacemos picando toda la verdura, igual que el sofrito de los espaguetis, el pur\u00e9 de calabazas&#8230; Comentaba una le\u00f1adora que no ha salido de la cocina en todo el d\u00eda! Bueno, s\u00ed, ha salido a las 21:30 para ducharse (qu\u00e9 valor, porque ya hac\u00eda bastante fr\u00edo a esa hora), porque de tanta fritanga ten\u00eda el pelo ya \u00abimposible\u00bb. Eso s\u00ed, despu\u00e9s de la ducha te quedas fresquito y tan a gusto.<\/p>\n\n\n\n<p>Ah, y hablando de cocina, me corrige Marieta, nuestra cocinera: este a\u00f1o s\u00ed hemos cocido nosotros las lentejas, no eran de lata. \u00a1Qu\u00e9 valor! Es el primer a\u00f1o que las cocemos nosotros. Cada a\u00f1o mejor!<\/p>\n\n\n\n<p>Ah, sab\u00e9is lo que tenemos este a\u00f1o en campamento, que no hab\u00edamos tenido nunca? \u00a1Una campana! Una campana de verdad, para llamar a misa. La estrenamos ayer, y est\u00e1 puesta en la capilla. Es una campana de estilo antiguo, como las de los barcos, fabricada en Inglaterra.<\/p>\n\n\n\n<p>Hoy se han ido los escultas de raid,<\/p>\n\n\n\n<p>Ma\u00f1ana saldr\u00e1n los rovers (claneros y comuneros) de raid, que saldr\u00e1n con un coche de apoyo para llevar a un par de chavales que est\u00e1n lesionados. Sus scouters est\u00e1n contando el raid ahora mismo en el Kraal: van a hacer raids muy parecidos: ir a la Laguna Negra, y luego subir a Urbi\u00f3n, bajando por el Nacimiento del Duero y desde ah\u00ed descender a Covaleda. Hay bastantes refugios por la zona, y bien cuidados, lo cual es un gusto.<\/p>\n\n\n\n<p>Para terminar el Kraal, Juan Antonio, nuestro consiliario, nos hace una reflexi\u00f3n con esta frase de Goethe: \u00abTrata a un ser humano como es, y seguir\u00e1 siendo lo que es. Tr\u00e1talo como puede llegar a ser y se convertir\u00e1 en lo que puede llegar a ser\u00bb. Una muy buena orientaci\u00f3n para educar a los chavales, sobre todo a los m\u00e1s dif\u00edciles. Nos cuenta Juan Antonio que San Juan Bosco se consegu\u00eda ganar a los chavales m\u00e1s dif\u00edciles, y que Ignacio de Loyola dec\u00eda \u00abentra con la de ellos y salta con la tuya\u00bb, refiri\u00e9ndose a entrar con un juego para llevarles a donde nosotros queremos, que es a hacerles mejores. Nos cuenta tambi\u00e9n Juan Antonio el caso de una familia japonesa que ten\u00edan un hijo con par\u00e1lisis. Parec\u00eda un caso perdido. Pero se dieron cuenta de que reaccionaba al canto de los p\u00e1jaros,&nbsp; y decidieron ense\u00f1arle m\u00fasica. Ahora es compositor. \u00abSi cre\u00e9is en las posibilidades de los ni\u00f1os, sacar\u00e9is lo mejor de ellos\u00bb, termina Juan Antonio.<\/p>\n\n\n\n<p>Ma\u00f1ana os seguimos contando.<\/p>\n\n\n\n<p>Un abrazo!<\/p>\n\n\n\n<p>SLPS (si hab\u00e9is visto estas siglas por ah\u00ed, significan: \u00abSiempre Listo Para Servir\u00bb, el lema scout)<\/p>\n\n\n\n<hr class=\"wp-block-separator has-css-opacity\"\/>\n\n\n\n<p><strong>15 DE JULIO:<\/strong><\/p>\n\n\n\n<p>Hola familias!<\/p>\n\n\n\n<p>Perdonad que ayer la cr\u00f3nica se qued\u00f3 a medias, y no dio tiempo a subir las fotos del d\u00eda 14. Lo que ocurri\u00f3 fue que el motor se apag\u00f3 y, como hace bastante ruido y eran las 00:30, ya no quisimos encenderlo otra vez. Durante el d\u00eda se oye \u00abde fondo\u00bb, pero en el silencio de la noche se oye bastante&#8230; Hoy subimos las fotos del d\u00eda 14 y del 15, pero a un \u00e1lbum nuevo (en la lista de arriba, es el que tiene las fotos del 14 al 15 de julio).<\/p>\n\n\n\n<p>Pues hoy ha sido nuestro primer d\u00eda completo en campamento, y ha sido un d\u00eda muy bien aprovechado. Casi todas las unidades han acabado sus parcelas, excepto las tropas, que est\u00e1n construyendo torretas, y las torretas llevan mucho trabajo. Como pod\u00e9is ver en las fotos, hay algunas parcelas muy chulas. Hay algunos sombrajos impresionantes&#8230; Dec\u00edamos ayer que este a\u00f1o no hac\u00edan falta sombrajos, pero, teniendo una rafia de 8&#215;5 metros, y pinos por todas partes, \u00bfqui\u00e9n resiste la tentaci\u00f3n? Otros a\u00f1os los sombrajos de las parcelas se caen, porque se sujetan en puntales (poco) clavados en el suelo, pero este a\u00f1o, atando trozos largos de cuerda de pita a los pinos, y con el truco de tirar la cuerda atada a una piedra para pasar por encima de ramas altas&#8230; \u00a1se pueden hacer estructuras fuertes y altas!<\/p>\n\n\n\n<p>Y lo m\u00e1s esperado, lo que hab\u00edamos echado de menos durante todo el a\u00f1o&#8230; \u00a1\u00a1la comida de Caba\u00f1a!! Un gran aplauso a todos los que han picado verdura, guisado, frito&#8230; y sobre todo un aplauso especial a la cocinera, Marieta. A mediod\u00eda nos han preparado unas lentejas exquisitas, para chuparse los dedos. Para evitar el tiempo de cocci\u00f3n tan largo de las lentejas, las compramos ya cocidas, en lata (nota posterior: ver la correcci\u00f3n del d\u00eda siguiente). Pero luego las sacamos de las latas, escurrimos el l\u00edquido y las lavamos, para quitarles el sabor a la lata, y hacemos un sofrito riqu\u00edsimo, con todas sus verduritas (con un pu\u00f1ado de le\u00f1adores picando durante un buen rato), sus especias&#8230; Vamos, que las lentejas que nos comemos no tienen nada que ver con las de la lata! Ay, los evaluadores de la Gu\u00eda Michel\u00edn no saben lo que se pierden!! De segundo plato&nbsp; hemos comido filetes de chuleta de cerdo, muy ricos tambi\u00e9n, con salsita para mojar y todo. Los que han estado en las sartenes se han frito m\u00e1s de 1000 filetes. Y de cenar, sopa de fideos y barritas de pescado. Para que os hag\u00e1is una idea, han frito 50 Kg de barritas de pescado. Claro, somos 500! Menos mal que, para cuando han terminado, las duchas estaban ya terminadas, y se han ido a dar una ducha, para estrenarlas.&nbsp; \u00a1Habemus duchas!<\/p>\n\n\n\n<p>Tambi\u00e9n ha sido el primer d\u00eda de la patrulla de servicio. La patrulla de servicio son varios scouts, de distintas unidades (aunque los primeros d\u00edas suelen ser solamente de unidades mayores), que pasan varias horas del d\u00eda dedicados a ayudar en cocina. Como no pueden tocar la comida, porque no tienen el t\u00edtulo de manipulador de alimentos, hacen otras labores de apoyo como limpiar el comedor, poner los manteles de papel (esto de los manteles de papel es una novedad de los \u00faltimos a\u00f1os, pero resulta muy higi\u00e9nico y facilita mucho la limpieza de las mesas), fregar cacharros, etc. Sobre todo, el primer d\u00eda que hay patrulla de servicio en campamento, les toca fregar todos los cacharros que han venido de Madrid, o m\u00e1s bien \u00abdarles un agua\u00bb, para que queden ya listos para utilizarlos. As\u00ed que hoy se han pegado una buena paliza. Los scouters lo saben, y por eso el primer d\u00eda de campamento suelen enviar a patrulla de servicio a sus chavales m\u00e1s trabajadores, y da gusto ver las ganas que tienen y lo mucho que ayudan con su trabajo.<\/p>\n\n\n\n<p>Otra \u00abestructura\u00bb que hemos montado hoy ha sido el lavamanos de letrinas. Antiguamente, a los ni\u00f1os les dec\u00edamos que, despu\u00e9s de ir a las letrinas, ten\u00edan que ir a lavarse las manos a los fregaderos. Pero los fregaderos suelen estar lejos de las letrinas, as\u00ed que muchos no iban. Por eso, hace ya varios a\u00f1os, empezamos a montar unos lavamanos en las letrinas. Adem\u00e1s, para obligar a pasar por los lavamanos, hacemos una valla alrededor de las letrinas, y s\u00f3lo se puede entrar por un sitio, donde est\u00e1n los lavamanos. Ya llev\u00e1bamos unos a\u00f1os utilizando los mismos lavamanos que hicimos hace unos 6 a\u00f1os, que consist\u00edan en un par de \u00abpilas\u00bb hechas con unos bidones cortados. El apa\u00f1o ha durado desde entonces, pero este a\u00f1o hemos innovado y hemos hecho uno nuevo, esta vez cortando un bid\u00f3n mucho m\u00e1s grande. Queda una pila enorme, pero es que es la \u00faltima tendencia en cuartos de ba\u00f1o&#8230;&nbsp; \ud83d\ude09<\/p>\n\n\n\n<p>Hoy no todo ha sido construir parcelas: ha habido mucho tiempo para jugar en campamento. Daba gusto darse un paseo por la tarde y ver a unos castores jugando con un paraca\u00eddas de colores, a otros jugando a darse pelotazos con una pelota de esponja, otros lobatos columpi\u00e1ndose en un columpio hecho con una cuerda de escalada, otros levantando una torreta en forma de tr\u00edpode, otros lobatos demostrando c\u00f3mo, al ir corriendo hacia el \u00aband\u00e9n 9 3\/4\u00bb, la pared se pod\u00eda atravesar, como hac\u00eda Harry Potter, otros bebiendo en el botijo&#8230; Y todos muy orgullosos de sus camisetas y sudaderas de unidad que se han hecho para este campamento. Ver\u00e9is varias de ellas en las fotos.<\/p>\n\n\n\n<p>Al ser el primer d\u00eda que Caba\u00f1a hace la comida, empieza tambi\u00e9n el trabajo que tan cuidadosamente hace Matilde, para preparar la comida de cel\u00edacos y al\u00e9rgicos. En la cocina ella tiene su mesa, que nadie toca ni para dejar algo encima moment\u00e1neamente. Y no s\u00f3lo su mesa, tambi\u00e9n sus cacharros, cubiertos, los panes para cel\u00edacos, leche sin lactosa, su mantequilla (que es igual que la otra, pero no se puede tocar, porque los cuchillos que han untado otras mantequillas tocan el pan), etc.<\/p>\n\n\n\n<p>Aunque parezca mentira, el primer d\u00eda de campamento&#8230;\u00a1ya tenemos un sitio para buscar \u00abObjetos Perdidos\u00bb! Y a los pocos minutos de que Ana Pinilla ha puesto la caja con su cartelito de cart\u00f3n, han aparecido los primeros clientes a buscar cosas, o quiz\u00e1s s\u00f3lo a curiosear, como quien va a las rebajas&#8230;<\/p>\n\n\n\n<p>En el tema del ruido del motor (el grupo electr\u00f3geno) hoy hemos hecho una mejora importante: lo hemos movido a la caseta. As\u00ed se oye mucho menos el ruido, y adem\u00e1s est\u00e1 alejado de la vista de cualquier futuro ingeniero el\u00e9ctrico que tenga curiosidad cient\u00edfica&#8230; Era un fastidio estar en medio de la naturaleza y tener que oir el ruido del motor de fondo. Desde al a\u00f1o pasado tenemos el motor encendido todo el d\u00eda. Nos hemos hecho dependientes de la electricidad! Es una pena, pero el a\u00f1o pasado cambiamos las antiguas neveras de gas butano por la actual, que es el\u00e9ctrica, y tambi\u00e9n hemos aprovechado para tener microondas, un tostador para que el pan de los celiacos quede un poco m\u00e1s bueno en los desayunos, las batidoras (bueno, estas ya las ten\u00edamos, pero cada vez que hab\u00eda que batir un pur\u00e9 hab\u00eda que encender el motor), el router WiFi&#8230; Por la noche se apaga el motor porque las neveras conservan el fr\u00edo bastante bien, adem\u00e1s de que por la noche hace ya un buen fresco. Hemos estudiado qu\u00e9 paneles solares y bater\u00edas har\u00edan falta para alimentar estos pocos electrodom\u00e9sticos, pero cuesta muy caro: us\u00e1ndolos solamente 16 d\u00edas al a\u00f1o nunca los amortizar\u00edamos. Aunque estar\u00eda genial no necesitar \u00abquemar gasolina\u00bb en nuestro campamento. \u00bfPara cu\u00e1ndo ser\u00e1n todos los coches el\u00e9ctricos y tendremos paneles solares en campamento?<\/p>\n\n\n\n<p>En cuanto a las temperaturas y precipitaciones, no nos podemos quejar: hoy ha hecho un d\u00eda buen\u00edsimo. Calor, pero no demasiado y, con la abundante sombra, no llega a hacerse molesto. Aunque esta noche amenaza tormenta&#8230;<\/p>\n\n\n\n<p>Y hablando de la noche, en el Kraal hemos tenido una oraci\u00f3n muy bonita: cada unidad ha puesto a los pies de la Virgen del Camino una vela encendida, mientras ped\u00edan por una intenci\u00f3n relacionada con su unidad y el campamento. Con todas las luces apagadas en el comedor, las velas iluminaban la preciosa talla de madera, que ten\u00eda bajo su mirada las preocupaciones de los scouters.<\/p>\n\n\n\n<p>\u00bfSab\u00e9is lo que es la mitosis? Pues una unidad de nuestro Grupo va a pasar por una mitosis. Igual que una c\u00e9lula se divide en dos, la unidad esculta Maasai va a dividirse en dos unidades escultas, y se van a ir de raid separadas. Cada nueva unidad va a hacer el raid en un sentido, empezando por los extremos opuestos y cruz\u00e1ndose a medio camino. Estas dos unidades ser\u00e1n las que funcionar\u00e1n la pr\u00f3xima ronda solar: Maasai volver\u00e1 a ser el nombre con el que llamamos a \u00abtodos los escultas unidos\u00bb o \u00abla unidad de las unidades escultas\u00bb (las dos unidades), igual que llamamos Orcas a \u00abtodos los troperos unidos\u00bb o \u00abla tropa de tropas scouts\u00bb. Dos unidades con 20 escultas cada una ser\u00e1n m\u00e1s manejables, m\u00e1s \u00e1giles, y en ellas ser\u00e1 m\u00e1s f\u00e1cil conocerse y sentirse \u00fatil. Pero hay otra ventaja, algo que muchos scouts del Grupo no han conocido nunca: la rivalidad esculta!! Entre Muntjak y Kariboo (las antiguas tropas de escultas chicos) hab\u00eda una rivalidad muy fuerte, que todav\u00eda dura&#8230; Es cierto que entre las antiguas tropas de escultas chicas, Steenbok y Bosbok, no hab\u00eda apenas rivalidad. \u00bfVuelve la rivalidad esculta? \u00bfC\u00f3mo se van a llamar las dos nuevas unidades? \u00bfSer\u00e1n las dos tribus guerreras de \u00c1frica, como los Maasai?<\/p>\n\n\n\n<p>Lo que parece mentira es la cantidad de basura que generamos. Menos mal que Nacho y Manolo se ocupan de recoger las bolsas de los bidones y las llevan al contenedor (en la furgoneta). Es una labor reservada a los m\u00e1s ilustres le\u00f1adores de la Caba\u00f1a: otros a\u00f1os, el primer \u00abCapit\u00e1n Basura\u00bb, Carlos Garc\u00eda, ayudado por Jorge Mart\u00edn, se ocupaban de esta labor imprescindible. Un abrazo muy fuerte desde aqu\u00ed a los le\u00f1adores que no han podido venir!!! Tan grande es el honor de ser el \u00abCapit\u00e1n Basura\u00bb que Nacho y Manolo no se atreven a arrogarse semejante t\u00edtulo. Manolo, el a\u00f1o pasado, consider\u00f3 m\u00e1s apropiado \u00abComandante do carro da merda\u00bb \ud83d\ude09<\/p>\n\n\n\n<p>Ma\u00f1ana ser\u00e1 un d\u00eda emocionante porque se ir\u00e1n los escultas de raid. Dos unidades nuevas, a vivir la mejor aventura del a\u00f1o, que es el raid esculta. \u00bfhay mejor manera de nacer como unidad?<\/p>\n\n\n\n<p>Buenas noches!<\/p>\n\n\n\n<hr class=\"wp-block-separator has-css-opacity\"\/>\n\n\n\n<p><strong>14 DE JULIO:<\/strong><\/p>\n\n\n\n<p>Hola desde el campamento!!&nbsp; \ud83d\ude42<\/p>\n\n\n\n<p>Ya estamos aqu\u00ed!! Ha sido un d\u00eda estupendo, lleno de emociones, y todas buenas. Hemos llegado muy bien, porque el viaje era muy corto. Con una parada corta para ir al ba\u00f1o, hemos llegado antes de las 14:00 y nos hemos puesto r\u00e1pidamente a trabajar para montar el campamento. Estamos todos cansados pero alegres porque todo ha ido muy bien el primer d\u00eda.<\/p>\n\n\n\n<p>Como siempre, os escribimos desde el Kraal, la reuni\u00f3n de los jefes (los scouters) por la noche, cuando los ni\u00f1os ya se han acostado. Ya no se oyen ruidos de ni\u00f1os por el campamento, porque ya se ha tocado silencio. S\u00f3lo estamos los scouters en el comedor, todav\u00eda bastante a oscuras porque a\u00fan no hemos montado las luces. Lo bueno es que ya tenemos electricidad para el router WiFi, cuya contrase\u00f1a guardamos con la vida&#8230; \ud83d\ude09<\/p>\n\n\n\n<p>Despu\u00e9s de llegar, las unidades han elegido sus parcelas en medio del pinar. Los castores son los que est\u00e1n m\u00e1s cerca del comedor, los lobatos y las tropas est\u00e1n un poco m\u00e1s all\u00e1, y los escultas y&nbsp; rovers al fondo del todo. Son muy distintas a las parcelas de otros a\u00f1os, que se ve\u00edan todas de un vistazo. Este a\u00f1o no se ven todas porque se pierden entre los pinos. Hoy, cuando han bajado por la ladera todos los ni\u00f1os al comedor daba una impresi\u00f3n de pel\u00edcula: aparec\u00edan ni\u00f1os entre los pinos, y no se sab\u00eda cu\u00e1ntos quedaban por aparecer. Si hubiera sido de noche y los ni\u00f1os hubieran bajado con antorchas encendidas hubiera parecido una escena de la invasi\u00f3n de los guerreros de una tribu fant\u00e1stica&#8230;<\/p>\n\n\n\n<p>Pero la verdad es que lo primero que hay que decir es felicitar a la comisi\u00f3n de LOES, que ha hecho un trabajo fant\u00e1stico, como suelen hacer. Han montado todo el comedor, toldos inclu\u00eddos (y de hecho han tenido ocasi\u00f3n de probarlo ya porque en los d\u00edas que han estado aqu\u00ed les ha llovido, y han comprobado que se hacen bolsas de agua, as\u00ed que volveremos a achicar empujando con palos, como en los viejos tiempos!). Pero adem\u00e1s han montado tiendas comunes, el clorador de agua, fregaderos (con agua que ya funciona), casi toda la cocina (inclu\u00eddas encimeras, butano y fogones), los bidones de agua potable (ya listos para beber agua). En el \u00e1lbum de los d\u00edas anteriores a campamento pod\u00e9is ver muchas buenas fotos del montaje.<\/p>\n\n\n\n<p>Y despu\u00e9s de los LOES, los primeros que han tenido que ponerse a trabajar han sido los sanitarios. Mientras com\u00edamos, Mayo (de Caba\u00f1a) se ha hecho un corte en el dedo al cortar una sand\u00eda, y le han tenido que dar 12 puntos (eso s\u00ed, \u00abpeque\u00f1itos\u00bb). Con el ventaje que le han hecho, le ha quedado el dedo pulgar de la mano izquierda levantado, con ese gesto del C\u00e9sar de Roma que ahora llamamos \u00ablike\u00bb gracias a Facebook. As\u00ed que ver\u00e9is en una foto a toda la Caba\u00f1a (bueno, no todos porque alguno no estaba por all\u00ed) con el dedo pulgar levantado, con el lema de \u00abtodos somos Mayo!\u00bb.<\/p>\n\n\n\n<p>Lo bueno de llegar a campamento tan pronto es que da tiempo a hacer mucho el primer d\u00eda: ha sido impresionante. No s\u00f3lo est\u00e1n ya montadas las tiendas de las unidades, sino tambi\u00e9n todas las comunes (inclu\u00eddas las nuevas, que son verdes y tienen muy buena pinta), ya est\u00e1 colocada toda la comida en la tienda de despensa, han empezado a montar las duchas, el m\u00e1stil est\u00e1 casi terminado, e incluso varias unidades han empezado a montar su parcela.<\/p>\n\n\n\n<p>Por cierto, el m\u00e1stil este a\u00f1o no es un m\u00e1stil como otros a\u00f1os, sino un pino que tiene una rama horizontal muy alta, a la que se enganchar\u00e1n las drizas (que son las cuerdas a las que se atan las banderas, para izarlas y arriarlas). Para montarlo, se han ocupado los escultas, como es habitual, y han \u00abizado\u00bb a un esculta&nbsp; usando una polea doble (para que pesara la mitad) y all\u00ed arriba colgado ha atado el travesa\u00f1o del m\u00e1stil a la rama del pino. A ver si queda bien este nuevo m\u00e1stil!<\/p>\n\n\n\n<p>Ver\u00e9is en las fotos tambi\u00e9n que las unidades han recogido el material que hab\u00eda llegado en el cami\u00f3n para llev\u00e1rselo a sus parcelas, y tambi\u00e9n la madera (troncos, algunos largu\u00edsimos), que han acarreado entre muchos. Resultaba muy chula la imagen de una manada entera llevando un tronco entre todos. Tambi\u00e9n ver\u00e9is en las fotos a las tropas montando las mesas del comedor, que es su tarea habitual al principio del campamento. Lo han hecho muy bien, y a la hora de la cena ya estaban todas montadas y las unidades han podido cenar sentadas. Pero las mesas montadas no han llenado el comedor: queda hueco al fondo, ya que este a\u00f1o se ha ampliado un m\u00f3dulo de comedor. Al parecer, para ese nuevo m\u00f3dulo habr\u00e1 mesas plegables, diferentes de las normales, para poder quitarlas cuando las unidades mayores se vayan de raid y que quede espacio di\u00e1fano en el comedor para hacer otras actividades. Pero todav\u00eda no hemos visto esas mesas plegables, a ver si las vemos ma\u00f1ana!<\/p>\n\n\n\n<p>Tambi\u00e9n ver\u00e9is en las fotos las letrinas y los \u00abpipi-expr\u00e9s\u00bb. Este a\u00f1o tenemos 14 cabinas y 2 \u00abpipi-expr\u00e9s\u00bb, esto parece un festival de m\u00fasica!! Luego viene la dif\u00edcil cuesti\u00f3n del sentido del movimiento de la palanca de \u00abtirar de la cadena\u00bb, cosa muy importante, porque al parecer a la mayor\u00eda de las personas les resulta m\u00e1s f\u00e1cil el movimiento de \u00abtirar y empujar\u00bb que el de mover la palanca \u00aba derecha e izquierda\u00bb. Y este a\u00f1o estamos de suerte porque las palancas son de las de \u00abtirar y empujar\u00bb! Como los \u00faltimos a\u00f1os, son ba\u00f1os qu\u00edmicos, y tendr\u00e1 que venir un cami\u00f3n a vaciarlos y recargarlos con l\u00edquido limpio. Por la experiencia de otros a\u00f1os, aguantan bien 3 d\u00edas, pero si ya se tardan 4 d\u00edas en cambiar el l\u00edquido empiezan a oler muy mal.<\/p>\n\n\n\n<p>\u00bfY la cobertura? Pues estamos de enhorabuena, porque tanto Movistar como Vodafone tienen 4G, y adem\u00e1s con muy buena tasa binaria. As\u00ed da gusto! El famoso router WiFi incorruptible va de maravilla!<\/p>\n\n\n\n<p>Tener el campamento entre \u00e1rboles tiene una ventaja clar\u00edsima: la sombra. Da gusto porque se trabaja mucho mejor que a pleno sol, y adem\u00e1s podremos dormir la siesta en una sombrita. Uno de los comentarios m\u00e1s repetidos este a\u00f1o en las parcelas es: \u00abeste a\u00f1o no hay que hacer sombrajos!\u00bb. As\u00ed que la impresi\u00f3n que tenemos es que ha hecho menos calor, aunque el d\u00eda ha sido caluroso, con mucho sol y muy pocos ratos nublados. Ya nos avisaron los LOES de que por las tardes llov\u00eda, pero hoy no ha llovido: el tiempo nos ha dejado progresar mucho en el montaje de campamento. Por la noche ha refrescado, vamos con forro polar, o por lo menos sudadera, y algunos se han puesto los pantalones largos. En resumen: un tiempo perfecto para poder hacer juegos con agua durante el d\u00eda, pero sin achicharrarse, y fresquito por la noche para poder dormir bien.<\/p>\n\n\n\n<p>Hoy la comida y la cena eran de casa, pero ma\u00f1ana disfrutaremos de la comida de Caba\u00f1a. Ya estamos deseando probar la comidad de campamento!!!<\/p>\n\n\n\n<p>Ah, se me olvidaba! Tanto nos ha cundido el d\u00eda, que hasta nos ha dado tiempo a hacer el simulacro de evacuaci\u00f3n. Las instrucciones que nos han dado eran: hay un fuego, hay que coger la cantimplora y el aislante y evacuar el campamento lo antes posible. Todas las unidades han evacuado, siguiendo el protocolo habitual que exige que se pase lista al salir de campamento, nombrando uno por uno a todos los miembros de cada unidad que est\u00e1n en la \u00abcheck list\u00bb. Seg\u00fan LOES, que son los que organizan el simulacro, ha salido bien pero hemos sido un poco lentos.<\/p>\n\n\n\n<p>Ma\u00f1ana ser\u00e1 el primer d\u00eda que estaremos entero en campamento, y adem\u00e1s todos.<\/p>\n\n\n\n<p>Buenas noches!<\/p>\n\n\n\n<hr class=\"wp-block-separator has-css-opacity\"\/>\n\n\n\n<p><strong>10 DE JULIO:<\/strong><\/p>\n\n\n\n<p>Hola a todos!<\/p>\n\n\n\n<p>Aqu\u00ed estamos, siguiendo desde Madrid los progresos de nuestros queridos, admirados y envidiados LOES!<\/p>\n\n\n\n<p>Llegaron a campamento el mismo d\u00eda 8, ya de noche. Ayer descargaron el cami\u00f3n, ellos solitos contra el cami\u00f3n entero&#8230; no est\u00e1 mal, tocan a 6 metros c\u00fabicos por persona! Tambi\u00e9n se encontraron con caballos pasando por la campa. Pobres caballos, no saben el jaleo que se les viene encima&#8230; \ud83d\ude09<\/p>\n\n\n\n<p>Hoy hemos visto que han empezado a montar la estructura de comedor. Este a\u00f1o tiene cierta dificultad porque el suelo no es tan llano como otros a\u00f1os. Seguro que consiguen que quede bien. Y si no, pues comeremos en un \u00abcomedor desestructurado\u00bb&#8230;<\/p>\n\n\n\n<p>Y los que estamos en Madrid, \u00bfqu\u00e9 tal esos nervios? \u00bfYa est\u00e1 hecho el macuto? \u00bf\u00daltimas compras? \u00bfPilas? \u00bfsobres y sellos? \u00bfbr\u00fajula, navaja (para los que puedan llevarla)? \u00bftodo marcado?<\/p>\n\n\n\n<p>Ah, y muy importante: \u00bfqu\u00e9 tal esos pelos? Ya sab\u00e9is que los piojos no tienen permitida la entrada a campamento&#8230; (y que los LOES al final no usaron el lanzallamas para despejar el cuarto de material de la parroquia, as\u00ed que ha quedado disponible para el procedimiento de \u00abdespiojamiento en caliente\u00bb).<\/p>\n\n\n\n<p>\u00bf\u00daltimos d\u00edas de juegos con consolas, m\u00f3viles, ordenadores&#8230;? No os precup\u00e9is, que ya queda poco para la \u00abcura de desintoxicaci\u00f3n electr\u00f3nica\u00bb! En el campamento podremos disfrutar de algo mejor que la Realidad Aumentada (AR) y la Realidad Virtual (VR): la Realidad Real (RR)!!&nbsp; La RR se distingue por conseguir una visi\u00f3n con resoluci\u00f3n insuperable, incluso superior al 4K, HDR, con verdadera sensaci\u00f3n tridimensional, 360\u00ba con retardo nulo en el movimiento, los colores m\u00e1s reales, el negro m\u00e1s puro (si no llevas linterna), sonido envolvente de 16 bits a 500 voces, olor a pino, tigre, caballo y bo\u00f1iga silvestre (esto s\u00ed que es el OLED aut\u00e9ntico), adem\u00e1s del tacto con aut\u00e9ntica sensaci\u00f3n hiper realista de calor, fr\u00edo, viento en la cara y aplastujamiento nocturno, por no hablar del sentido del gusto de disfrutar de la comida de Caba\u00f1a, que tiene tantos Michelines como estrellas. \u00a1Bienvenidos a la RR! \ud83d\ude00<\/p>\n\n\n\n<p>Ay, qu\u00e9 poco nos queda!<\/p>\n\n\n\n<p>Un abrazo!<\/p>\n\n\n\n<hr class=\"wp-block-separator has-css-opacity\"\/>\n\n\n\n<p><strong>8 DE JULIO:<\/strong><\/p>\n\n\n\n<p>Bueno, si est\u00e1s leyendo esto es que tienes ganas de que aqu\u00ed empiece a aparecer algo&#8230; \u00a1Nosotros tambi\u00e9n! \u00a1Te damos la bienvenida!<\/p>\n\n\n\n<p>Hoy ha sido un gran d\u00eda: las unidades mayores y scouters han cargado el cami\u00f3n y ya ha salido hacia el sitio de campamento, y tambi\u00e9n ha salido la comisi\u00f3n de LOES. As\u00ed que podemos decir que hoy ha empezado el campamento!<\/p>\n\n\n\n<p>Tambi\u00e9n hemos inaugurado el primer \u00e1lbum de fotos de este campamento, en el que iremos poniendo las fotos del 8 al 13 de julio (el enlace est\u00e1 arriba del todo de esta p\u00e1gina, donde iremos poniendo todos los enlaces a todos los \u00e1lbumes).<\/p>\n\n\n\n<p>Este a\u00f1o el cami\u00f3n no es el habitual de \u00abGallego e hijos\u00bb, no sabemos por qu\u00e9, pero lo investigaremos&#8230; La carga ha ido muy bien, ha cabido todo aunque, como siempre, el cami\u00f3n va cargado hasta la bandera y la puerta ha cerrado justita. \u00a113 metros de largo cargados de ilusi\u00f3n! Parece mentira todo lo que cabe ah\u00ed en ese cami\u00f3n. Lo que, embalado, cabe en un cami\u00f3n y un contenedor (que, por cierto, tambi\u00e9n estar\u00e1 camino de campamento, pero no ha pasado por la parroquia), una vez montado es impresionante: el comedor con sus 700 metros cuadrados, tiendas enormes como las de Sanidad y Material (llenas de cosas!), la capilla, tiendas para 500 personas, el m\u00e1stil, un escenario de 12 metros con tel\u00f3n, luces y sonido&#8230;, comida para raids de todas las unidades, decoraciones de parcelas, disfraces, material para juegos&#8230; \u00a1hay que verlo montado para creerlo!<\/p>\n\n\n\n<p>La comisi\u00f3n de LOES ha salido, de uniforme como mandan los c\u00e1nones, en la furgoneta y otro coche. Diez scouters, a los que hoy ha acompa\u00f1ado tambi\u00e9n Jorge, nuestro Jefe de Grupo, que ha ido con ellos (pero no os preocup\u00e9is, que volver\u00e1 a Madrid para salir con todo el grupo el d\u00eda 14). Entre todos van a montar el campamento, para que cuando lleguemos encontremos lo m\u00e1s importante ya preparado. Sobre todo el comedor, con sus toldos puestos, para poder meternos debajo por si lleg\u00e1ramos lloviendo. Y tambi\u00e9n las letrinas, que este a\u00f1o seguir\u00e1n siendo de cabina qu\u00edmica, para que cuando lleguemos est\u00e9n utilizables. Hoy domingo, los LOES llegar\u00e1n al campamento por la noche, y de lunes a viernes estar\u00e1n montando todo, trabajando much\u00edsimo, porque son pocos y hay que montar muchas cosas. \u00a1\u00a1Muchas gracias LOES!!<\/p>\n\n\n\n<p>El Pater (el Padre Jos\u00e9 Luis), que fue el fundador del Grupo Scout junto con Pepe y Mavi, ha hablado con ellos antes de su salida y les ha dado la bendici\u00f3n. Es una suerte que, despu\u00e9s de tantos a\u00f1os, haya vuelto a la parroquia que \u00e9l fund\u00f3.<\/p>\n\n\n\n<p>\u00a1Esto ya est\u00e1 en marcha!<\/p>\n\n\n\n<p>\u00bfYa tienes hecho el macuto?<\/p>\n\n\n\n<hr class=\"wp-block-separator has-css-opacity\"\/>\n\n\n\n<p><strong>7 DE JULIO:<\/strong><\/p>\n\n\n\n<p>Holaaaaaa!!<\/p>\n\n\n\n<p>Aqu\u00ed estamos un a\u00f1o m\u00e1s!!<\/p>\n\n\n\n<p>Estamos nerviositos porque ya quedan unos pocos d\u00edas para que comience el campamento! Desde estas p\u00e1ginas podr\u00e9is seguir lo y disfrutar con nosotros.<\/p>\n\n\n\n<p>Para los scouts, el campamento de verano es lo mejor del a\u00f1o. Como dec\u00eda el mism\u00edsimo Lope de Vega, que tambi\u00e9n estaba enamorado del campamento de verano, en aquel famoso soneto:<\/p>\n\n\n\n<p><em><strong>Desmayarse, atreverse, estar nervioso,<\/strong><\/em><\/p>\n\n\n\n<p><em><strong>temeroso del raid, dudoso, esquivo,<\/strong><\/em><\/p>\n\n\n\n<p><em><strong>alentado, cargado, muerto, vivo,<\/strong><\/em><\/p>\n\n\n\n<p><em><strong>como el art\u00edculo ocho, animoso;<\/strong><\/em><\/p>\n\n\n\n<p><\/p>\n\n\n\n<p><em><strong>no hallar fuera de all\u00ed centro y reposo,<\/strong><\/em><\/p>\n\n\n\n<p><em><strong>mostrarse en el pasillo esculta altivo,<\/strong><\/em><\/p>\n\n\n\n<p><em><strong>en la broma nocturna fugitivo,<\/strong><\/em><\/p>\n\n\n\n<p><em><strong>estar de tu unidad siempre orgulloso;<\/strong><\/em><\/p>\n\n\n\n<p><\/p>\n\n\n\n<p><em><strong>estar feliz en clan, con los de mi a\u00f1o,<\/strong><\/em><\/p>\n\n\n\n<p><em><strong>beber el agua de la presa suave,<\/strong><\/em><\/p>\n\n\n\n<p><em><strong>en manada en el r\u00edo, gozar del ba\u00f1o;<\/strong><\/em><\/p>\n\n\n\n<p><\/p>\n\n\n\n<p><em><strong>creer que el cielo en una campa cabe,<\/strong><\/em><\/p>\n\n\n\n<p><em><strong>dar la vida y el alma sin enga\u00f1o;<\/strong><\/em><\/p>\n\n\n\n<p><em><strong>esto es campa, quien lo prob\u00f3 lo sabe.<\/strong><\/em><\/p>\n","protected":false},"excerpt":{"rendered":"<p>Desde Duruelo de la Sierra, Soria, del 14 al 29 de julio,&nbsp;actualizaremos d\u00eda a d\u00eda las noticias y las&nbsp;fotos. Comenta en&nbsp;Facebook Grupo Scout 284 y en Twitter:&nbsp;@scouts284 CORREOS RECIBIDOS enviados por vosotros a:&nbsp;scouts284@gmail.com 3 DE OCTUBRE: \u00a1Buenos d\u00edas, amigos! \u00a1A buenas horas, mangas verdes! Pues s\u00ed, ya han pasado m\u00e1s [&hellip;]<\/p>\n","protected":false},"author":2,"featured_media":0,"parent":463,"menu_order":0,"comment_status":"closed","ping_status":"closed","template":"","meta":{"footnotes":""},"class_list":["post-468","page","type-page","status-publish","hentry"],"jetpack_sharing_enabled":true,"_links":{"self":[{"href":"https:\/\/www.scouts284.org\/index.php\/wp-json\/wp\/v2\/pages\/468","targetHints":{"allow":["GET"]}}],"collection":[{"href":"https:\/\/www.scouts284.org\/index.php\/wp-json\/wp\/v2\/pages"}],"about":[{"href":"https:\/\/www.scouts284.org\/index.php\/wp-json\/wp\/v2\/types\/page"}],"author":[{"embeddable":true,"href":"https:\/\/www.scouts284.org\/index.php\/wp-json\/wp\/v2\/users\/2"}],"replies":[{"embeddable":true,"href":"https:\/\/www.scouts284.org\/index.php\/wp-json\/wp\/v2\/comments?post=468"}],"version-history":[{"count":32,"href":"https:\/\/www.scouts284.org\/index.php\/wp-json\/wp\/v2\/pages\/468\/revisions"}],"predecessor-version":[{"id":3415,"href":"https:\/\/www.scouts284.org\/index.php\/wp-json\/wp\/v2\/pages\/468\/revisions\/3415"}],"up":[{"embeddable":true,"href":"https:\/\/www.scouts284.org\/index.php\/wp-json\/wp\/v2\/pages\/463"}],"wp:attachment":[{"href":"https:\/\/www.scouts284.org\/index.php\/wp-json\/wp\/v2\/media?parent=468"}],"curies":[{"name":"wp","href":"https:\/\/api.w.org\/{rel}","templated":true}]}}