{"id":1568,"date":"2022-07-12T00:22:36","date_gmt":"2022-07-11T22:22:36","guid":{"rendered":"http:\/\/www.scouts284.org\/?page_id=1568"},"modified":"2025-03-15T20:31:38","modified_gmt":"2025-03-15T19:31:38","slug":"campamento-virtual-covaleda-2022","status":"publish","type":"page","link":"https:\/\/www.scouts284.org\/index.php\/campamento-2022\/campamento-virtual-covaleda-2022\/","title":{"rendered":"Campamento virtual Covaleda 2022"},"content":{"rendered":"<p><a href=\"https:\/\/www.scouts284.org\/index.php\/campamento-2022\/\">Pincha aqu\u00ed para volver a la p\u00e1gina principal del Campamento 2022<\/a>.<\/p>\n<p>Desde esta p\u00e1gina iremos contando cada d\u00eda las \u00faltimas noticias de nuestro campamento desde Covaleda, Soria. \ud83d\ude03<\/p>\n<p>Todas las noches intentaremos<em> (ojo, que no siempre se puede)<\/em> ir poniendo la cr\u00f3nica diaria y fotos de las actividades que hemos hecho para que pod\u00e1is seguir el campa desde Madrid.<\/p>\n<p>Tambi\u00e9n leemos los\u00a0<strong>correos<\/strong> <strong>electr\u00f3nicos\u00a0<\/strong>que nos vais enviando a lo largo de todo el campamento a\u00a0<strong><a href=\"mailto:scouts284.2@gmail.com\">scouts284.2@gmail.com<\/a><\/strong>\u00a0as\u00ed que os animamos a todos a escribir :-). Estos correos son en general para todo el campamento, no se los leemos a los ni\u00f1os, pero alguno lo leemos por la noche en el Kraal, y los publicamos en la <strong><a href=\"https:\/\/www.scouts284.org\/index.php\/campamento-2022\/correos-enviados-a-covaleda-2022\/\">p\u00e1gina de correos enviados a campamento<\/a><\/strong>.<\/p>\n<p>Y como siempre, se pueden mandar\u00a0<strong>cartas<\/strong> (s\u00ed, de las de papel)\u00a0a campamento. A los peque\u00f1os les hace much\u00edsima ilusi\u00f3n recibir una, <em>\u00a1si vuestro hijo es castor que no se quede sin su carta!<\/em> Estas cartas s\u00ed se las repartimos a los ni\u00f1os, a cada uno la suya, durante las comidas. Es importante que indiqu\u00e9is el nombre y unidad de vuestro hijo, y esta es la <strong>direcci\u00f3n de correo postal<\/strong>:<\/p>\n<blockquote class=\"wp-block-quote\"><p>&lt;Nombre del ni\u00f1o&gt;<\/p>\n<p>&lt;Unidad&gt;<\/p>\n<p>Campamento Grupo Scout 284 Reina del Cielo<\/p>\n<p>Campamento Juvenil Raso de la Nava<\/p>\n<p>42157 \u2013 Covaleda<\/p>\n<p>Soria<\/p><\/blockquote>\n<p>Tambi\u00e9n puedes seguirnos en<strong>\u00a0<a rel=\"noreferrer noopener\" href=\"https:\/\/www.facebook.com\/groups\/28429452137\/\" target=\"_blank\">Facebook Grupo Scout 284<\/a><\/strong> y en Twitter:\u00a0<a rel=\"noreferrer noopener\" href=\"https:\/\/twitter.com\/scouts284\" target=\"_blank\"><strong>@scouts284<\/strong><\/a><\/p>\n<h2>\u00c1lbumes de fotos:<\/h2>\n<p>Estos son los enlaces a los \u00e1lbumes de fotos de Google Fotos: (total: 12 fotos en 1 \u00e1lbum):<\/p>\n<ul>\n<li><strong><a href=\"https:\/\/photos.app.goo.gl\/yZwxC7SJweSm2pRA8\" target=\"_blank\" rel=\"noopener\">Fotos del 11 al 14 de julio de 2022<\/a><\/strong><\/li>\n<li><a href=\"https:\/\/photos.app.goo.gl\/4HGjCNT6yNVtYqEE9\"><strong>Fotos del 15 al 16 de julio de 2022<\/strong><\/a><\/li>\n<li><a href=\"https:\/\/photos.app.goo.gl\/oJ6NsbxGjUt7E5jY7\"><strong>Fotos del 17 al 18 de julio de 2022<\/strong><\/a><\/li>\n<li><a href=\"https:\/\/photos.app.goo.gl\/c1b7LU6KnXsSXfQEA\"><strong>Fotos del 19 al 20 de julio de 2022<\/strong><\/a><\/li>\n<li><a href=\"https:\/\/photos.app.goo.gl\/4gujQnWtmi7FYUrVA\"><strong>Fotos del 21 al 22 de julio de 2022<\/strong><\/a><\/li>\n<li><a href=\"https:\/\/photos.app.goo.gl\/J5aPXuk5TTsHzLuEA\"><strong>Fotos del 23 de julio de 2022<\/strong><\/a><\/li>\n<li><a href=\"https:\/\/photos.app.goo.gl\/hmK8cctyq4tsuGHU6\"><strong>Fotos del 24 al 25 de julio de 2022<\/strong><\/a><\/li>\n<li><a href=\"https:\/\/photos.app.goo.gl\/Q5sura3iBC8dDUgH7\"><strong>Fotos del 26 de julio de 2022<\/strong><\/a><\/li>\n<li><a href=\"https:\/\/photos.app.goo.gl\/ggcM4UAPxv17BEZr9\"><strong>Fotos del 27 de julio de 2022<\/strong><\/a><\/li>\n<li><a href=\"https:\/\/photos.app.goo.gl\/EnXmNHU45swYqGtx6\"><strong>Fotos del 28 de julio de 2022<\/strong><\/a><\/li>\n<li><a href=\"https:\/\/photos.app.goo.gl\/kBrKLag7eyMJvudK7\"><strong>Fotos del 29 de julio de 2022<\/strong><\/a><\/li>\n<li><a href=\"https:\/\/photos.app.goo.gl\/8cQ9bT5uVPsFEmBc8\"><strong>Fotos del 30 de julio de 2022<\/strong><\/a><\/li>\n<li><a href=\"https:\/\/photos.app.goo.gl\/WUNTvn3ivkmm9Xet6\"><strong>Foto oficial del Grupo completo &#8211; Covaleda 2022<\/strong><\/a><\/li>\n<li><a href=\"https:\/\/photos.app.goo.gl\/xdRX19goasVajPPc6\"><strong>Memes de Plays<\/strong><\/a><\/li>\n<li><a href=\"https:\/\/photos.app.goo.gl\/fchzpzgkFAhQZgXr9\"><strong>Fotos del Raid de la Comunidad Rover (Comuna)<\/strong><\/a><\/li>\n<li><a href=\"https:\/\/photos.app.goo.gl\/asjCYuktdzEQWV5t8\"><strong>Fotos del Raid del Clan Rover Isengard<\/strong><\/a><\/li>\n<li><a href=\"https:\/\/photos.app.goo.gl\/cDqYkXZS6XNFvLZx8\"><strong>Fotos del Raid de la Unidad Esculta Imohag<\/strong><\/a><\/li>\n<li><a href=\"https:\/\/photos.app.goo.gl\/r76ENSPyTU8K8bpr6\"><strong>Fotos del Raid de la Unidad Esculta Keltisch<\/strong><\/a><\/li>\n<li><a href=\"https:\/\/photos.app.goo.gl\/TzDZDExfPMRwU1yZ9\"><strong>Fotos del Raid de la Unidad Esculta Kreen Akrore<\/strong><\/a><\/li>\n<li><a href=\"https:\/\/photos.app.goo.gl\/Ux2sxbq4TiCQHzEw8\"><strong>Fotos del Raid de la Tropa Scout Basiliscos<\/strong><\/a><\/li>\n<li><a href=\"https:\/\/photos.app.goo.gl\/sbzCYUbaAPfmzFkg7\"><strong>Fotos del Raid de la Tropa Scout Centauros<\/strong><\/a><\/li>\n<li><a href=\"https:\/\/photos.app.goo.gl\/2hiSc6ythFsMtwJu5\"><strong>Fotos del Raid de la Tropa Scout Wargos<\/strong><\/a><\/li>\n<li><a href=\"https:\/\/photos.app.goo.gl\/aDefH1YkGTiyj1icA\"><strong>Fotos del Raid de la Manada de Lobatos Dewanee<\/strong><\/a><\/li>\n<li><strong><a href=\"https:\/\/www.youtube.com\/watch?v=6n2TuQxhkLc\">Festival de la Canci\u00f3n Covaleda 2022 en YouTube Parte 1<\/a>, <a href=\"https:\/\/www.youtube.com\/watch?v=uCg1YgrbvtY\">Parte 2<\/a><\/strong><\/li>\n<li><strong><a href=\"https:\/\/www.youtube.com\/watch?v=akuHgYMDBnA\">Fuego de Campamento Covaleda 2022 en YouTube Parte 1<\/a>, <a href=\"https:\/\/www.youtube.com\/watch?v=ehtZ0m7Cwzs\">Parte 2<\/a><\/strong><\/li>\n<\/ul>\n<h1>Cuaderno de caza<\/h1>\n<h2>29 de julio<\/h2>\n<p>Escribo esto el d\u00eda 29 por la tarde, en previsi\u00f3n de que esta noche tampoco podremos procesar fotos ni escribiros. Esta noche tenemos la \u00abcena de jefes\u00bb, que celebramos todos los scouters (incluidos los de Caba\u00f1a) y tambi\u00e9n la Comuna. Los ni\u00f1os tambi\u00e9n tendr\u00e1n una cena especial, ya en sus parcelas, sin mesas (porque estar\u00e1n desmontadas), comer\u00e1n bocadillos, refrescos, patatas fritas&#8230;<\/p>\n<p>A estas horas de la tarde (pasadas las cinco) ya estamos empezando a desmontar el campamento. Esta ma\u00f1ana hemos celebrado los pases de unidad, tan emocionante como siempre, y ahora toca desmontar y embalar todo, menos las tiendas, que las desmontaremos ma\u00f1ana.<\/p>\n<p>Todo ha ido muy bien estos \u00faltimos d\u00edas que no hemos podido escribiros, falta culminarlo con la recogida y el regreso a Madrid!<\/p>\n<p>Como dec\u00eda la carta de padres, esperamos llegar a Madrid el d\u00eda 30 sobre las 19:00.<\/p>\n<p>Hasta ma\u00f1ana!!<\/p>\n<h2>28 de julio<\/h2>\n<p>Escribo esto el d\u00eda 29 por la tarde: el d\u00eda 28 de julio fue un d\u00eda intenso de ceremonias durante la ma\u00f1ana y la tarde, pero la noche fue todav\u00eda m\u00e1s intensa, porque celebramos el Fuego de Campamento, que tambi\u00e9n transmitimos por YouTube. Esta vez nos acostamos todav\u00eda m\u00e1s tarde, pasadas las dos de la ma\u00f1ana, as\u00ed que tampoco hubo tiempo para fotos ni cr\u00f3nica, pero volveremos!!<\/p>\n<h2>27 de julio<\/h2>\n<p>Escribo esto el d\u00eda 29 por la tarde: el d\u00eda 27 de julio no pudimos escribir el \u00abcuaderno de caza\u00bb porque la Caba\u00f1a tuvimos por la noche una vela de armas de dos le\u00f1adores: Sonia que iba a hacer su promesa al d\u00eda siguiente, y Reyes, que iba a recibir su investidura de le\u00f1adora. Nos fuimos a la casa muy tarde y ya no hubo tiempo para procesar las fotos ni subirlas, y tampoco para escribiros. Pero lo escribiremos m\u00e1s adelante.<\/p>\n<h2>26 de julio<\/h2>\n<p>Buenos d\u00edas, amigos!<\/p>\n<p>Como dec\u00edamos ayer, estamos en la recta final del campamento!! Estamos escribi\u00e9ndoos ahora, ya a la ma\u00f1ana siguiente, porque ayer fue el Festival de la Canci\u00f3n y acab\u00f3 muy tarde, y nosotros acabamos a\u00fan m\u00e1s tarde de recoger todo el montaje de luz, sonido, retransmisi\u00f3n y fotograf\u00eda.<\/p>\n<p>Ayer llegaron los escultas a campamento, las tras unidades: Keltish, Kreen Akrore e Imohag. En las fotos ver\u00e9is algunas de las bromas que consiguieron \u00abcolarles\u00bb a la guardia, que estuvo compuesta por los troperos de F\u00e9nix las primeras horas y luego una manada de lobatos, que pillaron a muchos escultas, pero no a todos! Como el duelo entre escultas y lobatos es bastante desigual, a los lobatos les dejamos nuestras mejores linternas, de esas que parecen lo focos de una c\u00e1rcel&#8230;\u00a0 as\u00ed que el campamento por la noche fue un gran juego de acecho. Incluso alguna carrera nos despert\u00f3 en alg\u00fan momento. El pinar es muy oscuro porque los pinos hacen sombra a la poca luz que dan las estrellas, y si la guardia se queda quieta con sus linternas apagadas, simplemente esperando a escuchar o ver alg\u00fan movimiento, en el momento justo apuntan con el foco al \u00abintruso\u00bb y le pillan \u00abin fraganti\u00bb&#8230;<\/p>\n<p>Muchas gracias por participar en el Festival desde vuestras casas!! Llegamos a un pico de 198 conexiones simult\u00e1neas, y como en muchos casos sois varias personas las que os junt\u00e1is en una casa para ver el Festival por YouTube, ese n\u00famero de conexiones significa un n\u00famero mucho mayor de espectadores, probablemente m\u00e1s que aqu\u00ed en campamento!<\/p>\n<p>Adem\u00e1s, tuvimos a los grupos scouts de C\u00e1diz y Murcia con nosotros, e incluso actuaron cantando una canci\u00f3n todo el grupo junto en el caso de los de Murcia, y bailando (y muy bien) otra canci\u00f3n los de C\u00e1diz. Fue muy bonito compartir algo tan bonito con otros grupos scouts. El mundo es maravilloso cuando todo el mundo aporta todo lo positivo que puede aportar.<\/p>\n<p>Para los que no pudisteis conectaros, os recordamos el enlace a nuestro canal de YouTube:<\/p>\n<p><a href=\"https:\/\/www.youtube.com\/c\/GrupoScout284ReinadelCielo\/featured\">https:\/\/www.youtube.com\/c\/GrupoScout284ReinadelCielo\/featured<\/a><\/p>\n<p>Y tambi\u00e9n los enlaces a los dos v\u00eddeos (\u00abparte 1\u00bb y \u00abparte2\u00bb) en los que qued\u00f3 dividida la retransmisi\u00f3n.<\/p>\n<p><iframe loading=\"lazy\" title=\"Festival de la canci\u00f3n - Covaleda 2022 Parte 1\" width=\"750\" height=\"422\" src=\"https:\/\/www.youtube.com\/embed\/6n2TuQxhkLc?feature=oembed\" frameborder=\"0\" allow=\"accelerometer; autoplay; clipboard-write; encrypted-media; gyroscope; picture-in-picture; web-share\" referrerpolicy=\"strict-origin-when-cross-origin\" allowfullscreen><\/iframe><\/p>\n<p><iframe loading=\"lazy\" title=\"Festival de la canci\u00f3n - Covaleda 2022 Parte 2\" width=\"750\" height=\"422\" src=\"https:\/\/www.youtube.com\/embed\/uCg1YgrbvtY?feature=oembed\" frameborder=\"0\" allow=\"accelerometer; autoplay; clipboard-write; encrypted-media; gyroscope; picture-in-picture; web-share\" referrerpolicy=\"strict-origin-when-cross-origin\" allowfullscreen><\/iframe><\/p>\n<p>El corte se debi\u00f3 a una interrupci\u00f3n de la conexi\u00f3n m\u00f3vil desde la que transmitimos. La verdad es que no podemos quejarnos porque la conexi\u00f3n fue muy estable (otros a\u00f1os se ha ca\u00eddo mucho m\u00e1s), y pudimos transmitir en 1080p a 30 fps, con 3690 Kbps de subida (3,5 Mbps de v\u00eddeo y 190 kbps de audio). No hac\u00edamos una retransmisi\u00f3n de un Festival desde el campamento de 2019, y desde entonces, gracias a la pandemia, hemos aprendido mucho de c\u00f3mo retransmitir. Antes us\u00e1bamos una \u00fanica c\u00e1mara y su micr\u00f3fono de ambiente para transmitir, y ayer usamos 3 c\u00e1maras (entre las que \u00edbamos cambiando) y 2 fuentes de audio, una con el audio directo de la mesa de mezclas (por eso se escuchaba tan bien, era el sonido limpio!) y otra fuente de audio de una de las c\u00e1maras, que era la que usaba Alimoche para hacer sus comentarios, que fueron tan aplaudidos por los espectadores en el chat. Por cierto, esta vez Jorge, que fue el realizador del v\u00eddeo, tambi\u00e9n animaba el chat de YouTube, as\u00ed que, por muchas razones, fue la mejor retransmisi\u00f3n que hemos hecho hasta la fecha.\u00a0 \ud83d\ude42<\/p>\n<p>Estos fueron los premiados del Festival:<\/p>\n<ul>\n<li>Primer premio: Tropa Scout Centauros<\/li>\n<li>Segundo premio: Tropa Esculta Imohag<\/li>\n<li>Tercer premio: Manada de Lobatos Segowlee<\/li>\n<\/ul>\n<p>\u00a1\u00a1Enhorabuena a todos, especialmente a Centauros!!<\/p>\n<p>Por cierto, hablando del tiempo, \u00faltimamente por las noches hace ya fr\u00edo. Ayer en el Festival, aunque \u00edbamos con 3 capas de ropa (camiseta, camisa o sudadera, y un forro polar fino) al final ten\u00edamos fr\u00edo. Y eso que estamos en Soria, que si estuvi\u00e9ramos m\u00e1s al norte estar\u00edamos poni\u00e9ndonos el abrigo todas las noches.<\/p>\n<p>La comida sigue siendo igual de rica estos d\u00edas tan agitados, ahora que ya estamos todos en campamento y la cocina funciona a tope. Ayer cenamos unas empanadillas riqu\u00edsimas, que por suerte se pueden comer con la mano sin cubiertos, y es la cena perfecta para com\u00e9rsela r\u00e1pido mientras terminas de preparar el Festival. Los chavales tuvieron primer plato, ellos s\u00ed que fueron al comedor y comieron sentados, aunque la cena fue antes de lo normal y los jefes comieron con los ni\u00f1os para empezar pronto el Festival.<\/p>\n<p>Ma\u00f1ana (por hoy) ser\u00e1 d\u00eda de consejos, un tema muy importante!!!<\/p>\n<p>Buena caza!<\/p>\n<h2>25 de julio<\/h2>\n<p>Buenas noches familias!<\/p>\n<p>Ay, madre m\u00eda, que estamos en la recta final!! Ma\u00f1ana es el Festival de la Canci\u00f3n, y a partir de ah\u00ed es un no parar.<\/p>\n<p>Hoy iba a ser todav\u00eda un d\u00eda tranquilo, je, je, iba a serlo&#8230; Pero resulta que era el d\u00eda de Castores! Es el d\u00eda que los scouters de castores tienen de descanso, desde despu\u00e9s de la hora de canto (que es despu\u00e9s del desayuno de los jefes) hasta antes de la misa. Normalmente, el d\u00eda de Castores, los castores se quedan a cargo de la Caba\u00f1a, que se ocupa de jugar con ellos, hacer talleres&#8230; que sus scouters nos dejan preparados, y tambi\u00e9n solemos montarles alguna actividad especial. Este a\u00f1o, ha sido Ruyclan los encargados de hacer los juegos y talleres con los castores,, y tambi\u00e9n de servirles la comida en el comedor, mientras que la Caba\u00f1a nos hemos ocupado de esa actividad especial, que ha sido un puente mono de 2 cuerdas. Ver\u00e9is en las fotos que lo han pasado todos, y lo han disfrutado mucho.<\/p>\n<p>Ma\u00f1ana entrar\u00e1n en campamento los escultas, y ya est\u00e1n por las inmediaciones de campamento&#8230; \ud83d\ude42\u00a0 Eso quiere decir que esta noche har\u00e1n broma a la guardia! Veremos si la guardia consigue pillarles. Y ma\u00f1ana nos contar\u00e1n sus aventuras por Picos de Europa!<\/p>\n<p>Hoy hemos tenido misa, por ser el d\u00eda de Santiago. Como todos los a\u00f1os cae esta fiesta en campamento, estamos acostumbrados a leer esa lectura en la que, precisamente la madre de Santiago le pide a Jes\u00fas que sus hijos sean muy importantes, y Jes\u00fas responde explicando que \u00abel que quiera ser el m\u00e1s importante sea el servidor de todos\u00bb. Estas palabras de Jes\u00fas encajan perfectamente con el esp\u00edritu scout, de estar \u00absiempre listos para servir\u00bb (que es lo que abreviamos como \u00abSLPS\u00bb) .<\/p>\n<p>Pero este a\u00f1o las lecturas de la misa han sido otras, por elecci\u00f3n de nuestro consiliario. Han tratado sobre lla ofensa y el perd\u00f3n, con la lectura de la par\u00e1bola del hijo pr\u00f3digo. \u00bfY por qu\u00e9 Juan Antonio ha querido tratar el tema del perd\u00f3n? Pues resulta que ha habido una ofensa y una petici\u00f3n de perd\u00f3n importantes: algunos troperos de nuestro grupo se enzarzaron con scouts de otro de los grupos scouts con los que compartimos campamento, los de Calatayud. Al parecer la discusi\u00f3n se origin\u00f3 en los fregaderos que compartimos con ellos, e incluy\u00f3 algo de rivalidad futbol\u00edstica, y termin\u00f3 con amagos de \u00abllegar a las manos\u00bb, aunque no lleg\u00f3 a haber pelea. Hasta aqu\u00ed la ofensa. Lo bonito ha sido la petici\u00f3n de perd\u00f3n: las 4 tropas scouts de nuestro grupo han ido a la parcela del otro grupo scout, han formado all\u00ed, de uniforme, encabezados por Guillermo, y han pedido perd\u00f3n al otro grupo scout. Los del otro grupo scout se han quedado muy sorprendidos al principio, y luego han aceptado las disculpas y\u00a0 tambi\u00e9n han pedido perd\u00f3n por su parte de culpa. Como dice Miriam Rojas Estap\u00e9, y nos ha recordado Juan Antonio en la Eucarist\u00eda, en cualquier situaci\u00f3n de ofensa, que el m\u00e1s generoso pida perd\u00f3n primero.<\/p>\n<p>Hoy no nos ha dado tiempo a subir las fotos, las subiremos ma\u00f1ana, aunque a partir de ma\u00f1ana se complica la cosa porque se acumulan los acontecimientos&#8230;<\/p>\n<p>Un abrazo!<\/p>\n<p>SLPS<\/p>\n<h2>24 de julio<\/h2>\n<p>Buenas noches desde campamento!<\/p>\n<p>C\u00f3mo est\u00e1is? Esperamos que los que hay\u00e1is llegado a Madrid est\u00e9is bien a pesar del calor, y los que est\u00e9is todav\u00eda por aqu\u00ed est\u00e9is disfrutando mucho de la belleza de esta zona.<\/p>\n<p>Hoy ha sido un d\u00eda bastante tranquilo, de resaca del d\u00eda de padres y \u00abcalma que precede a la tempestad\u00bb, ya que los pr\u00f3ximos d\u00edas tendremos el Festival de la Canci\u00f3n (el d\u00eda 26), el Fuego de Campamento (el d\u00eda 28), los consejos y las ceremonias de etapas de progresi\u00f3n, los Pases de Unidad (el 29) y el regreso a Madrid (el 30).<\/p>\n<p>La noticia m\u00e1s importante del d\u00eda es que la Comuna ha vuelto de su raid, Est\u00e1n todos bien, y en el raid les han servido muchos de los conocimientos adquiridos en el cursillo de monitores.<\/p>\n<p>En las fotos ver\u00e9is algo de la broma del Clan a la guardia: han colgado ristras de chanclas en el comedor. La elecci\u00f3n de las chanclas no es casual, sino m\u00e1s bien humor\u00edstica: hace unos d\u00edas se dio la norma de que no se pod\u00eda ir en chanclas por campamento, salvo para ir la ducha. El motivo es principalmente m\u00e9dico: ha habido varias torceduras de tobillos al pisar en el suelo, que es irregular, y las chanclas resbalan y no sujetan nada el tobillo. Tambi\u00e9n hay un motivo m\u00e1s educativo en l\u00ednea con la espiritualidad scout: el scout debe estar \u00absiempre listo\u00bb para cualquier eventualidad que se presente, no \u00ablo m\u00e1s c\u00f3modo posible\u00bb. Por ejemplo, si hubiera que evacuar el campamento, o salir corriendo a cualquier cosa, en chanclas no se puede hacer mucho.<\/p>\n<p>A\u00fan no hemos hablado de la hora de canto: es un rato que se dedica todas las ma\u00f1anas para cantar todo el grupo juntos. Lo anima la Comisi\u00f3n de Canto o de Animaci\u00f3n, y sirve para que todos aprendamos canciones, sobre todo las m\u00e1s importantes, las que cantamos en las izadas y arriadas, y otras canciones \u00abhist\u00f3ricas\u00bb del grupo. Todos los a\u00f1os se preparan cancioneros para que todo el mundo se aprenda las letras, como pod\u00e9is ver en alguna foto. Este a\u00f1o las est\u00e1n haciendo muy animadas, y los ni\u00f1os se lo est\u00e1n pasando muy bien.<\/p>\n<p>Hablando de fotos, en los \u00e1lbumes tenemos desde ayer algunas fotos muy buenas de Chato, que es un experto en fotografiar fauna salvaje, no ni\u00f1os, y son cosas muy distintas, porque la fauna salvaje se mueve muy deprisa, no est\u00e1n pendientes de dejarse fotografiar, no miran a la c\u00e1mara, se acercan y se alejan aleatoriamente dificultando el enfoque&#8230;. y en cambio los ni\u00f1os, bueno, los ni\u00f1os&#8230; caramba, qu\u00e9 coincidencia!!!\u00a0 \ud83d\ude09<\/p>\n<p>Otro tema crucial del que no hemos hablado es del pelapatatas: qu\u00e9 ser\u00eda de nosotros sin el pelapatatas!! Es una m\u00e1quina divertid\u00edsima que pela varios kilos de patatas en un minuto, por pura erosi\u00f3n. Por arriba metes las patatas con piel y la manguera de agua, y por un agujerito van saliendo las patatas peladas. S\u00f3lo hay que repasarlas un poco, pero ahorra horas de trabajo!<\/p>\n<p>Y en las fotos ver\u00e9is tambi\u00e9n las alb\u00f3ndigas riqu\u00edsimas que nos hemos comido hoy, en una sopa de alb\u00f3ndigas con patatas riqu\u00edsima. Son alb\u00f3ndigas muy peque\u00f1itas, como es ya tradici\u00f3n en el Grupo, de forma que no quedan resecas ni duras por dentro, y te las comes de un bocado. Y en el caldito sabroso con patatas, te las comes sin darte cuenta. Ol\u00e9 por nuestras cocineras Luc\u00eda y Marieta!<\/p>\n<p>Tambi\u00e9n hemos hecho una ronda de fotos por las parcelas, para fotografiarlas ya terminadas, como las visteis ayer en el d\u00eda de padres (el d\u00eda anterior a alguna le faltaba todav\u00eda un poco).<\/p>\n<p>Ya se va notando el cansancio tras 10 d\u00edas de campamento, pero tambi\u00e9n ver\u00e9is en las fotos que las unidades (o por lo menos muchas) siguen haciendo su gimnasia ma\u00f1anera, aunque cada d\u00eda cuesta m\u00e1s salir del saco, y el tiempo para hacer algo de gimnasia antes de la izada se va quedando cada vez m\u00e1s limitado&#8230;<\/p>\n<p>Esta ma\u00f1ana hemos estado preparando la retransmisi\u00f3n del Festival de la Canci\u00f3n, que haremos por YouTube. Los que est\u00e1is suscritos al canal del Grupo Scout habr\u00e9is recibido alertas de que comenzaba una retransmisi\u00f3n en directo, disculpad por las molestias: eran s\u00f3lo pruebas. Hemos probado a transmitir utilizando hasta 3 c\u00e1maras y dos fuentes de sonido, de forma que podamos hacer \u00abrealizaci\u00f3n\u00bb, eligiendo la mejor imagen y el mejor sonido en cada momento. Esperamos que funcione bien el d\u00eda 26 a partir de las 10:00, que es la hora habitual, aunque ma\u00f1ana informaremos con m\u00e1s precisi\u00f3n. Para los que no lo teng\u00e1is en vuestros favoritos, el canal de YouTube del Grupo Scout es:<\/p>\n<p><a href=\"https:\/\/www.youtube.com\/c\/GrupoScout284ReinadelCielo\">https:\/\/www.youtube.com\/c\/GrupoScout284ReinadelCielo<\/a><\/p>\n<p>Tambi\u00e9n esperamos poder retransmitir el Fuego de Campamento, el d\u00eda 28 a la misma hora. Este a\u00f1o, el Festival de la Canci\u00f3n lo organiza y ameniza la Comuna. El Festival lo sol\u00eda organizar el Clan, y as\u00ed fue el a\u00f1o pasado, pero el Clan del a\u00f1o pasado no pudo celebrar el Festival que hab\u00edan preparado, porque se cancel\u00f3 el campamento a la mitad, y por eso este a\u00f1o es esa misma generaci\u00f3n, que ahora est\u00e1n en Comuna, la que presenta el Festival. Ser\u00e1 un Festival fant\u00e1stico, porque llevan m\u00e1s de un a\u00f1o prepar\u00e1ndolo! Y la generaci\u00f3n que ahora est\u00e1 en Clan, para que no se queden sin organizar otro gran espect\u00e1culo, van a preparar, presentar y amenizar el Fuego de Campamento, que normalmente presentaba la Comisi\u00f3n de Fuego, que es una comisi\u00f3n formada por scouters. En conclusi\u00f3n, este a\u00f1o la Comisi\u00f3n de Fuego no ha sido necesaria, ya que se ocupa el Clan.<\/p>\n<p>Ma\u00f1ana estaremos ya nerviosos con los ensayos para el Festival!!<\/p>\n<p>Buenas noches!!<\/p>\n<h2>23 de julio<\/h2>\n<p>Buenas noches, amigos!<\/p>\n<p>Hoy ha sido el d\u00eda de padres, y muchos de vosotros hab\u00e9is venido a vernos. Muchas gracias!!!<\/p>\n<p>Todo ha funcionado bien y ha sido un d\u00eda muy bueno, estamos cansados porque ha sido intenso, pero estamos muy contentos! \ud83d\ude42<\/p>\n<p>Esperamos que os\u00a0 haya gustado al organizaci\u00f3n del d\u00eda, la comida, la izada y la arriada, el juego y la Eucarist\u00eda que hemos celebrado junto con los otros grupos scouts de C\u00e1diz y de Murcia. Como hab\u00e9is visto, para la comida hemos vuelto al men\u00fa cl\u00e1sico de ensalada campera, pollo a la cerveza, sand\u00eda y sangr\u00eda. Estos \u00faltimos a\u00f1os hemos hecho men\u00fas m\u00e1s originales, pero este a\u00f1o hemos vuelto a lo tradicional.<\/p>\n<p>La izada y la arriada han sido durillas porque han sido a pleno sol, pero el resto de las actividades han sido en el pinar, donde se estaba mucho mejor.<\/p>\n<p>La Eucarist\u00eda ha sido muy bonita, especialmente el compartirla con los otros dos grupos scouts. Las canciones han sido en parte nuestras y en parte del grupo de Murcia, lo cual es enriquecedor. Hemos disfrutado celebrando nuestra fe con hermanos de otras regiones de Espa\u00f1a!<\/p>\n<p>Ha sido un d\u00eda emocionante y cansado, pero nos quedan por delante muchos d\u00edas emocionantes y tambi\u00e9n muy cansados, as\u00ed que&#8230; a disfrutarlos a tope!!<\/p>\n<p>Mil gracias a todos por venir, por participar en los juegos, por quedaros a comer, por vuestras palabras tan amables&#8230; \ud83d\ude42<\/p>\n<p>Buena caza!<\/p>\n<h2>22 de julio<\/h2>\n<p>Buenas noches, familias!<\/p>\n<p>Estamos escribiendo el d\u00eda 23 por la noche, es decir, por la noche del d\u00eda de padres. Ayer no pudimos escribir lo que hab\u00eda pasado el d\u00eda 22 por falta de tiempo, as\u00ed que os lo contamos ahora, aunque sea con retraso.<\/p>\n<p>El d\u00eda 22 fue el d\u00eda del regreso de sus raids de los lobatos y las tropas. En las fotos ver\u00e9is la entrada en campamento de una de las tropas. En las tropas, cada patrulla se presenta por separado: el gu\u00eda de patrulla presenta a su patrulla. Luego, los scouters piden permiso para entrar en campamento. En las manadas de lobatos, en cambio, las seisenas no se presentan, y simplemente los scouters piden permiso.<\/p>\n<p>El d\u00eda 22 nos levantamos con el resultado de varias bromas en el campamento. Eran bromas hechas por las tropas que llegaban durante el d\u00eda 22, concretamente las tropas F\u00e9nix, Basiliscos y Wargos. Centauros llegaba el 23 a primera hora, en cambio. F\u00e9nix puso mantel en casi todas las mesas del comedor, lo cual tiene mucho m\u00e9rito porque el comedor es la base de operaciones de la guardia!! Y tambi\u00e9n pusieron cartelitos de cart\u00f3n por todo el campamento, y adem\u00e1s izaron su bandera al m\u00e1stil y se pusieron a dormir alrededor del m\u00e1stil. Basiliscos se distingui\u00f3 por usar el papel film transparente para poner sus mensajes, forrando desde el comedor (otra vez el comedor!) y las puertas de varias parcelas. Wargos colg\u00f3 su bandera de una de las torretas de la puerta y una de sus camisetas de la otra torreta. En conjunto, buenas bromas, aunque hay que valorar que la guardia la hac\u00edan los castores, as\u00ed que es un enfrentamiento bastante desigual&#8230;<\/p>\n<p>Tambi\u00e9n hicimos una ronda de fotos de las parcelas, en la que pod\u00e9is ver las construcciones que las unidades han hecho (alguna estaba pendiente de terminar y la terminaron el 22 por la tarde o el 23 a primera hora). La mayor\u00eda son las puertas de sus parcelas, aunque tambi\u00e9n hay un banco de Segowlee, unos soportes para bidones de agua de Comuna, y unos percheros de Cherokee. Hay dos torretas, de Centauros y Basiliscos. La de Centauros tiene 8 puntales verticales, y la de Basiliscos tiene 4, y las dos tienen tablones para formar un suelo. Hay que reconocer el esfuerzo que han hecho algunas unidades por hacer parcelas mejores de lo habitual!<\/p>\n<p>Pero lo m\u00e1s llamativo del d\u00eda no fueron las bromas ni los regresos de las unidades, sino la alarma de incendio real que tuvimos. Sucedi\u00f3 todo muy deprisa: escuchamos pasar un helic\u00f3ptero que volaba muy bajo, casi rozando los pinos, y muy deprisa, que llevaba colgando una carga de agua. Segundos despu\u00e9s, son\u00f3 la sirena de emergencia (la que produce nuestro propio meg\u00e1fono). Esa misma sirena la hab\u00edamos escuchado el d\u00eda anterior en el simulacro de emergencia, pero el simulacro ya estaba hecho, as\u00ed que no pod\u00eda ser otro simulacro.\u00a0 \u00bfQu\u00e9 sab\u00eda el jefe de campo que no sab\u00edamos nosotros? Y tambi\u00e9n casi simult\u00e1neamente, empezamos a oler levemente a quemado. Todo encajaba. \u00a1\u00a1\u00a1Qu\u00e9 susto!!!<\/p>\n<p>Los\u00a0 ni\u00f1os reaccionaron muy bien, especialmente los castores: todos corrieron a sus parcelas, como manda el protocolo, para recibir instrucciones. Los castores, incluso ya fueron directamente a sus tiendas a sacar sus sacos y aislantes. Tras acudir a nuestra parcela, los jefes de unidad nos informaron de que la alarma era de un incendio real, que estaba a unos 4 Km, y de que cogi\u00e9ramos saco, aislante y cantimplora para evacuar el campamento. Unos dos minutos despu\u00e9s est\u00e1bamos otra vez reunidos en el centro de la parcela, con nuestros sacos y aislantes. Nuestros jefes de unidad, tras unos tensos minutos de espera, nos dijeron que no \u00edbamos a salir inmediatamente, sino que ten\u00edamos tiempo para coger algo m\u00e1s: lo mejor era que cogi\u00e9ramos los macutos, metiendo en ellos lo que consider\u00e1ramos m\u00e1s necesario o valioso, y con la idea de que podr\u00edamos tener que evacuar en unos minutos. Esto nos cost\u00f3 algo m\u00e1s: ya no era coger saco y aislante, sino decidir qu\u00e9 meter en el macuto. Y, despu\u00e9s de hacerlo, miramos lo que quedaba en la tienda pensando que quiz\u00e1s ser\u00eda la \u00faltima vez que ver\u00edamos esas cosas, y tambi\u00e9n la propia tienda. Pero daba a\u00fan m\u00e1s pena levantar la vista y mirar los pinos, tan altos, tan bonitos, y pensar que en una horas podr\u00edan ser m\u00e1stiles negros de carb\u00f3n. Creo que muchos sentimos una mezcla de tristeza tremenda con algo de miedo, y creo que muchos rezamos.<\/p>\n<p>Pasados unos quince minutos, esperando en el medio de la parcela con nuestros macutos, nuestros jefes de unidad nos informaron de que desde la Coordinaci\u00f3n se les informaba de que se estaba controlando el incendio. Buenas noticias. El helic\u00f3ptero segu\u00eda pasando a toda velocidad, creemos que iba a rellenar agua al embalse de la Cuerda del Pozo, y luego a descargar sobre el incendio, cerca de Duruelo. Iba y venia, y debi\u00f3 pasar por encima de nuestras cabezas unas diez o quince veces. Tambi\u00e9n vimos un cami\u00f3n de bomberos y un coche de Polic\u00eda entrar por la pista que llega al campamento.<\/p>\n<p>Todav\u00eda pas\u00f3 otra buena media hora hasta que nos dijeron que el incendio estaba totalmente controlado o extinguido, y que pod\u00edamos volver a nuestras actividades normales. Gracias a Dios!<\/p>\n<p>Al parecer, la causa del incendio fue una colilla mal apagada. Estamos en riesgo extremos de incendio y est\u00e1 prohibido fumar en toda la zona de pinar, que incluye el campamento y todos sus alrededores.<\/p>\n<p>Buena caza!<\/p>\n<h2>21 de julio<\/h2>\n<p>Buenas noches, familias!<\/p>\n<p>Aqu\u00ed estamos, escribi\u00e9ndoos ya al final del d\u00eda!! Hoy s\u00ed hay Kraal, y ya est\u00e1n en campamento las dos colonias de castores, Cherokee y Kiowa. Los de Cherokee han vuelto hoy, muy contentos, y al preguntarles si hab\u00edan andado mucho, uno dec\u00eda que han andado 17 Km!\u00a0 \ud83d\ude00<\/p>\n<p>Han dormido donde durmieron ayer los de Kiowa, en una especie de teatro municipal. La verdad es que la marcha desde el campamento a Duruelo es bastante corta, de unos 3 Km, sobre terreno llano y adem\u00e1s entre los pinos, as\u00ed que resulta muy agradable.<\/p>\n<p>Hoy ha sido el d\u00eda de Caba\u00f1a, y para celebrarlos nos hemos ido a comer todos juntos a un pueblo cercano, y por la ma\u00f1ana un grupo de 10 le\u00f1adores hemos subido al pico Urbi\u00f3n. Hemos subido desde el refugio de Fuente del Berro, cerca de Duruelo, pasando por el nacimiento del Duero, luego hemos hecho cumbre y\u00a0 despu\u00e9s hemos bajado pasando al lado de la Laguna Helada y luego por la Laguna Negra. Un paseo de unas 5 horas, muy agradable porque no hac\u00eda mucho calor, y con unas vistas y unos paisajes muy bonitos. Perdonad porque hoy monopolizamos las fotos del \u00e1lbum!<\/p>\n<p>Tambi\u00e9n hoy hemos terminado la puerta del campamento, por fin! Ha costado mucho trabajo pero esperamos que os guste el s\u00e1bado!!<\/p>\n<p>Ma\u00f1ana ya vuelven los lobatos y los troperos: va a ser un d\u00eda de muchos recibimientos y alegr\u00edas. Y, por tanto, esta noche va a ser una noche movidita: es la noche de las bromas de las unidades que entrar\u00e1n ma\u00f1ana en campamento. Las bromas consisten en que las unidades, aprovechando que ya est\u00e1n muy cerca del campamento, se acercan por la noche para tratar de burlar a la guardia. Es como un juego en el que la guardia trata de evitar que entren en campamento los \u00abintrusos\u00bb, y la unidad que hace la guardia trata de entrar en el campamento sin ser vistos, hacer algo llamativo que demuestre todo lo que han conseguido hacer sin que la guardia se d\u00e9 cuenta. Ha habido bromas muy buenas a lo largo de la historia. Para m\u00ed la mejor de la historia fue cuando el Clan at\u00f3 un caballo al m\u00e1stil sin que la guardia se diera cuenta.\u00a0 A ver si esta noche la guardia pilla a los \u00abbromistas\u00bb o si consiguen ejecutar su broma sin ser vistos!!\u00a0 \ud83d\ude42<\/p>\n<p>Sobre el raid de los Escultas, que est\u00e1n en Picos de Europa, nos ha llegado una noticia que en principio parec\u00eda preocupante pero al final no ha sido grave: han evacuado a una esculta de la base del Naranjo de Bulnes, porque ten\u00eda un esguince. La evacuaci\u00f3n ha sido en helic\u00f3ptero, y junto con la esculta, en el helic\u00f3ptero ha viajado una scouter. La han llevado al hospital y all\u00ed han confirmado que era s\u00f3lo un esguince y le han puesto una escayola.\u00a0 Va a poder seguir el raid con los escultas de su unidad, pero haciendo las etapas que quedan en taxi, claro, y volver\u00e1 al campamento con todos los escultas en autob\u00fas.<\/p>\n<p>Tambi\u00e9n hoy hemos llevado al hospital a dos ni\u00f1as, una\u00a0 castora y una tropera, que ten\u00edan torceduras de mu\u00f1eca y tobillo, para confirmar que al final no tienen nada de fractura. Eso era lo que parec\u00eda, pero las hemos llevado para confirmarlo con una radiograf\u00eda.<\/p>\n<p>Buenas noches!<\/p>\n<h2>20 de julio<\/h2>\n<p>Buenas noches desde campamento!<\/p>\n<p>Hoy&#8230; No ha habido Kraal!! As\u00ed que estoy escribi\u00e9ndoos con Julieta, que es una ardilla muy simp\u00e1tica, mientras reflexionamos sobre la evoluci\u00f3n de la humanidad, y sobre en qu\u00e9 momento dejamos de\u00a0 ser monos y empezamos a ser personas.<\/p>\n<p>Lo m\u00e1s importante es que por la ma\u00f1ana han salido de raid los castores de Cherokee, que han ido a Duruelo, igual\u00a0 que los de Kiowa, que han regresado de su raid esta tarde. Los de Kiowa han vuelto muy contentos por haber superado el reto de cargar con sus macutos durante muuuuchos kil\u00f3metros (bueno, en realidad unos tres, pero para ellos es toda una aventura), dormir en un sitio nuevo, comer con su plato de aluminio, en lugar de en los platos de usar y tirar del campamento, y tener que lavarlo al terminar. Han\u00a0 vuelto todos contentos, sin ning\u00fan lesionado, y tampoco se les ve\u00eda cansados. En realidad, los castores pueden hacer unos 6 Km de raid, pero en este caso, al estar el campamento justo entre dos pueblos, resulta que los dos est\u00e1n cerca. A la vuelta de su raid han pasado por la capilla, a darle las gracias a la Virgen por el raid, y luego ya se han ido a su parcela.<\/p>\n<p>A mediod\u00eda s\u00f3lo hemos\u00a0 comido en campamento la patrulla Yacar\u00e9 y la Caba\u00f1a. Una patrulla Yacar\u00e9, por cierto, muy numerosa (un r\u00e9cord, que recordemos), formada por 11 chavales, desde tropa hasta clan. Aunque a cuatro de ellos, los de F\u00e9nix, les han llevado de vuelta con sus unidades al raid esta tarde. Tenemos dos con muletas, uno con un u\u00f1ero, otra con un golpe de calor&#8230; pero nada es grave. Es una pena que no puedan estar de raid con sus unidades porque est\u00e1n perfectamente para estar por campamento, pero no tan bien como para caminar varios kil\u00f3metros con peso.<\/p>\n<p>Los claneros del \u00abRuyclan\u00bb han salido de raid a la hora de comer, pero ya com\u00edan fuera de campamento. Muy contentos porque han cumplido su primera misi\u00f3n de construir la puerta del campamento, y de verdad que si no hubiera sido por su ayuda, la Caba\u00f1a sola no habr\u00edamos podido avanzar ni la mitad de deprisa. Gran trabajo el de los \u00abruyclaneros\u00bb!<\/p>\n<p>La comida de hoy ha sido algo que no se puede hacer salvo cuando hay muy pocos ni\u00f1os: huevos fritos!! Todo un lujo para estar en campamento. Y la cena, ya con Kiowa, ha sido un pur\u00e9 y san jacobos.<\/p>\n<p>Hoy ha hecho menos calor, y, como ayer, ahora hace ya fresco. Ayer por la noche, incluso, alg\u00fan le\u00f1ador pas\u00f3 fr\u00edo en su tienda!<\/p>\n<p>Ma\u00f1ana la Caba\u00f1a saldremos a comer fuera del campamento, porque es el \u00abd\u00eda de Caba\u00f1a\u00bb, y probablemente luego iremos a Playa Pita, que es la playa del embalse de la Cuerda del Pozo, un sitio muy recomendable. Algunos aprovecharemos la ma\u00f1ana para intentar subir al pico Urbi\u00f3n. A ver si lo conseguimos!<\/p>\n<p>Un abrazo!<\/p>\n<h2>19 de julio<\/h2>\n<p>Buenas noches desde campamento!<\/p>\n<p>Hoy estamos en el Kraal tan poquitos que esto parece una sobremesa de un grupo de amigos. S\u00f3lo est\u00e1n en campamento los castores de Cherokee, porque la otra colonia de castores, Kiowa, ha salido esta ma\u00f1ana de raid camino de Duruelo. Han sido los \u00faltimos en salir de todas las unidades que han salido hoy. Los primeros en salir han sido las cuatro manadas: Ethawa, Dewanee, Chikay y Segowlee, que han salido todos antes de desayunar, incluso antes de la izada. Tiene bastante m\u00e9rito conseguir salir con los lobatos de campamento antes de la izada, porque hay que madrugar y levantarse antes de la diana, que es a las 8:00. El Clan Isengard ha salido despu\u00e9s de desayunar camino de Covaleda.<\/p>\n<p>Y precisamente hablando del Clan, acabamos de saber que hoy mismo han hecho cima en Urbi\u00f3n!! Pues s\u00ed que se han dado prisa, porque han salido hoy mismo y bien cargados, y desde campamento hasta la cima de Urbi\u00f3n hay un desnivel de unos 1050 metros, y el primer d\u00eda de raid llevas todo el pack a cuestas.<\/p>\n<p>Sobre los escultas, hemos sabido que llegaron bien, y que una de las tres unidades ha hecho la Garganta del Cares. Como no tenemos muchas m\u00e1s noticias, pues damos por hecho que estar\u00e1n todos bien, y disfrutando much\u00edsimo de los Picos de Europa.<\/p>\n<p>Por cierto, ya tenemos en campamento, un a\u00f1o m\u00e1s, a la patrulla Yacar\u00e9: son los lesionados que, o bien no han podido salir de raid con sus unidades, o bien se han tenido que volver del raid a campamento por alguna lesi\u00f3n. Por ejemplo, tenemos alg\u00fan tobillo torcido, un golpe de calor&#8230; Los miembros de la patrulla Yacar\u00e9 son desde lobatos a comuneros, rara vez castores. Duermen todos juntos en una tienda grande, y funcionan como una patrulla, con un par de scouters de Caba\u00f1a.<\/p>\n<p>Ya han llegado los primeros de vuestros correos enviados a scouts284.2@gmail.com, y los hemos publicado en la <a href=\"https:\/\/www.scouts284.org\/index.php\/campamento-2022\/correos-enviados-a-covaleda-2022\/\">p\u00e1gina de correos enviados a Covaleda 2022<\/a>. Gracias por vuestros mensajes! Recordad que estos mensajes no se los leemos a los ni\u00f1os, s\u00f3lo los publicamos en la web para que los vean todas las familias, y a veces en el Kraal leemos alguno, por su mensaje, por su cari\u00f1o o por su humor.<\/p>\n<p>Sobre los \u00e1lbumes de fotos, hoy hemos a\u00f1adido un cuarto v\u00eddeo del dron al \u00e1lbum del 16 de julio. Es un v\u00eddeo en el que se ven todas las parcelas del campamento.<\/p>\n<p>En cuanto a construcciones, seguimos trabajando en la puerta del campamento, y en algunas fotos ver\u00e9is que una de las dos torretas ya est\u00e1 terminada, a ver si la terminamos ma\u00f1ana! Los claneros del RuyClan han hecho una gran labor, porque sin su ayuda la Caba\u00f1a no habr\u00edamos podido avanzar tanto.<\/p>\n<p>Hoy han venido dos nuevas ardillas a campamento, esto est\u00e1 muy animado!! Les ver\u00e9is en alguna foto,\u00a0 comiendo y disfrutando del vivac que les hemos montado con un toldo de esos de 3&#215;3 metros que ahora llaman \u00abtarp\u00bb los que llaman \u00abbushcraft\u00bb al campismo.<\/p>\n<p>Y qu\u00e9 hemos comido hoy? Pues aprovechando que hoy \u00e9ramos poquitos, la Caba\u00f1a nos ha preparado para comer un cocido buen\u00edsimo con un gazpacho fresquito que era para repetir y tripitir! En la cena, nos ha sentado muy bien una sopita de fideos con el caldo del cocido, que apetec\u00eda calentita porque hoy ya ya hecho menos calor, y de hecho ahora mismo, ya pasada la medianoche, por primera vez hace fr\u00edo con pantal\u00f3n corto y una sudadera. Se agradece que venga un poco de fresco por la noche!<\/p>\n<p>Estamos esperando a ver si llegan las primeras cartas (de papel, por correo) al campamento. A\u00fan no ha llegado ninguna, pero a los ni\u00f1os les hace mucha ilusi\u00f3n que les llegue una carta. Es una experiencia recibir una carta de papel, manuscrita, en pleno siglo XXI, que muchos ni\u00f1os no han tenido nunca! Aunque os cueste tiempo buscar un sobre, un folio, un sello, o ir a Correos, si pod\u00e9is, os animamos a escribir una carta a vuestros hijos o nietos, porque les encanta. Adem\u00e1s, las cartas se entregan durante las comidas en el comedor: el jefe de campo pide silencio en medio del griter\u00edo ensordecedor de los cantos y piques entre unidades, y lee los nombres de los destinatarios de las cartas, que van saliendo seg\u00fan les nombran a recoger su carta, como si salieran a recoger un premio, y los dem\u00e1s les aplauden. Toda una experiencia recibir una carta en campamento! \ud83d\ude42<\/p>\n<p>Ma\u00f1ana saldr\u00e1 de raid la otra colonia de castores, Cherokee, y por la tarde regresar\u00e1 Kiowa, as\u00ed que la Caba\u00f1a estaremos solitos!!<\/p>\n<p>Buenas noches!!<\/p>\n<h2>18 de julio<\/h2>\n<p>Buenas noches, familia!<\/p>\n<p>Hoy estamos en el Kraal ya poquitos, porque esta ma\u00f1ana han salido de raid las tropas (excepto F\u00e9nix, que sali\u00f3 ayer). Ver\u00e9is en las fotos las \u00abfotos oficiales\u00bb de Comuna, Centauros y Wargos a la salida del raid, algunos incluso ya cargados con los macutos. Los de Basiliscos han sido muy madrugadores y se han escapado sin foto! Esta ma\u00f1ana tambi\u00e9n ha salido de raid la Comuna (la Comunidad Rover), que han salido andando por un GR que cruza por en medio del campamento.<\/p>\n<p>Tambi\u00e9n, al haber pasado el fin de semana, se han ido del campamento muchos le\u00f1adores (miembros de Caba\u00f1a), y nos hemos quedado menos tambi\u00e9n. Pero ma\u00f1ana el campamento se quedar\u00e1 todav\u00eda m\u00e1s vac\u00edo porque saldr\u00e1n de raid los lobatos, el clan y una de las dos colonias de castores. Nos vamos a quedar la Caba\u00f1a con una colonia de castores!<\/p>\n<p>Hoy ha habido una actividad sorpresa para todo el Grupo: el simulacro de evacuaci\u00f3n. Hemos conseguido evacuar el campamento en 11 minutos, que no es una maravilla, aunque no est\u00e1 mal. En la izada les hab\u00edan contado lo b\u00e1sico: si suena la sirena de emergencia, deben ir corriendo a sus parcelas a recibir instrucciones para la evacuaci\u00f3n. En sus parcelas, sus jefes les explican lo que ha ocurrido (en el caso de hoy era un incendio en el pinar), y qu\u00e9 deben hacer: hoy, como habitualmente, deb\u00edan coger su saco, su aislante y una cantimplora. Esto es lo que hay que coger para una evacuaci\u00f3n en la que un campamento se tenga que reubicar en alguna instalaci\u00f3n de alg\u00fan pueblo, como un polideportivo. Una vez que han recogido el material necesario, salen en fila y justo a la salida de campamento se pasa lista para asegurarse de que est\u00e1n todos. Por eso la salida no puede ser muy r\u00e1pida, porque la salida es muy ordenada.<\/p>\n<p>En algunas fotos ver\u00e9is a las ardillas disfrutando en el r\u00edo, y tambi\u00e9n comiendo juntos. Se lo est\u00e1n pasando muy bien!<\/p>\n<p>Un equipo de trabajo que hace una gran labor, aunque su trabajo no se luce mucho, es el de basuras. Es un cargo importante porque no sab\u00e9is la cantidad de basura que generamos en el campamento. Desde los tiempos legendarios del Capit\u00e1n Basura, nuestro querido Carlos Garc\u00eda, en los que Manolo era el \u00abComandante do Carro da Merda\u00bb, tras el paso a la reserva de Carlos, ascendi\u00f3 al puesto Nacho, y los d\u00edas que no est\u00e1 Nacho est\u00e1 echando una mano Fero.<\/p>\n<p>Por la parte de las construcciones de campamento, seguimos con la puerta, que ya est\u00e1 bastante avanzada. A ver si ma\u00f1ana la terminamos!<\/p>\n<p>Hablando de la comida, hoy hemos desayunado pan con aceite de oliva, y la comida ha sido algo que nunca hab\u00edamos comido en campamento: espagueti a la carbonara! Eso de segundo plato, y el primero era un gazpacho fresquito del que hemos repetido varias veces, hasta que ha llegado el\u00a0 segundo plato y nos hemos tomado un platazo, y claro, as\u00ed no hay quien adelgace!!!<\/p>\n<p>Os debemos todav\u00eda las fotos de las parcelas, a ver si ma\u00f1ana no se nos escapan!<\/p>\n<p>Todav\u00eda no tenemos muchas noticias de los que se han ido de raid, y eso significa que est\u00e1n todos bien.<\/p>\n<p>Hasta ma\u00f1ana!<\/p>\n<h2>17 de julio<\/h2>\n<p>Buenas noches, amigos!<\/p>\n<p>Aqu\u00ed estamos en el Kraal, revisando c\u00f3mo ha ido el d\u00eda con los scouters, en una noche muy fresquita porque ha llovido un poco por la tarde y se ha refrescado todo. Ha sido una lluvia muy ligera, aunque era curiosa porque ca\u00edan goterones de agua, de esos goterones que parece que van a evolucionar a una tromba de agua (y en el Pirineo esa evoluci\u00f3n ser\u00eda cuesti\u00f3n de unos dos minutos), pero en este caso no iba a m\u00e1s, as\u00ed que muchos nos hemos apresurado a sacar los chubasqueros, pero luego hemos visto que no habr\u00eda hecho falta sacarlos.<\/p>\n<p>Ya no estamos todos en campamento porque esta tarde han salido de raid la Tropa Scout F\u00e9nix y las tres Unidades Escultas: Imohag, Keltisch y Kreen Akrore. F\u00e9nix ha salido justo despu\u00e9s de cenar, con mucha agilidad para ser una unidad de 42 personas!! Los escultas han salido un poco m\u00e1s tarde, cuando ya estaba anocheciendo, en un autob\u00fas que les estaba esperando.<\/p>\n<p>Es gracioso porque en la descripci\u00f3n que hac\u00edamos ayer del proceso de carga del macuto para un raid con ropa, \u00abpack de comida\u00bb, material, tienda, papel higi\u00e9nico y hasta la pieza de fruta, que ya parec\u00edan muchas cosas, todav\u00eda nos dejamos una cosa: el \u00abrain cover\u00bb!! Como se ha puesto a llover, los escultas iban todos con el rain cover puesto en el macuto. Verles salir tan cargados no da mucha envidia, la verdad, pero s\u00ed que da envidia a d\u00f3nde van: las tres unidades se van a Picos de Europa, y aprovechan para compartir autob\u00fas. El autob\u00fas les va a dejar en distintos sitios y van a hacer distintas rutas, pero un d\u00eda van a coincidir todos. Van a ver Fuente D\u00e9, los Horcados Rojos, el Naranjo de Bulnes, la Garganta del Cares&#8230; \u00a1\u00a1qu\u00e9 envidia!!<\/p>\n<p>Pero la actividad que daba nombre al d\u00eda ha sido \u00abel D\u00eda de Grupo\u00bb. En realidad no es una actividad que dure todo el d\u00eda, a pesar de su nombre, sino solamente la ma\u00f1ana. Es una gymkana en la que los equipos son equipos mezclados de todas las edades. Es decir, en cada equipo hay castores, lobatos, troperos, escultas, rovers y scouters. A los castores y lobatos les suele gustar mucho este d\u00eda porque juegan con los\u00a0 mayores. El tema han sido las fiestas regionales de Espa\u00f1a, y cada prueba trataba de una. Y el equipo ganador ha sido \u00abJap\u00f3n\u00bb, que se han esforzado mucho en las pruebas y han acabado perdidos, pero muy contentos. En el Kraal acaban de felicitar a la Comisi\u00f3n de Animaci\u00f3n, que ha organizado la actividad.<\/p>\n<p>Hoy hemos construido la capilla en medio del pinar, y esta tarde hemos tenido la primera misa, al ser domingo, y hemos participado en ella todo el grupo, aunque otros d\u00edas de diario tambi\u00e9n tenemos misa voluntaria. Antes del campamento pensamos utilizar la ermita que hay en el medio del claro del pinar (el \u00abraso\u00bb, como lo llaman aqu\u00ed). Pero al final hemos pensado que era mejor montar nuestra capilla m\u00e1s modesta en medio del pinar, para evitar estar a pleno sol. Seguro que los padres tambi\u00e9n lo agradecer\u00e9is en la misa del d\u00eda de padres! \ud83d\ude09<\/p>\n<p>Por cierto, no es por daros envidia a los padres, pero la cena de hoy ha sido \u00abpollo a la cerveza\u00bb, con su salsita y su arroz, que durante muchos a\u00f1os ha sido un cl\u00e1sico de las comidas del D\u00eda de Padres de nuestros campamentos. \ud83d\ude42 La comida ha sido, de primero, una ensalada campera riqu\u00edsima, y, de segundo, filetes de lomo. Y el desayuno, como ver\u00e9is en las fotos, hoy ha sido pan con Nocilla, que tambi\u00e9n suele tener mucho \u00e9xito.<\/p>\n<p>En las fotos ver\u00e9is a la Patrulla de Servicio, que es un equipo que se forma todos los d\u00edas, cada d\u00eda distinto, compuesto por unos pocos ni\u00f1os de cada rama (las ramas son: castores, lobatos, tropa, escultas y rovers), que ayudan a preparar el comedor para las comidas (ponen las mesas, limpian el comedor) y tambi\u00e9n en tareas de limpieza. Antiguamente la patrulla de servicio tambi\u00e9n ayudaba a cocinar, pero actualmente ya no porque la normativa exige el t\u00edtulo de manipulador de alimentos.<\/p>\n<p>Y tambi\u00e9n ver\u00e9is al equipo de Caba\u00f1a que, dentro de equipo de cocina, que se ocupa de preparar la comida para los cel\u00edacos, al\u00e9rgicos e intolerantes. Es una tarea muy delicada porque requiere revisar con antelaci\u00f3n todas las comidas del campamento, y de cada comida, buscar todos sus ingredientes, y de cada ingrediente su composici\u00f3n, y luego cruzarlos con todas las alergias de todos los ni\u00f1os del campamento, y pensar para cada ni\u00f1o qu\u00e9 comida prepararle de forma que sea lo m\u00e1s parecido posible a la comida de los dem\u00e1s, pero sin los ingredientes a los que es al\u00e9rgico. Y esto lleva a preparar varias comidas alternativas en desayunos, comidas y cenas.<\/p>\n<p>Entre los v\u00eddeos del \u00e1lbum del 16 de julio hemos subido unos v\u00eddeos grabados por Alimoche con su dron, muy chulos porque se ve la izada desde el aire, la cocina, el pabell\u00f3n de sanidad&#8230; todo un lujo tener un dron para grabar el campamento!<\/p>\n<p>Y, por \u00faltimo, tambi\u00e9n ver\u00e9is en las fotos a las \u00abardillas\u00bb del campamento, que son los ni\u00f1os peque\u00f1os que son hijos de personas de Caba\u00f1a y no est\u00e1n en el grupo scout porque no tienen edad. Se lo suelen pasar muy bien jugando entre ellos, y les ver\u00e9is en las fotos jugando. Por supuesto, las ardillas no son una unidad del grupo scout, pero algunos a\u00f1os ten\u00edan algunas actividades y todo, cuando ten\u00edan suficiente edad para poder hacer juegos. Este a\u00f1o tenemos unas cuantas ardillas, aunque la edad media es muy baja, pero para el a\u00f1o que viene prometen&#8230; \ud83d\ude42<\/p>\n<p>Buenas noches!!<\/p>\n<h2>16 de julio<\/h2>\n<p>Buenas noches, familias!<\/p>\n<p>C\u00f3mo est\u00e1is? Esperamos que no est\u00e9is pasando demasiado calor. Hoy en campamento ha hecho bastante calor, aunque por la tarde se ha nublado y ha refrescado un poco, incluso parec\u00eda que iba a llover, aunque al final no ha llovido.<\/p>\n<p>Hoy ha sido nuestro primer d\u00eda de campamento. Nos hemos levantado a las 8, con la diana, aunque los castores llevaban desde las 6 y pico ya dando guerra, como suele ocurrir el primer d\u00eda de campamento. Pero no os preocup\u00e9is, porque ma\u00f1ana ya se levantar\u00e1n a su hora porque estar\u00e1n m\u00e1s cansados.<\/p>\n<p>Las unidades se han levantado con energ\u00eda y casi todas han hecho su gimnasia matinal, como ver\u00e9is en las fotos (unos en c\u00edrculo haciendo estiramientos, otros corriendo&#8230;). Luego han disfrutado del primer desayuno de campamento: hoy tocaba pan con mantequilla, como dice nuestra canci\u00f3n\u00a0 \ud83d\ude09<\/p>\n<p>Y, ya hablando de comida, hoy la comida han sido lentejas y hamburguesas, como siempre buen\u00edsimas, pero esta vez cocinadas bajo la direcci\u00f3n de nuestra nueva cocinera, Luc\u00eda. Un aplauso para nuestra nueva cocinera!<\/p>\n<p>Las unidades han dedicado hoy sus esfuerzos a construir sus parcelas. Algunas a\u00fan no est\u00e1n terminadas, y ma\u00f1ana esperamos que est\u00e9n terminadas todas. Como este a\u00f1o hab\u00eda m\u00e1s tiempo para dedicarse a construcciones de parcelas al no haber que hacer otras construcciones, las parcelas son mejores que otros a\u00f1os. Ma\u00f1ana haremos una ronda de fotos de parcelas!<\/p>\n<p>Y, hablando de construcciones, la Caba\u00f1a, con mucha ayuda de la nueva unidad \u00abRuyclan\u00bb, han estado empezando una construcci\u00f3n grande, que es una puerta para el campamento. La podr\u00e9is ver iniciada en algunas fotos. Va despacio pero esperamos que quede bien!<\/p>\n<p>Por cierto, durante la construcci\u00f3n de las parcelas, hoy un castor ha encontrado algo que le hab\u00edan mandado a buscar, y que llevaba tiempo dando vueltas sin encontrarlo: el l\u00edquido de desdoblar clavijas! Hac\u00eda a\u00f1os que nadie lo encontraba&#8230; \ud83d\ude09<\/p>\n<p>En las fotos tambi\u00e9n ver\u00e9is que los escultas ya est\u00e1n preparando sus packs de comida y dando la \u00faltima revisi\u00f3n a sus raids. Esto de los \u00abpacks de comida\u00bb es el \u00ablote\u00bb de comida que te toca llevar de raid. Muchos recordar\u00e9is esa sensaci\u00f3n optimista al preparar el macuto para el raid: despu\u00e9s de quitar muchas cosas innecesarias para el raid y quedarse con la ropa m\u00ednima para esos d\u00edas de marcha, uno coge el macuto y se alegra de lo poco que pesa. Pero&#8230; entonces llegan y te dicen: \u00abtoma, tu pack de comida\u00bb&#8230; \u00abAy, m\u00edsero de m\u00ed, ay, infelice!! Con lo poco que pesaba mi macuto, ahora pesa much\u00edsimo!\u00bb Y lo que no sabes todav\u00eda es que a\u00fan te falta otro \u00abpack\u00bb de material que llegar\u00e1 despu\u00e9s, ya poco antes de empezar a andar. Lo del pack de comida es m\u00e1s igualitario, pero el material es m\u00e1s variado: si te toca un perolo no sabes d\u00f3nde meterlo, pero a otro le toca una sart\u00e9n y a otro una bombona&#8230; Pero tras conseguir meter el perolo en el macuto, despu\u00e9s de sacar unas cuantas cosas del macuto y meterlas en el perolo&#8230; por fin piensas que ya llevas todo. Pero todav\u00eda no sabes que cuando ya te has puesto el macuto para empezar a andar, llega uno y te da una tienda!!!! \u00abPor lo\u00a0 menos la tienda nos la turnaremos\u00bb, piensas&#8230; Por fin la unidad va a empezar a andar, y ya creen que llevan todo&#8230; cuando llega un scouter con una bolsa enorme de rollos de papel higi\u00e9nico y le da uno a cada uno. El rollo, claro, acabas de meterlo en una de la correas del macuto, y si se va desenrollando un poco al caminar, pues sirve como bandera de rendici\u00f3n&#8230; \u00abEsto ya no puede ir a peor, v\u00e1monos ya, por favor!!!\u00bb Pero finalmente llega uno de de Caba\u00f1a corriendo \u00abEsperad!! Que os hab\u00e9is dejado las manzanas!!\u00bb Hala, tocamos a dos manzanas por persona. Estas suelen ir dentro del aislante, una por cada lado, aunque sea apretando un poco&#8230; Pero a pesar de todo, saldr\u00e1n de raid ilusionados y esperando una gran aventura!!<\/p>\n<p>La verdad es que hoy estamos muy cansados, ha sido un d\u00eda de mucho trabajo! Hemos cenado pur\u00e9 de verduras, riqu\u00edsimo, y palitos de merluza, que ha costado mucho fre\u00edr porque eran 5 palitos por persona, y somos unos 500&#8230; Y de postre, como siempre, leche con galletas, cuadradas o redondas, a elegir&#8230; \ud83d\ude09<\/p>\n<p>Buenas noches, y buena caza!<\/p>\n<h2>15 de julio<\/h2>\n<p>Buenas noches desde campamento!!<\/p>\n<p>Ya estamos en el para\u00edso! \ud83d\ude42<\/p>\n<p>Os escribimos con much\u00edsima ilusi\u00f3n desde el Kraal, que es la reuni\u00f3n de todos los scouters por la noche, cuando ya han dejado a los ni\u00f1os acostados en sus parcelas (o por lo menos en ello). Es el momento de hablar de c\u00f3mo ha ido el d\u00eda, repasar las actividades del d\u00eda siguiente y tambi\u00e9n hacer un poco de reflexi\u00f3n.<\/p>\n<p>Y el balance del d\u00eda es que ha ido fenomenal: el viaje ha sido muy cortito. Hemos hecho una parada corta, y despu\u00e9s enseguida hemos llegado. El campamento es un campamento a lo grande, aqu\u00ed ven\u00edan 1500 ni\u00f1os en los tiempos de la OJE. Hay un gran \u00abclaro\u00bb central que creo que es de 9 hect\u00e1reas, rodeado de varias hect\u00e1reas de pinar. Curiosamente, nos han contado que antiguamente montaban todas las tiendas en la parte del terreno que est\u00e1 despejado, as\u00ed que estaban todos a pleno sol. Cuando hemos llegado hac\u00eda calor, aunque menos que en Madrid, pero a pleno sol en el \u00abclaro\u00bb desde luego que hay que llevar gorra y crema solar, como ya nos hab\u00edan avisado los de LOES. Todas nuestras parcelas est\u00e1n en el pinar, y tambi\u00e9n el comedor, la cocina, el pabell\u00f3n de ba\u00f1os, el de Sanidad&#8230; y en el pinar se est\u00e1 de maravilla.<\/p>\n<p>En el campamento, adem\u00e1s del 284, hay un grupo scout de C\u00e1diz, otro de Murcia, y otro de Calatayud, cada uno en una zona del pinar alrededor del gran claro. Al ser tan grande el claro, adem\u00e1s de que\u00a0 cruzarlo parece como \u00abatravesar el desierto\u00bb, la verdad es que no creemos que vayamos a tener mucho contacto con los otros grupos en nuestras actividades diarias.<\/p>\n<p>Para lo que s\u00ed usaremos el gran claro, aparte de para jugar cuando sea necesario un terreno muy grande despejado, ser\u00e1 para las izadas y arriadas, porque en el centro del claro est\u00e1 el m\u00e1stil. Es un m\u00e1stil enorme, que mide 20 metros. Esta ma\u00f1ana, antes de que lleg\u00e1ramos nosotros, ha venido una gr\u00faa Manitou para subir hasta arriba las drizas, que son las cuerdas de las que se cuelgan las banderas, y nos lo han dejado todo preparado.<\/p>\n<p>Daba gusto ver a los ni\u00f1os entrando en el campamento, cruzando el puente que da acceso a nuestra zona. Como otros a\u00f1os, entran con una mezcla de expectaci\u00f3n, curiosidad, alegr\u00eda, y cansancio porque van acarreando todos sus trastos (los peque\u00f1os llevan s\u00f3lo su macuto y la bolsa del autob\u00fas, pero los que se van de raid suelen llevar el macuto grande y una mochila mediana, y los scouters los pobres suelen llevar dos macutos grandes!). Seg\u00fan han ido entrando han ido hacia sus parcelas, que LOES hab\u00eda delimitado ya.<\/p>\n<p>Despu\u00e9s de llegar hemos comido, como sab\u00e9is los bocadillos de casa, sentados por unidades en el pinar. Y despu\u00e9s nos hemos puesto a trabajar! Tambi\u00e9n da gusto ver a todo el mundo trabajando: hay que ir a los montones de material descargado del cami\u00f3n a recoger el material de cada unidad para llevarlo a su parcela, y tambi\u00e9n la madera que cada unidad ha encargado para hacer las construcciones. Les ver\u00e9is en las fotos cargando con cajas, puntales (los redondos), tablones&#8230; Tambi\u00e9n ver\u00e9is a los troperos que han vuelto a\u00a0 ocuparse de montar las mesas del comedor,\u00a0 como es de rigor, hacer los preceptivos amarres con cuerda para sujetar los tablones (que hacen de banco) a las mesas. Volvemos a ver las cosas que vimos por \u00faltima vez en el 2019! Aunque el a\u00f1o pasado hubo campamento, que tuvo que terminar a medias por el Covid, las unidades salieron de raid desde el principio, y no pasaron por campamento, as\u00ed que hac\u00eda 3 a\u00f1os que no ve\u00edamos el campamento con 500 personas el primer d\u00eda! \ud83d\ude42<\/p>\n<p>Y por fin podemos desvelar cu\u00e1l era la misteriosa construcci\u00f3n de LOES: nos han hecho un puente!! Es un puente para cruzar el r\u00edo, para ir de la zona de comedor y parcelas al pabell\u00f3n de ba\u00f1os. Se puede ir pasando por el puente por el que han entrado en campamento, pero hay que dar un rodeo. La verdad es que los de LOES se han marcado un se\u00f1or puente: muy s\u00f3lido y muy largo, y no demasiado caro porque han utilizado muchos costeros para hacer el tablero del puente (si hubieran usado tablones habr\u00eda sido mucho m\u00e1s caro). Ya sab\u00e9is que, como dice el 9\u00ba art\u00edculo, \u00abel scout es econ\u00f3mico\u00bb. \ud83d\ude09\u00a0 Pues pod\u00e9is ver el puente en las fotos, a ver si os gusta!<\/p>\n<p>La cena de hoy tambi\u00e9n ha sido de casa, pero ma\u00f1ana ya desayunamos la comida de campamento! Y antes de desayunar tendremos la primera izada con el s\u00faper m\u00e1stil.<\/p>\n<p>Ha acabado el Kraal a las 11:03, justo tres minutos de la hora de silencio y muchos scouters se han quedado un rato charlando y luego se han ido yendo a sus parcelas. En el comedor, Nacho del Estal y Fero han sacado las guitarras y estamos disfrutando de uno de esos momentos maravillosos de cantar juntos por la noche. Es dif\u00edcil transmitir lo que nos emociona volver a cantar las viejas canciones en el campamento. La m\u00fasica tiene algo que es capaz de transportarte a 30 a\u00f1os antes&#8230;<\/p>\n<p>Por cierto, esta llegada a campamento ha tenido algo que no nos hab\u00eda pasado nunca: como siempre nuestro campamento es nuestro y lo montamos nosotros todo, nos encontramos las cosas como las guardamos el a\u00f1o anterior. Pero esta vez nos hemos encontrado la cocina (que por cierto es muy grande y tiene hasta c\u00e1mara frigor\u00edfica) bastante sucia, como la ha dejado el grupo scout anterior, aunque tampoco creemos que toda la suciedad sea del grupo scout anterior, sino que se ha ido acumulando porque ninguno limpia en profundidad cuando se va. En todo caso, despu\u00e9s de mucha lej\u00eda y mucho antigrasas, ya est\u00e1 lista para empezar a cocinar ma\u00f1ana.<\/p>\n<p>Ver\u00e9is en una foto a un par de ni\u00f1os con un rollo de cuerda de pita de color azul: s\u00ed, lo hab\u00e9is adivinado, han encontrado la m\u00edtica \u00abpita de colores\u00bb!!\u00a0 \u00a0\ud83d\ude09 Y ver\u00e9is que algunos ni\u00f1os no han perdido el tiempo y en su tiempo libre se han puesto a buscar renacuajos en el riachuelo, y han encontrado bastantes!<\/p>\n<p>Ah, y hemos tenido la primera celebraci\u00f3n de cumplea\u00f1os, de una ni\u00f1a de F\u00e9nix, a la que sus scouters le han preparado una plum cake con velitas y todo, y ella ni se lo esperaba&#8230;<\/p>\n<p>Tambi\u00e9n ver\u00e9is en las fotos las duchas, los ba\u00f1os, los fregaderos (nunca hemos tenido tantos grifos!), el comedor de obra y el m\u00f3dulo de nuestro comedor que han montado los de LOES. Desde luego, cuando lo montamos nosotros todo no es tan bueno, pero tambi\u00e9n es m\u00e1s \u00abnuestro\u00bb. En todo caso, este a\u00f1o vamos a disfrutar de estas estupendas instalaciones pero sin acostumbrarnos mucho!!<\/p>\n<p>Que descans\u00e9is, buenas noches!<\/p>\n<h2><span style=\"color: revert; font-size: revert; font-weight: revert;\">14 de julio<\/span><\/h2>\n<p>Hola!!<\/p>\n<p>Dentro de unas horas estaremos saliendo hacia Covaleda \ud83d\ude42<\/p>\n<p>Hoy nuestros h\u00e9LOES han seguido haciendo la construcci\u00f3n misteriosa. Pod\u00e9is verles en las fotos empalmando dos tablones (para qu\u00e9 querr\u00e1n hacer un tabl\u00f3n tan largo?)&#8230; pero creemos que pronto se desvelar\u00e1 el misterio!<\/p>\n<p>Seguro que ya sab\u00e9is en qu\u00e9 autob\u00fas van vuestros hijos y de d\u00f3nde sale exactamente. Parece mentira que quepamos todos en s\u00f3lo 5 autobuses, claro que son de dos pisos y que deben tener mucha capacidad&#8230;<\/p>\n<p>Seguro que tambi\u00e9n os han recordado los scouters que hay que llevar gorra y crema para el sol, que pega mucho, y no todo el campamento est\u00e1 en sombra.<\/p>\n<p>Antes de salir, esta tarde ha sido en la parroquia la misa del env\u00edo, en la que se pide por que el campamento vaya muy bien, y se nos env\u00eda a la misi\u00f3n de educar a los chavales seg\u00fan la metodolog\u00eda scout: la vida al aire libre, la educaci\u00f3n por la acci\u00f3n (\u00abaprender haciendo\u00bb), la vida en peque\u00f1os grupos (las madrigueras, seisenas, patrullas&#8230;), el ejemplo de los \u00abhermanos mayores\u00bb (seiseneros, gu\u00edas&#8230; scouters), y la fe vivida como algo pr\u00e1ctico y no te\u00f3rico, practicando la hermandad en el campamento. No hemos podido ir todos porque quer\u00edamos evitar la aglomeraci\u00f3n habitual de esta misa del d\u00eda anterior a la salida, por si pudiera haber contagios, ya que estamos en \u00abla s\u00e9ptima ola\u00bb de pandemia, aunque ya no se considere grave. Por este motivo han asistido s\u00f3lo los scouters, y ellos han rezado por todos. Desde nuestras casas, recemos tambi\u00e9n nosotros antes de acostarnos, para encomendar nuestro campamento a la Virgen del Camino.<\/p>\n<p>Ma\u00f1ana empiezan los mejores 16 d\u00edas del a\u00f1o!!!<\/p>\n<p>Buena caza!<\/p>\n<p>SLPS (Siempre Listo Para Servir)<\/p>\n<h2>13 de julio<\/h2>\n<p>Buenas noches!<\/p>\n<p>Nuestros h\u00e9roes de LOES ya est\u00e1n en campamento. Como sab\u00e9is llegaron el d\u00eda 11 por la tarde y ayer estuvieron descargando el cami\u00f3n y empezando los montajes.<\/p>\n<p>Nos cuentan algunas cosas, como que no dej\u00e9is de traer ropa de abrigo, que por la noche (sobre todo por la ma\u00f1ana) hace fresco. Y, en el otro extremo t\u00e9rmico, nos recuerdan que es obligatoria la gorra y crema de sol, que aunque las parcelas est\u00e1n entre los pinos, habr\u00e1 juegos que se hagan en la zona despejada, y all\u00ed pega bien el sol. Adem\u00e1s de algunos juegos, tambi\u00e9n se har\u00e1n en el claro del bosque (bueno, llamarlo claro es un poco rid\u00edculo, porque el \u00abclarito\u00bb tiene 9 hect\u00e1reas) las izadas y las arriadas.<\/p>\n<p>Precisamente para las izadas y la arriadas usaremos el m\u00e1stil con el que cuenta el campamento, que alguien dijo que es un m\u00e1stil de 50 metros de alto (debe ser una exageraci\u00f3n!!), y que para pasar las drizas (las cuerdas con las que se izan las banderas) hay que usar una gr\u00faa. Tambi\u00e9n podr\u00edamos intentarlo con un dron, que es lo que hicimos el a\u00f1o pasado con el dron de Jorge Palop, que llev\u00f3 una cuerda de pita a pasar por encima de una rama bien alta de un pino.<\/p>\n<p>Por cierto, en las fotos del \u00e1lbum \u00abdel 11 al 14 de julio\u00bb (el enlace est\u00e1 m\u00e1s arriba) pod\u00e9is ver la descarga del cami\u00f3n, incluida la novedosa t\u00e9cnica del tobog\u00e1n para descargar los tubos largos de la estructura del comedor! \ud83d\ude42<\/p>\n<p>Buena caza, LherOES!<\/p>\n<h2>11 de julio<\/h2>\n<p>Buenas noches!<\/p>\n<p>Hoy por la tarde los m\u00e1s fuertes del Grupo Scout han cargado el cami\u00f3n, y ha salido hacia Covaleda! Tras el cami\u00f3n ha salido la Comisi\u00f3n de LOES (Log\u00edstica y Operaciones ESpeciales), que va a preparar el campamento para cuando lleguemos.<\/p>\n<p>Son nuestra avanzadilla, y gracias a ellos, cuando lleguemos podremos realizar con seguridad la descarga de todos los autobuses. Ellos descargan el cami\u00f3n y preparan las principales construcciones para que est\u00e9n listas el d\u00eda 15. Este a\u00f1o, como ya est\u00e1n muchas hechas, se han ido con menos d\u00edas de antelaci\u00f3n de lo normal (el a\u00f1o pasado, por ejemplo, se fueron el 8 de julio), y nos van a preparar una construcci\u00f3n sorpresa que otros a\u00f1os no hacen!! \ud83d\ude42<\/p>\n<p>En los pr\u00f3ximos d\u00edas os iremos contando lo que nos transmitan los LOES! \ud83d\ude42<\/p>\n<p>No queda nada!!!<\/p>\n","protected":false},"excerpt":{"rendered":"<p>Pincha aqu\u00ed para volver a la p\u00e1gina principal del Campamento 2022. Desde esta p\u00e1gina iremos contando cada d\u00eda las \u00faltimas noticias de nuestro campamento desde Covaleda, Soria. \ud83d\ude03 Todas las noches intentaremos (ojo, que no siempre se puede) ir poniendo la cr\u00f3nica diaria y fotos de las actividades que hemos [&hellip;]<\/p>\n","protected":false},"author":2,"featured_media":0,"parent":1555,"menu_order":0,"comment_status":"closed","ping_status":"closed","template":"","meta":{"footnotes":""},"class_list":["post-1568","page","type-page","status-publish","hentry"],"jetpack_sharing_enabled":true,"_links":{"self":[{"href":"https:\/\/www.scouts284.org\/index.php\/wp-json\/wp\/v2\/pages\/1568","targetHints":{"allow":["GET"]}}],"collection":[{"href":"https:\/\/www.scouts284.org\/index.php\/wp-json\/wp\/v2\/pages"}],"about":[{"href":"https:\/\/www.scouts284.org\/index.php\/wp-json\/wp\/v2\/types\/page"}],"author":[{"embeddable":true,"href":"https:\/\/www.scouts284.org\/index.php\/wp-json\/wp\/v2\/users\/2"}],"replies":[{"embeddable":true,"href":"https:\/\/www.scouts284.org\/index.php\/wp-json\/wp\/v2\/comments?post=1568"}],"version-history":[{"count":97,"href":"https:\/\/www.scouts284.org\/index.php\/wp-json\/wp\/v2\/pages\/1568\/revisions"}],"predecessor-version":[{"id":3375,"href":"https:\/\/www.scouts284.org\/index.php\/wp-json\/wp\/v2\/pages\/1568\/revisions\/3375"}],"up":[{"embeddable":true,"href":"https:\/\/www.scouts284.org\/index.php\/wp-json\/wp\/v2\/pages\/1555"}],"wp:attachment":[{"href":"https:\/\/www.scouts284.org\/index.php\/wp-json\/wp\/v2\/media?parent=1568"}],"curies":[{"name":"wp","href":"https:\/\/api.w.org\/{rel}","templated":true}]}}