{"id":1242,"date":"2021-07-09T00:56:41","date_gmt":"2021-07-08T22:56:41","guid":{"rendered":"http:\/\/www.scouts284.org\/?page_id=1242"},"modified":"2025-03-02T22:57:13","modified_gmt":"2025-03-02T21:57:13","slug":"campamento-virtual-duruelo-2021","status":"publish","type":"page","link":"https:\/\/www.scouts284.org\/index.php\/campamento-2021\/campamento-virtual-duruelo-2021\/","title":{"rendered":"Campamento virtual Duruelo 2021"},"content":{"rendered":"\n<p><a href=\"https:\/\/www.scouts284.org\/index.php\/campamento-2021\/\">Pincha aqu\u00ed para volver a la p\u00e1gina principal del Campamento 2021<\/a>.<\/p>\n\n\n\n<p>Desde esta p\u00e1gina iremos contando cada d\u00eda las \u00faltimas noticias de nuestro campamento desde Duruelo de la Sierra, Soria. \ud83d\ude03<\/p>\n\n\n\n<p>Todas las noches intentaremos<em> (ojo, que no siempre se puede)<\/em> ir poniendo la cr\u00f3nica diaria y fotos de las actividades que hemos hecho para que pod\u00e1is seguir el campa desde Madrid.<\/p>\n\n\n\n<p>Tambi\u00e9n leemos los&nbsp;<strong>correos<\/strong> <strong>electr\u00f3nicos&nbsp;<\/strong>que nos vais enviando a lo largo de todo el campamento a&nbsp;<strong><a href=\"mailto:scouts284.2@gmail.com\">scouts284.2@gmail.com<\/a><\/strong>&nbsp;as\u00ed que os animamos a todos a escribir :-). Estos correos son en general para todo el campamento, no se los leemos a los ni\u00f1os, pero alguno lo leemos por la noche en el Kraal, y los publicamos en la <strong><a href=\"https:\/\/www.scouts284.org\/index.php\/correos-enviados-a-duruelo-2021\/\">p\u00e1gina de correos enviados a campamento<\/a><\/strong>.<\/p>\n\n\n\n<p>Y como siempre, se pueden mandar&nbsp;<strong>cartas<\/strong> (s\u00ed, de las de papel)&nbsp;a campamento. A los peque\u00f1os les hace much\u00edsima ilusi\u00f3n recibir una, <em>\u00a1si vuestro hijo es castor que no se quede sin su carta!<\/em> Estas cartas s\u00ed se las repartimos a los ni\u00f1os, a cada uno la suya, durante las comidas. Es importante que indiqu\u00e9is el nombre y unidad de vuestro hijo, y esta es la <strong>direcci\u00f3n de correo postal<\/strong>:<\/p>\n\n\n\n<blockquote class=\"wp-block-quote is-layout-flow wp-block-quote-is-layout-flow\">\n<p>&lt;Nombre del ni\u00f1o><\/p>\n\n\n\n<p>&lt;Unidad><\/p>\n\n\n\n<p>Campamento Grupo Scout 284 Reina del Cielo<\/p>\n\n\n\n<p>Calle Ger\u00f3nimo Rubio<\/p>\n\n\n\n<p>42158 &#8211; Duruelo de la Sierra<\/p>\n\n\n\n<p>Soria<\/p>\n<\/blockquote>\n\n\n\n<p>Tambi\u00e9n puedes seguirnos en<strong>&nbsp;<a rel=\"noreferrer noopener\" href=\"https:\/\/www.facebook.com\/groups\/28429452137\/\" target=\"_blank\">Facebook Grupo Scout 284<\/a><\/strong> y en Twitter:&nbsp;<a rel=\"noreferrer noopener\" href=\"https:\/\/twitter.com\/scouts284\" target=\"_blank\"><strong>@scouts284<\/strong><\/a><\/p>\n\n\n\n<h2 class=\"wp-block-heading\">\u00c1lbumes de fotos:<\/h2>\n\n\n\n<p>Estos son los enlaces a los \u00e1lbumes de fotos de Google Fotos: (total: 1.496 fotos en 20 \u00e1lbumes)<\/p>\n\n\n\n<ul class=\"wp-block-list\">\n<li><strong><a href=\"https:\/\/photos.app.goo.gl\/rtJLTsc45UFQ2KqMA\" target=\"_blank\" rel=\"noreferrer noopener\">Fotos del 8 al 14 de julio de 2021<\/a><\/strong><\/li>\n\n\n\n<li><a href=\"https:\/\/photos.app.goo.gl\/QFSZGz4oK4Emnicu9\" target=\"_blank\" rel=\"noreferrer noopener\"><strong>Fotos del 15 al 16 de julio de 2021<\/strong><\/a><\/li>\n\n\n\n<li><a href=\"https:\/\/photos.app.goo.gl\/DyGw1GETyu9ud1qe9\" target=\"_blank\" rel=\"noreferrer noopener\"><strong>Fotos del 17 al 18 de julio de 2021<\/strong><\/a><\/li>\n\n\n\n<li><a href=\"https:\/\/photos.app.goo.gl\/QPRTG6QfCUqRZiLU7\" target=\"_blank\" rel=\"noreferrer noopener\"><strong>Fotos del 19 al 20 de julio de 2021<\/strong><\/a><\/li>\n\n\n\n<li><a href=\"https:\/\/photos.app.goo.gl\/mdGfpj7EP3uYNsE9A\" target=\"_blank\" rel=\"noreferrer noopener\"><strong>Fotos del 21 al 22 de julio de 2021<\/strong><\/a><\/li>\n\n\n\n<li><strong><a href=\"https:\/\/photos.app.goo.gl\/u779RX5ZGDDBRNiy8\" target=\"_blank\" rel=\"noreferrer noopener\">Fotos del 23 al 24 de julio de 2021<\/a><\/strong><\/li>\n\n\n\n<li><strong><a href=\"https:\/\/photos.app.goo.gl\/tdgP8vsiBD6JGg3J6\" target=\"_blank\" rel=\"noreferrer noopener\">Fotos del 25 al 26 de julio de 2021<\/a><\/strong><\/li>\n\n\n\n<li>Fotos de Raids:\n<ul class=\"wp-block-list\">\n<li><a href=\"https:\/\/photos.app.goo.gl\/nX9ESgLziDeA2vmC8\" target=\"_blank\" rel=\"noreferrer noopener\"><strong>Fotos del Raid de la Manada de Lobatos Chikay<\/strong><\/a><\/li>\n\n\n\n<li><strong><a href=\"https:\/\/photos.app.goo.gl\/fUmiwrrsn9utYn346\" target=\"_blank\" rel=\"noreferrer noopener\">Fotos del Raid de la Manada de Lobatos Dewanee<\/a><\/strong><\/li>\n\n\n\n<li><strong><a href=\"https:\/\/photos.app.goo.gl\/stuTnqYtum45RLh29\" target=\"_blank\" rel=\"noreferrer noopener\">Fotos del Raid de la Manada de Lobatos Ethawa<\/a><\/strong><\/li>\n\n\n\n<li><strong><a href=\"https:\/\/photos.app.goo.gl\/Z1iA1RhCVS2m1Ym48\" target=\"_blank\" rel=\"noreferrer noopener\">Fotos del Raid de la Manada de Lobatos Segowlee<\/a><\/strong><\/li>\n\n\n\n<li><strong><a href=\"https:\/\/photos.app.goo.gl\/EKwyKGmNxSqw1pdaA\" target=\"_blank\" rel=\"noreferrer noopener\">Fotos del Raid de la Tropa Scout Basiliscos<\/a><\/strong><\/li>\n\n\n\n<li><strong><a href=\"https:\/\/photos.app.goo.gl\/RyM3t5qUp34BWEBX8\" target=\"_blank\" rel=\"noreferrer noopener\">Fotos del Raid de la Tropa Scout Centauros<\/a><\/strong><\/li>\n\n\n\n<li><strong><a href=\"https:\/\/photos.app.goo.gl\/DDcGmtfeexGUpt948\" target=\"_blank\" rel=\"noreferrer noopener\">Fotos del Raid de la Tropa Scout F\u00e9nix<\/a><\/strong><\/li>\n\n\n\n<li><strong><a href=\"https:\/\/photos.app.goo.gl\/SHD4fWT8pAACRLXi9\" target=\"_blank\" rel=\"noreferrer noopener\">Fotos del Raid de la Tropa Scout Wargos<\/a><\/strong><\/li>\n\n\n\n<li><strong><a href=\"https:\/\/photos.app.goo.gl\/zbxXYc4c8A3wW4gP9\" target=\"_blank\" rel=\"noreferrer noopener\">Fotos del Raid de la Unidad Esculta Keltisch<\/a><\/strong><\/li>\n\n\n\n<li><strong><a href=\"https:\/\/photos.app.goo.gl\/DnJg89ErFhQHg6cW6\" target=\"_blank\" rel=\"noreferrer noopener\">Fotos del Raid de la Unidad Esculta Kreen Akrore<\/a><\/strong><\/li>\n\n\n\n<li><strong><a href=\"https:\/\/photos.app.goo.gl\/2Y8eLHvg9TBVW1Zr9\" target=\"_blank\" rel=\"noreferrer noopener\">Fotos del Raid del Clan<\/a><\/strong><\/li>\n\n\n\n<li><strong><a href=\"https:\/\/photos.app.goo.gl\/MuCGgZNsHDqiEXz46\" target=\"_blank\" rel=\"noreferrer noopener\">Fotos del Raid de la Comuna<\/a><\/strong><\/li>\n<\/ul>\n<\/li>\n\n\n\n<li><strong><a href=\"https:\/\/photos.app.goo.gl\/cqjjJRiBojaBAYze6\" target=\"_blank\" rel=\"noreferrer noopener\">Fotos en alta resoluci\u00f3n<\/a><\/strong><\/li>\n\n\n\n<li><strong><a href=\"https:\/\/photos.app.goo.gl\/PYbnMb3mhKkf1LgV7\" target=\"_blank\" rel=\"noreferrer noopener\">Fotos de los pases de unidad celebrados el 3 de octubre de 2021 en Rascafr\u00eda e inauguraci\u00f3n Ronda Solar 2021-2022<\/a><\/strong><\/li>\n<\/ul>\n\n\n\n<h1 class=\"wp-block-heading\">Cuaderno de caza<\/h1>\n\n\n\n<h2 class=\"wp-block-heading\">9 de agosto<\/h2>\n\n\n\n<p>Buenos d\u00edas!<\/p>\n\n\n\n<p>Con este breve mensaje de la Coordinaci\u00f3n termin\u00f3 nuestro campamento:<\/p>\n\n\n\n<blockquote class=\"wp-block-quote is-layout-flow wp-block-quote-is-layout-flow\">\n<p><strong>Hoy, finalmente podemos confirmar que ya todos los positivos por Covid han sido dados de alta y, por tanto, est\u00e1n todos disfrutando de las vacaciones. <\/strong><\/p>\n\n\n\n<p><strong>Espero que vosotros est\u00e9is haciendo lo mismo, que os lo hab\u00e9is ganado.<\/strong><\/p>\n\n\n\n<p><strong>Un fuerte apret\u00f3n de mano izquierda!<br>SLPS<\/strong><\/p>\n<\/blockquote>\n\n\n\n<p>As\u00ed termina un campamento \u00e9pico, \u00fanico (eso esperamos!!!), que con el paso del tiempo valoraremos en su justa medida. A partir de aqu\u00ed, ser\u00e1 la Historia la que juzgar\u00e1 la grandeza de esta gesta, los juglares los que la cantar\u00e1n y nuestros recuerdos los que evocaremos cuando digamos: \u00ab\u00bfOs acord\u00e1is del campamento de la pandemia? Yo estuve all\u00ed, en Duruelo&#8230;\u00bb. <\/p>\n\n\n\n<p>De hecho, los juglares han compuesto un \u00e9pico <a href=\"https:\/\/www.scouts284.org\/index.php\/campamento-2021\/romance-de-duruelo-2021\/\"><strong>Romance de Duruelo<\/strong><\/a>, para que se recite en los fuegos de campamento a la luz de la hoguera&#8230; He aqu\u00ed un trocito del final:<\/p>\n\n\n\n<blockquote class=\"wp-block-quote is-layout-flow wp-block-quote-is-layout-flow\">\n<p>Con l\u00e1grimas en los ojos,<\/p>\n\n\n\n<p>con una mirada al Cielo;<\/p>\n\n\n\n<p>fueron los mejores d\u00edas,<\/p>\n\n\n\n<p>en el \u00faltimo a\u00f1o y medio.<\/p>\n\n\n\n<p>Y es un regalo tan grande,<\/p>\n\n\n\n<p>y es un recuerdo tan bello,<\/p>\n\n\n\n<p>que siempre ser\u00e1 especial<\/p>\n\n\n\n<p>y nunca lo olvidaremos.<\/p>\n<\/blockquote>\n\n\n\n<p>Pero una Ronda Solar acaba, y ya viene otra nueva&#8230; \ud83d\ude09<\/p>\n\n\n\n<p>Un fuerte abrazo!<\/p>\n\n\n\n<h2 class=\"wp-block-heading\">5 de agosto<\/h2>\n\n\n\n<p>Buenas noches, familia!<\/p>\n\n\n\n<p>Hoy tenemos una peque\u00f1a actualizaci\u00f3n: solamente nos faltaba por tener las fotos del raid de la Unidad Esculta Imohag (es el \u00fanico \u00e1lbum que falta en la lista de m\u00e1s arriba). Pues hoy hemos sabido que no pudieron hacer fotos, as\u00ed que no tendremos \u00e1lbum de Imohag. Como recordar\u00e9is, fueron la primera unidad que tuvo que volverse a Madrid, y adem\u00e1s completa. El 17 de agosto termin\u00f3 el campamento para los escultas de Imohag. <\/p>\n\n\n\n<p>Aunque no tengan fotos, esperamos que guarden en su retina las im\u00e1genes de este campamento que para ellos tuvo tres d\u00edas escasos. Es curioso, pero muchas veces ocurre que de los momentos m\u00e1s bonitos de la vida, precisamente de esos, no tenemos fotos. Quiz\u00e1s porque son momentos tan intensos, tan personales o \u00edntimos, tan aut\u00e9nticos, tan vividos para vivirlos y no \u00abpara el postureo\u00bb, que nadie piensa en hacer fotos en un momento as\u00ed. <\/p>\n\n\n\n<p>As\u00ed que cerramos los \u00e1lbumes de fotos con  1.496 fotos en 20 \u00e1lbumes. Faltan las fotos de todo lo que no ocurri\u00f3 este a\u00f1o: las fotos de las actuaciones del Festival del d\u00eda 26 (que el Clan ya hab\u00eda preparado), las fotos de los Consejos del d\u00eda 27 y las ceremonias de promesas y etapas de progresi\u00f3n, las fotos del Fuego del d\u00eda 28 (que este a\u00f1o hab\u00eda preparado la Comuna) y de los Pases de Unidad del d\u00eda 29. Sobre todo las promesas de los que habr\u00edan conseguido la pa\u00f1oleta de haberse celebrado sus Consejos. Esperemos que puedan hacer su Promesa (de Castor, de Lobato o de Scout) lo antes posible. <\/p>\n\n\n\n<p>Un abrazo!<\/p>\n\n\n\n<h2 class=\"wp-block-heading\">2 de agosto<\/h2>\n\n\n\n<p>Buenas noches, amigos!<\/p>\n\n\n\n<p>Aqu\u00ed seguimos dando la lata! \ud83d\ude09<\/p>\n\n\n\n<p>Bueno, pero que conste que seguimos dando la lata por una buena causa, que es asegurarnos de la buena salud de nuestros scouts.<\/p>\n\n\n\n<p>Tenemos noticias actualizadas del seguimiento de los positivos que est\u00e1 haciendo la Coordinaci\u00f3n (por cierto, realizando un trabajo digno de los mejores rastreadores&#8230;):<\/p>\n\n\n\n<p><strong>A falta de contactar con uno de los 86 positivos que la semana pasada ten\u00eda s\u00edntomas leves, el estado de la \u201cenfermer\u00eda\u201d es:<\/strong><\/p>\n\n\n\n<ul class=\"wp-block-list\">\n<li><strong>3 con s\u00edntomas leves (2 de ellos presentaron s\u00edntomas el pasado 27\/7)<\/strong><\/li>\n\n\n\n<li><strong>7 permanecen asintom\u00e1ticos y termina su confinamiento esta semana<\/strong><\/li>\n\n\n\n<li><strong>el resto (75 casos), ya han sido dados de alta y est\u00e1n empezando a recuperar su vida \u201cnormal\u201d<\/strong><\/li>\n<\/ul>\n\n\n\n<p> <strong>En la siguiente tabla se detallan los casos por unidad, actualizados a d\u00eda de hoy:<\/strong> <\/p>\n\n\n\n<figure class=\"wp-block-image alignwide size-full\"><img loading=\"lazy\" decoding=\"async\" width=\"1600\" height=\"656\" src=\"https:\/\/www.scouts284.org\/wp-content\/uploads\/2021\/08\/IMG-20210802-WA0035.jpg\" alt=\"\" class=\"wp-image-1525\"\/><\/figure>\n\n\n\n<p>Nos alegramos de que ya queden pocos confinados, y desde aqu\u00ed mandamos mucho \u00e1nimo a los dos que han presentado s\u00edntomas el d\u00eda 27 (se ve que el tiempo de incubaci\u00f3n en algunos casos es largo). <\/p>\n\n\n\n<p>Pasando a otro tema, tambi\u00e9n seguimos a\u00f1adiendo \u00e1lbumes de fotos de los raids de las unidades, ya tenemos de casi todas! Pod\u00e9is ver la lista de enlaces m\u00e1s arriba. Mil gracias a todos los que hab\u00e9is recopilado fotos de vuestros raids para guardar esta colecci\u00f3n de recuerdos!<\/p>\n\n\n\n<p>Buena caza!<\/p>\n\n\n\n<h2 class=\"wp-block-heading\">28 de julio<\/h2>\n\n\n\n<p>Buenas tardes, familias!<\/p>\n\n\n\n<p>Hoy tenemos tres noticias que contaros: <\/p>\n\n\n\n<p>La <strong>primera <\/strong>es que el contenedor ya est\u00e1 en camino hacia Madrid! Ha estado en campamento, cerrado, desde el d\u00eda 25, y hoy ha ido el \u00abcami\u00f3n gr\u00faa pluma\u00bb (o \u00abcami\u00f3n autocargante\u00bb) que se lo carga encima y lo lleva al \u00abpuerto seco\u00bb en el que se pasa todo el a\u00f1o.<\/p>\n\n\n\n<p>Aunque la recogida del contenedor parezca una operaci\u00f3n f\u00e1cil, casi una mera gesti\u00f3n que se puede dar por hecha, era uno de los puntos problem\u00e1ticos de la recogida \u00abtemprana\u00bb del campamento: el cami\u00f3n gr\u00faa pluma no pod\u00eda ir a recogerlo hasta el d\u00eda 28, y nosotros ten\u00edamos que dejarlo cargado el d\u00eda 25 y marcharnos a Madrid. Pero todos los a\u00f1os anteriores, lo que ha ocurrido ha sido que, cuando ha llegado, la pluma no pod\u00eda levantar el contenedor: lo hab\u00edamos cargado demasiado. La gr\u00faa puede levantar 9.000 Kg, pero el contenedor vac\u00edo ya pesa 3.000 Kg, as\u00ed que s\u00f3lo podemos meter 6.000 Kg de material dentro.<\/p>\n\n\n\n<p>En esos casos, lo que siempre hemos tenido que hacer ha sido sacar material del contenedor (a lo mejor un par de toneladas), que la pluma lo cargue en el cami\u00f3n, y luego volver a meter el material. La operaci\u00f3n de descarga del contenedor en el puerto seco ya no tiene esta limitaci\u00f3n de peso porque all\u00ed tienen gr\u00faas m\u00e1s potentes. Pero este a\u00f1o ten\u00edamos que acertar con el peso: no pod\u00edamos cargar demasiado el contenedor, porque no pod\u00edamos arriesgarnos a que la pluma no pudiera levantarlo, ya que no iba a haber nadie en la campa para hacer esa operaci\u00f3n de sacar cosas y luego volver a meterlas.<\/p>\n\n\n\n<p>Para asegurarse, la comisi\u00f3n de LOES estuvo pesando las mesas del comedor (hay varios modelos de mesas, no todas pesan lo  mismo) y las patas, para calcular cu\u00e1nto pesaban). Seg\u00fan los c\u00e1lculos, todas las mesas del comedor (con sus patas) pesan ya unos 4.000 Kg. La buena noticia es que hoy la pluma ha podido levantar el contenedor, as\u00ed que no ha hecho falta sacar nada. Nos han dicho que hemos clavado el peso! \ud83d\ude42 Gran trabajo el de la comisi\u00f3n de LOES!<\/p>\n\n\n\n<p>La <strong>segunda<\/strong> noticia que queremos contaros es que la Coordinaci\u00f3n ha estado estos d\u00edas haciendo un seguimiento de los casos de COVID-19 que han sido detectados en el Grupo, no s\u00f3lo los que se detectaron en campamento, sino tambi\u00e9n los que se han detectado posteriormente en Madrid. Os pasamos la actualizaci\u00f3n del estado:<\/p>\n\n\n\n<div class=\"wp-block-group\"><div class=\"wp-block-group__inner-container is-layout-flow wp-block-group-is-layout-flow\">\n<p><strong>Informaci\u00f3n actualizada a d\u00eda de hoy:<\/strong><\/p>\n\n\n\n<ul class=\"wp-block-list\">\n<li><strong>En total tenemos 84 positivos de los 462 asistentes al campamento:<\/strong>\n<ul class=\"wp-block-list\">\n<li><strong>En Campamento se detectaron 25 positivos:<\/strong>\n<ul class=\"wp-block-list\">\n<li><strong>En el campamento base se confirmaron 3 casos con s\u00edntomas como positivos que derivamos a Madrid junto con sus contactos estrechos.<\/strong><\/li>\n\n\n\n<li><strong>En los raids se confirmaron una serie de sintom\u00e1ticos y en los cribados a la vuelta de los raids, se identificaron en total 22 casos positivos.<\/strong><\/li>\n<\/ul>\n<\/li>\n\n\n\n<li><strong>Desde que se fueron mandando a Madrid contactos estrechos y levantamos el campamento, se han identificado 59 casos positivos.<\/strong><\/li>\n<\/ul>\n<\/li>\n\n\n\n<li><strong>Todos los casos son o bien asintom\u00e1ticos o bien s\u00edntomas leves. Algunos incluso ya est\u00e1n liber\u00e1ndose del confinamiento.<\/strong><\/li>\n\n\n\n<li><strong>La afectaci\u00f3n se ha centrado en las tres unidades Escultas (40% aprox) y dos tropas (50-60% aprox)<\/strong><\/li>\n\n\n\n<li><strong>Esperamos que en una semana se haya aclarado todo, no haya m\u00e1s positivos y todos est\u00e9n liberados.<\/strong><\/li>\n<\/ul>\n<\/div><\/div>\n\n\n\n<p><strong>En la siguiente tabla se detallan los casos por unidad:<\/strong><\/p>\n\n\n\n<figure class=\"wp-block-image alignwide size-full\"><img loading=\"lazy\" decoding=\"async\" width=\"2048\" height=\"840\" src=\"https:\/\/www.scouts284.org\/wp-content\/uploads\/2021\/07\/IMG-20210728-WA0009.jpg\" alt=\"\" class=\"wp-image-1501\"\/><\/figure>\n\n\n\n<p>Muchas gracias a la Coordinaci\u00f3n del Grupo por el trabajo de seguimiento y la transparencia en la informaci\u00f3n!<\/p>\n\n\n\n<p>Nos alegramos mucho de que todos los casos sean asintom\u00e1ticos o tengan s\u00edntomas leves. <\/p>\n\n\n\n<p>Estamos seguros de que las familias est\u00e1n haciendo un trabajo excelente aislando a sus hijos para evitar que haya m\u00e1s contagios, incluso a costa de sufrir incomodidades como bloquear habitaciones y ba\u00f1os para los hijos aislados, tener que dormir alguien en el sal\u00f3n, retrasar la salida de vacaciones, etc. Mucho \u00e1nimo a todos los que est\u00e1is en esta situaci\u00f3n. \u00c1nimo que ya queda menos!!<\/p>\n\n\n\n<p>Y, por \u00faltimo, una <strong>tercera <\/strong>noticia: hoy, ya a \u00faltima hora, hemos terminado de colocar la comida que guardaremos para el pr\u00f3ximo campamento. Como dec\u00edamos, es comida con fecha de caducidad posterior al verano de 2022, o incluso en 2023 y 2024, y va a estar guardada \u00aba buen recaudo\u00bb, como suele decirse, en un lugar \u00abfresco y seco\u00bb. Esperamos que se conserve bien! Mientras tanto, como dec\u00edan los le\u00f1adores que la han llevado, si hay un apocalipsis zombi, ya sabemos d\u00f3nde podemos refugiarnos y tenemos comida para rato&#8230;  \ud83d\ude09<\/p>\n\n\n\n<p>Buena caza!<\/p>\n\n\n\n<h2 class=\"wp-block-heading\">27 de julio<\/h2>\n\n\n\n<p>Buenos d\u00edas!<\/p>\n\n\n\n<p>Hoy escribimos una breve nota: hemos llevado la comida que hab\u00edamos separado para donar a las monjas (las Siervas de Jes\u00fas de la Caridad) que llevan el comedor social de Vallecas. Nos lo han agradecido mucho porque les vienen muy bien las donaciones. <\/p>\n\n\n\n<p>Como sabr\u00e9is, son las mismas monjas para las que, desde la parroquia, hacemos la campa\u00f1a \u00abTuve hambre y me disteis de comer\u00bb, en la que cada domingo pedimos que la gente traiga cierto tipo de comida y se recoge antes de las misas. Si no hab\u00e9is participado en esta campa\u00f1a hasta ahora, os animamos a participar. La informaci\u00f3n sobre qu\u00e9 tipo de comida se pide cada semana se publica en la web de la parroquia:<\/p>\n\n\n\n<p><a href=\"https:\/\/reinacielo.com\/\">https:\/\/reinacielo.com\/<\/a><\/p>\n\n\n\n<p>Tambi\u00e9n estamos actualizando los \u00e1lbumes de fotos, a\u00f1adiendo las de los \u00faltimos d\u00edas, y algunas otras fotos sueltas de los d\u00edas anteriores. Adem\u00e1s, hemos creado \u00e1lbumes de fotos de los raids de las unidades que han podido recopilarlas. Da gusto ver algunos paisajes de esos \u00e1lbumes. <\/p>\n\n\n\n<p>Un abrazo desde el confinamiento madrile\u00f1o!<\/p>\n\n\n\n<h2 class=\"wp-block-heading\"><strong>25 de julio<\/strong><\/h2>\n\n\n\n<p>Buenos d\u00edas, amigos!<\/p>\n\n\n\n<p>Seguimos escribiendo el 28 de julio sobre lo que pas\u00f3 el d\u00eda 25: fue el \u00faltimo d\u00eda de campamento para los Rovers, algunos scouters y Caba\u00f1a. <\/p>\n\n\n\n<p>Por la ma\u00f1ana, los scouters madrugaron porque hab\u00eda que terminar de cargar el cami\u00f3n pronto, ya que deb\u00eda salir de campamento antes de las 12:00. La carga fue muy bien y al final el cami\u00f3n sali\u00f3 a las 11:15. Despu\u00e9s quedaba terminar de cargar el contenedor, que como no corr\u00eda tanta prisa se hab\u00eda dejado para despu\u00e9s. Pero a las 12:40 estaba ya cerrado el contenedor, as\u00ed que, como el autob\u00fas ven\u00eda a las 15:00, bastantes rovers y scouters se fueron a sus parcelas a aprovechar par dormir un rato m\u00e1s.<\/p>\n\n\n\n<p>Los rovers y algunos scouters bajaron a pie hasta el \u00e1rea de descanso de autocaravanas de Duruelo, donde les esperaba el autob\u00fas, que arranc\u00f3 a las 15:30. Muy poco despu\u00e9s, a las 16:00, llegaba el cami\u00f3n a la parroquia, y empezaba a ser descargado por el primer turno (de 16:00 a 18:30), y luego por el segundo turno (de 18:30 a 21:00). El cami\u00f3n pudo salir a tiempo de la parroquia, ya descargado, para cumplir los otros compromisos que ten\u00eda.<\/p>\n\n\n\n<p>En los locales, como pod\u00e9is ver en las fotos, el material qued\u00f3 bien colocado en la pecera de material, y qued\u00f3 adem\u00e1s en uno de los locales mucho material de unidades, que habr\u00e1 que ir colocando en sus respectivos armarios, y las segundas mochilas de algunos escultas, que tendr\u00e1n que pasar a recoger.<\/p>\n\n\n\n<p>En el local de Kiowa (el local del bar), quedaron dos grandes montones de comida: la que conservaremos para el pr\u00f3ximo campamento (con fechas de caducidad posteriores al verano de 2022 por lo menos, pero tambi\u00e9n algunas de 2023 y hasta 2024), y otro mont\u00f3n que donaremos a las monjas del comedor de Vallecas.<\/p>\n\n\n\n<p>Unos se\u00f1ores del pueblo fueron a la campa con un cami\u00f3n peque\u00f1o a llevarse la nevera medio estropeada (el congelador funciona bien), parte de la madera de construcciones (la mayor\u00eda sin usar, porque se pidi\u00f3 para hacer las parcelas y casi ninguna unidad ha podido construir su parcela) y las mangueras de agua viejas que hemos decidido tirar este a\u00f1o. As\u00ed que el pinar qued\u00f3 casi como estaba antes de llegar nosotros.<\/p>\n\n\n\n<p>En el campamento qued\u00f3 el contenedor, ya cerrado, esperando a que fueran a recogerlo, y las letrinas, tambi\u00e9n esperando su recogida.  Una estampa extra\u00f1a la del pinar tan lleno de paz con esos objetos extra\u00f1os en medio.<\/p>\n\n\n\n<p>Siempre se dice que \u00abel campamento termina cuando termina la descarga del cami\u00f3n\u00bb, porque las unidades mayores no pueden irse a casa al llegar a Madrid: queda ese trabajo tan importante que es la descarga, y en esta labor son vitales los escultas. Esta vez, muchos escultas estaban confinados en sus casas, as\u00ed que se pidi\u00f3 ayuda a los escultas antiguos, por los grupos de Muntjak, Kariboo, Steenbok, Bosbok&#8230; y muchos bajaron a descargar el cami\u00f3n, rememorando sin duda los viejos tiempos de hace 30 a\u00f1os&#8230; Much\u00edsimas gracias a todos los que ayudaron a descargar el cami\u00f3n!!!<\/p>\n\n\n\n<p>Estamos contentos porque, a pesar de ser menos de lo habitual, pudimos desmontar bien todo el campamento y cargar y descargar el cami\u00f3n. Ya queda todo listo para el campamento de 2022!!!<\/p>\n\n\n\n<p>Pero todav\u00eda queda trabajo por hacer, os seguiremos contando!!<\/p>\n\n\n\n<p>Hasta ahora!<\/p>\n\n\n\n<h2 class=\"wp-block-heading\"><strong>24 de julio<\/strong><\/h2>\n\n\n\n<p>Hola, familias!<\/p>\n\n\n\n<p>Escribimos ya desde Madrid, el 28 de julio. Perdonad el retraso. En realidad, a estas alturas todos ya sab\u00e9is que el campamento se desmont\u00f3 con \u00e9xito y el cami\u00f3n se descarg\u00f3 muy bien en Madrid. Pero os contamos un poco m\u00e1s de lo que pas\u00f3 el d\u00eda 24.<\/p>\n\n\n\n<p>El d\u00eda 24 terminamos de desmontar casi todo lo que quedaba del campamento, y el cami\u00f3n vino esa misma tarde, con lo que pudimos empezar a cargarlo. Hizo muy buen tiempo, as\u00ed que pudimos recoger todo limpio (cuando llueve el d\u00eda del desmontaje es un desastre). <\/p>\n\n\n\n<p>Hacia las 8 de la tarde dejamos de cargar el cami\u00f3n y tuvimos la celebraci\u00f3n de la Eucarist\u00eda. Fue una misa bonita, muy participativa. Est\u00e1bamos todos los que qued\u00e1bamos en campamento: los Rovers, scouters de varias unidades y Caba\u00f1a. Como era 24 por la tarde, las lecturas fueron las del d\u00eda 25, festividad de Santiago. Las lecturas de este d\u00eda nos hablan de este santo, que es patr\u00f3n de Espa\u00f1a, que creemos que est\u00e1 enterrado en Santiago de Compostela, y que antes estuvo predicando en Espa\u00f1a, llegando hasta el fin del mundo (Finisterre), para cumplir el mandato de Jes\u00fas de predicar \u00abhasta los confines de la tierra\u00bb. Es interesante que el patr\u00f3n y la patrona de Espa\u00f1a (la Virgen del Pilar) coincidieron cuando la Virgen se apareci\u00f3 al propio Santiago, sobre un pilar de piedra, a orillas del r\u00edo Ebro, cerca de la ciudad de Caesaraugusta, hoy Zaragoza. Santiago estaba desanimado porque pensaba que su predicaci\u00f3n en Hispania no hab\u00eda tenido mucho \u00e9xito, y ya volv\u00eda hacia Palestina, pero la Virgen le prometi\u00f3 nunca faltar\u00edan en estas tierras buenos cristianos.<\/p>\n\n\n\n<p>Pero lo m\u00e1s apropiado de esta lectura de la misa del d\u00eda de Santiago es la llamada a la autoridad vista como servicio. Parece una lectura elegida intencionadamente para una misa scout. Jes\u00fas les dijo a sus ap\u00f3stoles, al ver las ansias de poder de los dos hermanos, Santiago y Juan: \u00abSab\u00e9is que los que son reconocidos como jefes de los pueblos los tiranizan, y que los grandes los oprimen. Vosotros, nada de eso: <strong>el que quiera ser grande, sea vuestro servidor; y el que quiera ser primero, sea esclavo de todos<\/strong>. Porque el Hijo del hombre no ha venido para que le sirvan, sino para servir y dar su vida en rescate por todos.\u00bb <\/p>\n\n\n\n<p>La homil\u00eda fue compartida entre Juan Antonio y algunas personas que quisieron hablar: hablamos de que el servicio es la expresi\u00f3n del amor al pr\u00f3jimo. De que ese amor al pr\u00f3jimo es lo que nos hace felices. A los miembros de la Comuna, que podr\u00e1n ser scouters en la pr\u00f3xima Ronda Solar, les insisti\u00f3 Juan Antonio en que amen a sus ni\u00f1os. Ser scouter es servir a tus ni\u00f1os, y ese servicio tiene que nacer del amor, no ser una obligaci\u00f3n. Muchas veces hemos dicho que los scouters y Caba\u00f1a no servir\u00edamos con la misma alegr\u00eda, ni nos esforzar\u00edamos tanto, si fu\u00e9ramos al campamento porque nos pagaran. Si nos pagaran, simplemente har\u00edamos el servicio para cumplir el contrato, pero hay tanta diferencia entre el servicio que nace del amor y el que simplemente cumple un contrato!!!<\/p>\n\n\n\n<p>En muchos otros campamentos los monitores cobran (sobre todo campamentos organizados por empresas o entidades p\u00fablicas como ayuntamientos). Del resto de campamentos (los de grupos scouts y parroquias), en casi todos, los monitores no cobran pero no pagan nada, lo cual es una especie de pago en especie (manutenci\u00f3n y viaje gratis). Nuestro grupo scout es un caso raro en este sentido: todos pagamos igual, incluso la Coordinaci\u00f3n y el consiliario pagan como todos. Pero consideramos que esto es una garant\u00eda de que el que viene a servir al 284, viene por af\u00e1n de servicio, y no por ganar dinero, ni siquiera por tener unas vacaciones gratis.<\/p>\n\n\n\n<p>Pero no todo fue la misa el d\u00eda 24! Ese d\u00eda tambi\u00e9n estrenamos en YouTube el v\u00eddeo que iba a ser la actuaci\u00f3n en el Fuego de Campamento de Castores. Como los castores no iban a estar el d\u00eda 28 en campamento, ten\u00edamos la idea de grabar un v\u00eddeo y presentarlo como su actuaci\u00f3n. Se trata de un v\u00eddeo real grabado durante campamento, en el que los valientes castores expulsan al coronavirus del campamento. Si San Juan de la Cruz les hubiera explicado a los castores su misi\u00f3n, sin duda les habr\u00eda dicho:<\/p>\n\n\n\n<blockquote class=\"wp-block-quote is-layout-flow wp-block-quote-is-layout-flow\">\n<p>Castores, los que fuerdes<\/p>\n\n\n\n<p>all\u00e1 por los pinares de Duruelo,<\/p>\n\n\n\n<p>si por ventura vierdes<\/p>\n\n\n\n<p>al Covid pendenciero<\/p>\n\n\n\n<p>\u00a1Mostradle vuestro \u00e1nimo m\u00e1s fiero!<\/p>\n<\/blockquote>\n\n\n\n<p>Este es el v\u00eddeo titulado \u00abLos h\u00e9roes de Duruelo\u00bb:      \ud83d\ude42<\/p>\n\n\n\n<figure class=\"wp-block-embed is-type-video is-provider-youtube wp-block-embed-youtube wp-embed-aspect-16-9 wp-has-aspect-ratio\"><div class=\"wp-block-embed__wrapper\">\n<iframe loading=\"lazy\" title=\"Los h\u00e9roes de Duruelo\" width=\"750\" height=\"422\" src=\"https:\/\/www.youtube.com\/embed\/nD7__qeyaZM?feature=oembed\" frameborder=\"0\" allow=\"accelerometer; autoplay; clipboard-write; encrypted-media; gyroscope; picture-in-picture; web-share\" referrerpolicy=\"strict-origin-when-cross-origin\" allowfullscreen><\/iframe>\n<\/div><\/figure>\n\n\n\n<p>La verdad es que a todos no daban ganas de zurrar al coronavirus; menos mal que se lo dejamos s\u00f3lo a los castores, y menos mal que s\u00f3lo le atacaban con pistolas y globos de agua, aunque alguno al que se le acababa el agua le daba porrazos con la pistola!<\/p>\n\n\n\n<p>Despu\u00e9s de la misa tuvimos la \u00faltima cena del campamento, que habitualmente es la \u00abcena de jefes\u00bb. Fue parecida a una \u00abcena de jefes\u00bb, pero el men\u00fa era m\u00e1s sencillo: el plato principal fue un bocadillo, pero hubo algunos \u00abaperitivos\u00bb para hacer la cena m\u00e1s especial. Tambi\u00e9n tuvimos la maravillosa decoraci\u00f3n\/iluminaci\u00f3n de las mesas, colocadas en c\u00edrculo en medio del bosque. En algunas fotos hechas desde lejos, se ve la luz entre los \u00e1rboles del bosque de noche, y la escena recuerda a las im\u00e1genes de esas fiestas finales de los galos Ast\u00e9rix y Ob\u00e9lix cuando celebraban el final de sus aventuras.<\/p>\n\n\n\n<figure class=\"wp-block-image size-full\"><img loading=\"lazy\" decoding=\"async\" width=\"2000\" height=\"1500\" src=\"https:\/\/www.scouts284.org\/wp-content\/uploads\/2021\/07\/IMG20210724234830_peq.jpg\" alt=\"\" class=\"wp-image-1488\"\/><figcaption class=\"wp-element-caption\"><em>Los irreductibles galos celebran su victoria comiendo un jabal\u00ed asado&#8230; bueno, un bocadillo de at\u00fan!<\/em><\/figcaption><\/figure>\n\n\n\n<p>Luego os contamos m\u00e1s del d\u00eda 25!<\/p>\n\n\n\n<p>Un abrazo!!<\/p>\n\n\n\n<h2 class=\"wp-block-heading\"><strong>23 de julio<\/strong><\/h2>\n\n\n\n<p>Buenos d\u00edas!<\/p>\n\n\n\n<p>Hoy no escribimos por la noche del d\u00eda 23, sino por la ma\u00f1ana del d\u00eda 24. El motivo es que ayer por la noche tuvimos \u00abnoche m\u00e1gica\u00bb!! Esto de la noche m\u00e1gica es como llamamos desde hace algunos a\u00f1os a las noches en las que, despu\u00e9s del Kraal, nos quedamos cantando con las guitarras. Son unas noches muy apreciadas porque, aunque el campamento tenga 15 noches, en todo el campamento puede haber una o dos noches m\u00e1gicas. <\/p>\n\n\n\n<p>Como los Kraales terminan bastante tarde, siempre despu\u00e9s de que se haya tocado silencio (a las 23:00), mientras haya ni\u00f1os en campamento no es posible ponerse a cantar a esas horas. As\u00ed que las noches m\u00e1gicas se reducen, en un campamento normal, a la noche del raid de castores (cuando s\u00f3lo estamos en campamento la Caba\u00f1a) y poco m\u00e1s. Pero ayer por la noche no hab\u00eda peque\u00f1os en campamento (los \u00fanicos no scouters son Clan y Comuna, que ya son mayorcitos&#8230;).<\/p>\n\n\n\n<p>Como estaban de guitarristas principales Nacho y Fero, m\u00e1s alg\u00fan guitarrista espont\u00e1neo, y con la animaci\u00f3n de Hermes, fue un lujo de noche. De esos ratitos que Manolo dir\u00eda que no cambiar\u00eda \u00abni por un mes entero de trabajo\u00bb. \ud83d\ude09<\/p>\n\n\n\n<p>Estas noches, en las que cada uno aporta sus cualidades art\u00edsticas, son los \u00abFuegos de Campamento\u00bb primitivos, as\u00ed, improvisados y espont\u00e1neos. Fue un lujo cantar juntos desde los scouters m\u00e1s j\u00f3venes a los le\u00f1adores m\u00e1s experimentados. Eso, s\u00ed, es dif\u00edcil encontrar canciones que nos sepamos todos.<\/p>\n\n\n\n<p>Por otro lado, ayer continuamos con el desmontaje: desmontamos todas las tiendas comunes excepto Sanidad, que justo acaban de desmontar esta ma\u00f1ana, y tambi\u00e9n embalamos casi todo el material de las tiendas comunes. Vamos bien de tiempo porque somos suficientes para hacerlo todo con m\u00e1s cuidado de lo que es habitual en las recogidas normales de campamento.<\/p>\n\n\n\n<p>Tambi\u00e9n ayer fuimos a devolver parte de la comida que ya no vamos a consumir. Otra parte de la comida, la que caduca m\u00e1s all\u00e1 del pr\u00f3ximo campamento, la guardaremos, y otra parte la donaremos. Tambi\u00e9n estamos intentando acabar lo que no dar\u00e1 tiempo ni siquiera a donar, como los filetes de pescado empanados congelados, que llevamos cenando ya tres d\u00edas! Para esta noche, un le\u00f1ador que desea permanecer en el anonimato ha propuesto hacer, como \u00abcena especial\u00bb, fajitas de pescado! \ud83d\ude00<\/p>\n\n\n\n<p>Pero no cre\u00e1is que estamos comiendo mal, que fajitas hay para repetir&#8230; \ud83d\ude09   Pero tambi\u00e9n comemos otras cosas. Ayer comimos un arroz buen\u00edsimo que prepar\u00f3 nuestra cocinera Luc\u00eda, ya sin la ayuda de Marieta, porque Sergio y nuestra veterana cocinera se marcharon ayer a Madrid.<\/p>\n\n\n\n<p>Hablando de la comida que s\u00ed hemos podido devolver y de otros gastos que hemos podido cancelar, estamos pensando en que podremos devolver algo del dinero del precio de campamento, aunque antes de eso habr\u00e1 que cerrar las cuentas y ver c\u00f3mo quedan finalmente. <\/p>\n\n\n\n<p>Ayer tambi\u00e9n terminamos de pintar las mesas.  Han quedado bastante renovadas, de un color verde m\u00e1s alegre que el de antes. Al tener m\u00e1s tiempo que otros a\u00f1os, tambi\u00e9n estamos embalando mejor el material y la carga estar\u00e1 mejor colocada en el cami\u00f3n y el contenedor.<\/p>\n\n\n\n<p>Estos d\u00edas estamos teniendo muy buen ambiente en campamento. En las comidas, Japo nos ha ense\u00f1ado el juego de la \u00abruleta rusa\u00bb, la del friegue, no la otra. Consiste en que una mano inocente designa a una persona por la que se empieza a contar y otra dice un n\u00famero (por encima del 100). Entonces se empieza a contar entre todos los que estamos comiendo en el comedor y al afortunado (y los dos siguientes) les toca fregar todos los perolos, bandejas y todas las mesas del comedor! Ver\u00e9is a una de las afortunadas en una de las fotos&#8230; \ud83d\ude2f<\/p>\n\n\n\n<p><strong>Otro tema que puede interesaros: del campamento nos han sobrado tests de ant\u00edgenos de los de saliva. Como sab\u00e9is, hab\u00edamos calculado 2 tests por persona, y est\u00e1n pagados. El que no haya gastado los 2 tests por persona puede ir a hac\u00e9rselo o a recogerlo el domingo d\u00eda 25 a la parroquia, a las 16:00, al local de la pizarra (entrando en los locales a mano izquierda y luego otra vez a mano izquierda). Quien no vaya en ese momento se entender\u00e1 que renuncia a ellos. Para hacerlos estar\u00e1 all\u00ed Ana Bel\u00e9n, nuestra enfermera. Adem\u00e1s, si alguien quiere comprar tests de saliva, este mismo tipo de tests se vender\u00e1n a 8\u20ac, que fue el precio de coste, ya que se compraron de m\u00e1s. <\/strong><\/p>\n\n\n\n<p>Por \u00faltimo, sobre el tema de la <strong>descarga del cami\u00f3n<\/strong>, ayer se envi\u00f3 un Doodle por las redes sociales y varios grupos de Whatsapp, para que los voluntarios que pod\u00e1is os apunt\u00e9is. Hay 2 turnos de dos horas y media cada uno: de 16:00 a 18:30 y de 18:30 a 21:00. Ayer por la noche se hab\u00edan apuntado muy pocas personas. Es un Doodle que permite apuntarse a cada turno a un m\u00e1ximo de 45 personas, que consideramos que es suficiente, pero no demasiado, para evitar aglomeraciones. Por favor, los que os apunt\u00e9is, no olvid\u00e9is traer guantes, y bajad solo a vuestro turno. Si no lo hab\u00e9is visto, este es el enlace:<\/p>\n\n\n\n<p><a href=\"https:\/\/doodle.com\/poll\/b5ksbtmbsmrxzqdz\">https:\/\/doodle.com\/poll\/b5ksbtmbsmrxzqdz<\/a><\/p>\n\n\n\n<p>En Twitter ten\u00e9is todo un hilo:<\/p>\n\n\n\n<figure class=\"wp-block-embed is-type-rich is-provider-twitter wp-block-embed-twitter\"><div class=\"wp-block-embed__wrapper\">\n<div class=\"twitter-tweet\"><blockquote class=\"twitter-tweet\" data-lang=\"es\"><p lang=\"es\" dir=\"ltr\">Para organizarnos, porque seremos muchos, os dejamos un Doodle por aqu\u00ed \ud83d\udc47 <a href=\"https:\/\/t.co\/VrHdcdVW3n\">https:\/\/t.co\/VrHdcdVW3n<\/a><\/p>&mdash; Grupo Scout 284 (@scouts284) <a href=\"https:\/\/twitter.com\/scouts284\/status\/1418865291027746819?ref_src=twsrc%5Etfw\">24 de julio de 2021<\/a><\/blockquote><\/div>\n<\/div><\/figure>\n\n\n\n<p>Seguiremos informando, si podemos&#8230; <\/p>\n\n\n\n<p>Un fuerte abrazo desde Duruelo!<\/p>\n\n\n\n<h2 class=\"wp-block-heading\"><strong>22 de julio<\/strong><\/h2>\n\n\n\n<p>Buenas noches, amigos!<\/p>\n\n\n\n<p>Como otras noches, os transmitimos esta vez un breve mensaje de la Coordinaci\u00f3n del Grupo:<\/p>\n\n\n\n<blockquote class=\"wp-block-quote is-layout-flow wp-block-quote-is-layout-flow\">\n<p><strong>Estimados padres,<\/strong><\/p>\n\n\n\n<p><strong>De coraz\u00f3n, os damos las gracias por todas las muestras de cari\u00f1o que nos est\u00e1is transmitiendo. <\/strong><\/p>\n\n\n\n<p><strong>Siempre Listos Para Servir; no sabemos hacerlo de otra manera.<\/strong><\/p>\n\n\n\n<p><strong>Buenas noches desde Duruelo!<\/strong><\/p>\n<\/blockquote>\n\n\n\n<p>Aunque el campamento ha terminado para los ni\u00f1os, como sab\u00e9is, aqu\u00ed seguimos todav\u00eda bastantes personas, que vamos a desmontar todas las instalaciones.<\/p>\n\n\n\n<p>De hecho, esta ma\u00f1ana todav\u00eda quedaban m\u00e1s de treinta ni\u00f1os que han disfrutado de una noche m\u00e1s y de un extraordinario desayuno en el campamento. Creo que es la primera vez (y seguramente la \u00fanica) que el desayuno en campamento es \u00aba la carta\u00bb: pod\u00edan elegir pan con Nocilla, con mantequilla y\/o mermelada, con aceite y sal\/az\u00facar y bollos varios (de los raids de unidades que no pudieron terminarles y les sobr\u00f3 comida). Ver\u00e9is en las fotos la \u00abbarra\u00bb desde la que la Caba\u00f1a sirve la comida, esta vez convertida en una especie de barra de bar.  \ud83d\ude09<\/p>\n\n\n\n<p>A los lobatos que pasaron la noche en campamento les hemos hecho la prueba de ant\u00edgenos de exudado nasofar\u00edngeo (la del palito largo), ya que ahora tenemos m\u00e1s pruebas de este tipo, que son m\u00e1s fiables que las de saliva, porque a los lobatos les hicimos la de saliva. Han salido todos negativos, y tambi\u00e9n sus scouters. Es una confianza adicional, dentro de la fiabilidad de estas pruebas (por favor, releed el mensaje de Jorge de ayer).<\/p>\n\n\n\n<p>Hoy hemos empezado a desmontar el campamento: hemos desmontado el bid\u00f3n y el fregadero de cocina, uno de los fregaderos de fuera, el lavamanos de las letrinas de arriba y su acometida de agua, medio comedor (estructura y toldos), el bid\u00f3n de duchas con su torre (las duchas siguen funcionando, pero ahora el agua de las duchas viene directamente de la fuente, con lo cual est\u00e1 un poco m\u00e1s fresquita), las parcelas de las unidades y el vallado de las letrinas de abajo. Tambi\u00e9n hemos aprovechado la ocasi\u00f3n para repintar algunas mesas de verde, aunque el primer paso es lijarlas. Ya tenemos algunas pintadas, y otras lijadas esperando la pintura. <\/p>\n\n\n\n<p>Incluso hemos empezado a revisar las cajas de herramientas y materiales de la tienda de LOES. La tienda de LOES es un aut\u00e9ntico misterio. Como hubiera dicho B\u00e9cquer, \u00abCu\u00e1nta herramienta dorm\u00eda en sus cajas, como el p\u00e1jaro duerme en las ramas, esperando la mano de nieve que sabe usarlas&#8230; \u00ab. Abres una caja y te encuentras una radial, abres otra y te encuentras varias taladradoras, en otra caja de las de fruta tapada con unos cartones te encuentras unos tarugos enormes de madera que se guardaron porque son \u00fatiles como calzos, en otra un mont\u00f3n de sierras de arco, alcotanas, piquetas&#8230; Hay varias cajas llenas de cables de acero, que los expertos denominan \u00abantibolsas\u00bb (el nombre tiene su raz\u00f3n&#8230;), una caja llena de rollos de cuerda de pita, otra caja llena de clavijas de 40 cent\u00edmetros y que cada clavija pesa medio kilo, una cadena con un candado, varias escaleras, un bid\u00f3n de acero lleno de picos y palas, y donde tambi\u00e9n deber\u00eda estar la maza grande (la de 5 Kg), que nunca est\u00e1 all\u00ed porque siempre la ha cogido alguien y no la ha devuelto&#8230; Tambi\u00e9n est\u00e1n las cajas de fontaner\u00eda, que son ideales para desesperarse buscando un empalme de una tuber\u00eda de un tama\u00f1o con otro, pero que justo sea macho-macho, y encuentras de todo menos el que buscas&#8230; Las cajas de electricidad, las de la \u00abSound Commission\u00bb, y por supuesto, las tres cajas de herramientas.  Y, un a\u00f1o m\u00e1s, el cortador de fiambre, que no usamos desde hace muchos a\u00f1os porque ya siempre compramos el fiambre cortado, y que este a\u00f1o hemos decidido, como ya es tradicional, no volver a traer a campamento&#8230;  \ud83d\ude09<\/p>\n\n\n\n<p>Y tenemos una buena noticia: finalmente hemos conseguido adelantar la fecha de regreso del cami\u00f3n a Madrid. Cargaremos el cami\u00f3n en campamento entre el s\u00e1bado por la noche y el domingo por la ma\u00f1ana. Esperamos que <strong>el cami\u00f3n llegue a Madrid el domingo despu\u00e9s de comer<\/strong>, y en los pr\u00f3ximos d\u00edas os pediremos ayuda para la descarga, ya que necesitamos descargar el cami\u00f3n con rapidez (luego podemos tomarnos con m\u00e1s calma la colocaci\u00f3n de todo el material en la parroquia, pero el cami\u00f3n necesita salir pronto).<\/p>\n\n\n\n<p>Pero lo m\u00e1s importante de hoy, como dice el mensaje de la Coordinaci\u00f3n, es que hoy <strong>nos sentimos muy agradecidos<\/strong> a las familias por vuestro apoyo y comprensi\u00f3n. Y tambi\u00e9n, tras el disgusto de finalizar el campamento antes de tiempo, nos sentimos agradecidos a Dios por lo que hemos podido disfrutar de \u00e9l. Despu\u00e9s de m\u00e1s de un a\u00f1o sin un campamento de verdad, los ni\u00f1os (algunos por primera vez en su vida) han podido disfrutar de lo mejor del escultismo: la vida en la naturaleza, en la unidad, donde realmente se viven aventuras inolvidables y se crean amistades para toda la vida. Aunque hayan sido s\u00f3lo siete d\u00edas, si han sido los mejores siete d\u00edas de los \u00faltimos 16 meses, sin duda ha merecido la pena.<\/p>\n\n\n\n<p>Ma\u00f1ana seguiremos desmontando, y os daremos m\u00e1s detalles de c\u00f3mo pod\u00e9is ayudar los que quer\u00e1is y pod\u00e1is en la descarga del cami\u00f3n.<\/p>\n\n\n\n<p>Buena caza y largas (y casi llenas) lunas!<\/p>\n\n\n\n<p><strong>21 de julio<\/strong><\/p>\n\n\n\n<p>Hola a todos:<\/p>\n\n\n\n<p><strong>17:00h.<\/strong> Con enorme tristeza, os transmitimos el mensaje de la Coordinaci\u00f3n del Grupo:<\/p>\n\n\n\n<blockquote class=\"wp-block-quote is-layout-flow wp-block-quote-is-layout-flow\">\n<p><strong>Mensaje de la Coordinaci\u00f3n: Hasta aqu\u00ed hemos llegado<\/strong><\/p>\n\n\n\n<p><strong>Estimados padres,<\/strong><\/p>\n\n\n\n<p><strong>Tenemos que trasladaros una de las decisiones m\u00e1s importantes que se ha tenido que tomar en los \u00faltimos Campamentos.<\/strong><\/p>\n\n\n\n<p><strong>La Coordinaci\u00f3n hemos decidido dar por concluida la aventura de este Campamento 2021.<\/strong><\/p>\n\n\n\n<p><strong>Tras aplicar los protocolos que nos hab\u00edamos marcado m\u00e1s exigentes que los establecidos por las autoridades sanitarias, al hacer los cribados con test de ant\u00edgenos por exudado nasal a las Tropas que volv\u00edan de Raid, hemos detectado varios positivos (6 en F\u00e9nix y 7 en Centauros). En cuanto llegue la Tropa Scout Wargos, seguiremos el mismo protocolo.<\/strong><\/p>\n\n\n\n<p><strong>Ante esta situaci\u00f3n consideramos que lo mas prudente y responsable es considerar a todos los miembros de dichas unidades contactos estrechos y dar finalizada su aventura una vez concluidos sus extraordinarios raids.<\/strong><\/p>\n\n\n\n<p><strong>Con todo, pensamos que lo m\u00e1s prudente para los m\u00e1s peque\u00f1os (Lobatos) es que, igualmente, terminen aqu\u00ed su aventura.<\/strong><\/p>\n\n\n\n<p><strong>Vamos a realizar cribado con test de ant\u00edgenos por exudado nasal al Clan y a la Comuna. Aquellos que den positivo y sus contactos estrechos, obviamente, volver\u00e1n a Madrid. Los que den negativo y no sean considerados estrechos, les pediremos que consulten con vosotros lo que quieran\/puedan hacer: regresar a Madrid o quedarse a ayudar a desmontar el Campamento.<\/strong><\/p>\n\n\n\n<p><strong>Con los que podamos contar de Clan y Comuna, los negativos que obtengamos entre los Scouters y los miembros de Caba\u00f1a que quedan en Campamento, desmontaremos el Campamento y cargaremos el Cami\u00f3n.<\/strong><\/p>\n\n\n\n<p><strong>Ya estamos coordinando con otros miembros del Grupo cu\u00e1ndo y c\u00f3mo descargar el Cami\u00f3n en Madrid.<\/strong><\/p>\n\n\n\n<p><strong>Ahora, lo m\u00e1s importante y por lo que, a los padres de Lobatos y Tropas, os pido m\u00e1xima colaboraci\u00f3n, es que veng\u00e1is en cuanto os sea posible a recoger a vuestros hijos a Campamento (Pinar El Cerrillo en Duruelo de la Sierra -Soria-) para que pod\u00e1is aplicar las recomendaciones de los facultativos a los que acud\u00e1is en Madrid.<\/strong><\/p>\n\n\n\n<p><strong>Si alguno tiene algo inconveniente a la hora de recoger a sus hijos, rogamos lo canalice a trav\u00e9s de sus scouters para analizar tranquilamente esos casos. No os preocup\u00e9is que, mientras os organiz\u00e1is, vuestros hijos estar\u00e1n perfectamente atendidos.<\/strong><\/p>\n\n\n\n<p><strong>Sentimos las molestias que todo esto os est\u00e9 pudiendo ocasionar, pero responsablemente, insistimos, creemos que es lo m\u00e1s prudente y responsable.<\/strong><\/p>\n\n\n\n<p><strong>Os recomendamos realizar a todos ellos PCR de contraste y guardar, seg\u00fan corresponda, el periodo de aislamiento. Esperando que todos los casos sean lo mas leve posible (como hasta ahora), recibid un cordial saludo.<\/strong><\/p>\n\n\n\n<p><strong>Os esperamos en Duruelo para ir organizando el retorno de todos de forma segura.<\/strong><\/p>\n\n\n\n<p><strong>Un saludo enorme<\/strong><\/p>\n\n\n\n<p><strong>La Coordinaci\u00f3n<\/strong><\/p>\n<\/blockquote>\n\n\n\n<p><strong>23:09h.<\/strong> Frustraci\u00f3n, tristeza, decepci\u00f3n, impotencia, cansancio, injusticia, hast\u00edo, desgaste, pena, incertidumbre&#8230; pero tambi\u00e9n optimismo, responsabilidad, resiliencia, lealtad, gratitud, entrega, compromiso, recuerdo, reencuentro, crecimiento, maduraci\u00f3n&#8230; Estamos en el Kraal m\u00e1s extra\u00f1o de la historia del Grupo Scout, probablemente, y estas son las palabras que nos vienen a la cabeza sobre c\u00f3mo nos sentimos ahora. Habr\u00eda mucho que explicar sobre cada palabra, pero seguro que os pod\u00e9is imaginar lo que significan. <\/p>\n\n\n\n<p>Abnegaci\u00f3n, compa\u00f1erismo, uni\u00f3n, tranquilidad, coraz\u00f3n, pasi\u00f3n, constancia, paciencia, ejemplo., disfrutar, ilusi\u00f3n, superaci\u00f3n, sabidur\u00eda, energ\u00eda, perspectiva, iniciativa, eficacia, dedicaci\u00f3n, empat\u00eda&#8230; son las palabras que nos vienen a la cabeza a la hora de pensar c\u00f3mo afrontar lo que nos queda de campamento: la fase de desmontaje. Igual que este Kraal, el desmontaje m\u00e1s extra\u00f1o de nuestra historia.<\/p>\n\n\n\n<p>Este campamento no se nos olvidar\u00e1 nunca. Nos ha ense\u00f1ado que somos fr\u00e1giles, pero nos ha hecho m\u00e1s sabios y m\u00e1s fuertes.<\/p>\n\n\n\n<p>Este campamento ha sido un regalo, 7 d\u00edas de regalo. As\u00ed que la palabra mas importante, y ya hemos dicho muchas, es \u00abGRACIAS\u00bb. Gracias a Dios, a la entrega de todos, a la comprensi\u00f3n de las familias, a la honestidad y profesionalidad de los responsables m\u00e9dicos. Entre todos hemos hecho algo grande, lo m\u00e1s grande que se pod\u00eda hacer este a\u00f1o en esta situaci\u00f3n. El esfuerzo de todos ha merecido la pena. <\/p>\n\n\n\n<p>Ma\u00f1ana por la ma\u00f1ana esperamos que terminen de salir de campamento todos los ni\u00f1os que quedan aqu\u00ed todav\u00eda, y empezaremos a desmontar. Somos suficientes, y esperamos que podamos desmontar el campamento sin problema.<\/p>\n\n\n\n<p>Os iremos contando c\u00f3mo va el desmontaje y qu\u00e9 d\u00eda llegaremos a Madrid. Seguramente os pediremos ayuda para descargar el cami\u00f3n en Madrid.<\/p>\n\n\n\n<p>Terminamos el Kraal cantando el Padrenuestro scout.<\/p>\n\n\n\n<p>Por \u00faltimo, tenemos unas instrucciones del m\u00e9dico de campamento para las familias:<\/p>\n\n\n\n<blockquote class=\"wp-block-quote is-layout-flow wp-block-quote-is-layout-flow\">\n<p><strong>Buenas noches a todos.<\/strong><\/p>\n\n\n\n<p><strong>Soy Jorge P., M\u00e9dico del campamento, y me gustar\u00eda enviaros algunas recomendaciones, conforme a lo que establecen los protocolos del Ministerio de Sanidad, para el seguimiento a partir de ahora de vuestros hijos, una vez que regresen a Madrid.<\/strong><\/p>\n\n\n\n<p><strong>Hay 3 CATEGORIAS en las que podemos incluir a cada caso concreto.<\/strong><\/p>\n\n\n\n<p><strong>CASO CONFIRMADO: Aquellos que han sido detectados en el campamento como POSITIVOS en el test de Antigenos en exudado nasofar\u00edngeo que se les ha realizado, bien por tener s\u00edntomas o bien por cribado.<\/strong><\/p>\n\n\n\n<p><strong>CONTACTO ESTRECHO: Aquellos que cumplen los criterios que ya conoc\u00e9is. Haber estado en contacto a menos de 2 mts, sin mascarilla, durante m\u00e1s de 15 minutos, con un sujeto POSITIVO en las 48 horas previas al positivo de \u00e9ste.<\/strong><\/p>\n\n\n\n<p><strong>RESTO: Todos aquellos sujetos que han regresado a Madrid sin estar incluido en los dos grupos anteriores.<\/strong><\/p>\n\n\n\n<p><strong>En el caso de los CASOS CONFIRMADOS: Deben permanecer confinados, seg\u00fan los protocolos ya conocidos,y deb\u00e9is poneros en contacto con su m\u00e9dico y seguir las recomendaciones que este os d\u00e9. Probablemente le hagan PCR, aunque no es imprescindible.<\/strong><\/p>\n\n\n\n<p><strong>En el caso de los CONTACTOS ESTRECHOS: Deben realizarse PCR, pero independientemente del resultado de esta deben guardar el confinamiento de 10 dias que establecen los protocolos.<\/strong><\/p>\n\n\n\n<p><strong>Sin embargo aquellos contactos estrechos que hayan pasado la infecci\u00f3n por Coronavirus en los \u00faltimos 90 dias, en los que la PCR sea negativa, o sea positiva a Ciclos Altos (os lo explicar\u00e1 vuestro m\u00e9dico), quedan exentos de la cuarentena, extemando las medidas de prevenci\u00f3n habituales.<\/strong><\/p>\n\n\n\n<p><strong>Aquellos Contactos estrechos, con la pauta de vacuanaci\u00f3n completa, est\u00e1n exentos de la cuarentena, siempre y cuando la PCR tambi\u00e9n sea negativa.<\/strong><\/p>\n\n\n\n<p><strong>En el caso del RESTO de sujetos que han regresado a Madrid, no deben guardar ninguna cuarentena ni tampoco es necesario que se realicen la PCR. NO obstante puede ser adecuado hacerlo, especialmente si van a estar en contacto con personas vulnerables (ancianos, inmunodeprimidos, etc\u2026).<\/strong><\/p>\n\n\n\n<p><strong>Este \u00faltimo caso es el de los LOBATOS. Estos, no han estado en contacto en ning\u00fan momento, ni con ning\u00fan POSITIVO ni tampoco con ning\u00fan CONTACTO ESTRECHO, por lo que no deber\u00edan hacer nada especial. A todos ellos se les ha realizado en las \u00faltimas 24 horas un test de ant\u00edgenos en saliva, siendo este negativo. NO obstante, debe tenerse en cuenta que la ejecuci\u00f3n de este test, especialmente en lo que respecta a la toma de muestra de saliva por parte del LOBATO, no es todo lo correcta que deber\u00eda , por lo que la posibilidad de FALSO NEGATIVO es importante. As\u00ed pues no esta de m\u00e1s, realizarles al menos un test de Ant\u00edgenos en exudado nasofar\u00edngeo o una PCR, especialemente si van a estar en contacto con personas vulnerables.<\/strong><\/p>\n\n\n\n<p><strong>En TODOS los casos os recomiendo que os pong\u00e1is en contacto con los m\u00e9dicos de vuestros hijos y sig\u00e1is sus recomendaciones.<\/strong><\/p>\n\n\n\n<p><strong>Os facilito tambi\u00e9n mi tel\u00e9fono por si necesit\u00e1is alguna aclaraci\u00f3n m\u00e1s: 619563056.<\/strong><\/p>\n\n\n\n<p><strong>Muchas gracias y un fuerte abrazo.<\/strong><\/p>\n<\/blockquote>\n\n\n\n<p>Buena caza y largas lunas!<\/p>\n\n\n\n<p><\/p>\n\n\n\n<h2 class=\"wp-block-heading\"><strong>20 de julio<\/strong><\/h2>\n\n\n\n<p>Buenas noches, familia!<\/p>\n\n\n\n<p>Hoy tenemos buenas noticias sobre la COVID:<\/p>\n\n\n\n<blockquote class=\"wp-block-quote is-layout-flow wp-block-quote-is-layout-flow\">\n<p><strong>Buenas noches:<\/strong><\/p>\n\n\n\n<p><strong>Hemos \u00abrascado\u00bb un d\u00eda m\u00e1s de campamento, as\u00ed que seguimos inform\u00e1ndoos sobre la situaci\u00f3n de la COVID.<\/strong><\/p>\n\n\n\n<p><strong>Como os comentamos ayer, nos pusimos en contacto con el servicio de vigilancia epidemiol\u00f3gica y les dimos la informaci\u00f3n de los afectados directos e indirectos de la COVID. Hoy hemos recibido una llamada por parte del experto de dicho servicio para confirmar los datos. Esta llamada ha sido atendida por nuestro m\u00e9dico, Jorge Palop, que ha conseguido describir toda la complejidad de la organizaci\u00f3n de nuestro campamento (unidades, raids, burbujas dentro de unidades, campamento 1, campamento 2\u2026). Su respuesta, \u00abque sigamos adelante\u00bb.<\/strong><\/p>\n\n\n\n<p><strong>Hoy nos alegra informaros de que las cuatro manadas han vuelto a \u00abcasa\u00bb en perfecto estado de revista y, tras hacer un cribado a tres de las cuatro manadas (las que han entrado en campamento), todos los tests han salido negativos. Ma\u00f1ana remataremos el cribado con la cuarta manada para estar algo m\u00e1s tranquilos.<\/strong><\/p>\n\n\n\n<p><strong>Adem\u00e1s, del resto de unidades que siguen de campamento, ninguna ha informado de personas que tengan s\u00edntomas compatibles con la COVID.<\/strong><\/p>\n\n\n\n<p><strong>Resumen: hoy, en Campamento o en las unidades de raid, no ha aflorado ningun caso positivo ni con sintomatolog\u00eda compatible con la COVID.<\/strong><\/p>\n\n\n\n<p><strong>Seguimos recibiendo informaci\u00f3n sobre los PCRs que van realizando en Madrid los casos evacuados por ser considerados contactos estrechos. La mayor\u00eda son negativos aunque alg\u00fan positivo est\u00e1 aflorando. Esto nos refuerza en que estamos adoptando las medidas adecuadas para garantizar que evitamos la transmisi\u00f3n comunitaria y podemos atender de forma r\u00e1pida y eficiente los casos identificados. Todos son asintom\u00e1ticos o leves, gracias a Dios.<\/strong><\/p>\n\n\n\n<p><strong>Rezad con nosotros a la Virgen del Camino para que as\u00ed sea y podamos avanzar en nuestra misi\u00f3n de este Campamento: ofrecer a los chavales la oportunidad, tras m\u00e1s de un a\u00f1o, de una experiencia inolvidable en un entorno metodol\u00f3gico y de naturaleza incomparable.<\/strong><\/p>\n\n\n\n<p><strong>Buena caza!<\/strong><\/p>\n\n\n\n<p><strong>P.D.: Pero no bajamos la guardia. Queremos que abrac\u00e9is a vuestros hijos el d\u00eda 30!<\/strong><\/p>\n<\/blockquote>\n\n\n\n<p>Despu\u00e9s de leer estas noticias, entender\u00e9is que, despu\u00e9s de los d\u00edas que llevamos, hoy estamos muy contentos de no haber tenido hoy ning\u00fan positivo. Ser\u00eda maravilloso que esto significara que todos los casos que ten\u00edan que aflorar ya han aflorado y no vamos a tener m\u00e1s. <\/p>\n\n\n\n<p>Sin embargo, ser\u00eda imprudente ser triunfalistas, porque sabemos por experiencia que los tests dan falsos negativos, igual que falsos positivos. Por eso es importante no bajar la guardia, y as\u00ed se lo hemos comunicado a los lobatos que ya est\u00e1n en campamento. Las 3 manadas que ya han vuelto de raid son Segowlee, Chikay y  Dewanee. Ma\u00f1ana entrar\u00e1 Ethawa.<\/p>\n\n\n\n<p>Ma\u00f1ana volver\u00e1n de sus raids las Tropas Scouts Centauros y Wargos. F\u00e9nix volver\u00e1 m\u00e1s tarde, aunque realmente estar\u00e1n al lado de campamento, pero permanecer\u00e1n fuera, ya que han tenido casos de COVID (aunque ya no est\u00e1n en campamento). Ser\u00e1 casi como si estuvieran en campamento, porque comer\u00e1n la comida de campamento, pero manteni\u00e9ndose fuera.<\/p>\n\n\n\n<p>Adem\u00e1s de que no haya habido casos positivos hoy, la otra gran noticia es que los castores han terminado con \u00e9xito su campamento. Hoy han desmontado sus parcelas, han hecho sus macutos, y han salido cargando con ellos desde el campamento hasta el pueblo, donde les esperaba el autob\u00fas. All\u00ed, han cantado la despedida, que nos parece un momento muy emotivo, porque en medio de tantas tribulaciones, han conseguido disfrutar de 6 de los 7 d\u00edas previstos inicialmente, y han vivido muchas de las experiencias del campamento. <\/p>\n\n\n\n<figure class=\"wp-block-embed is-type-video is-provider-youtube wp-block-embed-youtube wp-embed-aspect-16-9 wp-has-aspect-ratio\"><div class=\"wp-block-embed__wrapper\">\n<iframe loading=\"lazy\" title=\"Despedida de Castores Duruelo 2021\" width=\"750\" height=\"422\" src=\"https:\/\/www.youtube.com\/embed\/M5TY2EbDdZU?feature=oembed\" frameborder=\"0\" allow=\"accelerometer; autoplay; clipboard-write; encrypted-media; gyroscope; picture-in-picture; web-share\" referrerpolicy=\"strict-origin-when-cross-origin\" allowfullscreen><\/iframe>\n<\/div><\/figure>\n\n\n\n<p>Es una pena que no haya dado tiempo, por el adelanto imprevisto de la vuelta, a hacer los Consejos, en los que se conceden las Etapas de Progresi\u00f3n, especialmente <strong>la Promesa<\/strong>. Por eso, no se ha concedido ninguna Promesa, y los que vinieron a campamento sin la pa\u00f1oleta han vuelto a Madrid tambi\u00e9n sin ella. Tampoco han podido hacer los Pases de Unidad, en los que los castores m\u00e1s mayores (los que este a\u00f1o han cursado tercero de Primaria) representan su paso a Lobatos, y son acogidos por la Manada, en la que estar\u00e1n la pr\u00f3xima Ronda Solar.<\/p>\n\n\n\n<p>Lo que tambi\u00e9n se han perdido, pero podr\u00e1n vivir \u00abonline\u00bb, es el Festival de la Canci\u00f3n (el d\u00eda 26) y el Fuego de Campamento (el d\u00eda 28), que son otros de los momentos cumbre del campamento. Este a\u00f1o, precisamente porque estaba previsto que los castores no estar\u00edan en campamento esos d\u00edas, hemos previsto una forma de que se conecten y puedan seguir el Festival\/Fuego, y adem\u00e1s puedan tambi\u00e9n estar presentes e incluso mostrar sus actuaciones. Os informaremos m\u00e1s adelante de c\u00f3mo lo haremos. Aunque este mecanismo se hab\u00eda preparado solamente para los castores, estamos pensando que tambi\u00e9n servir\u00e1 para que se conecten las unidades que han tenido que irse a Madrid.<\/p>\n\n\n\n<p>En conjunto, creemos que el balance para los castores es que han disfrutado mucho del campamento y les hemos visto irse felices. Y eso es lo que nos hace felices a nosotros!! \ud83d\ude42  Esperamos que hayan llegado casa contando las aventuras que han vivido, y que vuelvan m\u00e1s generosos, m\u00e1s autosuficientes, m\u00e1s mayores  y muy contentos.<\/p>\n\n\n\n<p>Y, como si se tratara de que los Castores dieran el relevo a los Lobatos, menos de una hora despu\u00e9s de que los Castores salieran, entraban en campamento los Lobatos. Eso s\u00ed, escalonados, porque todos los ni\u00f1os y scouters han pasado la prueba de ant\u00edgenos (la de saliva). La primera Manada en llegar ha sido Segowlee: gran alegr\u00eda, todos negativos!!! La segunda, Chikay: de nuevo, gracias a Dios, todos negativos!!! Y la tercera, Dewanee: ha empezado a llover (la primera vez que llueve en este campamento), y Segowlee y Chikay, que se hab\u00edan ido a montar sus tiendas a sus parcelas han bajado a cobijarse al comedor. Asi que estaban viendo, desde una distancia prudente pero dentro del mismo comedor, c\u00f3mo Dewanee pasaba los tests. Cuando quedaba un minuto para que terminaran los 10 minutos que hay que esperar a que saliera el resultado del \u00faltimo test de ant\u00edgenos han empezado a contar en voz alta la cuenta atr\u00e1s: 60, 59, 58, 57, &#8230;. 10, 9, 8, &#8230;. 3, 2, 1, 0!!! Qu\u00e9 minuto! Despu\u00e9s, ha sido una explosi\u00f3n de alegr\u00eda en todo el comedor. Os pod\u00e9is imaginar. \ud83d\ude42<\/p>\n\n\n\n<p>Pero no hay que confiarse, porque sabemos por la experiencia del d\u00eda 14 que los tests de ant\u00edgenos no son perfectos. Les hemos explicado a los Lobatos las normas de distanciamiento y mascarilla. Tienen que llevar la mascarilla siempre, y s\u00f3lo se la pueden quitar para las actividades que hacen con su grupo burbuja: comer y dormir. Cada Manada est\u00e1 dividida en varios grupos burbuja. En el comedor, las mesas est\u00e1n separadas (cuando lo habitual es que est\u00e9n pegadas) y se sientan 4 personas por mesa (lo habitual es 8). Esperamos que lo sigamos haciendo todo bien.<\/p>\n\n\n\n<p>En las fotos pod\u00e9is ver a las tres manadas, sentadas cada una en las mesas de una esquina del comedor. Parece mentira que entre las cuatro manadas llenar\u00e1n completamente el comedor. Esta noche, para cenar, los Lobatos han disfrutado por fin de la riqu\u00edsima comida de campamento que prepara el equipo de cocina de Caba\u00f1a, dirigido por Marieta. Hoy la cena era plato \u00fanico, al ser muy completo: un guiso caldoso de carne, patatas y verduras, que sab\u00eda a gloria.<\/p>\n\n\n\n<p>Por cierto, la lluvia ha durado muy poco, menos de una hora, pero ha servido para que hayamos estado todos juntos en el comedor disfrutando de la cuenta atr\u00e1s de Dewanee. Sin lluvia no habr\u00edamos compartido ese momento todos.<\/p>\n\n\n\n<p>Rezamos para que a partir de ahora no tengamos m\u00e1s positivos, y \u00aba Dios rogando y con el mazo dando\u00bb&#8230;<\/p>\n\n\n\n<p>Un fuerte y esperanzado abrazo!<\/p>\n\n\n\n<p><\/p>\n\n\n\n<h2 class=\"wp-block-heading\"><strong>19 de julio<\/strong><\/h2>\n\n\n\n<p>Buenas noches, amigos!<\/p>\n\n\n\n<p>Un d\u00eda m\u00e1s, comenzamos con lo m\u00e1s importante: las noticias sobre la COVID en campamento:<\/p>\n\n\n\n<blockquote class=\"wp-block-quote is-layout-flow wp-block-quote-is-layout-flow\">\n<p><strong>Buenas noches:<\/strong><\/p>\n\n\n\n<p><strong>Una noche m\u00e1s, nos ponemos en contacto con vosotros para poneros al d\u00eda de las novedades sobre la COVID.<\/strong><\/p>\n\n\n\n<p><strong>Esta ma\u00f1ana se nos ha informado de que una de las personas de Keltisch que se hab\u00eda ido a Madrid por ser contacto estrecho ha dado positivo. La jefatura, junto con la Coordinaci\u00f3n de Grupo, ha decidido que la unidad regrese a Madrid.<\/strong><\/p>\n\n\n\n<p><strong>Con relaci\u00f3n a la Tropa Scout Basiliscos, hemos tenido en observaci\u00f3n a una persona que ten\u00eda s\u00edntomas. Pasadas 24 horas del inicio de los s\u00edntomas se le ha realizado el test y ha dado positivo. Inmediatamente, la Coordinaci\u00f3n se ha puesto en contacto con la jefatura y se ha llegado al consenso de dar por finalizado el campamento de la T.S. Basiliscos.<\/strong><\/p>\n\n\n\n<p><strong>La Unidad Esculta Kreen Akrore nos ha informado esta ma\u00f1ana de que ten\u00edan dos personas con s\u00edntomas compatibles con la COVID, los cuales, siguiendo el protocolo, han sido aislados y puestos en observaci\u00f3n. Cuando se les ha realizado el test, el resultado ha sido positivo. Siguiendo las pautas que nos hemos marcado, y tal y como establecen los protocolos de salud p\u00fablica, tras hablar con la jefatura de Kreen Akrore, se ha consensuado que lo m\u00e1s prudente era que Kreen Akrore volviese a Madrid.<\/strong><\/p>\n\n\n\n<p><strong>Por \u00faltimo, esta ma\u00f1ana una persona de la jefatura de castores ha presentado s\u00edntomas y se le ha hecho el test, resultando positivo. En cumplimiento del protocolo, se ha vuelto a Madrid parte de la jefatura de Castores. Por ese motivo, dada la limitaci\u00f3n en el n\u00famero de scouters, los Castores, que seg\u00fan lo planificado regresaban a Madrid el d\u00eda 21, lo har\u00e1n ma\u00f1ana d\u00eda 20. Han tenido seis de los siete d\u00edas programados de su primer campamento. Echaremos de menos a la rama que nos recuerda la importancia de ser como ni\u00f1os.<\/strong> <\/p>\n\n\n\n<p><strong>El servicio de vigilancia epidemiol\u00f3gica de Castilla y Le\u00f3n est\u00e1 al corriente de la situaci\u00f3n.<\/strong><\/p>\n\n\n\n<p><strong>Nos alegra compartir con vosotros que todas las personas de estas unidades han cumplido los objetivos que ten\u00edan marcados para las jornadas que han vivido de sus raids. Nos han manifestado que el esfuerzo ha merecido la pena y ya nadie les podr\u00e1 quitar las noches que han pasado bajo las estrellas.<\/strong><\/p>\n\n\n\n<p><strong>Queremos daros las gracias por todas las muestras de apoyo que estamos recibiendo. Seguiremos trabajando para regalar cada minuto que podamos a vuestros hijos en este entorno.<\/strong><\/p>\n\n\n\n<p><strong>Un fuerte abrazo!<\/strong><\/p>\n<\/blockquote>\n\n\n\n<p>Tras la marcha de Imohag hace dos d\u00edas, y hoy de Keltisch y  Kreen Akrore, nos hemos quedado sin escultas en campamento, adem\u00e1s de la tropa Basiliscos, parte de F\u00e9nix y parte del Clan. Es una p\u00e9rdida que nos entristece enormemente a todos. Para los castores, el impacto es menor porque solamente pierden un d\u00eda de campamento.<\/p>\n\n\n\n<p>Precisamente con los castores, para facilitar que sus scouters tuvieran menos contacto con ellos durante el d\u00eda, hemos hecho una especie de \u00abd\u00eda de jefes de castores\u00bb, como hacemos otros a\u00f1os cuando los castores est\u00e1n en campamento los 15 d\u00edas. En ese \u00abd\u00eda de jefes\u00bb, los scouters de castores descansan y la Caba\u00f1a se ocupa de ellos. Por la ma\u00f1ana, la Caba\u00f1a ha estado con los castores en misa (ayer no pudimos celebrar la Eucarist\u00eda), luego se los han llevado de mini-excursi\u00f3n a la poza que est\u00e1 al lado de campamento, y por la tarde, mientras hac\u00edan juegos con sus scouters, han montado un puente mono de dos cuerdas, por el que han pasado todos. Ya les ver\u00e9is en las fotos, en lo que para muchos es la primera vez en su vida que se ponen un arn\u00e9s. <\/p>\n\n\n\n<p>Creemos que la misa ha servido para dar las gracias por todo lo bueno que han disfrutado en este campamento, especialmente por sus scouters, y que la excursi\u00f3n y el puente mono han servido para alegrarles un poco, dentro de la tristeza de la separaci\u00f3n de sus scouters.<\/p>\n\n\n\n<p>Como os pod\u00e9is imaginar, ha sido un d\u00eda muy duro para todos. Esperamos que nuestra Virgen del Camino nos gu\u00ede para escoger el mejor camino. Demos gracias a Dios por todo lo bueno que hemos vivido, y esperemos que podamos disfrutar del campamento mientras sea posible.<\/p>\n\n\n\n<p>Buenas noches!<\/p>\n\n\n\n<h2 class=\"wp-block-heading\"><strong>18 de julio<\/strong><\/h2>\n\n\n\n<p>Buenas noches a todos!<\/p>\n\n\n\n<p>De nuevo, os informamos de las \u00faltimas noticias sobre la COVID en campamento:<\/p>\n\n\n\n<div class=\"wp-block-columns is-layout-flex wp-container-core-columns-is-layout-28f84493 wp-block-columns-is-layout-flex\">\n<div class=\"wp-block-column is-layout-flow wp-block-column-is-layout-flow\" style=\"flex-basis:100%\">\n<div class=\"wp-block-group\"><div class=\"wp-block-group__inner-container is-layout-flow wp-block-group-is-layout-flow\">\n<blockquote class=\"wp-block-quote is-layout-flow wp-block-quote-is-layout-flow\">\n<p><strong>Estimadas familias:<\/strong><\/p>\n\n\n\n<p><strong>Como lo prometido es deuda, os ponemos al d\u00eda de la situaci\u00f3n de la COVID en campamento.<\/strong><\/p>\n\n\n\n<p><strong>A lo largo del d\u00eda de hoy, se ha evacuado a cuatro claneros m\u00e1s por otro caso positivo en el clan y sus tres contactos estrechos. El resto del clan sigue con sus actividades echando de menos a sus compa\u00f1eros, pero trabajando con muchas ganas para preparar el Festival del d\u00eda 26.<\/strong><\/p>\n\n\n\n<p><strong>En cuanto a la Unidad Esculta Imohag, nos han notificado que est\u00e1n todos en casa sanos y realiz\u00e1ndose las PCRs seg\u00fan establece el protocolo. A fecha de hoy s\u00f3lo conocemos el resultado de uno de ellos, siendo este negativo.<\/strong><\/p>\n\n\n\n<p><strong>Hoy hemos tenido un caso positivo en la Tropa Scout F\u00e9nix, y una vez hecha la evaluaci\u00f3n hemos identificado cuatro contactos estrechos que ma\u00f1ana regresar\u00e1n a Madrid para realizarse las pruebas pertinentes.<\/strong><\/p>\n\n\n\n<p><strong>En la Unidad Esculta Keltisch hemos tenido un positivo, y tras las indagaciones oportunas hemos concluido que hay diez contactos estrechos, que han de regresar a Madrid. La buena noticia es que el resultado de la prueba PCR del contacto estrecho que ayer informamos que se hab\u00eda ido a Madrid, ha dado negativo. Guardar\u00e1 su cuarentena seg\u00fan establece el protocolo.<\/strong><\/p>\n\n\n\n<p><strong>Tanto la T.S. F\u00e9nix como la U.E. Keltisch est\u00e1n tomando las medidas de detecci\u00f3n temprana que corresponden a esta situaci\u00f3n: toma de temperatura diaria, intensificar las pautas de comportamiento anti-covid\u2026<\/strong><\/p>\n\n\n\n<p><strong>Se nos parte el coraz\u00f3n al ver marchar a los chavales, que se van con mucha tristeza por lo que se pierden, pero encantados de haber vivido lo que han vivido: les ha merecido la pena.<\/strong><\/p>\n\n\n\n<p><strong>Os agradecemos la confianza que deposit\u00e1is en el Grupo confi\u00e1ndonos a vuestros hijos en este entorno tan complicado.<\/strong><\/p>\n\n\n\n<p><strong>Por favor, os rogamos que nos ayud\u00e9is a evitar alimentar la rumorolog\u00eda y no teng\u00e1is reparo en consultarnos cualquier duda que os surja.<\/strong><\/p>\n\n\n\n<p><strong>Buena caza y largas lunas!<\/strong><\/p>\n<\/blockquote>\n\n\n\n<p>Si algo nos ha ense\u00f1ado la pandemia es que los planes pueden truncarse en cualquier momento, y que hay que disfrutar de cada d\u00eda, porque los planes para ma\u00f1ana podr\u00edan cambiar de repente. Hay que agradecer cada d\u00eda que podemos disfrutar del campamento como el mejor regalo. En realidad, tambi\u00e9n deber\u00edamos considerarlo as\u00ed aunque no hubiera una pandemia. Cada d\u00eda que estamos vivos es un regado de Dios.<\/p>\n\n\n\n<p>Hoy habl\u00e1bamos con algunos de los que tienen que volver a Madrid de la T.S F\u00e9nix. Hab\u00edan llorado al separarse de su unidad, pero lo que ya hab\u00edan vivido de campamento hab\u00eda merecido la pena: han llegado a la cima del Pico Urbi\u00f3n, y despu\u00e9s de otro segundo pico.  Hab\u00edan vivido ya lo mejor del raid, y ese recuerdo no se lo podr\u00e1 quitar el coronavirus.<\/p>\n<\/div><\/div>\n\n\n\n<p>Pero no todo han sido sustos! Los castores han seguido disfrutando de sus juegos, ajenos a los problemas de los mayores. Hoy hemos seguido comiendo de maravilla, gracias a nuestras le\u00f1adoras cocineras. Hemos comido gazpacho y espagueti con chorizo, y de postre hemos tenido helado! Y hemos cenado una crema de verduras exquisita y empanadillas. Por cierto, de postre de todas las cenas siempre hay leche y galletas. Las galletas son de dos tipos, a elegir: redondas o cuadradas. Es una vieja discusi\u00f3n cu\u00e1les son las m\u00e1s ricas y hay dos bandos claramente diferenciados: los defensores de las redondas y los de las cuadradas. Los dos bandos muestran habitualmente posturas irreconciliables&#8230;  \ud83d\ude00<\/p>\n\n\n\n<p>Hoy no nos da tiempo a subir fotos, pero las subiremos ma\u00f1ana. Ver\u00e9is que hemos recolocado las mesas del comedor, separ\u00e1ndolas m\u00e1s entre s\u00ed. No nos cabr\u00e1n todas bajo el toldo, as\u00ed que abriremos una terracita! \ud83d\ude09<\/p>\n\n\n\n<p>En cuanto al tiempo, sigue sin llover ni una vez. Hoy pegaba el sol bien fuerte, pero bajo las sombras de los pinos se estaba mucho mejor. Eso s\u00ed, si te tocaba estar un rato a pleno sol se notaba&#8230; Aunque suponemos que no tanto como en Madrid, seguro.<\/p>\n\n\n\n<p>Hoy les toca hacer guardia a los castores (no es la primera noche que  hacen guardia) y est\u00e1n descubriendo las sensaciones de caminar por el pinar de noche: el silencio, los sonidos, la oscuridad, las estrellas que se ven entre las copas de los pinos&#8230; Tambi\u00e9n disfrutan del juego que invent\u00f3 Mavi hace muchos a\u00f1os para amenizarles las guardias a los chavales: todas las noches, por la Cocina, hay algunas tabletas de chocolate escondidas. El juego consiste en encontrarlas, y el premio en com\u00e9rselas! La guardia de hoy de 12:00 a 1:00 ya las ha encontrado! \ud83d\ude42<\/p>\n\n\n\n<p>Hoy la Comunidad Rover (alias, la Comuna) ha salido de raid. Esperamos que lo disfruten mucho!! En Comuna no ha habido ning\u00fan positivo entre los seis que han venido a campamento desde el principio. Durante el raid se les van a unir cuatro comuneros m\u00e1s que vienen de Madrid y que se incorporan tarde por distintos motivos. Durante el raid seguir\u00e1n preparando y ensayando toda la animaci\u00f3n que han preparado para el Fuego de Campamento.<\/p>\n\n\n\n<p>Por cierto, hoy hemos terminado la capilla! Ma\u00f1ana haremos fotos para que la ve\u00e1is.<\/p>\n\n\n\n<p>Ma\u00f1ana seguiremos nuestra aventura, recordando sacar lo mejor de cada d\u00eda, con esa actitud del art\u00edculo 8 de la Ley Scout: \u00abEl scout es animoso ante peligros y dificultades\u00bb, o, como dec\u00eda la formulaci\u00f3n m\u00e1s antigua: \u00abEl scout sonr\u00ede y canta ante peligros y dificultades\u00bb.<\/p>\n\n\n\n<p>Un fuerte abrazo! <\/p>\n<\/div>\n<\/div>\n\n\n\n<h2 class=\"wp-block-heading\"><strong>17 de julio<\/strong><\/h2>\n\n\n\n<p>Buenas noches, familias!<\/p>\n\n\n\n<p>Esta noche, lo primero de todo, tenemos una informaci\u00f3n importante sobre la COVID:<\/p>\n\n\n\n<p><strong>Actualizaci\u00f3n sobre la situaci\u00f3n de la COVID en campamento<\/strong><\/p>\n\n\n\n<blockquote class=\"wp-block-quote is-layout-flow wp-block-quote-is-layout-flow\">\n<p><strong>Estimados padres:<\/strong><\/p>\n\n\n\n<p><strong>Nos ponemos en contacto con vosotros para contaros las \u00faltimas noticias de campamento con relaci\u00f3n al COVID. Ayer, 16, por la ma\u00f1ana, una persona perteneciente al Clan manifest\u00f3 s\u00edntomas compatibles con la COVID. Autom\u00e1ticamente, se activ\u00f3 el protocolo, aislando, por un lado, a la persona que mostr\u00f3 s\u00edntomas, y por otro se aisl\u00f3 a las tres personas de su grupo burbuja (con las que compart\u00eda tienda y mesa), en tiendas habilitadas al efecto, a la espera de hacer las pruebas pertinentes.<\/strong><\/p>\n\n\n\n<p><strong>En la ma\u00f1ana de hoy, el test realizado a la persona sintom\u00e1tica ha dado positivo y se ha procedido a avisar a su familia para su vuelta a Madrid. Los tests realizados a su grupo burbuja han dado negativo, y de acuerdo al protocolo, se ha avisado a su familia para que vuelvan a Madrid, se hagan las pruebas pertinentes y sigan las pautas m\u00e9dicas que correspondan. El resto de la unidad contin\u00faa separada del resto de campamento, y manteniendo sus actividades programadas.<\/strong><\/p>\n\n\n\n<p><strong>Gracias a Dios, los s\u00edntomas son leves y su evacuaci\u00f3n de campamento se debe exclusivamente al protocolo COVID.<\/strong><\/p>\n\n\n\n<p><strong>Por otro lado, ayer, d\u00eda 16, por la noche, se nos ha informado de un positivo en Madrid de un familiar directo de un componente de la unidad esculta Imohag. Aplicando el protocolo, al ser considerado un contacto estrecho, se les notific\u00f3 a los padres que ten\u00edan que venir a recoger a su hijo\/a y realizarle las pruebas correspondientes. Dichas pruebas han dado resultado positivo. Debido a las actividades realizadas, la Coordinaci\u00f3n de Grupo, junto con la Jefatura de la Unidad, han decidido que lo m\u00e1s prudente es considerar a toda la unidad como contacto estrecho. Se ha notificado a los padres para que vengan a recogerlos y les hagan las pruebas pertinentes. Mientras tanto, su actividad en campamento ha quedado en suspenso.<\/strong><\/p>\n\n\n\n<p><strong>Todas las medidas se est\u00e1n tomando conforme a lo establecido en los documentos del Ministerio de Sanidad, y por tanto se ha informado del caso y de las medidas adoptadas a las autoridades sanitarias auton\u00f3micas, que han ratificado que las decisiones tomadas son las adecuadas.<\/strong><\/p>\n\n\n\n<p><strong>Os vamos a mantener puntualmente informados por este canal de todas las situaciones relevantes a este respecto, y os pedimos que evitemos la generaci\u00f3n de informaci\u00f3n que os pueda llegar por otros canales y que pueda crear confusi\u00f3n.<\/strong><\/p>\n\n\n\n<p><strong>En resumen a d\u00eda de hoy hemos tenido un positivo en campamento y uno en un raid, ambos contagiados en Madrid.<\/strong><\/p>\n<\/blockquote>\n\n\n\n<p>Aparte  de estas noticias tristes de los dos positivos, esperamos que no haya contagios locales en campamento. <\/p>\n\n\n\n<p>Por otra parte, los castores han seguido tan contentos hoy en campamento, ajenos a la situaci\u00f3n del Clan. Hoy han estado haciendo juegos (ver\u00e9is algunos en las fotos) y talleres, y se lo han pasado muy bien. <\/p>\n\n\n\n<p>Hoy, los peque\u00f1os de campamento han vivido tambi\u00e9n otra experiencia nueva: el simulacro de evacuaci\u00f3n del campamento. Se lo hab\u00edan explicado antes para que no se asustaran cuando sonara la sirena. Ver\u00e9is en las fotos a los castores, y tambi\u00e9n a la Caba\u00f1a, salir de campamento con algunos enseres b\u00e1sicos (saco, aislante, cantimplora), y hay que hacerlo en el m\u00ednimo tiempo posible:  hoy hemos conseguido hacerlo en 9 minutos y 20 segundos, que no est\u00e1 mal aunque siendo pocos en campamento no es un r\u00e9cord&#8230;<\/p>\n\n\n\n<p>A pesar de que han perdido a cuatro personas, el Clan sigue encarg\u00e1ndose de la organizaci\u00f3n y presentaci\u00f3n del Festival de la Canci\u00f3n, que ser\u00e1, Dios mediante, el 26 de julio por la noche, como es ya tradicional. Y tambi\u00e9n siguen adelante con sus planes de raid, que precisamente empezar\u00e1n ma\u00f1ana por la ma\u00f1ana.<\/p>\n\n\n\n<p>La Comuna no est\u00e1 afectada y han seguido en campa, preparando el Fuego de Campamento, que este a\u00f1o presentan al no haber podido ocuparse en la ronda solar pasada del Festival. Todas las generaciones tienen su momento de lucirse cuando presentan su Festival, pero la generaci\u00f3n que est\u00e1 ahora en Comuna, y el a\u00f1o pasado estaba en Clan, no pudieron ocuparse del Festival al no haber campamento.<\/p>\n\n\n\n<p>Ma\u00f1ana ser\u00e1 domingo, vendr\u00e1 Juan Antonio, nuestro consiliario, y podremos celebrar la Eucarist\u00eda. Esperamos tener terminada la capilla! <\/p>\n\n\n\n<p>Y hablando de construcciones, hoy hemos avanzado mucho con otras construcciones, como llevar agua a las letrinas y poner lavamanos y manguera de limpieza, llevar electricidad a Sanidad, el Clan ha montado su parcela, y muchos otras peque\u00f1os detalles que facilitan la vida y hacen que todo funcione mucho mejor. Nos queda la capilla y la puerta de campamento, aunque este a\u00f1o, al no haber d\u00eda de padres, la verdad es que estamos menos motivados para hacer la puerta. La parte buena es que, aunque la puerta no la vean los padres, la ver\u00e1n las unidades, que lleguen a campamento despu\u00e9s de sus raids y sin haber pisado el campamento hasta ese momento. <\/p>\n\n\n\n<p>Buena caza y largas lunas!<\/p>\n\n\n\n<h2 class=\"wp-block-heading\"><strong>16 de julio<\/strong><\/h2>\n\n\n\n<p>Buenas noches, amigos!<\/p>\n\n\n\n<p>Hoy ha sido nuestro primer d\u00eda completo de campamento, ya nos vamos creyendo que esto es una realidad, y no s\u00f3lo un sue\u00f1o! En cualquier caso, es un sue\u00f1o hecho realidad!!<\/p>\n\n\n\n<p>Los castores han empezado el d\u00eda disfrutando a tope porque se han ido de excursi\u00f3n, las dos colonias, a la piscina del pueblo. All\u00ed les han dejado una zona reservada, porque han avisado con antelaci\u00f3n, y as\u00ed han conseguido mantener el grupo burbuja. Se lo han pasado muy bien, aunque nos han contado que el agua estaba muy fr\u00eda. Es normal, porque Duruelo se llama as\u00ed porque en este municipio nace el Duero, y nace del deshielo&#8230; <\/p>\n\n\n\n<p>Como para todos los castores es su primer campamento, ha sido un d\u00eda repleto de novedades. La primera, la gimnasia ma\u00f1anera: se han levantado con mucha energ\u00eda y han estado corriendo para espabilarse. Luego, su primera izada, y por la tarde su primera arriada! En las fotos de la izada les ver\u00e9is bastante bien colocados. Uno ha preguntado si esto hab\u00eda que hacerlo todos los d\u00edas!! \ud83d\ude00  Pero las izadas no son completas: cada d\u00eda estar\u00e1 en la izada un campamento, o el \u00abCampamento 1\u00bb o el \u00abCampamento 2\u00bb. Hoy le tocaba al de los castores, y por eso los Rovers, que pertenecen al otro campamento, han asistido a la izada desde lejos. El motivo es mantener la distancia entre los campamentos, igual que con los turnos de comida.<\/p>\n\n\n\n<p>Aunque la Caba\u00f1a les ha hecho bocadillos a los castores para irse a la piscina, en la cena han probado su primera comida caliente de campamento! Ha sido un pur\u00e9 de calabaza y zanahoria (muy naranja, y buen\u00edsimo!), y unos filetes de merluza empanada. La comida ha sido buen\u00edsima, cumpliendo con la tradici\u00f3n de que la primera comida de campamento son lentejas. El segundo plato ha sido hamburguesas, tambi\u00e9n buen\u00edsimas (los bocadillos de los castores eran hamburguesas). Lo sorprendente es, con lo buena que est\u00e1 la comida de campamento y todo lo que repetimos, que luego no engordamos!<\/p>\n\n\n\n<p>Ya tenemos un caso sospechoso de Covid, que es una clanera que est\u00e1 malita. El problema es que cualquiera que est\u00e9 malito es sospechoso. Podr\u00eda ser Covid o no, vamos a esperar un poco, y de momento ella est\u00e1 en una c\u00f3nica y su grupo burbuja est\u00e1n en otra c\u00f3nica. El jefe de campo de hoy, Japo, les ha llevado en persona la comida a las c\u00f3nicas en una bandeja. Como sab\u00e9is, las tiendas c\u00f3nicas son tiendas comunes, que se montan para necesidades que puedan surgir, como esta. Cualquier otro a\u00f1o, la chica estar\u00eda en la tienda de Sanidad descansando, pero esperemos que no sea Covid!<\/p>\n\n\n\n<p>Tambi\u00e9n tenemos el primer miembro de la patrulla Yacar\u00e9! La patrulla Yacar\u00e9 la forman los miembros de unidades que est\u00e1n de raid, y que se han tenido que volver del raid por alguna lesi\u00f3n. Es un tropero que llevaba un macuto muy pesado, y adem\u00e1s se ha hecho da\u00f1o en las u\u00f1as de los dedos gordos de los pies, as\u00ed que por eso no pod\u00eda seguir de raid, pero no es nada grave y anda por campamento tan tranquilo. Normalmente, la patrulla Yacar\u00e9 la forman varios chavales, de distintas unidades, pero por ahora s\u00f3lo es uno. Si en los pr\u00f3ximos d\u00edas se le une alguno m\u00e1s, as\u00ed no estar\u00e1 tan aburrido, aunque con esto de los grupos burbuja probablemente no puedan dormir juntos, como es habitual en Yacar\u00e9.<\/p>\n\n\n\n<p>En cuanto al montaje del campamento, hoy hemos progresado much\u00edsimo!! Ya est\u00e1 la cocina colocada con todos sus detalles, las tiendas de intendencia y despensa colocadas (ver\u00e9is en las fotos las estanter\u00edas llenas de comida, y las decenas de rollos de mantel y papel de cocina&#8230;.). Hasta tenemos una cafetera nueva! Tambi\u00e9n tenemos ya vallada la zona el hoyo, y las letrinas, que adem\u00e1s tienen ya casi montado el circuito de lavamanos, que terminaremos ma\u00f1ana. Los claneros han terminado de montar casi todas las mesas del comedor. La tienda de Sanidad ya est\u00e1 totalmente ordenada. Los montones de material que descargaron del cami\u00f3n van reduci\u00e9ndose al puro material de unidad de las unidades que no han llegado al campamento&#8230;<\/p>\n\n\n\n<p>Para que ve\u00e1is c\u00f3mo est\u00e1 todo, y compartir con vosotros la alegr\u00eda de volver a \u00abcasa\u00bb, hemos hecho un v\u00eddeo con el dron de Alimoche (ahora resulta que tenemos tres drones en campamento!), y lo hemos subido a YouTube:<\/p>\n\n\n\n<figure class=\"wp-block-embed is-type-video is-provider-youtube wp-block-embed-youtube wp-embed-aspect-16-9 wp-has-aspect-ratio\"><div class=\"wp-block-embed__wrapper\">\n<iframe loading=\"lazy\" title=\"El 284 vuelve a casa - Duruelo 2021\" width=\"750\" height=\"422\" src=\"https:\/\/www.youtube.com\/embed\/CfZpKgBR6BQ?feature=oembed\" frameborder=\"0\" allow=\"accelerometer; autoplay; clipboard-write; encrypted-media; gyroscope; picture-in-picture; web-share\" referrerpolicy=\"strict-origin-when-cross-origin\" allowfullscreen><\/iframe>\n<\/div><\/figure>\n\n\n\n<p>El v\u00eddeo se lo dedicamos a todos los que este a\u00f1o tan dif\u00edcil no han podido venir al campamento, y os pedimos que rec\u00e9is para que todo vaya bien (para que todos los malitos finalmente no sean de coronavirus&#8230;). Desde aqu\u00ed os mandamos un abrazo muy fuerte, y esperamos que el a\u00f1o que viene volvamos a estar todos.<\/p>\n\n\n\n<p>Eso s\u00ed, lo malo de esta campa es el sitio del \u00abmotor\u00bb. Hay una caseta de obra, que en realidad es un registro de una conducci\u00f3n de agua, y aprovechamos para meter dentro el generador de electricidad, que funciona con gasolina, para o\u00edr menos el ruido, y por supuesto cerramos la puerta de la caseta&#8230;. Antiguamente no ten\u00edamos que tener el generador encendido todo el d\u00eda, pero desde hace unos pocos a\u00f1os, al tener neveras en campamento, necesitamos tener electricidad constantemente. Por cierto, la nevera se nos ha medio-estropeado, y justo hoy hemos comprado una nueva en Soria. Pero, volviendo al generador, entrar en la caseta en cuesti\u00f3n es una experiencia casi alucin\u00f3gena&#8230; Muy \u00fatil para practicar la apnea cuando te toca entrar a apagar el generador despu\u00e9s de varias horas funcionando&#8230; ;-). Para que luego digan que venimos al campamento a respirar aire puro!!!<\/p>\n\n\n\n<p>Ay, otra cosa muy graciosa es que, para los castores tambi\u00e9n ha sido el primer d\u00eda que les ha tocado fregar bandejas o perolos! Les ver\u00e9is en las fotos&#8230; Algunos cog\u00edan el estropajo por primera vez en la vida y se enfrentaban al jab\u00f3n y el frote&#8230; Adem\u00e1s, cuando tienen el perolo o la bandeja de su mesa ya fregada, la traen a cocina y all\u00ed tienen que pasar el control de calidad de Caba\u00f1a, que muchas veces les manda a volver a fregarlo&#8230; \u00abDale m\u00e1s por ah\u00ed para quitar eso que se ha quedado pegado\u00bb, \u00abDale tambi\u00e9n por fuera\u00bb, \u00abHay que enjuagarlo para quitarle el jab\u00f3n\u00bb&#8230; son los cl\u00e1sicos!<\/p>\n\n\n\n<p>Y acabo de enterarme de que entre los castores han encontrado cuatro casos de piojos!!! Interrogados los piojos acerca de su origen, han respondido \u00abEjj que nosotros est\u00e1bamos aqu\u00ed tan tranquilos sin que nadie nos molestara&#8230;\u00bb, pero esperemos que ya no vuelvan m\u00e1s!<\/p>\n\n\n\n<p>Un abrazo muy fuerte desde el campa!<\/p>\n\n\n\n<h2 class=\"wp-block-heading\"><strong>15 de julio<\/strong><\/h2>\n\n\n\n<p>Buenas noches desde campamento!!!<\/p>\n\n\n\n<p>Parece incre\u00edble, pero aqu\u00ed estamos, en medio de este precioso pinar, ya en plena oscuridad de la noche. Reunidos ahora mismo en el Kraal, los scouters discuten c\u00f3mo ha ido el d\u00eda, y la Caba\u00f1a asistimos tambi\u00e9n al Kraal. Es un Kraal mucho m\u00e1s reducido que los de otros primeros d\u00eda de campamento, en los que estaban todas las unidades en campamento. Este a\u00f1o estamos s\u00f3lo los Rovers (Clan y Comuna), los Castores y Caba\u00f1a.<\/p>\n\n\n\n<p>A lo lejos se oyen los ni\u00f1os gritar y jugar, aunque deber\u00edan estar acost\u00e1ndose, pero ya se sabe que la primera noche est\u00e1n todos muy emocionados y es dif\u00edcil acostarles, adem\u00e1s de que todav\u00eda no est\u00e1n cansados! \ud83d\ude09<\/p>\n\n\n\n<p>La verdad es que da gusto verles: los castores han llegado a campamento andando tan panchos, con sus mochilitas peque\u00f1as. Normalmente, el primer d\u00eda de campamento los castores llegan andando cargando con el macuto grande y la mochilita desde el sitio en el que les han dejado los autobuses, a  unos cientos de metros, y se les ve ya  muy cansados de llevar tanto peso&#8230; pero hoy llegaban s\u00f3lo con la mochilita, y resulta que los macutos se los sub\u00edan en la furgoneta, \u00a1qu\u00e9 lujo! El motivo era que los autobuses paraban en Duruelo a dejar las \u00abmochilas de campamento\u00bb, y luego ya se iban a llevar a cada unidad al punto de inicio de su raid, y la comisi\u00f3n de LOES sub\u00eda sus mochilas de campamento para guardarlas en campa. As\u00ed que, ya que estaban, los de LOES les han subido los macutos. Al entrar en campamento, les preguntaba: \u00bfV\u00e1is a buscar vuestra parcela? Y me responde  uno: \u00ab\u00bfQu\u00e9 es la parcela?\u00bb Claro, para todos los castores, este es su primer campamento de verano!!<\/p>\n\n\n\n<p>Hay cosas buenas que nunca deben cambiar, como el gran trabajo que hace la comisi\u00f3n de LOES, as\u00ed que hoy es justo hacer una secci\u00f3n de \u00abloas a LOES\u00bb: qu\u00e9 trabajazo han hecho! Cuando hemos llegado nos hemos encontrado el comedor montado con los toldos ya tensados, los bidones en sus torretas, casi toda la cocina montada (fuegos, encimeras., hasta el ca\u00f1izo puesto.. y todo con  una nueva distribuci\u00f3n!), el hoyo de desag\u00fce de cocina con su separador de grasas y todo, las letrinas,, las tiendas comunes&#8230; Es como llegar a casa! \ud83d\ude42<\/p>\n\n\n\n<p>Adem\u00e1s de felicitar a LOES, hay que felicitar tambi\u00e9n a la Comisi\u00f3n de Transporte: otros a\u00f1os todos los autobuses van a la vez al mismo sitio, pero este a\u00f1o los autobuses sal\u00edan a 3 horas distintas, desde 3 sitios distintos, y cada uno hac\u00eda una ruta diferente, todos pasando por Duruelo a dejar las \u00abmochilas de campamento\u00bb, que se encontrar\u00e1n en campamento cuando llegue despu\u00e9s de su raid.  Una log\u00edstica realmente complicada, en la que adem\u00e1s hab\u00eda que encajar los tama\u00f1os de las unidades y los autobuses, para no partir unidades (cosa que otros a\u00f1os no es problema).<\/p>\n\n\n\n<p>Como hemos llegad pronto porque est\u00e1 cerca, nos ha dado tiempo a montar las tiendas antes de comer. Luego hemos comido nuestros bocadillos de casa, y por la tarde hemos seguido montando el campamento, y los castores jugando. Los claneros han montado m\u00e1s de la mitad de las mesas del comedor, un trabajo que suelen hacer las tropas pero que este a\u00f1o no pueden hacer porque est\u00e1n de raid. Asi que para los claneros ha sido como rejuvenecer unos a\u00f1os!<\/p>\n\n\n\n<p>La Comuna ha terminado de montar las tiendas comunes: los pabellones grandes que sirven para guardar material, intendencia, despensa, y para tener tiendas en las que reubicar tiendas que calen en caso de lluvia. Estas tiendas son tan grandes y pesadas (todos los palos son de hierro&#8230;) que uno tiene la tentaci\u00f3n de no clavar los vientos porque se sujetan solas. Pero un a\u00f1o en una tormenta en Pirineos sali\u00f3 una volando, as\u00ed que aunque parezca innecesario, hay que clavar todos los vientos! S\u00ed, con unas clavijas de esas que pesan medio Kilo cada una y hay que clavarlas con una maza.<\/p>\n\n\n\n<p>La Caba\u00f1a hemos estado colocando el material y la comida en las tiendas de despensa e intendencia, reordenando la cocina, montando el clorador de agua, el m\u00e1stil, colocando todo en la tienda de Sanidad&#8230; Hace 3 a\u00f1os, en esta misma campa, izamos a un esculta a una rama alta de un pino para que atara las drizas (las cuerdas que se usan para atar las banderas) del m\u00e1stil. Hoy, lo que son las cosas, hemos usado un dron para pasar las cuerdas por encima de la rama, justo por el sitio exacto. Ay, si Baden Powell levantara la cabeza! Seguro que le encantaban los drones!<\/p>\n\n\n\n<p>Ma\u00f1ana ser\u00e1 el primer d\u00eda completo de campamento. Veremos amanecer en Duruelo! Hoy ha sido una enorme alegr\u00eda ver la campa otra vez, la misma que hace 3 a\u00f1os, y volver a ver nuestro comedor, nuestra cocina, las tiendas comunes, plantar la tienda, &#8230; es dif\u00edcil describir la alegr\u00eda. Lo hemos conseguido!!! <\/p>\n\n\n\n<p>Pero no ser\u00eda justo alabar el trabajo de los scouters de LOES, o de las otras comisiones de los scouters, o de la Caba\u00f1a, sin apreciar el enorme esfuerzo y el liderazgo de la Coordinaci\u00f3n del Grupo: empezaron a pedir los permisos para celebrar el campamento, por si fuera posible, cuando nadie pensaba que fuera a serlo. Han animado a todos, desde los ni\u00f1os a los scouters, la Caba\u00f1a y los padres, a creer en que era posible, y han puesto toda la carne en el asador para hacerlo realidad. Eso tiene un nombre: \u00abliderazgo\u00bb. Much\u00edsimas gracias por tirar del carro!!!<\/p>\n\n\n\n<p>Hace fr\u00edo por la noche aqu\u00ed, o, como dec\u00eda la antigua carta de padres, \u00ablas noches son frescas\u00bb ;-).<\/p>\n\n\n\n<p>Buenas noches!!<\/p>\n\n\n\n<h2 class=\"wp-block-heading\"><strong>10 de julio<\/strong><\/h2>\n\n\n\n<p>Hola a todos!<\/p>\n\n\n\n<p>Bueno, aqu\u00ed seguimos preparando cosas&#8230; en los \u00faltimos d\u00edas antes de salir de campamento, mientras nuestros valerosos y queridos LOES ya est\u00e1n mont\u00e1ndolo! Hemos sabido que llegaron y descargaron el cami\u00f3n, y tambi\u00e9n que lleg\u00f3 el contenedor. <\/p>\n\n\n\n<p>Javier F. ha hecho un v\u00eddeo muy chulo de la carga del cami\u00f3n a c\u00e1mara r\u00e1pida; toda la carga resumida en 80 segundos:<\/p>\n\n\n\n<figure class=\"wp-block-embed alignwide is-type-video is-provider-youtube wp-block-embed-youtube wp-embed-aspect-16-9 wp-has-aspect-ratio\"><div class=\"wp-block-embed__wrapper\">\n<iframe loading=\"lazy\" title=\"Carga del cami\u00f3n Campamento Durelo 2021\" width=\"750\" height=\"422\" src=\"https:\/\/www.youtube.com\/embed\/kpiLkAtYTeo?feature=oembed\" frameborder=\"0\" allow=\"accelerometer; autoplay; clipboard-write; encrypted-media; gyroscope; picture-in-picture; web-share\" referrerpolicy=\"strict-origin-when-cross-origin\" allowfullscreen><\/iframe>\n<\/div><\/figure>\n\n\n\n<p>Desde campamento, LOES nos cuentan que est\u00e1n bien, les est\u00e1 haciendo buen tiempo y est\u00e1n muy bien. Hace sol, incluso se han quemado un poco. Acordaos de llevar crema para el sol, que aunque es un pinar y hay mucha sombra, cuando pega el sol pega fuerte!<\/p>\n\n\n\n<p>Por cierto, nos han mandado fotos desde el campamento, que ya est\u00e1n subidas al \u00e1lbum. Ya est\u00e1n montando el comedor! Da gusto ver el pinar y todo tan verde&#8230; Qu\u00e9 ganas de estar all\u00ed!!<\/p>\n\n\n\n<p>Un abrazo desde Madrid a los scouters de la Comisi\u00f3n de LOES!<\/p>\n\n\n\n<h2 class=\"wp-block-heading\"><strong>8 de julio<\/strong><\/h2>\n\n\n\n<p>Hoy ha comenzado el campamento!!! Qu\u00e9 ilusi\u00f3n!!! <\/p>\n\n\n\n<p>Hoy, las unidades mayores del Grupo Scout han cargado el cami\u00f3n, y ya ha salido hacia Duruelo. Siempre parece imposible que vaya a caber todo en el cami\u00f3n, pero al final siempre cabe. Todo un tr\u00e1iler lleno de proyectos! Tambi\u00e9n va de camino el contenedor, que se guarda durante todo el a\u00f1o en un lugar de la Mancha.<\/p>\n\n\n\n<p>Y mucho m\u00e1s importante, detr\u00e1s del cami\u00f3n ha salido la Comisi\u00f3n de LOES, los scouters que van a montar el campamento para que cuando lleguemos nos encontremos todo lo importante ya montado. Sobre todo el comedor, para que si llegamos y est\u00e1 lloviendo tengamos un techo para cobijarnos. Son s\u00f3lo catorce scouters, as\u00ed que tienen mucho trabajo&#8230; \u00a1Muchas gracias, LOES!<\/p>\n\n\n\n<p>Para todos los scouts, el campamento de verano es lo mejor del a\u00f1o. Y por fin ha llegado, este a\u00f1o m\u00e1s esperado que nunca! Merece la pena recordar este soneto del \u00abmism\u00edsimo\u00bb Lope de Vega, que sin duda adoraba el campamento \ud83d\ude09 &#8230;<\/p>\n\n\n\n<p class=\"has-white-color has-text-color has-small-font-size\">.<\/p>\n\n\n\n<p><em><strong>Desmayarse, atreverse, estar nervioso,<\/strong><\/em><\/p>\n\n\n\n<p><em><strong>temeroso del raid, dudoso, esquivo,<\/strong><\/em><\/p>\n\n\n\n<p><em><strong>alentado, cargado, muerto, vivo,<\/strong><\/em><\/p>\n\n\n\n<p><em><strong>como el art\u00edculo ocho, animoso;<\/strong><\/em><\/p>\n\n\n\n<p class=\"has-white-color has-text-color has-small-font-size\">   .<\/p>\n\n\n\n<p><em><strong>no hallar fuera de all\u00ed centro y reposo,<\/strong><\/em><\/p>\n\n\n\n<p><em><strong>mostrarse en el pasillo esculta altivo,<\/strong><\/em><\/p>\n\n\n\n<p><em><strong>en la broma nocturna fugitivo,<\/strong><\/em><\/p>\n\n\n\n<p><em><strong>estar de tu unidad siempre orgulloso;<\/strong><\/em><\/p>\n\n\n\n<p class=\"has-white-color has-text-color has-small-font-size\">.<\/p>\n\n\n\n<p><em><strong>estar feliz en clan, con los de mi a\u00f1o,<\/strong><\/em><\/p>\n\n\n\n<p><em><strong>beber el agua de la presa suave,<\/strong><\/em><\/p>\n\n\n\n<p><em><strong>en manada en el r\u00edo, gozar del ba\u00f1o;<\/strong><\/em><\/p>\n\n\n\n<p class=\"has-white-color has-text-color has-small-font-size\">.<\/p>\n\n\n\n<p><em><strong>creer que el cielo en una campa cabe,<\/strong><\/em><\/p>\n\n\n\n<p><em><strong>dar la vida y el alma sin enga\u00f1o;<\/strong><\/em><\/p>\n\n\n\n<p><em><strong>esto es campa, quien lo prob\u00f3 lo sabe.<\/strong><\/em><\/p>\n\n\n\n<p>&nbsp;<\/p>\n\n\n\n<p>Hoy comienza una gran aventura. Como decimos los scouts,<\/p>\n\n\n\n<p>\u00a1Buena caza!<\/p>\n","protected":false},"excerpt":{"rendered":"<p>Pincha aqu\u00ed para volver a la p\u00e1gina principal del Campamento 2021. Desde esta p\u00e1gina iremos contando cada d\u00eda las \u00faltimas noticias de nuestro campamento desde Duruelo de la Sierra, Soria. \ud83d\ude03 Todas las noches intentaremos (ojo, que no siempre se puede) ir poniendo la cr\u00f3nica diaria y fotos de las [&hellip;]<\/p>\n","protected":false},"author":2,"featured_media":1477,"parent":1228,"menu_order":0,"comment_status":"closed","ping_status":"closed","template":"","meta":{"footnotes":""},"class_list":["post-1242","page","type-page","status-publish","has-post-thumbnail","hentry"],"jetpack_sharing_enabled":true,"_links":{"self":[{"href":"https:\/\/www.scouts284.org\/index.php\/wp-json\/wp\/v2\/pages\/1242","targetHints":{"allow":["GET"]}}],"collection":[{"href":"https:\/\/www.scouts284.org\/index.php\/wp-json\/wp\/v2\/pages"}],"about":[{"href":"https:\/\/www.scouts284.org\/index.php\/wp-json\/wp\/v2\/types\/page"}],"author":[{"embeddable":true,"href":"https:\/\/www.scouts284.org\/index.php\/wp-json\/wp\/v2\/users\/2"}],"replies":[{"embeddable":true,"href":"https:\/\/www.scouts284.org\/index.php\/wp-json\/wp\/v2\/comments?post=1242"}],"version-history":[{"count":109,"href":"https:\/\/www.scouts284.org\/index.php\/wp-json\/wp\/v2\/pages\/1242\/revisions"}],"predecessor-version":[{"id":3367,"href":"https:\/\/www.scouts284.org\/index.php\/wp-json\/wp\/v2\/pages\/1242\/revisions\/3367"}],"up":[{"embeddable":true,"href":"https:\/\/www.scouts284.org\/index.php\/wp-json\/wp\/v2\/pages\/1228"}],"wp:featuredmedia":[{"embeddable":true,"href":"https:\/\/www.scouts284.org\/index.php\/wp-json\/wp\/v2\/media\/1477"}],"wp:attachment":[{"href":"https:\/\/www.scouts284.org\/index.php\/wp-json\/wp\/v2\/media?parent=1242"}],"curies":[{"name":"wp","href":"https:\/\/api.w.org\/{rel}","templated":true}]}}