{"id":1002,"date":"2020-08-27T23:54:58","date_gmt":"2020-08-27T21:54:58","guid":{"rendered":"http:\/\/www.scouts284.org\/?page_id=1002"},"modified":"2020-08-27T23:54:58","modified_gmt":"2020-08-27T21:54:58","slug":"correos-recibidos-puentenansa-2008","status":"publish","type":"page","link":"https:\/\/www.scouts284.org\/index.php\/correos-recibidos-puentenansa-2008\/","title":{"rendered":"Correos Recibidos Puentenansa 2008"},"content":{"rendered":"\n<p><strong><u>CORREOS RECIBIDOS EN EL CAMPAMENTO DE<br>PUENTENANSA 2008<\/u><\/strong><\/p>\n\n\n\n<p><strong>ORDENADOS DE M\u00c1S RECIENTES A M\u00c1S ANTIGUOS<\/strong>.<\/p>\n\n\n\n<hr class=\"wp-block-separator\"\/>\n\n\n\n<p>Hola amigos del grupo,<br>me llamo como muchas de vosotras, Mar\u00eda, &nbsp;mi nombre es sencillo y en vuestra tierra frecuente, a menudo&nbsp;compuesto, yo tambi\u00e9n por mi advocaci\u00f3n \u00abVirgen del Camino\u00bb.<\/p>\n\n\n\n<p>Lo he pasado muy bien con vosotros este campamento, me hab\u00e9is dejado un rinc\u00f3n muy hermoso del mismo; desde \u00e9l todas las ma\u00f1anas os divisaba a todos, primero los miembros de la guardia llamando a la caba\u00f1a, despu\u00e9s ellos bajaban raudos para preparar el desayuno, mientras la mayor\u00eda segu\u00edais durmiendo pl\u00e1cidamente en vuestras tiendas. Poco a poco empezaba el bullicio,&nbsp;gimnasia, quitar las lega\u00f1as en los fregaderos; despu\u00e9s un momento intenso y hermoso, la izada. Desde mi altura la vista era estupenda. Nacho os hablaba del lema del d\u00eda, a mi tambi\u00e9n me gustaba y sobre todo cuando os le\u00edan la Palabra de Dios. Mi Hijo Jes\u00fas&nbsp;es el mejor gu\u00eda para vuestras vidas, ya lo sab\u00e9is y yo siempre estoy intercediendo por cada uno de vosotros.<\/p>\n\n\n\n<p>Buenos momentos tambi\u00e9n&nbsp;&nbsp;en las Eucarist\u00edas, en las arriadas, en las ceremonias, en los pases, \u00a1Cu\u00e1nta emoci\u00f3n!, a veces&nbsp;a mi tambi\u00e9n se me saltaban las l\u00e1grimas. Y qu\u00e9 decir de ese crecer por dentro que todos hab\u00e9is experimentado, esas amistades que se van fraguando y consolidando d\u00eda, tras d\u00eda.<br>\u00a1Como me gusta ver que sois una familia!<\/p>\n\n\n\n<p>\u00bfQu\u00e9 deciros de la emoci\u00f3n de la visita del Pater, del d\u00eda de padres, del festival y el fuego?<br>En las salidas de Raid. A algunos se os ve\u00eda las caras de preocupaci\u00f3n.<br>Durante este campamento,&nbsp;unas veces por&nbsp;las garrapatas, otras por la lluvia yo tambi\u00e9n he tenido que hacer Raid por la parcela de campamento: una breve estancia entre Pumas y Chacales, en el comedor&nbsp;para la misa del d\u00eda de&nbsp;Padres.<br>En el fondo me ha gustado porque as\u00ed estuve m\u00e1s cerca de vosotros.<\/p>\n\n\n\n<p>\u00a1Qu\u00e9 caras m\u00e1s hermosas y felices tra\u00edais a la vuelta de los Raids! y \u00a1menudos gritos de unidad!, ha sido una gozada estar con vosotros. Es verdad que algunos d\u00edas estuve un poco m\u00e1s sola y con la incertidumbre de&nbsp;que march\u00e1bais por esas monta\u00f1as de los Picos de Europa, me tranquilizaba saber que est\u00e1is en&nbsp;buenas manos: Jes\u00fas y&nbsp;vuestros Scouters, pero por si acaso yo nunca dejaba de recordaros y encomendaros a mi querido Hijo.<\/p>\n\n\n\n<p>Bueno ahora estoy de vuelta en Madrid, en el despacho del cura, pero sigo con vosotros all\u00e1 donde est\u00e9is, en los sitios de playa o de monta\u00f1a donde&nbsp;viaj\u00e9is, aqu\u00ed en Espa\u00f1a (tierra de Mar\u00eda) o por el extranjero.<\/p>\n\n\n\n<p>Recordadme&nbsp;es f\u00e1cil localizarme, estoy siempre junto a \u00c9l, junto a&nbsp;Jes\u00fas. En cualquier ermita, iglesia o catedral.&nbsp;Con otras advocaciones, pero siempre&nbsp;una&nbsp;con&nbsp;vosotros, Mar\u00eda, sierva del Se\u00f1or, primera seguidora y primera asunta al cielo,&nbsp;que os quiere maternal&nbsp;como a sus hijos.&nbsp;<\/p>\n\n\n\n<p>Mar\u00eda de Nazaret<br>Virgen del Camino<\/p>\n\n\n\n<hr class=\"wp-block-separator\"\/>\n\n\n\n<h1 class=\"wp-block-heading\"><br>15 A\u00d1OS DESPU\u00c9S<\/h1>\n\n\n\n<p>Despu\u00e9s de casi 15 a\u00f1os me encuentro con Carlos y es como si lo hubiera visto ayer. Eso es una de las cosas que tiene haber pertenecido a esta aventura, creas lazos de amistad que perduran en el tiempo, de echo mis mejores amigas, a\u00fan hoy,&nbsp;&nbsp;siguen siendo las de entonces nos conocimos siendo muy peque\u00f1as vivimos juntas la adolescencia, he ido a la boda de todas ellas, las que se han casado claro y conozco a sus hijos desde el momento que nacieron. No hacemos fuegos de campamento pero cuando nos juntamos a veces, recordamos historias y seguimos ri\u00e9ndonos, no hacemos veladas pero cualquier tema interesante suscita di\u00e1logos eternos, con la riqueza de matices que la experiencia nos ha ido dando, no hacemos festivales de la canci\u00f3n pero cantamos a nuestros hijos la mismas canciones, no preparamos empresas pero nos organizamos r\u00e1pidamente haciendo planes para vernos.<\/p>\n\n\n\n<p>As\u00ed que me queda esta herencia, un grupo estable de referencia al que puedes acudir siempre, con el que te identificas y te distingues del resto.<\/p>\n\n\n\n<p>Ciertamente y permiti\u00e9ndome un rato para la reflexi\u00f3n me doy cuenta del calado que toda esta experiencia&nbsp;&nbsp;tiene. Los padres con los que trabajo ahora y creedme, son muchos, saben lo importante que es trasmitir a los hijos la importancia del esfuerzo para conseguir las cosas, la tolerancia a la frustraci\u00f3n (entender que no todo sale como queremos), hablan de la autoestima (quererme con limitaciones y virtudes), de la necesidad de educar las emociones, de desarrollar la autonom\u00eda o de que su hijo sepa relacionarse con otros\u2026 Pero tienen dificultades a la hora de ense\u00f1arlo. Quiz\u00e1 los m\u00edos encontraron en el Grupo Scout 284 un buen comod\u00edn para hacerlo.<\/p>\n\n\n\n<p>Un saludo a todos.<\/p>\n\n\n\n<p>Roc\u00edo Ramos-Pa\u00fal Salto&nbsp;<sub><strong>*<\/strong><\/sub>(<strong>*&nbsp;<\/strong>Roc\u00edo, Scouter del 284 durante 3 a\u00f1os, dirige y presenta&nbsp;el programa de TV \u00ab<a target=\"_blank\" href=\"http:\/\/www.cuatro.com\/microsites\/supernanny\/\" rel=\"noreferrer noopener\">SuperNanny<\/a>\u00ab)&nbsp;&nbsp;&nbsp;&nbsp;&nbsp;<\/p>\n\n\n\n<hr class=\"wp-block-separator\"\/>\n\n\n\n<p><strong>31&nbsp;&#8211; Julio &#8211; 2000<\/strong><\/p>\n\n\n\n<p>Buenas tardes ya desde los Madriles!!<br><br>Tras veinte d\u00edas en campa, hoy ha sido una noche de las que peor he dormido!! Se ve que ya le hab\u00eda cogido gustillo a la claustrofobia que produc\u00eda el cercano techo de la tienda de campa\u00f1a y ese suelo en cuestecita con rocas que hac\u00edan las veces del masaje nocturno y te dejaban la espalda por las ma\u00f1anas echa una \u00abS\u00bb.<br>Raro se hace el despertarte por ti solo, no porque te avisan para hacer guardia, porque los castores te despiertan a las 7 de la ma\u00f1ana o porque te encuentras \u00abaveriado\u00bb del est\u00f3mago y sientes la \u00abllamada de la naturaleza\u00bb&#8230;<br><br>Tonter\u00edas aparte, se medio-echa de menos el tener que asearse deprisa y corriendo porque toca izar bandera, pegarse esos paseeeeeeeeeos para bajar al comedor o subir a las letrinas&#8230;. en fin, qu\u00e9 cosas!! dices durante 15 d\u00edas que est\u00e1s un poco jarto de tener que hacer escalada para hacer tus necesidades y luego a las primeras de cambio se pone uno melanc\u00f3lico&#8230;<br><br>Pues nada, a descansar que ya tocaba y&#8230; esta noche en la cena de Jefes creo que deber\u00edamos desvelar ya el secreto de lo de los \u00e1ngeles!! quiero saber quien compr\u00f3 el Marca de aquel d\u00eda para m\u00ed!!<br><br>Un saludo para todos los peacho de&nbsp;<strong>Scouters<\/strong>&nbsp;de este campa, que somos unos m\u00e1quinas. Y a la&nbsp;&nbsp;<strong>Caba\u00f1a<\/strong>&#8230;<strong>&nbsp;muchas gracias<\/strong><br><br>Chema<br><br>PD:&nbsp;ESTADOS UNIDOS, SOIS UNOS TRAMPOSOS!!!&nbsp;&nbsp;&nbsp; (1)<br>(1)&nbsp;Frase surgida de un juego del D\u00eda de Grupo, en el que se formaron equipos que representaban pa\u00edses)<\/p>\n\n\n\n<hr class=\"wp-block-separator\"\/>\n\n\n\n<p>Bueno, durante el d\u00eda de fuego recib\u00ed una llamada en la que me comunicaban la perdida de un familiar cercano&#8230; desde ese momento la gente se volc\u00f3, por hacerte olvidar, por facilitarte las cosas, por animarte, por darte el cari\u00f1o que necesitas cuando una situaci\u00f3n as\u00ed te sucede.<br>Con este mensaje quiero dar las gracias a todas aquellas personas, entre ellas toda la caba\u00f1a que el d\u00eda 29 cuando me iba para Madrid me hicieron sentir&#8230;supongo que no se explicarlo&#8230; sobre todo destacar a Montse y Miguel que me llevaron a Torrelavega y esperaron a que el autob\u00fas se fuera conmigo dentro. Pero tambi\u00e9n quiero agradecer el apoyo de mi rama, de Lobatos, especialmente mis compa\u00f1eros de jefatura Son y Diego, la gente demuestra su val\u00eda en esos momentos y ellos fueron los mejores. Y nunca me olvido de mis Bagheeras Gonzalo y Patricia, que fueron ellos los que en esos momentos tan complicados me hicieron re\u00edr&#8230;<br>Y por \u00faltimo un besazo enorme a todos mis lobatos de tercer a\u00f1o que pasaban el 29 y despu\u00e9s de 3 a\u00f1os no les pude ver saltar el bord\u00f3n.<\/p>\n\n\n\n<p>Gracias a todosssssss, nunca lo olvidar\u00e9<\/p>\n\n\n\n<p>Esther de la Orden.<\/p>\n\n\n\n<hr class=\"wp-block-separator\"\/>\n\n\n\n<p><strong>30&nbsp;&#8211; Julio &#8211; 2000<\/strong><\/p>\n\n\n\n<p><br>Hola,&nbsp;&nbsp;buenos d\u00edas a todos,<\/p>\n\n\n\n<p>&nbsp;Hoy ya es vuestro regreso y no quiero dejar de poneros unas l\u00edneas a todos los que hac\u00e9is posible esto. No s\u00f3lo quiero agradecer con toda el alma a los que est\u00e1is ah\u00ed&nbsp;<strong><u><strong>cuidando, alimentando y preocup\u00e1ndoos<\/strong><\/u><\/strong>&nbsp;de nuestros hijos en este campamento; quiero agradecer el d\u00eda a d\u00eda o \u201cs\u00e1bado a s\u00e1bado\u201d durante todo el a\u00f1o, mil veces gracias por&nbsp;<strong>vuestro tiempo<\/strong>, por vuestra&nbsp;<strong>gran<\/strong>&nbsp;<strong>generosidad<\/strong>&nbsp;por dar a nuestros hijos esta maravillosa experiencia y oportunidad de pertenecer a un grupo que verdaderamente se vuelca con ellos y vale la pena, gracias por vuestra&nbsp;<strong>paciencia<\/strong>&nbsp;y por no dejar que nadie se quede atr\u00e1s, gracias por&nbsp;<strong>compartir<\/strong>&nbsp;vuestras vidas y por&nbsp;<strong>ense\u00f1ar<\/strong>&nbsp;una filosof\u00eda de vida tan valiosa. Perdonar que personalice un momento porque s\u00e9 que esto es trabajo de grupo pero gracias Alimoche por tu paciencia con \u201cnosotros\u201d y por las \u201cempanadillas\u201d y especialmente nuestro agradecimiento a Esther y Diego que hemos tenido la suerte que durante tres a\u00f1os han estado con nuestra hija Elena, os vamos a echar de menos el a\u00f1o que viene.<\/p>\n\n\n\n<p>No me enrollo m\u00e1s, mil gracias por todo y un beso achuchado a nuestra hija Elena de Wawbek<\/p>\n\n\n\n<p>&nbsp;(Familia de Vicente y D\u00edaz del R\u00edo)<\/p>\n\n\n\n<hr class=\"wp-block-separator\"\/>\n\n\n\n<p>Gracias, por ese maravilloso d\u00eda en campamento.Gracias, por los juegos.Gracias, por la comida.Gracias, por la Eucarist\u00eda.Gracias, a todos vosotros.&nbsp;Adjunto la direcci\u00f3n donde pod\u00e9is ver las fotos que hicimos de ese d\u00eda:&nbsp;<a target=\"_blank\" href=\"http:\/\/picasaweb.google.com\/franmerinoguampa\" rel=\"noreferrer noopener\"><strong>http:\/\/picasaweb.google.com\/<\/strong><strong>franmerinoguampa<\/strong><\/a>&nbsp;Un abrazoFamilia Merino Jim\u00e9nez<\/p>\n\n\n\n<hr class=\"wp-block-separator\"\/>\n\n\n\n<p>Hola, gracias por compartir con nosotros, padres, un d\u00eda tan estupendo.&nbsp; Gracias por vuestra hospitalidad y por todo el tiempo que hab\u00e9is dedicado a que las cosas saliesen bien.<br><br>Hoy, d\u00eda de pases, tambi\u00e9n es un d\u00eda importante para los padres porque al igual que nuestros hijos vamos avanzando. Empezamos siendo padres de lobatos y terminamos siendo padres de scouters. Y comprobamos que el recorrido ha valido la pena.<br><br>Gracias a los \u00abCuatro Magn\u00edficos\u00bb por todos los esfuerzos realizados y tambi\u00e9n a las \u00abCuatro Magn\u00edficas\u00bb que aunque no aparecen en la foto siempre est\u00e1n.&nbsp; Gracias a Paco Camino por su estar silencioso y discreto. Y a todos aquellos que han puesto su granito de arena para que hayamos podido pasar de la carta postal a la rapidez del c.e.<br><br>Que podamos seguir compartiendo muchos momentos maravillosos.<br><br>Fdo. M\u00aa Jos\u00e9 Romero<br>Madre de Amaya y M\u00f3nica S\u00e1nchez.<\/p>\n\n\n\n<hr class=\"wp-block-separator\"\/>\n\n\n\n<p><strong>29&nbsp;&#8211; Julio &#8211; 2008<\/strong><br>\u00a1\u00a1\u00a1\u00a1\u00a1 Qu\u00e9 alegr\u00eda ver al padre Jos\u00e9 Luis con vosotros !!!!!&nbsp;Me ha hecho mucha ilusi\u00f3n verle en las fotos. Ha formado parte de mi familia durante muchos a\u00f1os y le recordamos con much\u00edsimo cari\u00f1o en casa. Me dio la comuni\u00f3n, me cas\u00f3 ya en otra parroquia y siempre ha estado ligado a esta familia.En estos tiempos que ya es un \u00abjefazo\u00bb me alegra ver que sigue con vosotros y con su pa\u00f1oleta colocada.La \u00faltima vez que le vimos fue casualmente en un pueblo de la sierra celebrando el bautizo de mi hijo y segu\u00eda tan simp\u00e1tico como siempre.De verdad que ha sido un gusto volver a verle.&nbsp;Un beso muy fuerte para todos, y que tengais muy, muy buen viaje.&nbsp; Os esperamos en la \u00abotra casa\u00bb.&nbsp;Carolina Vallecillo<\/p>\n\n\n\n<hr class=\"wp-block-separator\"\/>\n\n\n\n<p>Un abrazo muy fuerte a todos por vuestra c\u00e1lida hospitalidad: sois como sois y no ten\u00e9is remedio. Hace muchos a\u00f1os -desde la Ronda solar que acab\u00f3 en Caleao- que estamos en el grupo y nos sentimos muy tranquilos y orgullosos de que nuestros hijos est\u00e9n y hayan pasado por all\u00ed. Beatriz, Natalia y Gabriel han \u00abcrecido\u00bb en el grupo y nosotros, Bego\u00f1a y Paco, tambi\u00e9n hemos recibido ese reflejo de ellos y vosotros.<br><br>Nos gust\u00f3 mucho el campamento, como siempre, aunque un poco m\u00e1s porque pudimos llegar un poco m\u00e1s lejos en uno de vuestros d\u00edas importantes. S\u00f3lo nos queda deciros dos cosas: dar las gracias a los Scouters, jefes y Caba\u00f1a y a Paco Way por su valiosa dedicaci\u00f3n y desearos un feliz regreso.<br><br>Un abrazo muy fuerte a todos (que aunque ya van dos, siguen siendo pocos),<br>Bego\u00f1a y Paco (Padres de Beatriz, Natalia y Gabriel)<\/p>\n\n\n\n<hr class=\"wp-block-separator\"\/>\n\n\n\n<p>Hola campamento!!!<br><br>Con mi a\u00f1o y medio todav\u00eda no s\u00e9 hablar y&nbsp;ya escribo mails a campa&#8230; es lo que tiene ser un scout precoz, que te espabilas r\u00e1pido!!!<br><br>No sab\u00e9is lo que echo de menos estar all\u00ed con vosotros, espero que hay\u00e1is disfrutado much\u00edsimo estos d\u00edas, de la cena y del duro d\u00eda que os espera ma\u00f1ana, mucho \u00e1nimo a todos!!!<br>S\u00f3lo quer\u00eda dar las gracias de todo coraz\u00f3n a todos los que est\u00e1is en campa: ni\u00f1os por contagiarnos la ilusi\u00f3n con la que viv\u00eds cada experiencia, Scouters que sois realmente los que hac\u00e9is esto posible, coordinadores de grupo y caba\u00f1a por trabajar sin descanso y sin pedir nada&nbsp;a cambio&#8230;<br><br>Y, efectivamente, como no s\u00e9 hablar, no&nbsp;puedo explicar con palabras lo que sencillamente he&nbsp;<strong><em><u>VIVIDO<\/u><\/em><\/strong>: estar en el campo, en contacto con la naturaleza, vivir al aire libre, el trabajo f\u00edsico, compartir las 24 horas del d\u00eda con personas tan incre\u00edbles como vosotros, aprender de In\u00e9s y Mavi y su&nbsp;ejemplo de hacer por los dem\u00e1s sin descansar, sin decir, sin destacar, sencillamente su presencia y su trabajo ya lo vale todo&#8230;<br><br>Y, efectivamente, como no s\u00e9 hablar, eso es lo que me he llevado de este campamento y creo que realmente me llevo lo m\u00e1s valioso&#8230; muchas gracias por cuidarme tanto y tan bien.<br><br>Recuerdos a mis unidad \u00ablas ardillas\u00bb, a Jos\u00e9 Mar\u00eda y a Nachete por ser nuestros \u00abjefes de equipo\u00bb, a Marquitos que es mi compa\u00f1ero de cuestas y a Alejandro que espero que haya endurecido sus patas y abierto ese ojo!!!<br>estoy deseando volver a veros a todos<br>os quiero,<br>Gracias.&nbsp; Daniel Echeita Medel.<\/p>\n\n\n\n<hr class=\"wp-block-separator\"\/>\n\n\n\n<p><br>Como el resto de mis hermanos scout que han escrito en estos d\u00edas, he sentido esa sensaci\u00f3n de tristeza por no poder compartir con vosotros esos 15 d\u00edas de Campa (casi 20 para los que estuvimos en la Comisi\u00f3n de Material).<\/p>\n\n\n\n<p>Menos mal que me he encontrado con el correo de Plays que ha cogido el testigo de los que un d\u00eda pertenecimos a esa comisi\u00f3n (Pepito, Jos\u00e9 Luis Garc\u00eda, Mingo, Ra\u00fal Barroso, Guillermo, Pildoro, Josele, Ignacio Barandalla, Oscar Ruiz, Jes\u00fas Puig, Juan Pedro Botija, tambi\u00e9n para las chicas que se aventuraron en ese mundo del material como Bel\u00e9n Palacios&nbsp; Carmen de Mendoza y todos aquellos que no soy capaz de recordar del tir\u00f3n) y ha puesto sobre el papel ese sentimiento de frustraci\u00f3n al ver por los suelos nuestras mesas del comedor. Solo me gustar\u00eda a\u00f1adir que esas mesas fueron forjadas con metales nobles de las&nbsp;<strong>Minas<\/strong>&nbsp;Tirith (sino como se explica que aguantaran sin doblarse a\u00f1o tras a\u00f1o en la cena de Jefes la canci\u00f3n de Eddy Grant:&nbsp;<\/p>\n\n\n\n<p><strong><em>Gimme hope, Jo&#8217;anna<br>Hope, Jo&#8217;anna<br>Gimme hope, Jo&#8217;anna<br>&#8216;For the morning comes<\/em><\/strong><\/p>\n\n\n\n<p>Debo reconocer que la sonrisa que tenia en la cara mientras le\u00eda las palabras de Plays no han pasado desapercibidas para el resto de mis compa\u00f1eros de trabajo por lo que he compartido con ellos durante unos minutos la p\u00e1gina del Grupo.(Siempre haciendo Marketing del Grupo)<\/p>\n\n\n\n<p>El problema\/error de mirar las fotos es que me siento un poco m\u00e1s mayor, cada vez conozco a menos gente, s\u00f3lo a los antiguos del lugar (y a algunos scout de 2\u00aa generaci\u00f3n) y luego me encuentro con que Jorge Palop empieza a comentar que hace 25 a\u00f1os que subi\u00f3 por 1\u00aa vez Monte Perdido con su Unidad Esculta y eso me hace tener que contar los a\u00f1os que hace desde que la sub\u00ed yo con mi Unidad Esculta Kariboo y fue en el 1987 (21 a\u00f1os). Como an\u00e9cdota solo os comentar\u00e9 que nos vino tan bien la dieta y el ejercicio de ese raid que al final del mimo, a Plays le confundieron con Yepe.<\/p>\n\n\n\n<p>Veo que me estoy convirtiendo en un \u201cviejuno\u201d que a\u00f1ora aquellos a\u00f1os como una \u00e9poca muy especial donde se forjaron mis mejores amigos<\/p>\n\n\n\n<p>Un abrazo muy fuerte para todos los Scouters que est\u00e1is dedicando estos d\u00edas para que el Campamento funcione como un reloj<\/p>\n\n\n\n<p>&nbsp;Alberto Pel\u00e1ez (Clemens para los viejos lobos)<\/p>\n\n\n\n<p>&nbsp;<strong><em>Mi honor es mi vida y a ella someter\u00e9 mi servicio<\/em><\/strong><strong><em><strong><em>&nbsp;<\/em><\/strong><\/em><\/strong><\/p>\n\n\n\n<hr class=\"wp-block-separator\"\/>\n\n\n\n<p><br>Saludos al campamento 284.<br>&nbsp;<br>Somos los padres de David Alonso del grupo lobatos Dahind\u00e1, estamos encantados que el ni\u00f1o est\u00e9 con vosotros, gracias a Natalia, Patricia, M\u00f3nica y Jorge por estar&nbsp;con \u00e9l, regalar desinteresadamente vuestro tiempo y vuestras vacaciones.<br>&nbsp;<br>El festival fue genial, se nota que&nbsp;lo han currado mucho y muy bien, nos han creado mono a los padres pues no lo hab\u00edamos visto en directo y siempre mediante fotos, que no ves la emoci\u00f3n y alegr\u00eda de los ni\u00f1os y de todos los componentes del campamento. \u00a1Qu\u00e9 trabajo en equipo! \u00a1Qu\u00e9 decorados! \u00a1Qu\u00e9 iluminaci\u00f3n y sonido! .\u00a1&nbsp;Fant\u00e1stico!<br>&nbsp;<br>Al final no logramos localizar a los monitores de David para darles las gracias y comunicarles nuestro agradecimiento a ellos y a todo el campamento.&nbsp;Lo vivido y compartido con todos vosotros es impagable.<br>&nbsp;<br>Un saludo a todo el campamento .<br>&nbsp;<br>MIGUEL Y TERESA<\/p>\n\n\n\n<hr class=\"wp-block-separator\"\/>\n\n\n\n<p>Hola 284:<\/p>\n\n\n\n<p>Me llamo Pedro y soy el orgulloso padre de Pablo.&nbsp;<\/p>\n\n\n\n<p>Mi mujer, mi hija y yo, estuvimos el pasado 26 julio \u2013ese que llam\u00e1is \u201cd\u00eda de padres\u201d-, en Puentenansa, (provincia de Santander, o as\u00ed lo estudi\u00e9 en la extinta E.G.B.).<\/p>\n\n\n\n<p><strong>No. Definitivamente el 284 no est\u00e1 de moda.<\/strong>&nbsp;Las razones la veo muy claras: A\u00fan cre\u00e9is en algo tan obsoleto en nuestros d\u00edas como Dios, Espa\u00f1a, familia, amor, solidaridad, entrega al pr\u00f3jimo, respeto por la naturaleza\u2026<\/p>\n\n\n\n<p>Todo eso no se llama moda, que es pasajera. Se llama estilo. Estilo de vida. Y definitivamente, es lo que mi mujer y yo queremos para nuestros hijos.<\/p>\n\n\n\n<p>Ambos ir\u00e1n con el 284, si Dios quiere, en julio de 2.009.<\/p>\n\n\n\n<p>Gracias. Gracias a Paco, a Nacho a Alimoche y al 284 de Scout.<br>Un abrazo.<\/p>\n\n\n\n<hr class=\"wp-block-separator\"\/>\n\n\n\n<p><br><strong>28&nbsp;&#8211; Julio &#8211; 2008<\/strong>Como soy incapaz de mostrar mis emociones por escrito (es por esto que soy de ciencias), simplemente GRACIAS, a todos vosotros por hacer posible esta realidad de SER SCOUT, de ser padres y madres de SCOUTS, y sobre todo GRACIAS A DIOS, por este mundo tan maravilloso en el que vivimos.<br>Un fuerte abrazo para todos, y en especial para mis hijas.<br>Ana Pinilla.<\/p>\n\n\n\n<hr class=\"wp-block-separator\"\/>\n\n\n\n<p>Hola,<br>Me ha hecho mucha ilusi\u00f3n ver todas esa pa\u00f1oletas por el mundo y lo bien que os lo&nbsp;est\u00e1is&nbsp;pasando en campamento. Quiero poner otra foto a esa bonita p\u00e1gina.<\/p>\n\n\n\n<p><a href=\"..\/..\/fotos\/panoleta\/08-echeita_mozambique-m.jpg\" target=\"_blank\" rel=\"noreferrer noopener\"><\/a><br>&nbsp;&nbsp; Pablo en Mozambique<br>Un abrazo muy fuerte.<br>Pablo Echeita.<\/p>\n\n\n\n<hr class=\"wp-block-separator\"\/>\n\n\n\n<p><br>&nbsp; &nbsp; &nbsp; Como en a\u00f1os anteriores, tengo que agradeceros vuestro buen hacer en todos los sentidos, tanto hacia nuestros hijos\/@s como hacia los padres de las criaturas.<br><br>Para mi es un gran orgullo ver el trabajo que hac\u00e9is y como os lo curr\u00e1is para que todo salga todo a las mil maravillas y estemos en una gran familia.<br><br>Cuando lo cuento a mis compa\u00f1eros del trabajo se quedan alucinados, pues no en todos los grupos scout el d\u00eda de padres funciona como en el nuestro, que asum\u00eds toda la carga de trabajo, tanto los de caba\u00f1a como todos los jefes.<br>La comida y cena estupenda, la organizaci\u00f3n de los juegos muy buena con ideas refrescantes y formativas, a la vez que participativas.<br><br>Solo tengo una palabra para todos vosotros el d\u00eda de padres os quedo IMPRESIONANTE, SOIS LOS CAMPEONES, vosotros si que POD\u00c9IS.<br><br>La familia Mayero-Mart\u00ednez os lo agradece de todo coraz\u00f3n, pero lo m\u00e1s importante para nosotros es lo felices que vemos a nuestras hijas, a pesar de las inclemencias de la Naturaleza bichitos incluidos.<br><br>Yo no tuve la suerte que tienen ellas y envidio (de manera sana) lo que disfrutan (hemos tenido que acoplar nuestras vacaciones a \u00absu campa\u00bb para que as\u00ed pueda ser, est\u00e9n con un grupo que quieren y adoran). Aunque lo disfrutan creo que en para poder estar en este tipo de campamentos tambi\u00e9n se debe tener un esp\u00edritu especial de sacrificio &#8211; de compromiso &nbsp;&#8211; de compartir &#8211; de &#8230;&#8230; TODO y espero que les dure toda su vida. Vosotros hab\u00e9is demostrado que se puede.<br><br>Este a\u00f1o adem\u00e1s lo hab\u00e9is hecho m\u00e1s especial, muchas gracias por permitirnos compartir con vosotros el Festival de la Canci\u00f3n, fue estupendo, muy emotivo, y con mucha suerte, pues efectivamente al final nos hizo una noche maravillosa despu\u00e9s de la misa. Y todo ello lo hab\u00e9is hecho para ver lo bien que se lo pasan nuestros hijos en la cena (me quede alucinada de lo bien que lo pasaban y adem\u00e1s me dijeron que as\u00ed era todos los d\u00edas, con canciones, con alegr\u00eda). Nos hab\u00e9is hecho participes &nbsp;a pesar de la carga de trabajo que ha supuesto el dar una cena a todos los padres, adem\u00e1s de la comida, todo muy !!rico, rico!!, incluida la leche con galletas como los ni\u00f1os.<br><br>Deseo que mi hija Raquel que pasa ya a Tropa lo pase muy bien en el d\u00eda de \u00abpases\u00bb.<br><br>Espero que estos dos d\u00edas que os quedan los sig\u00e1is aprovechando y que os haga bueno.<br><br>Nos &nbsp;vemos el mi\u00e9rcoles y por si no puedo escribir otro correo por temas de trabajo, que teng\u00e1is una r\u00e1pida recogida de material sin accidentes laborales ni de grandes ni de chicos y un buen viaje de vuelta a Madrid.<br><br><br>Un gran abrazo a todos\/@s y de nuevo much\u00edsimas gracias.<br>&nbsp; &nbsp; &nbsp;Besitos a Ana y Raquel Mayero<br>&nbsp; &nbsp; &nbsp;los pap\u00e1s Mayero-Mart\u00ednez<\/p>\n\n\n\n<hr class=\"wp-block-separator\"\/>\n\n\n\n<p>Buenos d\u00edas a todos.<\/p>\n\n\n\n<p>Ya estamos de vuelta en Madrid, tras un viaje tranquilo como espero que todos los padres hayan tenido, pero un poco depre por no poder seguir all\u00ed con vosotros.<\/p>\n\n\n\n<p>Lo cierto es que tras 10 campamentos, cre\u00eda que ya ten\u00edamos todo visto (craso error) pero este a\u00f1o, para nosotros ha sido un campamento completamente distinto.<\/p>\n\n\n\n<p>En cualquier caso, nuestra m\u00e1s entusiasta felicitaci\u00f3n a todos los que hab\u00e9is posibilitado que esta vez los padres hayamos podido asistir al festival. Para nosotros al menos, ha sido una visi\u00f3n del ambiente del campamento nueva y distinta. Nos encant\u00f3 ver a los chavales en la hora de la cena \u201cdesde dentro\u201d, y respecto al festival, debo reconocer a titulo personal que desde mi ignorancia sobre el tema, pensaba que ser\u00eda uno de esos \u201crollos\u201d a los que uno asiste sacrificadamente por aquello de que implica a los hijos y, por que no decirlo, a muchos buenos amigos scouts del grupo. No s\u00f3lo no hubo tal sacrificio, sino que pas\u00e9 uno de los mejores ratos que recuerdo desde hace mucho tiempo y que espero que en a\u00f1os sucesivos pueda repetirse alguna vez.<\/p>\n\n\n\n<p>S\u00f3lo nos resta agradecer a todos el buen d\u00eda que pasamos y la satisfacci\u00f3n personal de ver a nuestros hijos felices dentro de un ambiente sano y constructivo como lo es el del grupo. Solo resta que teng\u00e1is todos un buen viaje de vuelta.<\/p>\n\n\n\n<p>Un fuerte abrazo para todos y otro \u201capretao\u201d para nuestros hijos.<\/p>\n\n\n\n<p>Enrique y Alicia (Luc\u00eda G\u00f3mez-Massai y Roberto G\u00f3mez-Pumas).<\/p>\n\n\n\n<hr class=\"wp-block-separator\"\/>\n\n\n\n<p>Hola, campamento,<br><br>Somos padres de un lobato casi tropero, y ya es el cuarto campamento de verano al que asistimos, y cada a\u00f1o volvemos del d\u00eda de padres con la sensaci\u00f3n de haber disfrutado por lo menos, tanto como los chavales. En los juegos, en la comida y este a\u00f1o, tambi\u00e9n en el festival . Nos sorprendemos al ver cuanta preparaci\u00f3n hay detr\u00e1s de cada actividad, y que, vamos, ten\u00e9is expertos en todo, en m\u00fasica, iluminaci\u00f3n, pintura, animaci\u00f3n, y sobre todo, mucho echao p`alante que no se amilana porque haya que montar un escenario con luz y sonido en plena monta\u00f1a c\u00e1ntabra. Se ponen unos cuantos a pensar y trabajar, y \u00a1\u00a1\u00a1 Escenario montado \u00a1!!<\/p>\n\n\n\n<p>Enhorabuena a todos por el d\u00eda que supisteis organizar, porque result\u00f3, como ya nos ten\u00e9is acostumbrados, un gran \u00e9xito y una alegre celebraci\u00f3n.<\/p>\n\n\n\n<p>Buen viaje de vuelta a todos,<\/p>\n\n\n\n<p>Mercedes y Roberto.<\/p>\n\n\n\n<hr class=\"wp-block-separator\"\/>\n\n\n\n<p><strong>27&nbsp;&#8211; Julio &#8211; 2008<\/strong><\/p>\n\n\n\n<p>\u00a1 Muchas gracia a todos y por todo!<\/p>\n\n\n\n<p>Pero, de una manera muy especial a nuestro m\u00e9dico, Jos\u00e9 Manuel y a nuestra \u00abmadre-m\u00e9dico\u00bb, Cristina, no s\u00f3lo por su profesionalidad sino por el cari\u00f1o que dieron a nuestro hijo Nacho.<\/p>\n\n\n\n<p>Muchas gracias Ro, por lo que has aportado durante estos dos a\u00f1os de \u00abChacales\u00bb a nuestro hijo, y porque empezaste en la comida cur\u00e1ndole un rasp\u00f3n en la espalda y acabaste cambiando el Consejo de Jefes por velar en la tienda hospital a nuestro hijo durante toda la noche.<\/p>\n\n\n\n<p>Muchas gracias Marta, por demostrarnos, una vez m\u00e1s, lo que significa para ti tu familia y de forma muy especial tu hermano. Un beso hija.<\/p>\n\n\n\n<p>Muchas gracias Nacho, por mirarnos de esa forma que s\u00f3lo tu sabes mirarnos y despedirnos con tu especial \u00abPapis os quiero mucho\u00bb.<\/p>\n\n\n\n<p>Y por \u00faltimo y no por ello menos importante, muchas gracias a nuestro grupo de amigos, que nos acompa\u00f1\u00f3 en todo momento y nos ofreci\u00f3 el apoyo que como padres en ese momento necesit\u00e1bamos.<\/p>\n\n\n\n<p>Otra vez, \u00a1muchas gracias a todos! y hasta muy muy pronto.<\/p>\n\n\n\n<p>Los padres de Nacho y Marta Plaza.<\/p>\n\n\n\n<hr class=\"wp-block-separator\"\/>\n\n\n\n<p>Bueno&#8230;&#8230;. y al a\u00f1o que viene \u00bfd\u00f3nde nos vamos&#8230;&#8230;&#8230;&#8230;.?&nbsp;Una vez en Madrid, duchaditos, relajados y con un par de lavadoras puestas con esa ropa que traemos en bolsas y que al abrir \u00abte echan para atr\u00e1s\u00bb con una mezcla de olores variados,&nbsp;nos queda el fant\u00e1stico recuerdo del d\u00eda de ayer.&nbsp;Todo tan maravilloso como otros a\u00f1os o m\u00e1s&#8230;&#8230;.. : juegos, comida, eucarist\u00eda , en fin&#8230;., como siempre.&nbsp;En cuanto a la cena, os dimos todav\u00eda m\u00e1s trabajo pero nos encant\u00f3, leche y galletas incluidas. Y en cuanto al festival, pues qu\u00e9 deciros, que era una experiencia \u00fanica y que creo que hab\u00e9is hecho \u00abmal\u00bb en ense\u00f1\u00e1rnosla. \u00a1Vaya trabajo, bien hecho chicos! \u00bfPodr\u00edamos repetir?. Sabemos que resultar\u00e1 complicado por las fechas para otros a\u00f1os, pero hablando entre nosotros, pensamos que moviendo todo un poquito para delante y otro poco para atr\u00e1s, pues que a lo mejor cuadraba. En fin, que los padres lo solucionamos anoche rapid\u00edsimo, tan r\u00e1pido que casi os dejamos sin raid para los mayores, \u00a1vamos! que os hemos organizado todo estupendamente con el fin de volver al festival.Ya sab\u00e9is, \u00abla ignorancia es atrevida\u00bb.&nbsp;&nbsp;Muchos besos para todos y uno muy especial para Matilde de caba\u00f1a,&nbsp;a la que intent\u00e9 localizar por la noche para&nbsp;agradecerle&nbsp;su esfuerzo y cari\u00f1o, pero que me fue&nbsp;imposible dar con ella, bueno, con ella y casi con mis hijos. \u00a1Qu\u00e9 dif\u00edcil es eso de andar por la noche para urbanitas como nosotros.&nbsp;Buen viaje a todos y nos vemos el mi\u00e9rcoles si Dios quiere.&nbsp;(Que se pongan el cintur\u00f3n si los autocares los llevan, por favor. Lo siento, pero es una obsesi\u00f3n m\u00eda&#8230;)&nbsp;&nbsp;Carolina,&nbsp;madre de B\u00e1rbara y Nacho.<\/p>\n\n\n\n<hr class=\"wp-block-separator\"\/>\n\n\n\n<p><br>Hola a todos:<\/p>\n\n\n\n<p>Desde la comodidad de casa, ya duchados, sentimos nostalgia de los cuatro d\u00edas que hemos pasado en Campamento con todos vosotros. Fuimos con mucha ilusi\u00f3n pero tambi\u00e9n con mucha&nbsp;&nbsp;incertidumbre por lo que nos pod\u00edamos encontrar y c\u00f3mo nos pod\u00edamos sentir.&nbsp;<\/p>\n\n\n\n<p>Os queremos dar las gracias porque nos hab\u00e9is arropado y hab\u00e9is logrado que nos sintamos c\u00f3modos y queridos. Nos hemos ido con ganas de repetir.<\/p>\n\n\n\n<p>Gracias a Marieta y Sergio por darnos el empuj\u00f3n para volver a campamento. Gracias a todos los miembros de La Caba\u00f1a porque, a pesar de haber invadido un poco vuestro terreno, nos hab\u00e9is hecho sentir uno m\u00e1s. Un abrazo muy especial para Mar\u00eda Jos\u00e9 y Alimoche por haber estado \u201cpendientes\u201d de nosotros. Y gracias a todo el resto de los Scouters porque nos hab\u00e9is tratado siempre con una sonrisa, a pesar de que apenas nos conoc\u00edais.<\/p>\n\n\n\n<p>Con todo esto, hab\u00e9is conseguido que despu\u00e9s de 21 a\u00f1os sin pisar un Campamento, nos hayamos vuelto a sentir COMO EN CASA. Ojal\u00e1 el a\u00f1o que viene podamos repetir.<\/p>\n\n\n\n<p>Cristina y Carlos (Familia S\u00e1nchez Bouza)<\/p>\n\n\n\n<hr class=\"wp-block-separator\"\/>\n\n\n\n<p>Este es un mensaje para dar \u00e1nimos a&nbsp;nuestra hermana Sof\u00eda Olmedo. Ya&nbsp;nos han contado los pap\u00e1s que acaban de llegar ahora de Puentenansa, lo de tu dedo \u00a1ESTAS HECHA UNA CAMPEONA! Como aguantas, eh??? para que luego digan que las chicas somos d\u00e9biles&#8230;<br>As\u00ed que solo te queda tener cuidadito y pas\u00e1rtelo lo mejor que puedas estos 3 d\u00edas que quedan.<br>Y \u00e9chate crema!!!!<br><br>Besitos de tus hermanos \u00c1ngel y Mar\u00eda, y de tus papis.<\/p>\n\n\n\n<hr class=\"wp-block-separator\"\/>\n\n\n\n<p><strong>26&nbsp;&#8211; Julio &#8211; 2008<\/strong><\/p>\n\n\n\n<p>\u00a1\u00a1\u00a1\u00a1Saludos a todos los integrantes del campamento de Puentenansa 2008!!!!<br><br>Este mensaje va dirigido a todos aquellos que van a estar \u00abhu\u00e9rfanos\u00bb en el d\u00eda de padres -especialmente a nuestro Chema, jefe de castores- para decirles que, aunque no haya sido posible pasar el d\u00eda con&nbsp;vosotros por diversas circunstancias, nuestro coraz\u00f3n estar\u00e1 acompa\u00f1\u00e1ndoos. Nos conformaremos con ver las fotos que colgu\u00e9is y con leer los comentarios de los afortunados que hoy disfrutar\u00e1n&nbsp;en vuestra compa\u00f1\u00eda.<br><br>Un fuerte abrazo.<br><br>Familia Fern\u00e1ndez Valverde.<\/p>\n\n\n\n<hr class=\"wp-block-separator\"\/>\n\n\n\n<p>Hola a todos,<\/p>\n\n\n\n<p>Os escribe Pata (\u00c1lvaro Camps), s\u00f3lo para deciros que se me ponen los pelos de punta al recordar cada uno de los campamentos (dentro de mis limitada memoria) que he vivido entre vosotros, y que aprovech\u00e9is al m\u00e1ximo cada momento con vuestras Unidades y compa\u00f1eros. No existe una experiencia igual, por mucho turismo \u00abactivo\u00bb o \u00abde aventura\u00bb que contrat\u00e9is en vuestra vida, como la experiencia de compartir unos d\u00edas de campamento. No he encontrado en mi vida un amigo como los que hice en una tienda de campa\u00f1a y por eso los sigo teniendo a la fecha&#8230; Algunos muy activamente, otros, lamentablemente, tan s\u00f3lo de lejos.<\/p>\n\n\n\n<p>Besos y abrazos para todos.<\/p>\n\n\n\n<p>Pata.<\/p>\n\n\n\n<hr class=\"wp-block-separator\"\/>\n\n\n\n<p><strong>25&nbsp;&#8211; Julio &#8211; 2008<\/strong><\/p>\n\n\n\n<p>Buenas tardes campamento!!!<\/p>\n\n\n\n<p>Ya estoy de vuelta en Madrid, s\u00e9 que este a\u00f1o ha sido una visita breve pero nos vamos haciendo mayores y la falta de tiempo nos hace no poder disfrutar de todo lo que nos gustar\u00eda\u2026en el fondo me ha sabido a poco!<\/p>\n\n\n\n<p>A los jefes de castores: Sab\u00e9is que ten\u00e9is que conseguir el CD, cuidado con \u201cbucles\u201d, Ruggiero reparte \u201ceso\u201d a Casper si es necesario\u2026bromas a parte, mucho \u00e1nimo que est\u00e1 saliendo todo muy bien.<\/p>\n\n\n\n<p>Por cierto me he tra\u00eddo un par de garrapatas de recuerdo.<\/p>\n\n\n\n<p>Un saludo para todos, en especial para Esther, Natalia, Paty, Chino, Edu, Blanca, Ram\u00f3n y Tom\u00e1s.<\/p>\n\n\n\n<p>A la caba\u00f1a: Mil gracias a todos y un saludo especial para los S\u00e1nchez-Bouza, los Zapata, los Sharfhausen (despu\u00e9s de 3 a\u00f1os sigo sin saber escribirlo) y Miguel y Montse que no s\u00e9 cuando llegaban.<\/p>\n\n\n\n<p>Nos vemos el 30<\/p>\n\n\n\n<p>Amaya (Ojo de Halc\u00f3n)<\/p>\n\n\n\n<hr class=\"wp-block-separator\"\/>\n\n\n\n<p>Buenas noches a todos!!<br><br>Cada d\u00eda que pasa no puedo dejar de pensar en el campamento, en todo lo que est\u00e1is pasando, disfrutando, viviendo&#8230;. y que s\u00f3lo me traen buenos recuerdos de todos los campamentos vividos durante los \u00faltimos 14 a\u00f1os. Este es el primer a\u00f1o que no voy a poder ir ni un solo d\u00eda a campamento, ni aunque s\u00f3lo fuera para decir hola y adi\u00f3s&#8230; S\u00f3lo deciros a todos los que est\u00e9is all\u00ed, disfrutad, vivir cada d\u00eda como algo \u00fanico, porque llegara un momento (la vida laboral&#8230;.) en que ve\u00e1is el campa desde lejos, desde un ordenador&#8230; y os vengan a la mente todos los recuerdos de esos maravillosos a\u00f1os que nunca se olvidar\u00e1n, est\u00e9is donde est\u00e9is!<br><br>Un abrazo muy fuerte para todos y saludos desde el pa\u00eds que vio nacer el escultismo.<br><br>Alberto Moreno.<\/p>\n\n\n\n<hr class=\"wp-block-separator\"\/>\n\n\n\n<p>Alguno quiz\u00e1 esperase algo m\u00e1s divertido de nuestra parte.<\/p>\n\n\n\n<p>\u00daltimo d\u00eda de raid de los mayores y ma\u00f1ana todos en Casa, con padres incluidos (no hay nada perfecto), pero todos los que se fueron.<\/p>\n\n\n\n<p>Nos sentimos un poco padres Alimoche, Mariajo, M\u00f3nica, Marcos, Roc\u00edo y Nacho, esper\u00e1ndoos y esperando que todo salga bien, que nadie se caiga por una pendiente, que nadie pise donde no debe, que se sepa agarrar fuerte al cable de los Horcados Rojos, &#8230;<\/p>\n\n\n\n<p>Menos mal que est\u00e1is ah\u00ed los Scouters; no todos son capaces de serlo, de asumir la responsabilidad, el compromiso y el reto. Cuando os hemos visitado durante el Raid, hemos hablado con vuestros chavales del motivo de estar aqu\u00ed, de seguir aqu\u00ed. En ese momento, vuestros chavales sacan el manual de respuestas correctas y comienzan a leer: por lo que aprendo, por las cosas que vivo, por estar con mis amigos, por hacer algo distinto, &#8230;<\/p>\n\n\n\n<p>\u00bfSab\u00e9is por qu\u00e9 est\u00e1is realmente? \u00bfPor qu\u00e9 est\u00e1is cada uno, y cada uno de Caba\u00f1a? \u00bfcu\u00e1l es la aut\u00e9ntica raz\u00f3n de permanecer entre nosotros Ester de la orden y Jos\u00e9 Luis Garc\u00eda, \u00cd\u00f1igo Dur\u00e1n y Mavi, Mayo e In\u00e9s?<\/p>\n\n\n\n<p>Pues sencillamente porque os sent\u00eds en CASA, en vuestra casa, donde pod\u00e9is mostraros tal como sois, en la familia del 284, sin necesidad de aparentar nada.<\/p>\n\n\n\n<p>Nosotros al menos aqu\u00ed nos sentimos en casa, nos sentimos bien, junto a las personas, a\u00fan cambiantes, a las que consideramos nuestros hermanos y amigos.<\/p>\n\n\n\n<p>No necesit\u00e1is que os lo digamos, pero gracias otra vez por seguir en vuestra casa trabajando para que m\u00e1s y m\u00e1s personas se sientan tambi\u00e9n un d\u00eda como en casa, aunque den muchas otras razones para seguir aqu\u00ed.<\/p>\n\n\n\n<p>Por otro lado, ya contaremos c\u00f3mo y con que eficacia se coordin\u00f3 el \u00faltimo rescate de la ciclista suicida por parte de nuestro egregio coordinador&#8230;<\/p>\n\n\n\n<p>Esperamos seguiros viendo a todos mucho tiempo por casa.<\/p>\n\n\n\n<p>Buena caza y largas lunas.<br>La Coordinaci\u00f3n de Grupo.<\/p>\n\n\n\n<hr class=\"wp-block-separator\"\/>\n\n\n\n<p><strong>24&nbsp;&#8211; Julio &#8211; 2008<\/strong><\/p>\n\n\n\n<p>Buenos d\u00edas campamento:<br><br>Hoy d\u00eda 24 de julio, es el d\u00eda de las Cristinas. Me gustar\u00eda felicitar a todas las Cristinas, pero en especial a Cristina Revuelta (Tropa-Pumas), ya que lleva 9 campamentos que no podemos estar con ella. Gracias al campamento virtual puedo pediros que le hag\u00e1is llegar esta felicitaci\u00f3n y a todas las dem\u00e1s tambi\u00e9n.<br>Ya nos queda poco para estar por all\u00ed y pasar un estupendo d\u00eda con vosotros (como todos los a\u00f1os).<br>Agradeceros a todos la labor que hac\u00e9is con nuestros hij@s.<br><br>Muchos besos a todos, nos vemos pronto.<br><br>Elisabeth (Revuelta)<\/p>\n\n\n\n<hr class=\"wp-block-separator\"\/>\n\n\n\n<p><strong>25 a\u00f1os despu\u00e9s&#8230;<br><\/strong><br>Hola amigos:<br><br>&nbsp;&nbsp;&nbsp;&nbsp;&nbsp;&nbsp;&nbsp; Aunque yo no soy amigo de r\u00e9cords y mucho menos en la monta\u00f1a, s\u00ed que soy amigo de celebraciones. Este campamento se cumplen 25 a\u00f1os desde que una Unidad del Grupo ascendi\u00f3 por primera vez un monte de m\u00e1s de 3.000 mtrs., concretamente la Unidad era mi tropa Esculta, Muntjack, y el monte era Monte Perdido. Por eso ayer me levant\u00e9 a las 2:30 de la madrugada, me cog\u00ed el coche y me fui a Pineta para repetir la ascensi\u00f3n que hace 25 a\u00f1os y con un grupo de hermanos scouts hicimos.<br><br>&nbsp;&nbsp;&nbsp;&nbsp;&nbsp;&nbsp;&nbsp; Han pasado 25 a\u00f1os llenos de proyectos cumplidos, de fracasos, de ilusiones, de desencantos, de &#8230;, sencillamente de vida. Doy gracias a Dios por aquel Raid, por aquellos amigos y por la oportunidad que nos brind\u00f3 a todos de ser capaces de tener una &#8216;Empresa&#8217;, creer en ella, luchar por ella, prepararnos para hacerla, arriesgarnos a hacerla y finalmente lograr hacerla. Tambi\u00e9n le doy gracias por darme hoy la salud para haber podido volver a subir, ya son 42 a\u00f1os y no 17 &#8230; .<br><br>&nbsp;&nbsp;&nbsp;&nbsp;&nbsp;&nbsp;&nbsp; Pero sobre todo escribo estas l\u00edneas para que todos pensemos un poco en lo que hacemos, en que son muchos a\u00f1os tratando de mostrar a nuestros chavales una determinada forma de entender la vida, basada en el servicio y en el mensaje del Evangelio, son tantos a\u00f1os que muchos de los que fuimos ni\u00f1os y adolescentes rebeldes, con o sin causa, ahora somos hombres y mujeres que tratamos de mantenernos fieles a lo que un d\u00eda prometimos, con nuestros fallos, nuestras terribles incoherencias, nuestras derrotas y nuestros peque\u00f1os \u00e9xitos.<br><br>&nbsp;&nbsp;&nbsp;&nbsp;&nbsp;&nbsp;&nbsp; Por todos nosotros, por el Grupo, por quienes segu\u00eds dedic\u00e1ndole un mont\u00f3n de horas de vuestra vida a todos esos chavales, por todos los que fueron mis compa\u00f1eros y por aquellos que hicieron aquella cima y ahora est\u00e1n ya en la paz del eterno campamento, por todo eso demos Gracias a Dios y pid\u00e1mosle que su semilla caiga en terreno f\u00e9rtil. Sois sembradores y s\u00f3lo Dios decide cu\u00e1ndo y d\u00f3nde la semilla da grano.<br><br>Un fuerte abrazo, Jorge Palop.<br><br>PD: Os mando la foto de la cima. Aunque solo se me ve a m\u00ed, os aseguro que est\u00e1bamos todos&#8230;<\/p>\n\n\n\n<p><a href=\"..\/..\/fotos\/panoleta\/08-j_palop_m_perdido.jpg\" target=\"_blank\" rel=\"noreferrer noopener\"><\/a><br>&nbsp;&nbsp; Jorge en Monte Perdido<\/p>\n\n\n\n<hr class=\"wp-block-separator\"\/>\n\n\n\n<p>Buenos d\u00edas a todos,&nbsp;\u00bfC\u00f3mo vais?, S\u00e9 que os lo est\u00e1is pasando genial, y os estar\u00e1 haciendo buen tiempo \u00bfVerdad? Aunque quer\u00eda saludar especialmente a mi sobrina, Carolina (Lobato Dahind\u00e1), quer\u00eda daros las gracias a todos aquellos que est\u00e1is las 24 horas del d\u00eda pendientes de ellos, que lo hac\u00e9is&nbsp;desde la sombra, sin que fuera de all\u00ed se entere nadie.<\/p>\n\n\n\n<p>Me ha dado siempre mucha rabia&nbsp;el hecho de que acciones como las que hac\u00e9is vosotros no sean referidas en medios de comunicaci\u00f3n, como salen aquellos que&nbsp;no hacen el bien.<br>S\u00e9 que no lo hac\u00e9is con ese fin, y que a las personas que dan de una forma gratuita, no les gusta que se lo reconozcan p\u00fablicamente, les basta con el reconocimiento personal y el de los ni\u00f1os durante el d\u00eda a d\u00eda; pero estamos en una sociedad en la que no vendr\u00eda mal que este tipo de obras se conocieran, y cundiera el ejemplo entre todos aquellos que la perciben como un \u00abnido de culebras\u00bb.<br>Gracias de nuevo, un abrazo para todos y en especial para mi sobrina Carolina, a la que adoro.&nbsp;T\u00eda Miki<\/p>\n\n\n\n<hr class=\"wp-block-separator\"\/>\n\n\n\n<p><strong>23&nbsp;&#8211; Julio &#8211; 2008<\/strong><\/p>\n\n\n\n<p>S\u00f3lo quer\u00eda mandar un saludo a todo el 284&#8230;. a los de ahora y a \u00ablos de siempre\u00bb&#8230;.<\/p>\n\n\n\n<p>Sed felices y pasadlo bien.<\/p>\n\n\n\n<p>Gabri (el \u00abCabra\u00bb)<\/p>\n\n\n\n<hr class=\"wp-block-separator\"\/>\n\n\n\n<p>Churretes por la cara&#8230; manos negras&#8230; camisas por fuera&#8230; disfraces de &#8216;hawaianos&#8217;&#8230; caras felices&#8230; \u00a1\u00a1\u00a1 LO ESTAIS PASANDO GENIAL !!!<br><br>Aguante bajo la lluvia&#8230; rescate en la monta\u00f1a&#8230; hacer las cosas por uno mismo&#8230; vuelta al campamento de los raids sanos y salvos&#8230; &nbsp;\u00a1\u00a1\u00a1 ESTAIS APRENDIENDO Y CRECIENDO !!!<br><br>Un sitio impresionante&#8230; cada d\u00eda una aventura nueva&#8230; unos jefes preparados para todo&#8230; una caba\u00f1a siempre colaborando y dando el callo&#8230; unos padres encantados de ser &#8216;el ojo que todo lo ve&#8217; a trav\u00e9s del campamento virtual&#8230; &nbsp;\u00a1\u00a1\u00a1&nbsp;SOIS UNOS PRIVILEGIADOS !!!<br><br>El esfuerzo de muchos hace que esto sea posible, pero pod\u00e9is estar bien seguros de que nada ser\u00eda posible si detr\u00e1s de todo ello no estuviera el ESPIRITU impuls\u00e1ndolo y haci\u00e9ndose presente en medio de vosotros.<br><br>A nuestros queridos sobrinos Jorge y Edu Scharfhausen L\u00f3pez queremos mandarles un besote enorme y decirles que son dignos scouts de segunda generaci\u00f3n, que conseguir&nbsp;la pa\u00f1oleta naranja y que tus amigos te pongan&nbsp;un apodo&nbsp;guay significa que eres &#8216;de los buenos&#8217;, que disfruten todo lo que puedan y que estamos deseando que a la vuelta nos cuenten todas sus aventuras y nos demuestren todo lo que han aprendido en estos d\u00edas.<br><br>Os deseamos que el d\u00eda de la visita de padres salga todo perfecto y que termin\u00e9is lo que queda de campamento con la misma&nbsp;alegr\u00eda que hasta ahora, sin contratiempos y sin dejar de aprender y disfrutar.<\/p>\n\n\n\n<p>Hasta pronto.<br>M\u00aa Jes\u00fas Scharfhausen<\/p>\n\n\n\n<hr class=\"wp-block-separator\"\/>\n\n\n\n<p>Buenas tardes campamento:<br>Ya queda muy poco para que llegue el d\u00eda de padres. Estamos deseando veros y poder abrazar a nuestros hijos. Lamentamos que, por problemas t\u00e9cnicos, este a\u00f1o el \u00abcampamento virtual\u00bb no haya funcionado adecuadamente. No sab\u00e9is lo importante que es para nosotros mantener este contacto \u00abvirtual\u00bb. De hecho, apenas hemos visto fotograf\u00edas de los lobatos y, concretamente, de \u00abWawbek\u00bb. \u00bfD\u00f3nde est\u00e1n? No obstante, a trav\u00e9s de los e-mails nos mantenemos informados y deducimos que aun est\u00e1n de Raid. Por cierto, nuestras felicitaciones por el heroico acto de salvamento del anciano. \u00a1Os merec\u00e9is todos una medalla al m\u00e9rito civil! Ese es vuestro esp\u00edritu y esa es la raz\u00f3n por la que nos sentimos orgullosos de que nuestros hijos formen parte del Grupo 284.<br>Recibid un abrazo y hasta pronto.Familia Berrocal-Sancho(Padres de un lobato \u00abcuasi\u00bb tropero)<\/p>\n\n\n\n<hr class=\"wp-block-separator\"\/>\n\n\n\n<p>Que envidia me dais\u00a1\u00a1\u00a1<\/p>\n\n\n\n<p>Siempre que llega mediados de julio me conecto a la p\u00e1gina del Grupo, a babear con lo bien que se lo pasan 250 scouts, y a rememorar lo bien que me lo pasaba yo (hace ya unos cuantos a\u00f1os). La verdad es que este a\u00f1o, todav\u00eda m\u00e1s. Esta ma\u00f1ana he estado en una notar\u00eda hablando de lo mal que est\u00e1 todo con la crisis, he comido con un tipo y hemos hablado de lo mal que est\u00e1 todo con la crisis, y acabo de salir de una reuni\u00f3n en la que hemos vuelto a hablar de lo mal que est\u00e1 todo por la crisis. \u00a1Qu\u00e9 desolaci\u00f3n!. Me acuerdo de cuando estaba rodeado de gente que no paraba de cantar cuanto m\u00e1s llov\u00eda. En fin, lo dicho, !Qu\u00e9 envidia me dais\u00a1.<\/p>\n\n\n\n<p>Bueno, muchos besos a todos, con especial \u00e9nfasis a Alimoche y Mariajo (y prole), as\u00ed como los inigualables Pepe y Mavi.<\/p>\n\n\n\n<p>Fernando L\u00f3pez (y Henar Cama\u00f1o, e Irene, y Marcos, y pr\u00f3ximamente Sergio)<\/p>\n\n\n\n<hr class=\"wp-block-separator\"\/>\n\n\n\n<p>\u00a1Hola!: supongo que os lo est\u00e1is pasando muy bien. La verdad es que este a\u00f1o nos sentimos un poco mal por no poder ver muchas fotos vuestras.Pero ya queda poco para el d\u00eda de padres, os mand\u00e9 un correo pero no lo veo en la secci\u00f3n correos recibidos. De todos modos aprovecho para saludar a mi lobato David Fraile de Waingunga, espero haberlo escrito bien. Tambi\u00e9n le digo que la tele ni se lo cree de lo tranquila que est\u00e1 ahora.<br>Un saludo a todos de Bego\u00f1a de Benito.<\/p>\n\n\n\n<hr class=\"wp-block-separator\"\/>\n\n\n\n<p>Buenos d\u00edas chic@s, soy Viky, antigua jefa de Ethawa, os escribo desde los madriles, donde me muero de envidia cada d\u00eda cuando veo esas peaso de fotos&#8230;. ainsss, quien estuviera all\u00ed, espero que todos os lo est\u00e9is pasando genial, yo seguir\u00e9 mirando a traves de internet mientras \u00abcurro\u00bb, espero que esas fotillos se puedan colgar pronto, que hay ganas de ver a los chic@s saliendo de campa, que tiempos.<\/p>\n\n\n\n<p>Un saludo especial&nbsp;a mis compa\u00f1eros y amigos, Javi Pacheco, Jorge Esteve, Blanca Collado, Ram\u00f3n&#8230; Chic@s, tenemos que vernos a la vuelta de campa.<\/p>\n\n\n\n<p>Un saludo de mano izquierda.<\/p>\n\n\n\n<p>&nbsp;&nbsp;<br>Viky<\/p>\n\n\n\n<hr class=\"wp-block-separator\"\/>\n\n\n\n<p>\u00a1Hola, campa\u00a1<\/p>\n\n\n\n<p>Un saludo para todos los miembros del campamento, en especial para los miembros de Castores.<\/p>\n\n\n\n<p>Muchas gracias a todos y un beso para \u00c1lvaro y Jorge Fominaya.<\/p>\n\n\n\n<p>Ra\u00fal y Paloma.<\/p>\n\n\n\n<hr class=\"wp-block-separator\"\/>\n\n\n\n<p><br>Hola a todos:<\/p>\n\n\n\n<p>Este texto es un gui\u00f1o para Alimoche y Sergio (ellos saben porqu\u00e9), fruto de una conversaci\u00f3n a distancia entre amigos, hace tan s\u00f3lo un d\u00eda. S\u00f3lo queremos transmitiros unas breves reflexiones.<\/p>\n\n\n\n<p>Hace muchos a\u00f1os que los dos abandonamos el Grupo Scout 284, f\u00edsicamente, que no de esp\u00edritu &#8211;por cuestiones profesionales\u2014 porque, sinceramente, creo que una vez que has vivido y te has empapado del escultismo es dif\u00edcil olvidarte de \u00e9l. Entre ambos, sumamos m\u00e1s de 25 a\u00f1os dedicados al Grupo Scout 284 y, haciendo memoria, s\u00f3lo tenemos buenos recuerdos y vivencias. Empezamos como lobato (La Toba) y gu\u00eda (Ria\u00f1o), y acabamos como jefes. Durante este camino nos conocimos, nos hicimos novios y, a\u00f1os m\u00e1s tarde, nos casamos y tuvimos dos hijos.<\/p>\n\n\n\n<p>Ahora, 20 a\u00f1os despu\u00e9s, nuestros dos hijos, Carlos y Roc\u00edo, han entrado a formar parte del Grupo Scout 284, y con ellos nosotros en el grupo de los antiguos Scouters. Lo que en 1976 y 1979 empez\u00f3 como un acercamiento a un grupo de scout con pa\u00f1oleta naranja,&nbsp; todav\u00eda en ciernes y desconocido en el barrio de la Estrella, pasando por sucesivas rondas solares hasta nuestra marcha a finales de la d\u00e9cada de los 90, vuelve otra vez a tomar vida, en la ronda 2007-2008, con el ingreso de nuestro hijos. Esta continuidad generacional nos alegra.<\/p>\n\n\n\n<p>Estamos a tan s\u00f3lo un d\u00eda de volver a encontrarnos con todos vosotros en Puentenansa, y estamos expectantes porque cuando nos fuimos\u2026. en campamento no hab\u00eda agua corriente, ni luz el\u00e9ctrica, ni pilas para lavarse o duchas. Claro, las cosas cambian para mejor. Pero estamos seguros que el esp\u00edritu scout y del Grupo 284 seguir\u00e1n igual. Porque, aunque pase el tiempo y cambien las personas, el escultismo, esa forma de vivir y entender la vida y la naturaleza, no cambia.<\/p>\n\n\n\n<p>Por \u00faltimo, como padres en la distancia, sin saber nada de nuestros hijos, hemos de reconocer que la idea del Campamento Virtual es una magn\u00edfica idea. Por ello, \u00a1gracias Jos\u00e9 Lu\u00eds!, por tu trabajo desinteresado. No sab\u00e9is como puede alegrarte el d\u00eda una foto o un comentario. Por favor, y que contin\u00fae.<\/p>\n\n\n\n<p>Buena caza y nos vemos\u2026<\/p>\n\n\n\n<p>Cristina y Carlos (padres de Carlos y Roc\u00edo S\u00e1nchez Bouza \u2013lobato y castora-)<br><strong><\/strong><strong><br><\/strong><br><strong>22&nbsp;&#8211; Julio &#8211; 2008<\/strong><\/p>\n\n\n\n<p>Muy buenas noches Campamento<\/p>\n\n\n\n<p>No quiero daros la chapa, para ello tenemos a nuestro Gran Norte Espalda Plateada que se las pinta muy bien \u00e9l solito, pero&nbsp;me vais a permitir&nbsp;decir un par de verdades.<\/p>\n\n\n\n<p>La primera: Gracias por el cumplea\u00f1os que me hab\u00e9is ofrecido&#8230;. si&nbsp;sigue siendo as\u00ed, no voy a poder decir nunca que no vengo al Campa el a\u00f1o que viene, y me vais a tener que aguantar hasta que, como alg\u00fan ilustre jubilado, se me caigan los pantalones y me pierda en los recuerdos de los a\u00f1os pasados con las distintas generaciones de Castores, Lobatos, Tropas&#8230;.. Rovers.&nbsp;Lo siento pero, vosotros solitos os lo hab\u00e9is buscado.<\/p>\n\n\n\n<p>La segunda: El a\u00f1o pasado cuando acept\u00e9 el compromiso de acudir al Campamento de Vilanogueira de Azeitao y me agradec\u00edais mi \u00ablocura\u00bb, os dec\u00eda que s\u00f3lo devolv\u00eda una peque\u00f1a parte de lo que dabais a nuestros hijos&#8230;. me equivoqu\u00e9&#8230;&#8230; nunca pens\u00e9 que lo que les ofrec\u00e9is, les dais es tan &#8230; c\u00f3mo decirlo&#8230;. \u00bfimportante? \u00bfbonito? \u00bfenriquecedor? o todo ello junto que &#8230; nunca podremos pagarlo.<\/p>\n\n\n\n<p>He visto las cara de nuestros hijos cuando est\u00e1n cumpliendo sus obligaciones en campa&#8230; si las hicieran en casa as\u00ed&#8230; les tomar\u00edamos por locos. Les he visto, tambi\u00e9n, despu\u00e9s de un duro d\u00eda de raid por los Picos de Europa, con sus caras&nbsp;pintadas de decisi\u00f3n&nbsp;para seguir con la bella tortura de subir sin fin hasta la luz de las estrellas. Les he visto llorar cuando a alguno de ellos le dec\u00eda&#8230; no puedes seguir te vienes a campamento&#8230; y me ped\u00edan&#8230; por favor, d\u00e9jame seguir&#8230; ma\u00f1ana si no puedo me llev\u00e1is y, al d\u00eda siguiente no llamar&#8230; ESTOY ORGULLOSO DE ELLOS, como padre y ESTOY ORGULLOSO DE VOSOTROS: Jefes, Scouters, Caba\u00f1a porque sab\u00e9is sacar de ellos lo mejor de s\u00ed mismos, con vuestra ternura y vuestra firmeza en dosis bien equilibradas &#8230; &nbsp;estoy aprendiendo todos los d\u00edas de&nbsp;vosotros&#8230; es&nbsp;una pasada formar parte de ello.<br>Gracias y seguid por esta senda&#8230;<\/p>\n\n\n\n<p>Jos\u00e9 Manuel M\u00e9ntrida<\/p>\n\n\n\n<p><strong><\/strong><\/p>\n\n\n\n<p>Asquerosos!!&nbsp; Os odio!!&nbsp; Las cataratas de Iguaz\u00fa, son un asm\u00e1tico goteo de grifo de fregadero, comparados con lo que me chorrea de los lacrimales cuando os veo en las fotos: \u00a1In\u00e9s y Mavi cortando acelgas en cocina!, ese perolo al fuego&#8230;! Si hasta huele desde aqu\u00ed!! Solo me falta Pipo limpiando fregaderos para acabar de desplomarme snifff&nbsp;&nbsp; snifff&#8230;..<br>&nbsp;&nbsp;&nbsp; Lo del Campamento Virtual es una maldad extrema propia de los peores monstruos de la historia! Despu\u00e9s&nbsp; de estos pocos a\u00f1os con vosotros&#8230; y encima este finde estar\u00e9 de guardia, dicen que salvando vidas (Jiu, jiu, \u00a1 bendita inconsciencia !)<br>&nbsp;&nbsp;&nbsp; Nacho, machote, deja de tirarte autoloas, que bien a gusto quedaron las mozas cuando dejases de trotar tras ellas guitarra en mano. Roky, anda, de mi parte y por prescripci\u00f3n facultativa dale un par de cogotazos a \u00abese\u00bb.<\/p>\n\n\n\n<p>&nbsp;&nbsp;&nbsp; Por lo dem\u00e1s, mis felicitaciones a los \u00abGuaigunga\u00bb, hac\u00e9is aquello que sab\u00e9is hacer, u os lo invent\u00e1is (imaginaci\u00f3n al poder!), porque lo esencial que hab\u00e9is aprendido en el Grupo, es a SEVIR, y es lo que a\u00fan sin daros cuenta est\u00e1is ense\u00f1ando todos los Scouters a vuestros chicos; pero es que adem\u00e1s, sois efectivos. Pues eso.<\/p>\n\n\n\n<p>&nbsp;&nbsp;&nbsp; \u00bfComo va la votaci\u00f3n de las barras? que os hab\u00e9is callado como muertos al respecto. Vaya mi voto por la del piquito, que lesiones a parte, siempre estar\u00e1 churruscadito, y crujientito&#8230; slrupp&#8230;.<\/p>\n\n\n\n<p>&nbsp;&nbsp;&nbsp; &nbsp;&nbsp; &nbsp;&nbsp; &nbsp;&nbsp; En fin, disfrutad vuestro-nuestro Campamento, volved mejores a\u00fan, que sigue habiendo chavales que os necesitar\u00e1n, incluso a los actuales Castores, todo llega.<\/p>\n\n\n\n<p>&nbsp;&nbsp;&nbsp; Nos veremos, nunca es un adi\u00f3s, sino un hasta luego. Un fuerte apreton de zurda.<\/p>\n\n\n\n<p>&nbsp;&nbsp;&nbsp; &nbsp;&nbsp; &nbsp;&nbsp; &nbsp;&nbsp; &nbsp;&nbsp;S.L.P.S.<br>&nbsp;&nbsp;&nbsp; &nbsp;&nbsp; &nbsp;&nbsp; &nbsp;&nbsp; &nbsp;&nbsp;Javier Pacheco (ex-Hechicero)<\/p>\n\n\n\n<hr class=\"wp-block-separator\"\/>\n\n\n\n<p>Hola a todos. Estamos deseando llegar el s\u00e1bado&nbsp; ver \u00abin situ\u00bb todo lo que a trav\u00e9s de las fotos podemos imaginar. Somos nuevos en la experiencia y tenemos mucho que aprender. Gracias por el esfuerzo de hacernos llegar a trav\u00e9s de la Web noticias y fotos. No sab\u00edamos si hab\u00eda costumbre de que los chicos llamasen desde alg\u00fan pueblo alg\u00fan d\u00eda y por lo menos as\u00ed, hemos visto que nuestra hija Alejandra \u00absigue viva\u00bb. Es su primer a\u00f1o y sabemos que puede resultarle un poco duro, aunque seguro que de la mano de los Scouters y de sus compa\u00f1eros, lo conseguir\u00e1. Tambi\u00e9n para ella es todo nuevo pero tiene mucha voluntad y fortaleza, por lo que creemos&nbsp;que es merecedora de ser una Scout .&nbsp;Estamos muy contentos de compartir con todos vosotros una forma de vida en la que creemos.&nbsp;Hasta el s\u00e1bado y buen viaje a todos&nbsp;Juan y Almudena (padres de Alejandra G\u00f3mez)&nbsp;<\/p>\n\n\n\n<hr class=\"wp-block-separator\"\/>\n\n\n\n<p>Hola y muy buenos d\u00edas Campamento.<br><br>Me reafirmo \u00abme gusta ser madre de scouts\u00bb, y me encanta que mis hijas sean scouts. Luchar\u00e9, a\u00f1o tras a\u00f1o, en estas edades que se me avecinan algo mas conflictivas (adolescencia), para que si quiera entreguen a este grupo o al grupo que les toque, la mitad de la mitad de lo que vosotros lo est\u00e1is haciendo. Muchas gracias Scouters, muchas gracias Caba\u00f1a, muchas gracias Consiliario, muchas gracias a todos,&#8230;. Yo sola me emociono escribiendo el correo. Nos vemos el s\u00e1bado y cuidaos todos mucho. Buen viaje para todos.<\/p>\n\n\n\n<p>Un beso muy fuerte para todos y en especial para mis hijas.<br><br>pinigarza@<\/p>\n\n\n\n<hr class=\"wp-block-separator\"\/>\n\n\n\n<p>Hola!!!!<\/p>\n\n\n\n<p>Pensaba mandar unas fotillos de los nietos de In\u00e9s, para no perder la costumbre\u2026 Mi sorpresa ha sido cuando leyendo los emilios del d\u00eda 15 me he encontrado con un correo de Bego\u00f1a Dorr. BEGOOOOOOOO, SOY LORETO FONT ( lfont[arroba]e-externa.aena.es) Anda, escr\u00edbeme y charlamos un ratito.<\/p>\n\n\n\n<p>Un beso muy fuerte para todos. Ah s\u00ed, la foto!!! Ah\u00ed va!!!<\/p>\n\n\n\n<p>Loreto.<\/p>\n\n\n\n<hr class=\"wp-block-separator\"\/>\n\n\n\n<p>Es cierto, cu\u00e1nta injusticia en el mundo, y no se debe a las diferencias de capital entre los pobladores del planeta, no. Es&nbsp;a causa del habitual silencio y abnegaci\u00f3n a que es sometido el insigne coordinador de nuestro grupo y jefe de campamento. \u00a1\u00a1 Cu\u00e1n vilipendiados, cuando no ignorados,&nbsp;su nombre y persona !! \u00a1\u00a1\u00a1\u00a1 NACHO DEL ESTAL !!!! Que lo oiga todo el mundo, \u00a1\u00a1\u00a1\u00a1\u00a1\u00a1 NACHO DEL ESTAL (padre) !!!!!!&nbsp;&nbsp;&nbsp;&nbsp;&nbsp;&nbsp;&nbsp; Detr\u00e1s de esa guitarra permanece inc\u00f3lume a los a\u00f1os esa melodiosa voz, ahora purificada por la ausencia de nicotina en sus alveolos, que tantos momentos nos ha hecho llorar&#8230; de emoci\u00f3n. Inclinado por la injusta sociedad al estudio de una carrera que no le llenaba, que ahora s\u00f3lo le sirve para alimentar a la mitad de su familia (la otra mitad la alimenta Roc\u00edo, su sant\u00edsima esposa,&nbsp;jam\u00e1s reconocida lo suficiente por su infinita paciencia,&nbsp;que en un acto de generosidad a escala planetaria&nbsp;se alz\u00f3 victoriosa&nbsp;en la carrera por conseguir al hombre que materializ\u00f3 en su persona la fantas\u00eda de todo ser humano de conseguir, como Kipling, hijo m\u00edo, ser un hombre,&nbsp;un var\u00f3n&#8230; todo&nbsp;un macho, vamos).&nbsp;&nbsp;&nbsp;&nbsp;&nbsp;&nbsp;&nbsp;&nbsp;Gracias, Ignacio, por ser vos quien sois, por mostrarnos la verdad de la log\u00edstica en una emergencia, \u00a1\u00a1 y en s\u00f3lo 19 minutos.!! Almas lloran por tu matrimonio incorruptible e indisoluble como una galleta cuadrada en leche fr\u00eda; lamentos pueblan Cantabria sollozando tus tiempos de solter\u00eda&#8230;&nbsp;&nbsp;&nbsp;&nbsp;&nbsp;&nbsp;&nbsp;&nbsp; No desesperes, Nacho nuestro, mejores tiempos llegar\u00e1n en que la historia te otorgar\u00e1 el lugar que mereces sin que se&nbsp;haga necesario auto-escribirte loas como ya hizo Cervantes al comienzo del Quijote. Momentos de justicia se cernir\u00e1n sobre todos nosotros, devolvi\u00e9ndote al lugar que mereces, la solter\u00eda, para gozo y disfrute de cuantas doncellas quedaron en el camino.&nbsp;&nbsp;&nbsp;&nbsp;&nbsp;&nbsp;&nbsp;&nbsp;&nbsp; No desesperes, que yo tampoco lo har\u00e9.&nbsp;&nbsp;&nbsp;&nbsp;&nbsp;&nbsp;&nbsp;&nbsp;&nbsp;&nbsp;La Triste de Finolledo, a poca distancia de ti&#8230;&nbsp;<\/p>\n\n\n\n<hr class=\"wp-block-separator\"\/>\n\n\n\n<p><strong>Un d\u00eda m\u00e1s.<\/strong><\/p>\n\n\n\n<p>D\u00eda 20 de julio de 2008. Los lobatos han salido de raid y no deja de caer una fina lluvia de esas que te llegan hasta el alma, de esas c\u00e1ntabras\u2026<\/p>\n\n\n\n<p>A los pocos kil\u00f3metros de su partida, la Manada de lobatos Wabw\u2026 Guauwe\u2026 Wawb\u2026 una Manada de lobatos, es detenida por unos desconocidos que les informan de algo que se mueve entre los matorrales, al final de la ca\u00edda desde la carretera, unos 30 \u00f3 40 metros m\u00e1s abajo.<\/p>\n\n\n\n<p>Los Scouters de Waubw\u2026, los tres Scouters, improvisan un r\u00e1pel desde la carretera hasta lo que parece ser un hombre en apuros, dada la posici\u00f3n de los matorrales, algunos restos de ropa y, fundamentalmente los gritos del hombre \u00ab\u00a1Mismamente, estoy apurau!\u00bb.<\/p>\n\n\n\n<p>Lo dicho: los tres Scouters montan el sistema de remolque en unos dos minutos y contactan con Nacho del Estal en el Campamento (no sab\u00e9is todo lo que la humanidad debe a este hombre) quien dise\u00f1a y activa un operativo de emergencia compuesto por dos m\u00e9dicos y un avezado conductor, que se presentan a los 19 minutos en el lugar de los hechos, justo cuando acababa de ser remolcado quien finalmente era un hombre de 71 a\u00f1os aficionado del Racing con parkinson e hipotermia y que, de no ser por la actuaci\u00f3n de todos los operativos coordinada por el meritado Nacho del Estal, ahora no estar\u00eda con nosotros.<\/p>\n\n\n\n<p>De hecho, tampoco lo est\u00e1, pues la historia acab\u00f3 con la asistencia de la ambulancia del 061 quien realiz\u00f3 el definitivo traslado del paciente, no sin antes felicitar con admiraci\u00f3n a los componentes desplazados del operativo montado por nuestro Coordinador.<\/p>\n\n\n\n<p>Pepe Esteve, antiguo y admirado coordinador de Grupo, por delegaci\u00f3n e inspiraci\u00f3n del actual y magn\u00edfico Coordinador.<\/p>\n\n\n\n<hr class=\"wp-block-separator\"\/>\n\n\n\n<p><strong>21 &#8211; Julio &#8211; 2008<br><\/strong>Para Jorge y Eduardo Scharfhausen L\u00f3pez&nbsp;Queridos Jorge y Edu:&nbsp;Hemos visto fotos del campamento en las que est\u00e1is vosotros y por lo contentos que est\u00e1is suponemos que lo estar\u00e9is pasando estupendamente.&nbsp;El sitio del campamento es precioso&#8230;&#8230;y esperamos que teng\u00e1is buen tiempo para que pod\u00e1is disfrutar al m\u00e1ximo.&nbsp;Que os port\u00e9is bien&#8230;..y confiamos que a vuestra vuelta Edu ya tenga una Pa\u00f1oleta propia&#8230;..(Jorge ya tiene la suya por ser m\u00e1s VETERANO).&nbsp;Muchos besos de vuestros abuelos&nbsp;Mas\u00fa y Jorge&nbsp;PD: Saludos a todos los Jefes y&#8230;&#8230;BUENA CAZA<\/p>\n\n\n\n<hr class=\"wp-block-separator\"\/>\n\n\n\n<p>Muy buenas a&nbsp;<a target=\"_blank\" href=\"http:\/\/mail.google.com\/mail\/h\/1ux8u8be5vmcw\/?v=b&amp;cs=wh&amp;to=tod@s\" rel=\"noreferrer noopener\">tod@s<\/a>,&nbsp;&nbsp;&nbsp; Acabamos de ver las fotos de todos estos d\u00edas&nbsp;y nos hace mucha ilusi\u00f3n ver lo bien que va todo.<br>&nbsp;\u00a1\u00a1\u00a1\u00a1Un besazo muy grande para todos pero en especial para Claudia y Beatriz Fournier!!!!!.&nbsp;&nbsp;Mami y Pedro y Cris y Julia y Laura y Oana y Blue. Ale.&nbsp;<\/p>\n\n\n\n<hr class=\"wp-block-separator\"\/>\n\n\n\n<p>Hola a todo el campamento,<br>es la primera vez que os mando un e-mail, no por falta de ganas sino de tiempo, pero esta vez lo hago por un motivo mas personal y especial. &nbsp;Os escribo pidi\u00e9ndoos un favor. Mi marido por razones de trabajo se ha ido bastante lejos y durante cinco meses, regresa el 6 de Noviembre (eso espero) y puesto q no va a poder ir al d\u00eda de padres, ni estar\u00e1 en todo el verano con nosotros&nbsp;me gustar\u00eda que pudiera&nbsp;ver alguna foto de nuestro hijo por internet, por ahora no ha salido en ninguna y da mucha ilusi\u00f3n ver a los chicos tan contentos en el campamento. Creo q ahora est\u00e1n de raid, pero si fuera posible hacer alguna cuando vuelvan lo agradecer\u00eda un mont\u00f3n.Un saludo muy fuerte para todos y agradecer como siempre la labor tan incre\u00edble que hac\u00e9is con los ni\u00f1os.<br>Natalia Jarabo (la mam\u00e1 de Jes\u00fas Ruiz, Dahind\u00e1)P.D. Me muero de ganas de ir el d\u00eda de padres, el sitio que hab\u00e9is elegido este a\u00f1o es espectacular!!!<\/p>\n\n\n\n<hr class=\"wp-block-separator\"\/>\n\n\n\n<p><strong><br><\/strong>Hola de nuevo a todos\/as,<br><br>Espero que est\u00e9is todos bien, que los lobatos con su primer a\u00f1o de raid hayan salido contentos y vuelvan todos bien, igual que el resto de grupos, pero ya m\u00e1s experimentados en esto de las salidas. Que no se peguen una<br>panzada a andar sobre todo con mucho peso en sus espaldas o en sus brazos, que no les llueva, pero tampoco les haga mucho calor. Ya sab\u00e9is, por pedir, pedir el mejor tiempo atmosf\u00e9rico para este tipo de salidas, y todo para qu\u00e9??, pues para que nuestros hijos\/as lo disfruten al m\u00e1ximo con sus jefes y las rutas que entre todos han preparado. Si ellos est\u00e1n contentos, nosotros felices tambi\u00e9n.<br><br>Lo dicho en otro corroe que todos los de caba\u00f1a aprovechen para descansar, aunque les quede el grupo de castores, pero ya no es lo mismo y &nbsp;que tambi\u00e9n disfruten de la zona como hacen todos los a\u00f1os.<br><br>Nos vemos el \u00abd\u00eda de padres\u00bb &nbsp;(este a\u00f1o coincide con el d\u00eda de las Ana\u00b4s) para pasar un d\u00eda agradable todos juntos y claro, que tambi\u00e9n nos haga buen tiempo, para que todo lo que teneis preparado salga a las mil maravillas.<br>Lo dicho, por pedir que no quede, en este caso a la \u00abmadre Naturaleza\u00bb.<br><br>Este a\u00f1o para nosotros ser\u00e1 especial, pues ten\u00edamos programado como otros a\u00f1os quedarnos por la zona y conocerla (Cantabria &#8211; Asturias) , pero el pap\u00e1 Mayero ir\u00e1 con su \u00abpata chula\u00bb y ya con que est\u00e9 all\u00ed es m\u00e1s que<br>suficiente. All\u00ed estaremos gracias a la familia Ganado-Pinilla, que nos llevar\u00e1 en su coche.<br><br>Un cordial abrazo a todos\/@s, muchos besitos a Ana y Raquel.<br><br>&nbsp; &nbsp; &nbsp; &nbsp; &nbsp; &nbsp; &nbsp; &nbsp; &nbsp; &nbsp;Los pap\u00e1s Mayero-Mart\u00ednez<\/p>\n\n\n\n<hr class=\"wp-block-separator\"\/>\n\n\n\n<p>Hola Campamento y&nbsp; muy buenos d\u00edas. Despu\u00e9s de&nbsp; un gratificante fin de semana, volvemos a nuestras queridas oficinas, comenzando la cuenta atr\u00e1s para nuestra visita a campamento. \u00a1me encanta ser madre de scouts!Por cierto, nunca recib\u00ed la muestra de las barras, \u00bfcual est\u00e1is comiendo?Un abrazo muy fuerte para todos, y en especial para mis hijas.\u00a1Cuidaos mucho!<\/p>\n\n\n\n<p>Ana Pinilla<br><br><\/p>\n\n\n\n<p><strong>Un d\u00eda m\u00e1s.<\/strong><\/p>\n\n\n\n<p>D\u00eda 20 de julio de 2008. Los lobatos han salido de raid y no deja de caer una fina lluvia de esas que te llegan hasta el alma, de esas c\u00e1ntabras\u2026<\/p>\n\n\n\n<p>A los pocos kil\u00f3metros de su partida, la Manada de lobatos Wabw\u2026 Guauwe\u2026 Wawb\u2026 una Manada de lobatos, es detenida por unos desconocidos que les informan de algo que se mueve entre los matorrales, al final de la ca\u00edda desde la carretera, unos 30 \u00f3 40 metros m\u00e1s abajo.<\/p>\n\n\n\n<p>Los Scouters de Waubw\u2026, los tres Scouters, improvisan un r\u00e1pel desde la carretera hasta lo que parece ser un hombre en apuros, dada la posici\u00f3n de los matorrales, algunos restos de ropa y, fundamentalmente los gritos del hombre \u00ab\u00a1Mismamente, estoy apurau!\u00bb.<\/p>\n\n\n\n<p>Lo dicho: los tres Scouters montan el sistema de remolque en unos dos minutos y contactan con Nacho del Estal en el Campamento (no sab\u00e9is todo lo que la humanidad debe a este hombre) quien dise\u00f1a y activa un operativo de emergencia compuesto por dos m\u00e9dicos y un avezado conductor, que se presentan a los 19 minutos en el lugar de los hechos, justo cuando acababa de ser remolcado quien finalmente era un hombre de 71 a\u00f1os aficionado del Racing con parkinson e hipotermia y que, de no ser por la actuaci\u00f3n de todos los operativos coordinada por el meritado Nacho del Estal, ahora no estar\u00eda con nosotros.<\/p>\n\n\n\n<p>De hecho, tampoco lo est\u00e1, pues la historia acab\u00f3 con la asistencia de la ambulancia del 061 quien realiz\u00f3 el definitivo traslado del paciente, no sin antes felicitar con admiraci\u00f3n a los componentes desplazados del operativo montado por nuestro Coordinador.<\/p>\n\n\n\n<p>Pepe Esteve, antiguo y admirado coordinador de Grupo, por delegaci\u00f3n e inspiraci\u00f3n del actual y magn\u00edfico Coordinador.<\/p>\n\n\n\n<hr class=\"wp-block-separator\"\/>\n\n\n\n<p><strong>20&nbsp;&#8211; Julio &#8211; 2008<br><br><\/strong>Muy buenas noches a todos&nbsp;Despu\u00e9s de tanto correo bonito, queda poco por decir.&nbsp;S\u00f3lo quiero unirme al sentimiento general de agradecimiento a todos los que hac\u00e9is posible que esto ocurra, muy especialmente a la Caba\u00f1a, que trabajan como negros, eso s\u00ed, en sitios espectaculares, como espectacular es su trabajo. Gracias por cuidarme a B\u00e1rbara de la manera que lo hac\u00e9is. S\u00e9 que cuesta pero pon\u00e9is una voluntad que es digna de menci\u00f3n y agradecimiento de nuestra parte.&nbsp;\u00bfY qu\u00e9 decir de los jefes de castores?. Pues que lo dan todo y que despu\u00e9s de las l\u00e1grimas de partida (el m\u00edo por ejemplo), consiguen que esos \u00bb piojillos \u00abse lo pasen pipa y que echen de menos alg\u00fan di\u00edta m\u00e1s. \u00a1Impresionante! Tiene mucho m\u00e9rito lo que hac\u00e9is , de verdad . Es dif\u00edcil educar, pero tambi\u00e9n es dif\u00edcil entretener, y lo consegu\u00eds con creces.&nbsp;&nbsp;Por cierto, no se si mencionar \u00abpiojillos\u00bb, es muy apropiado para estos d\u00edas, pero es que as\u00ed le llama su padre y se me ha pegado. (Con los \u00abotros\u00bb ya nos haremos si hace falta).&nbsp;C.J, Ram\u00f3n, &#8230;&#8230;etc., (perdonadme pero no me acuerdo de los nombres de todos) a toda la jefatura de PUMAS,&nbsp; deciros que nos hab\u00e9is hecho un gran favor , y que os lo agradecemos de verdad. Ten\u00e9is una terea complicada, con edades complicadas, y hab\u00e9is mostrado una gran comprensi\u00f3n . Ojal\u00e1 esto no se acabe, pero ya no depende de nosotros.&nbsp;&nbsp;&nbsp;En fin, que&nbsp;nosotros tambi\u00e9n estamos preparando ya nuestro macuto,&nbsp;deseando encontraros a todos bien y ya de vuelta en campamento todos los chicos, porque cuando salen de RAID, es inevitable que le demos al \u00abcoco\u00bb y que nos quedemos tranquilos cuando sabemos que vuelven bien y rodeados de \u00abgente buena\u00bb como dice In\u00e9s.&nbsp;&nbsp;&nbsp;Por cierto, lo de no poner fotos , \u00bfno ser\u00e1 que de darle tanto al dedillo nosotros os estamos fastidiando?. En fin, es inevitable tambi\u00e9n, entrar cada dos por tres a ver si hab\u00e9is colgado algo&#8230;&#8230; y cuando todo est\u00e1 igual, se nos queda una carita que es para verla. En fin, seguro que Murphy, ayudando como siempre.&nbsp;&nbsp;Muchos besos a todos y que la Virgen del Camino os acompa\u00f1e .&nbsp;&nbsp;Carolina y Juan Carlos , padres de una tropera y un castorcillo.<strong><br><br>19 &#8211; Julio &#8211; 2008<\/strong><\/p>\n\n\n\n<p><br>Buenas tardes campamento!!!&nbsp;<\/p>\n\n\n\n<p>Aqu\u00ed ando, en Madrid, terminando de preparar mi macuto, haciendo ruta tur\u00edstica por el barrio de la estrella recogiendo todo aquello que algunos de vosotros os dej\u00e1steis en casa, preparando mi cena para irme a trabajar y dejando todo listo, para que ma\u00f1ana a las 8:30 cuando salga de currar (y sin dormir) ir a pasar mis 6 d\u00edas de vacaciones con vosotros.<\/p>\n\n\n\n<p>Querida Caba\u00f1a, ya que sois los \u00fanicos que hoy leer\u00e9is mi mail en campamento, disfrutar que hoy el campamento est\u00e1 vac\u00edo y que solo os queda un d\u00eda para vuestro merecid\u00edsimo d\u00eda libre.<\/p>\n\n\n\n<p>Aprovecho la ocasi\u00f3n para daros las gracias por todo lo que hac\u00e9is por nosotros y por vuestro apoyo incondicional.<\/p>\n\n\n\n<p>Esta ma\u00f1ana he hablado con los Scouters de Castores, llegar\u00e9 despu\u00e9s de comer as\u00ed que nos vemos ma\u00f1ana.<\/p>\n\n\n\n<p>Un saludo: Amaya<\/p>\n\n\n\n<hr class=\"wp-block-separator\"\/>\n\n\n\n<p>Nos alegramos seguir viendo la actualizaci\u00f3n de la p\u00e1gina web, con sus fotos , los correos de las familias y lo que hac\u00e9is\/com\u00e9is y el tiempo que os hace.<br><br>Vemos por lo abrigaditos que est\u00e1n algunos que debe hacer algo de fresquito, aqu\u00ed en Madrid un poquito de calor y subiendo.<br>Solo queremos desearos que en la salida de este domingo de algunos grupos (Dahind\u00e1, p.ej. \u00faltimo a\u00f1o de mi hija Raquel) se lo pasen bien, disfruten de las rutas que hayan preparado y os haga buen tiempo, volviendo todos sanos y salvos al campamento.<br><br>No s\u00e9 si todos salen el mismo d\u00eda (p.ej. Pumas), pero de ser as\u00ed, tambi\u00e9n lo mejor para todos\/@s. Es en esos grupos donde est\u00e1n las dos Mayero.<br><br>Lo dicho, agradeceros el contacto que podemos tener con vosotros por la pagina web. Tengo una compa\u00f1era de trabajo que tambi\u00e9n sus hijas son scout como las m\u00edas y que este a\u00f1o est\u00e1n en Plan (Huesca, para los que no estuvieron, lo bien que nos lo pasamos el d\u00eda de padres con todos vosotros,<br>aunque tambi\u00e9n tuvisteis alguna que otro chaparr\u00f3n), pero que al no tener los medios t\u00e9cnicos vuestros no sabe nada de ellos y siente un poco de envidia \u00absana\u00bb.<br><br>Hasta pronto y que lo pas\u00e9is bien todos\/@s &nbsp;en el raid. \u00a1\u00a1\u00a1\u00a1Buena caza\u00a1\u00a1\u00a1\u00a1\u00a1\u00a1\u00a1. Que no os llueva.<br><br>Los de caba\u00f1a que aprovechen y descansen, que se lo merecen y disfruten de los paisajes.<br><br>Tambi\u00e9n quiero agradecer la labor del m\u00e9dico, espero que este a\u00f1o no tenga nada de trabajo y que mis hijas no se lo den, como si lo hizo la mayor el a\u00f1o pasado a \u00faltima hora cuando pr\u00e1cticamente todo estaba recogido, con una cicatriz en el ojo que ha quedado casi inapreciable.<br><br>Un cordial abrazo a todos\/@s, y unos besotes muy fuertes a Ana y Raquel Mayero.<br><br>&nbsp; &nbsp; &nbsp; &nbsp; &nbsp; &nbsp; &nbsp; &nbsp; &nbsp; &nbsp; &nbsp; &nbsp; &nbsp; &nbsp; &nbsp; &nbsp; &nbsp; &nbsp; &nbsp; &nbsp; &nbsp; &nbsp; &nbsp; &nbsp; &nbsp; &nbsp; &nbsp;Los pap\u00e1s Mayero\u00b4s<\/p>\n\n\n\n<hr class=\"wp-block-separator\"\/>\n\n\n\n<p>Hola a todos!<br>&nbsp;<br>Soy Carola Jaque, una antigua Scouter del grupo. No se bien si le\u00e9is los mails en el campamento ni quien se encarga de esto ahora, pero espero que os llegue mi mensaje. Os escribo desde Paraguay, donde estoy pasando las vacaciones en un hogar de acogida de ni\u00f1as de las que sus padres, por distintos y tremendos motivos, no se hacen cargo de ellas.&nbsp; La pa\u00f1oleta no ha viajado f\u00edsicamente hasta aqu\u00ed, pero quien la ha llevado puesta tantos a\u00f1os nunca se la ha quitado del todo, ni ganas. Acabo de estar unos d\u00edas de campamento con estas ni\u00f1as y me he acordado mucho de vosotros: de los peque\u00f1itos que trabajan por aprender a compartir, de los que crecen jugando y de los que est\u00e1n a punto de irse a recorrer esos caminos para encontrarse unos con otros y encontrarse, mas que nada, con ellos mismos. Tambi\u00e9n me acuerdo, como no, de los Scouters que est\u00e1is tambi\u00e9n all\u00ed pasando vuestras vacaciones porque sab\u00e9is y sent\u00eds que el escultismo es una forma de vida. A vosotros os envi\u00f3 mucho animo, porque de verdad que merece la pena. Las ni\u00f1as con las que yo estoy aqu\u00ed no son tan afortunadas como los chicos del 284, pero todos necesitan trabajo y educaci\u00f3n.<br>&nbsp;<br>Son tantos los sentimientos que se agolpan al acordarme de vosotros&#8230; Me alegra saber que todo va bien por all\u00ed. Espero que el campamento sea genial y que los Scouters aprend\u00e1is mucho en el, porque el servicio es una escuela.<br>&nbsp;<br>Saluditos desde ac\u00e1 a todos y, como no, !BUENA CAZA!<br>&nbsp;<br>Carola Jaque<\/p>\n\n\n\n<hr class=\"wp-block-separator\"\/>\n\n\n\n<p><strong>18 &#8211; Julio &#8211; 2008<\/strong><br><br><br>Para envidia de muchos ma\u00f1ana me dirijo hacia campamento con la sorpresa de poder ir un d\u00eda antes de lo esperado&#8230;estoy de acuerdo con Luis (el q sale a correr xa imitar la gimnasia con los troperos)nunca lo hab\u00eda echado tanto de menos&#8230;supongo q no te das cuenta de lo q tienes hasta q lo pierdes&#8230;.<br>Cuando esto se publique yo habr\u00e9 llegado por fin a campa y estar\u00e9 prepar\u00e1ndome para irme de raid&#8230;pero con otra ilusi\u00f3n xq han sido los 5 d\u00edas m\u00e1s largos q recuerdo pero en breves horas all\u00ed&#8230;<br>Plays lamento informarte de q el antiguo m\u00e1stil ha sido una terrible perdida para el 284&#8230;es decir ya no forma parte del inventario de grupo, el de las fotos es el q esta en el inventario&#8230;.<br>Os veo a todos ma\u00f1anaaaa!!!!!!!!<br><br>Bagheera Wawbek<\/p>\n\n\n\n<hr class=\"wp-block-separator\"\/>\n\n\n\n<p>Un besazo para mis supercastores (Yago y Oma), para mi superlobata, (Beti) y para mi supertropera, (Carlota). Estoy muy orgullosa de ellos y a la vez encantada de que hayan podido tener la oportunidad de conocer e integrarse en este grupo. Much\u00edsimas gracias a todos los Scouts por ser como sois.<\/p>\n\n\n\n<p>Besos y hasta pronto.<\/p>\n\n\n\n<p>&nbsp;Paloma<\/p>\n\n\n\n<hr class=\"wp-block-separator\"\/>\n\n\n\n<p>Buenas noches campamento:<br><br>Os escribimos desde la Cocina del infierno, tambi\u00e9n conocido e algunos c\u00edrculos como el barrio de La Estrella. Leemos puntualmente los mails que os escriben y ahora que nos ha tocado sufrir a nosotros el vac\u00edo de arriar desde el trabajo, no os pod\u00e9is imaginar lo implicados que todos los que escribimos estamos con vuestro proyecto y con vuestra ilusi\u00f3n. Extra\u00f1amos esa ilusi\u00f3n, ese sentirse parte de algo. A\u00f1oramos esa ilusi\u00f3n que despuntaba con los primeros rayos de sol en la crepitante espuma del mar en Os Mui\u00f1os, esa ilusi\u00f3n que pod\u00eda sentirse si agarrabas una brizna de hierba en el Pirineo.<br><br>Sabemos que os va todo genial, y eso nos alegra mucho. Pero queremos aprovechar para animaros a\u00fan m\u00e1s si cabe. Pasan los d\u00edas de campamento y a veces es f\u00e1cil dejarse llevar si algo no sale como planeamos, si el raid so\u00f1ado se desvanece, o si la enfermedad o las noches sin dormir nos acechan. Todo lo mejores que ser\u00e9is lo ser\u00e9is all\u00ed. Sabemos que suena algo gratuito, pero no os pod\u00e9is hacer a la idea de lo que se siente al otro lado de la pantalla. Alg\u00fan d\u00eda, por vuestro trabajo, por vuestra familia o simplemente por el tiempo que es un rival&nbsp; inexpugnable, no podr\u00e9is estar all\u00ed. Y quiz\u00e1 entonces sint\u00e1is que no fuisteis m\u00e1s vosotros mismos, no fuisteis m\u00e1s aut\u00e9nticos, no fuisteis m\u00e1s generosos y m\u00e1s hombres y mujeres de lo que fuisteis durmiendo a ras de suelo.<br><br>\u00c1nimo! Aprovechad el campamento, disfrutad, no os quedeis en la responsabilidad de tener que proteger y dirigir a un grupo de chavales. Ense\u00f1ad a disfrutad dela naturaleza disfrutando vosotros primeros.<br><br><br>Recordad, Dios est\u00e1 en cada piedra del camino<br><br><br>Buena caza y largas lunas<br><br>&nbsp;CRIS, MAKI y RICHI.<br><br>\u00a1NOS VEMOS EL D\u00cfA 26! (preparad alguna velada sobre el compromiso que vamos a topeeee!)<\/p>\n\n\n\n<hr class=\"wp-block-separator\"\/>\n\n\n\n<p>MMMMMMmmmmmm!!!<br>\u00a1Esto es una delicia!. Haces click por aqu\u00ed, una vueltecilla para arriba de la rueda del rat\u00f3n&#8230;. \u00a1Qu\u00e9 foto mas chula esa del m\u00e1stil nuevo!&#8230;..otro vueltecilla para abajo de la rueda de rat\u00f3n&#8230; \u00a1Yo a ese ni\u00f1o le<br>conozco! Es m\u00e1s, esa gorra que lleva&#8230; Un momento. \u00bfEsa gorra? \u00bfNo es la gorra que perd\u00ed en Valle de Finolledo? No. C\u00e1lmate. Definitivamente no. El caso es que conozco a los padres de ese ni\u00f1o y no creo que puedan haber tenido 20 a\u00f1os mi gorra en un caj\u00f3n. \u00bfO si?&#8230;<br><br>Clickeo en las fotos del d\u00eda 14. Muchacho, te vas a arrepentir de esa foto en la excavadora. Yo tengo una disfrazado de Dalai Lama dando vueltas por internet. Y no, yo tampoco me puse gorra en el montaje de ese campamento.<br>No me puse gorra \u00a1\u00a1PORQUE LA TEN\u00cdA EL PEDAZO DE &amp;%#@||@ DEL PAP\u00c1 DEL NI\u00d1O ESE DE LAS NARICES&#8230;&#8230;. Arf, arf, arf.. iiinsssssspiroooo, eeeesssspirooooo&#8230;.<br><br>Clickeo en las fotos del d\u00eda 15. Mira que majos diciendo adi\u00f3s con la manita y pensando&#8230; \u00bfPor qu\u00e9 no durar\u00e1 6 meses el campamento? \u00bfPor qu\u00e9 no lo hacen en Kuala Lumpur y as\u00ed me salvo de las 5 horas de ida y 5 de vuelta en coche del d\u00eda de padres?<br><br>Clickeo en la fotos del d\u00eda 16. No puede ser.<br><br>Clickeo en las fotos del d\u00eda 16. Tienen que haberlo hecho con el \u00abfotosop\u00bb ese.<br><br>Clickeo en las fotos del d\u00eda 16. ASESINOS!!! MIS MESAS DEL COMEDOR COMO UNA VULGAR ALFOMBRILLA DE BA\u00d1O!! &nbsp;\u00bfSab\u00e9is lo que est\u00e1is haciendo, insensatos?<br>\u00a1\u00a1Mis pobrecitas mesas del comedor!!<br>Yo, que os sold\u00e9 una y otra vez mientras mi torso desnudo al sol recib\u00eda una a una, como l\u00e1grimas de fuego, esas chispas que marcaron mi piel para siempre.<br>Yo que os lij\u00e9, con firmeza pero con cari\u00f1o.<br>Yo que tantas veces os pint\u00e9, de verde, de azul, hasta de rosa. Una tras otra, capa a capa, como un milhojas multicolor.<br>Yo que, cuando vuestros met\u00e1licos cuerpos se doblaron una y otra vez por el aberrante castigo del lobato saltar\u00edn, os enderec\u00e9 mil veces sin pedir nada a cambio.<br><br>\u00bfEh? \u00a1Aqu\u00ed hay mas fotos! Un momento\u2026 \u00bfQui\u00e9nes son esos tipos con la sierra radial en la mano? \u00a1Est\u00e1n locos! \u00bfQu\u00e9 le est\u00e1n tratando de hacer a esa pobre mesa indefensa? \u00a1\u00a1Se est\u00e1n dejando llevar por sus instintos m\u00e1s bajos y la est\u00e1n transformando en toallas!!<br><br>A prop\u00f3sito<br>\u00bfQu\u00e9 hab\u00e9is hecho con el m\u00e1stil viejo que no lo veo por ning\u00fan sitio? Seguro que ha sustituido los tubos de PVC de las letrinas\u2026.<br>Es un caso clar\u00edsimo de asesinato en serie, de destrucci\u00f3n del patrimonio hist\u00f3rico art\u00edstico del 284, de violaci\u00f3n del juramento sagrado de \u201cAQU\u00cd NO SE TIRA NADA\u201d<br>Ojal\u00e1 os toquen galletas cuadradas a los que os gustan las redondas y viceversa.<br>No se os puede dejar solos<br><br>PLAYS<br><br>Cintur\u00f3n Negro de Land Rover. Gran Maestre de los Adoradores del Mekanotubo, Miembro Vitalicio de la Sacro-Santa Comisi\u00f3n de Material<br><br>Post Data. Si ten\u00e9is lo que hay que tener, preguntarle al due\u00f1o de IKEA qui\u00e9n tuvo &nbsp;la idea de llevarse los muebles desmontados de un sitio a otro. Preguntarle.<\/p>\n\n\n\n<hr class=\"wp-block-separator\"\/>\n\n\n\n<p><br>Buenos d\u00edas Campamento,<\/p>\n\n\n\n<p>Que alegr\u00eda teneros ya por all\u00ed con todo montado (parcelas de unidades, servicios generales, etc.) y sabiendo que ya estar\u00e9is disfrutando de un mont\u00f3n de actividades con las que no solo os vais a divertir, sino que adem\u00e1s (y sin daros cuenta) os ayudar\u00e1n a integrar en vuestras vidas muchos valores que os har\u00e1n buenos scouts y estupendas personas para el resto de vuestras vidas (y sino solo ten\u00e9is que mirar a todas las personas que desde el inicio del Grupo han pasado por \u00e9l\u2026\u2026.).<\/p>\n\n\n\n<p>&nbsp;Pas\u00e1roslos lo mejor que pod\u00e1is, aprovechar cada momento, cada conversaci\u00f3n, cada actividad, cada juego, las caminatas enormes por las monta\u00f1as, y disfrutarlo todo intensamente, que el Campamento 2008 solo dura 15 d\u00edas\u2026\u2026<\/p>\n\n\n\n<p>&nbsp;A los que dentro de poco sal\u00eds que pas\u00e9is un buen raid, que seguro que todo os sale \u201cdebuti\u201d, y a los que os qued\u00e1is pas\u00e1roslo en grande (y a los de caba\u00f1a mucho animo!!!!).<\/p>\n\n\n\n<p>&nbsp;Un abrazo enorme para todos (a los que me conoc\u00e9is m\u00e1s fuerte, jejeje, que os sigo llevando conmigo), y un beso gigante para mis dos sobrinas, Roc\u00edo Moreno y Mar\u00eda Franc\u00e9s (os quiero mucho, pas\u00e1roslo muy bien y disfrutar!!!!).<\/p>\n\n\n\n<p>&nbsp;&nbsp;&nbsp;&nbsp;&nbsp;&nbsp;&nbsp;&nbsp;&nbsp;&nbsp;&nbsp;&nbsp;&nbsp;&nbsp;&nbsp; Luigi (scout siempre!!!)<\/p>\n\n\n\n<hr class=\"wp-block-separator\"\/>\n\n\n\n<p>Saludos para todo el campamento 284 -y en especial para mis hermanos y sobrinas (Jos\u00e9 Luis, Carlos, Almudena, Roc\u00edo y Carolina)- desde el aeropuerto JFK de Nueva York. Que pas\u00e9is unos d\u00edas fant\u00e1sticos disfrutando de la naturaleza y de la compa\u00f1\u00eda de vuestros hermanos scouts. Pocas cosas se recuerdan despu\u00e9s con tanto cari\u00f1o a pesar de los a\u00f1os. Al menos as\u00ed lo recuerdo yo despu\u00e9s de vivir unos cuantos campamentos que empezaron all\u00e1 por la primera glaciaci\u00f3n, es decir, en 1976 (s\u00f3lo han pasado 32 a\u00f1os&#8230;!!!!) [me acabo de desmayar&#8230;]&nbsp;Y me dejar\u00e9is que env\u00ede un saludo muy especial (con un beso muy fuerte incluido) para Mavi Otegui (si es que est\u00e1 por all\u00ed, en la cocina), que con el permiso de Pepe Esteve (nunca los tiempos vieron jefe tan querido) es de las \u00abcosas\u00bb m\u00e1s grandes que le han podido pasar al Grupo 284 desde entonces.&nbsp;Para todos, grandes y peque\u00f1os, lobatos, troperos, escultas, claneros, Caba\u00f1a y jefes, BUENA CAZA !!!&nbsp;Javier Garc\u00eda&nbsp;<\/p>\n\n\n\n<hr class=\"wp-block-separator\"\/>\n\n\n\n<p>Como esta familia es novata en esto de los campamentos, no sab\u00edamos muy bien c\u00f3mo funcionaba el tema de la p\u00e1gina. La verdad es que es una gran idea. Esperamos que est\u00e9is pas\u00e1ndolo todos muy bien y que ya hay\u00e1is acabado de montar todas las infraestructuras. Dad un beso a nuestro hijo Nacho y a lo que ellos llaman la \u201cpanda del moco\u201d. Ya volveremos a escribiros y muchas gracias por cuidar de nuestros hijos.<\/p>\n\n\n\n<p>Un abrazo para todos<\/p>\n\n\n\n<p>Familia Sanz Palomar (Carmina, Ignacio y Gaby)<\/p>\n\n\n\n<hr class=\"wp-block-separator\"\/>\n\n\n\n<p>Hola butanos!<br><br>Llevo 3 d\u00edas durmiendo algo mal&#8230;tengo pesadillas. Mi actitud ha cambiado desde el d\u00eda 15. No pienso m\u00e1s que hacer un agujero en mi jard\u00edn y usarlo de letrina, porque las abejas ya vienen a la lavanda que plant\u00f3 mi madre.<br><br>Me ducho con agua fr\u00eda en solidaridad con mis amigos butanitos.<br><br>Incluso por la ma\u00f1ana me voy a un prado a correr recordando mi gimnasia con los troperos.<br><br>Y me alimento con ricas cremas de verduras y gazpachos, pero&nbsp;envidian a esas delicias que saben hacer In\u00e9s Mavi &amp; Company<br><br>Mi cuerpo ya se ha acostumbrado a la buena vida de todos los a\u00f1os por estas fechas&#8230;que son 13 sin faltar a un solo campa. Y LO ECHO DE MENOS. Aunque viva rodeado de monta\u00f1as, no es lo mismo.<br><br>Tengo que quedarme en Madrid hasta el 23 por estudios y entrevistas, y emprender\u00e9 rumbo a San Vicente de la Barquera para reunirme con mi clan.<br>Llegar\u00e9 con las ganas de 15 d\u00edas&#8230;o de 20 si fuera a material, y de todos esos d\u00edas que este a\u00f1o no he podido estar a tope.<br><br>Mucha suerte a todas las unidades en cada raid. Seguro que ser\u00e1n incre\u00edbles!<br><br>Como reflexi\u00f3n de reducido, os dejo esto para ir a la cama.<br>El pasado es historia, el futuro es incierto. El presente es un regalo y por eso se llama Presente. (KFP)<br><br>Nos vemos en pocos d\u00edas.<br><br>PD. Saludos muy fuertes a mi clan, y a esa tropa luchadora que es PUMAS.<br>&nbsp;&nbsp;&nbsp;&nbsp;&nbsp; Para los LOES. Preparadme una explanada, porque se va a montar un viejas glorias en condiciones! hace 2 a\u00f1os que no se hace!<\/p>\n\n\n\n<hr class=\"wp-block-separator\"\/>\n\n\n\n<p><strong>17 &#8211; Julio &#8211; 2008<\/strong><\/p>\n\n\n\n<p>Hola a&nbsp;<a target=\"_blank\" href=\"http:\/\/mail.google.com\/mail\/h\/7tnyzbs7v0e4\/?v=b&amp;cs=wh&amp;to=tod@s\" rel=\"noreferrer noopener\">tod@s<\/a>. Nos alegramos mucho de que poco a poco&nbsp;os est\u00e9is organizando, y de que el tiempo este siendo por lo menos agradable (a ver si ten\u00e9is suerte&nbsp;y no llueve).<br>Se agradece tener noticias virtuales, en las que nos cont\u00e1is&nbsp;como funciona el campamento y sobretodo poder verles las caras&#8230; Se ven&nbsp;sonrientes, lo cual es muy buena se\u00f1al.<br><br>Pasadlo lo mejor posible y disfrutad de la convivencia!!<br><br>Besitos&nbsp;para todos, y en especial a mi hermana Sof\u00eda.<br><br>Mar\u00eda V.<\/p>\n\n\n\n<hr class=\"wp-block-separator\"\/>\n\n\n\n<p><strong>CARTA DESDE EL CAMPA<br><\/strong><br>&nbsp; &nbsp; &nbsp;Siempre sois vosotros los que est\u00e1is &nbsp;all\u00ed al otro lado, digamos &nbsp;fuera y lejos de nuestro Campa. Siempre sois vosotros los que os &nbsp;acord\u00e1is, escrib\u00eds, rez\u00e1is, le\u00e9is, nos a\u00f1or\u00e1is\u2026<\/p>\n\n\n\n<p>&nbsp; &nbsp; &nbsp;Hoy y ahora invertimos los papeles, para desde aqu\u00ed y para los que &nbsp;est\u00e1is all\u00ed, deciros que; en cada peque\u00f1o gesto, &nbsp;gui\u00f1o, canci\u00f3n, izada, &nbsp;broma, rezo, perola, fuego, esfuerzo, sue\u00f1o, cima, grito, despedida, &nbsp;juego, arriada, bord\u00f3n, silbato, festival\u2026 hay algo de ti.<\/p>\n\n\n\n<p>&nbsp; &nbsp; &nbsp;Y que desde esas peque\u00f1eces, te hacemos y haces presente, y no &nbsp;importa lo lejos que est\u00e9s o creas estar.<\/p>\n\n\n\n<p>&nbsp; &nbsp; &nbsp;Porque esta ma\u00f1ana y todas las ma\u00f1anas se izar\u00e1 para ti. Y esta y &nbsp;todas las noches, la guardia tu guardia\u2026velar\u00e1 por ti.<\/p>\n\n\n\n<p>&nbsp; &nbsp; &nbsp; &nbsp; &nbsp; &nbsp;Un abrazo desde tu campamento<\/p>\n\n\n\n<p>&nbsp;Carlos Garc\u00eda<\/p>\n\n\n\n<p>&nbsp;Pd. Tan solo &nbsp;transcribo lo que muchos otros sienten.<\/p>\n\n\n\n<hr class=\"wp-block-separator\"\/>\n\n\n\n<p>Esperamos que el tiempo os acompa\u00f1e en vuestras actividades diarias y os permita disfrutarlas al m\u00e1ximo.<br>Aqu\u00ed en Madrid no hace mucho calor.<br>De la p\u00e1gina web hecho de menos el ver el tiempo que os hace por la zona, aunque os agradecemos el esfuerzo de tenerla actualizada con fotos incluida, despu\u00e9s de las duras jornadas que estar\u00e9is teniendo con toda la \u00abchavaler\u00eda\u00bb.<\/p>\n\n\n\n<p>Un cordial abrazo a todos\/@s y besitos a Ana y Raquel,<\/p>\n\n\n\n<p>&nbsp; &nbsp; &nbsp; &nbsp; &nbsp; &nbsp; &nbsp; &nbsp; &nbsp; &nbsp; &nbsp; &nbsp;La familia Mayero Mart\u00ednez<\/p>\n\n\n\n<hr class=\"wp-block-separator\"\/>\n\n\n\n<p>Hola y muy buenos d\u00edas Campamento. Como nos alegramos que se vayan solucionando los problemas de \u00abancho de banda\u00bb y poder ir leyendo y viendo los \u00abres\u00famenes\u00bb diarios de campamento. No os imagin\u00e1is lo bien que nos sentimos cuando leemos vuestras noticias, vemos las fotos,&#8230; Muchas gracias por todos vuestros esfuerzos.Un beso muy fuerte para todos y en especial para mis hijas.&nbsp;Ana Pinilla<\/p>\n\n\n\n<hr class=\"wp-block-separator\"\/>\n\n\n\n<p><strong>16 &#8211; Julio &#8211; 2008<\/strong><\/p>\n\n\n\n<p>Lo siento,&#8230;.como se me ha podido olvidar esta ma\u00f1ana. Muchas felicidades a todas las C\u00e1rmenes.Un beso muy fuerte.<\/p>\n\n\n\n<p>Ana Pinilla<\/p>\n\n\n\n<hr class=\"wp-block-separator\"\/>\n\n\n\n<p>Queridos todos;<br>Nos alegramos mucho de que el viaje haya sido un \u00e9xito sin incidentes y de que el tiempo del norte est\u00e9 dispuesto a daros un respiro sin lluvias, en cualquier caso y aunque llueva, cualquier c\u00e1ntabro de mi tierra paterna mirar\u00e1 al cielo y dir\u00e1 aquello de \u00abva a abrir\u00bb<br>Hoy es d\u00eda 16 de Julio, d\u00eda del Carmen y como todos los 16 de julio desde hace 6 a\u00f1os no pasamos este d\u00eda con nuestra Carmen y pensamos que el mejor regalo de santo que le podemos hacer es un fant\u00e1stico campamento con el grupo. A\u00fan as\u00ed y gracias a esta idea genial del campamento virtual podemos aprovechar para pediros que la felicit\u00e9is a ella y a todas las dem\u00e1s C\u00e1rmenes.<br>Muchas gracias por todo y un beso muy fuerte<br><br>Guillermo y Elena (padres de Carmen, Elena e In\u00e9s Llorente)<\/p>\n\n\n\n<hr class=\"wp-block-separator\"\/>\n\n\n\n<p>Hola y muy buenos d\u00edas Campamento.<br>Espero que vuestra primera noche, all\u00e1 por Cantabria, haya sido estupenda y fresquita. En Madrid no ha estado nada mal, algo de tormenta y agua, y sobre todo tranquilidad; ya no est\u00e1n los macutos por en medio, no hay que hacer bocadillos,&#8230;<br>Un beso muy fuerte para todos y en especial para mis hijas.<br><br>Ana Pinilla<\/p>\n\n\n\n<hr class=\"wp-block-separator\"\/>\n\n\n\n<p><strong>15 &#8211; Julio &#8211; 2008<\/strong>Hola Scouts, saludos desde Madrid, donde nos hab\u00e9is dejado esta misma ma\u00f1ana. Deseo que el viaje haya sido tranquilo y no muy largo.Ahora, como cada a\u00f1o, esperamos nuestro d\u00eda (D\u00eda de Padres) para poder disfrutar con todos vosotros y con nuestras hijas un D\u00eda en el Campamento, y ayudaros con nuestra visita a fortalecer el lema de campamento de este a\u00f1o, NOS GUSTA SER SCOUTS.&nbsp;&nbsp;Un beso muy fuerte para todos.<br>Ana Pinilla.<\/p>\n\n\n\n<hr class=\"wp-block-separator\"\/>\n\n\n\n<p>Hola.,<\/p>\n\n\n\n<p>&nbsp;No sab\u00eda yo que figuraba en esta lista ni que alguien se acordar\u00eda de mi etapa de scout\u2026 qu\u00e9 ilusi\u00f3n y que forma tan bonita de recordar a mucha gente.<\/p>\n\n\n\n<p>&nbsp;Qu\u00e9 \u00e9poca tan bonita! Que bien lo pasamos.<\/p>\n\n\n\n<p>&nbsp;Ahora leyendo nombres, se me vienen las caras a la memoria.<\/p>\n\n\n\n<p>&nbsp;Muchas gracias.<\/p>\n\n\n\n<p>&nbsp;Cualquier cosa, ya me ten\u00e9is localizada<\/p>\n\n\n\n<p>Un abrazo<\/p>\n\n\n\n<p>Bego\u00f1a Dorr<\/p>\n\n\n\n<hr class=\"wp-block-separator\"\/>\n\n\n\n<p>&nbsp; &nbsp; Espero que hay\u00e1is llegado todos bien y que el autocar os haya dejado cerca del campamento, pues los macutos pesaban un ri\u00f1\u00f3n y parte del otro.<br>Que en este campamento de verano 2008 en Cantabria que inici\u00e1is os lo pas\u00e9is muy bien y os haga buen tiempo (no os llueva mucho ni haga mucho fr\u00edo por las noches).<br>Agradeceros, como siempre, &nbsp;a todos\/@s el trabajo que hac\u00e9is con nuestros hijos\/@s.<br>Que este a\u00f1o teng\u00e1is una \u00abmuy buena caza\u00bb, pero no os deis mucha \u00abpaliza\u00bb de kil\u00f3metros de marcha y con peso.<br>Nos volvemos a ver el d\u00eda de padres y de antemano agradeceros el esfuerzo adicional que vais a realizar para que podamos participar de vuestro Festival.<br>Un cordial abrazo a todos\/@s.<br><br>Los padres de Ana Mayero (de Pumas) y Raquel Mayero (\u00faltimo a\u00f1o en<br>Dahinda).<\/p>\n\n\n\n<hr class=\"wp-block-separator\"\/>\n\n\n\n<p>..Saludos, sufridos LOES&#8230;.ya os van para all\u00e1&#8230;la invasi\u00f3n azulona con divisa butano ha salido ..<br>Gritos, \u00f3rdenes, chavales expertos e inexpertos, listillos y enanitos nuevos degustar\u00e1n vuestra nunca bien apreciada obra, el trabajo ser\u00e1 m\u00e1s dif\u00edcil&#8230;y&#8230; oh!, esa mirada especulativa, ese comentario dejado caer de la &nbsp;Jefatura..ese tubo torcido, la manguera a\u00fan sin ajustar, esa caja que qued\u00f3 enmedio&#8230;.temblad&#8230;<br>Del concurso de barrigas , me retiro&#8230;lal verdad es que carezco de valor para mirar dos veces esas mostruosidades y menos a\u00fan para fijarme con atenci\u00f3n&#8230;foto vista y foto cerrada..aggggg&#8230;..<br>En cuanto a las barras, la soluci\u00f3n es f\u00e1cil&#8230;como caba\u00f1ero, hay que elegir la que se parta justo en horizontal de la forma m\u00e1s f\u00e1cil, luego los picos prominentes son malignos&#8230;.pro otra parte es necesario analizar la densidad de la miga&#8230;ah&#8230;la miga destroza mi raz\u00f3n&#8230;.una miga \u00abharinosa\u00bb admite mejor el untado &#8230;..y a esponjosa es nefasta porque se empe\u00f1a en seguir al cuchillo y no a la mantequilla&#8230;.pero mi paladar pide a berridos la segunda&#8230;.tremendo dilema&#8230;<br>Y lo del \u00abNi\u00f1o Rata\u00bb es muy f\u00e1cil&#8230;si se quiere&nbsp;sacarlo de un salto de su agujero reci\u00e9n hecho, s\u00f3lo hay que&nbsp;hacer amago de tirar una colilla a dicho zulo&#8230;.<br>Lo dicho , muchas gracias por&nbsp;dejaros el pellejo pegadito al suelo estos d\u00edas&#8230;.saludos de llaves allen, grifas y cascos&nbsp;de colorines&#8230;.( cascos&#8230;..\u00bfd\u00f3nde est\u00e1n los cascos?&#8230;)<br><br>Miguel&nbsp; y Montse.<\/p>\n\n\n\n<hr class=\"wp-block-separator\"\/>\n\n\n\n<p>Madre m\u00eda lo q me voy a aburrir aqu\u00ed sin vosotros, realmente no se muy bien q voy a hacer en estos 5 d\u00edas semiociosos del grupo (siempre quedan cosas pendientes para q no me aburra mucho aqu\u00ed)&#8230;<br>En este instante, preparando un d\u00eda del lobato que no voy a vivir y apunto de que os vay\u00e1is ma\u00f1ana, no me puede fastidiar m\u00e1s&#8230;.generalmente yo por estas fechas ser\u00eda de los aguerridos q valientes se van antes del 15 a montar y desmontar cuantas veces haga falta, el comedor, a hacer mecanotubo o a lo que sea.<br>Pensaba q la partida de LOES sin mi iba a ser lo peor, pero lo peor ser\u00e1 ma\u00f1ana cuando os diga adi\u00f3s desde la acera, a penas si son 4 d\u00edas m\u00e1s tarde los q voy pero son 17 a\u00f1os los que iba en ese autob\u00fas o simil&#8230;<br>Pufffff q semana m\u00e1s larga&#8230;y Madrid vacio claro si 250 se van a Cantabria y otros miles de vacaciones nos quedamos los pobres pringados que nos toca currar.<br>&nbsp;<br>Cuidarme a mis ni\u00f1ossssss, no solo a mis lobatos, si no a las jefaturas de lobatos, somos todos como ni\u00f1os&#8230;.<br>&nbsp;<br>Ya sab\u00e9is q besos para todossssss pero sobre todo para Son, Diego,Gonzalo, Vir,&nbsp;Pati, Chevo&nbsp;y Natalia!!!!<br>\u00c1nimo!!<br>&nbsp;<br>Bagheera de Wawbek<\/p>\n\n\n\n<hr class=\"wp-block-separator\"\/>\n\n\n\n<p><strong>14 &#8211; Julio &#8211; 2008<\/strong>Hola LOES!!<\/p>\n\n\n\n<p>Me alegro de que todo os vaya bien por all\u00ed por lo que se ve en las fotos, y el sitio tiene muy buena pinta&#8230; Pach, espero que nos hayas cogido una de esas parcelas con vistas al mar de las que se rumorean por ah\u00ed&#8230;<br>ma\u00f1ana ya nos tendr\u00e9is por ah\u00ed dando la brasa como de costumbre jejeje que ya nos queda muy poquito!!<br>En cuanto al pan.. la verdad es que me da lo mismo, en campa nos sabe todo bien xD&#8230;as\u00ed que elegir vosotros que para eso est\u00e1is all\u00ed y conociendo a los miembros de la comisi\u00f3n seguro que ya las hab\u00e9is probado.<br>Aprovecho para daros las gracias a todos por el trabajo que est\u00e1is llevando a cabo estos d\u00edas, gracias, porque si cuando llegamos a campamento solo quedan cuatro cosas por hacer (para que luego nos quejemos&#8230;) es porque vosotros ya llev\u00e1is ah\u00ed unos d\u00edas prepar\u00e1ndolo todo, mas el curro de Madrid.<br>Bueno, como dec\u00eda alguien por aqu\u00ed&#8230; todav\u00eda queda terminar el macuto, a ultima hora como siempre jeje as\u00ed que&#8230;un besazo enorme para toda la comisi\u00f3n! Hasta ma\u00f1ana!!<\/p>\n\n\n\n<p>Lucia (Massai)<\/p>\n\n\n\n<p>PD &#8211; Alain gracias por la an\u00e9cdota del Ni\u00f1o Rata!!<\/p>\n\n\n\n<hr class=\"wp-block-separator\"\/>\n\n\n\n<p>Hola campamento, hola LOES, hola a todos,&#8230; Nos hab\u00e9is puesto un poquit\u00edn dif\u00edcil la decisi\u00f3n de la barra de pan, primero, porque como ya se ha aportado anteriormente, no sabemos a qu\u00e9 foto corresponde cada barra, pero adem\u00e1s, \u00a1qu\u00e9 tarea tan dif\u00edcil! ELEGIR SIN PROBAR. Me siento completamente indefensa de argumentos para poder si quiera realizar un voto. Lo siento, no podr\u00e9is contar conmigo, o &#8230;.\u00bfporque no nos env\u00edan unas barritas? \u00a1Ah! y si est\u00e1n rellenas con alg\u00fan producto t\u00edpico de la zona, \u00a1much\u00edsimo mejor!&nbsp;Un beso para todos&nbsp;Ana Pinilla<\/p>\n\n\n\n<hr class=\"wp-block-separator\"\/>\n\n\n\n<p>Sobre el concurso de barrigas.<br><br>Es un poco dif\u00edcil pero haciendo uso de un poco de observaci\u00f3n y l\u00f3gica; me inclino a pensar que la barriga del centro es de Jorge Pacheco \u201cThe bomb\u201d, en primer lugar por lo afelpada, segundo lugar los guantes que no se los quita ni para dormir, la barriga a la derecha desde la posici\u00f3n del observador es de Ram\u00f3n \u201cMr. Chapas\u201d, por la curvatura que tiene (parece que va a tener perritos) y el tono de la piel, y por ultimo la barriga a la izquierda es de \u201cMr. Rueda\u201d, su pantal\u00f3n corto de doble fondo y por ser la menor de todas ya que al estar arriba de la rueda quema un poco de barriga.<br><br>Si es correcta mi respuesta pasar\u00e9 a recoger mi premio a campamento muy pronto.<br><br>Por cierto, para los que no conozcan la an\u00e9cdota del ni\u00f1o rata me permitir\u00e9 contarla.<br><br>El a\u00f1o pasado en material el que hasta entonces era Tom\u00e1s y yo est\u00e1bamos haciendo un mont\u00f3n de cosas, entre las que destacan ayudar a armar y desarmar el comedor unas tres veces hasta que por fin entro en dos partes, se presentaba el problema de colocar el toldo en la segunda parte del comedor ya que cada toldo abarca 2 m\u00f3dulos y este era s\u00f3lo un modulo, as\u00ed que pusimos rafia y quedaba por poner bien los ca\u00f1izos pero para esto ya hab\u00edan puesto todas las cosas de la cocina, as\u00ed que alguien tenia que entrar por debajo de las mesas de cocina a amarrar el ca\u00f1izo por abajo y ese fue Tom\u00e1s, un rel\u00e1mpago de pensamientos aleatorios (como dir\u00eda un buen amigo m\u00edo de la escuela Juan Andr\u00e9s) llego a mi mente y me sacudi\u00f3 al ver a Tom\u00e1s en esa situaci\u00f3n agachado y sacando su cabeza por debajo de la mesa y rodeado por el ca\u00f1izo vino a mi memoria cin\u00e9fila una imagen de una pel\u00edcula que vi de ni\u00f1o a finales de los a\u00f1os 80\u2019s o principios de los 90\u2019s era una pel\u00edcula de esas de \u201chome video\u201d que vi en formato BETA en mi videocasetera s\u00faper betamax, se llamaba \u201cEl ni\u00f1o rata (Ratboy)\u201d y se me sali\u00f3 decirle as\u00ed sin \u00e1nimo de ofenderle ni nada de eso (despu\u00e9s le explique lo del nombre) y as\u00ed es como surgi\u00f3 el ni\u00f1o rata, le pel\u00edcula si alguien tiene oportunidad de verla creo que no era de terror sino mas bien un poco de drama por el pobre ni\u00f1o que sali\u00f3 rata viv\u00eda en las alcantarillas y creo que lo encontraron y le quer\u00edan ayudar, al final hacia una peque\u00f1a reflexi\u00f3n de lo dif\u00edcil que es vivir siendo diferente, he olvidado el final.<br><br>Un saludo a todos y permitan citar a un amigo de BP el Premio Nobel de literatura (no recuerdo el a\u00f1o) Rudyard Kipling<br><br><strong>\u201cSi encomiendas a un hombre m\u00e1s de lo que puede hacer, lo har\u00e1. Si solamente le encomiendas lo que puede hacer, no har\u00e1 nada.\u201d<br><\/strong><br>Yo creo que es por eso que ustedes est\u00e1n all\u00e1.<\/p>\n\n\n\n<p>Alain.<\/p>\n\n\n\n<hr class=\"wp-block-separator\"\/>\n\n\n\n<p>Querida e infravalorada comisi\u00f3n:<br>&nbsp;<br>Jejeje aqu\u00ed estamos cerrando ya los \u00faltimos macutos y haciendo una y mil veces cuentas (que no acaban de salir por cierto) y cada vez que me paro me acuerdo de vosotros, seguro que lo est\u00e1is pasando como s\u00f3lo vosotros sab\u00e9is que se pasa.<br>&nbsp;<br>Iros preparando porque lo bueno se acaba y adem\u00e1s os debe quedar todav\u00eda bastante curro, tranquilos que todo sale<br>&nbsp;<br>Cuidar bien a Mr. sensible y sobre todo NO dej\u00e9is que el ni\u00f1o rata conquiste Brasil, que si no Mr. sensible si que va a llorar jejeje, al Boss no le hag\u00e1is mucho caso y de vez en cuando limpiarle la mejilla, que siempre la suele llevar manchada. A todos los dem\u00e1s un beso muy muy fuerte, que no queda nada!!!!!<br>&nbsp;<br>1beso para todos Ro!!!!!!!<br>&nbsp;<br>Pd: espero que Chacales quede cerca de la piscina ol\u00edmpica, y conf\u00edo que no sea la madriguera de ni\u00f1o rata XD<\/p>\n\n\n\n<h2 class=\"wp-block-heading\"><em>ROCIO<\/em><\/h2>\n\n\n\n<hr class=\"wp-block-separator\"\/>\n\n\n\n<p><strong><br><br>13 &#8211; Julio &#8211; 2008<\/strong><strong>Buenas!<br><br>Hoy hemos tenido suerte y pr\u00e1cticamente no ha llovido. EL Dr. Fango no ha sido totalmente neutralizado, pero la situaci\u00f3n esta controlada. Ma\u00f1ana haremos uso de Action Serr\u00edn.<br><br>Gracias a que el tiempo no ha sido malo, hemos podido completar la estructura de comedor y colocar mas de la mitad de los toldos. Creo que nos hemos dejado algo dentro.<br><br>Por lo dem\u00e1s todo bien. El campa esta tomando forma. Esperamos que os guste. Echamos de menos alg\u00fan mail de Ana Pinilla, de hecho, cualquier correo ser\u00e1 bien recibida.<br><br>Un saludo de mano izquierda.<br>SLPS<u><br><br><br>Dos d\u00edas.<\/u><\/strong>&nbsp;Dentro de dos d\u00edas vamos a comprobar si esos 10 de LOES, con sobrenombre de c\u00f3mic caduco han conseguido hacer algo. Por lo pronto, la Coordinaci\u00f3n de Grupo nos preguntamos&#8230;<\/p>\n\n\n\n<ul class=\"wp-block-list\"><li>\u00bfse pondr\u00e1n a trabajar en alg\u00fan momento o van a seguir divirti\u00e9ndose de lo lindo?.- Que si agua, que si barro&#8230;todo juerga. Mientras la retropala hace su labor, al menos escondeos de la foto los ociosos.<\/li><li>\u00bfconseguiremos que el ni\u00f1o rata permanezca en la madriguera todo el campamento y nos libere de escucharle?<\/li><li>\u00bfSomos los \u00fanicos que no vemos&nbsp;diferencia entre la pistola de la Barquera y la barra de la B\u00e1rcena?<\/li><li>\u00bfhabr\u00e1n dejado alg\u00fan espacio entre las letrinas y el comedor?. Siendo cierto que es agradable para el sujeto activo poder desayunar en el ba\u00f1o, no es menos cierto que para los sujetos pasivos es un asco.<\/li><li>\u00bfPor que los bocatas denominados \u00abmade in Mary\u00bb los est\u00e1 haciendo Mr. Sensible?<\/li><\/ul>\n\n\n\n<p>&nbsp;En fin, ahora en serio, gracias a los 10. Hace ya muchos a\u00f1os que cuando llegamos a Campamento, las infraestructuras importantes est\u00e1n todas montadas y s\u00f3lo en la primera tarde de campamento se termina todo. Y eso es gracias a que desde hace a\u00f1os, la antigua comisi\u00f3n de Material y la actual comisi\u00f3n de LOES, tanto monta- nunca mejor dicho-, ha estado compuesta por mucha gente a la que 15 d\u00edas de campa les parecen pocos y necesitan algunos m\u00e1s de cierta actividad.&nbsp;Algunos, sobre todo padres reci\u00e9n llegados, no os imagin\u00e1is lo que es descargar y organizar r\u00e1pidamente entre 10 un tr\u00e1iler (6 ejes) de material y, encima, diluviando y en un barro&nbsp;tan&nbsp;denso como el de all\u00ed (de los que se te queda la bota pegada al suelo).&nbsp;En fin, gracias de nuevo y, para vuestra desgracia &#8211; ya me entend\u00e9is- desembarcamos 250 en dos d\u00edas. Se acab\u00f3 vuestra paz.&nbsp;Un fuerte abrazo,&nbsp;Nacho, S.L.P.S.<\/p>\n\n\n\n<hr class=\"wp-block-separator\"\/>\n\n\n\n<p><strong>(RECIBIDA HOY, HACE REFERENCIA AL D\u00cdA DE AYER 12)<\/strong><br><br>Buenas desde el campamento:<br><br>Como todos sab\u00e9is hoy ha sido un gran d\u00eda para LOES: La descarga del cami\u00f3n.<br><br>El d\u00eda comenz\u00f3 con la primera garrapata de campamento encontrada sobre el siempre afortunado Edu Parrilla. Gracias a<br>las siempre buenas artes de nuestra enfermera Blanca, todo se qued\u00f3 en una an\u00e9cdota.<br><br>Como al tr\u00e1iler le costaba llegar, lo primero que hicimos por la ma\u00f1ana fue guiar a la retroexcavadora a agujerear el pozo de comedor, pero antes de que pudiera hacer ning\u00fan otro se tuvo que marchar, porque comenz\u00f3 a perder aceite. Ya volver\u00e1.<br><br>Y cuando ya por fin apareci\u00f3 el cami\u00f3n a las 12:30, lleg\u00f3 con \u00e9l una refrescante y abundante lluvia, sobre todo abundante, que nos ense\u00f1\u00f3 lo que es el barro.<br><br>No podemos escribir este mail y recordar la descarga del cami\u00f3n sin hacer menci\u00f3n a Lolo (camionero), Bautista (el de campa) y Rub\u00e9n<br>(tractorista), que nos echaron una ayuda muy necesaria.<br><br>Casi a las 8 terminamos y nos comimos un merecido y gigantesco bocata made in Mery.<br><br>Por otro lado ya hemos comenzado comedor y hemos tirado nuestra primera manguera de agua.<br><br>Hoy la comisi\u00f3n os propone un nuevo juego: os enviamos una foto con tres barriguitas de sendos miembros de LOES. El reto es averiguar cual es de cada uno.<br><br>Tambi\u00e9n os queremos hacer eco de que el Ni\u00f1o rata ha encontrado su madriguera. Ver en las fotos.<br><br>Con esto nos despedimos y ma\u00f1ana sabr\u00e9is m\u00e1s. \u00bfConseguir\u00e1 el Ni\u00f1o rata salir de su madriguera? \u00bfConseguir\u00e1 LOES vencer al malvado Dr. Fango?<br><br>Un saludo de mano izquierda.<br>S.L.P.S.<\/p>\n\n\n\n<hr class=\"wp-block-separator\"\/>\n\n\n\n<p>&nbsp;Hola LOES:<\/p>\n\n\n\n<p>Que bien lo de las camisetas que se han hecho.<\/p>\n\n\n\n<p>La informaci\u00f3n del pan hubiera sido muy \u00fatil si en las fotos hubieran agregado el nombre de cada una, pero yo voto por el pan de la segunda foto, as\u00ed que teniendo un 1\/2 de probabilidad de equivocarme dir\u00e9 que es la barra de la Barcelona, voto por ella ya que su dise\u00f1o me parece el m\u00e1s homog\u00e9neo, el pan de la primera foto me atrever\u00e9 a arriesgar mi otro 1\/2 de probabilidad que es&nbsp;La Pistola de la Barquera, tienen un pico muy extra\u00f1o que no agrada nada podr\u00eda sacar el ojo a alguien en un descuido, aunque es m\u00e1s larga pero m\u00e1s fina, as\u00ed que voto por el pan de la segunda foto.<\/p>\n\n\n\n<p>Se echa de menos no poder estar con ustedes pero diversos motivos me impiden estar a su lado hombro con hombro, s\u00f3lo aquellos que han podido estar en la comisi\u00f3n tienen idea de lo que es esa experiencia y desde ac\u00e1 los animamos y les reconocemos el trabajo que encontraremos hecho al llegar all\u00e1 (no tengo remedio soy un rom\u00e1ntico).<\/p>\n\n\n\n<p>Si necesitan algo no hace falta m\u00e1s que avisarnos y a la mayor brevedad posible buscaremos los recursos para satisfacer esa necesidad (a excepci\u00f3n de la del d\u00eda lunes 14 \ud83d\ude09&nbsp;&nbsp;se acabaron los chuletones, pero el 15 les llevamos unos bocatas para la cena)<\/p>\n\n\n\n<p>Saludos a todos y que la fuerza los acompa\u00f1e.<\/p>\n\n\n\n<p>Alain.<\/p>\n\n\n\n<hr class=\"wp-block-separator\"\/>\n\n\n\n<p><strong>12 &#8211; Julio &#8211; 2008<br><\/strong>Hola estamos Vir y Esther, y acabamos de leer el correo desde all\u00ed. A mi no me enga\u00f1\u00e9is que seguro que os ha llovido y tal y vais de felices. \u00bfSegu\u00eds discutiendo sobre donde va a ir comedor? bueno este a\u00f1o ser\u00e1n Ram\u00f3n y Pacheco los que discutan \u00bfno?, Claros ya no est\u00e1&#8230;. jajajaja. Supongo que hoy matados por la descarga&#8230; \u00bfle\u00edsteis nuestra nota? la que escribimos Ali, Claros y yo. Adem\u00e1s en la foto de la carga Luis lleva un cartel que no se lee pero pone: \u00abahora os toca a vosotros pringaos\u00bb&#8230; tardamos unas 4 horas en cargar, m\u00e1s que ning\u00fan a\u00f1o y con serias dudas de que cogiera todo.<br>Se echa de menos ir a Loes este a\u00f1o&#8230;echarme de menos \u00bfeh???? xDDDD se que lo hac\u00e9is pringadillos&#8230;. bueno ni\u00f1os espero q haga fr\u00edo por all\u00ed porque aqu\u00ed han bajado las temperaturas pero tampoco mucho.<br>Un beso muy muy fuerte para Loes&#8230; cont\u00e1is con mi espada (como dir\u00eda Alain) desde aqu\u00ed para lo que necesit\u00e9is.<br>Un beso<br><br>Esther y Virginia<strong>.<\/strong><\/p>\n\n\n\n<hr class=\"wp-block-separator\"\/>\n\n\n\n<p><strong>11 &#8211; Julio &#8211; 2008<\/strong><br><br>Saludos desde Cantabria:<br><br>Los 9 miembros de la comisi\u00f3n han llegado sanos y salvos a su destino.<br>Despu\u00e9s de un viaje de mas o menos 5 horas, LOES no ha tardado ni un segundo en ponerse a evaluar la zona para las nuevas infraestructuras de campamento:<br><br>&nbsp;&nbsp;&nbsp;&nbsp; &#8211; La pista de p\u00e1del tiene un lugar fijo.<br>&nbsp;&nbsp;&nbsp;&nbsp; &#8211; Hay serias discusiones sobre la localizaci\u00f3n del lago del campo de golf.<br>&nbsp;&nbsp;&nbsp;&nbsp; &#8211; Definitivamente sauna y jacuzzi quedar\u00e1n junto a las duchas.<br>&nbsp;&nbsp;&nbsp;&nbsp; &#8211; Ma\u00f1ana mismo empezaremos a alicatar la piscina ol\u00edmpica.<br><br>Bueno, por lo dem\u00e1s el tiempo ha estado nublado sin precipitaciones. La zona es muy bonita, verde y se oyen rumores de que habr\u00e1 parcelas con vistas al mar.<br><br>TEMA MUY IMPORTANTE: Este a\u00f1o LOES ofrece la posibilidad de elegir desde Madrid que pan podremos degustar en campamento. Os adjuntamos dos fotos con las variedades locales: La Pistola de la Barquera y La Barra de la B\u00e1rcena. El debate est\u00e1 abierto.<br><br>Por lo dem\u00e1s hemos aprovechado para revisar el procedimiento de evacuaci\u00f3n. Ma\u00f1ana tendremos un d\u00eda de diversi\u00f3n a chorros, as\u00ed que en breves momentos nos vamos al saco.<br><br>Un saludo a todos por parte de la comisi\u00f3n:<br><br>Javi Pacheco, Jorge Esteve, Mario, Ram\u00f3n, Tom\u00e1s, Edu, Jorge Pacheco, Blanca, Mar\u00eda y Chema<br>Conocidos como: The Boss, Stewie, Mr. Sensible, Mr. Chapas, Ni\u00f1o rata, Mr. Rueda, The Bomb, Miss Ubicuidad, La amiga de los animales y Moe.<br><br>Todos ellos conforman \u00abLos Incontables de Javi Pacheco\u00bb.<br><br>Un saludo de mano izquierda.<br>S.L.P.S.<br>..<\/p>\n\n\n\n<hr class=\"wp-block-separator\"\/>\n\n\n\n<p><strong>11 &#8211; Abril &#8211; 2008<\/strong><\/p>\n\n\n\n<p>Hola a todos los que est\u00e1is detr\u00e1s de este nuevo campamento de nuestro Grupo 284. Como siempre, esperando que llegue el momento de vivir y compartir con todos vosotros, un d\u00eda en el campamento.<br><br>Un beso muy fuerte para todos,<br>Ana Pinilla.<br><\/p>\n","protected":false},"excerpt":{"rendered":"<p>CORREOS RECIBIDOS EN EL CAMPAMENTO DEPUENTENANSA 2008 ORDENADOS DE M\u00c1S RECIENTES A M\u00c1S ANTIGUOS. Hola amigos del grupo,me llamo como muchas de vosotras, Mar\u00eda, &nbsp;mi nombre es sencillo y en vuestra tierra frecuente, a menudo&nbsp;compuesto, yo tambi\u00e9n por mi advocaci\u00f3n \u00abVirgen del Camino\u00bb. Lo he pasado muy bien con vosotros [&hellip;]<\/p>\n","protected":false},"author":2,"featured_media":0,"parent":0,"menu_order":0,"comment_status":"closed","ping_status":"closed","template":"","meta":{"footnotes":""},"class_list":["post-1002","page","type-page","status-publish","hentry"],"jetpack_sharing_enabled":true,"_links":{"self":[{"href":"https:\/\/www.scouts284.org\/index.php\/wp-json\/wp\/v2\/pages\/1002","targetHints":{"allow":["GET"]}}],"collection":[{"href":"https:\/\/www.scouts284.org\/index.php\/wp-json\/wp\/v2\/pages"}],"about":[{"href":"https:\/\/www.scouts284.org\/index.php\/wp-json\/wp\/v2\/types\/page"}],"author":[{"embeddable":true,"href":"https:\/\/www.scouts284.org\/index.php\/wp-json\/wp\/v2\/users\/2"}],"replies":[{"embeddable":true,"href":"https:\/\/www.scouts284.org\/index.php\/wp-json\/wp\/v2\/comments?post=1002"}],"version-history":[{"count":1,"href":"https:\/\/www.scouts284.org\/index.php\/wp-json\/wp\/v2\/pages\/1002\/revisions"}],"predecessor-version":[{"id":1003,"href":"https:\/\/www.scouts284.org\/index.php\/wp-json\/wp\/v2\/pages\/1002\/revisions\/1003"}],"wp:attachment":[{"href":"https:\/\/www.scouts284.org\/index.php\/wp-json\/wp\/v2\/media?parent=1002"}],"curies":[{"name":"wp","href":"https:\/\/api.w.org\/{rel}","templated":true}]}}